{"id":7120,"date":"2024-11-15T16:18:25","date_gmt":"2024-11-15T16:18:25","guid":{"rendered":"https:\/\/lisbonpubliclaw.pt\/?post_type=publicacoes&#038;p=7120"},"modified":"2024-11-15T16:19:15","modified_gmt":"2024-11-15T16:19:15","slug":"pobreza-energetica-uma-nova-especie-de-pobreza","status":"publish","type":"publicacoes","link":"https:\/\/lisbonpubliclaw.pt\/en\/publicacoes\/pobreza-energetica-uma-nova-especie-de-pobreza\/","title":{"rendered":"Pobreza energ\u00e9tica: uma nova esp\u00e9cie de pobreza?"},"content":{"rendered":"<p>Energy poverty is an old problem with a relatively recent recognition. Taking different forms depending on whether it occurs in the context of developed or developing states and lacking an official definition, energy poverty contributes to health issues and a deficit in rights. Public policies should be implemented to eradicate it.<\/p>","protected":false},"template":"","meta":{"imagem-da-publicacao":"https:\/\/lisbonpubliclaw.pt\/wp-content\/uploads\/2024\/11\/29.png","areas-de-investigacao":"","investigador-responsavel":[],"editor-externo":"","editor":["1728"],"autores-externos":"","referencia-biografica":"Carla Amado Gomes. Pobreza energ\u00e9tica: uma nova esp\u00e9cie de pobreza?, in Revista ESMAT, n\u00ba 15, 2018, pp. 211 segs","projeto-a-que-pertence":"","selecionar_o_projeto_a_que_pertence":[],"titulo-do-livro-revista":"Revista ESMAT","ano":"2018","isbn":"","editora":"","link-para-download":"https:\/\/esmat.tjto.jus.br\/publicacoes\/index.php\/revista_esmat\/article\/view\/239\/214"},"cluster":[],"categoria-da-publicacao":[38],"grupo-de-investigacao":[11],"class_list":["post-7120","publicacoes","type-publicacoes","status-publish","hentry","categoria-da-publicacao-artigo","grupo-de-investigacao-direito-administrativo"],"yoast_head":"<!-- This site is optimized with the Yoast SEO plugin v27.5 - https:\/\/yoast.com\/product\/yoast-seo-wordpress\/ -->\n<title>Pobreza energ\u00e9tica: uma nova esp\u00e9cie de pobreza? - Lisbon Public Law<\/title>\n<meta name=\"robots\" content=\"index, follow, max-snippet:-1, max-image-preview:large, max-video-preview:-1\" \/>\n<link rel=\"canonical\" href=\"https:\/\/lisbonpubliclaw.pt\/en\/publicacoes\/pobreza-energetica-uma-nova-especie-de-pobreza\/\" \/>\n<meta property=\"og:locale\" content=\"en_US\" \/>\n<meta property=\"og:type\" content=\"article\" \/>\n<meta property=\"og:title\" content=\"Pobreza energ\u00e9tica: uma nova esp\u00e9cie de pobreza? - Lisbon Public Law\" \/>\n<meta property=\"og:description\" content=\"A pobreza energ\u00e9tica \u00e9 um problema antigo, mas de descoberta recente. Assumindo diferentes formas consoante estejamos num contexto de Estados desenvolvidos e Estados em desenvolvimento e n\u00e3o tendo uma de\uf001ni\u00e7\u00e3o o\uf001cial, a pobreza energ\u00e9tica \u00e9 causa de problemas de sa\u00fade e d\u00e9\uf001ce de direitos, devendo ser adoptadas pol\u00edticas p\u00fablicas no sentido de erradic\u00e1-la.\" \/>\n<meta property=\"og:url\" content=\"https:\/\/lisbonpubliclaw.pt\/en\/publicacoes\/pobreza-energetica-uma-nova-especie-de-pobreza\/\" \/>\n<meta property=\"og:site_name\" content=\"Lisbon Public Law\" \/>\n<meta property=\"article:modified_time\" content=\"2024-11-15T16:19:15+00:00\" \/>\n<meta name=\"twitter:card\" content=\"summary_large_image\" \/>\n<meta name=\"twitter:label1\" content=\"Est. reading time\" \/>\n\t<meta name=\"twitter:data1\" content=\"1 minute\" \/>\n<script type=\"application\/ld+json\" class=\"yoast-schema-graph\">{\"@context\":\"https:\\\/\\\/schema.org\",\"@graph\":[{\"@type\":\"WebPage\",\"@id\":\"https:\\\/\\\/lisbonpubliclaw.pt\\\/publicacoes\\\/pobreza-energetica-uma-nova-especie-de-pobreza\\\/\",\"url\":\"https:\\\/\\\/lisbonpubliclaw.pt\\\/publicacoes\\\/pobreza-energetica-uma-nova-especie-de-pobreza\\\/\",\"name\":\"Pobreza energ\u00e9tica: uma nova esp\u00e9cie de pobreza? - Lisbon Public Law\",\"isPartOf\":{\"@id\":\"https:\\\/\\\/lisbonpubliclaw.pt\\\/#website\"},\"datePublished\":\"2024-11-15T16:18:25+00:00\",\"dateModified\":\"2024-11-15T16:19:15+00:00\",\"breadcrumb\":{\"@id\":\"https:\\\/\\\/lisbonpubliclaw.pt\\\/publicacoes\\\/pobreza-energetica-uma-nova-especie-de-pobreza\\\/#breadcrumb\"},\"inLanguage\":\"en-US\",\"potentialAction\":[{\"@type\":\"ReadAction\",\"target\":[\"https:\\\/\\\/lisbonpubliclaw.pt\\\/publicacoes\\\/pobreza-energetica-uma-nova-especie-de-pobreza\\\/\"]}]},{\"@type\":\"BreadcrumbList\",\"@id\":\"https:\\\/\\\/lisbonpubliclaw.pt\\\/publicacoes\\\/pobreza-energetica-uma-nova-especie-de-pobreza\\\/#breadcrumb\",\"itemListElement\":[{\"@type\":\"ListItem\",\"position\":1,\"name\":\"Home\",\"item\":\"https:\\\/\\\/lisbonpubliclaw.pt\\\/\"},{\"@type\":\"ListItem\",\"position\":2,\"name\":\"Publica\u00e7\u00f5es\",\"item\":\"https:\\\/\\\/lisbonpubliclaw.pt\\\/publicacoes\\\/\"},{\"@type\":\"ListItem\",\"position\":3,\"name\":\"Pobreza energ\u00e9tica: uma nova esp\u00e9cie de pobreza?\"}]},{\"@type\":\"WebSite\",\"@id\":\"https:\\\/\\\/lisbonpubliclaw.pt\\\/#website\",\"url\":\"https:\\\/\\\/lisbonpubliclaw.pt\\\/\",\"name\":\"Lisbon Public Law\",\"description\":\"Public Law Research Centre in Lisbon\",\"publisher\":{\"@id\":\"https:\\\/\\\/lisbonpubliclaw.pt\\\/#organization\"},\"potentialAction\":[{\"@type\":\"SearchAction\",\"target\":{\"@type\":\"EntryPoint\",\"urlTemplate\":\"https:\\\/\\\/lisbonpubliclaw.pt\\\/?s={search_term_string}\"},\"query-input\":{\"@type\":\"PropertyValueSpecification\",\"valueRequired\":true,\"valueName\":\"search_term_string\"}}],\"inLanguage\":\"en-US\"},{\"@type\":\"Organization\",\"@id\":\"https:\\\/\\\/lisbonpubliclaw.pt\\\/#organization\",\"name\":\"Lisbon Public Law\",\"url\":\"https:\\\/\\\/lisbonpubliclaw.pt\\\/\",\"logo\":{\"@type\":\"ImageObject\",\"inLanguage\":\"en-US\",\"@id\":\"https:\\\/\\\/lisbonpubliclaw.pt\\\/#\\\/schema\\\/logo\\\/image\\\/\",\"url\":\"https:\\\/\\\/lisbonpubliclaw.pt\\\/wp-content\\\/uploads\\\/2023\\\/06\\\/WhatsApp-Image-2023-06-19-at-11.01.50-1.jpeg\",\"contentUrl\":\"https:\\\/\\\/lisbonpubliclaw.pt\\\/wp-content\\\/uploads\\\/2023\\\/06\\\/WhatsApp-Image-2023-06-19-at-11.01.50-1.jpeg\",\"width\":354,\"height\":354,\"caption\":\"Lisbon Public Law\"},\"image\":{\"@id\":\"https:\\\/\\\/lisbonpubliclaw.pt\\\/#\\\/schema\\\/logo\\\/image\\\/\"}}]}<\/script>\n<!-- \/ Yoast SEO plugin. -->","yoast_head_json":{"title":"Pobreza energ\u00e9tica: uma nova esp\u00e9cie de pobreza? - Lisbon Public Law","robots":{"index":"index","follow":"follow","max-snippet":"max-snippet:-1","max-image-preview":"max-image-preview:large","max-video-preview":"max-video-preview:-1"},"canonical":"https:\/\/lisbonpubliclaw.pt\/en\/publicacoes\/pobreza-energetica-uma-nova-especie-de-pobreza\/","og_locale":"en_US","og_type":"article","og_title":"Pobreza energ\u00e9tica: uma nova esp\u00e9cie de pobreza? - Lisbon Public Law","og_description":"A pobreza energ\u00e9tica \u00e9 um problema antigo, mas de descoberta recente. Assumindo diferentes formas consoante estejamos num contexto de Estados desenvolvidos e Estados em desenvolvimento e n\u00e3o tendo uma de\uf001ni\u00e7\u00e3o o\uf001cial, a pobreza energ\u00e9tica \u00e9 causa de problemas de sa\u00fade e d\u00e9\uf001ce de direitos, devendo ser adoptadas pol\u00edticas p\u00fablicas no sentido de erradic\u00e1-la.","og_url":"https:\/\/lisbonpubliclaw.pt\/en\/publicacoes\/pobreza-energetica-uma-nova-especie-de-pobreza\/","og_site_name":"Lisbon Public Law","article_modified_time":"2024-11-15T16:19:15+00:00","twitter_card":"summary_large_image","twitter_misc":{"Est. reading time":"1 minute"},"schema":{"@context":"https:\/\/schema.org","@graph":[{"@type":"WebPage","@id":"https:\/\/lisbonpubliclaw.pt\/publicacoes\/pobreza-energetica-uma-nova-especie-de-pobreza\/","url":"https:\/\/lisbonpubliclaw.pt\/publicacoes\/pobreza-energetica-uma-nova-especie-de-pobreza\/","name":"Pobreza energ\u00e9tica: uma nova esp\u00e9cie de pobreza? - Lisbon Public Law","isPartOf":{"@id":"https:\/\/lisbonpubliclaw.pt\/#website"},"datePublished":"2024-11-15T16:18:25+00:00","dateModified":"2024-11-15T16:19:15+00:00","breadcrumb":{"@id":"https:\/\/lisbonpubliclaw.pt\/publicacoes\/pobreza-energetica-uma-nova-especie-de-pobreza\/#breadcrumb"},"inLanguage":"en-US","potentialAction":[{"@type":"ReadAction","target":["https:\/\/lisbonpubliclaw.pt\/publicacoes\/pobreza-energetica-uma-nova-especie-de-pobreza\/"]}]},{"@type":"BreadcrumbList","@id":"https:\/\/lisbonpubliclaw.pt\/publicacoes\/pobreza-energetica-uma-nova-especie-de-pobreza\/#breadcrumb","itemListElement":[{"@type":"ListItem","position":1,"name":"Home","item":"https:\/\/lisbonpubliclaw.pt\/"},{"@type":"ListItem","position":2,"name":"Publica\u00e7\u00f5es","item":"https:\/\/lisbonpubliclaw.pt\/publicacoes\/"},{"@type":"ListItem","position":3,"name":"Pobreza energ\u00e9tica: uma nova esp\u00e9cie de pobreza?"}]},{"@type":"WebSite","@id":"https:\/\/lisbonpubliclaw.pt\/#website","url":"https:\/\/lisbonpubliclaw.pt\/","name":"Lisbon Public Law","description":"Public Law Research Centre in Lisbon","publisher":{"@id":"https:\/\/lisbonpubliclaw.pt\/#organization"},"potentialAction":[{"@type":"SearchAction","target":{"@type":"EntryPoint","urlTemplate":"https:\/\/lisbonpubliclaw.pt\/?s={search_term_string}"},"query-input":{"@type":"PropertyValueSpecification","valueRequired":true,"valueName":"search_term_string"}}],"inLanguage":"en-US"},{"@type":"Organization","@id":"https:\/\/lisbonpubliclaw.pt\/#organization","name":"Lisbon Public Law","url":"https:\/\/lisbonpubliclaw.pt\/","logo":{"@type":"ImageObject","inLanguage":"en-US","@id":"https:\/\/lisbonpubliclaw.pt\/#\/schema\/logo\/image\/","url":"https:\/\/lisbonpubliclaw.pt\/wp-content\/uploads\/2023\/06\/WhatsApp-Image-2023-06-19-at-11.01.50-1.jpeg","contentUrl":"https:\/\/lisbonpubliclaw.pt\/wp-content\/uploads\/2023\/06\/WhatsApp-Image-2023-06-19-at-11.01.50-1.jpeg","width":354,"height":354,"caption":"Lisbon Public Law"},"image":{"@id":"https:\/\/lisbonpubliclaw.pt\/#\/schema\/logo\/image\/"}}]}},"_links":{"self":[{"href":"https:\/\/lisbonpubliclaw.pt\/en\/wp-json\/wp\/v2\/publicacoes\/7120","targetHints":{"allow":["GET"]}}],"collection":[{"href":"https:\/\/lisbonpubliclaw.pt\/en\/wp-json\/wp\/v2\/publicacoes"}],"about":[{"href":"https:\/\/lisbonpubliclaw.pt\/en\/wp-json\/wp\/v2\/types\/publicacoes"}],"wp:attachment":[{"href":"https:\/\/lisbonpubliclaw.pt\/en\/wp-json\/wp\/v2\/media?parent=7120"}],"wp:term":[{"taxonomy":"cluster","embeddable":true,"href":"https:\/\/lisbonpubliclaw.pt\/en\/wp-json\/wp\/v2\/cluster?post=7120"},{"taxonomy":"categoria-da-publicacao","embeddable":true,"href":"https:\/\/lisbonpubliclaw.pt\/en\/wp-json\/wp\/v2\/categoria-da-publicacao?post=7120"},{"taxonomy":"grupo-de-investigacao","embeddable":true,"href":"https:\/\/lisbonpubliclaw.pt\/en\/wp-json\/wp\/v2\/grupo-de-investigacao?post=7120"}],"curies":[{"name":"wp","href":"https:\/\/api.w.org\/{rel}","templated":true}]}}