{"id":5561,"date":"2022-12-21T13:41:29","date_gmt":"2022-12-21T13:41:29","guid":{"rendered":"https:\/\/lisbonpubliclaw.pt\/?post_type=publicacoes&#038;p=5561"},"modified":"2023-12-21T13:43:27","modified_gmt":"2023-12-21T13:43:27","slug":"a-crescente-uniformizacao-dos-modelos-de-emergencia-constitucional","status":"publish","type":"publicacoes","link":"https:\/\/lisbonpubliclaw.pt\/en\/publicacoes\/a-crescente-uniformizacao-dos-modelos-de-emergencia-constitucional\/","title":{"rendered":"A Crescente Uniformiza\u00e7\u00e3o dos Modelos de Emerg\u00eancia Constitucional"},"content":{"rendered":"","protected":false},"template":"","meta":{"imagem-da-publicacao":"https:\/\/lisbonpubliclaw.pt\/wp-content\/uploads\/2023\/06\/impactosdapandemia-e1703166144390.png","areas-de-investigacao":"","investigador-responsavel":["1729","1755","1754"],"editor-externo":"","editor":["1755"],"autores-externos":"","referencia-biografica":"NOGUEIRA de BRITO, Miguel. A Crescente Uniformiza\u00e7\u00e3o dos Modelos de Emerg\u00eancia Constitucional. IN: Carlos Blanco de Morais, Miguel Nogueira de Brito e Miguel Assis Raimundo (coord.), Impactos da Pandemia da Covid-19 nas Estruturas do Direito P\u00fablico, Almedina, S. Paulo, 2022, pp. 167-203.","projeto-a-que-pertence":" Governance 4.0","selecionar_o_projeto_a_que_pertence":[],"titulo-do-livro-revista":"Impactos da Pandemia da Covid-19 nas Estruturas do Direito P\u00fablico","ano":"2022","isbn":"978-655-6277-14-1","editora":"Almedina","link-para-download":"https:\/\/www.almedina.com.br\/produto\/impactos-da-pandemia-da-covid-19-nas-estruturas-do-direito-publico-11283"},"cluster":[],"categoria-da-publicacao":[24],"grupo-de-investigacao":[10],"class_list":["post-5561","publicacoes","type-publicacoes","status-publish","has-post-thumbnail","hentry","categoria-da-publicacao-capitulo-de-livro","grupo-de-investigacao-direito-constitucional-e-ciencia-politica"],"yoast_head":"<!-- This site is optimized with the Yoast SEO plugin v27.5 - https:\/\/yoast.com\/product\/yoast-seo-wordpress\/ -->\n<title>A Crescente Uniformiza\u00e7\u00e3o dos Modelos de Emerg\u00eancia Constitucional - Lisbon Public Law<\/title>\n<meta name=\"robots\" content=\"index, follow, max-snippet:-1, max-image-preview:large, max-video-preview:-1\" \/>\n<link rel=\"canonical\" href=\"https:\/\/lisbonpubliclaw.pt\/en\/publicacoes\/a-crescente-uniformizacao-dos-modelos-de-emergencia-constitucional\/\" \/>\n<meta property=\"og:locale\" content=\"en_US\" \/>\n<meta property=\"og:type\" content=\"article\" \/>\n<meta property=\"og:title\" content=\"Impactos da Pandemia da Covid-19 nas Estruturas do Direito P\u00fablico\" \/>\n<meta property=\"og:description\" content=\"A presente obra pretende avaliar o impacto da pandemia da doen\u00e7a COVID-19 no Direito P\u00fablico. Em que medida institutos como os estados de exce\u00e7\u00e3o, os direitos fundamentais, o federalismo, a responsabilidade civil, o princ\u00edpio da legalidade e a tutela da constitucionalidade dos atos do poder p\u00fablico foram capazes de reagir aos desafios da pandemia? Ser\u00e1 que, depois desta, se tornam necess\u00e1rios ajustamentos em face de um &#039;novo normal&#039;? A obra conta com a colabora\u00e7\u00e3o de renomados professores e investigadores da Faculdade de Direito de Lisboa, do Instituto Brasileiro de Ensino, Desenvolvimento e Pesquisa (IDP), da Faculdade de Direito da Universidade de S\u00e3o Paulo, da Funda\u00e7\u00e3o Get\u00falio Vargas, da Universidade Complutense de Madrid e da Universidade La Sapienza, de Roma.\" \/>\n<meta property=\"og:url\" content=\"https:\/\/lisbonpubliclaw.pt\/en\/publicacoes\/a-crescente-uniformizacao-dos-modelos-de-emergencia-constitucional\/\" \/>\n<meta property=\"og:site_name\" content=\"Lisbon Public Law\" \/>\n<meta property=\"article:modified_time\" content=\"2023-12-21T13:43:27+00:00\" \/>\n<meta property=\"og:image\" content=\"https:\/\/lisbonpubliclaw.pt\/wp-content\/uploads\/2023\/06\/impactosdapandemia-e1703166144390.png\" \/>\n\t<meta property=\"og:image:width\" content=\"615\" \/>\n\t<meta property=\"og:image:height\" content=\"861\" \/>\n\t<meta property=\"og:image:type\" content=\"image\/png\" \/>\n<meta name=\"twitter:card\" content=\"summary_large_image\" \/>\n<meta name=\"twitter:title\" content=\"Impactos da Pandemia da Covid-19 nas Estruturas do Direito P\u00fablico\" \/>\n<meta name=\"twitter:description\" content=\"A presente obra pretende avaliar o impacto da pandemia da doen\u00e7a COVID-19 no Direito P\u00fablico. Em que medida institutos como os estados de exce\u00e7\u00e3o, os direitos fundamentais, o federalismo, a responsabilidade civil, o princ\u00edpio da legalidade e a tutela da constitucionalidade dos atos do poder p\u00fablico foram capazes de reagir aos desafios da pandemia? Ser\u00e1 que, depois desta, se tornam necess\u00e1rios ajustamentos em face de um &#039;novo normal&#039;? A obra conta com a colabora\u00e7\u00e3o de renomados professores e investigadores da Faculdade de Direito de Lisboa, do Instituto Brasileiro de Ensino, Desenvolvimento e Pesquisa (IDP), da Faculdade de Direito da Universidade de S\u00e3o Paulo, da Funda\u00e7\u00e3o Get\u00falio Vargas, da Universidade Complutense de Madrid e da Universidade La Sapienza, de Roma.\" \/>\n<meta name=\"twitter:image\" content=\"https:\/\/lisbonpubliclaw.pt\/wp-content\/uploads\/2023\/06\/impactosdapandemia-e1703166144390.png\" \/>\n<script type=\"application\/ld+json\" class=\"yoast-schema-graph\">{\"@context\":\"https:\\\/\\\/schema.org\",\"@graph\":[{\"@type\":\"WebPage\",\"@id\":\"https:\\\/\\\/lisbonpubliclaw.pt\\\/publicacoes\\\/a-crescente-uniformizacao-dos-modelos-de-emergencia-constitucional\\\/\",\"url\":\"https:\\\/\\\/lisbonpubliclaw.pt\\\/publicacoes\\\/a-crescente-uniformizacao-dos-modelos-de-emergencia-constitucional\\\/\",\"name\":\"A Crescente Uniformiza\u00e7\u00e3o dos Modelos de Emerg\u00eancia Constitucional - Lisbon Public Law\",\"isPartOf\":{\"@id\":\"https:\\\/\\\/lisbonpubliclaw.pt\\\/#website\"},\"primaryImageOfPage\":{\"@id\":\"https:\\\/\\\/lisbonpubliclaw.pt\\\/publicacoes\\\/a-crescente-uniformizacao-dos-modelos-de-emergencia-constitucional\\\/#primaryimage\"},\"image\":{\"@id\":\"https:\\\/\\\/lisbonpubliclaw.pt\\\/publicacoes\\\/a-crescente-uniformizacao-dos-modelos-de-emergencia-constitucional\\\/#primaryimage\"},\"thumbnailUrl\":\"https:\\\/\\\/lisbonpubliclaw.pt\\\/wp-content\\\/uploads\\\/2023\\\/06\\\/impactosdapandemia-e1703166144390.png\",\"datePublished\":\"2022-12-21T13:41:29+00:00\",\"dateModified\":\"2023-12-21T13:43:27+00:00\",\"breadcrumb\":{\"@id\":\"https:\\\/\\\/lisbonpubliclaw.pt\\\/publicacoes\\\/a-crescente-uniformizacao-dos-modelos-de-emergencia-constitucional\\\/#breadcrumb\"},\"inLanguage\":\"en-US\",\"potentialAction\":[{\"@type\":\"ReadAction\",\"target\":[\"https:\\\/\\\/lisbonpubliclaw.pt\\\/publicacoes\\\/a-crescente-uniformizacao-dos-modelos-de-emergencia-constitucional\\\/\"]}]},{\"@type\":\"ImageObject\",\"inLanguage\":\"en-US\",\"@id\":\"https:\\\/\\\/lisbonpubliclaw.pt\\\/publicacoes\\\/a-crescente-uniformizacao-dos-modelos-de-emergencia-constitucional\\\/#primaryimage\",\"url\":\"https:\\\/\\\/lisbonpubliclaw.pt\\\/wp-content\\\/uploads\\\/2023\\\/06\\\/impactosdapandemia-e1703166144390.png\",\"contentUrl\":\"https:\\\/\\\/lisbonpubliclaw.pt\\\/wp-content\\\/uploads\\\/2023\\\/06\\\/impactosdapandemia-e1703166144390.png\",\"width\":615,\"height\":861},{\"@type\":\"BreadcrumbList\",\"@id\":\"https:\\\/\\\/lisbonpubliclaw.pt\\\/publicacoes\\\/a-crescente-uniformizacao-dos-modelos-de-emergencia-constitucional\\\/#breadcrumb\",\"itemListElement\":[{\"@type\":\"ListItem\",\"position\":1,\"name\":\"Home\",\"item\":\"https:\\\/\\\/lisbonpubliclaw.pt\\\/\"},{\"@type\":\"ListItem\",\"position\":2,\"name\":\"Publica\u00e7\u00f5es\",\"item\":\"https:\\\/\\\/lisbonpubliclaw.pt\\\/publicacoes\\\/\"},{\"@type\":\"ListItem\",\"position\":3,\"name\":\"A Crescente Uniformiza\u00e7\u00e3o dos Modelos de Emerg\u00eancia Constitucional\"}]},{\"@type\":\"WebSite\",\"@id\":\"https:\\\/\\\/lisbonpubliclaw.pt\\\/#website\",\"url\":\"https:\\\/\\\/lisbonpubliclaw.pt\\\/\",\"name\":\"Lisbon Public Law\",\"description\":\"Public Law Research Centre in Lisbon\",\"publisher\":{\"@id\":\"https:\\\/\\\/lisbonpubliclaw.pt\\\/#organization\"},\"potentialAction\":[{\"@type\":\"SearchAction\",\"target\":{\"@type\":\"EntryPoint\",\"urlTemplate\":\"https:\\\/\\\/lisbonpubliclaw.pt\\\/?s={search_term_string}\"},\"query-input\":{\"@type\":\"PropertyValueSpecification\",\"valueRequired\":true,\"valueName\":\"search_term_string\"}}],\"inLanguage\":\"en-US\"},{\"@type\":\"Organization\",\"@id\":\"https:\\\/\\\/lisbonpubliclaw.pt\\\/#organization\",\"name\":\"Lisbon Public Law\",\"url\":\"https:\\\/\\\/lisbonpubliclaw.pt\\\/\",\"logo\":{\"@type\":\"ImageObject\",\"inLanguage\":\"en-US\",\"@id\":\"https:\\\/\\\/lisbonpubliclaw.pt\\\/#\\\/schema\\\/logo\\\/image\\\/\",\"url\":\"https:\\\/\\\/lisbonpubliclaw.pt\\\/wp-content\\\/uploads\\\/2023\\\/06\\\/WhatsApp-Image-2023-06-19-at-11.01.50-1.jpeg\",\"contentUrl\":\"https:\\\/\\\/lisbonpubliclaw.pt\\\/wp-content\\\/uploads\\\/2023\\\/06\\\/WhatsApp-Image-2023-06-19-at-11.01.50-1.jpeg\",\"width\":354,\"height\":354,\"caption\":\"Lisbon Public Law\"},\"image\":{\"@id\":\"https:\\\/\\\/lisbonpubliclaw.pt\\\/#\\\/schema\\\/logo\\\/image\\\/\"}}]}<\/script>\n<!-- \/ Yoast SEO plugin. -->","yoast_head_json":{"title":"A Crescente Uniformiza\u00e7\u00e3o dos Modelos de Emerg\u00eancia Constitucional - Lisbon Public Law","robots":{"index":"index","follow":"follow","max-snippet":"max-snippet:-1","max-image-preview":"max-image-preview:large","max-video-preview":"max-video-preview:-1"},"canonical":"https:\/\/lisbonpubliclaw.pt\/en\/publicacoes\/a-crescente-uniformizacao-dos-modelos-de-emergencia-constitucional\/","og_locale":"en_US","og_type":"article","og_title":"Impactos da Pandemia da Covid-19 nas Estruturas do Direito P\u00fablico","og_description":"A presente obra pretende avaliar o impacto da pandemia da doen\u00e7a COVID-19 no Direito P\u00fablico. Em que medida institutos como os estados de exce\u00e7\u00e3o, os direitos fundamentais, o federalismo, a responsabilidade civil, o princ\u00edpio da legalidade e a tutela da constitucionalidade dos atos do poder p\u00fablico foram capazes de reagir aos desafios da pandemia? Ser\u00e1 que, depois desta, se tornam necess\u00e1rios ajustamentos em face de um 'novo normal'? A obra conta com a colabora\u00e7\u00e3o de renomados professores e investigadores da Faculdade de Direito de Lisboa, do Instituto Brasileiro de Ensino, Desenvolvimento e Pesquisa (IDP), da Faculdade de Direito da Universidade de S\u00e3o Paulo, da Funda\u00e7\u00e3o Get\u00falio Vargas, da Universidade Complutense de Madrid e da Universidade La Sapienza, de Roma.","og_url":"https:\/\/lisbonpubliclaw.pt\/en\/publicacoes\/a-crescente-uniformizacao-dos-modelos-de-emergencia-constitucional\/","og_site_name":"Lisbon Public Law","article_modified_time":"2023-12-21T13:43:27+00:00","og_image":[{"width":615,"height":861,"url":"https:\/\/lisbonpubliclaw.pt\/wp-content\/uploads\/2023\/06\/impactosdapandemia-e1703166144390.png","type":"image\/png"}],"twitter_card":"summary_large_image","twitter_title":"Impactos da Pandemia da Covid-19 nas Estruturas do Direito P\u00fablico","twitter_description":"A presente obra pretende avaliar o impacto da pandemia da doen\u00e7a COVID-19 no Direito P\u00fablico. Em que medida institutos como os estados de exce\u00e7\u00e3o, os direitos fundamentais, o federalismo, a responsabilidade civil, o princ\u00edpio da legalidade e a tutela da constitucionalidade dos atos do poder p\u00fablico foram capazes de reagir aos desafios da pandemia? Ser\u00e1 que, depois desta, se tornam necess\u00e1rios ajustamentos em face de um 'novo normal'? A obra conta com a colabora\u00e7\u00e3o de renomados professores e investigadores da Faculdade de Direito de Lisboa, do Instituto Brasileiro de Ensino, Desenvolvimento e Pesquisa (IDP), da Faculdade de Direito da Universidade de S\u00e3o Paulo, da Funda\u00e7\u00e3o Get\u00falio Vargas, da Universidade Complutense de Madrid e da Universidade La Sapienza, de Roma.","twitter_image":"https:\/\/lisbonpubliclaw.pt\/wp-content\/uploads\/2023\/06\/impactosdapandemia-e1703166144390.png","schema":{"@context":"https:\/\/schema.org","@graph":[{"@type":"WebPage","@id":"https:\/\/lisbonpubliclaw.pt\/publicacoes\/a-crescente-uniformizacao-dos-modelos-de-emergencia-constitucional\/","url":"https:\/\/lisbonpubliclaw.pt\/publicacoes\/a-crescente-uniformizacao-dos-modelos-de-emergencia-constitucional\/","name":"A Crescente Uniformiza\u00e7\u00e3o dos Modelos de Emerg\u00eancia Constitucional - Lisbon Public Law","isPartOf":{"@id":"https:\/\/lisbonpubliclaw.pt\/#website"},"primaryImageOfPage":{"@id":"https:\/\/lisbonpubliclaw.pt\/publicacoes\/a-crescente-uniformizacao-dos-modelos-de-emergencia-constitucional\/#primaryimage"},"image":{"@id":"https:\/\/lisbonpubliclaw.pt\/publicacoes\/a-crescente-uniformizacao-dos-modelos-de-emergencia-constitucional\/#primaryimage"},"thumbnailUrl":"https:\/\/lisbonpubliclaw.pt\/wp-content\/uploads\/2023\/06\/impactosdapandemia-e1703166144390.png","datePublished":"2022-12-21T13:41:29+00:00","dateModified":"2023-12-21T13:43:27+00:00","breadcrumb":{"@id":"https:\/\/lisbonpubliclaw.pt\/publicacoes\/a-crescente-uniformizacao-dos-modelos-de-emergencia-constitucional\/#breadcrumb"},"inLanguage":"en-US","potentialAction":[{"@type":"ReadAction","target":["https:\/\/lisbonpubliclaw.pt\/publicacoes\/a-crescente-uniformizacao-dos-modelos-de-emergencia-constitucional\/"]}]},{"@type":"ImageObject","inLanguage":"en-US","@id":"https:\/\/lisbonpubliclaw.pt\/publicacoes\/a-crescente-uniformizacao-dos-modelos-de-emergencia-constitucional\/#primaryimage","url":"https:\/\/lisbonpubliclaw.pt\/wp-content\/uploads\/2023\/06\/impactosdapandemia-e1703166144390.png","contentUrl":"https:\/\/lisbonpubliclaw.pt\/wp-content\/uploads\/2023\/06\/impactosdapandemia-e1703166144390.png","width":615,"height":861},{"@type":"BreadcrumbList","@id":"https:\/\/lisbonpubliclaw.pt\/publicacoes\/a-crescente-uniformizacao-dos-modelos-de-emergencia-constitucional\/#breadcrumb","itemListElement":[{"@type":"ListItem","position":1,"name":"Home","item":"https:\/\/lisbonpubliclaw.pt\/"},{"@type":"ListItem","position":2,"name":"Publica\u00e7\u00f5es","item":"https:\/\/lisbonpubliclaw.pt\/publicacoes\/"},{"@type":"ListItem","position":3,"name":"A Crescente Uniformiza\u00e7\u00e3o dos Modelos de Emerg\u00eancia Constitucional"}]},{"@type":"WebSite","@id":"https:\/\/lisbonpubliclaw.pt\/#website","url":"https:\/\/lisbonpubliclaw.pt\/","name":"Lisbon Public Law","description":"Public Law Research Centre in Lisbon","publisher":{"@id":"https:\/\/lisbonpubliclaw.pt\/#organization"},"potentialAction":[{"@type":"SearchAction","target":{"@type":"EntryPoint","urlTemplate":"https:\/\/lisbonpubliclaw.pt\/?s={search_term_string}"},"query-input":{"@type":"PropertyValueSpecification","valueRequired":true,"valueName":"search_term_string"}}],"inLanguage":"en-US"},{"@type":"Organization","@id":"https:\/\/lisbonpubliclaw.pt\/#organization","name":"Lisbon Public Law","url":"https:\/\/lisbonpubliclaw.pt\/","logo":{"@type":"ImageObject","inLanguage":"en-US","@id":"https:\/\/lisbonpubliclaw.pt\/#\/schema\/logo\/image\/","url":"https:\/\/lisbonpubliclaw.pt\/wp-content\/uploads\/2023\/06\/WhatsApp-Image-2023-06-19-at-11.01.50-1.jpeg","contentUrl":"https:\/\/lisbonpubliclaw.pt\/wp-content\/uploads\/2023\/06\/WhatsApp-Image-2023-06-19-at-11.01.50-1.jpeg","width":354,"height":354,"caption":"Lisbon Public Law"},"image":{"@id":"https:\/\/lisbonpubliclaw.pt\/#\/schema\/logo\/image\/"}}]}},"_links":{"self":[{"href":"https:\/\/lisbonpubliclaw.pt\/en\/wp-json\/wp\/v2\/publicacoes\/5561","targetHints":{"allow":["GET"]}}],"collection":[{"href":"https:\/\/lisbonpubliclaw.pt\/en\/wp-json\/wp\/v2\/publicacoes"}],"about":[{"href":"https:\/\/lisbonpubliclaw.pt\/en\/wp-json\/wp\/v2\/types\/publicacoes"}],"wp:featuredmedia":[{"embeddable":true,"href":"https:\/\/lisbonpubliclaw.pt\/en\/wp-json\/wp\/v2\/media\/2396"}],"wp:attachment":[{"href":"https:\/\/lisbonpubliclaw.pt\/en\/wp-json\/wp\/v2\/media?parent=5561"}],"wp:term":[{"taxonomy":"cluster","embeddable":true,"href":"https:\/\/lisbonpubliclaw.pt\/en\/wp-json\/wp\/v2\/cluster?post=5561"},{"taxonomy":"categoria-da-publicacao","embeddable":true,"href":"https:\/\/lisbonpubliclaw.pt\/en\/wp-json\/wp\/v2\/categoria-da-publicacao?post=5561"},{"taxonomy":"grupo-de-investigacao","embeddable":true,"href":"https:\/\/lisbonpubliclaw.pt\/en\/wp-json\/wp\/v2\/grupo-de-investigacao?post=5561"}],"curies":[{"name":"wp","href":"https:\/\/api.w.org\/{rel}","templated":true}]}}