{"id":5513,"date":"2021-12-19T12:13:13","date_gmt":"2021-12-19T12:13:13","guid":{"rendered":"https:\/\/lisbonpubliclaw.pt\/?post_type=publicacoes&#038;p=5513"},"modified":"2023-12-19T12:16:03","modified_gmt":"2023-12-19T12:16:03","slug":"pandemia-infodemia-e-liberdade-de-expressao","status":"publish","type":"publicacoes","link":"https:\/\/lisbonpubliclaw.pt\/en\/publicacoes\/pandemia-infodemia-e-liberdade-de-expressao\/","title":{"rendered":"Pandemia, \u201cInfodemia\u201d e Liberdade de Express\u00e3o"},"content":{"rendered":"<p>One of the harmful side effects of the COVID-19 pandemic was the emergence of an \u201cinfodemic\u201d that focused on its characteristics, treatments,\nvaccination and on its very existence. \u201cInfodemic\u201d, in this context, means an excess of information, regardless of its accuracy or veracity, which, like the COVID-19 pandemic, spread rapidly and globally, with visible and measurable consequences on the response to this disease. There is a clear relationship between this phenomenon and the current framework for disseminating information via the internet and on social networks, which may call into question the timeliness of the classic doctrine of freedom of expression. The responses so far, casuistic and based on self-regulation, seem insufficient. A new reading of freedom of expression, imposing effective curatorial duties on the part of the state, will be a possible solution.<\/p>","protected":false},"template":"","meta":{"imagem-da-publicacao":"https:\/\/lisbonpubliclaw.pt\/wp-content\/uploads\/2021\/12\/epiblica_LiberdadeDesinformacaoContextodaPandemia-e1702987883723.png","areas-de-investigacao":"","investigador-responsavel":[],"editor-externo":"","editor":["1763"],"autores-externos":"","referencia-biografica":"RUI TAVARES LANCEIRO, Pandemia, \u201cInfodemia\u201d e Liberdade de Express\u00e3o, 8 E-Publica 39 (2021).","projeto-a-que-pertence":"","selecionar_o_projeto_a_que_pertence":[],"titulo-do-livro-revista":"e-Publica","ano":"2021","isbn":"","editora":"","link-para-download":"https:\/\/e-publica.pt\/article\/34113-pandemia-infodemia-e-liberdade-de-expressao"},"cluster":[48],"categoria-da-publicacao":[38],"grupo-de-investigacao":[11],"class_list":["post-5513","publicacoes","type-publicacoes","status-publish","hentry","cluster-lisbon-digital-rights","categoria-da-publicacao-artigo","grupo-de-investigacao-direito-administrativo"],"yoast_head":"<!-- This site is optimized with the Yoast SEO plugin v27.5 - https:\/\/yoast.com\/product\/yoast-seo-wordpress\/ -->\n<title>Pandemia, \u201cInfodemia\u201d e Liberdade de Express\u00e3o - Lisbon Public Law<\/title>\n<meta name=\"description\" content=\"Um dos efeitos nefastos colaterais da pandemia COVID-19 foi o surgimento de uma \u201cinfodemia\u201d que incidiu sobre as suas caracter\u00edsticas, tratamentos, vacina\u00e7\u00e3o e sobre a pr\u00f3pria exist\u00eancia da mesma. \u201cInfodemia\u201d,neste contexto, significa um excesso de informa\u00e7\u00e3o, independentemente da sua precis\u00e3o ou veracidade, que, tal como a pandemia COVID-19, alastrou r\u00e1pida e globalmente, com consequ\u00eancias vis\u00edveis e mensur\u00e1veis sobre a resposta a esta doen\u00e7a. Existe uma rela\u00e7\u00e3o evidente entre este fen\u00f3meno e o enquadramento atual de divulga\u00e7\u00e3o de informa\u00e7\u00e3o atrav\u00e9s da Internet e em redes sociais, que pode colocar em causa a atualidade da doutrina cl\u00e1ssica da liberdade de express\u00e3o. As respostas at\u00e9 agora, casu\u00edsticas e assentes em autorregula\u00e7\u00e3o parecem insuficientes. Uma nova leitura da liberdade de express\u00e3o, impondo deveres efetivos de curadoria por parte do Estado, ser\u00e1 uma solu\u00e7\u00e3o poss\u00edvel.\" \/>\n<meta name=\"robots\" content=\"index, follow, max-snippet:-1, max-image-preview:large, max-video-preview:-1\" \/>\n<link rel=\"canonical\" href=\"https:\/\/lisbonpubliclaw.pt\/en\/publicacoes\/pandemia-infodemia-e-liberdade-de-expressao\/\" \/>\n<meta property=\"og:locale\" content=\"en_US\" \/>\n<meta property=\"og:type\" content=\"article\" \/>\n<meta property=\"og:title\" content=\"Pandemia, \u201cInfodemia\u201d e Liberdade de Express\u00e3o - Lisbon Public Law\" \/>\n<meta property=\"og:description\" content=\"Um dos efeitos nefastos colaterais da pandemia COVID-19 foi o surgimento de uma \u201cinfodemia\u201d que incidiu sobre as suas caracter\u00edsticas, tratamentos, vacina\u00e7\u00e3o e sobre a pr\u00f3pria exist\u00eancia da mesma. \u201cInfodemia\u201d,neste contexto, significa um excesso de informa\u00e7\u00e3o, independentemente da sua precis\u00e3o ou veracidade, que, tal como a pandemia COVID-19, alastrou r\u00e1pida e globalmente, com consequ\u00eancias vis\u00edveis e mensur\u00e1veis sobre a resposta a esta doen\u00e7a. Existe uma rela\u00e7\u00e3o evidente entre este fen\u00f3meno e o enquadramento atual de divulga\u00e7\u00e3o de informa\u00e7\u00e3o atrav\u00e9s da Internet e em redes sociais, que pode colocar em causa a atualidade da doutrina cl\u00e1ssica da liberdade de express\u00e3o. As respostas at\u00e9 agora, casu\u00edsticas e assentes em autorregula\u00e7\u00e3o parecem insuficientes. Uma nova leitura da liberdade de express\u00e3o, impondo deveres efetivos de curadoria por parte do Estado, ser\u00e1 uma solu\u00e7\u00e3o poss\u00edvel.\" \/>\n<meta property=\"og:url\" content=\"https:\/\/lisbonpubliclaw.pt\/en\/publicacoes\/pandemia-infodemia-e-liberdade-de-expressao\/\" \/>\n<meta property=\"og:site_name\" content=\"Lisbon Public Law\" \/>\n<meta property=\"article:modified_time\" content=\"2023-12-19T12:16:03+00:00\" \/>\n<meta name=\"twitter:card\" content=\"summary_large_image\" \/>\n<meta name=\"twitter:label1\" content=\"Est. reading time\" \/>\n\t<meta name=\"twitter:data1\" content=\"1 minute\" \/>\n<script type=\"application\/ld+json\" class=\"yoast-schema-graph\">{\"@context\":\"https:\\\/\\\/schema.org\",\"@graph\":[{\"@type\":\"WebPage\",\"@id\":\"https:\\\/\\\/lisbonpubliclaw.pt\\\/publicacoes\\\/pandemia-infodemia-e-liberdade-de-expressao\\\/\",\"url\":\"https:\\\/\\\/lisbonpubliclaw.pt\\\/publicacoes\\\/pandemia-infodemia-e-liberdade-de-expressao\\\/\",\"name\":\"Pandemia, \u201cInfodemia\u201d e Liberdade de Express\u00e3o - Lisbon Public Law\",\"isPartOf\":{\"@id\":\"https:\\\/\\\/lisbonpubliclaw.pt\\\/#website\"},\"datePublished\":\"2021-12-19T12:13:13+00:00\",\"dateModified\":\"2023-12-19T12:16:03+00:00\",\"description\":\"Um dos efeitos nefastos colaterais da pandemia COVID-19 foi o surgimento de uma \u201cinfodemia\u201d que incidiu sobre as suas caracter\u00edsticas, tratamentos, vacina\u00e7\u00e3o e sobre a pr\u00f3pria exist\u00eancia da mesma. \u201cInfodemia\u201d,neste contexto, significa um excesso de informa\u00e7\u00e3o, independentemente da sua precis\u00e3o ou veracidade, que, tal como a pandemia COVID-19, alastrou r\u00e1pida e globalmente, com consequ\u00eancias vis\u00edveis e mensur\u00e1veis sobre a resposta a esta doen\u00e7a. Existe uma rela\u00e7\u00e3o evidente entre este fen\u00f3meno e o enquadramento atual de divulga\u00e7\u00e3o de informa\u00e7\u00e3o atrav\u00e9s da Internet e em redes sociais, que pode colocar em causa a atualidade da doutrina cl\u00e1ssica da liberdade de express\u00e3o. As respostas at\u00e9 agora, casu\u00edsticas e assentes em autorregula\u00e7\u00e3o parecem insuficientes. Uma nova leitura da liberdade de express\u00e3o, impondo deveres efetivos de curadoria por parte do Estado, ser\u00e1 uma solu\u00e7\u00e3o poss\u00edvel.\",\"breadcrumb\":{\"@id\":\"https:\\\/\\\/lisbonpubliclaw.pt\\\/publicacoes\\\/pandemia-infodemia-e-liberdade-de-expressao\\\/#breadcrumb\"},\"inLanguage\":\"en-US\",\"potentialAction\":[{\"@type\":\"ReadAction\",\"target\":[\"https:\\\/\\\/lisbonpubliclaw.pt\\\/publicacoes\\\/pandemia-infodemia-e-liberdade-de-expressao\\\/\"]}]},{\"@type\":\"BreadcrumbList\",\"@id\":\"https:\\\/\\\/lisbonpubliclaw.pt\\\/publicacoes\\\/pandemia-infodemia-e-liberdade-de-expressao\\\/#breadcrumb\",\"itemListElement\":[{\"@type\":\"ListItem\",\"position\":1,\"name\":\"Home\",\"item\":\"https:\\\/\\\/lisbonpubliclaw.pt\\\/\"},{\"@type\":\"ListItem\",\"position\":2,\"name\":\"Publica\u00e7\u00f5es\",\"item\":\"https:\\\/\\\/lisbonpubliclaw.pt\\\/publicacoes\\\/\"},{\"@type\":\"ListItem\",\"position\":3,\"name\":\"Pandemia, \u201cInfodemia\u201d e Liberdade de Express\u00e3o\"}]},{\"@type\":\"WebSite\",\"@id\":\"https:\\\/\\\/lisbonpubliclaw.pt\\\/#website\",\"url\":\"https:\\\/\\\/lisbonpubliclaw.pt\\\/\",\"name\":\"Lisbon Public Law\",\"description\":\"Public Law Research Centre in Lisbon\",\"publisher\":{\"@id\":\"https:\\\/\\\/lisbonpubliclaw.pt\\\/#organization\"},\"potentialAction\":[{\"@type\":\"SearchAction\",\"target\":{\"@type\":\"EntryPoint\",\"urlTemplate\":\"https:\\\/\\\/lisbonpubliclaw.pt\\\/?s={search_term_string}\"},\"query-input\":{\"@type\":\"PropertyValueSpecification\",\"valueRequired\":true,\"valueName\":\"search_term_string\"}}],\"inLanguage\":\"en-US\"},{\"@type\":\"Organization\",\"@id\":\"https:\\\/\\\/lisbonpubliclaw.pt\\\/#organization\",\"name\":\"Lisbon Public Law\",\"url\":\"https:\\\/\\\/lisbonpubliclaw.pt\\\/\",\"logo\":{\"@type\":\"ImageObject\",\"inLanguage\":\"en-US\",\"@id\":\"https:\\\/\\\/lisbonpubliclaw.pt\\\/#\\\/schema\\\/logo\\\/image\\\/\",\"url\":\"https:\\\/\\\/lisbonpubliclaw.pt\\\/wp-content\\\/uploads\\\/2023\\\/06\\\/WhatsApp-Image-2023-06-19-at-11.01.50-1.jpeg\",\"contentUrl\":\"https:\\\/\\\/lisbonpubliclaw.pt\\\/wp-content\\\/uploads\\\/2023\\\/06\\\/WhatsApp-Image-2023-06-19-at-11.01.50-1.jpeg\",\"width\":354,\"height\":354,\"caption\":\"Lisbon Public Law\"},\"image\":{\"@id\":\"https:\\\/\\\/lisbonpubliclaw.pt\\\/#\\\/schema\\\/logo\\\/image\\\/\"}}]}<\/script>\n<!-- \/ Yoast SEO plugin. -->","yoast_head_json":{"title":"Pandemia, \u201cInfodemia\u201d e Liberdade de Express\u00e3o - Lisbon Public Law","description":"One of the harmful side effects of the COVID-19 pandemic was the emergence of an \u201cinfodemic\u201d that focused on its characteristics, treatments,\nvaccination and on its very existence. \u201cInfodemic\u201d, in this context, means an excess of information, regardless of its accuracy or veracity, which, like the COVID-19 pandemic, spread rapidly and globally, with visible and measurable consequences on the response to this disease. There is a clear relationship between this phenomenon and the current framework for disseminating information via the internet and on social networks, which may call into question the timeliness of the classic doctrine of freedom of expression. The responses so far, casuistic and based on self-regulation, seem insufficient. A new reading of freedom of expression, imposing effective curatorial duties on the part of the state, will be a possible solution.","robots":{"index":"index","follow":"follow","max-snippet":"max-snippet:-1","max-image-preview":"max-image-preview:large","max-video-preview":"max-video-preview:-1"},"canonical":"https:\/\/lisbonpubliclaw.pt\/en\/publicacoes\/pandemia-infodemia-e-liberdade-de-expressao\/","og_locale":"en_US","og_type":"article","og_title":"Pandemia, \u201cInfodemia\u201d e Liberdade de Express\u00e3o - Lisbon Public Law","og_description":"Um dos efeitos nefastos colaterais da pandemia COVID-19 foi o surgimento de uma \u201cinfodemia\u201d que incidiu sobre as suas caracter\u00edsticas, tratamentos, vacina\u00e7\u00e3o e sobre a pr\u00f3pria exist\u00eancia da mesma. \u201cInfodemia\u201d,neste contexto, significa um excesso de informa\u00e7\u00e3o, independentemente da sua precis\u00e3o ou veracidade, que, tal como a pandemia COVID-19, alastrou r\u00e1pida e globalmente, com consequ\u00eancias vis\u00edveis e mensur\u00e1veis sobre a resposta a esta doen\u00e7a. Existe uma rela\u00e7\u00e3o evidente entre este fen\u00f3meno e o enquadramento atual de divulga\u00e7\u00e3o de informa\u00e7\u00e3o atrav\u00e9s da Internet e em redes sociais, que pode colocar em causa a atualidade da doutrina cl\u00e1ssica da liberdade de express\u00e3o. As respostas at\u00e9 agora, casu\u00edsticas e assentes em autorregula\u00e7\u00e3o parecem insuficientes. Uma nova leitura da liberdade de express\u00e3o, impondo deveres efetivos de curadoria por parte do Estado, ser\u00e1 uma solu\u00e7\u00e3o poss\u00edvel.","og_url":"https:\/\/lisbonpubliclaw.pt\/en\/publicacoes\/pandemia-infodemia-e-liberdade-de-expressao\/","og_site_name":"Lisbon Public Law","article_modified_time":"2023-12-19T12:16:03+00:00","twitter_card":"summary_large_image","twitter_misc":{"Est. reading time":"1 minute"},"schema":{"@context":"https:\/\/schema.org","@graph":[{"@type":"WebPage","@id":"https:\/\/lisbonpubliclaw.pt\/publicacoes\/pandemia-infodemia-e-liberdade-de-expressao\/","url":"https:\/\/lisbonpubliclaw.pt\/publicacoes\/pandemia-infodemia-e-liberdade-de-expressao\/","name":"Pandemia, \u201cInfodemia\u201d e Liberdade de Express\u00e3o - Lisbon Public Law","isPartOf":{"@id":"https:\/\/lisbonpubliclaw.pt\/#website"},"datePublished":"2021-12-19T12:13:13+00:00","dateModified":"2023-12-19T12:16:03+00:00","description":"One of the harmful side effects of the COVID-19 pandemic was the emergence of an \u201cinfodemic\u201d that focused on its characteristics, treatments,\nvaccination and on its very existence. \u201cInfodemic\u201d, in this context, means an excess of information, regardless of its accuracy or veracity, which, like the COVID-19 pandemic, spread rapidly and globally, with visible and measurable consequences on the response to this disease. There is a clear relationship between this phenomenon and the current framework for disseminating information via the internet and on social networks, which may call into question the timeliness of the classic doctrine of freedom of expression. The responses so far, casuistic and based on self-regulation, seem insufficient. A new reading of freedom of expression, imposing effective curatorial duties on the part of the state, will be a possible solution.","breadcrumb":{"@id":"https:\/\/lisbonpubliclaw.pt\/publicacoes\/pandemia-infodemia-e-liberdade-de-expressao\/#breadcrumb"},"inLanguage":"en-US","potentialAction":[{"@type":"ReadAction","target":["https:\/\/lisbonpubliclaw.pt\/publicacoes\/pandemia-infodemia-e-liberdade-de-expressao\/"]}]},{"@type":"BreadcrumbList","@id":"https:\/\/lisbonpubliclaw.pt\/publicacoes\/pandemia-infodemia-e-liberdade-de-expressao\/#breadcrumb","itemListElement":[{"@type":"ListItem","position":1,"name":"Home","item":"https:\/\/lisbonpubliclaw.pt\/"},{"@type":"ListItem","position":2,"name":"Publica\u00e7\u00f5es","item":"https:\/\/lisbonpubliclaw.pt\/publicacoes\/"},{"@type":"ListItem","position":3,"name":"Pandemia, \u201cInfodemia\u201d e Liberdade de Express\u00e3o"}]},{"@type":"WebSite","@id":"https:\/\/lisbonpubliclaw.pt\/#website","url":"https:\/\/lisbonpubliclaw.pt\/","name":"Lisbon Public Law","description":"Public Law Research Centre in Lisbon","publisher":{"@id":"https:\/\/lisbonpubliclaw.pt\/#organization"},"potentialAction":[{"@type":"SearchAction","target":{"@type":"EntryPoint","urlTemplate":"https:\/\/lisbonpubliclaw.pt\/?s={search_term_string}"},"query-input":{"@type":"PropertyValueSpecification","valueRequired":true,"valueName":"search_term_string"}}],"inLanguage":"en-US"},{"@type":"Organization","@id":"https:\/\/lisbonpubliclaw.pt\/#organization","name":"Lisbon Public Law","url":"https:\/\/lisbonpubliclaw.pt\/","logo":{"@type":"ImageObject","inLanguage":"en-US","@id":"https:\/\/lisbonpubliclaw.pt\/#\/schema\/logo\/image\/","url":"https:\/\/lisbonpubliclaw.pt\/wp-content\/uploads\/2023\/06\/WhatsApp-Image-2023-06-19-at-11.01.50-1.jpeg","contentUrl":"https:\/\/lisbonpubliclaw.pt\/wp-content\/uploads\/2023\/06\/WhatsApp-Image-2023-06-19-at-11.01.50-1.jpeg","width":354,"height":354,"caption":"Lisbon Public Law"},"image":{"@id":"https:\/\/lisbonpubliclaw.pt\/#\/schema\/logo\/image\/"}}]}},"_links":{"self":[{"href":"https:\/\/lisbonpubliclaw.pt\/en\/wp-json\/wp\/v2\/publicacoes\/5513","targetHints":{"allow":["GET"]}}],"collection":[{"href":"https:\/\/lisbonpubliclaw.pt\/en\/wp-json\/wp\/v2\/publicacoes"}],"about":[{"href":"https:\/\/lisbonpubliclaw.pt\/en\/wp-json\/wp\/v2\/types\/publicacoes"}],"wp:attachment":[{"href":"https:\/\/lisbonpubliclaw.pt\/en\/wp-json\/wp\/v2\/media?parent=5513"}],"wp:term":[{"taxonomy":"cluster","embeddable":true,"href":"https:\/\/lisbonpubliclaw.pt\/en\/wp-json\/wp\/v2\/cluster?post=5513"},{"taxonomy":"categoria-da-publicacao","embeddable":true,"href":"https:\/\/lisbonpubliclaw.pt\/en\/wp-json\/wp\/v2\/categoria-da-publicacao?post=5513"},{"taxonomy":"grupo-de-investigacao","embeddable":true,"href":"https:\/\/lisbonpubliclaw.pt\/en\/wp-json\/wp\/v2\/grupo-de-investigacao?post=5513"}],"curies":[{"name":"wp","href":"https:\/\/api.w.org\/{rel}","templated":true}]}}