{"id":5510,"date":"2023-04-18T19:36:17","date_gmt":"2023-04-18T19:36:17","guid":{"rendered":"https:\/\/lisbonpubliclaw.pt\/?post_type=publicacoes&#038;p=5510"},"modified":"2023-12-18T19:37:05","modified_gmt":"2023-12-18T19:37:05","slug":"a-guerra-na-ucrania-e-a-liberdade-de-expressao-no-seculo-xxi","status":"publish","type":"publicacoes","link":"https:\/\/lisbonpubliclaw.pt\/en\/publicacoes\/a-guerra-na-ucrania-e-a-liberdade-de-expressao-no-seculo-xxi\/","title":{"rendered":"A Guerra na Ucr\u00e2nia e a liberdade de express\u00e3o no s\u00e9culo XXI"},"content":{"rendered":"<p>This article begins by outlining some general considerations on freedom of expression and its importance for democratic societies. It then characterizes the so-called \u201cdigital revolution\u201d and diagnoses the main current problems facing freedom of expression. In this context, attention is given to the challenges posed to freedom of expression by the War in Ukraine, a topic that is subsequently addressed. In this regard, the article explores international responses to the issue of disinformation in the context of the War in Ukraine, with a particular focus on the European Union (EU) sanctions imposed on Russian media outlets and the assessment of their legality by European courts in the RT France judgment (T-125\/22). The significance of this ruling warrants a brief commentary. The article concludes by proposing a new interpretation of freedom of expression in light of the issues highlighted by the response to disinformation during the War in Ukraine.\u00a0<em>RT France<\/em>\u00a0(T-125\/22). A import\u00e2ncia deste aresto justifica um breve coment\u00e1rio. Conclui-se propondo-se uma nova leitura da liberdade de express\u00e3o face aos problemas revelados pela resposta \u00e0 desinforma\u00e7\u00e3o durante a Guerra da Ucr\u00e2nia.<\/p>","protected":false},"template":"","meta":{"imagem-da-publicacao":"https:\/\/lisbonpubliclaw.pt\/wp-content\/uploads\/2023\/12\/revista_julgar.png","areas-de-investigacao":"","investigador-responsavel":[],"editor-externo":"","editor":["1763"],"autores-externos":"","referencia-biografica":"LANCIERO, Rui, \u201cA guerra na Ucr\u00e2nia e a liberdade de express\u00e3o no S\u00e9culo XXI\u201d, Julgar, Coimbra, N.\u00ba 49 (Janeiro-Abril 2023), p. 105-122.","projeto-a-que-pertence":"","selecionar_o_projeto_a_que_pertence":[],"titulo-do-livro-revista":"Revista JULGAR","ano":"2023","isbn":"","editora":"","link-para-download":"https:\/\/julgar.pt\/a-guerra-na-ucrania-e-a-liberdade-de-expressao-no-seculo-xxi\/"},"cluster":[48],"categoria-da-publicacao":[38],"grupo-de-investigacao":[11],"class_list":["post-5510","publicacoes","type-publicacoes","status-publish","hentry","cluster-lisbon-digital-rights","categoria-da-publicacao-artigo","grupo-de-investigacao-direito-administrativo"],"yoast_head":"<!-- This site is optimized with the Yoast SEO plugin v27.5 - https:\/\/yoast.com\/product\/yoast-seo-wordpress\/ -->\n<title>A Guerra na Ucr\u00e2nia e a liberdade de express\u00e3o no s\u00e9culo XXI - Lisbon Public Law<\/title>\n<meta name=\"description\" content=\"No presente artigo come\u00e7a-se por tra\u00e7ar algumas considera\u00e7\u00f5es gerais sobre a liberdade de express\u00e3o e a sua import\u00e2ncia para as sociedades democr\u00e1ticas. De seguida caracteriza-se a designada \u201crevolu\u00e7\u00e3o digital\u201d e faz-se o diagn\u00f3stico dos principais problemas atuais da liberdade de express\u00e3o. Atualmente, nesse \u00e2mbito, \u00e9 preciso atender aos desafios que s\u00e3o colocados \u00e0 liberdade de express\u00e3o pela Guerra na Ucr\u00e2nia, mat\u00e9ria que \u00e9 ent\u00e3o abordada. Exploram-se, a este prop\u00f3sito, as respostas internacionais ao problema da desinforma\u00e7\u00e3o no contexto da Guerra na Ucr\u00e2nia para se focar mais detalhadamente na imposi\u00e7\u00e3o de san\u00e7\u00f5es pela Uni\u00e3o Europeia (UE) contra meios de comunica\u00e7\u00e3o social russos e o julgamento da sua legalidade por parte dos tribunais europeus no Ac\u00f3rd\u00e3o RT France (T-125\/22). A import\u00e2ncia deste aresto justifica um breve coment\u00e1rio. Conclui-se propondo-se uma nova leitura da liberdade de express\u00e3o face aos problemas revelados pela resposta \u00e0 desinforma\u00e7\u00e3o durante a Guerra da Ucr\u00e2nia.\" \/>\n<meta name=\"robots\" content=\"index, follow, max-snippet:-1, max-image-preview:large, max-video-preview:-1\" \/>\n<link rel=\"canonical\" href=\"https:\/\/lisbonpubliclaw.pt\/en\/publicacoes\/a-guerra-na-ucrania-e-a-liberdade-de-expressao-no-seculo-xxi\/\" \/>\n<meta property=\"og:locale\" content=\"en_US\" \/>\n<meta property=\"og:type\" content=\"article\" \/>\n<meta property=\"og:title\" content=\"A Guerra na Ucr\u00e2nia e a liberdade de express\u00e3o no s\u00e9culo XXI - Lisbon Public Law\" \/>\n<meta property=\"og:description\" content=\"No presente artigo come\u00e7a-se por tra\u00e7ar algumas considera\u00e7\u00f5es gerais sobre a liberdade de express\u00e3o e a sua import\u00e2ncia para as sociedades democr\u00e1ticas. De seguida caracteriza-se a designada \u201crevolu\u00e7\u00e3o digital\u201d e faz-se o diagn\u00f3stico dos principais problemas atuais da liberdade de express\u00e3o. Atualmente, nesse \u00e2mbito, \u00e9 preciso atender aos desafios que s\u00e3o colocados \u00e0 liberdade de express\u00e3o pela Guerra na Ucr\u00e2nia, mat\u00e9ria que \u00e9 ent\u00e3o abordada. Exploram-se, a este prop\u00f3sito, as respostas internacionais ao problema da desinforma\u00e7\u00e3o no contexto da Guerra na Ucr\u00e2nia para se focar mais detalhadamente na imposi\u00e7\u00e3o de san\u00e7\u00f5es pela Uni\u00e3o Europeia (UE) contra meios de comunica\u00e7\u00e3o social russos e o julgamento da sua legalidade por parte dos tribunais europeus no Ac\u00f3rd\u00e3o RT France (T-125\/22). A import\u00e2ncia deste aresto justifica um breve coment\u00e1rio. Conclui-se propondo-se uma nova leitura da liberdade de express\u00e3o face aos problemas revelados pela resposta \u00e0 desinforma\u00e7\u00e3o durante a Guerra da Ucr\u00e2nia.\" \/>\n<meta property=\"og:url\" content=\"https:\/\/lisbonpubliclaw.pt\/en\/publicacoes\/a-guerra-na-ucrania-e-a-liberdade-de-expressao-no-seculo-xxi\/\" \/>\n<meta property=\"og:site_name\" content=\"Lisbon Public Law\" \/>\n<meta property=\"article:modified_time\" content=\"2023-12-18T19:37:05+00:00\" \/>\n<meta name=\"twitter:card\" content=\"summary_large_image\" \/>\n<meta name=\"twitter:label1\" content=\"Est. reading time\" \/>\n\t<meta name=\"twitter:data1\" content=\"1 minute\" \/>\n<script type=\"application\/ld+json\" class=\"yoast-schema-graph\">{\"@context\":\"https:\\\/\\\/schema.org\",\"@graph\":[{\"@type\":\"WebPage\",\"@id\":\"https:\\\/\\\/lisbonpubliclaw.pt\\\/publicacoes\\\/a-guerra-na-ucrania-e-a-liberdade-de-expressao-no-seculo-xxi\\\/\",\"url\":\"https:\\\/\\\/lisbonpubliclaw.pt\\\/publicacoes\\\/a-guerra-na-ucrania-e-a-liberdade-de-expressao-no-seculo-xxi\\\/\",\"name\":\"A Guerra na Ucr\u00e2nia e a liberdade de express\u00e3o no s\u00e9culo XXI - Lisbon Public Law\",\"isPartOf\":{\"@id\":\"https:\\\/\\\/lisbonpubliclaw.pt\\\/#website\"},\"datePublished\":\"2023-04-18T19:36:17+00:00\",\"dateModified\":\"2023-12-18T19:37:05+00:00\",\"description\":\"No presente artigo come\u00e7a-se por tra\u00e7ar algumas considera\u00e7\u00f5es gerais sobre a liberdade de express\u00e3o e a sua import\u00e2ncia para as sociedades democr\u00e1ticas. De seguida caracteriza-se a designada \u201crevolu\u00e7\u00e3o digital\u201d e faz-se o diagn\u00f3stico dos principais problemas atuais da liberdade de express\u00e3o. Atualmente, nesse \u00e2mbito, \u00e9 preciso atender aos desafios que s\u00e3o colocados \u00e0 liberdade de express\u00e3o pela Guerra na Ucr\u00e2nia, mat\u00e9ria que \u00e9 ent\u00e3o abordada. Exploram-se, a este prop\u00f3sito, as respostas internacionais ao problema da desinforma\u00e7\u00e3o no contexto da Guerra na Ucr\u00e2nia para se focar mais detalhadamente na imposi\u00e7\u00e3o de san\u00e7\u00f5es pela Uni\u00e3o Europeia (UE) contra meios de comunica\u00e7\u00e3o social russos e o julgamento da sua legalidade por parte dos tribunais europeus no Ac\u00f3rd\u00e3o RT France (T-125\\\/22). A import\u00e2ncia deste aresto justifica um breve coment\u00e1rio. Conclui-se propondo-se uma nova leitura da liberdade de express\u00e3o face aos problemas revelados pela resposta \u00e0 desinforma\u00e7\u00e3o durante a Guerra da Ucr\u00e2nia.\",\"breadcrumb\":{\"@id\":\"https:\\\/\\\/lisbonpubliclaw.pt\\\/publicacoes\\\/a-guerra-na-ucrania-e-a-liberdade-de-expressao-no-seculo-xxi\\\/#breadcrumb\"},\"inLanguage\":\"en-US\",\"potentialAction\":[{\"@type\":\"ReadAction\",\"target\":[\"https:\\\/\\\/lisbonpubliclaw.pt\\\/publicacoes\\\/a-guerra-na-ucrania-e-a-liberdade-de-expressao-no-seculo-xxi\\\/\"]}]},{\"@type\":\"BreadcrumbList\",\"@id\":\"https:\\\/\\\/lisbonpubliclaw.pt\\\/publicacoes\\\/a-guerra-na-ucrania-e-a-liberdade-de-expressao-no-seculo-xxi\\\/#breadcrumb\",\"itemListElement\":[{\"@type\":\"ListItem\",\"position\":1,\"name\":\"Home\",\"item\":\"https:\\\/\\\/lisbonpubliclaw.pt\\\/\"},{\"@type\":\"ListItem\",\"position\":2,\"name\":\"Publica\u00e7\u00f5es\",\"item\":\"https:\\\/\\\/lisbonpubliclaw.pt\\\/publicacoes\\\/\"},{\"@type\":\"ListItem\",\"position\":3,\"name\":\"A Guerra na Ucr\u00e2nia e a liberdade de express\u00e3o no s\u00e9culo XXI\"}]},{\"@type\":\"WebSite\",\"@id\":\"https:\\\/\\\/lisbonpubliclaw.pt\\\/#website\",\"url\":\"https:\\\/\\\/lisbonpubliclaw.pt\\\/\",\"name\":\"Lisbon Public Law\",\"description\":\"Public Law Research Centre in Lisbon\",\"publisher\":{\"@id\":\"https:\\\/\\\/lisbonpubliclaw.pt\\\/#organization\"},\"potentialAction\":[{\"@type\":\"SearchAction\",\"target\":{\"@type\":\"EntryPoint\",\"urlTemplate\":\"https:\\\/\\\/lisbonpubliclaw.pt\\\/?s={search_term_string}\"},\"query-input\":{\"@type\":\"PropertyValueSpecification\",\"valueRequired\":true,\"valueName\":\"search_term_string\"}}],\"inLanguage\":\"en-US\"},{\"@type\":\"Organization\",\"@id\":\"https:\\\/\\\/lisbonpubliclaw.pt\\\/#organization\",\"name\":\"Lisbon Public Law\",\"url\":\"https:\\\/\\\/lisbonpubliclaw.pt\\\/\",\"logo\":{\"@type\":\"ImageObject\",\"inLanguage\":\"en-US\",\"@id\":\"https:\\\/\\\/lisbonpubliclaw.pt\\\/#\\\/schema\\\/logo\\\/image\\\/\",\"url\":\"https:\\\/\\\/lisbonpubliclaw.pt\\\/wp-content\\\/uploads\\\/2023\\\/06\\\/WhatsApp-Image-2023-06-19-at-11.01.50-1.jpeg\",\"contentUrl\":\"https:\\\/\\\/lisbonpubliclaw.pt\\\/wp-content\\\/uploads\\\/2023\\\/06\\\/WhatsApp-Image-2023-06-19-at-11.01.50-1.jpeg\",\"width\":354,\"height\":354,\"caption\":\"Lisbon Public Law\"},\"image\":{\"@id\":\"https:\\\/\\\/lisbonpubliclaw.pt\\\/#\\\/schema\\\/logo\\\/image\\\/\"}}]}<\/script>\n<!-- \/ Yoast SEO plugin. -->","yoast_head_json":{"title":"A Guerra na Ucr\u00e2nia e a liberdade de express\u00e3o no s\u00e9culo XXI - Lisbon Public Law","description":"No presente artigo come\u00e7a-se por tra\u00e7ar algumas considera\u00e7\u00f5es gerais sobre a liberdade de express\u00e3o e a sua import\u00e2ncia para as sociedades democr\u00e1ticas. De seguida caracteriza-se a designada \u201crevolu\u00e7\u00e3o digital\u201d e faz-se o diagn\u00f3stico dos principais problemas atuais da liberdade de express\u00e3o. Atualmente, nesse \u00e2mbito, \u00e9 preciso atender aos desafios que s\u00e3o colocados \u00e0 liberdade de express\u00e3o pela Guerra na Ucr\u00e2nia, mat\u00e9ria que \u00e9 ent\u00e3o abordada. Exploram-se, a este prop\u00f3sito, as respostas internacionais ao problema da desinforma\u00e7\u00e3o no contexto da Guerra na Ucr\u00e2nia para se focar mais detalhadamente na imposi\u00e7\u00e3o de san\u00e7\u00f5es pela Uni\u00e3o Europeia (UE) contra meios de comunica\u00e7\u00e3o social russos e o julgamento da sua legalidade por parte dos tribunais europeus no Ac\u00f3rd\u00e3o RT France (T-125\/22). A import\u00e2ncia deste aresto justifica um breve coment\u00e1rio. Conclui-se propondo-se uma nova leitura da liberdade de express\u00e3o face aos problemas revelados pela resposta \u00e0 desinforma\u00e7\u00e3o durante a Guerra da Ucr\u00e2nia.","robots":{"index":"index","follow":"follow","max-snippet":"max-snippet:-1","max-image-preview":"max-image-preview:large","max-video-preview":"max-video-preview:-1"},"canonical":"https:\/\/lisbonpubliclaw.pt\/en\/publicacoes\/a-guerra-na-ucrania-e-a-liberdade-de-expressao-no-seculo-xxi\/","og_locale":"en_US","og_type":"article","og_title":"A Guerra na Ucr\u00e2nia e a liberdade de express\u00e3o no s\u00e9culo XXI - Lisbon Public Law","og_description":"No presente artigo come\u00e7a-se por tra\u00e7ar algumas considera\u00e7\u00f5es gerais sobre a liberdade de express\u00e3o e a sua import\u00e2ncia para as sociedades democr\u00e1ticas. De seguida caracteriza-se a designada \u201crevolu\u00e7\u00e3o digital\u201d e faz-se o diagn\u00f3stico dos principais problemas atuais da liberdade de express\u00e3o. Atualmente, nesse \u00e2mbito, \u00e9 preciso atender aos desafios que s\u00e3o colocados \u00e0 liberdade de express\u00e3o pela Guerra na Ucr\u00e2nia, mat\u00e9ria que \u00e9 ent\u00e3o abordada. Exploram-se, a este prop\u00f3sito, as respostas internacionais ao problema da desinforma\u00e7\u00e3o no contexto da Guerra na Ucr\u00e2nia para se focar mais detalhadamente na imposi\u00e7\u00e3o de san\u00e7\u00f5es pela Uni\u00e3o Europeia (UE) contra meios de comunica\u00e7\u00e3o social russos e o julgamento da sua legalidade por parte dos tribunais europeus no Ac\u00f3rd\u00e3o RT France (T-125\/22). A import\u00e2ncia deste aresto justifica um breve coment\u00e1rio. Conclui-se propondo-se uma nova leitura da liberdade de express\u00e3o face aos problemas revelados pela resposta \u00e0 desinforma\u00e7\u00e3o durante a Guerra da Ucr\u00e2nia.","og_url":"https:\/\/lisbonpubliclaw.pt\/en\/publicacoes\/a-guerra-na-ucrania-e-a-liberdade-de-expressao-no-seculo-xxi\/","og_site_name":"Lisbon Public Law","article_modified_time":"2023-12-18T19:37:05+00:00","twitter_card":"summary_large_image","twitter_misc":{"Est. reading time":"1 minute"},"schema":{"@context":"https:\/\/schema.org","@graph":[{"@type":"WebPage","@id":"https:\/\/lisbonpubliclaw.pt\/publicacoes\/a-guerra-na-ucrania-e-a-liberdade-de-expressao-no-seculo-xxi\/","url":"https:\/\/lisbonpubliclaw.pt\/publicacoes\/a-guerra-na-ucrania-e-a-liberdade-de-expressao-no-seculo-xxi\/","name":"A Guerra na Ucr\u00e2nia e a liberdade de express\u00e3o no s\u00e9culo XXI - Lisbon Public Law","isPartOf":{"@id":"https:\/\/lisbonpubliclaw.pt\/#website"},"datePublished":"2023-04-18T19:36:17+00:00","dateModified":"2023-12-18T19:37:05+00:00","description":"No presente artigo come\u00e7a-se por tra\u00e7ar algumas considera\u00e7\u00f5es gerais sobre a liberdade de express\u00e3o e a sua import\u00e2ncia para as sociedades democr\u00e1ticas. De seguida caracteriza-se a designada \u201crevolu\u00e7\u00e3o digital\u201d e faz-se o diagn\u00f3stico dos principais problemas atuais da liberdade de express\u00e3o. Atualmente, nesse \u00e2mbito, \u00e9 preciso atender aos desafios que s\u00e3o colocados \u00e0 liberdade de express\u00e3o pela Guerra na Ucr\u00e2nia, mat\u00e9ria que \u00e9 ent\u00e3o abordada. Exploram-se, a este prop\u00f3sito, as respostas internacionais ao problema da desinforma\u00e7\u00e3o no contexto da Guerra na Ucr\u00e2nia para se focar mais detalhadamente na imposi\u00e7\u00e3o de san\u00e7\u00f5es pela Uni\u00e3o Europeia (UE) contra meios de comunica\u00e7\u00e3o social russos e o julgamento da sua legalidade por parte dos tribunais europeus no Ac\u00f3rd\u00e3o RT France (T-125\/22). A import\u00e2ncia deste aresto justifica um breve coment\u00e1rio. Conclui-se propondo-se uma nova leitura da liberdade de express\u00e3o face aos problemas revelados pela resposta \u00e0 desinforma\u00e7\u00e3o durante a Guerra da Ucr\u00e2nia.","breadcrumb":{"@id":"https:\/\/lisbonpubliclaw.pt\/publicacoes\/a-guerra-na-ucrania-e-a-liberdade-de-expressao-no-seculo-xxi\/#breadcrumb"},"inLanguage":"en-US","potentialAction":[{"@type":"ReadAction","target":["https:\/\/lisbonpubliclaw.pt\/publicacoes\/a-guerra-na-ucrania-e-a-liberdade-de-expressao-no-seculo-xxi\/"]}]},{"@type":"BreadcrumbList","@id":"https:\/\/lisbonpubliclaw.pt\/publicacoes\/a-guerra-na-ucrania-e-a-liberdade-de-expressao-no-seculo-xxi\/#breadcrumb","itemListElement":[{"@type":"ListItem","position":1,"name":"Home","item":"https:\/\/lisbonpubliclaw.pt\/"},{"@type":"ListItem","position":2,"name":"Publica\u00e7\u00f5es","item":"https:\/\/lisbonpubliclaw.pt\/publicacoes\/"},{"@type":"ListItem","position":3,"name":"A Guerra na Ucr\u00e2nia e a liberdade de express\u00e3o no s\u00e9culo XXI"}]},{"@type":"WebSite","@id":"https:\/\/lisbonpubliclaw.pt\/#website","url":"https:\/\/lisbonpubliclaw.pt\/","name":"Lisbon Public Law","description":"Public Law Research Centre in Lisbon","publisher":{"@id":"https:\/\/lisbonpubliclaw.pt\/#organization"},"potentialAction":[{"@type":"SearchAction","target":{"@type":"EntryPoint","urlTemplate":"https:\/\/lisbonpubliclaw.pt\/?s={search_term_string}"},"query-input":{"@type":"PropertyValueSpecification","valueRequired":true,"valueName":"search_term_string"}}],"inLanguage":"en-US"},{"@type":"Organization","@id":"https:\/\/lisbonpubliclaw.pt\/#organization","name":"Lisbon Public Law","url":"https:\/\/lisbonpubliclaw.pt\/","logo":{"@type":"ImageObject","inLanguage":"en-US","@id":"https:\/\/lisbonpubliclaw.pt\/#\/schema\/logo\/image\/","url":"https:\/\/lisbonpubliclaw.pt\/wp-content\/uploads\/2023\/06\/WhatsApp-Image-2023-06-19-at-11.01.50-1.jpeg","contentUrl":"https:\/\/lisbonpubliclaw.pt\/wp-content\/uploads\/2023\/06\/WhatsApp-Image-2023-06-19-at-11.01.50-1.jpeg","width":354,"height":354,"caption":"Lisbon Public Law"},"image":{"@id":"https:\/\/lisbonpubliclaw.pt\/#\/schema\/logo\/image\/"}}]}},"_links":{"self":[{"href":"https:\/\/lisbonpubliclaw.pt\/en\/wp-json\/wp\/v2\/publicacoes\/5510","targetHints":{"allow":["GET"]}}],"collection":[{"href":"https:\/\/lisbonpubliclaw.pt\/en\/wp-json\/wp\/v2\/publicacoes"}],"about":[{"href":"https:\/\/lisbonpubliclaw.pt\/en\/wp-json\/wp\/v2\/types\/publicacoes"}],"wp:attachment":[{"href":"https:\/\/lisbonpubliclaw.pt\/en\/wp-json\/wp\/v2\/media?parent=5510"}],"wp:term":[{"taxonomy":"cluster","embeddable":true,"href":"https:\/\/lisbonpubliclaw.pt\/en\/wp-json\/wp\/v2\/cluster?post=5510"},{"taxonomy":"categoria-da-publicacao","embeddable":true,"href":"https:\/\/lisbonpubliclaw.pt\/en\/wp-json\/wp\/v2\/categoria-da-publicacao?post=5510"},{"taxonomy":"grupo-de-investigacao","embeddable":true,"href":"https:\/\/lisbonpubliclaw.pt\/en\/wp-json\/wp\/v2\/grupo-de-investigacao?post=5510"}],"curies":[{"name":"wp","href":"https:\/\/api.w.org\/{rel}","templated":true}]}}