{"id":5322,"date":"2023-12-07T15:51:30","date_gmt":"2023-12-07T15:51:30","guid":{"rendered":"https:\/\/lisbonpubliclaw.pt\/?post_type=publicacoes&#038;p=5322"},"modified":"2023-12-15T11:32:07","modified_gmt":"2023-12-15T11:32:07","slug":"os-direitos-humanos-no-regulamento-servicos-digitais","status":"publish","type":"publicacoes","link":"https:\/\/lisbonpubliclaw.pt\/en\/publicacoes\/os-direitos-humanos-no-regulamento-servicos-digitais\/","title":{"rendered":"Os direitos humanos no Regulamento servi\u00e7os Digitais (Digital Services Act) da Uni\u00e3o Europeia"},"content":{"rendered":"","protected":false},"template":"","meta":{"imagem-da-publicacao":"https:\/\/lisbonpubliclaw.pt\/wp-content\/uploads\/2023\/12\/direito-internacional-publico-direitos-humanos-e1702639919384.png","areas-de-investigacao":"Direito Digital, Direitos Humanos","investigador-responsavel":["1753","1727","1806"],"editor-externo":"","editor":["1733"],"autores-externos":"","referencia-biografica":"FARINHO, Domingos. Os direitos humanos no Regulamento servi\u00e7os Digitais (Digital Services Act) da Uni\u00e3o Europeia in Duarte, Maria Lu\u00edsa; Gil, Ana Rita; Fidalgo de Freitas, Tiago (eds.). Direitos Humanos e Estado de Direito - Prote\u00e7\u00e3o no Quadro Europeu e Internacional, AAFDL Editora, Lisboa, 2022, pp. 267-304.","projeto-a-que-pertence":"","selecionar_o_projeto_a_que_pertence":[],"titulo-do-livro-revista":" Direitos Humanos e Estado de Direito \u2013 protec\u00e7\u00e3o no quadro europeu e internacional","ano":"2022","isbn":"978-972-6298-33-5","editora":"AAFDL Editora","link-para-download":"https:\/\/www.almedina.net\/direitos-humanos-e-estado-de-direito-prote-o-no-quadro-europeu-e-internacional-1671468402.html"},"cluster":[48],"categoria-da-publicacao":[24],"grupo-de-investigacao":[11,10,12],"class_list":["post-5322","publicacoes","type-publicacoes","status-publish","has-post-thumbnail","hentry","cluster-lisbon-digital-rights","categoria-da-publicacao-capitulo-de-livro","grupo-de-investigacao-direito-administrativo","grupo-de-investigacao-direito-constitucional-e-ciencia-politica","grupo-de-investigacao-direito-internacional-e-europeu"],"yoast_head":"<!-- This site is optimized with the Yoast SEO plugin v27.5 - https:\/\/yoast.com\/product\/yoast-seo-wordpress\/ -->\n<title>FARINHO, Domingos. Digital Services Act<\/title>\n<meta name=\"description\" content=\"FARINHO, Domingos. Os direitos humanos no Regulamento servi\u00e7os Digitais (Digital Services Act) da Uni\u00e3o Europeia in Duarte, Maria Lu\u00edsa; Gil, Ana Rita; Fidalgo de Freitas, Tiago (eds.). Direitos Humanos e Estado de Direito - Prote\u00e7\u00e3o no Quadro Europeu e Internacional, AAFDL Editora, Lisboa, 2022, pp. 267-304.\" \/>\n<meta name=\"robots\" content=\"index, follow, max-snippet:-1, max-image-preview:large, max-video-preview:-1\" \/>\n<link rel=\"canonical\" href=\"https:\/\/lisbonpubliclaw.pt\/en\/publicacoes\/os-direitos-humanos-no-regulamento-servicos-digitais\/\" \/>\n<meta property=\"og:locale\" content=\"en_US\" \/>\n<meta property=\"og:type\" content=\"article\" \/>\n<meta property=\"og:title\" content=\"Direitos Humanos e Estado de Direito \u2013 Prote\u00e7\u00e3o no Quadro Europeu e Internacional\" \/>\n<meta property=\"og:description\" content=\"Os estudos recolhidos nesta obra colectiva reflectem , sob diferentes abordagens , o desenvolvimento da ideia de usar a lente do Estado de direito para focar e fotografar o quadro jur\u00eddico europeu e internacional relativo \u00e0 protec\u00e7\u00e3o dos direitos humanos. No centro da fotografia, como no superlativo desenho de Leonardo da Vinci, est\u00e1 o Homem \u2013 refer\u00eancia e destinat\u00e1rio da norma garantidora.\" \/>\n<meta property=\"og:url\" content=\"https:\/\/lisbonpubliclaw.pt\/en\/publicacoes\/os-direitos-humanos-no-regulamento-servicos-digitais\/\" \/>\n<meta property=\"og:site_name\" content=\"Lisbon Public Law\" \/>\n<meta property=\"article:modified_time\" content=\"2023-12-15T11:32:07+00:00\" \/>\n<meta property=\"og:image\" content=\"https:\/\/lisbonpubliclaw.pt\/wp-content\/uploads\/2023\/06\/direitoshumanosestadodireito-e1701969738732.png\" \/>\n\t<meta property=\"og:image:width\" content=\"616\" \/>\n\t<meta property=\"og:image:height\" content=\"870\" \/>\n\t<meta property=\"og:image:type\" content=\"image\/png\" \/>\n<meta name=\"twitter:card\" content=\"summary_large_image\" \/>\n<meta name=\"twitter:title\" content=\"Direitos Humanos e Estado de Direito \u2013 Prote\u00e7\u00e3o no Quadro Europeu e Internacional\" \/>\n<meta name=\"twitter:description\" content=\"Os estudos recolhidos nesta obra colectiva reflectem , sob diferentes abordagens , o desenvolvimento da ideia de usar a lente do Estado de direito para focar e fotografar o quadro jur\u00eddico europeu e internacional relativo \u00e0 protec\u00e7\u00e3o dos direitos humanos. No centro da fotografia, como no superlativo desenho de Leonardo da Vinci, est\u00e1 o Homem \u2013 refer\u00eancia e destinat\u00e1rio da norma garantidora.\" \/>\n<meta name=\"twitter:image\" content=\"https:\/\/lisbonpubliclaw.pt\/wp-content\/uploads\/2023\/06\/direitoshumanosestadodireito-e1701969738732.png\" \/>\n<script type=\"application\/ld+json\" class=\"yoast-schema-graph\">{\"@context\":\"https:\\\/\\\/schema.org\",\"@graph\":[{\"@type\":\"WebPage\",\"@id\":\"https:\\\/\\\/lisbonpubliclaw.pt\\\/publicacoes\\\/os-direitos-humanos-no-regulamento-servicos-digitais\\\/\",\"url\":\"https:\\\/\\\/lisbonpubliclaw.pt\\\/publicacoes\\\/os-direitos-humanos-no-regulamento-servicos-digitais\\\/\",\"name\":\"FARINHO, Domingos. Digital Services Act\",\"isPartOf\":{\"@id\":\"https:\\\/\\\/lisbonpubliclaw.pt\\\/#website\"},\"primaryImageOfPage\":{\"@id\":\"https:\\\/\\\/lisbonpubliclaw.pt\\\/publicacoes\\\/os-direitos-humanos-no-regulamento-servicos-digitais\\\/#primaryimage\"},\"image\":{\"@id\":\"https:\\\/\\\/lisbonpubliclaw.pt\\\/publicacoes\\\/os-direitos-humanos-no-regulamento-servicos-digitais\\\/#primaryimage\"},\"thumbnailUrl\":\"https:\\\/\\\/lisbonpubliclaw.pt\\\/wp-content\\\/uploads\\\/2023\\\/06\\\/direitoshumanosestadodireito-e1701969738732.png\",\"datePublished\":\"2023-12-07T15:51:30+00:00\",\"dateModified\":\"2023-12-15T11:32:07+00:00\",\"description\":\"FARINHO, Domingos. Os direitos humanos no Regulamento servi\u00e7os Digitais (Digital Services Act) da Uni\u00e3o Europeia in Duarte, Maria Lu\u00edsa; Gil, Ana Rita; Fidalgo de Freitas, Tiago (eds.). Direitos Humanos e Estado de Direito - Prote\u00e7\u00e3o no Quadro Europeu e Internacional, AAFDL Editora, Lisboa, 2022, pp. 267-304.\",\"breadcrumb\":{\"@id\":\"https:\\\/\\\/lisbonpubliclaw.pt\\\/publicacoes\\\/os-direitos-humanos-no-regulamento-servicos-digitais\\\/#breadcrumb\"},\"inLanguage\":\"en-US\",\"potentialAction\":[{\"@type\":\"ReadAction\",\"target\":[\"https:\\\/\\\/lisbonpubliclaw.pt\\\/publicacoes\\\/os-direitos-humanos-no-regulamento-servicos-digitais\\\/\"]}]},{\"@type\":\"ImageObject\",\"inLanguage\":\"en-US\",\"@id\":\"https:\\\/\\\/lisbonpubliclaw.pt\\\/publicacoes\\\/os-direitos-humanos-no-regulamento-servicos-digitais\\\/#primaryimage\",\"url\":\"https:\\\/\\\/lisbonpubliclaw.pt\\\/wp-content\\\/uploads\\\/2023\\\/06\\\/direitoshumanosestadodireito-e1701969738732.png\",\"contentUrl\":\"https:\\\/\\\/lisbonpubliclaw.pt\\\/wp-content\\\/uploads\\\/2023\\\/06\\\/direitoshumanosestadodireito-e1701969738732.png\",\"width\":616,\"height\":870},{\"@type\":\"BreadcrumbList\",\"@id\":\"https:\\\/\\\/lisbonpubliclaw.pt\\\/publicacoes\\\/os-direitos-humanos-no-regulamento-servicos-digitais\\\/#breadcrumb\",\"itemListElement\":[{\"@type\":\"ListItem\",\"position\":1,\"name\":\"Home\",\"item\":\"https:\\\/\\\/lisbonpubliclaw.pt\\\/\"},{\"@type\":\"ListItem\",\"position\":2,\"name\":\"Publica\u00e7\u00f5es\",\"item\":\"https:\\\/\\\/lisbonpubliclaw.pt\\\/publicacoes\\\/\"},{\"@type\":\"ListItem\",\"position\":3,\"name\":\"Os direitos humanos no Regulamento servi\u00e7os Digitais (Digital Services Act) da Uni\u00e3o Europeia\"}]},{\"@type\":\"WebSite\",\"@id\":\"https:\\\/\\\/lisbonpubliclaw.pt\\\/#website\",\"url\":\"https:\\\/\\\/lisbonpubliclaw.pt\\\/\",\"name\":\"Lisbon Public Law\",\"description\":\"Public Law Research Centre in Lisbon\",\"publisher\":{\"@id\":\"https:\\\/\\\/lisbonpubliclaw.pt\\\/#organization\"},\"potentialAction\":[{\"@type\":\"SearchAction\",\"target\":{\"@type\":\"EntryPoint\",\"urlTemplate\":\"https:\\\/\\\/lisbonpubliclaw.pt\\\/?s={search_term_string}\"},\"query-input\":{\"@type\":\"PropertyValueSpecification\",\"valueRequired\":true,\"valueName\":\"search_term_string\"}}],\"inLanguage\":\"en-US\"},{\"@type\":\"Organization\",\"@id\":\"https:\\\/\\\/lisbonpubliclaw.pt\\\/#organization\",\"name\":\"Lisbon Public Law\",\"url\":\"https:\\\/\\\/lisbonpubliclaw.pt\\\/\",\"logo\":{\"@type\":\"ImageObject\",\"inLanguage\":\"en-US\",\"@id\":\"https:\\\/\\\/lisbonpubliclaw.pt\\\/#\\\/schema\\\/logo\\\/image\\\/\",\"url\":\"https:\\\/\\\/lisbonpubliclaw.pt\\\/wp-content\\\/uploads\\\/2023\\\/06\\\/WhatsApp-Image-2023-06-19-at-11.01.50-1.jpeg\",\"contentUrl\":\"https:\\\/\\\/lisbonpubliclaw.pt\\\/wp-content\\\/uploads\\\/2023\\\/06\\\/WhatsApp-Image-2023-06-19-at-11.01.50-1.jpeg\",\"width\":354,\"height\":354,\"caption\":\"Lisbon Public Law\"},\"image\":{\"@id\":\"https:\\\/\\\/lisbonpubliclaw.pt\\\/#\\\/schema\\\/logo\\\/image\\\/\"}}]}<\/script>\n<!-- \/ Yoast SEO plugin. -->","yoast_head_json":{"title":"FARINHO, Domingos. Digital Services Act","description":"FARINHO, Domingos. Os direitos humanos no Regulamento servi\u00e7os Digitais (Digital Services Act) da Uni\u00e3o Europeia in Duarte, Maria Lu\u00edsa; Gil, Ana Rita; Fidalgo de Freitas, Tiago (eds.). Direitos Humanos e Estado de Direito - Prote\u00e7\u00e3o no Quadro Europeu e Internacional, AAFDL Editora, Lisboa, 2022, pp. 267-304.","robots":{"index":"index","follow":"follow","max-snippet":"max-snippet:-1","max-image-preview":"max-image-preview:large","max-video-preview":"max-video-preview:-1"},"canonical":"https:\/\/lisbonpubliclaw.pt\/en\/publicacoes\/os-direitos-humanos-no-regulamento-servicos-digitais\/","og_locale":"en_US","og_type":"article","og_title":"Direitos Humanos e Estado de Direito \u2013 Prote\u00e7\u00e3o no Quadro Europeu e Internacional","og_description":"Os estudos recolhidos nesta obra colectiva reflectem , sob diferentes abordagens , o desenvolvimento da ideia de usar a lente do Estado de direito para focar e fotografar o quadro jur\u00eddico europeu e internacional relativo \u00e0 protec\u00e7\u00e3o dos direitos humanos. No centro da fotografia, como no superlativo desenho de Leonardo da Vinci, est\u00e1 o Homem \u2013 refer\u00eancia e destinat\u00e1rio da norma garantidora.","og_url":"https:\/\/lisbonpubliclaw.pt\/en\/publicacoes\/os-direitos-humanos-no-regulamento-servicos-digitais\/","og_site_name":"Lisbon Public Law","article_modified_time":"2023-12-15T11:32:07+00:00","og_image":[{"width":616,"height":870,"url":"https:\/\/lisbonpubliclaw.pt\/wp-content\/uploads\/2023\/06\/direitoshumanosestadodireito-e1701969738732.png","type":"image\/png"}],"twitter_card":"summary_large_image","twitter_title":"Direitos Humanos e Estado de Direito \u2013 Prote\u00e7\u00e3o no Quadro Europeu e Internacional","twitter_description":"Os estudos recolhidos nesta obra colectiva reflectem , sob diferentes abordagens , o desenvolvimento da ideia de usar a lente do Estado de direito para focar e fotografar o quadro jur\u00eddico europeu e internacional relativo \u00e0 protec\u00e7\u00e3o dos direitos humanos. No centro da fotografia, como no superlativo desenho de Leonardo da Vinci, est\u00e1 o Homem \u2013 refer\u00eancia e destinat\u00e1rio da norma garantidora.","twitter_image":"https:\/\/lisbonpubliclaw.pt\/wp-content\/uploads\/2023\/06\/direitoshumanosestadodireito-e1701969738732.png","schema":{"@context":"https:\/\/schema.org","@graph":[{"@type":"WebPage","@id":"https:\/\/lisbonpubliclaw.pt\/publicacoes\/os-direitos-humanos-no-regulamento-servicos-digitais\/","url":"https:\/\/lisbonpubliclaw.pt\/publicacoes\/os-direitos-humanos-no-regulamento-servicos-digitais\/","name":"FARINHO, Domingos. Digital Services Act","isPartOf":{"@id":"https:\/\/lisbonpubliclaw.pt\/#website"},"primaryImageOfPage":{"@id":"https:\/\/lisbonpubliclaw.pt\/publicacoes\/os-direitos-humanos-no-regulamento-servicos-digitais\/#primaryimage"},"image":{"@id":"https:\/\/lisbonpubliclaw.pt\/publicacoes\/os-direitos-humanos-no-regulamento-servicos-digitais\/#primaryimage"},"thumbnailUrl":"https:\/\/lisbonpubliclaw.pt\/wp-content\/uploads\/2023\/06\/direitoshumanosestadodireito-e1701969738732.png","datePublished":"2023-12-07T15:51:30+00:00","dateModified":"2023-12-15T11:32:07+00:00","description":"FARINHO, Domingos. Os direitos humanos no Regulamento servi\u00e7os Digitais (Digital Services Act) da Uni\u00e3o Europeia in Duarte, Maria Lu\u00edsa; Gil, Ana Rita; Fidalgo de Freitas, Tiago (eds.). Direitos Humanos e Estado de Direito - Prote\u00e7\u00e3o no Quadro Europeu e Internacional, AAFDL Editora, Lisboa, 2022, pp. 267-304.","breadcrumb":{"@id":"https:\/\/lisbonpubliclaw.pt\/publicacoes\/os-direitos-humanos-no-regulamento-servicos-digitais\/#breadcrumb"},"inLanguage":"en-US","potentialAction":[{"@type":"ReadAction","target":["https:\/\/lisbonpubliclaw.pt\/publicacoes\/os-direitos-humanos-no-regulamento-servicos-digitais\/"]}]},{"@type":"ImageObject","inLanguage":"en-US","@id":"https:\/\/lisbonpubliclaw.pt\/publicacoes\/os-direitos-humanos-no-regulamento-servicos-digitais\/#primaryimage","url":"https:\/\/lisbonpubliclaw.pt\/wp-content\/uploads\/2023\/06\/direitoshumanosestadodireito-e1701969738732.png","contentUrl":"https:\/\/lisbonpubliclaw.pt\/wp-content\/uploads\/2023\/06\/direitoshumanosestadodireito-e1701969738732.png","width":616,"height":870},{"@type":"BreadcrumbList","@id":"https:\/\/lisbonpubliclaw.pt\/publicacoes\/os-direitos-humanos-no-regulamento-servicos-digitais\/#breadcrumb","itemListElement":[{"@type":"ListItem","position":1,"name":"Home","item":"https:\/\/lisbonpubliclaw.pt\/"},{"@type":"ListItem","position":2,"name":"Publica\u00e7\u00f5es","item":"https:\/\/lisbonpubliclaw.pt\/publicacoes\/"},{"@type":"ListItem","position":3,"name":"Os direitos humanos no Regulamento servi\u00e7os Digitais (Digital Services Act) da Uni\u00e3o Europeia"}]},{"@type":"WebSite","@id":"https:\/\/lisbonpubliclaw.pt\/#website","url":"https:\/\/lisbonpubliclaw.pt\/","name":"Lisbon Public Law","description":"Public Law Research Centre in Lisbon","publisher":{"@id":"https:\/\/lisbonpubliclaw.pt\/#organization"},"potentialAction":[{"@type":"SearchAction","target":{"@type":"EntryPoint","urlTemplate":"https:\/\/lisbonpubliclaw.pt\/?s={search_term_string}"},"query-input":{"@type":"PropertyValueSpecification","valueRequired":true,"valueName":"search_term_string"}}],"inLanguage":"en-US"},{"@type":"Organization","@id":"https:\/\/lisbonpubliclaw.pt\/#organization","name":"Lisbon Public Law","url":"https:\/\/lisbonpubliclaw.pt\/","logo":{"@type":"ImageObject","inLanguage":"en-US","@id":"https:\/\/lisbonpubliclaw.pt\/#\/schema\/logo\/image\/","url":"https:\/\/lisbonpubliclaw.pt\/wp-content\/uploads\/2023\/06\/WhatsApp-Image-2023-06-19-at-11.01.50-1.jpeg","contentUrl":"https:\/\/lisbonpubliclaw.pt\/wp-content\/uploads\/2023\/06\/WhatsApp-Image-2023-06-19-at-11.01.50-1.jpeg","width":354,"height":354,"caption":"Lisbon Public Law"},"image":{"@id":"https:\/\/lisbonpubliclaw.pt\/#\/schema\/logo\/image\/"}}]}},"_links":{"self":[{"href":"https:\/\/lisbonpubliclaw.pt\/en\/wp-json\/wp\/v2\/publicacoes\/5322","targetHints":{"allow":["GET"]}}],"collection":[{"href":"https:\/\/lisbonpubliclaw.pt\/en\/wp-json\/wp\/v2\/publicacoes"}],"about":[{"href":"https:\/\/lisbonpubliclaw.pt\/en\/wp-json\/wp\/v2\/types\/publicacoes"}],"wp:featuredmedia":[{"embeddable":true,"href":"https:\/\/lisbonpubliclaw.pt\/en\/wp-json\/wp\/v2\/media\/2393"}],"wp:attachment":[{"href":"https:\/\/lisbonpubliclaw.pt\/en\/wp-json\/wp\/v2\/media?parent=5322"}],"wp:term":[{"taxonomy":"cluster","embeddable":true,"href":"https:\/\/lisbonpubliclaw.pt\/en\/wp-json\/wp\/v2\/cluster?post=5322"},{"taxonomy":"categoria-da-publicacao","embeddable":true,"href":"https:\/\/lisbonpubliclaw.pt\/en\/wp-json\/wp\/v2\/categoria-da-publicacao?post=5322"},{"taxonomy":"grupo-de-investigacao","embeddable":true,"href":"https:\/\/lisbonpubliclaw.pt\/en\/wp-json\/wp\/v2\/grupo-de-investigacao?post=5322"}],"curies":[{"name":"wp","href":"https:\/\/api.w.org\/{rel}","templated":true}]}}