{"id":11194,"date":"2026-01-09T12:44:22","date_gmt":"2026-01-09T12:44:22","guid":{"rendered":"https:\/\/lisbonpubliclaw.pt\/?post_type=publicacoes&#038;p=11194"},"modified":"2026-01-09T12:44:26","modified_gmt":"2026-01-09T12:44:26","slug":"liberdade-de-expressao-e-comunicacoes-comerciais","status":"publish","type":"publicacoes","link":"https:\/\/lisbonpubliclaw.pt\/en\/publicacoes\/liberdade-de-expressao-e-comunicacoes-comerciais\/","title":{"rendered":"Liberdade de Express\u00e3o e Comunica\u00e7\u00f5es Comerciais"},"content":{"rendered":"<p>A liberdade de express\u00e3o n\u00e3o vive apenas na pol\u00edtica, na arte ou nos media \u2013 tamb\u00e9m o mercado foi e \u00e9 hoje um espa\u00e7o de comunica\u00e7\u00e3o. Este livro prop\u00f5e uma nova leitura da liberdade de express\u00e3o na esfera econ\u00f3mica, mostrando como as comunica\u00e7\u00f5es comerciais, inclusive nos mercados digitais, participam na forma\u00e7\u00e3o da opini\u00e3o, do debate p\u00fablico e da escolha livre e competente.<br>Com base numa constru\u00e7\u00e3o te\u00f3rica em v\u00e1rios n\u00edveis contextuais, o autor desenvolve os princ\u00edpios de um conceito de comunica\u00e7\u00e3o comercial protegida, distinguindo entre contextos p\u00fablicos e impessoais, onde o discurso integra o \u00e2mbito da liberdade de express\u00e3o, e contextos de confian\u00e7a pessoal, a respeito dos quais prevalecem deveres fiduci\u00e1rios. Defende que o grau de prote\u00e7\u00e3o da liberdade comunicativa deve variar conforme o valor que a comunica\u00e7\u00e3o realiza \u2013 seja o discurso p\u00fablico, a autodetermina\u00e7\u00e3o econ\u00f3mica ou a compet\u00eancia do consumidor \u2013 e demonstra que o discurso na esfera econ\u00f3mica abrange uma pluralidade de vozes: empresas, associa\u00e7\u00f5es, consumidores e indiv\u00edduos que participam numa ordem comunicativa aberta e interligada.<br>Num tempo em que a economia digital transforma profundamente as comunica\u00e7\u00f5es comerciais, este livro oferece uma reflex\u00e3o atual sobre a intersec\u00e7\u00e3o entre liberdade, mercado, comunica\u00e7\u00e3o e tecnologia. Uma leitura que interessar\u00e1 a quem procura compreender como, tamb\u00e9m no espa\u00e7o econ\u00f3mico, a express\u00e3o e a informa\u00e7\u00e3o s\u00e3o condi\u00e7\u00f5es estruturantes de um mercado livre e transparente.<\/p>","protected":false},"template":"","meta":{"imagem-da-publicacao":"https:\/\/lisbonpubliclaw.pt\/wp-content\/uploads\/2026\/01\/pedro_lomba_Publicacoes.png","areas-de-investigacao":"","investigador-responsavel":[],"editor-externo":"","editor":["1758"],"autores-externos":"","referencia-biografica":"","projeto-a-que-pertence":"","selecionar_o_projeto_a_que_pertence":[],"titulo-do-livro-revista":"","ano":"2025","isbn":"9789899319011","editora":"Gestlegal","link-para-download":"https:\/\/gestlegal.pt\/catalogo\/monografias\/liberdade-de-expressao-e-comunicacoes-comerciais\/"},"cluster":[],"categoria-da-publicacao":[23],"grupo-de-investigacao":[10],"class_list":["post-11194","publicacoes","type-publicacoes","status-publish","hentry","categoria-da-publicacao-livro","grupo-de-investigacao-direito-constitucional-e-ciencia-politica"],"yoast_head":"<!-- This site is optimized with the Yoast SEO plugin v27.5 - https:\/\/yoast.com\/product\/yoast-seo-wordpress\/ -->\n<title>Liberdade de Express\u00e3o e Comunica\u00e7\u00f5es Comerciais<\/title>\n<meta name=\"robots\" content=\"index, follow, max-snippet:-1, max-image-preview:large, max-video-preview:-1\" \/>\n<link rel=\"canonical\" href=\"https:\/\/lisbonpubliclaw.pt\/en\/publicacoes\/liberdade-de-expressao-e-comunicacoes-comerciais\/\" \/>\n<meta property=\"og:locale\" content=\"en_US\" \/>\n<meta property=\"og:type\" content=\"article\" \/>\n<meta property=\"og:title\" content=\"Liberdade de Express\u00e3o e Comunica\u00e7\u00f5es Comerciais\" \/>\n<meta property=\"og:description\" content=\"A liberdade de express\u00e3o n\u00e3o vive apenas na pol\u00edtica, na arte ou nos media \u2013 tamb\u00e9m o mercado foi e \u00e9 hoje um espa\u00e7o de comunica\u00e7\u00e3o. Este livro prop\u00f5e uma nova leitura da liberdade de express\u00e3o na esfera econ\u00f3mica, mostrando como as comunica\u00e7\u00f5es comerciais, inclusive nos mercados digitais, participam na forma\u00e7\u00e3o da opini\u00e3o, do debate [&hellip;]\" \/>\n<meta property=\"og:url\" content=\"https:\/\/lisbonpubliclaw.pt\/en\/publicacoes\/liberdade-de-expressao-e-comunicacoes-comerciais\/\" \/>\n<meta property=\"og:site_name\" content=\"Lisbon Public Law\" \/>\n<meta property=\"article:modified_time\" content=\"2026-01-09T12:44:26+00:00\" \/>\n<meta name=\"twitter:card\" content=\"summary_large_image\" \/>\n<meta name=\"twitter:label1\" content=\"Est. reading time\" \/>\n\t<meta name=\"twitter:data1\" content=\"2 minutes\" \/>\n<script type=\"application\/ld+json\" class=\"yoast-schema-graph\">{\"@context\":\"https:\\\/\\\/schema.org\",\"@graph\":[{\"@type\":\"WebPage\",\"@id\":\"https:\\\/\\\/lisbonpubliclaw.pt\\\/publicacoes\\\/liberdade-de-expressao-e-comunicacoes-comerciais\\\/\",\"url\":\"https:\\\/\\\/lisbonpubliclaw.pt\\\/publicacoes\\\/liberdade-de-expressao-e-comunicacoes-comerciais\\\/\",\"name\":\"Liberdade de Express\u00e3o e Comunica\u00e7\u00f5es Comerciais\",\"isPartOf\":{\"@id\":\"https:\\\/\\\/lisbonpubliclaw.pt\\\/#website\"},\"datePublished\":\"2026-01-09T12:44:22+00:00\",\"dateModified\":\"2026-01-09T12:44:26+00:00\",\"breadcrumb\":{\"@id\":\"https:\\\/\\\/lisbonpubliclaw.pt\\\/publicacoes\\\/liberdade-de-expressao-e-comunicacoes-comerciais\\\/#breadcrumb\"},\"inLanguage\":\"en-US\",\"potentialAction\":[{\"@type\":\"ReadAction\",\"target\":[\"https:\\\/\\\/lisbonpubliclaw.pt\\\/publicacoes\\\/liberdade-de-expressao-e-comunicacoes-comerciais\\\/\"]}]},{\"@type\":\"BreadcrumbList\",\"@id\":\"https:\\\/\\\/lisbonpubliclaw.pt\\\/publicacoes\\\/liberdade-de-expressao-e-comunicacoes-comerciais\\\/#breadcrumb\",\"itemListElement\":[{\"@type\":\"ListItem\",\"position\":1,\"name\":\"Home\",\"item\":\"https:\\\/\\\/lisbonpubliclaw.pt\\\/\"},{\"@type\":\"ListItem\",\"position\":2,\"name\":\"Publica\u00e7\u00f5es\",\"item\":\"https:\\\/\\\/lisbonpubliclaw.pt\\\/publicacoes\\\/\"},{\"@type\":\"ListItem\",\"position\":3,\"name\":\"Liberdade de Express\u00e3o e Comunica\u00e7\u00f5es Comerciais\"}]},{\"@type\":\"WebSite\",\"@id\":\"https:\\\/\\\/lisbonpubliclaw.pt\\\/#website\",\"url\":\"https:\\\/\\\/lisbonpubliclaw.pt\\\/\",\"name\":\"Lisbon Public Law\",\"description\":\"Public Law Research Centre in Lisbon\",\"publisher\":{\"@id\":\"https:\\\/\\\/lisbonpubliclaw.pt\\\/#organization\"},\"potentialAction\":[{\"@type\":\"SearchAction\",\"target\":{\"@type\":\"EntryPoint\",\"urlTemplate\":\"https:\\\/\\\/lisbonpubliclaw.pt\\\/?s={search_term_string}\"},\"query-input\":{\"@type\":\"PropertyValueSpecification\",\"valueRequired\":true,\"valueName\":\"search_term_string\"}}],\"inLanguage\":\"en-US\"},{\"@type\":\"Organization\",\"@id\":\"https:\\\/\\\/lisbonpubliclaw.pt\\\/#organization\",\"name\":\"Lisbon Public Law\",\"url\":\"https:\\\/\\\/lisbonpubliclaw.pt\\\/\",\"logo\":{\"@type\":\"ImageObject\",\"inLanguage\":\"en-US\",\"@id\":\"https:\\\/\\\/lisbonpubliclaw.pt\\\/#\\\/schema\\\/logo\\\/image\\\/\",\"url\":\"https:\\\/\\\/lisbonpubliclaw.pt\\\/wp-content\\\/uploads\\\/2023\\\/06\\\/WhatsApp-Image-2023-06-19-at-11.01.50-1.jpeg\",\"contentUrl\":\"https:\\\/\\\/lisbonpubliclaw.pt\\\/wp-content\\\/uploads\\\/2023\\\/06\\\/WhatsApp-Image-2023-06-19-at-11.01.50-1.jpeg\",\"width\":354,\"height\":354,\"caption\":\"Lisbon Public Law\"},\"image\":{\"@id\":\"https:\\\/\\\/lisbonpubliclaw.pt\\\/#\\\/schema\\\/logo\\\/image\\\/\"}}]}<\/script>\n<!-- \/ Yoast SEO plugin. -->","yoast_head_json":{"title":"Liberdade de Express\u00e3o e Comunica\u00e7\u00f5es Comerciais","robots":{"index":"index","follow":"follow","max-snippet":"max-snippet:-1","max-image-preview":"max-image-preview:large","max-video-preview":"max-video-preview:-1"},"canonical":"https:\/\/lisbonpubliclaw.pt\/en\/publicacoes\/liberdade-de-expressao-e-comunicacoes-comerciais\/","og_locale":"en_US","og_type":"article","og_title":"Liberdade de Express\u00e3o e Comunica\u00e7\u00f5es Comerciais","og_description":"A liberdade de express\u00e3o n\u00e3o vive apenas na pol\u00edtica, na arte ou nos media \u2013 tamb\u00e9m o mercado foi e \u00e9 hoje um espa\u00e7o de comunica\u00e7\u00e3o. Este livro prop\u00f5e uma nova leitura da liberdade de express\u00e3o na esfera econ\u00f3mica, mostrando como as comunica\u00e7\u00f5es comerciais, inclusive nos mercados digitais, participam na forma\u00e7\u00e3o da opini\u00e3o, do debate [&hellip;]","og_url":"https:\/\/lisbonpubliclaw.pt\/en\/publicacoes\/liberdade-de-expressao-e-comunicacoes-comerciais\/","og_site_name":"Lisbon Public Law","article_modified_time":"2026-01-09T12:44:26+00:00","twitter_card":"summary_large_image","twitter_misc":{"Est. reading time":"2 minutes"},"schema":{"@context":"https:\/\/schema.org","@graph":[{"@type":"WebPage","@id":"https:\/\/lisbonpubliclaw.pt\/publicacoes\/liberdade-de-expressao-e-comunicacoes-comerciais\/","url":"https:\/\/lisbonpubliclaw.pt\/publicacoes\/liberdade-de-expressao-e-comunicacoes-comerciais\/","name":"Liberdade de Express\u00e3o e Comunica\u00e7\u00f5es Comerciais","isPartOf":{"@id":"https:\/\/lisbonpubliclaw.pt\/#website"},"datePublished":"2026-01-09T12:44:22+00:00","dateModified":"2026-01-09T12:44:26+00:00","breadcrumb":{"@id":"https:\/\/lisbonpubliclaw.pt\/publicacoes\/liberdade-de-expressao-e-comunicacoes-comerciais\/#breadcrumb"},"inLanguage":"en-US","potentialAction":[{"@type":"ReadAction","target":["https:\/\/lisbonpubliclaw.pt\/publicacoes\/liberdade-de-expressao-e-comunicacoes-comerciais\/"]}]},{"@type":"BreadcrumbList","@id":"https:\/\/lisbonpubliclaw.pt\/publicacoes\/liberdade-de-expressao-e-comunicacoes-comerciais\/#breadcrumb","itemListElement":[{"@type":"ListItem","position":1,"name":"Home","item":"https:\/\/lisbonpubliclaw.pt\/"},{"@type":"ListItem","position":2,"name":"Publica\u00e7\u00f5es","item":"https:\/\/lisbonpubliclaw.pt\/publicacoes\/"},{"@type":"ListItem","position":3,"name":"Liberdade de Express\u00e3o e Comunica\u00e7\u00f5es Comerciais"}]},{"@type":"WebSite","@id":"https:\/\/lisbonpubliclaw.pt\/#website","url":"https:\/\/lisbonpubliclaw.pt\/","name":"Lisbon Public Law","description":"Public Law Research Centre in Lisbon","publisher":{"@id":"https:\/\/lisbonpubliclaw.pt\/#organization"},"potentialAction":[{"@type":"SearchAction","target":{"@type":"EntryPoint","urlTemplate":"https:\/\/lisbonpubliclaw.pt\/?s={search_term_string}"},"query-input":{"@type":"PropertyValueSpecification","valueRequired":true,"valueName":"search_term_string"}}],"inLanguage":"en-US"},{"@type":"Organization","@id":"https:\/\/lisbonpubliclaw.pt\/#organization","name":"Lisbon Public Law","url":"https:\/\/lisbonpubliclaw.pt\/","logo":{"@type":"ImageObject","inLanguage":"en-US","@id":"https:\/\/lisbonpubliclaw.pt\/#\/schema\/logo\/image\/","url":"https:\/\/lisbonpubliclaw.pt\/wp-content\/uploads\/2023\/06\/WhatsApp-Image-2023-06-19-at-11.01.50-1.jpeg","contentUrl":"https:\/\/lisbonpubliclaw.pt\/wp-content\/uploads\/2023\/06\/WhatsApp-Image-2023-06-19-at-11.01.50-1.jpeg","width":354,"height":354,"caption":"Lisbon Public Law"},"image":{"@id":"https:\/\/lisbonpubliclaw.pt\/#\/schema\/logo\/image\/"}}]}},"_links":{"self":[{"href":"https:\/\/lisbonpubliclaw.pt\/en\/wp-json\/wp\/v2\/publicacoes\/11194","targetHints":{"allow":["GET"]}}],"collection":[{"href":"https:\/\/lisbonpubliclaw.pt\/en\/wp-json\/wp\/v2\/publicacoes"}],"about":[{"href":"https:\/\/lisbonpubliclaw.pt\/en\/wp-json\/wp\/v2\/types\/publicacoes"}],"wp:attachment":[{"href":"https:\/\/lisbonpubliclaw.pt\/en\/wp-json\/wp\/v2\/media?parent=11194"}],"wp:term":[{"taxonomy":"cluster","embeddable":true,"href":"https:\/\/lisbonpubliclaw.pt\/en\/wp-json\/wp\/v2\/cluster?post=11194"},{"taxonomy":"categoria-da-publicacao","embeddable":true,"href":"https:\/\/lisbonpubliclaw.pt\/en\/wp-json\/wp\/v2\/categoria-da-publicacao?post=11194"},{"taxonomy":"grupo-de-investigacao","embeddable":true,"href":"https:\/\/lisbonpubliclaw.pt\/en\/wp-json\/wp\/v2\/grupo-de-investigacao?post=11194"}],"curies":[{"name":"wp","href":"https:\/\/api.w.org\/{rel}","templated":true}]}}