{"id":7555,"date":"2025-02-06T10:39:07","date_gmt":"2025-02-06T10:39:07","guid":{"rendered":"https:\/\/lisbonpubliclaw.pt\/?page_id=7555"},"modified":"2025-06-05T08:48:37","modified_gmt":"2025-06-05T08:48:37","slug":"programa-water-waste-lisbon","status":"publish","type":"page","link":"https:\/\/lisbonpubliclaw.pt\/en\/waterwastelisbon\/programa-water-waste-lisbon\/","title":{"rendered":"Programme"},"content":{"rendered":"<div data-elementor-type=\"wp-page\" data-elementor-id=\"7555\" class=\"elementor elementor-7555\" data-elementor-post-type=\"page\">\n\t\t\t\t<div class=\"elementor-element elementor-element-d045526 e-con-full e-flex e-con e-parent\" data-id=\"d045526\" data-element_type=\"container\" data-settings=\"{&quot;jet_parallax_layout_list&quot;:[]}\">\n\t\t<div class=\"elementor-element elementor-element-6edb941 e-con-full e-flex e-con e-child\" data-id=\"6edb941\" data-element_type=\"container\" data-settings=\"{&quot;jet_parallax_layout_list&quot;:[]}\">\n\t\t\t\t<div class=\"elementor-element elementor-element-748f835 elementor-widget elementor-widget-shortcode\" data-id=\"748f835\" data-element_type=\"widget\" data-widget_type=\"shortcode.default\">\n\t\t\t\t<div class=\"elementor-widget-container\">\n\t\t\t\t\t<div class=\"elementor-shortcode\">\t\t<div data-elementor-type=\"container\" data-elementor-id=\"7550\" class=\"elementor elementor-7550\" data-elementor-post-type=\"elementor_library\">\n\t\t\t\t<div class=\"elementor-element elementor-element-29821f2 e-con-full e-flex e-con e-parent\" data-id=\"29821f2\" data-element_type=\"container\" data-settings=\"{&quot;jet_parallax_layout_list&quot;:[]}\">\n\t\t<div class=\"elementor-element elementor-element-f296c85 e-flex e-con-boxed e-con e-child\" data-id=\"f296c85\" data-element_type=\"container\" data-settings=\"{&quot;background_background&quot;:&quot;classic&quot;,&quot;jet_parallax_layout_list&quot;:[]}\">\n\t\t\t\t\t<div class=\"e-con-inner\">\n\t\t\t\t<div class=\"elementor-element elementor-element-1a52302 elementor-widget elementor-widget-heading\" data-id=\"1a52302\" data-element_type=\"widget\" data-widget_type=\"heading.default\">\n\t\t\t\t<div class=\"elementor-widget-container\">\n\t\t\t<h2 class=\"elementor-heading-title elementor-size-default\"><a href=\"https:\/\/lisbonpubliclaw.pt\/en\/waterwastelisbon\/programa-water-waste-lisbon\/\">PROGRAMME<\/a><\/h2>\t\t<\/div>\n\t\t\t\t<\/div>\n\t\t\t\t\t<\/div>\n\t\t\t\t<\/div>\n\t\t<div class=\"elementor-element elementor-element-c29427e e-flex e-con-boxed e-con e-child\" data-id=\"c29427e\" data-element_type=\"container\" data-settings=\"{&quot;background_background&quot;:&quot;classic&quot;,&quot;jet_parallax_layout_list&quot;:[]}\">\n\t\t\t\t\t<div class=\"e-con-inner\">\n\t\t\t\t<div class=\"elementor-element elementor-element-2ea38d4 elementor-widget elementor-widget-heading\" data-id=\"2ea38d4\" data-element_type=\"widget\" data-widget_type=\"heading.default\">\n\t\t\t\t<div class=\"elementor-widget-container\">\n\t\t\t<h2 class=\"elementor-heading-title elementor-size-default\"><a href=\"https:\/\/lisbonpubliclaw.pt\/en\/os-servicos-publicos-de-aguas-e-residuos\/organization-committee\/\">OneWater Committees<\/a><\/h2>\t\t<\/div>\n\t\t\t\t<\/div>\n\t\t\t\t\t<\/div>\n\t\t\t\t<\/div>\n\t\t<div class=\"elementor-element elementor-element-6239b56 e-flex e-con-boxed e-con e-child\" data-id=\"6239b56\" data-element_type=\"container\" data-settings=\"{&quot;background_background&quot;:&quot;classic&quot;,&quot;jet_parallax_layout_list&quot;:[]}\">\n\t\t\t\t\t<div class=\"e-con-inner\">\n\t\t\t\t<div class=\"elementor-element elementor-element-a4af077 elementor-widget elementor-widget-heading\" data-id=\"a4af077\" data-element_type=\"widget\" data-widget_type=\"heading.default\">\n\t\t\t\t<div class=\"elementor-widget-container\">\n\t\t\t<h2 class=\"elementor-heading-title elementor-size-default\"><a href=\"https:\/\/lisbonpubliclaw.pt\/en\/os-servicos-publicos-de-aguas-e-residuos\/open-calls-ww\/\">OPEN CALLS<\/a><\/h2>\t\t<\/div>\n\t\t\t\t<\/div>\n\t\t\t\t\t<\/div>\n\t\t\t\t<\/div>\n\t\t<div class=\"elementor-element elementor-element-eb4fece e-flex e-con-boxed e-con e-child\" data-id=\"eb4fece\" data-element_type=\"container\" data-settings=\"{&quot;background_background&quot;:&quot;classic&quot;,&quot;jet_parallax_layout_list&quot;:[]}\">\n\t\t\t\t\t<div class=\"e-con-inner\">\n\t\t\t\t<div class=\"elementor-element elementor-element-7b8ef2c elementor-widget elementor-widget-heading\" data-id=\"7b8ef2c\" data-element_type=\"widget\" data-widget_type=\"heading.default\">\n\t\t\t\t<div class=\"elementor-widget-container\">\n\t\t\t<h2 class=\"elementor-heading-title elementor-size-default\"><a href=\"https:\/\/lisbonpubliclaw.pt\/en\/os-servicos-publicos-de-aguas-e-residuos\/venue-aguas-e-residuos\/\">VENUE<\/a><\/h2>\t\t<\/div>\n\t\t\t\t<\/div>\n\t\t\t\t\t<\/div>\n\t\t\t\t<\/div>\n\t\t<div class=\"elementor-element elementor-element-1954635 e-flex e-con-boxed e-con e-child\" data-id=\"1954635\" data-element_type=\"container\" data-settings=\"{&quot;background_background&quot;:&quot;classic&quot;,&quot;jet_parallax_layout_list&quot;:[]}\">\n\t\t\t\t\t<div class=\"e-con-inner\">\n\t\t\t\t<div class=\"elementor-element elementor-element-d697786 elementor-widget elementor-widget-heading\" data-id=\"d697786\" data-element_type=\"widget\" data-widget_type=\"heading.default\">\n\t\t\t\t<div class=\"elementor-widget-container\">\n\t\t\t<h2 class=\"elementor-heading-title elementor-size-default\"><a href=\"https:\/\/lisbonpubliclaw.pt\/en\/os-servicos-publicos-de-aguas-e-residuos\/eventos-aguas-e-residuos\/\">PAST EDITIONS<\/a><\/h2>\t\t<\/div>\n\t\t\t\t<\/div>\n\t\t\t\t\t<\/div>\n\t\t\t\t<\/div>\n\t\t\t\t<\/div>\n\t\t\t\t<\/div>\n\t\t<\/div>\n\t\t\t\t<\/div>\n\t\t\t\t<\/div>\n\t\t\t\t<\/div>\n\t\t\t\t<\/div>\n\t\t<div class=\"elementor-element elementor-element-77fe2fa e-flex e-con-boxed e-con e-parent\" data-id=\"77fe2fa\" data-element_type=\"container\" data-settings=\"{&quot;jet_parallax_layout_list&quot;:[]}\">\n\t\t\t\t\t<div class=\"e-con-inner\">\n\t\t<div class=\"elementor-element elementor-element-2d246b6 e-con-full e-flex e-con e-child\" data-id=\"2d246b6\" data-element_type=\"container\" data-settings=\"{&quot;jet_parallax_layout_list&quot;:[]}\">\n\t\t<div class=\"elementor-element elementor-element-008f394 e-con-full e-flex e-con e-child\" data-id=\"008f394\" data-element_type=\"container\" data-settings=\"{&quot;jet_parallax_layout_list&quot;:[]}\">\n\t\t\t\t<div class=\"elementor-element elementor-element-f5a137b elementor-widget elementor-widget-image\" data-id=\"f5a137b\" data-element_type=\"widget\" data-widget_type=\"image.default\">\n\t\t\t\t<div class=\"elementor-widget-container\">\n\t\t\t\t\t\t\t\t\t\t\t\t\t<img decoding=\"async\" src=\"https:\/\/lisbonpubliclaw.pt\/wp-content\/uploads\/elementor\/thumbs\/OneWater2-e1739816139382-r1nfq4jn0dv3jegg64vlk8nrlhhe7iooe78xjqzp4w.jpg\" title=\"OneWater2\" alt=\"OneWater2\" loading=\"lazy\" \/>\t\t\t\t\t\t\t\t\t\t\t\t\t<\/div>\n\t\t\t\t<\/div>\n\t\t\t\t<div class=\"elementor-element elementor-element-ea6b4e3 elementor-widget elementor-widget-text-editor\" data-id=\"ea6b4e3\" data-element_type=\"widget\" data-widget_type=\"text-editor.default\">\n\t\t\t\t<div class=\"elementor-widget-container\">\n\t\t\t\t\t\t\t<p>FIND OUT ALL ABOUT THE NEW 2025 EDITION<\/p>\t\t\t\t\t\t<\/div>\n\t\t\t\t<\/div>\n\t\t\t\t<\/div>\n\t\t<div class=\"elementor-element elementor-element-66f302f e-con-full e-flex e-con e-child\" data-id=\"66f302f\" data-element_type=\"container\" data-settings=\"{&quot;jet_parallax_layout_list&quot;:[]}\">\n\t\t\t\t<div class=\"elementor-element elementor-element-a3dbc25 e-transform elementor-widget elementor-widget-image\" data-id=\"a3dbc25\" data-element_type=\"widget\" data-settings=\"{&quot;_transform_flipX_effect&quot;:&quot;transform&quot;}\" data-widget_type=\"image.default\">\n\t\t\t\t<div class=\"elementor-widget-container\">\n\t\t\t\t\t\t\t\t\t\t\t\t\t<img fetchpriority=\"high\" decoding=\"async\" width=\"262\" height=\"262\" src=\"https:\/\/lisbonpubliclaw.pt\/wp-content\/uploads\/2025\/02\/lpl.svg\" class=\"attachment-large size-large wp-image-7694\" alt=\"\" \/>\t\t\t\t\t\t\t\t\t\t\t\t\t<\/div>\n\t\t\t\t<\/div>\n\t\t\t\t<\/div>\n\t\t\t\t<\/div>\n\t\t\t\t<div class=\"elementor-element elementor-element-5f9cb56 elementor-widget elementor-widget-text-editor\" data-id=\"5f9cb56\" data-element_type=\"widget\" data-widget_type=\"text-editor.default\">\n\t\t\t\t<div class=\"elementor-widget-container\">\n\t\t\t\t\t\t\t<p>The <span style=\"color: #3c76a7;\"><strong>OneWater 2025 <\/strong><\/span>concept highlights the interconnectedness of all water sources (such as water supply, wastewater, and stormwater) within the global water cycle, including its intrinsic subcycles and their dynamic co-evolution. Addressing water challenges requires a comprehensive approach that considers social transformation, environmental changes, and the ability to navigate complex problems. These challenges intensify competition over water resources between ecosystems and human needs, requiring the integration of social, hydrological, and environmental dimensions in both academic research and practical applications. However, in many municipalities, stakeholders operate independently, leading to fragmented decision-making and missed opportunities for sustainable water governance.<\/p><p>New and alternative water sources (AWS), such as desalination, wastewater reuse, and rainwater harvesting, are critical to addressing water scarcity and enhancing supply resilience. In parallel, nature-based solutions (NBS), as wetlands, terracing; infiltration channels, reforestation, and other green infrastructure, offer sustainable approaches to water management that enhance biodiversity, and ecosystem services improving water quality and quantity, and support climate adaptation. Integrating these solutions requires cross-sector collaboration and innovative policy frameworks to optimize their implementation and maximize benefits.<\/p><p>The <span style=\"color: #3c76a7;\"><strong>OneWater2025<\/strong><\/span> seeks contributions that explore developments in water resource management, the role of new\/alternative water sources, and the implementation of NBS in addressing global societal challenges. We invite all actors, from the national and local governments to financial institutions, utilities, customers, and regulators, or from a slightly different point of view, from academics to practitioners to participate towards a more sustainable and resilient water future.<\/p>\t\t\t\t\t\t<\/div>\n\t\t\t\t<\/div>\n\t\t\t\t<div class=\"elementor-element elementor-element-0de79ae elementor-widget elementor-widget-spacer\" data-id=\"0de79ae\" data-element_type=\"widget\" data-widget_type=\"spacer.default\">\n\t\t\t\t<div class=\"elementor-widget-container\">\n\t\t\t\t\t<div class=\"elementor-spacer\">\n\t\t\t<div class=\"elementor-spacer-inner\"><\/div>\n\t\t<\/div>\n\t\t\t\t<\/div>\n\t\t\t\t<\/div>\n\t\t\t\t<div class=\"elementor-element elementor-element-33e59ff elementor-widget elementor-widget-image\" data-id=\"33e59ff\" data-element_type=\"widget\" data-widget_type=\"image.default\">\n\t\t\t\t<div class=\"elementor-widget-container\">\n\t\t\t\t\t\t\t\t\t\t\t\t\t\t<a href=\"https:\/\/lisbonpubliclaw.pt\/wp-content\/uploads\/2025\/05\/Cartaz-Water-WEB-1.pdf\" target=\"_blank\" download=\"onewater25\">\n\t\t\t\t\t\t\t<img decoding=\"async\" width=\"1804\" height=\"1898\" src=\"https:\/\/lisbonpubliclaw.pt\/wp-content\/uploads\/2025\/06\/Cartaz_Final-scaled-e1748987216950.png\" class=\"attachment-full size-full wp-image-10509\" alt=\"\" srcset=\"https:\/\/lisbonpubliclaw.pt\/wp-content\/uploads\/2025\/06\/Cartaz_Final-scaled-e1748987216950.png 1804w, https:\/\/lisbonpubliclaw.pt\/wp-content\/uploads\/2025\/06\/Cartaz_Final-scaled-e1748987216950-285x300.png 285w, https:\/\/lisbonpubliclaw.pt\/wp-content\/uploads\/2025\/06\/Cartaz_Final-scaled-e1748987216950-973x1024.png 973w, https:\/\/lisbonpubliclaw.pt\/wp-content\/uploads\/2025\/06\/Cartaz_Final-scaled-e1748987216950-768x808.png 768w, https:\/\/lisbonpubliclaw.pt\/wp-content\/uploads\/2025\/06\/Cartaz_Final-scaled-e1748987216950-1460x1536.png 1460w, https:\/\/lisbonpubliclaw.pt\/wp-content\/uploads\/2025\/06\/Cartaz_Final-scaled-e1748987216950-11x12.png 11w, https:\/\/lisbonpubliclaw.pt\/wp-content\/uploads\/2025\/06\/Cartaz_Final-scaled-e1748987216950-600x631.png 600w\" sizes=\"(max-width: 1804px) 100vw, 1804px\" \/>\t\t\t\t\t\t\t\t<\/a>\n\t\t\t\t\t\t\t\t\t\t\t\t\t<\/div>\n\t\t\t\t<\/div>\n\t\t\t\t<div class=\"elementor-element elementor-element-3fcc5a3 elementor-align-center elementor-widget elementor-widget-button\" data-id=\"3fcc5a3\" data-element_type=\"widget\" data-widget_type=\"button.default\">\n\t\t\t\t<div class=\"elementor-widget-container\">\n\t\t\t\t\t\t\t<div class=\"elementor-button-wrapper\">\n\t\t\t\t\t<a class=\"elementor-button elementor-button-link elementor-size-sm\" href=\"\">\n\t\t\t\t\t\t<span class=\"elementor-button-content-wrapper\">\n\t\t\t\t\t\t\t\t\t<span class=\"elementor-button-text\">Access the Abstracts of the Parallel Sessions here<\/span>\n\t\t\t\t\t<\/span>\n\t\t\t\t\t<\/a>\n\t\t\t\t<\/div>\n\t\t\t\t\t\t<\/div>\n\t\t\t\t<\/div>\n\t\t\t\t<div class=\"elementor-element elementor-element-53961d7 elementor-widget elementor-widget-image\" data-id=\"53961d7\" data-element_type=\"widget\" data-widget_type=\"image.default\">\n\t\t\t\t<div class=\"elementor-widget-container\">\n\t\t\t\t\t\t\t\t\t\t\t\t\t<img decoding=\"async\" width=\"1024\" height=\"1021\" src=\"https:\/\/lisbonpubliclaw.pt\/wp-content\/uploads\/2025\/06\/Cartaz-Parallel-Sessions-WEB-01-scaled-e1749113187936-1024x1021.jpg\" class=\"attachment-large size-large wp-image-10541\" alt=\"\" srcset=\"https:\/\/lisbonpubliclaw.pt\/wp-content\/uploads\/2025\/06\/Cartaz-Parallel-Sessions-WEB-01-scaled-e1749113187936-1024x1021.jpg 1024w, https:\/\/lisbonpubliclaw.pt\/wp-content\/uploads\/2025\/06\/Cartaz-Parallel-Sessions-WEB-01-scaled-e1749113187936-300x300.jpg 300w, https:\/\/lisbonpubliclaw.pt\/wp-content\/uploads\/2025\/06\/Cartaz-Parallel-Sessions-WEB-01-scaled-e1749113187936-150x150.jpg 150w, https:\/\/lisbonpubliclaw.pt\/wp-content\/uploads\/2025\/06\/Cartaz-Parallel-Sessions-WEB-01-scaled-e1749113187936-768x766.jpg 768w, https:\/\/lisbonpubliclaw.pt\/wp-content\/uploads\/2025\/06\/Cartaz-Parallel-Sessions-WEB-01-scaled-e1749113187936-1536x1532.jpg 1536w, https:\/\/lisbonpubliclaw.pt\/wp-content\/uploads\/2025\/06\/Cartaz-Parallel-Sessions-WEB-01-scaled-e1749113187936-12x12.jpg 12w, https:\/\/lisbonpubliclaw.pt\/wp-content\/uploads\/2025\/06\/Cartaz-Parallel-Sessions-WEB-01-scaled-e1749113187936-230x230.jpg 230w, https:\/\/lisbonpubliclaw.pt\/wp-content\/uploads\/2025\/06\/Cartaz-Parallel-Sessions-WEB-01-scaled-e1749113187936-400x400.jpg 400w, https:\/\/lisbonpubliclaw.pt\/wp-content\/uploads\/2025\/06\/Cartaz-Parallel-Sessions-WEB-01-scaled-e1749113187936-600x598.jpg 600w, https:\/\/lisbonpubliclaw.pt\/wp-content\/uploads\/2025\/06\/Cartaz-Parallel-Sessions-WEB-01-scaled-e1749113187936.jpg 1810w\" sizes=\"(max-width: 1024px) 100vw, 1024px\" \/>\t\t\t\t\t\t\t\t\t\t\t\t\t<\/div>\n\t\t\t\t<\/div>\n\t\t\t\t\t<\/div>\n\t\t\t\t<\/div>\n\t\t<div class=\"elementor-element elementor-element-ac1d388 e-flex e-con-boxed e-con e-parent\" data-id=\"ac1d388\" data-element_type=\"container\" data-settings=\"{&quot;background_background&quot;:&quot;slideshow&quot;,&quot;jet_parallax_layout_list&quot;:[],&quot;background_slideshow_gallery&quot;:[],&quot;background_slideshow_slide_duration&quot;:5000,&quot;background_slideshow_slide_transition&quot;:&quot;fade&quot;,&quot;background_slideshow_transition_duration&quot;:500}\">\n\t\t\t\t\t<div class=\"e-con-inner\">\n\t\t<div class=\"elementor-element elementor-element-a237810 e-con-full e-flex e-con e-child\" data-id=\"a237810\" data-element_type=\"container\" data-settings=\"{&quot;jet_parallax_layout_list&quot;:[]}\">\n\t\t<div class=\"elementor-element elementor-element-94362b3 e-con-full e-flex e-con e-child\" data-id=\"94362b3\" data-element_type=\"container\" data-settings=\"{&quot;jet_parallax_layout_list&quot;:[]}\">\n\t\t<div class=\"elementor-element elementor-element-93bf7b4 e-con-full e-transform e-flex e-con e-child\" data-id=\"93bf7b4\" data-element_type=\"container\" data-settings=\"{&quot;jet_parallax_layout_list&quot;:[],&quot;_transform_flipX_effect&quot;:&quot;transform&quot;}\">\n\t\t\t\t<div class=\"elementor-element elementor-element-7000c4e e-transform elementor-widget elementor-widget-image\" data-id=\"7000c4e\" data-element_type=\"widget\" data-settings=\"{&quot;_transform_flipX_effect&quot;:&quot;transform&quot;}\" data-widget_type=\"image.default\">\n\t\t\t\t<div class=\"elementor-widget-container\">\n\t\t\t\t\t\t\t\t\t\t\t\t\t<img fetchpriority=\"high\" decoding=\"async\" width=\"262\" height=\"262\" src=\"https:\/\/lisbonpubliclaw.pt\/wp-content\/uploads\/2025\/02\/lpl.svg\" class=\"attachment-large size-large wp-image-7694\" alt=\"\" \/>\t\t\t\t\t\t\t\t\t\t\t\t\t<\/div>\n\t\t\t\t<\/div>\n\t\t\t\t<\/div>\n\t\t<div class=\"elementor-element elementor-element-f964123 e-con-full e-flex e-con e-child\" data-id=\"f964123\" data-element_type=\"container\" data-settings=\"{&quot;jet_parallax_layout_list&quot;:[]}\">\n\t\t\t\t<div class=\"elementor-element elementor-element-aa77eb0 elementor-widget elementor-widget-heading\" data-id=\"aa77eb0\" data-element_type=\"widget\" data-widget_type=\"heading.default\">\n\t\t\t\t<div class=\"elementor-widget-container\">\n\t\t\t<h2 class=\"elementor-heading-title elementor-size-default\">Speakers<\/h2>\t\t<\/div>\n\t\t\t\t<\/div>\n\t\t\t\t<div class=\"elementor-element elementor-element-002421c elementor-hidden-mobile elementor-widget elementor-widget-text-editor\" data-id=\"002421c\" data-element_type=\"widget\" data-widget_type=\"text-editor.default\">\n\t\t\t\t<div class=\"elementor-widget-container\">\n\t\t\t\t\t\t\t<p>Meet the speakers on the panels!<\/p>\t\t\t\t\t\t<\/div>\n\t\t\t\t<\/div>\n\t\t\t\t<\/div>\n\t\t\t\t<\/div>\n\t\t\t\t<\/div>\n\t\t\t\t<div class=\"elementor-element elementor-element-35f8907 elementor-arrows-position-outside elementor-pagination-position-outside elementor-widget elementor-widget-image-carousel\" data-id=\"35f8907\" data-element_type=\"widget\" data-settings=\"{&quot;slides_to_show&quot;:&quot;6&quot;,&quot;slides_to_scroll&quot;:&quot;1&quot;,&quot;image_spacing_custom&quot;:{&quot;unit&quot;:&quot;px&quot;,&quot;size&quot;:15,&quot;sizes&quot;:[]},&quot;slides_to_show_mobile&quot;:&quot;2&quot;,&quot;slides_to_scroll_mobile&quot;:&quot;1&quot;,&quot;image_spacing_custom_mobile&quot;:{&quot;unit&quot;:&quot;px&quot;,&quot;size&quot;:10,&quot;sizes&quot;:[]},&quot;navigation&quot;:&quot;both&quot;,&quot;autoplay&quot;:&quot;yes&quot;,&quot;pause_on_hover&quot;:&quot;yes&quot;,&quot;pause_on_interaction&quot;:&quot;yes&quot;,&quot;autoplay_speed&quot;:5000,&quot;infinite&quot;:&quot;yes&quot;,&quot;speed&quot;:500,&quot;image_spacing_custom_laptop&quot;:{&quot;unit&quot;:&quot;px&quot;,&quot;size&quot;:&quot;&quot;,&quot;sizes&quot;:[]},&quot;image_spacing_custom_tablet&quot;:{&quot;unit&quot;:&quot;px&quot;,&quot;size&quot;:&quot;&quot;,&quot;sizes&quot;:[]}}\" data-widget_type=\"image-carousel.default\">\n\t\t\t\t<div class=\"elementor-widget-container\">\n\t\t\t\t\t<div class=\"elementor-image-carousel-wrapper swiper\" dir=\"ltr\">\n\t\t\t<div class=\"elementor-image-carousel swiper-wrapper\" aria-live=\"off\">\n\t\t\t\t\t\t\t\t<div class=\"swiper-slide\" role=\"group\" aria-roledescription=\"slide\" aria-label=\"1 of 15\"><figure class=\"swiper-slide-inner\"><img decoding=\"async\" class=\"swiper-slide-image\" src=\"https:\/\/lisbonpubliclaw.pt\/wp-content\/uploads\/2025\/02\/20-300x300.png\" alt=\"Owen McIntyre\" \/><figcaption class=\"elementor-image-carousel-caption\">Owen McIntyre<\/figcaption><\/figure><\/div><div class=\"swiper-slide\" role=\"group\" aria-roledescription=\"slide\" aria-label=\"2 of 15\"><figure class=\"swiper-slide-inner\"><img decoding=\"async\" class=\"swiper-slide-image\" src=\"https:\/\/lisbonpubliclaw.pt\/wp-content\/uploads\/2025\/02\/21-300x300.png\" alt=\"Fernanda Morais\" \/><figcaption class=\"elementor-image-carousel-caption\">Fernanda Morais<\/figcaption><\/figure><\/div><div class=\"swiper-slide\" role=\"group\" aria-roledescription=\"slide\" aria-label=\"3 of 15\"><figure class=\"swiper-slide-inner\"><img decoding=\"async\" class=\"swiper-slide-image\" src=\"https:\/\/lisbonpubliclaw.pt\/wp-content\/uploads\/2025\/02\/22-300x300.png\" alt=\"Pedro Perdig\u00e3o\" \/><figcaption class=\"elementor-image-carousel-caption\">Pedro Perdig\u00e3o<\/figcaption><\/figure><\/div><div class=\"swiper-slide\" role=\"group\" aria-roledescription=\"slide\" aria-label=\"4 of 15\"><figure class=\"swiper-slide-inner\"><img decoding=\"async\" class=\"swiper-slide-image\" src=\"https:\/\/lisbonpubliclaw.pt\/wp-content\/uploads\/2025\/02\/24-300x300.png\" alt=\"John Garvey\" \/><figcaption class=\"elementor-image-carousel-caption\">John Garvey<\/figcaption><\/figure><\/div><div class=\"swiper-slide\" role=\"group\" aria-roledescription=\"slide\" aria-label=\"5 of 15\"><figure class=\"swiper-slide-inner\"><img decoding=\"async\" class=\"swiper-slide-image\" src=\"https:\/\/lisbonpubliclaw.pt\/wp-content\/uploads\/2025\/02\/25-300x300.png\" alt=\"Eoin Reeves\" \/><figcaption class=\"elementor-image-carousel-caption\">Eoin Reeves<\/figcaption><\/figure><\/div><div class=\"swiper-slide\" role=\"group\" aria-roledescription=\"slide\" aria-label=\"6 of 15\"><figure class=\"swiper-slide-inner\"><img decoding=\"async\" class=\"swiper-slide-image\" src=\"https:\/\/lisbonpubliclaw.pt\/wp-content\/uploads\/2025\/02\/26-300x300.png\" alt=\"Antonio Massaruto\" \/><figcaption class=\"elementor-image-carousel-caption\">Antonio Massaruto<\/figcaption><\/figure><\/div><div class=\"swiper-slide\" role=\"group\" aria-roledescription=\"slide\" aria-label=\"7 of 15\"><figure class=\"swiper-slide-inner\"><img decoding=\"async\" class=\"swiper-slide-image\" src=\"https:\/\/lisbonpubliclaw.pt\/wp-content\/uploads\/2025\/02\/28-300x300.png\" alt=\"Bernard Barraqu\u00e9\" \/><figcaption class=\"elementor-image-carousel-caption\">Bernard Barraqu\u00e9<\/figcaption><\/figure><\/div><div class=\"swiper-slide\" role=\"group\" aria-roledescription=\"slide\" aria-label=\"8 of 15\"><figure class=\"swiper-slide-inner\"><img decoding=\"async\" class=\"swiper-slide-image\" src=\"https:\/\/lisbonpubliclaw.pt\/wp-content\/uploads\/2025\/02\/29-300x300.png\" alt=\"Lin Crase\" \/><figcaption class=\"elementor-image-carousel-caption\">Lin Crase<\/figcaption><\/figure><\/div><div class=\"swiper-slide\" role=\"group\" aria-roledescription=\"slide\" aria-label=\"9 of 15\"><figure class=\"swiper-slide-inner\"><img decoding=\"async\" class=\"swiper-slide-image\" src=\"https:\/\/lisbonpubliclaw.pt\/wp-content\/uploads\/2025\/04\/bettina-300x300.png\" alt=\"Bettina Lange\" \/><figcaption class=\"elementor-image-carousel-caption\">Bettina Lange<\/figcaption><\/figure><\/div><div class=\"swiper-slide\" role=\"group\" aria-roledescription=\"slide\" aria-label=\"10 of 15\"><figure class=\"swiper-slide-inner\"><img decoding=\"async\" class=\"swiper-slide-image\" src=\"https:\/\/lisbonpubliclaw.pt\/wp-content\/uploads\/2025\/04\/Pedro-Almeida-300x300.png\" alt=\"Pedro Almeida\" \/><figcaption class=\"elementor-image-carousel-caption\">Pedro Almeida<\/figcaption><\/figure><\/div><div class=\"swiper-slide\" role=\"group\" aria-roledescription=\"slide\" aria-label=\"11 of 15\"><figure class=\"swiper-slide-inner\"><img decoding=\"async\" class=\"swiper-slide-image\" src=\"https:\/\/lisbonpubliclaw.pt\/wp-content\/uploads\/2025\/04\/Teresa-Navarro-300x300.png\" alt=\"Teresa Navarro\" \/><figcaption class=\"elementor-image-carousel-caption\">Teresa Navarro<\/figcaption><\/figure><\/div><div class=\"swiper-slide\" role=\"group\" aria-roledescription=\"slide\" aria-label=\"12 of 15\"><figure class=\"swiper-slide-inner\"><img decoding=\"async\" class=\"swiper-slide-image\" src=\"https:\/\/lisbonpubliclaw.pt\/wp-content\/uploads\/2025\/04\/1_Raziyeh-Farmani-300x300.png\" alt=\"Raziyeh Farmani\" \/><figcaption class=\"elementor-image-carousel-caption\">Raziyeh Farmani<\/figcaption><\/figure><\/div><div class=\"swiper-slide\" role=\"group\" aria-roledescription=\"slide\" aria-label=\"13 of 15\"><figure class=\"swiper-slide-inner\"><img decoding=\"async\" class=\"swiper-slide-image\" src=\"https:\/\/lisbonpubliclaw.pt\/wp-content\/uploads\/2025\/05\/Carla-Pinto-Cruz2-300x300.jpg\" alt=\"Carla Pinto Cruz\" \/><figcaption class=\"elementor-image-carousel-caption\">Carla Pinto Cruz<\/figcaption><\/figure><\/div><div class=\"swiper-slide\" role=\"group\" aria-roledescription=\"slide\" aria-label=\"14 of 15\"><figure class=\"swiper-slide-inner\"><img decoding=\"async\" class=\"swiper-slide-image\" src=\"https:\/\/lisbonpubliclaw.pt\/wp-content\/uploads\/2025\/05\/antonio-di-marco-300x300.png\" alt=\"Ant\u00f3nio di Marco\" \/><figcaption class=\"elementor-image-carousel-caption\">Ant\u00f3nio di Marco<\/figcaption><\/figure><\/div><div class=\"swiper-slide\" role=\"group\" aria-roledescription=\"slide\" aria-label=\"15 of 15\"><figure class=\"swiper-slide-inner\"><img decoding=\"async\" class=\"swiper-slide-image\" src=\"https:\/\/lisbonpubliclaw.pt\/wp-content\/uploads\/2025\/06\/Fatima-Pedroso-1-300x300.png\" alt=\"F\u00e1tima Pedroso\" \/><figcaption class=\"elementor-image-carousel-caption\">F\u00e1tima Pedroso<\/figcaption><\/figure><\/div>\t\t\t<\/div>\n\t\t\t\t\t\t\t\t\t\t\t\t<div class=\"elementor-swiper-button elementor-swiper-button-prev\" role=\"button\" tabindex=\"0\">\n\t\t\t\t\t\t<i aria-hidden=\"true\" class=\"eicon-chevron-left\"><\/i>\t\t\t\t\t<\/div>\n\t\t\t\t\t<div class=\"elementor-swiper-button elementor-swiper-button-next\" role=\"button\" tabindex=\"0\">\n\t\t\t\t\t\t<i aria-hidden=\"true\" class=\"eicon-chevron-right\"><\/i>\t\t\t\t\t<\/div>\n\t\t\t\t\n\t\t\t\t\t\t\t\t\t<div class=\"swiper-pagination\"><\/div>\n\t\t\t\t\t\t\t\t\t<\/div>\n\t\t\t\t<\/div>\n\t\t\t\t<\/div>\n\t\t\t\t\t<\/div>\n\t\t\t\t<\/div>\n\t\t<div class=\"elementor-element elementor-element-4881774 e-flex e-con-boxed e-con e-parent\" data-id=\"4881774\" data-element_type=\"container\" data-settings=\"{&quot;jet_parallax_layout_list&quot;:[]}\">\n\t\t\t\t\t<div class=\"e-con-inner\">\n\t\t\t\t<div class=\"elementor-element elementor-element-b112066 elementor-hidden-mobile elementor-widget elementor-widget-spacer\" data-id=\"b112066\" data-element_type=\"widget\" data-widget_type=\"spacer.default\">\n\t\t\t\t<div class=\"elementor-widget-container\">\n\t\t\t\t\t<div class=\"elementor-spacer\">\n\t\t\t<div class=\"elementor-spacer-inner\"><\/div>\n\t\t<\/div>\n\t\t\t\t<\/div>\n\t\t\t\t<\/div>\n\t\t\t\t<div class=\"elementor-element elementor-element-15bfe30 elementor-widget elementor-widget-heading\" data-id=\"15bfe30\" data-element_type=\"widget\" data-widget_type=\"heading.default\">\n\t\t\t\t<div class=\"elementor-widget-container\">\n\t\t\t<h1 class=\"elementor-heading-title elementor-size-default\">Main topics<\/h1>\t\t<\/div>\n\t\t\t\t<\/div>\n\t\t\t\t<div class=\"elementor-element elementor-element-27bb5cc elementor-widget elementor-widget-text-editor\" data-id=\"27bb5cc\" data-element_type=\"widget\" data-widget_type=\"text-editor.default\">\n\t\t\t\t<div class=\"elementor-widget-container\">\n\t\t\t\t\t\t\t<p class=\"translation-block\"><ol>\n<li style=\"text-align: justify\">The role of <strong>AWS<\/strong>, as wastewater reuse, desalination, stormwater harvesting, among others, in supplementing traditional water supplies.<\/li>\n<li style=\"text-align: justify\">The role of <strong>NbS<\/strong>, as wetlands, terracing; infiltration channels, reforestation, and other green infrastructure, to target global societal challenges.<\/li>\n<li style=\"text-align: justify\">The frameworks, policies, institutional arrangements and regulation (PIR) necessary for the successful implementation of <strong>AWS<\/strong> and <strong>NbS<\/strong>, including stakeholder engagement, coordination, and adaptive management.<\/li>\n<li style=\"text-align: justify\">Directing mainstream finance and innovative financial instruments\/models able to support the large-scale implementation of <strong>AWS<\/strong> and <strong>NbS<\/strong>, including public-private partnerships, green bonds, and payment for ecosystem services.<\/li>\n<li style=\"text-align: justify\">Integrated strategies across levels (e.g., global, national, regional, and local), and scales (e.g., urban areas, catchments, regions) for managing water, land, and related resources in a coordinated manner to optimize benefits.<\/li>\n<li style=\"text-align: justify\">The interconnections between water, energy, and food systems (WEF nexus) and their implications for sustainable development.<\/li>\n<li style=\"text-align: justify\">The role of innovative\/smart water technologies and infrastructure, including digital technologies and data-driven approaches, towards sustainability (e.g., strategies to reduce non-revenue water through monitoring and leak detection).<\/li>\n<li style=\"text-align: justify\">Investment priorities in infrastructure and the overall cost matrix (e.g., capital charges, operation and maintenance, opportunity costs, and externalities).<\/li>\n<li style=\"text-align: justify\">The importance of effective inclusivity and stakeholder engagement (public\/private) in implementing <strong>AWS <\/strong>and <strong>NbS<\/strong>. When and how?<\/li>\n<li style=\"text-align: justify\">Capacity building to fulfil existing gaps in water supply, wastewater, drainage, and other infrastructure sectors towards <strong>AWS <\/strong>and <strong>NbS<\/strong>.<\/li>\n<\/ol><\/p>\t\t\t\t\t\t<\/div>\n\t\t\t\t<\/div>\n\t\t\t\t\t<\/div>\n\t\t\t\t<\/div>\n\t\t<div class=\"elementor-element elementor-element-8a0c838 e-flex e-con-boxed e-con e-parent\" data-id=\"8a0c838\" data-element_type=\"container\" data-settings=\"{&quot;background_background&quot;:&quot;classic&quot;,&quot;jet_parallax_layout_list&quot;:[]}\">\n\t\t\t\t\t<div class=\"e-con-inner\">\n\t\t\t\t\t<\/div>\n\t\t\t\t<\/div>\n\t\t<div class=\"elementor-element elementor-element-6db4d86 e-flex e-con-boxed e-con e-parent\" data-id=\"6db4d86\" data-element_type=\"container\" data-settings=\"{&quot;jet_parallax_layout_list&quot;:[]}\">\n\t\t\t\t\t<div class=\"e-con-inner\">\n\t\t\t\t<div class=\"elementor-element elementor-element-c019eff elementor-widget elementor-widget-image\" data-id=\"c019eff\" data-element_type=\"widget\" data-widget_type=\"image.default\">\n\t\t\t\t<div class=\"elementor-widget-container\">\n\t\t\t\t\t\t\t\t\t\t\t\t\t<img loading=\"lazy\" decoding=\"async\" width=\"1024\" height=\"80\" src=\"https:\/\/lisbonpubliclaw.pt\/wp-content\/uploads\/2025\/05\/Cartaz-Water-WEB-1-e1747671531134-1024x80.png\" class=\"attachment-large size-large wp-image-10240\" alt=\"\" srcset=\"https:\/\/lisbonpubliclaw.pt\/wp-content\/uploads\/2025\/05\/Cartaz-Water-WEB-1-e1747671531134-1024x80.png 1024w, https:\/\/lisbonpubliclaw.pt\/wp-content\/uploads\/2025\/05\/Cartaz-Water-WEB-1-e1747671531134-300x24.png 300w, https:\/\/lisbonpubliclaw.pt\/wp-content\/uploads\/2025\/05\/Cartaz-Water-WEB-1-e1747671531134-768x60.png 768w, https:\/\/lisbonpubliclaw.pt\/wp-content\/uploads\/2025\/05\/Cartaz-Water-WEB-1-e1747671531134-18x1.png 18w, https:\/\/lisbonpubliclaw.pt\/wp-content\/uploads\/2025\/05\/Cartaz-Water-WEB-1-e1747671531134-600x47.png 600w, https:\/\/lisbonpubliclaw.pt\/wp-content\/uploads\/2025\/05\/Cartaz-Water-WEB-1-e1747671531134.png 1145w\" sizes=\"(max-width: 1024px) 100vw, 1024px\" \/>\t\t\t\t\t\t\t\t\t\t\t\t\t<\/div>\n\t\t\t\t<\/div>\n\t\t\t\t\t<\/div>\n\t\t\t\t<\/div>\n\t\t<div class=\"elementor-element elementor-element-487d1d9 e-con-full e-flex e-con e-parent\" data-id=\"487d1d9\" data-element_type=\"container\" data-settings=\"{&quot;jet_parallax_layout_list&quot;:[]}\">\n\t\t<div class=\"elementor-element elementor-element-4a5335a e-flex e-con-boxed e-con e-child\" data-id=\"4a5335a\" data-element_type=\"container\" data-settings=\"{&quot;jet_parallax_layout_list&quot;:[]}\">\n\t\t\t\t\t<div class=\"e-con-inner\">\n\t\t\t\t\t<\/div>\n\t\t\t\t<\/div>\n\t\t<div class=\"elementor-element elementor-element-c6a231f e-con-full elementor-hidden-mobile e-flex e-con e-child\" data-id=\"c6a231f\" data-element_type=\"container\" data-settings=\"{&quot;jet_parallax_layout_list&quot;:[]}\">\n\t\t<div class=\"elementor-element elementor-element-f954d8e e-con-full e-flex e-con e-child\" data-id=\"f954d8e\" data-element_type=\"container\" data-settings=\"{&quot;jet_parallax_layout_list&quot;:[]}\">\n\t\t\t\t<div class=\"elementor-element elementor-element-9f060f4 elementor-widget elementor-widget-image\" data-id=\"9f060f4\" data-element_type=\"widget\" data-widget_type=\"image.default\">\n\t\t\t\t<div class=\"elementor-widget-container\">\n\t\t\t\t\t\t\t\t\t\t\t\t\t<img loading=\"lazy\" decoding=\"async\" width=\"300\" height=\"73\" src=\"https:\/\/lisbonpubliclaw.pt\/wp-content\/uploads\/2025\/02\/logotipo-geral-horizontal-preto-png-e1741281127840-300x73.png\" class=\"attachment-medium size-medium wp-image-8232\" alt=\"\" srcset=\"https:\/\/lisbonpubliclaw.pt\/wp-content\/uploads\/2025\/02\/logotipo-geral-horizontal-preto-png-e1741281127840-300x73.png 300w, https:\/\/lisbonpubliclaw.pt\/wp-content\/uploads\/2025\/02\/logotipo-geral-horizontal-preto-png-e1741281127840-1024x249.png 1024w, https:\/\/lisbonpubliclaw.pt\/wp-content\/uploads\/2025\/02\/logotipo-geral-horizontal-preto-png-e1741281127840-768x186.png 768w, https:\/\/lisbonpubliclaw.pt\/wp-content\/uploads\/2025\/02\/logotipo-geral-horizontal-preto-png-e1741281127840-1536x373.png 1536w, https:\/\/lisbonpubliclaw.pt\/wp-content\/uploads\/2025\/02\/logotipo-geral-horizontal-preto-png-e1741281127840-2048x497.png 2048w, https:\/\/lisbonpubliclaw.pt\/wp-content\/uploads\/2025\/02\/logotipo-geral-horizontal-preto-png-e1741281127840-18x4.png 18w, https:\/\/lisbonpubliclaw.pt\/wp-content\/uploads\/2025\/02\/logotipo-geral-horizontal-preto-png-e1741281127840-600x146.png 600w\" sizes=\"(max-width: 300px) 100vw, 300px\" \/>\t\t\t\t\t\t\t\t\t\t\t\t\t<\/div>\n\t\t\t\t<\/div>\n\t\t\t\t<\/div>\n\t\t<div class=\"elementor-element elementor-element-ece9071 e-con-full e-flex e-con e-child\" data-id=\"ece9071\" data-element_type=\"container\" data-settings=\"{&quot;jet_parallax_layout_list&quot;:[]}\">\n\t\t\t\t<div class=\"elementor-element elementor-element-d89d6d5 elementor-widget elementor-widget-image\" data-id=\"d89d6d5\" data-element_type=\"widget\" data-widget_type=\"image.default\">\n\t\t\t\t<div class=\"elementor-widget-container\">\n\t\t\t\t\t\t\t\t\t\t\t\t\t<img loading=\"lazy\" decoding=\"async\" width=\"300\" height=\"129\" src=\"https:\/\/lisbonpubliclaw.pt\/wp-content\/uploads\/2025\/02\/RCM2_logo-e1741281167364-300x129.png\" class=\"attachment-medium size-medium wp-image-8233\" alt=\"\" srcset=\"https:\/\/lisbonpubliclaw.pt\/wp-content\/uploads\/2025\/02\/RCM2_logo-e1741281167364-300x129.png 300w, https:\/\/lisbonpubliclaw.pt\/wp-content\/uploads\/2025\/02\/RCM2_logo-e1741281167364-1024x441.png 1024w, https:\/\/lisbonpubliclaw.pt\/wp-content\/uploads\/2025\/02\/RCM2_logo-e1741281167364-768x331.png 768w, https:\/\/lisbonpubliclaw.pt\/wp-content\/uploads\/2025\/02\/RCM2_logo-e1741281167364-18x8.png 18w, https:\/\/lisbonpubliclaw.pt\/wp-content\/uploads\/2025\/02\/RCM2_logo-e1741281167364-600x258.png 600w, https:\/\/lisbonpubliclaw.pt\/wp-content\/uploads\/2025\/02\/RCM2_logo-e1741281167364.png 1170w\" sizes=\"(max-width: 300px) 100vw, 300px\" \/>\t\t\t\t\t\t\t\t\t\t\t\t\t<\/div>\n\t\t\t\t<\/div>\n\t\t\t\t<\/div>\n\t\t<div class=\"elementor-element elementor-element-8aad317 e-con-full e-flex e-con e-child\" data-id=\"8aad317\" data-element_type=\"container\" data-settings=\"{&quot;jet_parallax_layout_list&quot;:[]}\">\n\t\t\t\t<div class=\"elementor-element elementor-element-0b800ab elementor-widget__width-initial elementor-widget elementor-widget-image\" data-id=\"0b800ab\" data-element_type=\"widget\" data-widget_type=\"image.default\">\n\t\t\t\t<div class=\"elementor-widget-container\">\n\t\t\t\t\t\t\t\t\t\t\t\t\t\t<a href=\"https:\/\/biofin-project.eu\/\">\n\t\t\t\t\t\t\t<img loading=\"lazy\" decoding=\"async\" width=\"300\" height=\"134\" src=\"https:\/\/lisbonpubliclaw.pt\/wp-content\/uploads\/2025\/02\/biofin_logo_final-e1741281195476-300x134.png\" class=\"attachment-medium size-medium wp-image-8231\" alt=\"\" srcset=\"https:\/\/lisbonpubliclaw.pt\/wp-content\/uploads\/2025\/02\/biofin_logo_final-e1741281195476-300x134.png 300w, https:\/\/lisbonpubliclaw.pt\/wp-content\/uploads\/2025\/02\/biofin_logo_final-e1741281195476-1024x456.png 1024w, https:\/\/lisbonpubliclaw.pt\/wp-content\/uploads\/2025\/02\/biofin_logo_final-e1741281195476-768x342.png 768w, https:\/\/lisbonpubliclaw.pt\/wp-content\/uploads\/2025\/02\/biofin_logo_final-e1741281195476-18x8.png 18w, https:\/\/lisbonpubliclaw.pt\/wp-content\/uploads\/2025\/02\/biofin_logo_final-e1741281195476-600x267.png 600w, https:\/\/lisbonpubliclaw.pt\/wp-content\/uploads\/2025\/02\/biofin_logo_final-e1741281195476.png 1332w\" sizes=\"(max-width: 300px) 100vw, 300px\" \/>\t\t\t\t\t\t\t\t<\/a>\n\t\t\t\t\t\t\t\t\t\t\t\t\t<\/div>\n\t\t\t\t<\/div>\n\t\t\t\t<\/div>\n\t\t\t\t<\/div>\n\t\t\t\t<\/div>\n\t\t<div class=\"elementor-element elementor-element-a0e617d elementor-hidden-desktop elementor-hidden-laptop elementor-hidden-tablet e-flex e-con-boxed e-con e-parent\" data-id=\"a0e617d\" data-element_type=\"container\" data-settings=\"{&quot;jet_parallax_layout_list&quot;:[]}\">\n\t\t\t\t\t<div class=\"e-con-inner\">\n\t\t<div class=\"elementor-element elementor-element-062efd2 e-con-full elementor-hidden-desktop elementor-hidden-laptop elementor-hidden-tablet e-flex e-con e-child\" data-id=\"062efd2\" data-element_type=\"container\" data-settings=\"{&quot;jet_parallax_layout_list&quot;:[]}\">\n\t\t<div class=\"elementor-element elementor-element-a124e48 e-con-full e-flex e-con e-child\" data-id=\"a124e48\" data-element_type=\"container\" data-settings=\"{&quot;jet_parallax_layout_list&quot;:[]}\">\n\t\t\t\t<div class=\"elementor-element elementor-element-0a07f35 elementor-widget elementor-widget-image\" data-id=\"0a07f35\" data-element_type=\"widget\" data-widget_type=\"image.default\">\n\t\t\t\t<div class=\"elementor-widget-container\">\n\t\t\t\t\t\t\t\t\t\t\t\t\t<img loading=\"lazy\" decoding=\"async\" width=\"300\" height=\"73\" src=\"https:\/\/lisbonpubliclaw.pt\/wp-content\/uploads\/2025\/02\/logotipo-geral-horizontal-preto-png-e1741281127840-300x73.png\" class=\"attachment-medium size-medium wp-image-8232\" alt=\"\" srcset=\"https:\/\/lisbonpubliclaw.pt\/wp-content\/uploads\/2025\/02\/logotipo-geral-horizontal-preto-png-e1741281127840-300x73.png 300w, https:\/\/lisbonpubliclaw.pt\/wp-content\/uploads\/2025\/02\/logotipo-geral-horizontal-preto-png-e1741281127840-1024x249.png 1024w, https:\/\/lisbonpubliclaw.pt\/wp-content\/uploads\/2025\/02\/logotipo-geral-horizontal-preto-png-e1741281127840-768x186.png 768w, https:\/\/lisbonpubliclaw.pt\/wp-content\/uploads\/2025\/02\/logotipo-geral-horizontal-preto-png-e1741281127840-1536x373.png 1536w, https:\/\/lisbonpubliclaw.pt\/wp-content\/uploads\/2025\/02\/logotipo-geral-horizontal-preto-png-e1741281127840-2048x497.png 2048w, https:\/\/lisbonpubliclaw.pt\/wp-content\/uploads\/2025\/02\/logotipo-geral-horizontal-preto-png-e1741281127840-18x4.png 18w, https:\/\/lisbonpubliclaw.pt\/wp-content\/uploads\/2025\/02\/logotipo-geral-horizontal-preto-png-e1741281127840-600x146.png 600w\" sizes=\"(max-width: 300px) 100vw, 300px\" \/>\t\t\t\t\t\t\t\t\t\t\t\t\t<\/div>\n\t\t\t\t<\/div>\n\t\t\t\t<\/div>\n\t\t<div class=\"elementor-element elementor-element-af9ecc0 e-con-full e-flex e-con e-child\" data-id=\"af9ecc0\" data-element_type=\"container\" data-settings=\"{&quot;jet_parallax_layout_list&quot;:[]}\">\n\t\t\t\t<div class=\"elementor-element elementor-element-b169ae2 elementor-widget elementor-widget-image\" data-id=\"b169ae2\" data-element_type=\"widget\" data-widget_type=\"image.default\">\n\t\t\t\t<div class=\"elementor-widget-container\">\n\t\t\t\t\t\t\t\t\t\t\t\t\t<img loading=\"lazy\" decoding=\"async\" width=\"300\" height=\"129\" src=\"https:\/\/lisbonpubliclaw.pt\/wp-content\/uploads\/2025\/02\/RCM2_logo-e1741281167364-300x129.png\" class=\"attachment-medium size-medium wp-image-8233\" alt=\"\" srcset=\"https:\/\/lisbonpubliclaw.pt\/wp-content\/uploads\/2025\/02\/RCM2_logo-e1741281167364-300x129.png 300w, https:\/\/lisbonpubliclaw.pt\/wp-content\/uploads\/2025\/02\/RCM2_logo-e1741281167364-1024x441.png 1024w, https:\/\/lisbonpubliclaw.pt\/wp-content\/uploads\/2025\/02\/RCM2_logo-e1741281167364-768x331.png 768w, https:\/\/lisbonpubliclaw.pt\/wp-content\/uploads\/2025\/02\/RCM2_logo-e1741281167364-18x8.png 18w, https:\/\/lisbonpubliclaw.pt\/wp-content\/uploads\/2025\/02\/RCM2_logo-e1741281167364-600x258.png 600w, https:\/\/lisbonpubliclaw.pt\/wp-content\/uploads\/2025\/02\/RCM2_logo-e1741281167364.png 1170w\" sizes=\"(max-width: 300px) 100vw, 300px\" \/>\t\t\t\t\t\t\t\t\t\t\t\t\t<\/div>\n\t\t\t\t<\/div>\n\t\t\t\t<\/div>\n\t\t<div class=\"elementor-element elementor-element-46c808b e-con-full e-flex e-con e-child\" data-id=\"46c808b\" data-element_type=\"container\" data-settings=\"{&quot;jet_parallax_layout_list&quot;:[]}\">\n\t\t\t\t<div class=\"elementor-element elementor-element-e5d7ac2 elementor-widget__width-initial elementor-widget elementor-widget-image\" data-id=\"e5d7ac2\" data-element_type=\"widget\" data-widget_type=\"image.default\">\n\t\t\t\t<div class=\"elementor-widget-container\">\n\t\t\t\t\t\t\t\t\t\t\t\t\t<img loading=\"lazy\" decoding=\"async\" width=\"300\" height=\"134\" src=\"https:\/\/lisbonpubliclaw.pt\/wp-content\/uploads\/2025\/02\/biofin_logo_final-e1741281195476-300x134.png\" class=\"attachment-medium size-medium wp-image-8231\" alt=\"\" srcset=\"https:\/\/lisbonpubliclaw.pt\/wp-content\/uploads\/2025\/02\/biofin_logo_final-e1741281195476-300x134.png 300w, https:\/\/lisbonpubliclaw.pt\/wp-content\/uploads\/2025\/02\/biofin_logo_final-e1741281195476-1024x456.png 1024w, https:\/\/lisbonpubliclaw.pt\/wp-content\/uploads\/2025\/02\/biofin_logo_final-e1741281195476-768x342.png 768w, https:\/\/lisbonpubliclaw.pt\/wp-content\/uploads\/2025\/02\/biofin_logo_final-e1741281195476-18x8.png 18w, https:\/\/lisbonpubliclaw.pt\/wp-content\/uploads\/2025\/02\/biofin_logo_final-e1741281195476-600x267.png 600w, https:\/\/lisbonpubliclaw.pt\/wp-content\/uploads\/2025\/02\/biofin_logo_final-e1741281195476.png 1332w\" sizes=\"(max-width: 300px) 100vw, 300px\" \/>\t\t\t\t\t\t\t\t\t\t\t\t\t<\/div>\n\t\t\t\t<\/div>\n\t\t\t\t<\/div>\n\t\t\t\t<\/div>\n\t\t\t\t\t<\/div>\n\t\t\t\t<\/div>\n\t\t\t\t<\/div>","protected":false},"excerpt":{"rendered":"<p>SAIBA TUDO SOBRE A NOVA EDI\u00c7\u00c3O DE 2025 O conceito OneWater 2025 destaca a interliga\u00e7\u00e3o de todas as fontes de \u00e1gua (como \u00e1guas superficiais e subterr\u00e2neas, as \u00e1guas residuais e as \u00e1guas pluviais) no \u00e2mbito do ciclo global da \u00e1gua, incluindo os seus subciclos intr\u00ednsecos e a sua co-evolu\u00e7\u00e3o din\u00e2mica. A resposta aos desafios da [&hellip;]<\/p>\n","protected":false},"author":1,"featured_media":0,"parent":7536,"menu_order":0,"comment_status":"closed","ping_status":"closed","template":"elementor_header_footer","meta":{"footnotes":""},"cluster":[],"grupo-de-investigacao":[11],"class_list":["post-7555","page","type-page","status-publish","hentry","grupo-de-investigacao-direito-administrativo"],"yoast_head":"<!-- This site is optimized with the Yoast SEO plugin v27.5 - https:\/\/yoast.com\/product\/yoast-seo-wordpress\/ -->\n<title>Programa - Confer\u00eancia Internacional da \u00c1gua de Lisboa - 2025<\/title>\n<meta name=\"robots\" content=\"index, follow, max-snippet:-1, max-image-preview:large, max-video-preview:-1\" \/>\n<link rel=\"canonical\" href=\"https:\/\/lisbonpubliclaw.pt\/en\/waterwastelisbon\/programa-water-waste-lisbon\/\" \/>\n<meta property=\"og:locale\" content=\"en_US\" \/>\n<meta property=\"og:type\" content=\"article\" \/>\n<meta property=\"og:title\" content=\"Programa - Confer\u00eancia Internacional da \u00c1gua de Lisboa - 2025\" \/>\n<meta property=\"og:description\" content=\"SAIBA TUDO SOBRE A NOVA EDI\u00c7\u00c3O DE 2025 O conceito OneWater 2025 destaca a interliga\u00e7\u00e3o de todas as fontes de \u00e1gua (como \u00e1guas superficiais e subterr\u00e2neas, as \u00e1guas residuais e as \u00e1guas pluviais) no \u00e2mbito do ciclo global da \u00e1gua, incluindo os seus subciclos intr\u00ednsecos e a sua co-evolu\u00e7\u00e3o din\u00e2mica. A resposta aos desafios da [&hellip;]\" \/>\n<meta property=\"og:url\" content=\"https:\/\/lisbonpubliclaw.pt\/en\/waterwastelisbon\/programa-water-waste-lisbon\/\" \/>\n<meta property=\"og:site_name\" content=\"Lisbon Public Law\" \/>\n<meta property=\"article:modified_time\" content=\"2025-06-05T08:48:37+00:00\" \/>\n<meta property=\"og:image\" content=\"https:\/\/lisbonpubliclaw.pt\/wp-content\/uploads\/elementor\/thumbs\/OneWater2-e1739816139382-r1nfq4jn0dv3jegg64vlk8nrlhhe7iooe78xjqzp4w.jpg\" \/>\n<meta name=\"twitter:card\" content=\"summary_large_image\" \/>\n<meta name=\"twitter:label1\" content=\"Est. reading time\" \/>\n\t<meta name=\"twitter:data1\" content=\"10 minutes\" \/>\n<script type=\"application\/ld+json\" class=\"yoast-schema-graph\">{\"@context\":\"https:\\\/\\\/schema.org\",\"@graph\":[{\"@type\":\"WebPage\",\"@id\":\"https:\\\/\\\/lisbonpubliclaw.pt\\\/waterwastelisbon\\\/programa-water-waste-lisbon\\\/\",\"url\":\"https:\\\/\\\/lisbonpubliclaw.pt\\\/waterwastelisbon\\\/programa-water-waste-lisbon\\\/\",\"name\":\"Programa - Confer\u00eancia Internacional da \u00c1gua de Lisboa - 2025\",\"isPartOf\":{\"@id\":\"https:\\\/\\\/lisbonpubliclaw.pt\\\/#website\"},\"primaryImageOfPage\":{\"@id\":\"https:\\\/\\\/lisbonpubliclaw.pt\\\/waterwastelisbon\\\/programa-water-waste-lisbon\\\/#primaryimage\"},\"image\":{\"@id\":\"https:\\\/\\\/lisbonpubliclaw.pt\\\/waterwastelisbon\\\/programa-water-waste-lisbon\\\/#primaryimage\"},\"thumbnailUrl\":\"https:\\\/\\\/lisbonpubliclaw.pt\\\/wp-content\\\/uploads\\\/elementor\\\/thumbs\\\/OneWater2-e1739816139382-r1nfq4jn0dv3jegg64vlk8nrlhhe7iooe78xjqzp4w.jpg\",\"datePublished\":\"2025-02-06T10:39:07+00:00\",\"dateModified\":\"2025-06-05T08:48:37+00:00\",\"breadcrumb\":{\"@id\":\"https:\\\/\\\/lisbonpubliclaw.pt\\\/waterwastelisbon\\\/programa-water-waste-lisbon\\\/#breadcrumb\"},\"inLanguage\":\"en-US\",\"potentialAction\":[{\"@type\":\"ReadAction\",\"target\":[\"https:\\\/\\\/lisbonpubliclaw.pt\\\/waterwastelisbon\\\/programa-water-waste-lisbon\\\/\"]}]},{\"@type\":\"ImageObject\",\"inLanguage\":\"en-US\",\"@id\":\"https:\\\/\\\/lisbonpubliclaw.pt\\\/waterwastelisbon\\\/programa-water-waste-lisbon\\\/#primaryimage\",\"url\":\"https:\\\/\\\/lisbonpubliclaw.pt\\\/wp-content\\\/uploads\\\/elementor\\\/thumbs\\\/OneWater2-e1739816139382-r1nfq4jn0dv3jegg64vlk8nrlhhe7iooe78xjqzp4w.jpg\",\"contentUrl\":\"https:\\\/\\\/lisbonpubliclaw.pt\\\/wp-content\\\/uploads\\\/elementor\\\/thumbs\\\/OneWater2-e1739816139382-r1nfq4jn0dv3jegg64vlk8nrlhhe7iooe78xjqzp4w.jpg\"},{\"@type\":\"BreadcrumbList\",\"@id\":\"https:\\\/\\\/lisbonpubliclaw.pt\\\/waterwastelisbon\\\/programa-water-waste-lisbon\\\/#breadcrumb\",\"itemListElement\":[{\"@type\":\"ListItem\",\"position\":1,\"name\":\"Home\",\"item\":\"https:\\\/\\\/lisbonpubliclaw.pt\\\/\"},{\"@type\":\"ListItem\",\"position\":2,\"name\":\"Water Waste Lisbon\",\"item\":\"https:\\\/\\\/lisbonpubliclaw.pt\\\/waterwastelisbon\\\/\"},{\"@type\":\"ListItem\",\"position\":3,\"name\":\"Programa\"}]},{\"@type\":\"WebSite\",\"@id\":\"https:\\\/\\\/lisbonpubliclaw.pt\\\/#website\",\"url\":\"https:\\\/\\\/lisbonpubliclaw.pt\\\/\",\"name\":\"Lisbon Public Law\",\"description\":\"Public Law Research Centre in Lisbon\",\"publisher\":{\"@id\":\"https:\\\/\\\/lisbonpubliclaw.pt\\\/#organization\"},\"potentialAction\":[{\"@type\":\"SearchAction\",\"target\":{\"@type\":\"EntryPoint\",\"urlTemplate\":\"https:\\\/\\\/lisbonpubliclaw.pt\\\/?s={search_term_string}\"},\"query-input\":{\"@type\":\"PropertyValueSpecification\",\"valueRequired\":true,\"valueName\":\"search_term_string\"}}],\"inLanguage\":\"en-US\"},{\"@type\":\"Organization\",\"@id\":\"https:\\\/\\\/lisbonpubliclaw.pt\\\/#organization\",\"name\":\"Lisbon Public Law\",\"url\":\"https:\\\/\\\/lisbonpubliclaw.pt\\\/\",\"logo\":{\"@type\":\"ImageObject\",\"inLanguage\":\"en-US\",\"@id\":\"https:\\\/\\\/lisbonpubliclaw.pt\\\/#\\\/schema\\\/logo\\\/image\\\/\",\"url\":\"https:\\\/\\\/lisbonpubliclaw.pt\\\/wp-content\\\/uploads\\\/2023\\\/06\\\/WhatsApp-Image-2023-06-19-at-11.01.50-1.jpeg\",\"contentUrl\":\"https:\\\/\\\/lisbonpubliclaw.pt\\\/wp-content\\\/uploads\\\/2023\\\/06\\\/WhatsApp-Image-2023-06-19-at-11.01.50-1.jpeg\",\"width\":354,\"height\":354,\"caption\":\"Lisbon Public Law\"},\"image\":{\"@id\":\"https:\\\/\\\/lisbonpubliclaw.pt\\\/#\\\/schema\\\/logo\\\/image\\\/\"}}]}<\/script>\n<!-- \/ Yoast SEO plugin. -->","yoast_head_json":{"title":"Programa - Confer\u00eancia Internacional da \u00c1gua de Lisboa - 2025","robots":{"index":"index","follow":"follow","max-snippet":"max-snippet:-1","max-image-preview":"max-image-preview:large","max-video-preview":"max-video-preview:-1"},"canonical":"https:\/\/lisbonpubliclaw.pt\/en\/waterwastelisbon\/programa-water-waste-lisbon\/","og_locale":"en_US","og_type":"article","og_title":"Programa - Confer\u00eancia Internacional da \u00c1gua de Lisboa - 2025","og_description":"SAIBA TUDO SOBRE A NOVA EDI\u00c7\u00c3O DE 2025 O conceito OneWater 2025 destaca a interliga\u00e7\u00e3o de todas as fontes de \u00e1gua (como \u00e1guas superficiais e subterr\u00e2neas, as \u00e1guas residuais e as \u00e1guas pluviais) no \u00e2mbito do ciclo global da \u00e1gua, incluindo os seus subciclos intr\u00ednsecos e a sua co-evolu\u00e7\u00e3o din\u00e2mica. A resposta aos desafios da [&hellip;]","og_url":"https:\/\/lisbonpubliclaw.pt\/en\/waterwastelisbon\/programa-water-waste-lisbon\/","og_site_name":"Lisbon Public Law","article_modified_time":"2025-06-05T08:48:37+00:00","og_image":[{"url":"https:\/\/lisbonpubliclaw.pt\/wp-content\/uploads\/elementor\/thumbs\/OneWater2-e1739816139382-r1nfq4jn0dv3jegg64vlk8nrlhhe7iooe78xjqzp4w.jpg","type":"","width":"","height":""}],"twitter_card":"summary_large_image","twitter_misc":{"Est. reading time":"10 minutes"},"schema":{"@context":"https:\/\/schema.org","@graph":[{"@type":"WebPage","@id":"https:\/\/lisbonpubliclaw.pt\/waterwastelisbon\/programa-water-waste-lisbon\/","url":"https:\/\/lisbonpubliclaw.pt\/waterwastelisbon\/programa-water-waste-lisbon\/","name":"Programa - Confer\u00eancia Internacional da \u00c1gua de Lisboa - 2025","isPartOf":{"@id":"https:\/\/lisbonpubliclaw.pt\/#website"},"primaryImageOfPage":{"@id":"https:\/\/lisbonpubliclaw.pt\/waterwastelisbon\/programa-water-waste-lisbon\/#primaryimage"},"image":{"@id":"https:\/\/lisbonpubliclaw.pt\/waterwastelisbon\/programa-water-waste-lisbon\/#primaryimage"},"thumbnailUrl":"https:\/\/lisbonpubliclaw.pt\/wp-content\/uploads\/elementor\/thumbs\/OneWater2-e1739816139382-r1nfq4jn0dv3jegg64vlk8nrlhhe7iooe78xjqzp4w.jpg","datePublished":"2025-02-06T10:39:07+00:00","dateModified":"2025-06-05T08:48:37+00:00","breadcrumb":{"@id":"https:\/\/lisbonpubliclaw.pt\/waterwastelisbon\/programa-water-waste-lisbon\/#breadcrumb"},"inLanguage":"en-US","potentialAction":[{"@type":"ReadAction","target":["https:\/\/lisbonpubliclaw.pt\/waterwastelisbon\/programa-water-waste-lisbon\/"]}]},{"@type":"ImageObject","inLanguage":"en-US","@id":"https:\/\/lisbonpubliclaw.pt\/waterwastelisbon\/programa-water-waste-lisbon\/#primaryimage","url":"https:\/\/lisbonpubliclaw.pt\/wp-content\/uploads\/elementor\/thumbs\/OneWater2-e1739816139382-r1nfq4jn0dv3jegg64vlk8nrlhhe7iooe78xjqzp4w.jpg","contentUrl":"https:\/\/lisbonpubliclaw.pt\/wp-content\/uploads\/elementor\/thumbs\/OneWater2-e1739816139382-r1nfq4jn0dv3jegg64vlk8nrlhhe7iooe78xjqzp4w.jpg"},{"@type":"BreadcrumbList","@id":"https:\/\/lisbonpubliclaw.pt\/waterwastelisbon\/programa-water-waste-lisbon\/#breadcrumb","itemListElement":[{"@type":"ListItem","position":1,"name":"Home","item":"https:\/\/lisbonpubliclaw.pt\/"},{"@type":"ListItem","position":2,"name":"Water Waste Lisbon","item":"https:\/\/lisbonpubliclaw.pt\/waterwastelisbon\/"},{"@type":"ListItem","position":3,"name":"Programa"}]},{"@type":"WebSite","@id":"https:\/\/lisbonpubliclaw.pt\/#website","url":"https:\/\/lisbonpubliclaw.pt\/","name":"Lisbon Public Law","description":"Public Law Research Centre in Lisbon","publisher":{"@id":"https:\/\/lisbonpubliclaw.pt\/#organization"},"potentialAction":[{"@type":"SearchAction","target":{"@type":"EntryPoint","urlTemplate":"https:\/\/lisbonpubliclaw.pt\/?s={search_term_string}"},"query-input":{"@type":"PropertyValueSpecification","valueRequired":true,"valueName":"search_term_string"}}],"inLanguage":"en-US"},{"@type":"Organization","@id":"https:\/\/lisbonpubliclaw.pt\/#organization","name":"Lisbon Public Law","url":"https:\/\/lisbonpubliclaw.pt\/","logo":{"@type":"ImageObject","inLanguage":"en-US","@id":"https:\/\/lisbonpubliclaw.pt\/#\/schema\/logo\/image\/","url":"https:\/\/lisbonpubliclaw.pt\/wp-content\/uploads\/2023\/06\/WhatsApp-Image-2023-06-19-at-11.01.50-1.jpeg","contentUrl":"https:\/\/lisbonpubliclaw.pt\/wp-content\/uploads\/2023\/06\/WhatsApp-Image-2023-06-19-at-11.01.50-1.jpeg","width":354,"height":354,"caption":"Lisbon Public Law"},"image":{"@id":"https:\/\/lisbonpubliclaw.pt\/#\/schema\/logo\/image\/"}}]}},"_links":{"self":[{"href":"https:\/\/lisbonpubliclaw.pt\/en\/wp-json\/wp\/v2\/pages\/7555","targetHints":{"allow":["GET"]}}],"collection":[{"href":"https:\/\/lisbonpubliclaw.pt\/en\/wp-json\/wp\/v2\/pages"}],"about":[{"href":"https:\/\/lisbonpubliclaw.pt\/en\/wp-json\/wp\/v2\/types\/page"}],"author":[{"embeddable":true,"href":"https:\/\/lisbonpubliclaw.pt\/en\/wp-json\/wp\/v2\/users\/1"}],"replies":[{"embeddable":true,"href":"https:\/\/lisbonpubliclaw.pt\/en\/wp-json\/wp\/v2\/comments?post=7555"}],"version-history":[{"count":160,"href":"https:\/\/lisbonpubliclaw.pt\/en\/wp-json\/wp\/v2\/pages\/7555\/revisions"}],"predecessor-version":[{"id":10548,"href":"https:\/\/lisbonpubliclaw.pt\/en\/wp-json\/wp\/v2\/pages\/7555\/revisions\/10548"}],"up":[{"embeddable":true,"href":"https:\/\/lisbonpubliclaw.pt\/en\/wp-json\/wp\/v2\/pages\/7536"}],"wp:attachment":[{"href":"https:\/\/lisbonpubliclaw.pt\/en\/wp-json\/wp\/v2\/media?parent=7555"}],"wp:term":[{"taxonomy":"cluster","embeddable":true,"href":"https:\/\/lisbonpubliclaw.pt\/en\/wp-json\/wp\/v2\/cluster?post=7555"},{"taxonomy":"grupo-de-investigacao","embeddable":true,"href":"https:\/\/lisbonpubliclaw.pt\/en\/wp-json\/wp\/v2\/grupo-de-investigacao?post=7555"}],"curies":[{"name":"wp","href":"https:\/\/api.w.org\/{rel}","templated":true}]}}