{"id":7541,"date":"2025-02-06T10:22:39","date_gmt":"2025-02-06T10:22:39","guid":{"rendered":"https:\/\/lisbonpubliclaw.pt\/?page_id=7541"},"modified":"2025-05-27T13:37:13","modified_gmt":"2025-05-27T13:37:13","slug":"open-calls-ww","status":"publish","type":"page","link":"https:\/\/lisbonpubliclaw.pt\/en\/waterwastelisbon\/open-calls-aguas-e-residuos\/","title":{"rendered":"Open Calls"},"content":{"rendered":"\t\t<div data-elementor-type=\"wp-page\" data-elementor-id=\"7541\" class=\"elementor elementor-7541\" data-elementor-post-type=\"page\">\n\t\t\t\t<div class=\"elementor-element elementor-element-d045526 e-con-full e-flex e-con e-parent\" data-id=\"d045526\" data-element_type=\"container\" data-settings=\"{&quot;jet_parallax_layout_list&quot;:[]}\">\n\t\t<div class=\"elementor-element elementor-element-6edb941 e-con-full e-flex e-con e-child\" data-id=\"6edb941\" data-element_type=\"container\" data-settings=\"{&quot;jet_parallax_layout_list&quot;:[]}\">\n\t\t\t\t<div class=\"elementor-element elementor-element-748f835 elementor-widget elementor-widget-shortcode\" data-id=\"748f835\" data-element_type=\"widget\" data-widget_type=\"shortcode.default\">\n\t\t\t\t<div class=\"elementor-widget-container\">\n\t\t\t\t\t<div class=\"elementor-shortcode\">\t\t<div data-elementor-type=\"container\" data-elementor-id=\"7550\" class=\"elementor elementor-7550\" data-elementor-post-type=\"elementor_library\">\n\t\t\t\t<div class=\"elementor-element elementor-element-29821f2 e-con-full e-flex e-con e-parent\" data-id=\"29821f2\" data-element_type=\"container\" data-settings=\"{&quot;jet_parallax_layout_list&quot;:[]}\">\n\t\t<div class=\"elementor-element elementor-element-f296c85 e-flex e-con-boxed e-con e-child\" data-id=\"f296c85\" data-element_type=\"container\" data-settings=\"{&quot;background_background&quot;:&quot;classic&quot;,&quot;jet_parallax_layout_list&quot;:[]}\">\n\t\t\t\t\t<div class=\"e-con-inner\">\n\t\t\t\t<div class=\"elementor-element elementor-element-1a52302 elementor-widget elementor-widget-heading\" data-id=\"1a52302\" data-element_type=\"widget\" data-widget_type=\"heading.default\">\n\t\t\t\t<div class=\"elementor-widget-container\">\n\t\t\t<h2 class=\"elementor-heading-title elementor-size-default\"><a href=\"https:\/\/lisbonpubliclaw.pt\/waterwastelisbon\/programa-water-waste-lisbon\/\">PROGRAMA<\/a><\/h2>\t\t<\/div>\n\t\t\t\t<\/div>\n\t\t\t\t\t<\/div>\n\t\t\t\t<\/div>\n\t\t<div class=\"elementor-element elementor-element-c29427e e-flex e-con-boxed e-con e-child\" data-id=\"c29427e\" data-element_type=\"container\" data-settings=\"{&quot;background_background&quot;:&quot;classic&quot;,&quot;jet_parallax_layout_list&quot;:[]}\">\n\t\t\t\t\t<div class=\"e-con-inner\">\n\t\t\t\t<div class=\"elementor-element elementor-element-2ea38d4 elementor-widget elementor-widget-heading\" data-id=\"2ea38d4\" data-element_type=\"widget\" data-widget_type=\"heading.default\">\n\t\t\t\t<div class=\"elementor-widget-container\">\n\t\t\t<h2 class=\"elementor-heading-title elementor-size-default\"><a href=\"https:\/\/lisbonpubliclaw.pt\/os-servicos-publicos-de-aguas-e-residuos\/comissao-organizadora\/\">Comiss\u00f5es OneWater<\/a><\/h2>\t\t<\/div>\n\t\t\t\t<\/div>\n\t\t\t\t\t<\/div>\n\t\t\t\t<\/div>\n\t\t<div class=\"elementor-element elementor-element-6239b56 e-flex e-con-boxed e-con e-child\" data-id=\"6239b56\" data-element_type=\"container\" data-settings=\"{&quot;background_background&quot;:&quot;classic&quot;,&quot;jet_parallax_layout_list&quot;:[]}\">\n\t\t\t\t\t<div class=\"e-con-inner\">\n\t\t\t\t<div class=\"elementor-element elementor-element-a4af077 elementor-widget elementor-widget-heading\" data-id=\"a4af077\" data-element_type=\"widget\" data-widget_type=\"heading.default\">\n\t\t\t\t<div class=\"elementor-widget-container\">\n\t\t\t<h2 class=\"elementor-heading-title elementor-size-default\"><a href=\"https:\/\/lisbonpubliclaw.pt\/os-servicos-publicos-de-aguas-e-residuos\/open-calls-aguas-e-residuos\/\">OPEN CALLS<\/a><\/h2>\t\t<\/div>\n\t\t\t\t<\/div>\n\t\t\t\t\t<\/div>\n\t\t\t\t<\/div>\n\t\t<div class=\"elementor-element elementor-element-eb4fece e-flex e-con-boxed e-con e-child\" data-id=\"eb4fece\" data-element_type=\"container\" data-settings=\"{&quot;background_background&quot;:&quot;classic&quot;,&quot;jet_parallax_layout_list&quot;:[]}\">\n\t\t\t\t\t<div class=\"e-con-inner\">\n\t\t\t\t<div class=\"elementor-element elementor-element-7b8ef2c elementor-widget elementor-widget-heading\" data-id=\"7b8ef2c\" data-element_type=\"widget\" data-widget_type=\"heading.default\">\n\t\t\t\t<div class=\"elementor-widget-container\">\n\t\t\t<h2 class=\"elementor-heading-title elementor-size-default\"><a href=\"https:\/\/lisbonpubliclaw.pt\/os-servicos-publicos-de-aguas-e-residuos\/venue-aguas-e-residuos\/\">VENUE<\/a><\/h2>\t\t<\/div>\n\t\t\t\t<\/div>\n\t\t\t\t\t<\/div>\n\t\t\t\t<\/div>\n\t\t<div class=\"elementor-element elementor-element-1954635 e-flex e-con-boxed e-con e-child\" data-id=\"1954635\" data-element_type=\"container\" data-settings=\"{&quot;background_background&quot;:&quot;classic&quot;,&quot;jet_parallax_layout_list&quot;:[]}\">\n\t\t\t\t\t<div class=\"e-con-inner\">\n\t\t\t\t<div class=\"elementor-element elementor-element-d697786 elementor-widget elementor-widget-heading\" data-id=\"d697786\" data-element_type=\"widget\" data-widget_type=\"heading.default\">\n\t\t\t\t<div class=\"elementor-widget-container\">\n\t\t\t<h2 class=\"elementor-heading-title elementor-size-default\"><a href=\"https:\/\/lisbonpubliclaw.pt\/os-servicos-publicos-de-aguas-e-residuos\/eventos-aguas-e-residuos\/\">EDI\u00c7\u00d5ES PASSADAS<\/a><\/h2>\t\t<\/div>\n\t\t\t\t<\/div>\n\t\t\t\t\t<\/div>\n\t\t\t\t<\/div>\n\t\t\t\t<\/div>\n\t\t\t\t<\/div>\n\t\t<\/div>\n\t\t\t\t<\/div>\n\t\t\t\t<\/div>\n\t\t\t\t<\/div>\n\t\t\t\t<\/div>\n\t\t<div class=\"elementor-element elementor-element-566a079 elementor-hidden-mobile e-flex e-con-boxed e-con e-parent\" data-id=\"566a079\" data-element_type=\"container\" data-settings=\"{&quot;jet_parallax_layout_list&quot;:[]}\">\n\t\t\t\t\t<div class=\"e-con-inner\">\n\t\t<div class=\"elementor-element elementor-element-d11d0c6 e-flex e-con-boxed e-con e-child\" data-id=\"d11d0c6\" data-element_type=\"container\" data-settings=\"{&quot;jet_parallax_layout_list&quot;:[]}\">\n\t\t\t\t\t<div class=\"e-con-inner\">\n\t\t\t\t<div class=\"elementor-element elementor-element-abed2f9 elementor-widget elementor-widget-spacer\" data-id=\"abed2f9\" data-element_type=\"widget\" data-widget_type=\"spacer.default\">\n\t\t\t\t<div class=\"elementor-widget-container\">\n\t\t\t\t\t<div class=\"elementor-spacer\">\n\t\t\t<div class=\"elementor-spacer-inner\"><\/div>\n\t\t<\/div>\n\t\t\t\t<\/div>\n\t\t\t\t<\/div>\n\t\t\t\t\t<\/div>\n\t\t\t\t<\/div>\n\t\t\t\t\t<\/div>\n\t\t\t\t<\/div>\n\t\t<div class=\"elementor-element elementor-element-77fe2fa e-flex e-con-boxed e-con e-parent\" data-id=\"77fe2fa\" data-element_type=\"container\" data-settings=\"{&quot;jet_parallax_layout_list&quot;:[]}\">\n\t\t\t\t\t<div class=\"e-con-inner\">\n\t\t<div class=\"elementor-element elementor-element-0fe4057 e-con-full e-flex e-con e-child\" data-id=\"0fe4057\" data-element_type=\"container\" data-settings=\"{&quot;jet_parallax_layout_list&quot;:[]}\">\n\t\t<div class=\"elementor-element elementor-element-76a693b e-con-full e-flex e-con e-child\" data-id=\"76a693b\" data-element_type=\"container\" data-settings=\"{&quot;jet_parallax_layout_list&quot;:[]}\">\n\t\t\t\t<div class=\"elementor-element elementor-element-c699317 elementor-widget elementor-widget-text-editor\" data-id=\"c699317\" data-element_type=\"widget\" data-widget_type=\"text-editor.default\">\n\t\t\t\t<div class=\"elementor-widget-container\">\n\t\t\t\t\t\t\t<p style=\"text-align: right;\"><a href=\"https:\/\/lisbonpubliclaw.pt\/waterwastelisbon\/\">HOME\u00a0<\/a><\/p>\t\t\t\t\t\t<\/div>\n\t\t\t\t<\/div>\n\t\t\t\t<div class=\"elementor-element elementor-element-332f450 elementor-widget elementor-widget-heading\" data-id=\"332f450\" data-element_type=\"widget\" data-widget_type=\"heading.default\">\n\t\t\t\t<div class=\"elementor-widget-container\">\n\t\t\t<h4 class=\"elementor-heading-title elementor-size-default\">SUBMISS\u00c3O<\/h4>\t\t<\/div>\n\t\t\t\t<\/div>\n\t\t\t\t<div class=\"elementor-element elementor-element-4cf1e97 elementor-widget elementor-widget-heading\" data-id=\"4cf1e97\" data-element_type=\"widget\" data-widget_type=\"heading.default\">\n\t\t\t\t<div class=\"elementor-widget-container\">\n\t\t\t<h1 class=\"elementor-heading-title elementor-size-default\">Open Calls<\/h1>\t\t<\/div>\n\t\t\t\t<\/div>\n\t\t\t\t<\/div>\n\t\t<div class=\"elementor-element elementor-element-2a15d4a e-con-full elementor-hidden-mobile e-flex e-con e-child\" data-id=\"2a15d4a\" data-element_type=\"container\" data-settings=\"{&quot;jet_parallax_layout_list&quot;:[]}\">\n\t\t\t\t<div class=\"elementor-element elementor-element-30303ca e-transform elementor-widget elementor-widget-image\" data-id=\"30303ca\" data-element_type=\"widget\" data-settings=\"{&quot;_transform_flipX_effect&quot;:&quot;transform&quot;}\" data-widget_type=\"image.default\">\n\t\t\t\t<div class=\"elementor-widget-container\">\n\t\t\t\t\t\t\t\t\t\t\t\t\t<img fetchpriority=\"high\" decoding=\"async\" width=\"262\" height=\"262\" src=\"https:\/\/lisbonpubliclaw.pt\/wp-content\/uploads\/2025\/02\/lpl.svg\" class=\"attachment-large size-large wp-image-7694\" alt=\"\" \/>\t\t\t\t\t\t\t\t\t\t\t\t\t<\/div>\n\t\t\t\t<\/div>\n\t\t\t\t<\/div>\n\t\t\t\t<\/div>\n\t\t\t\t<div class=\"elementor-element elementor-element-3333052 elementor-widget-tablet__width-initial elementor-widget elementor-widget-text-editor\" data-id=\"3333052\" data-element_type=\"widget\" data-widget_type=\"text-editor.default\">\n\t\t\t\t<div class=\"elementor-widget-container\">\n\t\t\t\t\t\t\t<p>A Confer\u00eancia Internacional &#8220;One Water: O papel das novas fontes de \u00e1gua e das solu\u00e7\u00f5es baseadas na natureza (OneWater2025) ter\u00e1 lugar nos dias 05 e 06 de junho de 2025, em Lisboa, Portugal.<\/p><p>Esta confer\u00eancia ter\u00e1 como tema geral o <strong><span style=\"color: #3c76a7;\">papel das novas fontes de \u00e1gua, as solu\u00e7\u00f5es baseadas na natureza e as pr\u00e1ticas de gest\u00e3o inovadoras<\/span><\/strong>, com o objetivo de enfrentar os crescentes desafios globais, como a escassez de recursos h\u00eddricos e a degrada\u00e7\u00e3o ambiental. Os principais especialistas nesta \u00e1rea foram convidados como oradores!<\/p><p>Este congresso ser\u00e1 uma excelente oportunidade para estabelecer contactos, reunir e debater com acad\u00e9micos de topo, decisores, reguladores e funcion\u00e1rios governamentais, operadores p\u00fablicos e privados e outros stakeholders.<\/p><p style=\"text-align: center;\"><span style=\"color: #3c76a7;\"><strong>Esperamos v\u00ea-lo em Lisboa em junho de 2025.<\/strong><\/span><\/p><p style=\"text-align: center;\"><span style=\"color: #3c76a7;\"><strong>N\u00e3o perca esta oportunidade! Marque j\u00e1 na sua agenda.<\/strong><\/span><\/p>\t\t\t\t\t\t<\/div>\n\t\t\t\t<\/div>\n\t\t\t\t<div class=\"elementor-element elementor-element-637b569 elementor-widget elementor-widget-spacer\" data-id=\"637b569\" data-element_type=\"widget\" data-widget_type=\"spacer.default\">\n\t\t\t\t<div class=\"elementor-widget-container\">\n\t\t\t\t\t<div class=\"elementor-spacer\">\n\t\t\t<div class=\"elementor-spacer-inner\"><\/div>\n\t\t<\/div>\n\t\t\t\t<\/div>\n\t\t\t\t<\/div>\n\t\t\t\t\t<\/div>\n\t\t\t\t<\/div>\n\t\t<div class=\"elementor-element elementor-element-e4dac18 e-flex e-con-boxed e-con e-parent\" data-id=\"e4dac18\" data-element_type=\"container\" data-settings=\"{&quot;jet_parallax_layout_list&quot;:[]}\">\n\t\t\t\t\t<div class=\"e-con-inner\">\n\t\t<div class=\"elementor-element elementor-element-4bf4049 e-con-full e-flex e-con e-child\" data-id=\"4bf4049\" data-element_type=\"container\" data-settings=\"{&quot;jet_parallax_layout_list&quot;:[]}\">\n\t\t<div class=\"elementor-element elementor-element-d840782 e-con-full e-flex e-con e-child\" data-id=\"d840782\" data-element_type=\"container\" data-settings=\"{&quot;jet_parallax_layout_list&quot;:[]}\">\n\t\t\t\t<div class=\"elementor-element elementor-element-0ec118d elementor-widget elementor-widget-image\" data-id=\"0ec118d\" data-element_type=\"widget\" data-widget_type=\"image.default\">\n\t\t\t\t<div class=\"elementor-widget-container\">\n\t\t\t\t\t\t\t\t\t\t\t\t\t<img fetchpriority=\"high\" decoding=\"async\" width=\"262\" height=\"262\" src=\"https:\/\/lisbonpubliclaw.pt\/wp-content\/uploads\/2025\/02\/lpl.svg\" class=\"attachment-large size-large wp-image-7694\" alt=\"\" \/>\t\t\t\t\t\t\t\t\t\t\t\t\t<\/div>\n\t\t\t\t<\/div>\n\t\t\t\t<\/div>\n\t\t<div class=\"elementor-element elementor-element-4f1207b e-con-full e-flex e-con e-child\" data-id=\"4f1207b\" data-element_type=\"container\" data-settings=\"{&quot;jet_parallax_layout_list&quot;:[]}\">\n\t\t\t\t<div class=\"elementor-element elementor-element-b613926 elementor-widget elementor-widget-heading\" data-id=\"b613926\" data-element_type=\"widget\" data-widget_type=\"heading.default\">\n\t\t\t\t<div class=\"elementor-widget-container\">\n\t\t\t<h1 class=\"elementor-heading-title elementor-size-default\"><a href=\"https:\/\/forms.gle\/j1TaP24kSAWTkcMX8\">Call for papers\n<\/a><\/h1>\t\t<\/div>\n\t\t\t\t<\/div>\n\t\t\t\t<div class=\"elementor-element elementor-element-f383f01 elementor-hidden-mobile elementor-widget elementor-widget-heading\" data-id=\"f383f01\" data-element_type=\"widget\" data-widget_type=\"heading.default\">\n\t\t\t\t<div class=\"elementor-widget-container\">\n\t\t\t<h4 class=\"elementor-heading-title elementor-size-default\"><a href=\"https:\/\/www.sciencedirect.com\/special-issue\/322143\/onewater-the-role-of-new-water-sources-and-nature-based-solutions\">Special Issue <\/a><\/h4>\t\t<\/div>\n\t\t\t\t<\/div>\n\t\t\t\t<\/div>\n\t\t\t\t<\/div>\n\t\t\t\t\t<\/div>\n\t\t\t\t<\/div>\n\t\t<div class=\"elementor-element elementor-element-82ba91d e-flex e-con-boxed e-con e-parent\" data-id=\"82ba91d\" data-element_type=\"container\" data-settings=\"{&quot;jet_parallax_layout_list&quot;:[]}\">\n\t\t\t\t\t<div class=\"e-con-inner\">\n\t\t<div class=\"elementor-element elementor-element-b9fb29f e-con-full e-flex e-con e-child\" data-id=\"b9fb29f\" data-element_type=\"container\" data-settings=\"{&quot;jet_parallax_layout_list&quot;:[],&quot;background_background&quot;:&quot;classic&quot;}\">\n\t\t<div class=\"elementor-element elementor-element-119e024 e-con-full e-flex e-con e-child\" data-id=\"119e024\" data-element_type=\"container\" data-settings=\"{&quot;jet_parallax_layout_list&quot;:[]}\">\n\t\t\t\t<div class=\"elementor-element elementor-element-da59873 elementor-widget elementor-widget-heading\" data-id=\"da59873\" data-element_type=\"widget\" data-widget_type=\"heading.default\">\n\t\t\t\t<div class=\"elementor-widget-container\">\n\t\t\t<h2 class=\"elementor-heading-title elementor-size-default\">Informa\u00e7\u00e3o relevante<\/h2>\t\t<\/div>\n\t\t\t\t<\/div>\n\t\t\t\t<div class=\"elementor-element elementor-element-33fc9df elementor-widget elementor-widget-text-editor\" data-id=\"33fc9df\" data-element_type=\"widget\" data-widget_type=\"text-editor.default\">\n\t\t\t\t<div class=\"elementor-widget-container\">\n\t\t\t\t\t\t\t<p>Este n\u00famero especial pretende abordar este tema complexo e contribuir positivamente para a agenda de investiga\u00e7\u00e3o ambiental. Basear-se-\u00e1 nas ideias apresentadas na confer\u00eancia internacional realizada sob o mesmo t\u00edtulo. Este n\u00famero acolhe manuscritos inovadores e de elevada qualidade que tratem os seguintes temas, com vista a um futuro da \u00e1gua mais sustent\u00e1vel e resiliente.<\/p>\t\t\t\t\t\t<\/div>\n\t\t\t\t<\/div>\n\t\t\t\t<div class=\"elementor-element elementor-element-7d8f82b elementor-widget elementor-widget-heading\" data-id=\"7d8f82b\" data-element_type=\"widget\" data-widget_type=\"heading.default\">\n\t\t\t\t<div class=\"elementor-widget-container\">\n\t\t\t<h2 class=\"elementor-heading-title elementor-size-default\">Datas importantes<\/h2>\t\t<\/div>\n\t\t\t\t<\/div>\n\t\t\t\t<div class=\"elementor-element elementor-element-6c20e50 elementor-widget elementor-widget-text-editor\" data-id=\"6c20e50\" data-element_type=\"widget\" data-widget_type=\"text-editor.default\">\n\t\t\t\t<div class=\"elementor-widget-container\">\n\t\t\t\t\t\t\t<p><span style=\"color: #3c76a7;\"><strong>Data de abertura de submiss\u00f5es:<\/strong> <\/span>7 de junho de 2025<br \/><strong><span style=\"color: #3c76a7;\">Data limite para submiss\u00f5es:<\/span><\/strong> 31 de outubro de 2025<\/p>\t\t\t\t\t\t<\/div>\n\t\t\t\t<\/div>\n\t\t\t\t<div class=\"elementor-element elementor-element-3734b84 elementor-align-left elementor-mobile-align-center elementor-widget elementor-widget-button\" data-id=\"3734b84\" data-element_type=\"widget\" data-widget_type=\"button.default\">\n\t\t\t\t<div class=\"elementor-widget-container\">\n\t\t\t\t\t\t\t<div class=\"elementor-button-wrapper\">\n\t\t\t\t\t<a class=\"elementor-button elementor-button-link elementor-size-sm\" href=\"https:\/\/www.sciencedirect.com\/special-issue\/322143\/onewater-the-role-of-new-water-sources-and-nature-based-solutions\" target=\"_blank\">\n\t\t\t\t\t\t<span class=\"elementor-button-content-wrapper\">\n\t\t\t\t\t\t\t\t\t<span class=\"elementor-button-text\">submeta o seu abstract<\/span>\n\t\t\t\t\t<\/span>\n\t\t\t\t\t<\/a>\n\t\t\t\t<\/div>\n\t\t\t\t\t\t<\/div>\n\t\t\t\t<\/div>\n\t\t\t\t<\/div>\n\t\t<div class=\"elementor-element elementor-element-b26322a e-con-full elementor-hidden-mobile e-flex e-con e-child\" data-id=\"b26322a\" data-element_type=\"container\" data-settings=\"{&quot;jet_parallax_layout_list&quot;:[]}\">\n\t\t\t\t<\/div>\n\t\t<div class=\"elementor-element elementor-element-fc44f21 e-con-full e-flex e-con e-child\" data-id=\"fc44f21\" data-element_type=\"container\" data-settings=\"{&quot;jet_parallax_layout_list&quot;:[]}\">\n\t\t\t\t<div class=\"elementor-element elementor-element-581e354 elementor-widget elementor-widget-heading\" data-id=\"581e354\" data-element_type=\"widget\" data-widget_type=\"heading.default\">\n\t\t\t\t<div class=\"elementor-widget-container\">\n\t\t\t<h2 class=\"elementor-heading-title elementor-size-default\">O que submeter <\/h2>\t\t<\/div>\n\t\t\t\t<\/div>\n\t\t\t\t<div class=\"elementor-element elementor-element-77d853a elementor-widget elementor-widget-text-editor\" data-id=\"77d853a\" data-element_type=\"widget\" data-widget_type=\"text-editor.default\">\n\t\t\t\t<div class=\"elementor-widget-container\">\n\t\t\t\t\t\t\t<p>Os autores podem submeter manuscritos para este N\u00famero Especial atrav\u00e9s do Editorial Manager, o sistema de submiss\u00e3o online da revista <em>Environmental Research<\/em>, seguindo os procedimentos habituais de submiss\u00e3o de manuscritos. Quando solicitado a selecionar o tipo de artigo (<em>Select Article Type<\/em>), devem escolher o nosso N\u00famero Especial: <strong>\u2018SVSI:OneWater\u2019<\/strong>.<\/p><p><strong>Portal de Submiss\u00e3o:<\/strong> <a href=\"https:\/\/www.editorialmanager.com\/envres\/default2.aspx\">Editorial Manager\u00ae<\/a><\/p><p>As <em>Instru\u00e7\u00f5es para Autores<\/em> e a submiss\u00e3o de manuscritos encontram-se dispon\u00edveis em:<br \/><a href=\"https:\/\/www.sciencedirect.com\/journal\/environmental-research\">Guide for authors &#8211; Environmental Research &#8211; ISSN 0013-9351 | ScienceDirect.com by Elsevier<\/a><\/p>\t\t\t\t\t\t<\/div>\n\t\t\t\t<\/div>\n\t\t\t\t<\/div>\n\t\t\t\t<\/div>\n\t\t\t\t\t<\/div>\n\t\t\t\t<\/div>\n\t\t<div class=\"elementor-element elementor-element-cd427fd elementor-hidden-desktop elementor-hidden-laptop elementor-hidden-tablet elementor-hidden-mobile e-flex e-con-boxed e-con e-parent\" data-id=\"cd427fd\" data-element_type=\"container\" data-settings=\"{&quot;jet_parallax_layout_list&quot;:[]}\">\n\t\t\t\t\t<div class=\"e-con-inner\">\n\t\t<div class=\"elementor-element elementor-element-c35f3d0 e-con-full e-flex e-con e-child\" data-id=\"c35f3d0\" data-element_type=\"container\" data-settings=\"{&quot;jet_parallax_layout_list&quot;:[]}\">\n\t\t<div class=\"elementor-element elementor-element-5b9056a e-con-full e-flex e-con e-child\" data-id=\"5b9056a\" data-element_type=\"container\" data-settings=\"{&quot;jet_parallax_layout_list&quot;:[]}\">\n\t\t\t\t<div class=\"elementor-element elementor-element-52f08f9 elementor-widget elementor-widget-image\" data-id=\"52f08f9\" data-element_type=\"widget\" data-widget_type=\"image.default\">\n\t\t\t\t<div class=\"elementor-widget-container\">\n\t\t\t\t\t\t\t\t\t\t\t\t\t<img fetchpriority=\"high\" decoding=\"async\" width=\"262\" height=\"262\" src=\"https:\/\/lisbonpubliclaw.pt\/wp-content\/uploads\/2025\/02\/lpl.svg\" class=\"attachment-large size-large wp-image-7694\" alt=\"\" \/>\t\t\t\t\t\t\t\t\t\t\t\t\t<\/div>\n\t\t\t\t<\/div>\n\t\t\t\t<\/div>\n\t\t<div class=\"elementor-element elementor-element-cc01118 e-con-full e-flex e-con e-child\" data-id=\"cc01118\" data-element_type=\"container\" data-settings=\"{&quot;jet_parallax_layout_list&quot;:[]}\">\n\t\t\t\t<div class=\"elementor-element elementor-element-ae37c26 elementor-widget elementor-widget-heading\" data-id=\"ae37c26\" data-element_type=\"widget\" data-widget_type=\"heading.default\">\n\t\t\t\t<div class=\"elementor-widget-container\">\n\t\t\t<h1 class=\"elementor-heading-title elementor-size-default\"><a href=\"https:\/\/forms.gle\/j1TaP24kSAWTkcMX8\">Submiss\u00e3o de Abstracts<\/a><\/h1>\t\t<\/div>\n\t\t\t\t<\/div>\n\t\t\t\t<div class=\"elementor-element elementor-element-cd45f35 elementor-hidden-mobile elementor-widget elementor-widget-heading\" data-id=\"cd45f35\" data-element_type=\"widget\" data-widget_type=\"heading.default\">\n\t\t\t\t<div class=\"elementor-widget-container\">\n\t\t\t<h4 class=\"elementor-heading-title elementor-size-default\"><a href=\"https:\/\/forms.gle\/j1TaP24kSAWTkcMX8\">TUDO O QUE PRECISA DE SABER <\/a><\/h4>\t\t<\/div>\n\t\t\t\t<\/div>\n\t\t\t\t<\/div>\n\t\t\t\t<\/div>\n\t\t\t\t\t<\/div>\n\t\t\t\t<\/div>\n\t\t<div class=\"elementor-element elementor-element-1768c7e elementor-hidden-desktop elementor-hidden-laptop elementor-hidden-tablet elementor-hidden-mobile e-flex e-con-boxed e-con e-parent\" data-id=\"1768c7e\" data-element_type=\"container\" data-settings=\"{&quot;jet_parallax_layout_list&quot;:[],&quot;background_background&quot;:&quot;classic&quot;}\">\n\t\t\t\t\t<div class=\"e-con-inner\">\n\t\t<div class=\"elementor-element elementor-element-875bb0e e-con-full e-flex e-con e-child\" data-id=\"875bb0e\" data-element_type=\"container\" data-settings=\"{&quot;jet_parallax_layout_list&quot;:[]}\">\n\t\t\t\t<div class=\"elementor-element elementor-element-32009f6 elementor-widget elementor-widget-heading\" data-id=\"32009f6\" data-element_type=\"widget\" data-widget_type=\"heading.default\">\n\t\t\t\t<div class=\"elementor-widget-container\">\n\t\t\t<h2 class=\"elementor-heading-title elementor-size-default\">Formato da apresenta\u00e7\u00e3o<\/h2>\t\t<\/div>\n\t\t\t\t<\/div>\n\t\t\t\t<div class=\"elementor-element elementor-element-8f325d2 elementor-widget elementor-widget-text-editor\" data-id=\"8f325d2\" data-element_type=\"widget\" data-widget_type=\"text-editor.default\">\n\t\t\t\t<div class=\"elementor-widget-container\">\n\t\t\t\t\t\t\t<p>Ter\u00e1 15 minutos para descrever o seu trabalho a um p\u00fablico multidisciplinar com um interesse genu\u00edno no seu dom\u00ednio, seguido de um debate informado.<\/p>\t\t\t\t\t\t<\/div>\n\t\t\t\t<\/div>\n\t\t\t\t<\/div>\n\t\t<div class=\"elementor-element elementor-element-a2978d9 e-con-full elementor-hidden-mobile elementor-hidden-desktop elementor-hidden-laptop elementor-hidden-tablet e-flex e-con e-child\" data-id=\"a2978d9\" data-element_type=\"container\" data-settings=\"{&quot;jet_parallax_layout_list&quot;:[]}\">\n\t\t\t\t<\/div>\n\t\t<div class=\"elementor-element elementor-element-22319ba e-con-full e-flex e-con e-child\" data-id=\"22319ba\" data-element_type=\"container\" data-settings=\"{&quot;jet_parallax_layout_list&quot;:[]}\">\n\t\t\t\t<div class=\"elementor-element elementor-element-e3776de elementor-widget elementor-widget-heading\" data-id=\"e3776de\" data-element_type=\"widget\" data-widget_type=\"heading.default\">\n\t\t\t\t<div class=\"elementor-widget-container\">\n\t\t\t<h2 class=\"elementor-heading-title elementor-size-default\">O que apresentar<\/h2>\t\t<\/div>\n\t\t\t\t<\/div>\n\t\t\t\t<div class=\"elementor-element elementor-element-9adae34 elementor-widget elementor-widget-text-editor\" data-id=\"9adae34\" data-element_type=\"widget\" data-widget_type=\"text-editor.default\">\n\t\t\t\t<div class=\"elementor-widget-container\">\n\t\t\t\t\t\t\t<p>A submiss\u00e3o inicial deve ser um resumo com um m\u00e1ximo de 200 palavras. Posteriormente, os resumos selecionados devem ser submetidos como artigos completos com 4500 &#8211; 6000 palavras.<\/p>\t\t\t\t\t\t<\/div>\n\t\t\t\t<\/div>\n\t\t\t\t<\/div>\n\t\t<div class=\"elementor-element elementor-element-2270661 e-con-full e-flex e-con e-child\" data-id=\"2270661\" data-element_type=\"container\" data-settings=\"{&quot;jet_parallax_layout_list&quot;:[],&quot;background_background&quot;:&quot;classic&quot;}\">\n\t\t\t\t<div class=\"elementor-element elementor-element-a7de5b5 elementor-widget elementor-widget-heading\" data-id=\"a7de5b5\" data-element_type=\"widget\" data-widget_type=\"heading.default\">\n\t\t\t\t<div class=\"elementor-widget-container\">\n\t\t\t<h2 class=\"elementor-heading-title elementor-size-default\">Os artigos ser\u00e3o publicados?<\/h2>\t\t<\/div>\n\t\t\t\t<\/div>\n\t\t\t\t<div class=\"elementor-element elementor-element-b74fa2e elementor-widget elementor-widget-text-editor\" data-id=\"b74fa2e\" data-element_type=\"widget\" data-widget_type=\"text-editor.default\">\n\t\t\t\t<div class=\"elementor-widget-container\">\n\t\t\t\t\t\t\t<p>Sim, a publica\u00e7\u00e3o \u00e9 garantida em atas de confer\u00eancias ou num n\u00famero especial de uma revista cient\u00edfica de refer\u00eancia com revis\u00e3o por pares (<em>TbD)<\/em>.<\/p>\t\t\t\t\t\t<\/div>\n\t\t\t\t<\/div>\n\t\t\t\t<\/div>\n\t\t<div class=\"elementor-element elementor-element-1d6a25b e-con-full elementor-hidden-mobile e-flex e-con e-child\" data-id=\"1d6a25b\" data-element_type=\"container\" data-settings=\"{&quot;jet_parallax_layout_list&quot;:[]}\">\n\t\t\t\t<\/div>\n\t\t<div class=\"elementor-element elementor-element-e697429 e-con-full e-flex e-con e-child\" data-id=\"e697429\" data-element_type=\"container\" data-settings=\"{&quot;jet_parallax_layout_list&quot;:[]}\">\n\t\t\t\t<div class=\"elementor-element elementor-element-3e8e129 elementor-widget elementor-widget-heading\" data-id=\"3e8e129\" data-element_type=\"widget\" data-widget_type=\"heading.default\">\n\t\t\t\t<div class=\"elementor-widget-container\">\n\t\t\t<h2 class=\"elementor-heading-title elementor-size-default\">Datas importantes<\/h2>\t\t<\/div>\n\t\t\t\t<\/div>\n\t\t\t\t<div class=\"elementor-element elementor-element-3685b0c elementor-widget elementor-widget-text-editor\" data-id=\"3685b0c\" data-element_type=\"widget\" data-widget_type=\"text-editor.default\">\n\t\t\t\t<div class=\"elementor-widget-container\">\n\t\t\t\t\t\t\t<ul>\n<li>&#8211; Os resumos devem ser apresentados at\u00e9 30\/04;<br>&#8211; As decis\u00f5es de aceita\u00e7\u00e3o ser\u00e3o disponibilizadas a 15\/05;<br>&#8211; Os resumos selecionados devem ser apresentados como artigos completos at\u00e9 30\/09 para publica\u00e7\u00e3o em ata\/n\u00ba especial.<\/li>\n<\/ul>\t\t\t\t\t\t<\/div>\n\t\t\t\t<\/div>\n\t\t\t\t<\/div>\n\t\t<div class=\"elementor-element elementor-element-4c53ea3 e-con-full e-flex e-con e-child\" data-id=\"4c53ea3\" data-element_type=\"container\" data-settings=\"{&quot;jet_parallax_layout_list&quot;:[]}\">\n\t\t\t\t<div class=\"elementor-element elementor-element-575c8d8 elementor-widget elementor-widget-heading\" data-id=\"575c8d8\" data-element_type=\"widget\" data-widget_type=\"heading.default\">\n\t\t\t\t<div class=\"elementor-widget-container\">\n\t\t\t<h2 class=\"elementor-heading-title elementor-size-default\">Quanto tenho de pagar?<\/h2>\t\t<\/div>\n\t\t\t\t<\/div>\n\t\t\t\t<div class=\"elementor-element elementor-element-d3dc659 elementor-widget elementor-widget-text-editor\" data-id=\"d3dc659\" data-element_type=\"widget\" data-widget_type=\"text-editor.default\">\n\t\t\t\t<div class=\"elementor-widget-container\">\n\t\t\t\t\t\t\t<p>Todos os participantes s\u00e3o obrigados a registar-se e pagar antes de participarem na confer\u00eancia. <br \/>Os participantes s\u00e3o respons\u00e1veis pelas suas pr\u00f3prias despesas de desloca\u00e7\u00e3o e alojamento. <br \/>Os participantes que n\u00e3o finalizarem a sua inscri\u00e7\u00e3o atempadamente n\u00e3o t\u00eam a garantia de serem inclu\u00eddos no programa final. <br \/>O almo\u00e7o, os intervalos para caf\u00e9 e o material de apoio est\u00e3o inclu\u00eddos na taxa de inscri\u00e7\u00e3o.\u00a0<\/p>\t\t\t\t\t\t<\/div>\n\t\t\t\t<\/div>\n\t\t\t\t<div class=\"elementor-element elementor-element-483e815 elementor-hidden-mobile elementor-widget elementor-widget-spacer\" data-id=\"483e815\" data-element_type=\"widget\" data-widget_type=\"spacer.default\">\n\t\t\t\t<div class=\"elementor-widget-container\">\n\t\t\t\t\t<div class=\"elementor-spacer\">\n\t\t\t<div class=\"elementor-spacer-inner\"><\/div>\n\t\t<\/div>\n\t\t\t\t<\/div>\n\t\t\t\t<\/div>\n\t\t\t\t<\/div>\n\t\t<div class=\"elementor-element elementor-element-8093e9c e-con-full elementor-hidden-mobile e-flex e-con e-child\" data-id=\"8093e9c\" data-element_type=\"container\" data-settings=\"{&quot;jet_parallax_layout_list&quot;:[]}\">\n\t\t\t\t<\/div>\n\t\t<div class=\"elementor-element elementor-element-0256ce2 e-con-full e-flex e-con e-child\" data-id=\"0256ce2\" data-element_type=\"container\" data-settings=\"{&quot;jet_parallax_layout_list&quot;:[]}\">\n\t\t\t\t<div class=\"elementor-element elementor-element-b48bf5b elementor-widget elementor-widget-heading\" data-id=\"b48bf5b\" data-element_type=\"widget\" data-widget_type=\"heading.default\">\n\t\t\t\t<div class=\"elementor-widget-container\">\n\t\t\t<h2 class=\"elementor-heading-title elementor-size-default\">Valores do registo<\/h2>\t\t<\/div>\n\t\t\t\t<\/div>\n\t\t\t\t<div class=\"elementor-element elementor-element-b4eb160 elementor-widget elementor-widget-text-editor\" data-id=\"b4eb160\" data-element_type=\"widget\" data-widget_type=\"text-editor.default\">\n\t\t\t\t<div class=\"elementor-widget-container\">\n\t\t\t\t\t\t\t<p><span style=\"color: #3c76a7;\"><strong>Estudante<span style=\"color: #3c76a7;\">s<\/span><\/strong><strong> &#8211;<\/strong><\/span> Entrada Livre<br \/><strong><span style=\"color: #3c76a7;\">N\u00e3o estudante<\/span><span style=\"color: #3c76a7;\"> &#8211;<\/span><\/strong> Registo antecipado (at\u00e9 30\/04) &#8211; 150\u20ac\u00a0<br \/><strong><span style=\"color: #3c76a7;\">N\u00e3o estudante<\/span> <span style=\"color: #3c76a7;\">&#8211;<\/span> <\/strong>Pre\u00e7o normal (at\u00e9 30\/05) &#8211; 185\u20ac\u00a0<\/p>\t\t\t\t\t\t<\/div>\n\t\t\t\t<\/div>\n\t\t\t\t<div class=\"elementor-element elementor-element-2e279b5 elementor-align-center elementor-mobile-align-center elementor-widget elementor-widget-button\" data-id=\"2e279b5\" data-element_type=\"widget\" data-widget_type=\"button.default\">\n\t\t\t\t<div class=\"elementor-widget-container\">\n\t\t\t\t\t\t\t<div class=\"elementor-button-wrapper\">\n\t\t\t\t\t<a class=\"elementor-button elementor-button-link elementor-size-sm\" href=\"https:\/\/forms.gle\/WoYWKsdGbTKH1BoS6\" target=\"_blank\">\n\t\t\t\t\t\t<span class=\"elementor-button-content-wrapper\">\n\t\t\t\t\t\t\t\t\t<span class=\"elementor-button-text\">SUBMETA AQUI O SEU ABSTRACT<\/span>\n\t\t\t\t\t<\/span>\n\t\t\t\t\t<\/a>\n\t\t\t\t<\/div>\n\t\t\t\t\t\t<\/div>\n\t\t\t\t<\/div>\n\t\t\t\t<div class=\"elementor-element elementor-element-192d914 elementor-widget elementor-widget-spacer\" data-id=\"192d914\" data-element_type=\"widget\" data-widget_type=\"spacer.default\">\n\t\t\t\t<div class=\"elementor-widget-container\">\n\t\t\t\t\t<div class=\"elementor-spacer\">\n\t\t\t<div class=\"elementor-spacer-inner\"><\/div>\n\t\t<\/div>\n\t\t\t\t<\/div>\n\t\t\t\t<\/div>\n\t\t\t\t<\/div>\n\t\t\t\t\t<\/div>\n\t\t\t\t<\/div>\n\t\t<div class=\"elementor-element elementor-element-b23da74 e-flex e-con-boxed e-con e-parent\" data-id=\"b23da74\" data-element_type=\"container\" data-settings=\"{&quot;jet_parallax_layout_list&quot;:[]}\">\n\t\t\t\t\t<div class=\"e-con-inner\">\n\t\t<div class=\"elementor-element elementor-element-7f231b1 e-con-full e-flex e-con e-child\" data-id=\"7f231b1\" data-element_type=\"container\" data-settings=\"{&quot;jet_parallax_layout_list&quot;:[]}\">\n\t\t<div class=\"elementor-element elementor-element-b07956f e-con-full e-flex e-con e-child\" data-id=\"b07956f\" data-element_type=\"container\" data-settings=\"{&quot;jet_parallax_layout_list&quot;:[]}\">\n\t\t\t\t<div class=\"elementor-element elementor-element-49286b0 elementor-widget elementor-widget-text-editor\" data-id=\"49286b0\" data-element_type=\"widget\" data-widget_type=\"text-editor.default\">\n\t\t\t\t<div class=\"elementor-widget-container\">\n\t\t\t\t\t\t\t<p style=\"text-align: right;\"><a href=\"https:\/\/lisbonpubliclaw.pt\/waterwastelisbon\/\">HOME\u00a0<\/a><\/p>\t\t\t\t\t\t<\/div>\n\t\t\t\t<\/div>\n\t\t\t\t<div class=\"elementor-element elementor-element-dc46524 elementor-hidden-mobile elementor-widget elementor-widget-heading\" data-id=\"dc46524\" data-element_type=\"widget\" data-widget_type=\"heading.default\">\n\t\t\t\t<div class=\"elementor-widget-container\">\n\t\t\t<h4 class=\"elementor-heading-title elementor-size-default\">REGISTO<\/h4>\t\t<\/div>\n\t\t\t\t<\/div>\n\t\t\t\t<div class=\"elementor-element elementor-element-ba9c1a5 elementor-widget elementor-widget-heading\" data-id=\"ba9c1a5\" data-element_type=\"widget\" data-widget_type=\"heading.default\">\n\t\t\t\t<div class=\"elementor-widget-container\">\n\t\t\t<h1 class=\"elementor-heading-title elementor-size-default\">Participa\u00e7\u00e3o<\/h1>\t\t<\/div>\n\t\t\t\t<\/div>\n\t\t\t\t<\/div>\n\t\t<div class=\"elementor-element elementor-element-edf3971 e-con-full e-flex e-con e-child\" data-id=\"edf3971\" data-element_type=\"container\" data-settings=\"{&quot;jet_parallax_layout_list&quot;:[]}\">\n\t\t\t\t<div class=\"elementor-element elementor-element-0b15a0b e-transform elementor-widget elementor-widget-image\" data-id=\"0b15a0b\" data-element_type=\"widget\" data-settings=\"{&quot;_transform_flipX_effect&quot;:&quot;transform&quot;}\" data-widget_type=\"image.default\">\n\t\t\t\t<div class=\"elementor-widget-container\">\n\t\t\t\t\t\t\t\t\t\t\t\t\t<img fetchpriority=\"high\" decoding=\"async\" width=\"262\" height=\"262\" src=\"https:\/\/lisbonpubliclaw.pt\/wp-content\/uploads\/2025\/02\/lpl.svg\" class=\"attachment-large size-large wp-image-7694\" alt=\"\" \/>\t\t\t\t\t\t\t\t\t\t\t\t\t<\/div>\n\t\t\t\t<\/div>\n\t\t\t\t<\/div>\n\t\t\t\t<\/div>\n\t\t<div class=\"elementor-element elementor-element-7424ad2 e-con-full e-flex e-con e-child\" data-id=\"7424ad2\" data-element_type=\"container\" data-settings=\"{&quot;jet_parallax_layout_list&quot;:[],&quot;background_background&quot;:&quot;classic&quot;}\">\n\t\t<div class=\"elementor-element elementor-element-7eb24e0 e-con-full e-flex e-con e-child\" data-id=\"7eb24e0\" data-element_type=\"container\" data-settings=\"{&quot;jet_parallax_layout_list&quot;:[]}\">\n\t\t\t\t<div class=\"elementor-element elementor-element-6889e6c elementor-widget elementor-widget-heading\" data-id=\"6889e6c\" data-element_type=\"widget\" data-widget_type=\"heading.default\">\n\t\t\t\t<div class=\"elementor-widget-container\">\n\t\t\t<h2 class=\"elementor-heading-title elementor-size-default\">Quanto tenho de pagar?<\/h2>\t\t<\/div>\n\t\t\t\t<\/div>\n\t\t\t\t<div class=\"elementor-element elementor-element-d5b3138 elementor-widget elementor-widget-text-editor\" data-id=\"d5b3138\" data-element_type=\"widget\" data-widget_type=\"text-editor.default\">\n\t\t\t\t<div class=\"elementor-widget-container\">\n\t\t\t\t\t\t\t<p>Todos os participantes s\u00e3o obrigados a registar-se e pagar antes de participarem na confer\u00eancia. <br \/>Os participantes s\u00e3o respons\u00e1veis pelas suas pr\u00f3prias despesas de desloca\u00e7\u00e3o e alojamento. <br \/>Os participantes que n\u00e3o finalizarem a sua inscri\u00e7\u00e3o atempadamente n\u00e3o t\u00eam a garantia de serem inclu\u00eddos no programa final. <br \/>O almo\u00e7o, os intervalos para caf\u00e9 e o material de apoio est\u00e3o inclu\u00eddos na taxa de inscri\u00e7\u00e3o.\u00a0<\/p>\t\t\t\t\t\t<\/div>\n\t\t\t\t<\/div>\n\t\t\t\t<div class=\"elementor-element elementor-element-6ad6c3a elementor-widget elementor-widget-heading\" data-id=\"6ad6c3a\" data-element_type=\"widget\" data-widget_type=\"heading.default\">\n\t\t\t\t<div class=\"elementor-widget-container\">\n\t\t\t<h2 class=\"elementor-heading-title elementor-size-default\">Valores do registo<\/h2>\t\t<\/div>\n\t\t\t\t<\/div>\n\t\t\t\t<div class=\"elementor-element elementor-element-5337afd elementor-widget elementor-widget-text-editor\" data-id=\"5337afd\" data-element_type=\"widget\" data-widget_type=\"text-editor.default\">\n\t\t\t\t<div class=\"elementor-widget-container\">\n\t\t\t\t\t\t\t<p><span style=\"color: #3c76a7;\"><strong>Estudante<span style=\"color: #3c76a7;\">s<\/span><\/strong><strong> &#8211;<\/strong><\/span> Entrada Livre<br \/><strong><span style=\"color: #3c76a7;\">N\u00e3o estudante<\/span><span style=\"color: #3c76a7;\"> &#8211;<\/span><\/strong> Registo antecipado (at\u00e9 30\/04) &#8211; 150\u20ac\u00a0<br \/><strong><span style=\"color: #3c76a7;\">N\u00e3o estudante<\/span> <span style=\"color: #3c76a7;\">&#8211;<\/span> <\/strong>Pre\u00e7o normal (at\u00e9 30\/05) &#8211; 185\u20ac\u00a0<\/p>\t\t\t\t\t\t<\/div>\n\t\t\t\t<\/div>\n\t\t\t\t<div class=\"elementor-element elementor-element-e2a169b elementor-align-left elementor-mobile-align-center elementor-widget elementor-widget-button\" data-id=\"e2a169b\" data-element_type=\"widget\" data-widget_type=\"button.default\">\n\t\t\t\t<div class=\"elementor-widget-container\">\n\t\t\t\t\t\t\t<div class=\"elementor-button-wrapper\">\n\t\t\t\t\t<a class=\"elementor-button elementor-button-link elementor-size-sm\" href=\"https:\/\/forms.gle\/x81Pk4Wv8C8qRNnz5\" target=\"_blank\">\n\t\t\t\t\t\t<span class=\"elementor-button-content-wrapper\">\n\t\t\t\t\t\t\t\t\t<span class=\"elementor-button-text\">registe-se aqui<\/span>\n\t\t\t\t\t<\/span>\n\t\t\t\t\t<\/a>\n\t\t\t\t<\/div>\n\t\t\t\t\t\t<\/div>\n\t\t\t\t<\/div>\n\t\t\t\t<\/div>\n\t\t<div class=\"elementor-element elementor-element-62b8ada e-con-full elementor-hidden-mobile e-flex e-con e-child\" data-id=\"62b8ada\" data-element_type=\"container\" data-settings=\"{&quot;jet_parallax_layout_list&quot;:[]}\">\n\t\t\t\t<\/div>\n\t\t<div class=\"elementor-element elementor-element-c120fa8 e-con-full e-flex e-con e-child\" data-id=\"c120fa8\" data-element_type=\"container\" data-settings=\"{&quot;jet_parallax_layout_list&quot;:[]}\">\n\t\t\t\t<div class=\"elementor-element elementor-element-b59a222 elementor-widget elementor-widget-heading\" data-id=\"b59a222\" data-element_type=\"widget\" data-widget_type=\"heading.default\">\n\t\t\t\t<div class=\"elementor-widget-container\">\n\t\t\t<h2 class=\"elementor-heading-title elementor-size-default\">M\u00e9todos de pagamento<\/h2>\t\t<\/div>\n\t\t\t\t<\/div>\n\t\t\t\t<div class=\"elementor-element elementor-element-cc31cb7 elementor-widget elementor-widget-text-editor\" data-id=\"cc31cb7\" data-element_type=\"widget\" data-widget_type=\"text-editor.default\">\n\t\t\t\t<div class=\"elementor-widget-container\">\n\t\t\t\t\t\t\t<p><strong><span style=\"color: #3c76a7;\">Paypal:\u00a0<\/span><\/strong><br \/>&#8211; Clique no <span style=\"text-decoration: underline;\"><a href=\"https:\/\/www.paypal.com\/paypalme\/ICJPeCIDP?country.x=PT&amp;locale.x=pt_PT\" target=\"_blank\" rel=\"noopener\"><strong>LINK<\/strong><\/a><\/span> do PayPal.Me ou introduza-o no seu browser.<br \/>&#8211; Clique em Enviar.<br \/>&#8211; Introduza o montante, adicione uma nota (\u201cWWL25\u201d + NOME utilizado no formul\u00e1rio de registo) e clique em Continuar.<br \/>&#8211; Se dispon\u00edvel, escolha \u201cPagar por um item ou servi\u00e7o\u201d<br \/>&#8211; Escolha o seu m\u00e9todo de pagamento e clique em Seguinte.<\/p><p><span style=\"color: #3c76a7;\"><strong>Transfer\u00eancia banc\u00e1ria:\u00a0<\/strong><\/span><br \/><strong><span style=\"color: #000000;\">Descri\u00e7\u00e3o da opera\u00e7\u00e3o &#8211; <\/span><\/strong>WWL25+[full name]<br \/><strong>IBAN &#8211;<\/strong> PT50 0035 0824 00012709330 79<br \/><strong>Account &#8211;<\/strong>\u00a0LPL<br \/><strong>Address &#8211;<\/strong>\u00a0LPL, Faculdade de Direito, Alameda da Universidade, <br \/>1649-014 Lisboa<br \/><strong>BIC SWIFT \u2013<\/strong> CGDIPTPL<\/p>\t\t\t\t\t\t<\/div>\n\t\t\t\t<\/div>\n\t\t\t\t<\/div>\n\t\t\t\t<\/div>\n\t\t\t\t\t<\/div>\n\t\t\t\t<\/div>\n\t\t<div class=\"elementor-element elementor-element-b6abb6f e-flex e-con-boxed e-con e-parent\" data-id=\"b6abb6f\" data-element_type=\"container\" data-settings=\"{&quot;background_background&quot;:&quot;classic&quot;,&quot;jet_parallax_layout_list&quot;:[]}\">\n\t\t\t\t\t<div class=\"e-con-inner\">\n\t\t\t\t\t<\/div>\n\t\t\t\t<\/div>\n\t\t<div class=\"elementor-element elementor-element-a874a45 e-flex e-con-boxed e-con e-parent\" data-id=\"a874a45\" data-element_type=\"container\" data-settings=\"{&quot;jet_parallax_layout_list&quot;:[]}\">\n\t\t\t\t\t<div class=\"e-con-inner\">\n\t\t<div class=\"elementor-element elementor-element-14784d5 e-con-full e-flex e-con e-child\" data-id=\"14784d5\" data-element_type=\"container\" data-settings=\"{&quot;jet_parallax_layout_list&quot;:[]}\">\n\t\t\t\t<div class=\"elementor-element elementor-element-3e606f3 elementor-widget elementor-widget-image\" data-id=\"3e606f3\" data-element_type=\"widget\" data-widget_type=\"image.default\">\n\t\t\t\t<div class=\"elementor-widget-container\">\n\t\t\t\t\t\t\t\t\t\t\t\t\t<img decoding=\"async\" width=\"1024\" height=\"80\" src=\"https:\/\/lisbonpubliclaw.pt\/wp-content\/uploads\/2025\/05\/Cartaz-Water-WEB-1-e1747671531134-1024x80.png\" class=\"attachment-large size-large wp-image-10240\" alt=\"\" srcset=\"https:\/\/lisbonpubliclaw.pt\/wp-content\/uploads\/2025\/05\/Cartaz-Water-WEB-1-e1747671531134-1024x80.png 1024w, https:\/\/lisbonpubliclaw.pt\/wp-content\/uploads\/2025\/05\/Cartaz-Water-WEB-1-e1747671531134-300x24.png 300w, https:\/\/lisbonpubliclaw.pt\/wp-content\/uploads\/2025\/05\/Cartaz-Water-WEB-1-e1747671531134-768x60.png 768w, https:\/\/lisbonpubliclaw.pt\/wp-content\/uploads\/2025\/05\/Cartaz-Water-WEB-1-e1747671531134-18x1.png 18w, https:\/\/lisbonpubliclaw.pt\/wp-content\/uploads\/2025\/05\/Cartaz-Water-WEB-1-e1747671531134-600x47.png 600w, https:\/\/lisbonpubliclaw.pt\/wp-content\/uploads\/2025\/05\/Cartaz-Water-WEB-1-e1747671531134.png 1145w\" sizes=\"(max-width: 1024px) 100vw, 1024px\" \/>\t\t\t\t\t\t\t\t\t\t\t\t\t<\/div>\n\t\t\t\t<\/div>\n\t\t\t\t<\/div>\n\t\t\t\t\t<\/div>\n\t\t\t\t<\/div>\n\t\t<div class=\"elementor-element elementor-element-af40e77 e-con-full elementor-hidden-mobile e-flex e-con e-parent\" data-id=\"af40e77\" data-element_type=\"container\" data-settings=\"{&quot;jet_parallax_layout_list&quot;:[]}\">\n\t\t<div class=\"elementor-element elementor-element-fa2396b e-con-full e-flex e-con e-child\" data-id=\"fa2396b\" data-element_type=\"container\" data-settings=\"{&quot;jet_parallax_layout_list&quot;:[]}\">\n\t\t<div class=\"elementor-element elementor-element-b0215bc e-con-full e-flex e-con e-child\" data-id=\"b0215bc\" data-element_type=\"container\" data-settings=\"{&quot;jet_parallax_layout_list&quot;:[]}\">\n\t\t\t\t<div class=\"elementor-element elementor-element-0a3cf48 elementor-widget elementor-widget-image\" data-id=\"0a3cf48\" data-element_type=\"widget\" data-widget_type=\"image.default\">\n\t\t\t\t<div class=\"elementor-widget-container\">\n\t\t\t\t\t\t\t\t\t\t\t\t\t<img decoding=\"async\" width=\"300\" height=\"73\" src=\"https:\/\/lisbonpubliclaw.pt\/wp-content\/uploads\/2025\/02\/logotipo-geral-horizontal-preto-png-e1741281127840-300x73.png\" class=\"attachment-medium size-medium wp-image-8232\" alt=\"\" srcset=\"https:\/\/lisbonpubliclaw.pt\/wp-content\/uploads\/2025\/02\/logotipo-geral-horizontal-preto-png-e1741281127840-300x73.png 300w, https:\/\/lisbonpubliclaw.pt\/wp-content\/uploads\/2025\/02\/logotipo-geral-horizontal-preto-png-e1741281127840-1024x249.png 1024w, https:\/\/lisbonpubliclaw.pt\/wp-content\/uploads\/2025\/02\/logotipo-geral-horizontal-preto-png-e1741281127840-768x186.png 768w, https:\/\/lisbonpubliclaw.pt\/wp-content\/uploads\/2025\/02\/logotipo-geral-horizontal-preto-png-e1741281127840-1536x373.png 1536w, https:\/\/lisbonpubliclaw.pt\/wp-content\/uploads\/2025\/02\/logotipo-geral-horizontal-preto-png-e1741281127840-2048x497.png 2048w, https:\/\/lisbonpubliclaw.pt\/wp-content\/uploads\/2025\/02\/logotipo-geral-horizontal-preto-png-e1741281127840-18x4.png 18w, https:\/\/lisbonpubliclaw.pt\/wp-content\/uploads\/2025\/02\/logotipo-geral-horizontal-preto-png-e1741281127840-600x146.png 600w\" sizes=\"(max-width: 300px) 100vw, 300px\" \/>\t\t\t\t\t\t\t\t\t\t\t\t\t<\/div>\n\t\t\t\t<\/div>\n\t\t\t\t<\/div>\n\t\t<div class=\"elementor-element elementor-element-2aa9212 e-con-full e-flex e-con e-child\" data-id=\"2aa9212\" data-element_type=\"container\" data-settings=\"{&quot;jet_parallax_layout_list&quot;:[]}\">\n\t\t\t\t<div class=\"elementor-element elementor-element-3739d62 elementor-widget elementor-widget-image\" data-id=\"3739d62\" data-element_type=\"widget\" data-widget_type=\"image.default\">\n\t\t\t\t<div class=\"elementor-widget-container\">\n\t\t\t\t\t\t\t\t\t\t\t\t\t<img loading=\"lazy\" decoding=\"async\" width=\"300\" height=\"129\" src=\"https:\/\/lisbonpubliclaw.pt\/wp-content\/uploads\/2025\/02\/RCM2_logo-e1741281167364-300x129.png\" class=\"attachment-medium size-medium wp-image-8233\" alt=\"\" srcset=\"https:\/\/lisbonpubliclaw.pt\/wp-content\/uploads\/2025\/02\/RCM2_logo-e1741281167364-300x129.png 300w, https:\/\/lisbonpubliclaw.pt\/wp-content\/uploads\/2025\/02\/RCM2_logo-e1741281167364-1024x441.png 1024w, https:\/\/lisbonpubliclaw.pt\/wp-content\/uploads\/2025\/02\/RCM2_logo-e1741281167364-768x331.png 768w, https:\/\/lisbonpubliclaw.pt\/wp-content\/uploads\/2025\/02\/RCM2_logo-e1741281167364-18x8.png 18w, https:\/\/lisbonpubliclaw.pt\/wp-content\/uploads\/2025\/02\/RCM2_logo-e1741281167364-600x258.png 600w, https:\/\/lisbonpubliclaw.pt\/wp-content\/uploads\/2025\/02\/RCM2_logo-e1741281167364.png 1170w\" sizes=\"(max-width: 300px) 100vw, 300px\" \/>\t\t\t\t\t\t\t\t\t\t\t\t\t<\/div>\n\t\t\t\t<\/div>\n\t\t\t\t<\/div>\n\t\t<div class=\"elementor-element elementor-element-be37b14 e-con-full e-flex e-con e-child\" data-id=\"be37b14\" data-element_type=\"container\" data-settings=\"{&quot;jet_parallax_layout_list&quot;:[]}\">\n\t\t\t\t<div class=\"elementor-element elementor-element-cd0cbe8 elementor-widget__width-initial elementor-widget elementor-widget-image\" data-id=\"cd0cbe8\" data-element_type=\"widget\" data-widget_type=\"image.default\">\n\t\t\t\t<div class=\"elementor-widget-container\">\n\t\t\t\t\t\t\t\t\t\t\t\t\t\t<a href=\"https:\/\/biofin-project.eu\/\">\n\t\t\t\t\t\t\t<img loading=\"lazy\" decoding=\"async\" width=\"300\" height=\"134\" src=\"https:\/\/lisbonpubliclaw.pt\/wp-content\/uploads\/2025\/02\/biofin_logo_final-e1741281195476-300x134.png\" class=\"attachment-medium size-medium wp-image-8231\" alt=\"\" srcset=\"https:\/\/lisbonpubliclaw.pt\/wp-content\/uploads\/2025\/02\/biofin_logo_final-e1741281195476-300x134.png 300w, https:\/\/lisbonpubliclaw.pt\/wp-content\/uploads\/2025\/02\/biofin_logo_final-e1741281195476-1024x456.png 1024w, https:\/\/lisbonpubliclaw.pt\/wp-content\/uploads\/2025\/02\/biofin_logo_final-e1741281195476-768x342.png 768w, https:\/\/lisbonpubliclaw.pt\/wp-content\/uploads\/2025\/02\/biofin_logo_final-e1741281195476-18x8.png 18w, https:\/\/lisbonpubliclaw.pt\/wp-content\/uploads\/2025\/02\/biofin_logo_final-e1741281195476-600x267.png 600w, https:\/\/lisbonpubliclaw.pt\/wp-content\/uploads\/2025\/02\/biofin_logo_final-e1741281195476.png 1332w\" sizes=\"(max-width: 300px) 100vw, 300px\" \/>\t\t\t\t\t\t\t\t<\/a>\n\t\t\t\t\t\t\t\t\t\t\t\t\t<\/div>\n\t\t\t\t<\/div>\n\t\t\t\t<\/div>\n\t\t\t\t<\/div>\n\t\t\t\t<\/div>\n\t\t\t\t<\/div>\n\t\t","protected":false},"excerpt":{"rendered":"<p>HOME\u00a0 SUBMISS\u00c3O Open Calls A Confer\u00eancia Internacional &#8220;One Water: O papel das novas fontes de \u00e1gua e das solu\u00e7\u00f5es baseadas na natureza (OneWater2025) ter\u00e1 lugar nos dias 05 e 06 de junho de 2025, em Lisboa, Portugal. Esta confer\u00eancia ter\u00e1 como tema geral o papel das novas fontes de \u00e1gua, as solu\u00e7\u00f5es baseadas na natureza [&hellip;]<\/p>\n","protected":false},"author":1,"featured_media":0,"parent":7536,"menu_order":0,"comment_status":"closed","ping_status":"closed","template":"elementor_header_footer","meta":{"footnotes":""},"cluster":[],"grupo-de-investigacao":[11],"class_list":["post-7541","page","type-page","status-publish","hentry","grupo-de-investigacao-direito-administrativo"],"yoast_head":"<!-- This site is optimized with the Yoast SEO plugin v27.5 - https:\/\/yoast.com\/product\/yoast-seo-wordpress\/ -->\n<title>Open Calls - Lisbon Public Law<\/title>\n<meta name=\"robots\" content=\"index, follow, max-snippet:-1, max-image-preview:large, max-video-preview:-1\" \/>\n<link rel=\"canonical\" href=\"https:\/\/lisbonpubliclaw.pt\/en\/waterwastelisbon\/open-calls-ww\/\" \/>\n<meta property=\"og:locale\" content=\"en_US\" \/>\n<meta property=\"og:type\" content=\"article\" \/>\n<meta property=\"og:title\" content=\"Open Calls - Lisbon Public Law\" \/>\n<meta property=\"og:description\" content=\"HOME\u00a0 SUBMISS\u00c3O Open Calls A Confer\u00eancia Internacional &#8220;One Water: O papel das novas fontes de \u00e1gua e das solu\u00e7\u00f5es baseadas na natureza (OneWater2025) ter\u00e1 lugar nos dias 05 e 06 de junho de 2025, em Lisboa, Portugal. Esta confer\u00eancia ter\u00e1 como tema geral o papel das novas fontes de \u00e1gua, as solu\u00e7\u00f5es baseadas na natureza [&hellip;]\" \/>\n<meta property=\"og:url\" content=\"https:\/\/lisbonpubliclaw.pt\/en\/waterwastelisbon\/open-calls-ww\/\" \/>\n<meta property=\"og:site_name\" content=\"Lisbon Public Law\" \/>\n<meta property=\"article:modified_time\" content=\"2025-05-27T13:37:13+00:00\" \/>\n<meta name=\"twitter:card\" content=\"summary_large_image\" \/>\n<meta name=\"twitter:label1\" content=\"Est. reading time\" \/>\n\t<meta name=\"twitter:data1\" content=\"6 minutes\" \/>\n<script type=\"application\/ld+json\" class=\"yoast-schema-graph\">{\"@context\":\"https:\\\/\\\/schema.org\",\"@graph\":[{\"@type\":\"WebPage\",\"@id\":\"https:\\\/\\\/lisbonpubliclaw.pt\\\/waterwastelisbon\\\/open-calls-aguas-e-residuos\\\/\",\"url\":\"https:\\\/\\\/lisbonpubliclaw.pt\\\/waterwastelisbon\\\/open-calls-aguas-e-residuos\\\/\",\"name\":\"Open Calls - Lisbon Public Law\",\"isPartOf\":{\"@id\":\"https:\\\/\\\/lisbonpubliclaw.pt\\\/#website\"},\"primaryImageOfPage\":{\"@id\":\"https:\\\/\\\/lisbonpubliclaw.pt\\\/waterwastelisbon\\\/open-calls-aguas-e-residuos\\\/#primaryimage\"},\"image\":{\"@id\":\"https:\\\/\\\/lisbonpubliclaw.pt\\\/waterwastelisbon\\\/open-calls-aguas-e-residuos\\\/#primaryimage\"},\"thumbnailUrl\":\"https:\\\/\\\/lisbonpubliclaw.pt\\\/wp-content\\\/uploads\\\/2025\\\/02\\\/lpl.svg\",\"datePublished\":\"2025-02-06T10:22:39+00:00\",\"dateModified\":\"2025-05-27T13:37:13+00:00\",\"breadcrumb\":{\"@id\":\"https:\\\/\\\/lisbonpubliclaw.pt\\\/waterwastelisbon\\\/open-calls-aguas-e-residuos\\\/#breadcrumb\"},\"inLanguage\":\"en-US\",\"potentialAction\":[{\"@type\":\"ReadAction\",\"target\":[\"https:\\\/\\\/lisbonpubliclaw.pt\\\/waterwastelisbon\\\/open-calls-aguas-e-residuos\\\/\"]}]},{\"@type\":\"ImageObject\",\"inLanguage\":\"en-US\",\"@id\":\"https:\\\/\\\/lisbonpubliclaw.pt\\\/waterwastelisbon\\\/open-calls-aguas-e-residuos\\\/#primaryimage\",\"url\":\"https:\\\/\\\/lisbonpubliclaw.pt\\\/wp-content\\\/uploads\\\/2025\\\/02\\\/lpl.svg\",\"contentUrl\":\"https:\\\/\\\/lisbonpubliclaw.pt\\\/wp-content\\\/uploads\\\/2025\\\/02\\\/lpl.svg\"},{\"@type\":\"BreadcrumbList\",\"@id\":\"https:\\\/\\\/lisbonpubliclaw.pt\\\/waterwastelisbon\\\/open-calls-aguas-e-residuos\\\/#breadcrumb\",\"itemListElement\":[{\"@type\":\"ListItem\",\"position\":1,\"name\":\"Home\",\"item\":\"https:\\\/\\\/lisbonpubliclaw.pt\\\/\"},{\"@type\":\"ListItem\",\"position\":2,\"name\":\"Water Waste Lisbon\",\"item\":\"https:\\\/\\\/lisbonpubliclaw.pt\\\/waterwastelisbon\\\/\"},{\"@type\":\"ListItem\",\"position\":3,\"name\":\"Open Calls\"}]},{\"@type\":\"WebSite\",\"@id\":\"https:\\\/\\\/lisbonpubliclaw.pt\\\/#website\",\"url\":\"https:\\\/\\\/lisbonpubliclaw.pt\\\/\",\"name\":\"Lisbon Public Law\",\"description\":\"Public Law Research Centre in Lisbon\",\"publisher\":{\"@id\":\"https:\\\/\\\/lisbonpubliclaw.pt\\\/#organization\"},\"potentialAction\":[{\"@type\":\"SearchAction\",\"target\":{\"@type\":\"EntryPoint\",\"urlTemplate\":\"https:\\\/\\\/lisbonpubliclaw.pt\\\/?s={search_term_string}\"},\"query-input\":{\"@type\":\"PropertyValueSpecification\",\"valueRequired\":true,\"valueName\":\"search_term_string\"}}],\"inLanguage\":\"en-US\"},{\"@type\":\"Organization\",\"@id\":\"https:\\\/\\\/lisbonpubliclaw.pt\\\/#organization\",\"name\":\"Lisbon Public Law\",\"url\":\"https:\\\/\\\/lisbonpubliclaw.pt\\\/\",\"logo\":{\"@type\":\"ImageObject\",\"inLanguage\":\"en-US\",\"@id\":\"https:\\\/\\\/lisbonpubliclaw.pt\\\/#\\\/schema\\\/logo\\\/image\\\/\",\"url\":\"https:\\\/\\\/lisbonpubliclaw.pt\\\/wp-content\\\/uploads\\\/2023\\\/06\\\/WhatsApp-Image-2023-06-19-at-11.01.50-1.jpeg\",\"contentUrl\":\"https:\\\/\\\/lisbonpubliclaw.pt\\\/wp-content\\\/uploads\\\/2023\\\/06\\\/WhatsApp-Image-2023-06-19-at-11.01.50-1.jpeg\",\"width\":354,\"height\":354,\"caption\":\"Lisbon Public Law\"},\"image\":{\"@id\":\"https:\\\/\\\/lisbonpubliclaw.pt\\\/#\\\/schema\\\/logo\\\/image\\\/\"}}]}<\/script>\n<!-- \/ Yoast SEO plugin. -->","yoast_head_json":{"title":"Open Calls - Lisbon Public Law","robots":{"index":"index","follow":"follow","max-snippet":"max-snippet:-1","max-image-preview":"max-image-preview:large","max-video-preview":"max-video-preview:-1"},"canonical":"https:\/\/lisbonpubliclaw.pt\/en\/waterwastelisbon\/open-calls-ww\/","og_locale":"en_US","og_type":"article","og_title":"Open Calls - Lisbon Public Law","og_description":"HOME\u00a0 SUBMISS\u00c3O Open Calls A Confer\u00eancia Internacional &#8220;One Water: O papel das novas fontes de \u00e1gua e das solu\u00e7\u00f5es baseadas na natureza (OneWater2025) ter\u00e1 lugar nos dias 05 e 06 de junho de 2025, em Lisboa, Portugal. Esta confer\u00eancia ter\u00e1 como tema geral o papel das novas fontes de \u00e1gua, as solu\u00e7\u00f5es baseadas na natureza [&hellip;]","og_url":"https:\/\/lisbonpubliclaw.pt\/en\/waterwastelisbon\/open-calls-ww\/","og_site_name":"Lisbon Public Law","article_modified_time":"2025-05-27T13:37:13+00:00","twitter_card":"summary_large_image","twitter_misc":{"Est. reading time":"6 minutes"},"schema":{"@context":"https:\/\/schema.org","@graph":[{"@type":"WebPage","@id":"https:\/\/lisbonpubliclaw.pt\/waterwastelisbon\/open-calls-aguas-e-residuos\/","url":"https:\/\/lisbonpubliclaw.pt\/waterwastelisbon\/open-calls-aguas-e-residuos\/","name":"Open Calls - Lisbon Public Law","isPartOf":{"@id":"https:\/\/lisbonpubliclaw.pt\/#website"},"primaryImageOfPage":{"@id":"https:\/\/lisbonpubliclaw.pt\/waterwastelisbon\/open-calls-aguas-e-residuos\/#primaryimage"},"image":{"@id":"https:\/\/lisbonpubliclaw.pt\/waterwastelisbon\/open-calls-aguas-e-residuos\/#primaryimage"},"thumbnailUrl":"https:\/\/lisbonpubliclaw.pt\/wp-content\/uploads\/2025\/02\/lpl.svg","datePublished":"2025-02-06T10:22:39+00:00","dateModified":"2025-05-27T13:37:13+00:00","breadcrumb":{"@id":"https:\/\/lisbonpubliclaw.pt\/waterwastelisbon\/open-calls-aguas-e-residuos\/#breadcrumb"},"inLanguage":"en-US","potentialAction":[{"@type":"ReadAction","target":["https:\/\/lisbonpubliclaw.pt\/waterwastelisbon\/open-calls-aguas-e-residuos\/"]}]},{"@type":"ImageObject","inLanguage":"en-US","@id":"https:\/\/lisbonpubliclaw.pt\/waterwastelisbon\/open-calls-aguas-e-residuos\/#primaryimage","url":"https:\/\/lisbonpubliclaw.pt\/wp-content\/uploads\/2025\/02\/lpl.svg","contentUrl":"https:\/\/lisbonpubliclaw.pt\/wp-content\/uploads\/2025\/02\/lpl.svg"},{"@type":"BreadcrumbList","@id":"https:\/\/lisbonpubliclaw.pt\/waterwastelisbon\/open-calls-aguas-e-residuos\/#breadcrumb","itemListElement":[{"@type":"ListItem","position":1,"name":"Home","item":"https:\/\/lisbonpubliclaw.pt\/"},{"@type":"ListItem","position":2,"name":"Water Waste Lisbon","item":"https:\/\/lisbonpubliclaw.pt\/waterwastelisbon\/"},{"@type":"ListItem","position":3,"name":"Open Calls"}]},{"@type":"WebSite","@id":"https:\/\/lisbonpubliclaw.pt\/#website","url":"https:\/\/lisbonpubliclaw.pt\/","name":"Lisbon Public Law","description":"Public Law Research Centre in Lisbon","publisher":{"@id":"https:\/\/lisbonpubliclaw.pt\/#organization"},"potentialAction":[{"@type":"SearchAction","target":{"@type":"EntryPoint","urlTemplate":"https:\/\/lisbonpubliclaw.pt\/?s={search_term_string}"},"query-input":{"@type":"PropertyValueSpecification","valueRequired":true,"valueName":"search_term_string"}}],"inLanguage":"en-US"},{"@type":"Organization","@id":"https:\/\/lisbonpubliclaw.pt\/#organization","name":"Lisbon Public Law","url":"https:\/\/lisbonpubliclaw.pt\/","logo":{"@type":"ImageObject","inLanguage":"en-US","@id":"https:\/\/lisbonpubliclaw.pt\/#\/schema\/logo\/image\/","url":"https:\/\/lisbonpubliclaw.pt\/wp-content\/uploads\/2023\/06\/WhatsApp-Image-2023-06-19-at-11.01.50-1.jpeg","contentUrl":"https:\/\/lisbonpubliclaw.pt\/wp-content\/uploads\/2023\/06\/WhatsApp-Image-2023-06-19-at-11.01.50-1.jpeg","width":354,"height":354,"caption":"Lisbon Public Law"},"image":{"@id":"https:\/\/lisbonpubliclaw.pt\/#\/schema\/logo\/image\/"}}]}},"_links":{"self":[{"href":"https:\/\/lisbonpubliclaw.pt\/en\/wp-json\/wp\/v2\/pages\/7541","targetHints":{"allow":["GET"]}}],"collection":[{"href":"https:\/\/lisbonpubliclaw.pt\/en\/wp-json\/wp\/v2\/pages"}],"about":[{"href":"https:\/\/lisbonpubliclaw.pt\/en\/wp-json\/wp\/v2\/types\/page"}],"author":[{"embeddable":true,"href":"https:\/\/lisbonpubliclaw.pt\/en\/wp-json\/wp\/v2\/users\/1"}],"replies":[{"embeddable":true,"href":"https:\/\/lisbonpubliclaw.pt\/en\/wp-json\/wp\/v2\/comments?post=7541"}],"version-history":[{"count":289,"href":"https:\/\/lisbonpubliclaw.pt\/en\/wp-json\/wp\/v2\/pages\/7541\/revisions"}],"predecessor-version":[{"id":10490,"href":"https:\/\/lisbonpubliclaw.pt\/en\/wp-json\/wp\/v2\/pages\/7541\/revisions\/10490"}],"up":[{"embeddable":true,"href":"https:\/\/lisbonpubliclaw.pt\/en\/wp-json\/wp\/v2\/pages\/7536"}],"wp:attachment":[{"href":"https:\/\/lisbonpubliclaw.pt\/en\/wp-json\/wp\/v2\/media?parent=7541"}],"wp:term":[{"taxonomy":"cluster","embeddable":true,"href":"https:\/\/lisbonpubliclaw.pt\/en\/wp-json\/wp\/v2\/cluster?post=7541"},{"taxonomy":"grupo-de-investigacao","embeddable":true,"href":"https:\/\/lisbonpubliclaw.pt\/en\/wp-json\/wp\/v2\/grupo-de-investigacao?post=7541"}],"curies":[{"name":"wp","href":"https:\/\/api.w.org\/{rel}","templated":true}]}}