{"id":7538,"date":"2025-02-06T10:17:20","date_gmt":"2025-02-06T10:17:20","guid":{"rendered":"https:\/\/lisbonpubliclaw.pt\/?page_id=7538"},"modified":"2025-05-19T16:25:46","modified_gmt":"2025-05-19T16:25:46","slug":"organization-committee","status":"publish","type":"page","link":"https:\/\/lisbonpubliclaw.pt\/en\/waterwastelisbon\/comissao-organizadora\/","title":{"rendered":"Organization Committee"},"content":{"rendered":"<div data-elementor-type=\"wp-page\" data-elementor-id=\"7538\" class=\"elementor elementor-7538\" data-elementor-post-type=\"page\">\n\t\t\t\t<div class=\"elementor-element elementor-element-d045526 e-con-full e-flex e-con e-parent\" data-id=\"d045526\" data-element_type=\"container\" data-settings=\"{&quot;jet_parallax_layout_list&quot;:[]}\">\n\t\t<div class=\"elementor-element elementor-element-6edb941 e-con-full e-flex e-con e-child\" data-id=\"6edb941\" data-element_type=\"container\" data-settings=\"{&quot;jet_parallax_layout_list&quot;:[]}\">\n\t\t\t\t<div class=\"elementor-element elementor-element-748f835 elementor-widget elementor-widget-shortcode\" data-id=\"748f835\" data-element_type=\"widget\" data-widget_type=\"shortcode.default\">\n\t\t\t\t<div class=\"elementor-widget-container\">\n\t\t\t\t\t<div class=\"elementor-shortcode\">\t\t<div data-elementor-type=\"container\" data-elementor-id=\"7550\" class=\"elementor elementor-7550\" data-elementor-post-type=\"elementor_library\">\n\t\t\t\t<div class=\"elementor-element elementor-element-29821f2 e-con-full e-flex e-con e-parent\" data-id=\"29821f2\" data-element_type=\"container\" data-settings=\"{&quot;jet_parallax_layout_list&quot;:[]}\">\n\t\t<div class=\"elementor-element elementor-element-f296c85 e-flex e-con-boxed e-con e-child\" data-id=\"f296c85\" data-element_type=\"container\" data-settings=\"{&quot;background_background&quot;:&quot;classic&quot;,&quot;jet_parallax_layout_list&quot;:[]}\">\n\t\t\t\t\t<div class=\"e-con-inner\">\n\t\t\t\t<div class=\"elementor-element elementor-element-1a52302 elementor-widget elementor-widget-heading\" data-id=\"1a52302\" data-element_type=\"widget\" data-widget_type=\"heading.default\">\n\t\t\t\t<div class=\"elementor-widget-container\">\n\t\t\t<h2 class=\"elementor-heading-title elementor-size-default\"><a href=\"https:\/\/lisbonpubliclaw.pt\/en\/waterwastelisbon\/programa-water-waste-lisbon\/\">PROGRAMME<\/a><\/h2>\t\t<\/div>\n\t\t\t\t<\/div>\n\t\t\t\t\t<\/div>\n\t\t\t\t<\/div>\n\t\t<div class=\"elementor-element elementor-element-c29427e e-flex e-con-boxed e-con e-child\" data-id=\"c29427e\" data-element_type=\"container\" data-settings=\"{&quot;background_background&quot;:&quot;classic&quot;,&quot;jet_parallax_layout_list&quot;:[]}\">\n\t\t\t\t\t<div class=\"e-con-inner\">\n\t\t\t\t<div class=\"elementor-element elementor-element-2ea38d4 elementor-widget elementor-widget-heading\" data-id=\"2ea38d4\" data-element_type=\"widget\" data-widget_type=\"heading.default\">\n\t\t\t\t<div class=\"elementor-widget-container\">\n\t\t\t<h2 class=\"elementor-heading-title elementor-size-default\"><a href=\"https:\/\/lisbonpubliclaw.pt\/en\/os-servicos-publicos-de-aguas-e-residuos\/organization-committee\/\">OneWater Committees<\/a><\/h2>\t\t<\/div>\n\t\t\t\t<\/div>\n\t\t\t\t\t<\/div>\n\t\t\t\t<\/div>\n\t\t<div class=\"elementor-element elementor-element-6239b56 e-flex e-con-boxed e-con e-child\" data-id=\"6239b56\" data-element_type=\"container\" data-settings=\"{&quot;background_background&quot;:&quot;classic&quot;,&quot;jet_parallax_layout_list&quot;:[]}\">\n\t\t\t\t\t<div class=\"e-con-inner\">\n\t\t\t\t<div class=\"elementor-element elementor-element-a4af077 elementor-widget elementor-widget-heading\" data-id=\"a4af077\" data-element_type=\"widget\" data-widget_type=\"heading.default\">\n\t\t\t\t<div class=\"elementor-widget-container\">\n\t\t\t<h2 class=\"elementor-heading-title elementor-size-default\"><a href=\"https:\/\/lisbonpubliclaw.pt\/en\/os-servicos-publicos-de-aguas-e-residuos\/open-calls-ww\/\">OPEN CALLS<\/a><\/h2>\t\t<\/div>\n\t\t\t\t<\/div>\n\t\t\t\t\t<\/div>\n\t\t\t\t<\/div>\n\t\t<div class=\"elementor-element elementor-element-eb4fece e-flex e-con-boxed e-con e-child\" data-id=\"eb4fece\" data-element_type=\"container\" data-settings=\"{&quot;background_background&quot;:&quot;classic&quot;,&quot;jet_parallax_layout_list&quot;:[]}\">\n\t\t\t\t\t<div class=\"e-con-inner\">\n\t\t\t\t<div class=\"elementor-element elementor-element-7b8ef2c elementor-widget elementor-widget-heading\" data-id=\"7b8ef2c\" data-element_type=\"widget\" data-widget_type=\"heading.default\">\n\t\t\t\t<div class=\"elementor-widget-container\">\n\t\t\t<h2 class=\"elementor-heading-title elementor-size-default\"><a href=\"https:\/\/lisbonpubliclaw.pt\/en\/os-servicos-publicos-de-aguas-e-residuos\/venue-aguas-e-residuos\/\">VENUE<\/a><\/h2>\t\t<\/div>\n\t\t\t\t<\/div>\n\t\t\t\t\t<\/div>\n\t\t\t\t<\/div>\n\t\t<div class=\"elementor-element elementor-element-1954635 e-flex e-con-boxed e-con e-child\" data-id=\"1954635\" data-element_type=\"container\" data-settings=\"{&quot;background_background&quot;:&quot;classic&quot;,&quot;jet_parallax_layout_list&quot;:[]}\">\n\t\t\t\t\t<div class=\"e-con-inner\">\n\t\t\t\t<div class=\"elementor-element elementor-element-d697786 elementor-widget elementor-widget-heading\" data-id=\"d697786\" data-element_type=\"widget\" data-widget_type=\"heading.default\">\n\t\t\t\t<div class=\"elementor-widget-container\">\n\t\t\t<h2 class=\"elementor-heading-title elementor-size-default\"><a href=\"https:\/\/lisbonpubliclaw.pt\/en\/os-servicos-publicos-de-aguas-e-residuos\/eventos-aguas-e-residuos\/\">PAST EDITIONS<\/a><\/h2>\t\t<\/div>\n\t\t\t\t<\/div>\n\t\t\t\t\t<\/div>\n\t\t\t\t<\/div>\n\t\t\t\t<\/div>\n\t\t\t\t<\/div>\n\t\t<\/div>\n\t\t\t\t<\/div>\n\t\t\t\t<\/div>\n\t\t\t\t<\/div>\n\t\t\t\t<\/div>\n\t\t<div class=\"elementor-element elementor-element-566a079 elementor-hidden-mobile e-flex e-con-boxed e-con e-parent\" data-id=\"566a079\" data-element_type=\"container\" data-settings=\"{&quot;jet_parallax_layout_list&quot;:[]}\">\n\t\t\t\t\t<div class=\"e-con-inner\">\n\t\t<div class=\"elementor-element elementor-element-d11d0c6 e-flex e-con-boxed e-con e-child\" data-id=\"d11d0c6\" data-element_type=\"container\" data-settings=\"{&quot;jet_parallax_layout_list&quot;:[]}\">\n\t\t\t\t\t<div class=\"e-con-inner\">\n\t\t\t\t<div class=\"elementor-element elementor-element-abed2f9 elementor-widget elementor-widget-spacer\" data-id=\"abed2f9\" data-element_type=\"widget\" data-widget_type=\"spacer.default\">\n\t\t\t\t<div class=\"elementor-widget-container\">\n\t\t\t\t\t<div class=\"elementor-spacer\">\n\t\t\t<div class=\"elementor-spacer-inner\"><\/div>\n\t\t<\/div>\n\t\t\t\t<\/div>\n\t\t\t\t<\/div>\n\t\t\t\t\t<\/div>\n\t\t\t\t<\/div>\n\t\t\t\t\t<\/div>\n\t\t\t\t<\/div>\n\t\t<div class=\"elementor-element elementor-element-77fe2fa e-flex e-con-boxed e-con e-parent\" data-id=\"77fe2fa\" data-element_type=\"container\" data-settings=\"{&quot;jet_parallax_layout_list&quot;:[]}\">\n\t\t\t\t\t<div class=\"e-con-inner\">\n\t\t<div class=\"elementor-element elementor-element-2304cd2 e-flex e-con-boxed e-con e-child\" data-id=\"2304cd2\" data-element_type=\"container\" data-settings=\"{&quot;jet_parallax_layout_list&quot;:[]}\">\n\t\t\t\t\t<div class=\"e-con-inner\">\n\t\t<div class=\"elementor-element elementor-element-a7afef9 e-con-full e-flex e-con e-child\" data-id=\"a7afef9\" data-element_type=\"container\" data-settings=\"{&quot;jet_parallax_layout_list&quot;:[]}\">\n\t\t\t\t<div class=\"elementor-element elementor-element-00a33ba elementor-widget elementor-widget-text-editor\" data-id=\"00a33ba\" data-element_type=\"widget\" data-widget_type=\"text-editor.default\">\n\t\t\t\t<div class=\"elementor-widget-container\">\n\t\t\t\t\t\t\t<p><a href=\"https:\/\/lisbonpubliclaw.pt\/en\/waterwastelisbon\/\">HOME\u00a0<\/a><\/p>\t\t\t\t\t\t<\/div>\n\t\t\t\t<\/div>\n\t\t\t\t<div class=\"elementor-element elementor-element-0c8ec12 elementor-hidden-mobile elementor-widget elementor-widget-heading\" data-id=\"0c8ec12\" data-element_type=\"widget\" data-widget_type=\"heading.default\">\n\t\t\t\t<div class=\"elementor-widget-container\">\n\t\t\t<h4 class=\"elementor-heading-title elementor-size-default\">TEAM<\/h4>\t\t<\/div>\n\t\t\t\t<\/div>\n\t\t\t\t<div class=\"elementor-element elementor-element-45962ce elementor-widget elementor-widget-heading\" data-id=\"45962ce\" data-element_type=\"widget\" data-widget_type=\"heading.default\">\n\t\t\t\t<div class=\"elementor-widget-container\">\n\t\t\t<h1 class=\"elementor-heading-title elementor-size-default\">OneWater Committees<\/h1>\t\t<\/div>\n\t\t\t\t<\/div>\n\t\t\t\t<\/div>\n\t\t<div class=\"elementor-element elementor-element-405958c e-con-full elementor-hidden-laptop elementor-hidden-mobile e-flex e-con e-child\" data-id=\"405958c\" data-element_type=\"container\" data-settings=\"{&quot;jet_parallax_layout_list&quot;:[]}\">\n\t\t\t\t<\/div>\n\t\t\t\t\t<\/div>\n\t\t\t\t<\/div>\n\t\t\t\t\t<\/div>\n\t\t\t\t<\/div>\n\t\t<div class=\"elementor-element elementor-element-80dd4c2 e-flex e-con-boxed e-con e-parent\" data-id=\"80dd4c2\" data-element_type=\"container\" data-settings=\"{&quot;jet_parallax_layout_list&quot;:[]}\">\n\t\t\t\t\t<div class=\"e-con-inner\">\n\t\t<div class=\"elementor-element elementor-element-fbb11f8 e-con-full e-flex e-con e-child\" data-id=\"fbb11f8\" data-element_type=\"container\" data-settings=\"{&quot;jet_parallax_layout_list&quot;:[]}\">\n\t\t<div class=\"elementor-element elementor-element-421c587 e-con-full e-flex e-con e-child\" data-id=\"421c587\" data-element_type=\"container\" data-settings=\"{&quot;jet_parallax_layout_list&quot;:[]}\">\n\t\t\t\t<div class=\"elementor-element elementor-element-c0537af elementor-widget elementor-widget-heading\" data-id=\"c0537af\" data-element_type=\"widget\" data-widget_type=\"heading.default\">\n\t\t\t\t<div class=\"elementor-widget-container\">\n\t\t\t<h2 class=\"elementor-heading-title elementor-size-default\">Coordination<\/h2>\t\t<\/div>\n\t\t\t\t<\/div>\n\t\t\t\t<\/div>\n\t\t<div class=\"elementor-element elementor-element-f92abef e-con-full e-flex e-con e-child\" data-id=\"f92abef\" data-element_type=\"container\" data-settings=\"{&quot;jet_parallax_layout_list&quot;:[]}\">\n\t\t\t\t<div class=\"elementor-element elementor-element-37c0521 e-transform elementor-widget elementor-widget-image\" data-id=\"37c0521\" data-element_type=\"widget\" data-settings=\"{&quot;_transform_flipX_effect&quot;:&quot;transform&quot;}\" data-widget_type=\"image.default\">\n\t\t\t\t<div class=\"elementor-widget-container\">\n\t\t\t\t\t\t\t\t\t\t\t\t\t<img fetchpriority=\"high\" decoding=\"async\" width=\"262\" height=\"262\" src=\"https:\/\/lisbonpubliclaw.pt\/wp-content\/uploads\/2025\/02\/lpl.svg\" class=\"attachment-large size-large wp-image-7694\" alt=\"\" \/>\t\t\t\t\t\t\t\t\t\t\t\t\t<\/div>\n\t\t\t\t<\/div>\n\t\t\t\t<\/div>\n\t\t\t\t<\/div>\n\t\t\t\t\t<\/div>\n\t\t\t\t<\/div>\n\t\t<div class=\"elementor-element elementor-element-fe26f46 e-flex e-con-boxed e-con e-parent\" data-id=\"fe26f46\" data-element_type=\"container\" data-settings=\"{&quot;jet_parallax_layout_list&quot;:[]}\">\n\t\t\t\t\t<div class=\"e-con-inner\">\n\t\t<div class=\"elementor-element elementor-element-387e3f3 e-con-full elementor-hidden-mobile e-flex e-con e-child\" data-id=\"387e3f3\" data-element_type=\"container\" data-settings=\"{&quot;jet_parallax_layout_list&quot;:[]}\">\n\t\t\t\t<\/div>\n\t\t<div class=\"elementor-element elementor-element-5b7da93 e-con-full e-flex e-con e-child\" data-id=\"5b7da93\" data-element_type=\"container\" data-settings=\"{&quot;jet_parallax_layout_list&quot;:[]}\">\n\t\t\t\t<div class=\"elementor-element elementor-element-05c30c5 elementor-widget elementor-widget-image\" data-id=\"05c30c5\" data-element_type=\"widget\" data-widget_type=\"image.default\">\n\t\t\t\t<div class=\"elementor-widget-container\">\n\t\t\t\t\t\t\t\t\t\t\t\t\t\t<a href=\"https:\/\/www.ruicunhamarques.com\/\" target=\"_blank\">\n\t\t\t\t\t\t\t<img decoding=\"async\" width=\"800\" height=\"800\" src=\"https:\/\/lisbonpubliclaw.pt\/wp-content\/uploads\/2025\/02\/rui-cunha-marques.png\" class=\"attachment-large size-large wp-image-7800\" alt=\"\" srcset=\"https:\/\/lisbonpubliclaw.pt\/wp-content\/uploads\/2025\/02\/rui-cunha-marques.png 800w, https:\/\/lisbonpubliclaw.pt\/wp-content\/uploads\/2025\/02\/rui-cunha-marques-300x300.png 300w, https:\/\/lisbonpubliclaw.pt\/wp-content\/uploads\/2025\/02\/rui-cunha-marques-150x150.png 150w, https:\/\/lisbonpubliclaw.pt\/wp-content\/uploads\/2025\/02\/rui-cunha-marques-768x768.png 768w, https:\/\/lisbonpubliclaw.pt\/wp-content\/uploads\/2025\/02\/rui-cunha-marques-12x12.png 12w, https:\/\/lisbonpubliclaw.pt\/wp-content\/uploads\/2025\/02\/rui-cunha-marques-230x230.png 230w, https:\/\/lisbonpubliclaw.pt\/wp-content\/uploads\/2025\/02\/rui-cunha-marques-400x400.png 400w, https:\/\/lisbonpubliclaw.pt\/wp-content\/uploads\/2025\/02\/rui-cunha-marques-600x600.png 600w, https:\/\/lisbonpubliclaw.pt\/wp-content\/uploads\/2025\/02\/rui-cunha-marques-640x640.png 640w\" sizes=\"(max-width: 800px) 100vw, 800px\" \/>\t\t\t\t\t\t\t\t<\/a>\n\t\t\t\t\t\t\t\t\t\t\t\t\t<\/div>\n\t\t\t\t<\/div>\n\t\t\t\t<div class=\"elementor-element elementor-element-e483d32 elementor-widget elementor-widget-heading\" data-id=\"e483d32\" data-element_type=\"widget\" data-widget_type=\"heading.default\">\n\t\t\t\t<div class=\"elementor-widget-container\">\n\t\t\t<h2 class=\"elementor-heading-title elementor-size-default\"><a href=\"https:\/\/www.ruicunhamarques.com\/\" target=\"_blank\">Rui Cunha Marques <\/a><\/h2>\t\t<\/div>\n\t\t\t\t<\/div>\n\t\t\t\t<div class=\"elementor-element elementor-element-4db86c7 elementor-widget elementor-widget-text-editor\" data-id=\"4db86c7\" data-element_type=\"widget\" data-widget_type=\"text-editor.default\">\n\t\t\t\t<div class=\"elementor-widget-container\">\n\t\t\t\t\t\t\t<p style=\"text-align: center;\"><strong>President of the Committee<\/strong><br \/><strong><span style=\"color: var( --e-global-color-text ); letter-spacing: 0px;\">Full Professor at FE-ULHT<br \/><\/span>Researcher at RCM2+<\/strong><\/p>\t\t\t\t\t\t<\/div>\n\t\t\t\t<\/div>\n\t\t\t\t<\/div>\n\t\t<div class=\"elementor-element elementor-element-3c7da25 e-con-full e-flex e-con e-child\" data-id=\"3c7da25\" data-element_type=\"container\" data-settings=\"{&quot;jet_parallax_layout_list&quot;:[]}\">\n\t\t\t\t<div class=\"elementor-element elementor-element-fee945d elementor-widget elementor-widget-image\" data-id=\"fee945d\" data-element_type=\"widget\" data-widget_type=\"image.default\">\n\t\t\t\t<div class=\"elementor-widget-container\">\n\t\t\t\t\t\t\t\t\t\t\t\t\t\t<a href=\"https:\/\/lisbonpubliclaw.pt\/en\/investigadores\/joao-pedro-miranda\/\" target=\"_blank\">\n\t\t\t\t\t\t\t<img decoding=\"async\" width=\"800\" height=\"800\" src=\"https:\/\/lisbonpubliclaw.pt\/wp-content\/uploads\/2023\/07\/Joao-Miranda.png\" class=\"attachment-large size-large wp-image-3226\" alt=\"\" srcset=\"https:\/\/lisbonpubliclaw.pt\/wp-content\/uploads\/2023\/07\/Joao-Miranda.png 800w, https:\/\/lisbonpubliclaw.pt\/wp-content\/uploads\/2023\/07\/Joao-Miranda-300x300.png 300w, https:\/\/lisbonpubliclaw.pt\/wp-content\/uploads\/2023\/07\/Joao-Miranda-150x150.png 150w, https:\/\/lisbonpubliclaw.pt\/wp-content\/uploads\/2023\/07\/Joao-Miranda-768x768.png 768w, https:\/\/lisbonpubliclaw.pt\/wp-content\/uploads\/2023\/07\/Joao-Miranda-12x12.png 12w, https:\/\/lisbonpubliclaw.pt\/wp-content\/uploads\/2023\/07\/Joao-Miranda-230x230.png 230w, https:\/\/lisbonpubliclaw.pt\/wp-content\/uploads\/2023\/07\/Joao-Miranda-400x400.png 400w, https:\/\/lisbonpubliclaw.pt\/wp-content\/uploads\/2023\/07\/Joao-Miranda-600x600.png 600w, https:\/\/lisbonpubliclaw.pt\/wp-content\/uploads\/2023\/07\/Joao-Miranda-640x640.png 640w\" sizes=\"(max-width: 800px) 100vw, 800px\" \/>\t\t\t\t\t\t\t\t<\/a>\n\t\t\t\t\t\t\t\t\t\t\t\t\t<\/div>\n\t\t\t\t<\/div>\n\t\t\t\t<div class=\"elementor-element elementor-element-4c28ab4 elementor-widget elementor-widget-heading\" data-id=\"4c28ab4\" data-element_type=\"widget\" data-widget_type=\"heading.default\">\n\t\t\t\t<div class=\"elementor-widget-container\">\n\t\t\t<h2 class=\"elementor-heading-title elementor-size-default\"><a href=\"https:\/\/lisbonpubliclaw.pt\/en\/investigadores\/joao-pedro-miranda\/\" target=\"_blank\">Jo\u00e3o Miranda<\/a><\/h2>\t\t<\/div>\n\t\t\t\t<\/div>\n\t\t\t\t<div class=\"elementor-element elementor-element-3a4e26c elementor-widget elementor-widget-text-editor\" data-id=\"3a4e26c\" data-element_type=\"widget\" data-widget_type=\"text-editor.default\">\n\t\t\t\t<div class=\"elementor-widget-container\">\n\t\t\t\t\t\t\t<p style=\"text-align: center;\"><strong>Vice-President of the Commission<\/strong><br \/><strong>Associate Professor at FDUL<\/strong><br \/><strong>Researcher at LPL<\/strong><\/p>\t\t\t\t\t\t<\/div>\n\t\t\t\t<\/div>\n\t\t\t\t<\/div>\n\t\t<div class=\"elementor-element elementor-element-64af0a2 e-con-full elementor-hidden-mobile e-flex e-con e-child\" data-id=\"64af0a2\" data-element_type=\"container\" data-settings=\"{&quot;jet_parallax_layout_list&quot;:[]}\">\n\t\t\t\t<\/div>\n\t\t\t\t\t<\/div>\n\t\t\t\t<\/div>\n\t\t<div class=\"elementor-element elementor-element-d1d83d1 e-flex e-con-boxed e-con e-parent\" data-id=\"d1d83d1\" data-element_type=\"container\" data-settings=\"{&quot;jet_parallax_layout_list&quot;:[]}\">\n\t\t\t\t\t<div class=\"e-con-inner\">\n\t\t<div class=\"elementor-element elementor-element-2fd7948 e-con-full e-flex e-con e-child\" data-id=\"2fd7948\" data-element_type=\"container\" data-settings=\"{&quot;jet_parallax_layout_list&quot;:[]}\">\n\t\t\t\t<div class=\"elementor-element elementor-element-da73fc4 elementor-hidden-laptop elementor-widget elementor-widget-image\" data-id=\"da73fc4\" data-element_type=\"widget\" data-widget_type=\"image.default\">\n\t\t\t\t<div class=\"elementor-widget-container\">\n\t\t\t\t\t\t\t\t\t\t\t\t\t<img fetchpriority=\"high\" decoding=\"async\" width=\"262\" height=\"262\" src=\"https:\/\/lisbonpubliclaw.pt\/wp-content\/uploads\/2025\/02\/lpl.svg\" class=\"attachment-large size-large wp-image-7694\" alt=\"\" \/>\t\t\t\t\t\t\t\t\t\t\t\t\t<\/div>\n\t\t\t\t<\/div>\n\t\t\t\t<\/div>\n\t\t<div class=\"elementor-element elementor-element-7694f50 e-con-full e-flex e-con e-child\" data-id=\"7694f50\" data-element_type=\"container\" data-settings=\"{&quot;jet_parallax_layout_list&quot;:[]}\">\n\t\t\t\t<div class=\"elementor-element elementor-element-8422845 elementor-widget elementor-widget-heading\" data-id=\"8422845\" data-element_type=\"widget\" data-widget_type=\"heading.default\">\n\t\t\t\t<div class=\"elementor-widget-container\">\n\t\t\t<h2 class=\"elementor-heading-title elementor-size-default\">Members<\/h2>\t\t<\/div>\n\t\t\t\t<\/div>\n\t\t\t\t<\/div>\n\t\t\t\t\t<\/div>\n\t\t\t\t<\/div>\n\t\t<div class=\"elementor-element elementor-element-823ed84 e-flex e-con-boxed e-con e-parent\" data-id=\"823ed84\" data-element_type=\"container\" data-settings=\"{&quot;jet_parallax_layout_list&quot;:[]}\">\n\t\t\t\t\t<div class=\"e-con-inner\">\n\t\t<div class=\"elementor-element elementor-element-073fbbe e-con-full e-flex e-con e-child\" data-id=\"073fbbe\" data-element_type=\"container\" data-settings=\"{&quot;jet_parallax_layout_list&quot;:[]}\">\n\t\t\t\t<div class=\"elementor-element elementor-element-c806d42 elementor-widget elementor-widget-image\" data-id=\"c806d42\" data-element_type=\"widget\" data-widget_type=\"image.default\">\n\t\t\t\t<div class=\"elementor-widget-container\">\n\t\t\t\t\t\t\t\t\t\t\t\t\t\t<a href=\"https:\/\/eiges.ulusofona.pt\/pt\/membros-integrados\/francisco-silva-pinto\" target=\"_blank\">\n\t\t\t\t\t\t\t<img loading=\"lazy\" decoding=\"async\" width=\"800\" height=\"800\" src=\"https:\/\/lisbonpubliclaw.pt\/wp-content\/uploads\/2025\/02\/water-member-2.png\" class=\"attachment-large size-large wp-image-7832\" alt=\"\" srcset=\"https:\/\/lisbonpubliclaw.pt\/wp-content\/uploads\/2025\/02\/water-member-2.png 800w, https:\/\/lisbonpubliclaw.pt\/wp-content\/uploads\/2025\/02\/water-member-2-300x300.png 300w, https:\/\/lisbonpubliclaw.pt\/wp-content\/uploads\/2025\/02\/water-member-2-150x150.png 150w, https:\/\/lisbonpubliclaw.pt\/wp-content\/uploads\/2025\/02\/water-member-2-768x768.png 768w, https:\/\/lisbonpubliclaw.pt\/wp-content\/uploads\/2025\/02\/water-member-2-12x12.png 12w, https:\/\/lisbonpubliclaw.pt\/wp-content\/uploads\/2025\/02\/water-member-2-230x230.png 230w, https:\/\/lisbonpubliclaw.pt\/wp-content\/uploads\/2025\/02\/water-member-2-400x400.png 400w, https:\/\/lisbonpubliclaw.pt\/wp-content\/uploads\/2025\/02\/water-member-2-600x600.png 600w, https:\/\/lisbonpubliclaw.pt\/wp-content\/uploads\/2025\/02\/water-member-2-640x640.png 640w\" sizes=\"(max-width: 800px) 100vw, 800px\" \/>\t\t\t\t\t\t\t\t<\/a>\n\t\t\t\t\t\t\t\t\t\t\t\t\t<\/div>\n\t\t\t\t<\/div>\n\t\t\t\t<div class=\"elementor-element elementor-element-d492b7d elementor-widget elementor-widget-heading\" data-id=\"d492b7d\" data-element_type=\"widget\" data-widget_type=\"heading.default\">\n\t\t\t\t<div class=\"elementor-widget-container\">\n\t\t\t<h2 class=\"elementor-heading-title elementor-size-default\"><a href=\"https:\/\/eiges.ulusofona.pt\/pt\/membros-integrados\/francisco-silva-pinto\" target=\"_blank\">Francisco Silva Pinto<\/a><\/h2>\t\t<\/div>\n\t\t\t\t<\/div>\n\t\t\t\t<div class=\"elementor-element elementor-element-75e2e33 elementor-widget elementor-widget-text-editor\" data-id=\"75e2e33\" data-element_type=\"widget\" data-widget_type=\"text-editor.default\">\n\t\t\t\t<div class=\"elementor-widget-container\">\n\t\t\t\t\t\t\t<p style=\"text-align: center;\"><strong><span style=\"color: var( --e-global-color-text ); letter-spacing: 0px;\">Assistant Professor at FE-ULHT<br \/><\/span>Researcher at RCM2+<\/strong><\/p>\t\t\t\t\t\t<\/div>\n\t\t\t\t<\/div>\n\t\t\t\t<\/div>\n\t\t<div class=\"elementor-element elementor-element-9cea684 e-con-full e-flex e-con e-child\" data-id=\"9cea684\" data-element_type=\"container\" data-settings=\"{&quot;jet_parallax_layout_list&quot;:[]}\">\n\t\t\t\t<div class=\"elementor-element elementor-element-e4c9e7d elementor-widget elementor-widget-image\" data-id=\"e4c9e7d\" data-element_type=\"widget\" data-widget_type=\"image.default\">\n\t\t\t\t<div class=\"elementor-widget-container\">\n\t\t\t\t\t\t\t\t\t\t\t\t\t\t<a href=\"https:\/\/ga-p.com\/pt-pt\/pessoa\/ana-luisa-guimaraes\/\" target=\"_blank\">\n\t\t\t\t\t\t\t<img loading=\"lazy\" decoding=\"async\" width=\"800\" height=\"800\" src=\"https:\/\/lisbonpubliclaw.pt\/wp-content\/uploads\/2023\/08\/Ana-Luisa-Guimaraes.png\" class=\"attachment-large size-large wp-image-4181\" alt=\"\" srcset=\"https:\/\/lisbonpubliclaw.pt\/wp-content\/uploads\/2023\/08\/Ana-Luisa-Guimaraes.png 800w, https:\/\/lisbonpubliclaw.pt\/wp-content\/uploads\/2023\/08\/Ana-Luisa-Guimaraes-300x300.png 300w, https:\/\/lisbonpubliclaw.pt\/wp-content\/uploads\/2023\/08\/Ana-Luisa-Guimaraes-150x150.png 150w, https:\/\/lisbonpubliclaw.pt\/wp-content\/uploads\/2023\/08\/Ana-Luisa-Guimaraes-768x768.png 768w, https:\/\/lisbonpubliclaw.pt\/wp-content\/uploads\/2023\/08\/Ana-Luisa-Guimaraes-12x12.png 12w, https:\/\/lisbonpubliclaw.pt\/wp-content\/uploads\/2023\/08\/Ana-Luisa-Guimaraes-230x230.png 230w, https:\/\/lisbonpubliclaw.pt\/wp-content\/uploads\/2023\/08\/Ana-Luisa-Guimaraes-400x400.png 400w, https:\/\/lisbonpubliclaw.pt\/wp-content\/uploads\/2023\/08\/Ana-Luisa-Guimaraes-600x600.png 600w, https:\/\/lisbonpubliclaw.pt\/wp-content\/uploads\/2023\/08\/Ana-Luisa-Guimaraes-640x640.png 640w\" sizes=\"(max-width: 800px) 100vw, 800px\" \/>\t\t\t\t\t\t\t\t<\/a>\n\t\t\t\t\t\t\t\t\t\t\t\t\t<\/div>\n\t\t\t\t<\/div>\n\t\t\t\t<div class=\"elementor-element elementor-element-4d48926 elementor-widget elementor-widget-heading\" data-id=\"4d48926\" data-element_type=\"widget\" data-widget_type=\"heading.default\">\n\t\t\t\t<div class=\"elementor-widget-container\">\n\t\t\t<h2 class=\"elementor-heading-title elementor-size-default\"><a href=\"https:\/\/ga-p.com\/pt-pt\/pessoa\/ana-luisa-guimaraes\/\" target=\"_blank\">Ana Lu\u00edsa Guimar\u00e3es<\/a><\/h2>\t\t<\/div>\n\t\t\t\t<\/div>\n\t\t\t\t<div class=\"elementor-element elementor-element-a5d6261 elementor-widget elementor-widget-text-editor\" data-id=\"a5d6261\" data-element_type=\"widget\" data-widget_type=\"text-editor.default\">\n\t\t\t\t<div class=\"elementor-widget-container\">\n\t\t\t\t\t\t\t<p><strong>Advogada, S\u00f3cia de P\u00fablico e Setores Regulados <br \/><\/strong><strong>na G\u00f3mez-Acebo &amp; Pombo<\/strong><\/p>\t\t\t\t\t\t<\/div>\n\t\t\t\t<\/div>\n\t\t\t\t<\/div>\n\t\t<div class=\"elementor-element elementor-element-f31c23b e-con-full e-flex e-con e-child\" data-id=\"f31c23b\" data-element_type=\"container\" data-settings=\"{&quot;jet_parallax_layout_list&quot;:[]}\">\n\t\t\t\t<div class=\"elementor-element elementor-element-94a9bd9 elementor-widget elementor-widget-image\" data-id=\"94a9bd9\" data-element_type=\"widget\" data-widget_type=\"image.default\">\n\t\t\t\t<div class=\"elementor-widget-container\">\n\t\t\t\t\t\t\t\t\t\t\t\t\t\t<a href=\"https:\/\/orcid.org\/0000-0001-8858-0027\" target=\"_blank\">\n\t\t\t\t\t\t\t<img loading=\"lazy\" decoding=\"async\" width=\"800\" height=\"800\" src=\"https:\/\/lisbonpubliclaw.pt\/wp-content\/uploads\/2025\/02\/water-member-3.png\" class=\"attachment-large size-large wp-image-7833\" alt=\"\" srcset=\"https:\/\/lisbonpubliclaw.pt\/wp-content\/uploads\/2025\/02\/water-member-3.png 800w, https:\/\/lisbonpubliclaw.pt\/wp-content\/uploads\/2025\/02\/water-member-3-300x300.png 300w, https:\/\/lisbonpubliclaw.pt\/wp-content\/uploads\/2025\/02\/water-member-3-150x150.png 150w, https:\/\/lisbonpubliclaw.pt\/wp-content\/uploads\/2025\/02\/water-member-3-768x768.png 768w, https:\/\/lisbonpubliclaw.pt\/wp-content\/uploads\/2025\/02\/water-member-3-12x12.png 12w, https:\/\/lisbonpubliclaw.pt\/wp-content\/uploads\/2025\/02\/water-member-3-230x230.png 230w, https:\/\/lisbonpubliclaw.pt\/wp-content\/uploads\/2025\/02\/water-member-3-400x400.png 400w, https:\/\/lisbonpubliclaw.pt\/wp-content\/uploads\/2025\/02\/water-member-3-600x600.png 600w, https:\/\/lisbonpubliclaw.pt\/wp-content\/uploads\/2025\/02\/water-member-3-640x640.png 640w\" sizes=\"(max-width: 800px) 100vw, 800px\" \/>\t\t\t\t\t\t\t\t<\/a>\n\t\t\t\t\t\t\t\t\t\t\t\t\t<\/div>\n\t\t\t\t<\/div>\n\t\t\t\t<div class=\"elementor-element elementor-element-a547b38 elementor-widget elementor-widget-heading\" data-id=\"a547b38\" data-element_type=\"widget\" data-widget_type=\"heading.default\">\n\t\t\t\t<div class=\"elementor-widget-container\">\n\t\t\t<h2 class=\"elementor-heading-title elementor-size-default\"><a href=\"https:\/\/orcid.org\/0000-0001-8858-0027\" target=\"_blank\">Pedro Sim\u00f5es<\/a><\/h2>\t\t<\/div>\n\t\t\t\t<\/div>\n\t\t\t\t<div class=\"elementor-element elementor-element-0348146 elementor-widget elementor-widget-text-editor\" data-id=\"0348146\" data-element_type=\"widget\" data-widget_type=\"text-editor.default\">\n\t\t\t\t<div class=\"elementor-widget-container\">\n\t\t\t\t\t\t\t<p style=\"text-align: center;\"><strong><span style=\"color: var( --e-global-color-text ); letter-spacing: 0px;\">Project Manager at <br \/>RPG Consulting<br \/><\/span><\/strong><strong>Researcher at RCM2+<\/strong><\/p>\t\t\t\t\t\t<\/div>\n\t\t\t\t<\/div>\n\t\t\t\t<\/div>\n\t\t<div class=\"elementor-element elementor-element-18e4937 e-con-full e-flex e-con e-child\" data-id=\"18e4937\" data-element_type=\"container\" data-settings=\"{&quot;jet_parallax_layout_list&quot;:[]}\">\n\t\t\t\t<div class=\"elementor-element elementor-element-c915cfa elementor-widget elementor-widget-image\" data-id=\"c915cfa\" data-element_type=\"widget\" data-widget_type=\"image.default\">\n\t\t\t\t<div class=\"elementor-widget-container\">\n\t\t\t\t\t\t\t\t\t\t\t\t\t\t<a href=\"https:\/\/cms.law\/pt\/prt\/people\/simao-mendes-de-sousa\" target=\"_blank\">\n\t\t\t\t\t\t\t<img loading=\"lazy\" decoding=\"async\" width=\"800\" height=\"800\" src=\"https:\/\/lisbonpubliclaw.pt\/wp-content\/uploads\/2025\/02\/water-member-1.png\" class=\"attachment-large size-large wp-image-7831\" alt=\"\" srcset=\"https:\/\/lisbonpubliclaw.pt\/wp-content\/uploads\/2025\/02\/water-member-1.png 800w, https:\/\/lisbonpubliclaw.pt\/wp-content\/uploads\/2025\/02\/water-member-1-300x300.png 300w, https:\/\/lisbonpubliclaw.pt\/wp-content\/uploads\/2025\/02\/water-member-1-150x150.png 150w, https:\/\/lisbonpubliclaw.pt\/wp-content\/uploads\/2025\/02\/water-member-1-768x768.png 768w, https:\/\/lisbonpubliclaw.pt\/wp-content\/uploads\/2025\/02\/water-member-1-12x12.png 12w, https:\/\/lisbonpubliclaw.pt\/wp-content\/uploads\/2025\/02\/water-member-1-230x230.png 230w, https:\/\/lisbonpubliclaw.pt\/wp-content\/uploads\/2025\/02\/water-member-1-400x400.png 400w, https:\/\/lisbonpubliclaw.pt\/wp-content\/uploads\/2025\/02\/water-member-1-600x600.png 600w, https:\/\/lisbonpubliclaw.pt\/wp-content\/uploads\/2025\/02\/water-member-1-640x640.png 640w\" sizes=\"(max-width: 800px) 100vw, 800px\" \/>\t\t\t\t\t\t\t\t<\/a>\n\t\t\t\t\t\t\t\t\t\t\t\t\t<\/div>\n\t\t\t\t<\/div>\n\t\t\t\t<div class=\"elementor-element elementor-element-161d2b8 elementor-widget elementor-widget-heading\" data-id=\"161d2b8\" data-element_type=\"widget\" data-widget_type=\"heading.default\">\n\t\t\t\t<div class=\"elementor-widget-container\">\n\t\t\t<h2 class=\"elementor-heading-title elementor-size-default\"><a href=\"https:\/\/cms.law\/pt\/prt\/people\/simao-mendes-de-sousa\" target=\"_blank\">Sim\u00e3o Mendes de Sousa\n<\/a><\/h2>\t\t<\/div>\n\t\t\t\t<\/div>\n\t\t\t\t<div class=\"elementor-element elementor-element-a75fdef elementor-widget elementor-widget-text-editor\" data-id=\"a75fdef\" data-element_type=\"widget\" data-widget_type=\"text-editor.default\">\n\t\t\t\t<div class=\"elementor-widget-container\">\n\t\t\t\t\t\t\t<p style=\"text-align: center;\"><strong>Lawyer<\/strong><br \/><strong>PhD candidate at FDUL<\/strong><\/p>\t\t\t\t\t\t<\/div>\n\t\t\t\t<\/div>\n\t\t\t\t<\/div>\n\t\t\t\t\t<\/div>\n\t\t\t\t<\/div>\n\t\t<div class=\"elementor-element elementor-element-1c04466 e-flex e-con-boxed e-con e-parent\" data-id=\"1c04466\" data-element_type=\"container\" data-settings=\"{&quot;jet_parallax_layout_list&quot;:[]}\">\n\t\t\t\t\t<div class=\"e-con-inner\">\n\t\t<div class=\"elementor-element elementor-element-75605d5 e-con-full e-flex e-con e-child\" data-id=\"75605d5\" data-element_type=\"container\" data-settings=\"{&quot;jet_parallax_layout_list&quot;:[]}\">\n\t\t<div class=\"elementor-element elementor-element-8b8919c e-con-full e-flex e-con e-child\" data-id=\"8b8919c\" data-element_type=\"container\" data-settings=\"{&quot;jet_parallax_layout_list&quot;:[]}\">\n\t\t\t\t<div class=\"elementor-element elementor-element-937a72d elementor-widget elementor-widget-heading\" data-id=\"937a72d\" data-element_type=\"widget\" data-widget_type=\"heading.default\">\n\t\t\t\t<div class=\"elementor-widget-container\">\n\t\t\t<h2 class=\"elementor-heading-title elementor-size-default\">Scientific Committee<\/h2>\t\t<\/div>\n\t\t\t\t<\/div>\n\t\t\t\t<\/div>\n\t\t<div class=\"elementor-element elementor-element-45d346b e-con-full e-flex e-con e-child\" data-id=\"45d346b\" data-element_type=\"container\" data-settings=\"{&quot;jet_parallax_layout_list&quot;:[]}\">\n\t\t\t\t<div class=\"elementor-element elementor-element-cb1dd63 e-transform elementor-widget elementor-widget-image\" data-id=\"cb1dd63\" data-element_type=\"widget\" data-settings=\"{&quot;_transform_flipX_effect&quot;:&quot;transform&quot;}\" data-widget_type=\"image.default\">\n\t\t\t\t<div class=\"elementor-widget-container\">\n\t\t\t\t\t\t\t\t\t\t\t\t\t<img fetchpriority=\"high\" decoding=\"async\" width=\"262\" height=\"262\" src=\"https:\/\/lisbonpubliclaw.pt\/wp-content\/uploads\/2025\/02\/lpl.svg\" class=\"attachment-large size-large wp-image-7694\" alt=\"\" \/>\t\t\t\t\t\t\t\t\t\t\t\t\t<\/div>\n\t\t\t\t<\/div>\n\t\t\t\t<\/div>\n\t\t\t\t<\/div>\n\t\t\t\t\t<\/div>\n\t\t\t\t<\/div>\n\t\t<div class=\"elementor-element elementor-element-b812be3 e-flex e-con-boxed e-con e-parent\" data-id=\"b812be3\" data-element_type=\"container\" data-settings=\"{&quot;jet_parallax_layout_list&quot;:[]}\">\n\t\t\t\t\t<div class=\"e-con-inner\">\n\t\t\t\t<div class=\"elementor-element elementor-element-258a137 elementor-widget elementor-widget-text-editor\" data-id=\"258a137\" data-element_type=\"widget\" data-widget_type=\"text-editor.default\">\n\t\t\t\t<div class=\"elementor-widget-container\">\n\t\t\t\t\t\t\t<ul style=\"list-style-type: square;\"><li><p>Teresa Navarro | University of Murcia<\/p><\/li><li><p>Antonio Di Marco | Universit\u00e0 Magna Graecia di Catanzaro<\/p><\/li><li><p>Bettina Lange | University of Oxford<\/p><\/li><li><p>Owen McIntyre | University of Cork<\/p><\/li><li><p>Alexandro Barbosa | Federal University of Rio Grande do Norte<\/p><\/li><li><p>Andrea Guerrini | University of Verona<\/p><\/li><li><p>Antonio Massaruto | University of Udine<\/p><\/li><li><p>Bernard Barraqu\u00e9 | French National Centre for Scientific Research (Emeritus)<\/p><\/li><li><p>Carla Pinto Cruz | University of \u00c9vora<\/p><\/li><li><p>Eoin Reeves | University of Limerick<\/p><\/li><li><p>Francisco Silva Pinto | Lus\u00f3fona University<\/p><\/li><li><p>Giulia Romano | University of Pisa<\/p><\/li><li><p>Hugo Silvestre | University for International Integration of the Afro-Brazilian Lusophony<\/p><\/li><li><p>Jo\u00e3o Miranda | University of Lisbon<\/p><\/li><li><p>John Garvey | University of Limerick<\/p><\/li><li><p>Jos\u00e9 Luis Zafra-G\u00f3mez | University of Granada<\/p><\/li><li><p>Lin Crase | University of South Australia<\/p><\/li><li><p>Raziyeh Farmani | University of Exeter<\/p><\/li><li><p>Rui Cunha Marques | Lus\u00f3fona University<\/p><\/li><li><p>Thomas Bolognesi | Grenoble Ecole de Management<\/p><\/li><\/ul>\t\t\t\t\t\t<\/div>\n\t\t\t\t<\/div>\n\t\t\t\t<div class=\"elementor-element elementor-element-c2ab902 elementor-hidden-mobile elementor-widget elementor-widget-spacer\" data-id=\"c2ab902\" data-element_type=\"widget\" data-widget_type=\"spacer.default\">\n\t\t\t\t<div class=\"elementor-widget-container\">\n\t\t\t\t\t<div class=\"elementor-spacer\">\n\t\t\t<div class=\"elementor-spacer-inner\"><\/div>\n\t\t<\/div>\n\t\t\t\t<\/div>\n\t\t\t\t<\/div>\n\t\t\t\t\t<\/div>\n\t\t\t\t<\/div>\n\t\t<div class=\"elementor-element elementor-element-21abbcb e-flex e-con-boxed e-con e-parent\" data-id=\"21abbcb\" data-element_type=\"container\" data-settings=\"{&quot;jet_parallax_layout_list&quot;:[]}\">\n\t\t\t\t\t<div class=\"e-con-inner\">\n\t\t<div class=\"elementor-element elementor-element-ee74c43 e-con-full e-flex e-con e-child\" data-id=\"ee74c43\" data-element_type=\"container\" data-settings=\"{&quot;jet_parallax_layout_list&quot;:[]}\">\n\t\t\t\t<div class=\"elementor-element elementor-element-ab53847 elementor-widget elementor-widget-image\" data-id=\"ab53847\" data-element_type=\"widget\" data-widget_type=\"image.default\">\n\t\t\t\t<div class=\"elementor-widget-container\">\n\t\t\t\t\t\t\t\t\t\t\t\t\t<img fetchpriority=\"high\" decoding=\"async\" width=\"262\" height=\"262\" src=\"https:\/\/lisbonpubliclaw.pt\/wp-content\/uploads\/2025\/02\/lpl.svg\" class=\"attachment-large size-large wp-image-7694\" alt=\"\" \/>\t\t\t\t\t\t\t\t\t\t\t\t\t<\/div>\n\t\t\t\t<\/div>\n\t\t\t\t<\/div>\n\t\t<div class=\"elementor-element elementor-element-1884e61 e-con-full e-flex e-con e-child\" data-id=\"1884e61\" data-element_type=\"container\" data-settings=\"{&quot;jet_parallax_layout_list&quot;:[]}\">\n\t\t\t\t<div class=\"elementor-element elementor-element-a14eb2c elementor-widget elementor-widget-heading\" data-id=\"a14eb2c\" data-element_type=\"widget\" data-widget_type=\"heading.default\">\n\t\t\t\t<div class=\"elementor-widget-container\">\n\t\t\t<h2 class=\"elementor-heading-title elementor-size-default\">Partnerships<\/h2>\t\t<\/div>\n\t\t\t\t<\/div>\n\t\t\t\t<\/div>\n\t\t\t\t\t<\/div>\n\t\t\t\t<\/div>\n\t\t<div class=\"elementor-element elementor-element-c489ed3 e-flex e-con-boxed e-con e-parent\" data-id=\"c489ed3\" data-element_type=\"container\" data-settings=\"{&quot;jet_parallax_layout_list&quot;:[]}\">\n\t\t\t\t\t<div class=\"e-con-inner\">\n\t\t<div class=\"elementor-element elementor-element-b8f9b66 e-con-full e-flex e-con e-child\" data-id=\"b8f9b66\" data-element_type=\"container\" data-settings=\"{&quot;jet_parallax_layout_list&quot;:[]}\">\n\t\t\t\t<div class=\"elementor-element elementor-element-cfd5fa7 elementor-widget elementor-widget-image\" data-id=\"cfd5fa7\" data-element_type=\"widget\" data-widget_type=\"image.default\">\n\t\t\t\t<div class=\"elementor-widget-container\">\n\t\t\t\t\t\t\t\t\t\t\t\t\t<img loading=\"lazy\" decoding=\"async\" width=\"1024\" height=\"249\" src=\"https:\/\/lisbonpubliclaw.pt\/wp-content\/uploads\/2025\/02\/logotipo-geral-horizontal-preto-png-e1741281127840-1024x249.png\" class=\"attachment-large size-large wp-image-8232\" alt=\"\" srcset=\"https:\/\/lisbonpubliclaw.pt\/wp-content\/uploads\/2025\/02\/logotipo-geral-horizontal-preto-png-e1741281127840-1024x249.png 1024w, https:\/\/lisbonpubliclaw.pt\/wp-content\/uploads\/2025\/02\/logotipo-geral-horizontal-preto-png-e1741281127840-300x73.png 300w, https:\/\/lisbonpubliclaw.pt\/wp-content\/uploads\/2025\/02\/logotipo-geral-horizontal-preto-png-e1741281127840-768x186.png 768w, https:\/\/lisbonpubliclaw.pt\/wp-content\/uploads\/2025\/02\/logotipo-geral-horizontal-preto-png-e1741281127840-1536x373.png 1536w, https:\/\/lisbonpubliclaw.pt\/wp-content\/uploads\/2025\/02\/logotipo-geral-horizontal-preto-png-e1741281127840-2048x497.png 2048w, https:\/\/lisbonpubliclaw.pt\/wp-content\/uploads\/2025\/02\/logotipo-geral-horizontal-preto-png-e1741281127840-18x4.png 18w, https:\/\/lisbonpubliclaw.pt\/wp-content\/uploads\/2025\/02\/logotipo-geral-horizontal-preto-png-e1741281127840-600x146.png 600w\" sizes=\"(max-width: 1024px) 100vw, 1024px\" \/>\t\t\t\t\t\t\t\t\t\t\t\t\t<\/div>\n\t\t\t\t<\/div>\n\t\t\t\t<\/div>\n\t\t<div class=\"elementor-element elementor-element-00f3d33 e-con-full e-flex e-con e-child\" data-id=\"00f3d33\" data-element_type=\"container\" data-settings=\"{&quot;jet_parallax_layout_list&quot;:[]}\">\n\t\t\t\t<div class=\"elementor-element elementor-element-ad5d5d8 elementor-widget elementor-widget-image\" data-id=\"ad5d5d8\" data-element_type=\"widget\" data-widget_type=\"image.default\">\n\t\t\t\t<div class=\"elementor-widget-container\">\n\t\t\t\t\t\t\t\t\t\t\t\t\t<img loading=\"lazy\" decoding=\"async\" width=\"1024\" height=\"441\" src=\"https:\/\/lisbonpubliclaw.pt\/wp-content\/uploads\/2025\/02\/RCM2_logo-e1741281167364-1024x441.png\" class=\"attachment-large size-large wp-image-8233\" alt=\"\" srcset=\"https:\/\/lisbonpubliclaw.pt\/wp-content\/uploads\/2025\/02\/RCM2_logo-e1741281167364-1024x441.png 1024w, https:\/\/lisbonpubliclaw.pt\/wp-content\/uploads\/2025\/02\/RCM2_logo-e1741281167364-300x129.png 300w, https:\/\/lisbonpubliclaw.pt\/wp-content\/uploads\/2025\/02\/RCM2_logo-e1741281167364-768x331.png 768w, https:\/\/lisbonpubliclaw.pt\/wp-content\/uploads\/2025\/02\/RCM2_logo-e1741281167364-18x8.png 18w, https:\/\/lisbonpubliclaw.pt\/wp-content\/uploads\/2025\/02\/RCM2_logo-e1741281167364-600x258.png 600w, https:\/\/lisbonpubliclaw.pt\/wp-content\/uploads\/2025\/02\/RCM2_logo-e1741281167364.png 1170w\" sizes=\"(max-width: 1024px) 100vw, 1024px\" \/>\t\t\t\t\t\t\t\t\t\t\t\t\t<\/div>\n\t\t\t\t<\/div>\n\t\t\t\t<\/div>\n\t\t<div class=\"elementor-element elementor-element-644924d e-con-full e-flex e-con e-child\" data-id=\"644924d\" data-element_type=\"container\" data-settings=\"{&quot;jet_parallax_layout_list&quot;:[]}\">\n\t\t\t\t<div class=\"elementor-element elementor-element-fbf520e elementor-widget elementor-widget-image\" data-id=\"fbf520e\" data-element_type=\"widget\" data-widget_type=\"image.default\">\n\t\t\t\t<div class=\"elementor-widget-container\">\n\t\t\t\t\t\t\t\t\t\t\t\t\t\t<a href=\"https:\/\/biofin-project.eu\/\">\n\t\t\t\t\t\t\t<img loading=\"lazy\" decoding=\"async\" width=\"1024\" height=\"456\" src=\"https:\/\/lisbonpubliclaw.pt\/wp-content\/uploads\/2025\/02\/biofin_logo_final-e1741281195476-1024x456.png\" class=\"attachment-large size-large wp-image-8231\" alt=\"\" srcset=\"https:\/\/lisbonpubliclaw.pt\/wp-content\/uploads\/2025\/02\/biofin_logo_final-e1741281195476-1024x456.png 1024w, https:\/\/lisbonpubliclaw.pt\/wp-content\/uploads\/2025\/02\/biofin_logo_final-e1741281195476-300x134.png 300w, https:\/\/lisbonpubliclaw.pt\/wp-content\/uploads\/2025\/02\/biofin_logo_final-e1741281195476-768x342.png 768w, https:\/\/lisbonpubliclaw.pt\/wp-content\/uploads\/2025\/02\/biofin_logo_final-e1741281195476-18x8.png 18w, https:\/\/lisbonpubliclaw.pt\/wp-content\/uploads\/2025\/02\/biofin_logo_final-e1741281195476-600x267.png 600w, https:\/\/lisbonpubliclaw.pt\/wp-content\/uploads\/2025\/02\/biofin_logo_final-e1741281195476.png 1332w\" sizes=\"(max-width: 1024px) 100vw, 1024px\" \/>\t\t\t\t\t\t\t\t<\/a>\n\t\t\t\t\t\t\t\t\t\t\t\t\t<\/div>\n\t\t\t\t<\/div>\n\t\t\t\t<\/div>\n\t\t\t\t\t<\/div>\n\t\t\t\t<\/div>\n\t\t<div class=\"elementor-element elementor-element-f241a2e e-flex e-con-boxed e-con e-parent\" data-id=\"f241a2e\" data-element_type=\"container\" data-settings=\"{&quot;jet_parallax_layout_list&quot;:[]}\">\n\t\t\t\t\t<div class=\"e-con-inner\">\n\t\t\t\t<div class=\"elementor-element elementor-element-d4aa5b9 elementor-widget elementor-widget-spacer\" data-id=\"d4aa5b9\" data-element_type=\"widget\" data-widget_type=\"spacer.default\">\n\t\t\t\t<div class=\"elementor-widget-container\">\n\t\t\t\t\t<div class=\"elementor-spacer\">\n\t\t\t<div class=\"elementor-spacer-inner\"><\/div>\n\t\t<\/div>\n\t\t\t\t<\/div>\n\t\t\t\t<\/div>\n\t\t<div class=\"elementor-element elementor-element-982fa68 e-con-full e-flex e-con e-child\" data-id=\"982fa68\" data-element_type=\"container\" data-settings=\"{&quot;jet_parallax_layout_list&quot;:[]}\">\n\t\t\t\t<div class=\"elementor-element elementor-element-4e20286 elementor-widget elementor-widget-image\" data-id=\"4e20286\" data-element_type=\"widget\" data-widget_type=\"image.default\">\n\t\t\t\t<div class=\"elementor-widget-container\">\n\t\t\t\t\t\t\t\t\t\t\t\t\t<img loading=\"lazy\" decoding=\"async\" width=\"1024\" height=\"80\" src=\"https:\/\/lisbonpubliclaw.pt\/wp-content\/uploads\/2025\/05\/Cartaz-Water-WEB-1-e1747671531134-1024x80.png\" class=\"attachment-large size-large wp-image-10240\" alt=\"\" srcset=\"https:\/\/lisbonpubliclaw.pt\/wp-content\/uploads\/2025\/05\/Cartaz-Water-WEB-1-e1747671531134-1024x80.png 1024w, https:\/\/lisbonpubliclaw.pt\/wp-content\/uploads\/2025\/05\/Cartaz-Water-WEB-1-e1747671531134-300x24.png 300w, https:\/\/lisbonpubliclaw.pt\/wp-content\/uploads\/2025\/05\/Cartaz-Water-WEB-1-e1747671531134-768x60.png 768w, https:\/\/lisbonpubliclaw.pt\/wp-content\/uploads\/2025\/05\/Cartaz-Water-WEB-1-e1747671531134-18x1.png 18w, https:\/\/lisbonpubliclaw.pt\/wp-content\/uploads\/2025\/05\/Cartaz-Water-WEB-1-e1747671531134-600x47.png 600w, https:\/\/lisbonpubliclaw.pt\/wp-content\/uploads\/2025\/05\/Cartaz-Water-WEB-1-e1747671531134.png 1145w\" sizes=\"(max-width: 1024px) 100vw, 1024px\" \/>\t\t\t\t\t\t\t\t\t\t\t\t\t<\/div>\n\t\t\t\t<\/div>\n\t\t\t\t<\/div>\n\t\t\t\t\t<\/div>\n\t\t\t\t<\/div>\n\t\t<div class=\"elementor-element elementor-element-6211dd7 e-flex e-con-boxed e-con e-parent\" data-id=\"6211dd7\" data-element_type=\"container\" data-settings=\"{&quot;background_background&quot;:&quot;classic&quot;,&quot;jet_parallax_layout_list&quot;:[]}\">\n\t\t\t\t\t<div class=\"e-con-inner\">\n\t\t\t\t\t<\/div>\n\t\t\t\t<\/div>\n\t\t\t\t<\/div>","protected":false},"excerpt":{"rendered":"<p>HOME\u00a0 EQUIPA Comiss\u00f5es OneWater Coordena\u00e7\u00e3o Rui Cunha Marques Presidente da Comiss\u00e3oProfessor Catedr\u00e1tico na FE-ULHTInvestigador no RCM2+ Jo\u00e3o Miranda Vice &#8211; Presidente da Comiss\u00e3oProfessor Associado na FDULInvestigador no LPL Membros Francisco Silva Pinto Professor Auxiliar na FE-ULHTInvestigador no RCM2+ Ana Lu\u00edsa Guimar\u00e3es Advogada, S\u00f3cia de P\u00fablico e Setores Regulados na G\u00f3mez-Acebo &amp; Pombo Pedro Sim\u00f5es Gestor [&hellip;]<\/p>\n","protected":false},"author":1,"featured_media":0,"parent":7536,"menu_order":0,"comment_status":"closed","ping_status":"closed","template":"elementor_header_footer","meta":{"footnotes":""},"cluster":[],"grupo-de-investigacao":[11],"class_list":["post-7538","page","type-page","status-publish","hentry","grupo-de-investigacao-direito-administrativo"],"yoast_head":"<!-- This site is optimized with the Yoast SEO plugin v27.5 - https:\/\/yoast.com\/product\/yoast-seo-wordpress\/ -->\n<title>Comiss\u00e3o Organizadora - Lisbon Public Law<\/title>\n<meta name=\"robots\" content=\"index, follow, max-snippet:-1, max-image-preview:large, max-video-preview:-1\" \/>\n<link rel=\"canonical\" href=\"https:\/\/lisbonpubliclaw.pt\/en\/waterwastelisbon\/organization-committee\/\" \/>\n<meta property=\"og:locale\" content=\"en_US\" \/>\n<meta property=\"og:type\" content=\"article\" \/>\n<meta property=\"og:title\" content=\"Comiss\u00e3o Organizadora - Lisbon Public Law\" \/>\n<meta property=\"og:description\" content=\"HOME\u00a0 EQUIPA Comiss\u00f5es OneWater Coordena\u00e7\u00e3o Rui Cunha Marques Presidente da Comiss\u00e3oProfessor Catedr\u00e1tico na FE-ULHTInvestigador no RCM2+ Jo\u00e3o Miranda Vice &#8211; Presidente da Comiss\u00e3oProfessor Associado na FDULInvestigador no LPL Membros Francisco Silva Pinto Professor Auxiliar na FE-ULHTInvestigador no RCM2+ Ana Lu\u00edsa Guimar\u00e3es Advogada, S\u00f3cia de P\u00fablico e Setores Regulados na G\u00f3mez-Acebo &amp; Pombo Pedro Sim\u00f5es Gestor [&hellip;]\" \/>\n<meta property=\"og:url\" content=\"https:\/\/lisbonpubliclaw.pt\/en\/waterwastelisbon\/organization-committee\/\" \/>\n<meta property=\"og:site_name\" content=\"Lisbon Public Law\" \/>\n<meta property=\"article:modified_time\" content=\"2025-05-19T16:25:46+00:00\" \/>\n<meta name=\"twitter:card\" content=\"summary_large_image\" \/>\n<meta name=\"twitter:label1\" content=\"Est. reading time\" \/>\n\t<meta name=\"twitter:data1\" content=\"5 minutes\" \/>\n<script type=\"application\/ld+json\" class=\"yoast-schema-graph\">{\"@context\":\"https:\\\/\\\/schema.org\",\"@graph\":[{\"@type\":\"WebPage\",\"@id\":\"https:\\\/\\\/lisbonpubliclaw.pt\\\/waterwastelisbon\\\/comissao-organizadora\\\/\",\"url\":\"https:\\\/\\\/lisbonpubliclaw.pt\\\/waterwastelisbon\\\/comissao-organizadora\\\/\",\"name\":\"Comiss\u00e3o Organizadora - Lisbon Public Law\",\"isPartOf\":{\"@id\":\"https:\\\/\\\/lisbonpubliclaw.pt\\\/#website\"},\"primaryImageOfPage\":{\"@id\":\"https:\\\/\\\/lisbonpubliclaw.pt\\\/waterwastelisbon\\\/comissao-organizadora\\\/#primaryimage\"},\"image\":{\"@id\":\"https:\\\/\\\/lisbonpubliclaw.pt\\\/waterwastelisbon\\\/comissao-organizadora\\\/#primaryimage\"},\"thumbnailUrl\":\"https:\\\/\\\/lisbonpubliclaw.pt\\\/wp-content\\\/uploads\\\/2025\\\/02\\\/lpl.svg\",\"datePublished\":\"2025-02-06T10:17:20+00:00\",\"dateModified\":\"2025-05-19T16:25:46+00:00\",\"breadcrumb\":{\"@id\":\"https:\\\/\\\/lisbonpubliclaw.pt\\\/waterwastelisbon\\\/comissao-organizadora\\\/#breadcrumb\"},\"inLanguage\":\"en-US\",\"potentialAction\":[{\"@type\":\"ReadAction\",\"target\":[\"https:\\\/\\\/lisbonpubliclaw.pt\\\/waterwastelisbon\\\/comissao-organizadora\\\/\"]}]},{\"@type\":\"ImageObject\",\"inLanguage\":\"en-US\",\"@id\":\"https:\\\/\\\/lisbonpubliclaw.pt\\\/waterwastelisbon\\\/comissao-organizadora\\\/#primaryimage\",\"url\":\"https:\\\/\\\/lisbonpubliclaw.pt\\\/wp-content\\\/uploads\\\/2025\\\/02\\\/lpl.svg\",\"contentUrl\":\"https:\\\/\\\/lisbonpubliclaw.pt\\\/wp-content\\\/uploads\\\/2025\\\/02\\\/lpl.svg\"},{\"@type\":\"BreadcrumbList\",\"@id\":\"https:\\\/\\\/lisbonpubliclaw.pt\\\/waterwastelisbon\\\/comissao-organizadora\\\/#breadcrumb\",\"itemListElement\":[{\"@type\":\"ListItem\",\"position\":1,\"name\":\"Home\",\"item\":\"https:\\\/\\\/lisbonpubliclaw.pt\\\/\"},{\"@type\":\"ListItem\",\"position\":2,\"name\":\"Water Waste Lisbon\",\"item\":\"https:\\\/\\\/lisbonpubliclaw.pt\\\/waterwastelisbon\\\/\"},{\"@type\":\"ListItem\",\"position\":3,\"name\":\"Comiss\u00e3o Organizadora\"}]},{\"@type\":\"WebSite\",\"@id\":\"https:\\\/\\\/lisbonpubliclaw.pt\\\/#website\",\"url\":\"https:\\\/\\\/lisbonpubliclaw.pt\\\/\",\"name\":\"Lisbon Public Law\",\"description\":\"Public Law Research Centre in Lisbon\",\"publisher\":{\"@id\":\"https:\\\/\\\/lisbonpubliclaw.pt\\\/#organization\"},\"potentialAction\":[{\"@type\":\"SearchAction\",\"target\":{\"@type\":\"EntryPoint\",\"urlTemplate\":\"https:\\\/\\\/lisbonpubliclaw.pt\\\/?s={search_term_string}\"},\"query-input\":{\"@type\":\"PropertyValueSpecification\",\"valueRequired\":true,\"valueName\":\"search_term_string\"}}],\"inLanguage\":\"en-US\"},{\"@type\":\"Organization\",\"@id\":\"https:\\\/\\\/lisbonpubliclaw.pt\\\/#organization\",\"name\":\"Lisbon Public Law\",\"url\":\"https:\\\/\\\/lisbonpubliclaw.pt\\\/\",\"logo\":{\"@type\":\"ImageObject\",\"inLanguage\":\"en-US\",\"@id\":\"https:\\\/\\\/lisbonpubliclaw.pt\\\/#\\\/schema\\\/logo\\\/image\\\/\",\"url\":\"https:\\\/\\\/lisbonpubliclaw.pt\\\/wp-content\\\/uploads\\\/2023\\\/06\\\/WhatsApp-Image-2023-06-19-at-11.01.50-1.jpeg\",\"contentUrl\":\"https:\\\/\\\/lisbonpubliclaw.pt\\\/wp-content\\\/uploads\\\/2023\\\/06\\\/WhatsApp-Image-2023-06-19-at-11.01.50-1.jpeg\",\"width\":354,\"height\":354,\"caption\":\"Lisbon Public Law\"},\"image\":{\"@id\":\"https:\\\/\\\/lisbonpubliclaw.pt\\\/#\\\/schema\\\/logo\\\/image\\\/\"}}]}<\/script>\n<!-- \/ Yoast SEO plugin. -->","yoast_head_json":{"title":"Organization Committee","robots":{"index":"index","follow":"follow","max-snippet":"max-snippet:-1","max-image-preview":"max-image-preview:large","max-video-preview":"max-video-preview:-1"},"canonical":"https:\/\/lisbonpubliclaw.pt\/en\/waterwastelisbon\/organization-committee\/","og_locale":"en_US","og_type":"article","og_title":"Comiss\u00e3o Organizadora - Lisbon Public Law","og_description":"HOME\u00a0 EQUIPA Comiss\u00f5es OneWater Coordena\u00e7\u00e3o Rui Cunha Marques Presidente da Comiss\u00e3oProfessor Catedr\u00e1tico na FE-ULHTInvestigador no RCM2+ Jo\u00e3o Miranda Vice &#8211; Presidente da Comiss\u00e3oProfessor Associado na FDULInvestigador no LPL Membros Francisco Silva Pinto Professor Auxiliar na FE-ULHTInvestigador no RCM2+ Ana Lu\u00edsa Guimar\u00e3es Advogada, S\u00f3cia de P\u00fablico e Setores Regulados na G\u00f3mez-Acebo &amp; Pombo Pedro Sim\u00f5es Gestor [&hellip;]","og_url":"https:\/\/lisbonpubliclaw.pt\/en\/waterwastelisbon\/organization-committee\/","og_site_name":"Lisbon Public Law","article_modified_time":"2025-05-19T16:25:46+00:00","twitter_card":"summary_large_image","twitter_misc":{"Est. reading time":"5 minutes"},"schema":{"@context":"https:\/\/schema.org","@graph":[{"@type":"WebPage","@id":"https:\/\/lisbonpubliclaw.pt\/waterwastelisbon\/comissao-organizadora\/","url":"https:\/\/lisbonpubliclaw.pt\/waterwastelisbon\/comissao-organizadora\/","name":"Organization Committee","isPartOf":{"@id":"https:\/\/lisbonpubliclaw.pt\/#website"},"primaryImageOfPage":{"@id":"https:\/\/lisbonpubliclaw.pt\/waterwastelisbon\/comissao-organizadora\/#primaryimage"},"image":{"@id":"https:\/\/lisbonpubliclaw.pt\/waterwastelisbon\/comissao-organizadora\/#primaryimage"},"thumbnailUrl":"https:\/\/lisbonpubliclaw.pt\/wp-content\/uploads\/2025\/02\/lpl.svg","datePublished":"2025-02-06T10:17:20+00:00","dateModified":"2025-05-19T16:25:46+00:00","breadcrumb":{"@id":"https:\/\/lisbonpubliclaw.pt\/waterwastelisbon\/comissao-organizadora\/#breadcrumb"},"inLanguage":"en-US","potentialAction":[{"@type":"ReadAction","target":["https:\/\/lisbonpubliclaw.pt\/waterwastelisbon\/comissao-organizadora\/"]}]},{"@type":"ImageObject","inLanguage":"en-US","@id":"https:\/\/lisbonpubliclaw.pt\/waterwastelisbon\/comissao-organizadora\/#primaryimage","url":"https:\/\/lisbonpubliclaw.pt\/wp-content\/uploads\/2025\/02\/lpl.svg","contentUrl":"https:\/\/lisbonpubliclaw.pt\/wp-content\/uploads\/2025\/02\/lpl.svg"},{"@type":"BreadcrumbList","@id":"https:\/\/lisbonpubliclaw.pt\/waterwastelisbon\/comissao-organizadora\/#breadcrumb","itemListElement":[{"@type":"ListItem","position":1,"name":"Home","item":"https:\/\/lisbonpubliclaw.pt\/"},{"@type":"ListItem","position":2,"name":"Water Waste Lisbon","item":"https:\/\/lisbonpubliclaw.pt\/waterwastelisbon\/"},{"@type":"ListItem","position":3,"name":"Comiss\u00e3o Organizadora"}]},{"@type":"WebSite","@id":"https:\/\/lisbonpubliclaw.pt\/#website","url":"https:\/\/lisbonpubliclaw.pt\/","name":"Lisbon Public Law","description":"Public Law Research Centre in Lisbon","publisher":{"@id":"https:\/\/lisbonpubliclaw.pt\/#organization"},"potentialAction":[{"@type":"SearchAction","target":{"@type":"EntryPoint","urlTemplate":"https:\/\/lisbonpubliclaw.pt\/?s={search_term_string}"},"query-input":{"@type":"PropertyValueSpecification","valueRequired":true,"valueName":"search_term_string"}}],"inLanguage":"en-US"},{"@type":"Organization","@id":"https:\/\/lisbonpubliclaw.pt\/#organization","name":"Lisbon Public Law","url":"https:\/\/lisbonpubliclaw.pt\/","logo":{"@type":"ImageObject","inLanguage":"en-US","@id":"https:\/\/lisbonpubliclaw.pt\/#\/schema\/logo\/image\/","url":"https:\/\/lisbonpubliclaw.pt\/wp-content\/uploads\/2023\/06\/WhatsApp-Image-2023-06-19-at-11.01.50-1.jpeg","contentUrl":"https:\/\/lisbonpubliclaw.pt\/wp-content\/uploads\/2023\/06\/WhatsApp-Image-2023-06-19-at-11.01.50-1.jpeg","width":354,"height":354,"caption":"Lisbon Public Law"},"image":{"@id":"https:\/\/lisbonpubliclaw.pt\/#\/schema\/logo\/image\/"}}]}},"_links":{"self":[{"href":"https:\/\/lisbonpubliclaw.pt\/en\/wp-json\/wp\/v2\/pages\/7538","targetHints":{"allow":["GET"]}}],"collection":[{"href":"https:\/\/lisbonpubliclaw.pt\/en\/wp-json\/wp\/v2\/pages"}],"about":[{"href":"https:\/\/lisbonpubliclaw.pt\/en\/wp-json\/wp\/v2\/types\/page"}],"author":[{"embeddable":true,"href":"https:\/\/lisbonpubliclaw.pt\/en\/wp-json\/wp\/v2\/users\/1"}],"replies":[{"embeddable":true,"href":"https:\/\/lisbonpubliclaw.pt\/en\/wp-json\/wp\/v2\/comments?post=7538"}],"version-history":[{"count":162,"href":"https:\/\/lisbonpubliclaw.pt\/en\/wp-json\/wp\/v2\/pages\/7538\/revisions"}],"predecessor-version":[{"id":10256,"href":"https:\/\/lisbonpubliclaw.pt\/en\/wp-json\/wp\/v2\/pages\/7538\/revisions\/10256"}],"up":[{"embeddable":true,"href":"https:\/\/lisbonpubliclaw.pt\/en\/wp-json\/wp\/v2\/pages\/7536"}],"wp:attachment":[{"href":"https:\/\/lisbonpubliclaw.pt\/en\/wp-json\/wp\/v2\/media?parent=7538"}],"wp:term":[{"taxonomy":"cluster","embeddable":true,"href":"https:\/\/lisbonpubliclaw.pt\/en\/wp-json\/wp\/v2\/cluster?post=7538"},{"taxonomy":"grupo-de-investigacao","embeddable":true,"href":"https:\/\/lisbonpubliclaw.pt\/en\/wp-json\/wp\/v2\/grupo-de-investigacao?post=7538"}],"curies":[{"name":"wp","href":"https:\/\/api.w.org\/{rel}","templated":true}]}}