{"id":7536,"date":"2025-02-06T10:13:04","date_gmt":"2025-02-06T10:13:04","guid":{"rendered":"https:\/\/lisbonpubliclaw.pt\/?page_id=7536"},"modified":"2025-06-05T08:46:45","modified_gmt":"2025-06-05T08:46:45","slug":"waterwastelisbon","status":"publish","type":"page","link":"https:\/\/lisbonpubliclaw.pt\/en\/waterwastelisbon\/","title":{"rendered":"Water Waste Lisbon"},"content":{"rendered":"<div data-elementor-type=\"wp-page\" data-elementor-id=\"7536\" class=\"elementor elementor-7536\" data-elementor-post-type=\"page\">\n\t\t\t\t<div class=\"elementor-element elementor-element-71c546b e-con-full e-flex e-con e-parent\" data-id=\"71c546b\" data-element_type=\"container\" data-settings=\"{&quot;jet_parallax_layout_list&quot;:[]}\">\n\t\t\t\t<div class=\"elementor-element elementor-element-9342a42 elementor-hidden-mobile elementor-widget elementor-widget-jet-slider\" data-id=\"9342a42\" data-element_type=\"widget\" data-settings=\"{&quot;slider_height&quot;:{&quot;unit&quot;:&quot;px&quot;,&quot;size&quot;:450,&quot;sizes&quot;:[]},&quot;slider_height_laptop&quot;:{&quot;unit&quot;:&quot;px&quot;,&quot;size&quot;:&quot;&quot;,&quot;sizes&quot;:[]},&quot;slider_height_tablet&quot;:{&quot;unit&quot;:&quot;px&quot;,&quot;size&quot;:&quot;&quot;,&quot;sizes&quot;:[]},&quot;slider_height_mobile&quot;:{&quot;unit&quot;:&quot;px&quot;,&quot;size&quot;:&quot;&quot;,&quot;sizes&quot;:[]}}\" data-widget_type=\"jet-slider.default\">\n\t\t\t\t<div class=\"elementor-widget-container\">\n\t\t\t<div class=\"elementor-jet-slider jet-elements\">\n<div class=\"jet-slider jet-slider__image-exact\" data-settings='{\"sliderWidth\":{\"unit\":\"%\",\"size\":100,\"sizes\":[]},\"sliderHeight\":{\"unit\":\"px\",\"size\":450,\"sizes\":[]},\"sliderNavigation\":false,\"sliderNavigationIcon\":\"jet-slider__arrow-icon-9342a42\",\"sliderNaviOnHover\":true,\"sliderPagination\":false,\"sliderAutoplay\":false,\"sliderAutoplayDelay\":5000,\"sliderAutoplayOnHover\":\"pause\",\"sliderFullScreen\":true,\"sliderFullscreenIcon\":\"jet-slider__fullscreen-icon-9342a42\",\"sliderShuffle\":false,\"sliderLoop\":true,\"sliderFadeMode\":false,\"slideDistance\":{\"unit\":\"px\",\"size\":10,\"sizes\":[]},\"slideDuration\":500,\"imageScaleMode\":\"exact\",\"thumbnails\":false,\"thumbnailWidth\":120,\"thumbnailHeight\":80,\"rightToLeft\":false,\"touchswipe\":true,\"fractionPag\":false}'>\n\t\n<div  class=\"slider-pro\"><div class=\"jet-slider__arrow-icon-9342a42 hidden-html\"><\/div><div class=\"jet-slider__fullscreen-icon-9342a42 hidden-html\"><\/div><div class=\"jet-slider__items sp-slides\">\n\n\n<div  class=\"jet-slider__item sp-slide elementor-repeater-item-e57e447\"><img decoding=\"async\" class=\"sp-image\" src=\"https:\/\/lisbonpubliclaw.pt\/wp-content\/uploads\/2025\/02\/Banner-One-Water_B.png\" alt=\"Banner-One Water_B\" loading=\"lazy\"><div class=\"jet-slider__content sp-layer\" data-position=\"centerCenter\" data-width=\"100%\" data-height=\"100%\" data-horizontal=\"0%\" data-show-transition=\"up\" data-show-duration=\"400\" data-show-delay=\"400\" >\n\t\t<div class=\"jet-slider__content-item\">\n\t\t\t<div class=\"jet-slider__content-inner\"><h5 class=\"jet-slider__subtitle\">NEW EDITION<\/h5><div class=\"jet-slider__desc\">VII LISBON INTERNATIONAL <b> <p>\nWATER CONFERENCE<\/div>\n\t\t\t\t\t\t<div class=\"jet-slider__button-wrapper\">\t\t\t\t\t\t<\/div><\/div>\n\t\t<\/div>\n\t\t\t<\/div>\n<\/div>\n\n<\/div>\n<\/div>\n<\/div>\n<\/div>\t\t<\/div>\n\t\t\t\t<\/div>\n\t\t\t\t<div class=\"elementor-element elementor-element-859d078 elementor-hidden-desktop elementor-hidden-laptop elementor-hidden-tablet elementor-widget elementor-widget-image\" data-id=\"859d078\" data-element_type=\"widget\" data-widget_type=\"image.default\">\n\t\t\t\t<div class=\"elementor-widget-container\">\n\t\t\t\t\t\t\t\t\t\t\t\t\t<img fetchpriority=\"high\" decoding=\"async\" width=\"1024\" height=\"526\" src=\"https:\/\/lisbonpubliclaw.pt\/wp-content\/uploads\/2025\/02\/Banner-One-Water_A-1024x526.png\" class=\"attachment-large size-large wp-image-8384\" alt=\"\" srcset=\"https:\/\/lisbonpubliclaw.pt\/wp-content\/uploads\/2025\/02\/Banner-One-Water_A-1024x526.png 1024w, https:\/\/lisbonpubliclaw.pt\/wp-content\/uploads\/2025\/02\/Banner-One-Water_A-300x154.png 300w, https:\/\/lisbonpubliclaw.pt\/wp-content\/uploads\/2025\/02\/Banner-One-Water_A-768x394.png 768w, https:\/\/lisbonpubliclaw.pt\/wp-content\/uploads\/2025\/02\/Banner-One-Water_A-1536x789.png 1536w, https:\/\/lisbonpubliclaw.pt\/wp-content\/uploads\/2025\/02\/Banner-One-Water_A-18x9.png 18w, https:\/\/lisbonpubliclaw.pt\/wp-content\/uploads\/2025\/02\/Banner-One-Water_A-600x308.png 600w, https:\/\/lisbonpubliclaw.pt\/wp-content\/uploads\/2025\/02\/Banner-One-Water_A.png 1920w\" sizes=\"(max-width: 1024px) 100vw, 1024px\" \/>\t\t\t\t\t\t\t\t\t\t\t\t\t<\/div>\n\t\t\t\t<\/div>\n\t\t\t\t<\/div>\n\t\t<div class=\"elementor-element elementor-element-32cd9f1 e-con-full e-flex e-con e-parent\" data-id=\"32cd9f1\" data-element_type=\"container\" data-settings=\"{&quot;jet_parallax_layout_list&quot;:[],&quot;background_background&quot;:&quot;classic&quot;}\">\n\t\t<div class=\"elementor-element elementor-element-f259209 e-con-full e-flex e-con e-child\" data-id=\"f259209\" data-element_type=\"container\" data-settings=\"{&quot;jet_parallax_layout_list&quot;:[]}\">\n\t\t<div class=\"elementor-element elementor-element-28db182 e-con-full e-flex e-con e-child\" data-id=\"28db182\" data-element_type=\"container\" data-settings=\"{&quot;jet_parallax_layout_list&quot;:[]}\">\n\t\t\t\t<div class=\"elementor-element elementor-element-2b2717e elementor-widget elementor-widget-shortcode\" data-id=\"2b2717e\" data-element_type=\"widget\" data-widget_type=\"shortcode.default\">\n\t\t\t\t<div class=\"elementor-widget-container\">\n\t\t\t\t\t<div class=\"elementor-shortcode\">\t\t<div data-elementor-type=\"container\" data-elementor-id=\"7550\" class=\"elementor elementor-7550\" data-elementor-post-type=\"elementor_library\">\n\t\t\t\t<div class=\"elementor-element elementor-element-29821f2 e-con-full e-flex e-con e-parent\" data-id=\"29821f2\" data-element_type=\"container\" data-settings=\"{&quot;jet_parallax_layout_list&quot;:[]}\">\n\t\t<div class=\"elementor-element elementor-element-f296c85 e-flex e-con-boxed e-con e-child\" data-id=\"f296c85\" data-element_type=\"container\" data-settings=\"{&quot;background_background&quot;:&quot;classic&quot;,&quot;jet_parallax_layout_list&quot;:[]}\">\n\t\t\t\t\t<div class=\"e-con-inner\">\n\t\t\t\t<div class=\"elementor-element elementor-element-1a52302 elementor-widget elementor-widget-heading\" data-id=\"1a52302\" data-element_type=\"widget\" data-widget_type=\"heading.default\">\n\t\t\t\t<div class=\"elementor-widget-container\">\n\t\t\t<h2 class=\"elementor-heading-title elementor-size-default\"><a href=\"https:\/\/lisbonpubliclaw.pt\/en\/waterwastelisbon\/programa-water-waste-lisbon\/\">PROGRAMME<\/a><\/h2>\t\t<\/div>\n\t\t\t\t<\/div>\n\t\t\t\t\t<\/div>\n\t\t\t\t<\/div>\n\t\t<div class=\"elementor-element elementor-element-c29427e e-flex e-con-boxed e-con e-child\" data-id=\"c29427e\" data-element_type=\"container\" data-settings=\"{&quot;background_background&quot;:&quot;classic&quot;,&quot;jet_parallax_layout_list&quot;:[]}\">\n\t\t\t\t\t<div class=\"e-con-inner\">\n\t\t\t\t<div class=\"elementor-element elementor-element-2ea38d4 elementor-widget elementor-widget-heading\" data-id=\"2ea38d4\" data-element_type=\"widget\" data-widget_type=\"heading.default\">\n\t\t\t\t<div class=\"elementor-widget-container\">\n\t\t\t<h2 class=\"elementor-heading-title elementor-size-default\"><a href=\"https:\/\/lisbonpubliclaw.pt\/en\/os-servicos-publicos-de-aguas-e-residuos\/organization-committee\/\">OneWater Committees<\/a><\/h2>\t\t<\/div>\n\t\t\t\t<\/div>\n\t\t\t\t\t<\/div>\n\t\t\t\t<\/div>\n\t\t<div class=\"elementor-element elementor-element-6239b56 e-flex e-con-boxed e-con e-child\" data-id=\"6239b56\" data-element_type=\"container\" data-settings=\"{&quot;background_background&quot;:&quot;classic&quot;,&quot;jet_parallax_layout_list&quot;:[]}\">\n\t\t\t\t\t<div class=\"e-con-inner\">\n\t\t\t\t<div class=\"elementor-element elementor-element-a4af077 elementor-widget elementor-widget-heading\" data-id=\"a4af077\" data-element_type=\"widget\" data-widget_type=\"heading.default\">\n\t\t\t\t<div class=\"elementor-widget-container\">\n\t\t\t<h2 class=\"elementor-heading-title elementor-size-default\"><a href=\"https:\/\/lisbonpubliclaw.pt\/en\/os-servicos-publicos-de-aguas-e-residuos\/open-calls-ww\/\">OPEN CALLS<\/a><\/h2>\t\t<\/div>\n\t\t\t\t<\/div>\n\t\t\t\t\t<\/div>\n\t\t\t\t<\/div>\n\t\t<div class=\"elementor-element elementor-element-eb4fece e-flex e-con-boxed e-con e-child\" data-id=\"eb4fece\" data-element_type=\"container\" data-settings=\"{&quot;background_background&quot;:&quot;classic&quot;,&quot;jet_parallax_layout_list&quot;:[]}\">\n\t\t\t\t\t<div class=\"e-con-inner\">\n\t\t\t\t<div class=\"elementor-element elementor-element-7b8ef2c elementor-widget elementor-widget-heading\" data-id=\"7b8ef2c\" data-element_type=\"widget\" data-widget_type=\"heading.default\">\n\t\t\t\t<div class=\"elementor-widget-container\">\n\t\t\t<h2 class=\"elementor-heading-title elementor-size-default\"><a href=\"https:\/\/lisbonpubliclaw.pt\/en\/os-servicos-publicos-de-aguas-e-residuos\/venue-aguas-e-residuos\/\">VENUE<\/a><\/h2>\t\t<\/div>\n\t\t\t\t<\/div>\n\t\t\t\t\t<\/div>\n\t\t\t\t<\/div>\n\t\t<div class=\"elementor-element elementor-element-1954635 e-flex e-con-boxed e-con e-child\" data-id=\"1954635\" data-element_type=\"container\" data-settings=\"{&quot;background_background&quot;:&quot;classic&quot;,&quot;jet_parallax_layout_list&quot;:[]}\">\n\t\t\t\t\t<div class=\"e-con-inner\">\n\t\t\t\t<div class=\"elementor-element elementor-element-d697786 elementor-widget elementor-widget-heading\" data-id=\"d697786\" data-element_type=\"widget\" data-widget_type=\"heading.default\">\n\t\t\t\t<div class=\"elementor-widget-container\">\n\t\t\t<h2 class=\"elementor-heading-title elementor-size-default\"><a href=\"https:\/\/lisbonpubliclaw.pt\/en\/os-servicos-publicos-de-aguas-e-residuos\/eventos-aguas-e-residuos\/\">PAST EDITIONS<\/a><\/h2>\t\t<\/div>\n\t\t\t\t<\/div>\n\t\t\t\t\t<\/div>\n\t\t\t\t<\/div>\n\t\t\t\t<\/div>\n\t\t\t\t<\/div>\n\t\t<\/div>\n\t\t\t\t<\/div>\n\t\t\t\t<\/div>\n\t\t\t\t<\/div>\n\t\t\t\t<\/div>\n\t\t\t\t<\/div>\n\t\t<div class=\"elementor-element elementor-element-5826c34 e-flex e-con-boxed e-con e-parent\" data-id=\"5826c34\" data-element_type=\"container\" data-settings=\"{&quot;jet_parallax_layout_list&quot;:[]}\">\n\t\t\t\t\t<div class=\"e-con-inner\">\n\t\t<div class=\"elementor-element elementor-element-72f80f2 e-con-full e-flex e-con e-child\" data-id=\"72f80f2\" data-element_type=\"container\" data-settings=\"{&quot;jet_parallax_layout_list&quot;:[]}\">\n\t\t\t\t<div class=\"elementor-element elementor-element-b43def3 elementor-widget elementor-widget-spacer\" data-id=\"b43def3\" data-element_type=\"widget\" data-widget_type=\"spacer.default\">\n\t\t\t\t<div class=\"elementor-widget-container\">\n\t\t\t\t\t<div class=\"elementor-spacer\">\n\t\t\t<div class=\"elementor-spacer-inner\"><\/div>\n\t\t<\/div>\n\t\t\t\t<\/div>\n\t\t\t\t<\/div>\n\t\t\t\t<\/div>\n\t\t\t\t\t<\/div>\n\t\t\t\t<\/div>\n\t\t<div class=\"elementor-element elementor-element-3781e3d e-flex e-con-boxed e-con e-parent\" data-id=\"3781e3d\" data-element_type=\"container\" data-settings=\"{&quot;jet_parallax_layout_list&quot;:[]}\">\n\t\t\t\t\t<div class=\"e-con-inner\">\n\t\t<div class=\"elementor-element elementor-element-36a2546 e-con-full e-flex e-con e-child\" data-id=\"36a2546\" data-element_type=\"container\" data-settings=\"{&quot;jet_parallax_layout_list&quot;:[]}\">\n\t\t\t\t<div class=\"elementor-element elementor-element-65333b2 elementor-widget elementor-widget-image\" data-id=\"65333b2\" data-element_type=\"widget\" data-widget_type=\"image.default\">\n\t\t\t\t<div class=\"elementor-widget-container\">\n\t\t\t\t\t\t\t\t\t\t\t\t\t<img decoding=\"async\" width=\"300\" height=\"76\" src=\"https:\/\/lisbonpubliclaw.pt\/wp-content\/uploads\/2025\/02\/Logos-2016-2024-02-e1739815744507-300x76.png\" class=\"attachment-medium size-medium wp-image-8201\" alt=\"\" srcset=\"https:\/\/lisbonpubliclaw.pt\/wp-content\/uploads\/2025\/02\/Logos-2016-2024-02-e1739815744507-300x76.png 300w, https:\/\/lisbonpubliclaw.pt\/wp-content\/uploads\/2025\/02\/Logos-2016-2024-02-e1739815744507-1024x259.png 1024w, https:\/\/lisbonpubliclaw.pt\/wp-content\/uploads\/2025\/02\/Logos-2016-2024-02-e1739815744507-768x194.png 768w, https:\/\/lisbonpubliclaw.pt\/wp-content\/uploads\/2025\/02\/Logos-2016-2024-02-e1739815744507-1536x389.png 1536w, https:\/\/lisbonpubliclaw.pt\/wp-content\/uploads\/2025\/02\/Logos-2016-2024-02-e1739815744507-18x5.png 18w, https:\/\/lisbonpubliclaw.pt\/wp-content\/uploads\/2025\/02\/Logos-2016-2024-02-e1739815744507-600x152.png 600w, https:\/\/lisbonpubliclaw.pt\/wp-content\/uploads\/2025\/02\/Logos-2016-2024-02-e1739815744507.png 1826w\" sizes=\"(max-width: 300px) 100vw, 300px\" \/>\t\t\t\t\t\t\t\t\t\t\t\t\t<\/div>\n\t\t\t\t<\/div>\n\t\t\t\t<div class=\"elementor-element elementor-element-7c91966 elementor-widget elementor-widget-text-editor\" data-id=\"7c91966\" data-element_type=\"widget\" data-widget_type=\"text-editor.default\">\n\t\t\t\t<div class=\"elementor-widget-container\">\n\t\t\t\t\t\t\t<p style=\"margin: 0cm;\"><i><span style=\"font-family: 'system-ui',serif;\">Water Waste Lisbon<\/span><\/i><span style=\"font-family: 'system-ui',serif;\">\u00a0is a research project by the Lisbon Public Law Research Centre dedicated to the study of water and waste law.\u00a0<\/span><span style=\"font-family: 'system-ui',serif;\">Our research aims to improve the creation and implementation of public water and waste policies, namely through scientific and academic debate on the options taken by public decision-makers and by presenting alternative solutions to the problems posed in specific situations.<\/span><\/p><p style=\"margin: 0cm; font-variant-caps: normal; font-stretch: normal; font-size-adjust: none; font-kerning: auto; font-variant-alternates: normal; font-variant-ligatures: normal; font-variant-numeric: normal; font-variant-east-asian: normal; font-variant-position: normal; font-variant-emoji: normal; font-feature-settings: normal; font-optical-sizing: auto; font-variation-settings: normal;\"><span style=\"font-family: 'system-ui',serif;\"><br \/>Through interdisciplinary initiatives, it seeks to produce theoretical and practical knowledge that frames the study of the operation of public water and waste services in the broader context of public policies that have been pursued in these sectors of administrative activity. It intends to define \u2018benchmarks\u2019 and identify and disseminate the best practices in the management of these services. Our research aims to evaluate the ways in which services are provided by public and private entities and identify the best lines of intervention by regulatory bodies, namely in the form of regulations and tariffs.<\/span><\/p><p style=\"margin: 0cm; font-variant-caps: normal; font-stretch: normal; font-size-adjust: none; font-kerning: auto; font-variant-alternates: normal; font-variant-ligatures: normal; font-variant-numeric: normal; font-variant-east-asian: normal; font-variant-position: normal; font-variant-emoji: normal; font-feature-settings: normal; font-optical-sizing: auto; font-variation-settings: normal;\"><span style=\"font-family: 'system-ui',serif;\"><br \/>The <i>Water Waste Lisbon<\/i> also promotes the study of the interaction between the protection of water resources and the operation of water and waste services, especially regarding the fulfilment of environmental obligations and quality standards in the provision of services by operating entities in the water and waste sectors, while taking into account the economic and financial sustainability of these entities and the availability the infrastructures integrated into public water and waste services.<\/span><\/p>\t\t\t\t\t\t<\/div>\n\t\t\t\t<\/div>\n\t\t\t\t<\/div>\n\t\t\t\t\t<\/div>\n\t\t\t\t<\/div>\n\t\t<div class=\"elementor-element elementor-element-8ff6602 e-flex e-con-boxed e-con e-parent\" data-id=\"8ff6602\" data-element_type=\"container\" data-settings=\"{&quot;jet_parallax_layout_list&quot;:[]}\">\n\t\t\t\t\t<div class=\"e-con-inner\">\n\t\t\t\t<div class=\"elementor-element elementor-element-0b7bacf elementor-widget elementor-widget-image\" data-id=\"0b7bacf\" data-element_type=\"widget\" data-widget_type=\"image.default\">\n\t\t\t\t<div class=\"elementor-widget-container\">\n\t\t\t\t\t\t\t\t\t\t\t\t\t\t<a href=\"https:\/\/lisbonpubliclaw.pt\/wp-content\/uploads\/2025\/05\/Cartaz-Water-WEB-2.pdf\" target=\"_blank\" download=\"onewater25\">\n\t\t\t\t\t\t\t<img decoding=\"async\" width=\"1804\" height=\"1898\" src=\"https:\/\/lisbonpubliclaw.pt\/wp-content\/uploads\/2025\/06\/Cartaz_Final-scaled-e1748987216950.png\" class=\"attachment-full size-full wp-image-10509\" alt=\"\" srcset=\"https:\/\/lisbonpubliclaw.pt\/wp-content\/uploads\/2025\/06\/Cartaz_Final-scaled-e1748987216950.png 1804w, https:\/\/lisbonpubliclaw.pt\/wp-content\/uploads\/2025\/06\/Cartaz_Final-scaled-e1748987216950-285x300.png 285w, https:\/\/lisbonpubliclaw.pt\/wp-content\/uploads\/2025\/06\/Cartaz_Final-scaled-e1748987216950-973x1024.png 973w, https:\/\/lisbonpubliclaw.pt\/wp-content\/uploads\/2025\/06\/Cartaz_Final-scaled-e1748987216950-768x808.png 768w, https:\/\/lisbonpubliclaw.pt\/wp-content\/uploads\/2025\/06\/Cartaz_Final-scaled-e1748987216950-1460x1536.png 1460w, https:\/\/lisbonpubliclaw.pt\/wp-content\/uploads\/2025\/06\/Cartaz_Final-scaled-e1748987216950-11x12.png 11w, https:\/\/lisbonpubliclaw.pt\/wp-content\/uploads\/2025\/06\/Cartaz_Final-scaled-e1748987216950-600x631.png 600w\" sizes=\"(max-width: 1804px) 100vw, 1804px\" \/>\t\t\t\t\t\t\t\t<\/a>\n\t\t\t\t\t\t\t\t\t\t\t\t\t<\/div>\n\t\t\t\t<\/div>\n\t\t\t\t<div class=\"elementor-element elementor-element-6c8d9f4 elementor-widget elementor-widget-menu-anchor\" data-id=\"6c8d9f4\" data-element_type=\"widget\" data-widget_type=\"menu-anchor.default\">\n\t\t\t\t<div class=\"elementor-widget-container\">\n\t\t\t\t\t<div class=\"elementor-menu-anchor\" id=\"oradores\"><\/div>\n\t\t\t\t<\/div>\n\t\t\t\t<\/div>\n\t\t\t\t\t<\/div>\n\t\t\t\t<\/div>\n\t\t<div class=\"elementor-element elementor-element-76305da elementor-hidden-mobile e-flex e-con-boxed e-con e-parent\" data-id=\"76305da\" data-element_type=\"container\" data-settings=\"{&quot;jet_parallax_layout_list&quot;:[]}\">\n\t\t\t\t\t<div class=\"e-con-inner\">\n\t\t\t\t<div class=\"elementor-element elementor-element-878df26 elementor-widget elementor-widget-image\" data-id=\"878df26\" data-element_type=\"widget\" data-widget_type=\"image.default\">\n\t\t\t\t<div class=\"elementor-widget-container\">\n\t\t\t\t\t\t\t\t\t\t\t\t\t<img loading=\"lazy\" decoding=\"async\" width=\"1024\" height=\"1021\" src=\"https:\/\/lisbonpubliclaw.pt\/wp-content\/uploads\/2025\/06\/Cartaz-Parallel-Sessions-WEB-01-scaled-e1749113187936-1024x1021.jpg\" class=\"attachment-large size-large wp-image-10541\" alt=\"\" srcset=\"https:\/\/lisbonpubliclaw.pt\/wp-content\/uploads\/2025\/06\/Cartaz-Parallel-Sessions-WEB-01-scaled-e1749113187936-1024x1021.jpg 1024w, https:\/\/lisbonpubliclaw.pt\/wp-content\/uploads\/2025\/06\/Cartaz-Parallel-Sessions-WEB-01-scaled-e1749113187936-300x300.jpg 300w, https:\/\/lisbonpubliclaw.pt\/wp-content\/uploads\/2025\/06\/Cartaz-Parallel-Sessions-WEB-01-scaled-e1749113187936-150x150.jpg 150w, https:\/\/lisbonpubliclaw.pt\/wp-content\/uploads\/2025\/06\/Cartaz-Parallel-Sessions-WEB-01-scaled-e1749113187936-768x766.jpg 768w, https:\/\/lisbonpubliclaw.pt\/wp-content\/uploads\/2025\/06\/Cartaz-Parallel-Sessions-WEB-01-scaled-e1749113187936-1536x1532.jpg 1536w, https:\/\/lisbonpubliclaw.pt\/wp-content\/uploads\/2025\/06\/Cartaz-Parallel-Sessions-WEB-01-scaled-e1749113187936-12x12.jpg 12w, https:\/\/lisbonpubliclaw.pt\/wp-content\/uploads\/2025\/06\/Cartaz-Parallel-Sessions-WEB-01-scaled-e1749113187936-230x230.jpg 230w, https:\/\/lisbonpubliclaw.pt\/wp-content\/uploads\/2025\/06\/Cartaz-Parallel-Sessions-WEB-01-scaled-e1749113187936-400x400.jpg 400w, https:\/\/lisbonpubliclaw.pt\/wp-content\/uploads\/2025\/06\/Cartaz-Parallel-Sessions-WEB-01-scaled-e1749113187936-600x598.jpg 600w, https:\/\/lisbonpubliclaw.pt\/wp-content\/uploads\/2025\/06\/Cartaz-Parallel-Sessions-WEB-01-scaled-e1749113187936.jpg 1810w\" sizes=\"(max-width: 1024px) 100vw, 1024px\" \/>\t\t\t\t\t\t\t\t\t\t\t\t\t<\/div>\n\t\t\t\t<\/div>\n\t\t\t\t<div class=\"elementor-element elementor-element-d744710 elementor-widget elementor-widget-spacer\" data-id=\"d744710\" data-element_type=\"widget\" data-widget_type=\"spacer.default\">\n\t\t\t\t<div class=\"elementor-widget-container\">\n\t\t\t\t\t<div class=\"elementor-spacer\">\n\t\t\t<div class=\"elementor-spacer-inner\"><\/div>\n\t\t<\/div>\n\t\t\t\t<\/div>\n\t\t\t\t<\/div>\n\t\t\t\t<div class=\"elementor-element elementor-element-26754e7 elementor-align-center elementor-widget elementor-widget-button\" data-id=\"26754e7\" data-element_type=\"widget\" data-widget_type=\"button.default\">\n\t\t\t\t<div class=\"elementor-widget-container\">\n\t\t\t\t\t\t\t<div class=\"elementor-button-wrapper\">\n\t\t\t\t\t<a class=\"elementor-button elementor-button-link elementor-size-sm\" href=\"\">\n\t\t\t\t\t\t<span class=\"elementor-button-content-wrapper\">\n\t\t\t\t\t\t\t\t\t<span class=\"elementor-button-text\">Access the Abstracts of the Parallel Sessions here<\/span>\n\t\t\t\t\t<\/span>\n\t\t\t\t\t<\/a>\n\t\t\t\t<\/div>\n\t\t\t\t\t\t<\/div>\n\t\t\t\t<\/div>\n\t\t\t\t\t<\/div>\n\t\t\t\t<\/div>\n\t\t<div class=\"elementor-element elementor-element-30fbe8c e-flex e-con-boxed e-con e-parent\" data-id=\"30fbe8c\" data-element_type=\"container\" data-settings=\"{&quot;background_background&quot;:&quot;slideshow&quot;,&quot;jet_parallax_layout_list&quot;:[],&quot;background_slideshow_gallery&quot;:[],&quot;background_slideshow_slide_duration&quot;:5000,&quot;background_slideshow_slide_transition&quot;:&quot;fade&quot;,&quot;background_slideshow_transition_duration&quot;:500}\">\n\t\t\t\t\t<div class=\"e-con-inner\">\n\t\t<div class=\"elementor-element elementor-element-4675e55 e-con-full e-flex e-con e-child\" data-id=\"4675e55\" data-element_type=\"container\" data-settings=\"{&quot;jet_parallax_layout_list&quot;:[]}\">\n\t\t<div class=\"elementor-element elementor-element-025d820 e-con-full e-flex e-con e-child\" data-id=\"025d820\" data-element_type=\"container\" data-settings=\"{&quot;jet_parallax_layout_list&quot;:[]}\">\n\t\t<div class=\"elementor-element elementor-element-f538056 e-con-full e-transform e-flex e-con e-child\" data-id=\"f538056\" data-element_type=\"container\" data-settings=\"{&quot;jet_parallax_layout_list&quot;:[],&quot;_transform_flipX_effect&quot;:&quot;transform&quot;}\">\n\t\t\t\t<div class=\"elementor-element elementor-element-57efbef e-transform elementor-widget elementor-widget-image\" data-id=\"57efbef\" data-element_type=\"widget\" data-settings=\"{&quot;_transform_flipX_effect&quot;:&quot;transform&quot;}\" data-widget_type=\"image.default\">\n\t\t\t\t<div class=\"elementor-widget-container\">\n\t\t\t\t\t\t\t\t\t\t\t\t\t<img loading=\"lazy\" decoding=\"async\" width=\"262\" height=\"262\" src=\"https:\/\/lisbonpubliclaw.pt\/wp-content\/uploads\/2025\/02\/lpl.svg\" class=\"attachment-large size-large wp-image-7694\" alt=\"\" \/>\t\t\t\t\t\t\t\t\t\t\t\t\t<\/div>\n\t\t\t\t<\/div>\n\t\t\t\t<\/div>\n\t\t<div class=\"elementor-element elementor-element-269f257 e-con-full e-flex e-con e-child\" data-id=\"269f257\" data-element_type=\"container\" data-settings=\"{&quot;jet_parallax_layout_list&quot;:[]}\">\n\t\t\t\t<div class=\"elementor-element elementor-element-edac0db elementor-align-left elementor-mobile-align-left elementor-widget elementor-widget-button\" data-id=\"edac0db\" data-element_type=\"widget\" data-widget_type=\"button.default\">\n\t\t\t\t<div class=\"elementor-widget-container\">\n\t\t\t\t\t\t\t<div class=\"elementor-button-wrapper\">\n\t\t\t\t\t<a class=\"elementor-button elementor-button-link elementor-size-sm\" href=\"https:\/\/lisbonpubliclaw.pt\/en\/waterwastelisbon\/programa-aguas-e-residuos\/#oradores\">\n\t\t\t\t\t\t<span class=\"elementor-button-content-wrapper\">\n\t\t\t\t\t\t\t\t\t<span class=\"elementor-button-text\">Confirmed speakers<\/span>\n\t\t\t\t\t<\/span>\n\t\t\t\t\t<\/a>\n\t\t\t\t<\/div>\n\t\t\t\t\t\t<\/div>\n\t\t\t\t<\/div>\n\t\t\t\t<div class=\"elementor-element elementor-element-0f7220d elementor-hidden-mobile elementor-widget elementor-widget-text-editor\" data-id=\"0f7220d\" data-element_type=\"widget\" data-widget_type=\"text-editor.default\">\n\t\t\t\t<div class=\"elementor-widget-container\">\n\t\t\t\t\t\t\t<p>Meet the speakers on the panels!<\/p>\t\t\t\t\t\t<\/div>\n\t\t\t\t<\/div>\n\t\t\t\t<\/div>\n\t\t\t\t<\/div>\n\t\t\t\t<\/div>\n\t\t\t\t<div class=\"elementor-element elementor-element-f34c591 elementor-arrows-position-outside elementor-pagination-position-outside elementor-widget elementor-widget-image-carousel\" data-id=\"f34c591\" data-element_type=\"widget\" data-settings=\"{&quot;slides_to_show&quot;:&quot;6&quot;,&quot;slides_to_scroll&quot;:&quot;1&quot;,&quot;image_spacing_custom&quot;:{&quot;unit&quot;:&quot;px&quot;,&quot;size&quot;:15,&quot;sizes&quot;:[]},&quot;slides_to_show_mobile&quot;:&quot;2&quot;,&quot;slides_to_scroll_mobile&quot;:&quot;1&quot;,&quot;image_spacing_custom_mobile&quot;:{&quot;unit&quot;:&quot;px&quot;,&quot;size&quot;:10,&quot;sizes&quot;:[]},&quot;navigation&quot;:&quot;both&quot;,&quot;autoplay&quot;:&quot;yes&quot;,&quot;pause_on_hover&quot;:&quot;yes&quot;,&quot;pause_on_interaction&quot;:&quot;yes&quot;,&quot;autoplay_speed&quot;:5000,&quot;infinite&quot;:&quot;yes&quot;,&quot;speed&quot;:500,&quot;image_spacing_custom_laptop&quot;:{&quot;unit&quot;:&quot;px&quot;,&quot;size&quot;:&quot;&quot;,&quot;sizes&quot;:[]},&quot;image_spacing_custom_tablet&quot;:{&quot;unit&quot;:&quot;px&quot;,&quot;size&quot;:&quot;&quot;,&quot;sizes&quot;:[]}}\" data-widget_type=\"image-carousel.default\">\n\t\t\t\t<div class=\"elementor-widget-container\">\n\t\t\t\t\t<div class=\"elementor-image-carousel-wrapper swiper\" dir=\"ltr\">\n\t\t\t<div class=\"elementor-image-carousel swiper-wrapper\" aria-live=\"off\">\n\t\t\t\t\t\t\t\t<div class=\"swiper-slide\" role=\"group\" aria-roledescription=\"slide\" aria-label=\"1 of 15\"><figure class=\"swiper-slide-inner\"><img decoding=\"async\" class=\"swiper-slide-image\" src=\"https:\/\/lisbonpubliclaw.pt\/wp-content\/uploads\/2025\/02\/20-300x300.png\" alt=\"Owen McIntyre\" \/><figcaption class=\"elementor-image-carousel-caption\">Owen McIntyre<\/figcaption><\/figure><\/div><div class=\"swiper-slide\" role=\"group\" aria-roledescription=\"slide\" aria-label=\"2 of 15\"><figure class=\"swiper-slide-inner\"><img decoding=\"async\" class=\"swiper-slide-image\" src=\"https:\/\/lisbonpubliclaw.pt\/wp-content\/uploads\/2025\/02\/21-300x300.png\" alt=\"Fernanda Morais\" \/><figcaption class=\"elementor-image-carousel-caption\">Fernanda Morais<\/figcaption><\/figure><\/div><div class=\"swiper-slide\" role=\"group\" aria-roledescription=\"slide\" aria-label=\"3 of 15\"><figure class=\"swiper-slide-inner\"><img decoding=\"async\" class=\"swiper-slide-image\" src=\"https:\/\/lisbonpubliclaw.pt\/wp-content\/uploads\/2025\/02\/22-300x300.png\" alt=\"Pedro Perdig\u00e3o\" \/><figcaption class=\"elementor-image-carousel-caption\">Pedro Perdig\u00e3o<\/figcaption><\/figure><\/div><div class=\"swiper-slide\" role=\"group\" aria-roledescription=\"slide\" aria-label=\"4 of 15\"><figure class=\"swiper-slide-inner\"><img decoding=\"async\" class=\"swiper-slide-image\" src=\"https:\/\/lisbonpubliclaw.pt\/wp-content\/uploads\/2025\/02\/24-300x300.png\" alt=\"John Garvey\" \/><figcaption class=\"elementor-image-carousel-caption\">John Garvey<\/figcaption><\/figure><\/div><div class=\"swiper-slide\" role=\"group\" aria-roledescription=\"slide\" aria-label=\"5 of 15\"><figure class=\"swiper-slide-inner\"><img decoding=\"async\" class=\"swiper-slide-image\" src=\"https:\/\/lisbonpubliclaw.pt\/wp-content\/uploads\/2025\/02\/25-300x300.png\" alt=\"Eoin Reeves\" \/><figcaption class=\"elementor-image-carousel-caption\">Eoin Reeves<\/figcaption><\/figure><\/div><div class=\"swiper-slide\" role=\"group\" aria-roledescription=\"slide\" aria-label=\"6 of 15\"><figure class=\"swiper-slide-inner\"><img decoding=\"async\" class=\"swiper-slide-image\" src=\"https:\/\/lisbonpubliclaw.pt\/wp-content\/uploads\/2025\/02\/26-300x300.png\" alt=\"Antonio Massaruto\" \/><figcaption class=\"elementor-image-carousel-caption\">Antonio Massaruto<\/figcaption><\/figure><\/div><div class=\"swiper-slide\" role=\"group\" aria-roledescription=\"slide\" aria-label=\"7 of 15\"><figure class=\"swiper-slide-inner\"><img decoding=\"async\" class=\"swiper-slide-image\" src=\"https:\/\/lisbonpubliclaw.pt\/wp-content\/uploads\/2025\/02\/28-300x300.png\" alt=\"Bernard Barraqu\u00e9\" \/><figcaption class=\"elementor-image-carousel-caption\">Bernard Barraqu\u00e9<\/figcaption><\/figure><\/div><div class=\"swiper-slide\" role=\"group\" aria-roledescription=\"slide\" aria-label=\"8 of 15\"><figure class=\"swiper-slide-inner\"><img decoding=\"async\" class=\"swiper-slide-image\" src=\"https:\/\/lisbonpubliclaw.pt\/wp-content\/uploads\/2025\/02\/29-300x300.png\" alt=\"Lin Crase\" \/><figcaption class=\"elementor-image-carousel-caption\">Lin Crase<\/figcaption><\/figure><\/div><div class=\"swiper-slide\" role=\"group\" aria-roledescription=\"slide\" aria-label=\"9 of 15\"><figure class=\"swiper-slide-inner\"><img decoding=\"async\" class=\"swiper-slide-image\" src=\"https:\/\/lisbonpubliclaw.pt\/wp-content\/uploads\/2025\/04\/bettina-300x300.png\" alt=\"Bettina Lange\" \/><figcaption class=\"elementor-image-carousel-caption\">Bettina Lange<\/figcaption><\/figure><\/div><div class=\"swiper-slide\" role=\"group\" aria-roledescription=\"slide\" aria-label=\"10 of 15\"><figure class=\"swiper-slide-inner\"><img decoding=\"async\" class=\"swiper-slide-image\" src=\"https:\/\/lisbonpubliclaw.pt\/wp-content\/uploads\/2025\/04\/Pedro-Almeida-300x300.png\" alt=\"Pedro Almeida\" \/><figcaption class=\"elementor-image-carousel-caption\">Pedro Almeida<\/figcaption><\/figure><\/div><div class=\"swiper-slide\" role=\"group\" aria-roledescription=\"slide\" aria-label=\"11 of 15\"><figure class=\"swiper-slide-inner\"><img decoding=\"async\" class=\"swiper-slide-image\" src=\"https:\/\/lisbonpubliclaw.pt\/wp-content\/uploads\/2025\/04\/Teresa-Navarro-300x300.png\" alt=\"Teresa Navarro\" \/><figcaption class=\"elementor-image-carousel-caption\">Teresa Navarro<\/figcaption><\/figure><\/div><div class=\"swiper-slide\" role=\"group\" aria-roledescription=\"slide\" aria-label=\"12 of 15\"><figure class=\"swiper-slide-inner\"><img decoding=\"async\" class=\"swiper-slide-image\" src=\"https:\/\/lisbonpubliclaw.pt\/wp-content\/uploads\/2025\/04\/1_Raziyeh-Farmani-300x300.png\" alt=\"Raziyeh Farmani\" \/><figcaption class=\"elementor-image-carousel-caption\">Raziyeh Farmani<\/figcaption><\/figure><\/div><div class=\"swiper-slide\" role=\"group\" aria-roledescription=\"slide\" aria-label=\"13 of 15\"><figure class=\"swiper-slide-inner\"><img decoding=\"async\" class=\"swiper-slide-image\" src=\"https:\/\/lisbonpubliclaw.pt\/wp-content\/uploads\/2025\/05\/Carla-Pinto-Cruz2-300x300.jpg\" alt=\"Carla Pinto Cruz\" \/><figcaption class=\"elementor-image-carousel-caption\">Carla Pinto Cruz<\/figcaption><\/figure><\/div><div class=\"swiper-slide\" role=\"group\" aria-roledescription=\"slide\" aria-label=\"14 of 15\"><figure class=\"swiper-slide-inner\"><img decoding=\"async\" class=\"swiper-slide-image\" src=\"https:\/\/lisbonpubliclaw.pt\/wp-content\/uploads\/2025\/05\/antonio-di-marco-300x300.png\" alt=\"Ant\u00f3nio di Marco\" \/><figcaption class=\"elementor-image-carousel-caption\">Ant\u00f3nio di Marco<\/figcaption><\/figure><\/div><div class=\"swiper-slide\" role=\"group\" aria-roledescription=\"slide\" aria-label=\"15 of 15\"><figure class=\"swiper-slide-inner\"><img decoding=\"async\" class=\"swiper-slide-image\" src=\"https:\/\/lisbonpubliclaw.pt\/wp-content\/uploads\/2025\/06\/Fatima-Pedroso-300x300.png\" alt=\"F\u00e1tima Pedroso\" \/><figcaption class=\"elementor-image-carousel-caption\">F\u00e1tima Pedroso<\/figcaption><\/figure><\/div>\t\t\t<\/div>\n\t\t\t\t\t\t\t\t\t\t\t\t<div class=\"elementor-swiper-button elementor-swiper-button-prev\" role=\"button\" tabindex=\"0\">\n\t\t\t\t\t\t<i aria-hidden=\"true\" class=\"eicon-chevron-left\"><\/i>\t\t\t\t\t<\/div>\n\t\t\t\t\t<div class=\"elementor-swiper-button elementor-swiper-button-next\" role=\"button\" tabindex=\"0\">\n\t\t\t\t\t\t<i aria-hidden=\"true\" class=\"eicon-chevron-right\"><\/i>\t\t\t\t\t<\/div>\n\t\t\t\t\n\t\t\t\t\t\t\t\t\t<div class=\"swiper-pagination\"><\/div>\n\t\t\t\t\t\t\t\t\t<\/div>\n\t\t\t\t<\/div>\n\t\t\t\t<\/div>\n\t\t<div class=\"elementor-element elementor-element-8873008 e-con-full e-flex e-con e-child\" data-id=\"8873008\" data-element_type=\"container\" data-settings=\"{&quot;jet_parallax_layout_list&quot;:[]}\">\n\t\t<div class=\"elementor-element elementor-element-6bbc4ca e-con-full e-flex e-con e-child\" data-id=\"6bbc4ca\" data-element_type=\"container\" data-settings=\"{&quot;jet_parallax_layout_list&quot;:[]}\">\n\t\t<div class=\"elementor-element elementor-element-3c3effb e-con-full e-flex e-con e-child\" data-id=\"3c3effb\" data-element_type=\"container\" data-settings=\"{&quot;jet_parallax_layout_list&quot;:[]}\">\n\t\t\t\t<div class=\"elementor-element elementor-element-21d0a4f elementor-widget elementor-widget-heading\" data-id=\"21d0a4f\" data-element_type=\"widget\" data-widget_type=\"heading.default\">\n\t\t\t\t<div class=\"elementor-widget-container\">\n\t\t\t<h1 class=\"elementor-heading-title elementor-size-default\"><a href=\"https:\/\/forms.gle\/j1TaP24kSAWTkcMX8\">Call for papers\n<\/a><\/h1>\t\t<\/div>\n\t\t\t\t<\/div>\n\t\t\t\t<div class=\"elementor-element elementor-element-c1eae55 elementor-hidden-mobile elementor-widget elementor-widget-heading\" data-id=\"c1eae55\" data-element_type=\"widget\" data-widget_type=\"heading.default\">\n\t\t\t\t<div class=\"elementor-widget-container\">\n\t\t\t<h4 class=\"elementor-heading-title elementor-size-default\"><a href=\"https:\/\/www.sciencedirect.com\/special-issue\/322143\/onewater-the-role-of-new-water-sources-and-nature-based-solutions\">Special Issue <\/a><\/h4>\t\t<\/div>\n\t\t\t\t<\/div>\n\t\t\t\t<\/div>\n\t\t<div class=\"elementor-element elementor-element-4de54ac e-con-full e-flex e-con e-child\" data-id=\"4de54ac\" data-element_type=\"container\" data-settings=\"{&quot;jet_parallax_layout_list&quot;:[]}\">\n\t\t\t\t<div class=\"elementor-element elementor-element-10ff668 e-transform elementor-widget elementor-widget-image\" data-id=\"10ff668\" data-element_type=\"widget\" data-settings=\"{&quot;_transform_flipX_effect&quot;:&quot;transform&quot;}\" data-widget_type=\"image.default\">\n\t\t\t\t<div class=\"elementor-widget-container\">\n\t\t\t\t\t\t\t\t\t\t\t\t\t<img loading=\"lazy\" decoding=\"async\" width=\"262\" height=\"262\" src=\"https:\/\/lisbonpubliclaw.pt\/wp-content\/uploads\/2025\/02\/lpl.svg\" class=\"attachment-large size-large wp-image-7694\" alt=\"\" \/>\t\t\t\t\t\t\t\t\t\t\t\t\t<\/div>\n\t\t\t\t<\/div>\n\t\t\t\t<\/div>\n\t\t\t\t<\/div>\n\t\t\t\t<\/div>\n\t\t<div class=\"elementor-element elementor-element-849bb8e e-con-full e-flex e-con e-child\" data-id=\"849bb8e\" data-element_type=\"container\" data-settings=\"{&quot;jet_parallax_layout_list&quot;:[]}\">\n\t\t<div class=\"elementor-element elementor-element-ebec66b e-con-full e-flex e-con e-child\" data-id=\"ebec66b\" data-element_type=\"container\" data-settings=\"{&quot;jet_parallax_layout_list&quot;:[],&quot;background_background&quot;:&quot;classic&quot;}\">\n\t\t<div class=\"elementor-element elementor-element-f1f4f13 e-con-full e-flex e-con e-child\" data-id=\"f1f4f13\" data-element_type=\"container\" data-settings=\"{&quot;jet_parallax_layout_list&quot;:[]}\">\n\t\t\t\t<div class=\"elementor-element elementor-element-935a211 elementor-widget elementor-widget-heading\" data-id=\"935a211\" data-element_type=\"widget\" data-widget_type=\"heading.default\">\n\t\t\t\t<div class=\"elementor-widget-container\">\n\t\t\t<h2 class=\"elementor-heading-title elementor-size-default\">Relevant information<\/h2>\t\t<\/div>\n\t\t\t\t<\/div>\n\t\t\t\t<div class=\"elementor-element elementor-element-fa4ad13 elementor-widget elementor-widget-text-editor\" data-id=\"fa4ad13\" data-element_type=\"widget\" data-widget_type=\"text-editor.default\">\n\t\t\t\t<div class=\"elementor-widget-container\">\n\t\t\t\t\t\t\t<p>This special issue intends to approach this complex subject and contribute positively to the Environmental Research agenda. It will build on insights presented at the International Conference held under the same name. This issue welcomes innovative high-quality manuscripts addressing the following topics towards a more sustainable and resilient water future.<\/p>\t\t\t\t\t\t<\/div>\n\t\t\t\t<\/div>\n\t\t\t\t<div class=\"elementor-element elementor-element-66e9b01 elementor-widget elementor-widget-heading\" data-id=\"66e9b01\" data-element_type=\"widget\" data-widget_type=\"heading.default\">\n\t\t\t\t<div class=\"elementor-widget-container\">\n\t\t\t<h2 class=\"elementor-heading-title elementor-size-default\">Important dates<\/h2>\t\t<\/div>\n\t\t\t\t<\/div>\n\t\t\t\t<div class=\"elementor-element elementor-element-9f6c440 elementor-widget elementor-widget-text-editor\" data-id=\"9f6c440\" data-element_type=\"widget\" data-widget_type=\"text-editor.default\">\n\t\t\t\t<div class=\"elementor-widget-container\">\n\t\t\t\t\t\t\t<p><span style=\"color: #3c76a7;\"><strong>Submission open date:<\/strong> <\/span>7 June 2025<br \/><strong><span style=\"color: #3c76a7;\">Submission deadline:<\/span><\/strong> 31 October 2025<\/p>\t\t\t\t\t\t<\/div>\n\t\t\t\t<\/div>\n\t\t\t\t<div class=\"elementor-element elementor-element-9ccca0c elementor-align-left elementor-mobile-align-center elementor-widget elementor-widget-button\" data-id=\"9ccca0c\" data-element_type=\"widget\" data-widget_type=\"button.default\">\n\t\t\t\t<div class=\"elementor-widget-container\">\n\t\t\t\t\t\t\t<div class=\"elementor-button-wrapper\">\n\t\t\t\t\t<a class=\"elementor-button elementor-button-link elementor-size-sm\" href=\"https:\/\/www.sciencedirect.com\/special-issue\/322143\/onewater-the-role-of-new-water-sources-and-nature-based-solutions\" target=\"_blank\">\n\t\t\t\t\t\t<span class=\"elementor-button-content-wrapper\">\n\t\t\t\t\t\t\t\t\t<span class=\"elementor-button-text\">Submit your abstract<\/span>\n\t\t\t\t\t<\/span>\n\t\t\t\t\t<\/a>\n\t\t\t\t<\/div>\n\t\t\t\t\t\t<\/div>\n\t\t\t\t<\/div>\n\t\t\t\t<\/div>\n\t\t<div class=\"elementor-element elementor-element-70bd7ce e-con-full elementor-hidden-mobile e-flex e-con e-child\" data-id=\"70bd7ce\" data-element_type=\"container\" data-settings=\"{&quot;jet_parallax_layout_list&quot;:[]}\">\n\t\t\t\t<\/div>\n\t\t<div class=\"elementor-element elementor-element-d997366 e-con-full e-flex e-con e-child\" data-id=\"d997366\" data-element_type=\"container\" data-settings=\"{&quot;jet_parallax_layout_list&quot;:[]}\">\n\t\t\t\t<div class=\"elementor-element elementor-element-d4b6b6f elementor-widget elementor-widget-heading\" data-id=\"d4b6b6f\" data-element_type=\"widget\" data-widget_type=\"heading.default\">\n\t\t\t\t<div class=\"elementor-widget-container\">\n\t\t\t<h2 class=\"elementor-heading-title elementor-size-default\">What to submit <\/h2>\t\t<\/div>\n\t\t\t\t<\/div>\n\t\t\t\t<div class=\"elementor-element elementor-element-8059691 elementor-widget elementor-widget-text-editor\" data-id=\"8059691\" data-element_type=\"widget\" data-widget_type=\"text-editor.default\">\n\t\t\t\t<div class=\"elementor-widget-container\">\n\t\t\t\t\t\t\t<p>Authors can submit manuscripts for the Special Issue using Editorial Manager, the online submission system for <em>Environmental Research<\/em>, and follow the procedures for manuscript submission. When prompted for (<em>Select Article Type<\/em>) you can select our Special Issue <strong>\u2018SVSI:OneWater\u2019<\/strong>.<\/p><p><strong>Submission Entrance:<\/strong> <a href=\"https:\/\/www.editorialmanager.com\/envres\/default2.aspx\">Editorial Manager\u00ae<\/a><\/p><p>Author <em>Guidelines<\/em> and Manuscript Submission can be found at:<br \/><a href=\"https:\/\/www.sciencedirect.com\/journal\/environmental-research\">Guide for authors &#8211; Environmental Research &#8211; ISSN 0013-9351 | ScienceDirect.com by Elsevier<\/a><\/p>\t\t\t\t\t\t<\/div>\n\t\t\t\t<\/div>\n\t\t\t\t<\/div>\n\t\t\t\t<\/div>\n\t\t\t\t<\/div>\n\t\t\t\t\t<\/div>\n\t\t\t\t<\/div>\n\t\t<div class=\"elementor-element elementor-element-5e4e44f e-flex e-con-boxed e-con e-parent\" data-id=\"5e4e44f\" data-element_type=\"container\" data-settings=\"{&quot;jet_parallax_layout_list&quot;:[],&quot;background_background&quot;:&quot;classic&quot;}\">\n\t\t\t\t\t<div class=\"e-con-inner\">\n\t\t<div class=\"elementor-element elementor-element-fb7c365 e-con-full e-flex e-con e-child\" data-id=\"fb7c365\" data-element_type=\"container\" data-settings=\"{&quot;jet_parallax_layout_list&quot;:[]}\">\n\t\t\t\t<div class=\"elementor-element elementor-element-f0bf68a elementor-widget elementor-widget-heading\" data-id=\"f0bf68a\" data-element_type=\"widget\" data-widget_type=\"heading.default\">\n\t\t\t\t<div class=\"elementor-widget-container\">\n\t\t\t<h1 class=\"elementor-heading-title elementor-size-default\">Venue<\/h1>\t\t<\/div>\n\t\t\t\t<\/div>\n\t\t\t\t<div class=\"elementor-element elementor-element-331b4c4 elementor-hidden-mobile elementor-widget elementor-widget-text-editor\" data-id=\"331b4c4\" data-element_type=\"widget\" data-widget_type=\"text-editor.default\">\n\t\t\t\t<div class=\"elementor-widget-container\">\n\t\t\t\t\t\t\t<h1><span style=\"color: #ffffff;\">Keep up to date\u00a0<\/span><br \/><span style=\"color: #ffffff;\">with all the details<\/span><\/h1>\t\t\t\t\t\t<\/div>\n\t\t\t\t<\/div>\n\t\t\t\t<div class=\"elementor-element elementor-element-8c4d765 elementor-hidden-mobile elementor-widget elementor-widget-text-editor\" data-id=\"8c4d765\" data-element_type=\"widget\" data-widget_type=\"text-editor.default\">\n\t\t\t\t<div class=\"elementor-widget-container\">\n\t\t\t\t\t\t\t<p>Access all the information you need about FDUL and Lisbon\u00a0<\/p>\t\t\t\t\t\t<\/div>\n\t\t\t\t<\/div>\n\t\t\t\t<\/div>\n\t\t<div class=\"elementor-element elementor-element-de17300 e-con-full elementor-hidden-mobile e-flex e-con e-child\" data-id=\"de17300\" data-element_type=\"container\" data-settings=\"{&quot;jet_parallax_layout_list&quot;:[]}\">\n\t\t\t\t<div class=\"elementor-element elementor-element-7f48be5 elementor-widget elementor-widget-image\" data-id=\"7f48be5\" data-element_type=\"widget\" data-widget_type=\"image.default\">\n\t\t\t\t<div class=\"elementor-widget-container\">\n\t\t\t\t\t\t\t\t\t\t\t\t\t<img loading=\"lazy\" decoding=\"async\" width=\"262\" height=\"262\" src=\"https:\/\/lisbonpubliclaw.pt\/wp-content\/uploads\/2024\/10\/publicacoes.svg\" class=\"attachment-large size-large wp-image-6790\" alt=\"\" \/>\t\t\t\t\t\t\t\t\t\t\t\t\t<\/div>\n\t\t\t\t<\/div>\n\t\t\t\t<\/div>\n\t\t\t\t\t<\/div>\n\t\t\t\t<\/div>\n\t\t<div class=\"elementor-element elementor-element-ef173c9 e-flex e-con-boxed e-con e-parent\" data-id=\"ef173c9\" data-element_type=\"container\" data-settings=\"{&quot;jet_parallax_layout_list&quot;:[],&quot;background_background&quot;:&quot;classic&quot;}\">\n\t\t\t\t\t<div class=\"e-con-inner\">\n\t\t<div class=\"elementor-element elementor-element-8bf8714 e-con-full e-flex e-con e-child\" data-id=\"8bf8714\" data-element_type=\"container\" data-settings=\"{&quot;jet_parallax_layout_list&quot;:[]}\">\n\t\t\t\t<div class=\"elementor-element elementor-element-0b6bb70 elementor-widget elementor-widget-image\" data-id=\"0b6bb70\" data-element_type=\"widget\" data-widget_type=\"image.default\">\n\t\t\t\t<div class=\"elementor-widget-container\">\n\t\t\t\t\t\t\t\t\t\t\t\t\t<img loading=\"lazy\" decoding=\"async\" width=\"1920\" height=\"1080\" src=\"https:\/\/lisbonpubliclaw.pt\/wp-content\/uploads\/2025\/02\/site_fdul_.png\" class=\"attachment-2048x2048 size-2048x2048 wp-image-7789\" alt=\"\" srcset=\"https:\/\/lisbonpubliclaw.pt\/wp-content\/uploads\/2025\/02\/site_fdul_.png 1920w, https:\/\/lisbonpubliclaw.pt\/wp-content\/uploads\/2025\/02\/site_fdul_-300x169.png 300w, https:\/\/lisbonpubliclaw.pt\/wp-content\/uploads\/2025\/02\/site_fdul_-1024x576.png 1024w, https:\/\/lisbonpubliclaw.pt\/wp-content\/uploads\/2025\/02\/site_fdul_-768x432.png 768w, https:\/\/lisbonpubliclaw.pt\/wp-content\/uploads\/2025\/02\/site_fdul_-1536x864.png 1536w, https:\/\/lisbonpubliclaw.pt\/wp-content\/uploads\/2025\/02\/site_fdul_-18x10.png 18w, https:\/\/lisbonpubliclaw.pt\/wp-content\/uploads\/2025\/02\/site_fdul_-150x85.png 150w, https:\/\/lisbonpubliclaw.pt\/wp-content\/uploads\/2025\/02\/site_fdul_-600x338.png 600w\" sizes=\"(max-width: 1920px) 100vw, 1920px\" \/>\t\t\t\t\t\t\t\t\t\t\t\t\t<\/div>\n\t\t\t\t<\/div>\n\t\t\t\t<div class=\"elementor-element elementor-element-92c8cbe elementor-align-center elementor-widget-mobile__width-initial elementor-widget elementor-widget-button\" data-id=\"92c8cbe\" data-element_type=\"widget\" data-widget_type=\"button.default\">\n\t\t\t\t<div class=\"elementor-widget-container\">\n\t\t\t\t\t\t\t<div class=\"elementor-button-wrapper\">\n\t\t\t\t\t<a class=\"elementor-button elementor-button-link elementor-size-sm\" href=\"https:\/\/lisbonpubliclaw.pt\/en\/os-servicos-publicos-de-aguas-e-residuos\/venue-aguas-e-residuos\/\">\n\t\t\t\t\t\t<span class=\"elementor-button-content-wrapper\">\n\t\t\t\t\t\t\t\t\t<span class=\"elementor-button-text\">Know more<\/span>\n\t\t\t\t\t<\/span>\n\t\t\t\t\t<\/a>\n\t\t\t\t<\/div>\n\t\t\t\t\t\t<\/div>\n\t\t\t\t<\/div>\n\t\t\t\t<\/div>\n\t\t\t\t\t<\/div>\n\t\t\t\t<\/div>\n\t\t<div class=\"elementor-element elementor-element-27e81d4 elementor-hidden-mobile e-flex e-con-boxed e-con e-parent\" data-id=\"27e81d4\" data-element_type=\"container\" data-settings=\"{&quot;jet_parallax_layout_list&quot;:[]}\">\n\t\t\t\t\t<div class=\"e-con-inner\">\n\t\t<div class=\"elementor-element elementor-element-c8e1ded e-con-full e-flex e-con e-child\" data-id=\"c8e1ded\" data-element_type=\"container\" data-settings=\"{&quot;jet_parallax_layout_list&quot;:[]}\">\n\t\t\t\t<div class=\"elementor-element elementor-element-77db4c4 elementor-widget elementor-widget-image\" data-id=\"77db4c4\" data-element_type=\"widget\" data-widget_type=\"image.default\">\n\t\t\t\t<div class=\"elementor-widget-container\">\n\t\t\t\t\t\t\t\t\t\t\t\t\t<img loading=\"lazy\" decoding=\"async\" width=\"262\" height=\"262\" src=\"https:\/\/lisbonpubliclaw.pt\/wp-content\/uploads\/2025\/02\/lpl_2.svg\" class=\"attachment-large size-large wp-image-7695\" alt=\"\" \/>\t\t\t\t\t\t\t\t\t\t\t\t\t<\/div>\n\t\t\t\t<\/div>\n\t\t\t\t<\/div>\n\t\t<div class=\"elementor-element elementor-element-544747c e-con-full e-flex e-con e-child\" data-id=\"544747c\" data-element_type=\"container\" data-settings=\"{&quot;jet_parallax_layout_list&quot;:[]}\">\n\t\t\t\t<div class=\"elementor-element elementor-element-10cf7dc elementor-widget elementor-widget-heading\" data-id=\"10cf7dc\" data-element_type=\"widget\" data-widget_type=\"heading.default\">\n\t\t\t\t<div class=\"elementor-widget-container\">\n\t\t\t<h3 class=\"elementor-heading-title elementor-size-default\">Learn more about this and other topics on our social media!<\/h3>\t\t<\/div>\n\t\t\t\t<\/div>\n\t\t\t\t<div class=\"elementor-element elementor-element-49e2836 elementor-shape-circle elementor-grid-0 e-grid-align-center elementor-widget elementor-widget-social-icons\" data-id=\"49e2836\" data-element_type=\"widget\" data-widget_type=\"social-icons.default\">\n\t\t\t\t<div class=\"elementor-widget-container\">\n\t\t\t\t\t<div class=\"elementor-social-icons-wrapper elementor-grid\">\n\t\t\t\t\t\t\t<span class=\"elementor-grid-item\">\n\t\t\t\t\t<a class=\"elementor-icon elementor-social-icon elementor-social-icon-instagram elementor-repeater-item-9bb163d\" href=\"https:\/\/www.instagram.com\/lisbon_public_law\/\" target=\"_blank\">\n\t\t\t\t\t\t<span class=\"elementor-screen-only\">Instagram<\/span>\n\t\t\t\t\t\t<i class=\"fab fa-instagram\"><\/i>\t\t\t\t\t<\/a>\n\t\t\t\t<\/span>\n\t\t\t\t\t\t\t<span class=\"elementor-grid-item\">\n\t\t\t\t\t<a class=\"elementor-icon elementor-social-icon elementor-social-icon-facebook-f elementor-repeater-item-6ebb3b7\" href=\"https:\/\/www.facebook.com\/LisbonPublicLaw\/\" target=\"_blank\">\n\t\t\t\t\t\t<span class=\"elementor-screen-only\">Facebook-f<\/span>\n\t\t\t\t\t\t<i class=\"fab fa-facebook-f\"><\/i>\t\t\t\t\t<\/a>\n\t\t\t\t<\/span>\n\t\t\t\t\t\t\t<span class=\"elementor-grid-item\">\n\t\t\t\t\t<a class=\"elementor-icon elementor-social-icon elementor-social-icon-linkedin-in elementor-repeater-item-98bbfed\" href=\"https:\/\/www.linkedin.com\/company\/lisbon-public-law-research-centre\/?fbclid=PAZXh0bgNhZW0CMTEAAabY2Nc5lW4DIDg5yA7vaoI5Ov4tud62u1HzQGOICOCXIPUX3MIJQ7P9LXo_aem_Sczq2gBfMD1GbBlz-9Eaow\" target=\"_blank\">\n\t\t\t\t\t\t<span class=\"elementor-screen-only\">Linkedin-in<\/span>\n\t\t\t\t\t\t<i class=\"fab fa-linkedin-in\"><\/i>\t\t\t\t\t<\/a>\n\t\t\t\t<\/span>\n\t\t\t\t\t<\/div>\n\t\t\t\t<\/div>\n\t\t\t\t<\/div>\n\t\t\t\t<\/div>\n\t\t<div class=\"elementor-element elementor-element-9e75699 e-con-full e-flex e-con e-child\" data-id=\"9e75699\" data-element_type=\"container\" data-settings=\"{&quot;jet_parallax_layout_list&quot;:[]}\">\n\t\t\t\t<div class=\"elementor-element elementor-element-7a149df elementor-widget elementor-widget-image\" data-id=\"7a149df\" data-element_type=\"widget\" data-widget_type=\"image.default\">\n\t\t\t\t<div class=\"elementor-widget-container\">\n\t\t\t\t\t\t\t\t\t\t\t\t\t<img loading=\"lazy\" decoding=\"async\" width=\"262\" height=\"262\" src=\"https:\/\/lisbonpubliclaw.pt\/wp-content\/uploads\/2025\/02\/lpl.svg\" class=\"attachment-large size-large wp-image-7694\" alt=\"\" \/>\t\t\t\t\t\t\t\t\t\t\t\t\t<\/div>\n\t\t\t\t<\/div>\n\t\t\t\t<\/div>\n\t\t\t\t\t<\/div>\n\t\t\t\t<\/div>\n\t\t<div class=\"elementor-element elementor-element-b73b782 e-flex e-con-boxed e-con e-parent\" data-id=\"b73b782\" data-element_type=\"container\" data-settings=\"{&quot;jet_parallax_layout_list&quot;:[]}\">\n\t\t\t\t\t<div class=\"e-con-inner\">\n\t\t\t\t<div class=\"elementor-element elementor-element-92b78d9 elementor-widget elementor-widget-image\" data-id=\"92b78d9\" data-element_type=\"widget\" data-widget_type=\"image.default\">\n\t\t\t\t<div class=\"elementor-widget-container\">\n\t\t\t\t\t\t\t\t\t\t\t\t\t<img loading=\"lazy\" decoding=\"async\" width=\"1024\" height=\"80\" src=\"https:\/\/lisbonpubliclaw.pt\/wp-content\/uploads\/2025\/05\/Cartaz-Water-WEB-1-e1747671531134-1024x80.png\" class=\"attachment-large size-large wp-image-10240\" alt=\"\" srcset=\"https:\/\/lisbonpubliclaw.pt\/wp-content\/uploads\/2025\/05\/Cartaz-Water-WEB-1-e1747671531134-1024x80.png 1024w, https:\/\/lisbonpubliclaw.pt\/wp-content\/uploads\/2025\/05\/Cartaz-Water-WEB-1-e1747671531134-300x24.png 300w, https:\/\/lisbonpubliclaw.pt\/wp-content\/uploads\/2025\/05\/Cartaz-Water-WEB-1-e1747671531134-768x60.png 768w, https:\/\/lisbonpubliclaw.pt\/wp-content\/uploads\/2025\/05\/Cartaz-Water-WEB-1-e1747671531134-18x1.png 18w, https:\/\/lisbonpubliclaw.pt\/wp-content\/uploads\/2025\/05\/Cartaz-Water-WEB-1-e1747671531134-600x47.png 600w, https:\/\/lisbonpubliclaw.pt\/wp-content\/uploads\/2025\/05\/Cartaz-Water-WEB-1-e1747671531134.png 1145w\" sizes=\"(max-width: 1024px) 100vw, 1024px\" \/>\t\t\t\t\t\t\t\t\t\t\t\t\t<\/div>\n\t\t\t\t<\/div>\n\t\t\t\t\t<\/div>\n\t\t\t\t<\/div>\n\t\t<div class=\"elementor-element elementor-element-2558faf e-con-full elementor-hidden-mobile e-flex e-con e-parent\" data-id=\"2558faf\" data-element_type=\"container\" data-settings=\"{&quot;jet_parallax_layout_list&quot;:[]}\">\n\t\t<div class=\"elementor-element elementor-element-65509b4 e-con-full e-flex e-con e-child\" data-id=\"65509b4\" data-element_type=\"container\" data-settings=\"{&quot;jet_parallax_layout_list&quot;:[]}\">\n\t\t<div class=\"elementor-element elementor-element-0e615a8 e-con-full e-flex e-con e-child\" data-id=\"0e615a8\" data-element_type=\"container\" data-settings=\"{&quot;jet_parallax_layout_list&quot;:[]}\">\n\t\t\t\t<div class=\"elementor-element elementor-element-3fef0aa elementor-widget elementor-widget-image\" data-id=\"3fef0aa\" data-element_type=\"widget\" data-widget_type=\"image.default\">\n\t\t\t\t<div class=\"elementor-widget-container\">\n\t\t\t\t\t\t\t\t\t\t\t\t\t<img loading=\"lazy\" decoding=\"async\" width=\"300\" height=\"73\" src=\"https:\/\/lisbonpubliclaw.pt\/wp-content\/uploads\/2025\/02\/logotipo-geral-horizontal-preto-png-e1741281127840-300x73.png\" class=\"attachment-medium size-medium wp-image-8232\" alt=\"\" srcset=\"https:\/\/lisbonpubliclaw.pt\/wp-content\/uploads\/2025\/02\/logotipo-geral-horizontal-preto-png-e1741281127840-300x73.png 300w, https:\/\/lisbonpubliclaw.pt\/wp-content\/uploads\/2025\/02\/logotipo-geral-horizontal-preto-png-e1741281127840-1024x249.png 1024w, https:\/\/lisbonpubliclaw.pt\/wp-content\/uploads\/2025\/02\/logotipo-geral-horizontal-preto-png-e1741281127840-768x186.png 768w, https:\/\/lisbonpubliclaw.pt\/wp-content\/uploads\/2025\/02\/logotipo-geral-horizontal-preto-png-e1741281127840-1536x373.png 1536w, https:\/\/lisbonpubliclaw.pt\/wp-content\/uploads\/2025\/02\/logotipo-geral-horizontal-preto-png-e1741281127840-2048x497.png 2048w, https:\/\/lisbonpubliclaw.pt\/wp-content\/uploads\/2025\/02\/logotipo-geral-horizontal-preto-png-e1741281127840-18x4.png 18w, https:\/\/lisbonpubliclaw.pt\/wp-content\/uploads\/2025\/02\/logotipo-geral-horizontal-preto-png-e1741281127840-600x146.png 600w\" sizes=\"(max-width: 300px) 100vw, 300px\" \/>\t\t\t\t\t\t\t\t\t\t\t\t\t<\/div>\n\t\t\t\t<\/div>\n\t\t\t\t<\/div>\n\t\t<div class=\"elementor-element elementor-element-28b42a3 e-con-full e-flex e-con e-child\" data-id=\"28b42a3\" data-element_type=\"container\" data-settings=\"{&quot;jet_parallax_layout_list&quot;:[]}\">\n\t\t\t\t<div class=\"elementor-element elementor-element-b683bd4 elementor-widget elementor-widget-image\" data-id=\"b683bd4\" data-element_type=\"widget\" data-widget_type=\"image.default\">\n\t\t\t\t<div class=\"elementor-widget-container\">\n\t\t\t\t\t\t\t\t\t\t\t\t\t<img loading=\"lazy\" decoding=\"async\" width=\"300\" height=\"129\" src=\"https:\/\/lisbonpubliclaw.pt\/wp-content\/uploads\/2025\/02\/RCM2_logo-e1741281167364-300x129.png\" class=\"attachment-medium size-medium wp-image-8233\" alt=\"\" srcset=\"https:\/\/lisbonpubliclaw.pt\/wp-content\/uploads\/2025\/02\/RCM2_logo-e1741281167364-300x129.png 300w, https:\/\/lisbonpubliclaw.pt\/wp-content\/uploads\/2025\/02\/RCM2_logo-e1741281167364-1024x441.png 1024w, https:\/\/lisbonpubliclaw.pt\/wp-content\/uploads\/2025\/02\/RCM2_logo-e1741281167364-768x331.png 768w, https:\/\/lisbonpubliclaw.pt\/wp-content\/uploads\/2025\/02\/RCM2_logo-e1741281167364-18x8.png 18w, https:\/\/lisbonpubliclaw.pt\/wp-content\/uploads\/2025\/02\/RCM2_logo-e1741281167364-600x258.png 600w, https:\/\/lisbonpubliclaw.pt\/wp-content\/uploads\/2025\/02\/RCM2_logo-e1741281167364.png 1170w\" sizes=\"(max-width: 300px) 100vw, 300px\" \/>\t\t\t\t\t\t\t\t\t\t\t\t\t<\/div>\n\t\t\t\t<\/div>\n\t\t\t\t<\/div>\n\t\t<div class=\"elementor-element elementor-element-ce538aa e-con-full e-flex e-con e-child\" data-id=\"ce538aa\" data-element_type=\"container\" data-settings=\"{&quot;jet_parallax_layout_list&quot;:[]}\">\n\t\t\t\t<div class=\"elementor-element elementor-element-5ffe904 elementor-widget__width-initial elementor-widget elementor-widget-image\" data-id=\"5ffe904\" data-element_type=\"widget\" data-widget_type=\"image.default\">\n\t\t\t\t<div class=\"elementor-widget-container\">\n\t\t\t\t\t\t\t\t\t\t\t\t\t<img loading=\"lazy\" decoding=\"async\" width=\"300\" height=\"134\" src=\"https:\/\/lisbonpubliclaw.pt\/wp-content\/uploads\/2025\/02\/biofin_logo_final-e1741281195476-300x134.png\" class=\"attachment-medium size-medium wp-image-8231\" alt=\"\" srcset=\"https:\/\/lisbonpubliclaw.pt\/wp-content\/uploads\/2025\/02\/biofin_logo_final-e1741281195476-300x134.png 300w, https:\/\/lisbonpubliclaw.pt\/wp-content\/uploads\/2025\/02\/biofin_logo_final-e1741281195476-1024x456.png 1024w, https:\/\/lisbonpubliclaw.pt\/wp-content\/uploads\/2025\/02\/biofin_logo_final-e1741281195476-768x342.png 768w, https:\/\/lisbonpubliclaw.pt\/wp-content\/uploads\/2025\/02\/biofin_logo_final-e1741281195476-18x8.png 18w, https:\/\/lisbonpubliclaw.pt\/wp-content\/uploads\/2025\/02\/biofin_logo_final-e1741281195476-600x267.png 600w, https:\/\/lisbonpubliclaw.pt\/wp-content\/uploads\/2025\/02\/biofin_logo_final-e1741281195476.png 1332w\" sizes=\"(max-width: 300px) 100vw, 300px\" \/>\t\t\t\t\t\t\t\t\t\t\t\t\t<\/div>\n\t\t\t\t<\/div>\n\t\t\t\t<\/div>\n\t\t\t\t<\/div>\n\t\t\t\t<\/div>\n\t\t<div class=\"elementor-element elementor-element-f747b27 elementor-hidden-desktop elementor-hidden-laptop elementor-hidden-tablet elementor-hidden-mobile e-flex e-con-boxed e-con e-parent\" data-id=\"f747b27\" data-element_type=\"container\" data-settings=\"{&quot;jet_parallax_layout_list&quot;:[]}\">\n\t\t\t\t\t<div class=\"e-con-inner\">\n\t\t<div class=\"elementor-element elementor-element-d99185a e-con-full e-flex e-con e-child\" data-id=\"d99185a\" data-element_type=\"container\" data-settings=\"{&quot;jet_parallax_layout_list&quot;:[]}\">\n\t\t\t\t<div class=\"elementor-element elementor-element-adb5064 elementor-widget elementor-widget-image\" data-id=\"adb5064\" data-element_type=\"widget\" data-widget_type=\"image.default\">\n\t\t\t\t<div class=\"elementor-widget-container\">\n\t\t\t\t\t\t\t\t\t\t\t\t\t<img loading=\"lazy\" decoding=\"async\" width=\"300\" height=\"73\" src=\"https:\/\/lisbonpubliclaw.pt\/wp-content\/uploads\/2025\/02\/logotipo-geral-horizontal-preto-png-e1741281127840-300x73.png\" class=\"attachment-medium size-medium wp-image-8232\" alt=\"\" srcset=\"https:\/\/lisbonpubliclaw.pt\/wp-content\/uploads\/2025\/02\/logotipo-geral-horizontal-preto-png-e1741281127840-300x73.png 300w, https:\/\/lisbonpubliclaw.pt\/wp-content\/uploads\/2025\/02\/logotipo-geral-horizontal-preto-png-e1741281127840-1024x249.png 1024w, https:\/\/lisbonpubliclaw.pt\/wp-content\/uploads\/2025\/02\/logotipo-geral-horizontal-preto-png-e1741281127840-768x186.png 768w, https:\/\/lisbonpubliclaw.pt\/wp-content\/uploads\/2025\/02\/logotipo-geral-horizontal-preto-png-e1741281127840-1536x373.png 1536w, https:\/\/lisbonpubliclaw.pt\/wp-content\/uploads\/2025\/02\/logotipo-geral-horizontal-preto-png-e1741281127840-2048x497.png 2048w, https:\/\/lisbonpubliclaw.pt\/wp-content\/uploads\/2025\/02\/logotipo-geral-horizontal-preto-png-e1741281127840-18x4.png 18w, https:\/\/lisbonpubliclaw.pt\/wp-content\/uploads\/2025\/02\/logotipo-geral-horizontal-preto-png-e1741281127840-600x146.png 600w\" sizes=\"(max-width: 300px) 100vw, 300px\" \/>\t\t\t\t\t\t\t\t\t\t\t\t\t<\/div>\n\t\t\t\t<\/div>\n\t\t\t\t<\/div>\n\t\t<div class=\"elementor-element elementor-element-29b0aad e-con-full e-flex e-con e-child\" data-id=\"29b0aad\" data-element_type=\"container\" data-settings=\"{&quot;jet_parallax_layout_list&quot;:[]}\">\n\t\t\t\t<div class=\"elementor-element elementor-element-8441054 elementor-widget elementor-widget-image\" data-id=\"8441054\" data-element_type=\"widget\" data-widget_type=\"image.default\">\n\t\t\t\t<div class=\"elementor-widget-container\">\n\t\t\t\t\t\t\t\t\t\t\t\t\t<img loading=\"lazy\" decoding=\"async\" width=\"300\" height=\"129\" src=\"https:\/\/lisbonpubliclaw.pt\/wp-content\/uploads\/2025\/02\/RCM2_logo-e1741281167364-300x129.png\" class=\"attachment-medium size-medium wp-image-8233\" alt=\"\" srcset=\"https:\/\/lisbonpubliclaw.pt\/wp-content\/uploads\/2025\/02\/RCM2_logo-e1741281167364-300x129.png 300w, https:\/\/lisbonpubliclaw.pt\/wp-content\/uploads\/2025\/02\/RCM2_logo-e1741281167364-1024x441.png 1024w, https:\/\/lisbonpubliclaw.pt\/wp-content\/uploads\/2025\/02\/RCM2_logo-e1741281167364-768x331.png 768w, https:\/\/lisbonpubliclaw.pt\/wp-content\/uploads\/2025\/02\/RCM2_logo-e1741281167364-18x8.png 18w, https:\/\/lisbonpubliclaw.pt\/wp-content\/uploads\/2025\/02\/RCM2_logo-e1741281167364-600x258.png 600w, https:\/\/lisbonpubliclaw.pt\/wp-content\/uploads\/2025\/02\/RCM2_logo-e1741281167364.png 1170w\" sizes=\"(max-width: 300px) 100vw, 300px\" \/>\t\t\t\t\t\t\t\t\t\t\t\t\t<\/div>\n\t\t\t\t<\/div>\n\t\t\t\t<\/div>\n\t\t<div class=\"elementor-element elementor-element-8c5fd93 e-con-full e-flex e-con e-child\" data-id=\"8c5fd93\" data-element_type=\"container\" data-settings=\"{&quot;jet_parallax_layout_list&quot;:[]}\">\n\t\t\t\t<div class=\"elementor-element elementor-element-31990fe elementor-widget__width-initial elementor-widget elementor-widget-image\" data-id=\"31990fe\" data-element_type=\"widget\" data-widget_type=\"image.default\">\n\t\t\t\t<div class=\"elementor-widget-container\">\n\t\t\t\t\t\t\t\t\t\t\t\t\t<img loading=\"lazy\" decoding=\"async\" width=\"300\" height=\"134\" src=\"https:\/\/lisbonpubliclaw.pt\/wp-content\/uploads\/2025\/02\/biofin_logo_final-e1741281195476-300x134.png\" class=\"attachment-medium size-medium wp-image-8231\" alt=\"\" srcset=\"https:\/\/lisbonpubliclaw.pt\/wp-content\/uploads\/2025\/02\/biofin_logo_final-e1741281195476-300x134.png 300w, https:\/\/lisbonpubliclaw.pt\/wp-content\/uploads\/2025\/02\/biofin_logo_final-e1741281195476-1024x456.png 1024w, https:\/\/lisbonpubliclaw.pt\/wp-content\/uploads\/2025\/02\/biofin_logo_final-e1741281195476-768x342.png 768w, https:\/\/lisbonpubliclaw.pt\/wp-content\/uploads\/2025\/02\/biofin_logo_final-e1741281195476-18x8.png 18w, https:\/\/lisbonpubliclaw.pt\/wp-content\/uploads\/2025\/02\/biofin_logo_final-e1741281195476-600x267.png 600w, https:\/\/lisbonpubliclaw.pt\/wp-content\/uploads\/2025\/02\/biofin_logo_final-e1741281195476.png 1332w\" sizes=\"(max-width: 300px) 100vw, 300px\" \/>\t\t\t\t\t\t\t\t\t\t\t\t\t<\/div>\n\t\t\t\t<\/div>\n\t\t\t\t<\/div>\n\t\t\t\t\t<\/div>\n\t\t\t\t<\/div>\n\t\t\t\t<\/div>","protected":false},"excerpt":{"rendered":"<p>NOVA EDI\u00c7\u00c3O VII LISBON INTERNATIONAL WATER CONFERENCE Water Waste Lisbon\u00a0\u00e9 um projeto de investiga\u00e7\u00e3o do Centro de Investiga\u00e7\u00e3o de Direito P\u00fablico de Lisboa dedicado ao estudo do Direito da \u00c1gua e dos Res\u00edduos.\u00a0O seu objetivo \u00e9 desenvolver investiga\u00e7\u00e3o destinada a contribuir para uma mais adequada formula\u00e7\u00e3o, execu\u00e7\u00e3o e controlo das pol\u00edticas p\u00fablicas de \u00e1gua e [&hellip;]<\/p>\n","protected":false},"author":1,"featured_media":8201,"parent":0,"menu_order":0,"comment_status":"closed","ping_status":"closed","template":"elementor_header_footer","meta":{"footnotes":""},"cluster":[],"grupo-de-investigacao":[11],"class_list":["post-7536","page","type-page","status-publish","has-post-thumbnail","hentry","grupo-de-investigacao-direito-administrativo"],"yoast_head":"<!-- This site is optimized with the Yoast SEO plugin v27.5 - https:\/\/yoast.com\/product\/yoast-seo-wordpress\/ -->\n<title>Water Water Lisbon<\/title>\n<meta name=\"description\" content=\"Grupo criado no \u00e2mbito do projeto &quot;Os Servi\u00e7os P\u00fablicos de \u00c1guas e Res\u00edduos&quot; do Lisbon Public Law Research Centre. Organiza anualmente a Confer\u00eancia Internacional da \u00c1gua de Lisboa.\" \/>\n<meta name=\"robots\" content=\"index, follow, max-snippet:-1, max-image-preview:large, max-video-preview:-1\" \/>\n<link rel=\"canonical\" href=\"https:\/\/lisbonpubliclaw.pt\/en\/waterwastelisbon\/\" \/>\n<meta property=\"og:locale\" content=\"en_US\" \/>\n<meta property=\"og:type\" content=\"article\" \/>\n<meta property=\"og:title\" content=\"Water Water Lisbon\" \/>\n<meta property=\"og:description\" content=\"Grupo criado no \u00e2mbito do projeto &quot;Os Servi\u00e7os P\u00fablicos de \u00c1guas e Res\u00edduos&quot; do Lisbon Public Law Research Centre. Organiza anualmente a Confer\u00eancia Internacional da \u00c1gua de Lisboa.\" \/>\n<meta property=\"og:url\" content=\"https:\/\/lisbonpubliclaw.pt\/en\/waterwastelisbon\/\" \/>\n<meta property=\"og:site_name\" content=\"Lisbon Public Law\" \/>\n<meta property=\"article:modified_time\" content=\"2025-06-05T08:46:45+00:00\" \/>\n<meta property=\"og:image\" content=\"https:\/\/lisbonpubliclaw.pt\/wp-content\/uploads\/2025\/02\/Logos-2016-2024-02-e1739815744507.png\" \/>\n\t<meta property=\"og:image:width\" content=\"1826\" \/>\n\t<meta property=\"og:image:height\" content=\"462\" \/>\n\t<meta property=\"og:image:type\" content=\"image\/png\" \/>\n<meta name=\"twitter:card\" content=\"summary_large_image\" \/>\n<meta name=\"twitter:label1\" content=\"Est. reading time\" \/>\n\t<meta name=\"twitter:data1\" content=\"11 minutes\" \/>\n<script type=\"application\/ld+json\" class=\"yoast-schema-graph\">{\"@context\":\"https:\\\/\\\/schema.org\",\"@graph\":[{\"@type\":\"WebPage\",\"@id\":\"https:\\\/\\\/lisbonpubliclaw.pt\\\/waterwastelisbon\\\/\",\"url\":\"https:\\\/\\\/lisbonpubliclaw.pt\\\/waterwastelisbon\\\/\",\"name\":\"Water Water Lisbon\",\"isPartOf\":{\"@id\":\"https:\\\/\\\/lisbonpubliclaw.pt\\\/#website\"},\"primaryImageOfPage\":{\"@id\":\"https:\\\/\\\/lisbonpubliclaw.pt\\\/waterwastelisbon\\\/#primaryimage\"},\"image\":{\"@id\":\"https:\\\/\\\/lisbonpubliclaw.pt\\\/waterwastelisbon\\\/#primaryimage\"},\"thumbnailUrl\":\"https:\\\/\\\/lisbonpubliclaw.pt\\\/wp-content\\\/uploads\\\/2025\\\/02\\\/Logos-2016-2024-02-e1739815744507.png\",\"datePublished\":\"2025-02-06T10:13:04+00:00\",\"dateModified\":\"2025-06-05T08:46:45+00:00\",\"description\":\"Grupo criado no \u00e2mbito do projeto \\\"Os Servi\u00e7os P\u00fablicos de \u00c1guas e Res\u00edduos\\\" do Lisbon Public Law Research Centre. Organiza anualmente a Confer\u00eancia Internacional da \u00c1gua de Lisboa.\",\"breadcrumb\":{\"@id\":\"https:\\\/\\\/lisbonpubliclaw.pt\\\/waterwastelisbon\\\/#breadcrumb\"},\"inLanguage\":\"en-US\",\"potentialAction\":[{\"@type\":\"ReadAction\",\"target\":[\"https:\\\/\\\/lisbonpubliclaw.pt\\\/waterwastelisbon\\\/\"]}]},{\"@type\":\"ImageObject\",\"inLanguage\":\"en-US\",\"@id\":\"https:\\\/\\\/lisbonpubliclaw.pt\\\/waterwastelisbon\\\/#primaryimage\",\"url\":\"https:\\\/\\\/lisbonpubliclaw.pt\\\/wp-content\\\/uploads\\\/2025\\\/02\\\/Logos-2016-2024-02-e1739815744507.png\",\"contentUrl\":\"https:\\\/\\\/lisbonpubliclaw.pt\\\/wp-content\\\/uploads\\\/2025\\\/02\\\/Logos-2016-2024-02-e1739815744507.png\",\"width\":1826,\"height\":462},{\"@type\":\"BreadcrumbList\",\"@id\":\"https:\\\/\\\/lisbonpubliclaw.pt\\\/waterwastelisbon\\\/#breadcrumb\",\"itemListElement\":[{\"@type\":\"ListItem\",\"position\":1,\"name\":\"Home\",\"item\":\"https:\\\/\\\/lisbonpubliclaw.pt\\\/\"},{\"@type\":\"ListItem\",\"position\":2,\"name\":\"Water Waste Lisbon\"}]},{\"@type\":\"WebSite\",\"@id\":\"https:\\\/\\\/lisbonpubliclaw.pt\\\/#website\",\"url\":\"https:\\\/\\\/lisbonpubliclaw.pt\\\/\",\"name\":\"Lisbon Public Law\",\"description\":\"Public Law Research Centre in Lisbon\",\"publisher\":{\"@id\":\"https:\\\/\\\/lisbonpubliclaw.pt\\\/#organization\"},\"potentialAction\":[{\"@type\":\"SearchAction\",\"target\":{\"@type\":\"EntryPoint\",\"urlTemplate\":\"https:\\\/\\\/lisbonpubliclaw.pt\\\/?s={search_term_string}\"},\"query-input\":{\"@type\":\"PropertyValueSpecification\",\"valueRequired\":true,\"valueName\":\"search_term_string\"}}],\"inLanguage\":\"en-US\"},{\"@type\":\"Organization\",\"@id\":\"https:\\\/\\\/lisbonpubliclaw.pt\\\/#organization\",\"name\":\"Lisbon Public Law\",\"url\":\"https:\\\/\\\/lisbonpubliclaw.pt\\\/\",\"logo\":{\"@type\":\"ImageObject\",\"inLanguage\":\"en-US\",\"@id\":\"https:\\\/\\\/lisbonpubliclaw.pt\\\/#\\\/schema\\\/logo\\\/image\\\/\",\"url\":\"https:\\\/\\\/lisbonpubliclaw.pt\\\/wp-content\\\/uploads\\\/2023\\\/06\\\/WhatsApp-Image-2023-06-19-at-11.01.50-1.jpeg\",\"contentUrl\":\"https:\\\/\\\/lisbonpubliclaw.pt\\\/wp-content\\\/uploads\\\/2023\\\/06\\\/WhatsApp-Image-2023-06-19-at-11.01.50-1.jpeg\",\"width\":354,\"height\":354,\"caption\":\"Lisbon Public Law\"},\"image\":{\"@id\":\"https:\\\/\\\/lisbonpubliclaw.pt\\\/#\\\/schema\\\/logo\\\/image\\\/\"}}]}<\/script>\n<!-- \/ Yoast SEO plugin. -->","yoast_head_json":{"title":"Water Water Lisbon","description":"Grupo criado no \u00e2mbito do projeto \"Os Servi\u00e7os P\u00fablicos de \u00c1guas e Res\u00edduos\" do Lisbon Public Law Research Centre. Organiza anualmente a Confer\u00eancia Internacional da \u00c1gua de Lisboa.","robots":{"index":"index","follow":"follow","max-snippet":"max-snippet:-1","max-image-preview":"max-image-preview:large","max-video-preview":"max-video-preview:-1"},"canonical":"https:\/\/lisbonpubliclaw.pt\/en\/waterwastelisbon\/","og_locale":"en_US","og_type":"article","og_title":"Water Water Lisbon","og_description":"Grupo criado no \u00e2mbito do projeto \"Os Servi\u00e7os P\u00fablicos de \u00c1guas e Res\u00edduos\" do Lisbon Public Law Research Centre. Organiza anualmente a Confer\u00eancia Internacional da \u00c1gua de Lisboa.","og_url":"https:\/\/lisbonpubliclaw.pt\/en\/waterwastelisbon\/","og_site_name":"Lisbon Public Law","article_modified_time":"2025-06-05T08:46:45+00:00","og_image":[{"width":1826,"height":462,"url":"https:\/\/lisbonpubliclaw.pt\/wp-content\/uploads\/2025\/02\/Logos-2016-2024-02-e1739815744507.png","type":"image\/png"}],"twitter_card":"summary_large_image","twitter_misc":{"Est. reading time":"11 minutes"},"schema":{"@context":"https:\/\/schema.org","@graph":[{"@type":"WebPage","@id":"https:\/\/lisbonpubliclaw.pt\/waterwastelisbon\/","url":"https:\/\/lisbonpubliclaw.pt\/waterwastelisbon\/","name":"Water Water Lisbon","isPartOf":{"@id":"https:\/\/lisbonpubliclaw.pt\/#website"},"primaryImageOfPage":{"@id":"https:\/\/lisbonpubliclaw.pt\/waterwastelisbon\/#primaryimage"},"image":{"@id":"https:\/\/lisbonpubliclaw.pt\/waterwastelisbon\/#primaryimage"},"thumbnailUrl":"https:\/\/lisbonpubliclaw.pt\/wp-content\/uploads\/2025\/02\/Logos-2016-2024-02-e1739815744507.png","datePublished":"2025-02-06T10:13:04+00:00","dateModified":"2025-06-05T08:46:45+00:00","description":"Grupo criado no \u00e2mbito do projeto \"Os Servi\u00e7os P\u00fablicos de \u00c1guas e Res\u00edduos\" do Lisbon Public Law Research Centre. Organiza anualmente a Confer\u00eancia Internacional da \u00c1gua de Lisboa.","breadcrumb":{"@id":"https:\/\/lisbonpubliclaw.pt\/waterwastelisbon\/#breadcrumb"},"inLanguage":"en-US","potentialAction":[{"@type":"ReadAction","target":["https:\/\/lisbonpubliclaw.pt\/waterwastelisbon\/"]}]},{"@type":"ImageObject","inLanguage":"en-US","@id":"https:\/\/lisbonpubliclaw.pt\/waterwastelisbon\/#primaryimage","url":"https:\/\/lisbonpubliclaw.pt\/wp-content\/uploads\/2025\/02\/Logos-2016-2024-02-e1739815744507.png","contentUrl":"https:\/\/lisbonpubliclaw.pt\/wp-content\/uploads\/2025\/02\/Logos-2016-2024-02-e1739815744507.png","width":1826,"height":462},{"@type":"BreadcrumbList","@id":"https:\/\/lisbonpubliclaw.pt\/waterwastelisbon\/#breadcrumb","itemListElement":[{"@type":"ListItem","position":1,"name":"Home","item":"https:\/\/lisbonpubliclaw.pt\/"},{"@type":"ListItem","position":2,"name":"Water Waste Lisbon"}]},{"@type":"WebSite","@id":"https:\/\/lisbonpubliclaw.pt\/#website","url":"https:\/\/lisbonpubliclaw.pt\/","name":"Lisbon Public Law","description":"Public Law Research Centre in Lisbon","publisher":{"@id":"https:\/\/lisbonpubliclaw.pt\/#organization"},"potentialAction":[{"@type":"SearchAction","target":{"@type":"EntryPoint","urlTemplate":"https:\/\/lisbonpubliclaw.pt\/?s={search_term_string}"},"query-input":{"@type":"PropertyValueSpecification","valueRequired":true,"valueName":"search_term_string"}}],"inLanguage":"en-US"},{"@type":"Organization","@id":"https:\/\/lisbonpubliclaw.pt\/#organization","name":"Lisbon Public Law","url":"https:\/\/lisbonpubliclaw.pt\/","logo":{"@type":"ImageObject","inLanguage":"en-US","@id":"https:\/\/lisbonpubliclaw.pt\/#\/schema\/logo\/image\/","url":"https:\/\/lisbonpubliclaw.pt\/wp-content\/uploads\/2023\/06\/WhatsApp-Image-2023-06-19-at-11.01.50-1.jpeg","contentUrl":"https:\/\/lisbonpubliclaw.pt\/wp-content\/uploads\/2023\/06\/WhatsApp-Image-2023-06-19-at-11.01.50-1.jpeg","width":354,"height":354,"caption":"Lisbon Public Law"},"image":{"@id":"https:\/\/lisbonpubliclaw.pt\/#\/schema\/logo\/image\/"}}]}},"_links":{"self":[{"href":"https:\/\/lisbonpubliclaw.pt\/en\/wp-json\/wp\/v2\/pages\/7536","targetHints":{"allow":["GET"]}}],"collection":[{"href":"https:\/\/lisbonpubliclaw.pt\/en\/wp-json\/wp\/v2\/pages"}],"about":[{"href":"https:\/\/lisbonpubliclaw.pt\/en\/wp-json\/wp\/v2\/types\/page"}],"author":[{"embeddable":true,"href":"https:\/\/lisbonpubliclaw.pt\/en\/wp-json\/wp\/v2\/users\/1"}],"replies":[{"embeddable":true,"href":"https:\/\/lisbonpubliclaw.pt\/en\/wp-json\/wp\/v2\/comments?post=7536"}],"version-history":[{"count":396,"href":"https:\/\/lisbonpubliclaw.pt\/en\/wp-json\/wp\/v2\/pages\/7536\/revisions"}],"predecessor-version":[{"id":10545,"href":"https:\/\/lisbonpubliclaw.pt\/en\/wp-json\/wp\/v2\/pages\/7536\/revisions\/10545"}],"wp:featuredmedia":[{"embeddable":true,"href":"https:\/\/lisbonpubliclaw.pt\/en\/wp-json\/wp\/v2\/media\/8201"}],"wp:attachment":[{"href":"https:\/\/lisbonpubliclaw.pt\/en\/wp-json\/wp\/v2\/media?parent=7536"}],"wp:term":[{"taxonomy":"cluster","embeddable":true,"href":"https:\/\/lisbonpubliclaw.pt\/en\/wp-json\/wp\/v2\/cluster?post=7536"},{"taxonomy":"grupo-de-investigacao","embeddable":true,"href":"https:\/\/lisbonpubliclaw.pt\/en\/wp-json\/wp\/v2\/grupo-de-investigacao?post=7536"}],"curies":[{"name":"wp","href":"https:\/\/api.w.org\/{rel}","templated":true}]}}