{"id":7424,"date":"2024-12-16T17:00:39","date_gmt":"2024-12-16T17:00:39","guid":{"rendered":"https:\/\/lisbonpubliclaw.pt\/?page_id=7424"},"modified":"2026-04-21T08:55:01","modified_gmt":"2026-04-21T08:55:01","slug":"data-bases","status":"publish","type":"page","link":"https:\/\/lisbonpubliclaw.pt\/en\/lisbon-environmental-law\/data-bases\/","title":{"rendered":"Data Bases"},"content":{"rendered":"<div data-elementor-type=\"wp-page\" data-elementor-id=\"7424\" class=\"elementor elementor-7424\" data-elementor-post-type=\"page\">\n\t\t\t\t<div class=\"elementor-element elementor-element-274822b e-con-full e-flex e-con e-parent\" data-id=\"274822b\" data-element_type=\"container\" data-settings=\"{&quot;jet_parallax_layout_list&quot;:[]}\">\n\t\t<div class=\"elementor-element elementor-element-e620c4f e-con-full e-flex e-con e-child\" data-id=\"e620c4f\" data-element_type=\"container\" data-settings=\"{&quot;jet_parallax_layout_list&quot;:[]}\">\n\t\t\t\t<div class=\"elementor-element elementor-element-6f02b35 elementor-widget elementor-widget-shortcode\" data-id=\"6f02b35\" data-element_type=\"widget\" data-widget_type=\"shortcode.default\">\n\t\t\t\t<div class=\"elementor-widget-container\">\n\t\t\t\t\t<div class=\"elementor-shortcode\">\t\t<div data-elementor-type=\"container\" data-elementor-id=\"4578\" class=\"elementor elementor-4578\" data-elementor-post-type=\"elementor_library\">\n\t\t\t\t<div class=\"elementor-element elementor-element-29821f2 e-con-full e-flex e-con e-parent\" data-id=\"29821f2\" data-element_type=\"container\" data-settings=\"{&quot;jet_parallax_layout_list&quot;:[]}\">\n\t\t<div class=\"elementor-element elementor-element-c29427e e-flex e-con-boxed e-con e-child\" data-id=\"c29427e\" data-element_type=\"container\" data-settings=\"{&quot;background_background&quot;:&quot;classic&quot;,&quot;jet_parallax_layout_list&quot;:[]}\">\n\t\t\t\t\t<div class=\"e-con-inner\">\n\t\t\t\t<div class=\"elementor-element elementor-element-2ea38d4 elementor-widget elementor-widget-heading\" data-id=\"2ea38d4\" data-element_type=\"widget\" data-widget_type=\"heading.default\">\n\t\t\t\t<div class=\"elementor-widget-container\">\n\t\t\t<h2 class=\"elementor-heading-title elementor-size-default\"><a href=\"https:\/\/lisbonpubliclaw.pt\/en\/lisbon-environmental-law\/equipa\/\">TEAM<\/a><\/h2>\t\t<\/div>\n\t\t\t\t<\/div>\n\t\t\t\t\t<\/div>\n\t\t\t\t<\/div>\n\t\t<div class=\"elementor-element elementor-element-eb4fece e-flex e-con-boxed e-con e-child\" data-id=\"eb4fece\" data-element_type=\"container\" data-settings=\"{&quot;background_background&quot;:&quot;classic&quot;,&quot;jet_parallax_layout_list&quot;:[]}\">\n\t\t\t\t\t<div class=\"e-con-inner\">\n\t\t\t\t<div class=\"elementor-element elementor-element-7b8ef2c elementor-widget elementor-widget-heading\" data-id=\"7b8ef2c\" data-element_type=\"widget\" data-widget_type=\"heading.default\">\n\t\t\t\t<div class=\"elementor-widget-container\">\n\t\t\t<h2 class=\"elementor-heading-title elementor-size-default\"><a href=\"https:\/\/lisbonpubliclaw.pt\/en\/lisbon-environmental-law\/projetos\/\">PROJECTS<\/a><\/h2>\t\t<\/div>\n\t\t\t\t<\/div>\n\t\t\t\t\t<\/div>\n\t\t\t\t<\/div>\n\t\t<div class=\"elementor-element elementor-element-f296c85 e-flex e-con-boxed e-con e-child\" data-id=\"f296c85\" data-element_type=\"container\" data-settings=\"{&quot;background_background&quot;:&quot;classic&quot;,&quot;jet_parallax_layout_list&quot;:[]}\">\n\t\t\t\t\t<div class=\"e-con-inner\">\n\t\t\t\t<div class=\"elementor-element elementor-element-1a52302 elementor-widget elementor-widget-heading\" data-id=\"1a52302\" data-element_type=\"widget\" data-widget_type=\"heading.default\">\n\t\t\t\t<div class=\"elementor-widget-container\">\n\t\t\t<h2 class=\"elementor-heading-title elementor-size-default\"><a href=\"https:\/\/lisbonpubliclaw.pt\/en\/lisbon-environmental-law\/publicacoes\/\">PUBLICATIONS<\/a><\/h2>\t\t<\/div>\n\t\t\t\t<\/div>\n\t\t\t\t\t<\/div>\n\t\t\t\t<\/div>\n\t\t<div class=\"elementor-element elementor-element-1954635 e-flex e-con-boxed e-con e-child\" data-id=\"1954635\" data-element_type=\"container\" data-settings=\"{&quot;background_background&quot;:&quot;classic&quot;,&quot;jet_parallax_layout_list&quot;:[]}\">\n\t\t\t\t\t<div class=\"e-con-inner\">\n\t\t\t\t<div class=\"elementor-element elementor-element-d697786 elementor-widget elementor-widget-heading\" data-id=\"d697786\" data-element_type=\"widget\" data-widget_type=\"heading.default\">\n\t\t\t\t<div class=\"elementor-widget-container\">\n\t\t\t<h2 class=\"elementor-heading-title elementor-size-default\"><a href=\"https:\/\/lisbonpubliclaw.pt\/en\/lisbon-environmental-law\/eventos\/\">EVENTS<\/a><\/h2>\t\t<\/div>\n\t\t\t\t<\/div>\n\t\t\t\t\t<\/div>\n\t\t\t\t<\/div>\n\t\t<div class=\"elementor-element elementor-element-6239b56 e-flex e-con-boxed e-con e-child\" data-id=\"6239b56\" data-element_type=\"container\" data-settings=\"{&quot;background_background&quot;:&quot;classic&quot;,&quot;jet_parallax_layout_list&quot;:[]}\">\n\t\t\t\t\t<div class=\"e-con-inner\">\n\t\t\t\t<div class=\"elementor-element elementor-element-a4af077 elementor-widget elementor-widget-heading\" data-id=\"a4af077\" data-element_type=\"widget\" data-widget_type=\"heading.default\">\n\t\t\t\t<div class=\"elementor-widget-container\">\n\t\t\t<h2 class=\"elementor-heading-title elementor-size-default\"><a href=\"https:\/\/lisbonpubliclaw.pt\/en\/lisbon-environmental-law\/noticias\/\">NEWS<\/a><\/h2>\t\t<\/div>\n\t\t\t\t<\/div>\n\t\t\t\t\t<\/div>\n\t\t\t\t<\/div>\n\t\t<div class=\"elementor-element elementor-element-a8b8d6c e-flex e-con-boxed e-con e-child\" data-id=\"a8b8d6c\" data-element_type=\"container\" data-settings=\"{&quot;background_background&quot;:&quot;classic&quot;,&quot;jet_parallax_layout_list&quot;:[]}\">\n\t\t\t\t\t<div class=\"e-con-inner\">\n\t\t\t\t<div class=\"elementor-element elementor-element-f582fd5 elementor-widget elementor-widget-heading\" data-id=\"f582fd5\" data-element_type=\"widget\" data-widget_type=\"heading.default\">\n\t\t\t\t<div class=\"elementor-widget-container\">\n\t\t\t<h2 class=\"elementor-heading-title elementor-size-default\"><a href=\"https:\/\/lisbonpubliclaw.pt\/en\/lisbon-environmental-law\/data-bases\/\">Databases<\/a><\/h2>\t\t<\/div>\n\t\t\t\t<\/div>\n\t\t\t\t\t<\/div>\n\t\t\t\t<\/div>\n\t\t\t\t<\/div>\n\t\t\t\t<\/div>\n\t\t<\/div>\n\t\t\t\t<\/div>\n\t\t\t\t<\/div>\n\t\t\t\t<\/div>\n\t\t\t\t<\/div>\n\t\t<div class=\"elementor-element elementor-element-81ec860 e-flex e-con-boxed e-con e-parent\" data-id=\"81ec860\" data-element_type=\"container\" data-settings=\"{&quot;jet_parallax_layout_list&quot;:[]}\">\n\t\t\t\t\t<div class=\"e-con-inner\">\n\t\t<div class=\"elementor-element elementor-element-acf2374 e-flex e-con-boxed e-con e-child\" data-id=\"acf2374\" data-element_type=\"container\" data-settings=\"{&quot;jet_parallax_layout_list&quot;:[]}\">\n\t\t\t\t\t<div class=\"e-con-inner\">\n\t\t\t\t<div class=\"elementor-element elementor-element-3e92902 elementor-widget-divider--view-line elementor-widget elementor-widget-divider\" data-id=\"3e92902\" data-element_type=\"widget\" data-widget_type=\"divider.default\">\n\t\t\t\t<div class=\"elementor-widget-container\">\n\t\t\t\t\t<div class=\"elementor-divider\">\n\t\t\t<span class=\"elementor-divider-separator\">\n\t\t\t\t\t\t<\/span>\n\t\t<\/div>\n\t\t\t\t<\/div>\n\t\t\t\t<\/div>\n\t\t\t\t\t<\/div>\n\t\t\t\t<\/div>\n\t\t\t\t\t<\/div>\n\t\t\t\t<\/div>\n\t\t<div class=\"elementor-element elementor-element-ae15934 e-flex e-con-boxed e-con e-parent\" data-id=\"ae15934\" data-element_type=\"container\" data-settings=\"{&quot;jet_parallax_layout_list&quot;:[]}\">\n\t\t\t\t\t<div class=\"e-con-inner\">\n\t\t<div class=\"elementor-element elementor-element-f563e0d e-con-full e-flex e-con e-child\" data-id=\"f563e0d\" data-element_type=\"container\" data-settings=\"{&quot;jet_parallax_layout_list&quot;:[]}\">\n\t\t\t\t<div class=\"elementor-element elementor-element-c8181fd elementor-widget elementor-widget-image\" data-id=\"c8181fd\" data-element_type=\"widget\" data-widget_type=\"image.default\">\n\t\t\t\t<div class=\"elementor-widget-container\">\n\t\t\t\t\t\t\t\t\t\t\t\t\t\t<a href=\"https:\/\/lisbonpubliclaw.pt\/en\/lisbon-environmental-law\/\">\n\t\t\t\t\t\t\t<img decoding=\"async\" width=\"300\" height=\"101\" src=\"https:\/\/lisbonpubliclaw.pt\/wp-content\/uploads\/2023\/10\/logo_LEL-300x101.png\" class=\"attachment-medium size-medium wp-image-4812\" alt=\"\" srcset=\"https:\/\/lisbonpubliclaw.pt\/wp-content\/uploads\/2023\/10\/logo_LEL-300x101.png 300w, https:\/\/lisbonpubliclaw.pt\/wp-content\/uploads\/2023\/10\/logo_LEL-1024x343.png 1024w, https:\/\/lisbonpubliclaw.pt\/wp-content\/uploads\/2023\/10\/logo_LEL-768x258.png 768w, https:\/\/lisbonpubliclaw.pt\/wp-content\/uploads\/2023\/10\/logo_LEL-1536x515.png 1536w, https:\/\/lisbonpubliclaw.pt\/wp-content\/uploads\/2023\/10\/logo_LEL-18x6.png 18w, https:\/\/lisbonpubliclaw.pt\/wp-content\/uploads\/2023\/10\/logo_LEL-600x201.png 600w, https:\/\/lisbonpubliclaw.pt\/wp-content\/uploads\/2023\/10\/logo_LEL.png 1670w\" sizes=\"(max-width: 300px) 100vw, 300px\" \/>\t\t\t\t\t\t\t\t<\/a>\n\t\t\t\t\t\t\t\t\t\t\t\t\t<\/div>\n\t\t\t\t<\/div>\n\t\t\t\t<div class=\"elementor-element elementor-element-09f5fe2 elementor-widget elementor-widget-spacer\" data-id=\"09f5fe2\" data-element_type=\"widget\" data-widget_type=\"spacer.default\">\n\t\t\t\t<div class=\"elementor-widget-container\">\n\t\t\t\t\t<div class=\"elementor-spacer\">\n\t\t\t<div class=\"elementor-spacer-inner\"><\/div>\n\t\t<\/div>\n\t\t\t\t<\/div>\n\t\t\t\t<\/div>\n\t\t\t\t<div class=\"elementor-element elementor-element-b9428ef elementor-widget elementor-widget-heading\" data-id=\"b9428ef\" data-element_type=\"widget\" data-widget_type=\"heading.default\">\n\t\t\t\t<div class=\"elementor-widget-container\">\n\t\t\t<h3 class=\"elementor-heading-title elementor-size-default\">Data Bases<\/h3>\t\t<\/div>\n\t\t\t\t<\/div>\n\t\t\t\t<div class=\"elementor-element elementor-element-a982f94 elementor-widget elementor-widget-text-editor\" data-id=\"a982f94\" data-element_type=\"widget\" data-widget_type=\"text-editor.default\">\n\t\t\t\t<div class=\"elementor-widget-container\">\n\t\t\t\t\t\t\t<p>The <strong>Lisbon Environmental Law<\/strong> is fully committed to open science. <br \/>Many of our works are published in open access, including <span style=\"color: #333333;\"><strong><a style=\"color: #333333;\" href=\"https:\/\/lisbonpubliclaw.pt\/en\/livros\/\" target=\"_blank\" rel=\"noopener\">books<\/a><\/strong><\/span> and <strong><span style=\"color: #333333;\"><a style=\"color: #333333;\" href=\"https:\/\/www.ssrn.com\/index.cfm\/en\/u-lisbon-res\/\" target=\"_blank\" rel=\"noopener\">working papers<\/a><\/span><\/strong>. <br \/>From 2024 onwards, we also began to offer <strong>databases<\/strong> that supported parts of our work, with the aim of accelerating research in environmental law and promoting verifiability and replicability.<\/p>\t\t\t\t\t\t<\/div>\n\t\t\t\t<\/div>\n\t\t\t\t<\/div>\n\t\t\t\t\t<\/div>\n\t\t\t\t<\/div>\n\t\t<div class=\"elementor-element elementor-element-b9f0152 e-flex e-con-boxed e-con e-parent\" data-id=\"b9f0152\" data-element_type=\"container\" data-settings=\"{&quot;jet_parallax_layout_list&quot;:[]}\">\n\t\t\t\t\t<div class=\"e-con-inner\">\n\t\t\t\t<div class=\"elementor-element elementor-element-112e1bd elementor-widget elementor-widget-video\" data-id=\"112e1bd\" data-element_type=\"widget\" data-settings=\"{&quot;youtube_url&quot;:&quot;https:\\\/\\\/youtu.be\\\/TAMDimivTWA?si=uB8J-6FuMye77DXP&quot;,&quot;video_type&quot;:&quot;youtube&quot;,&quot;controls&quot;:&quot;yes&quot;}\" data-widget_type=\"video.default\">\n\t\t\t\t<div class=\"elementor-widget-container\">\n\t\t\t\t\t<div class=\"elementor-wrapper elementor-open-inline\">\n\t\t\t<div class=\"elementor-video\"><\/div>\t\t<\/div>\n\t\t\t\t<\/div>\n\t\t\t\t<\/div>\n\t\t\t\t\t<\/div>\n\t\t\t\t<\/div>\n\t\t<div class=\"elementor-element elementor-element-c0b8118 e-flex e-con-boxed e-con e-parent\" data-id=\"c0b8118\" data-element_type=\"container\" data-settings=\"{&quot;jet_parallax_layout_list&quot;:[]}\">\n\t\t\t\t\t<div class=\"e-con-inner\">\n\t\t<div class=\"elementor-element elementor-element-5a6170a e-con-full e-flex e-con e-child\" data-id=\"5a6170a\" data-element_type=\"container\" data-settings=\"{&quot;background_background&quot;:&quot;gradient&quot;,&quot;jet_parallax_layout_list&quot;:[]}\">\n\t\t\t\t<div class=\"elementor-element elementor-element-7ac97a4 elementor-align-center elementor-widget elementor-widget-button\" data-id=\"7ac97a4\" data-element_type=\"widget\" data-widget_type=\"button.default\">\n\t\t\t\t<div class=\"elementor-widget-container\">\n\t\t\t\t\t\t\t<div class=\"elementor-button-wrapper\">\n\t\t\t\t\t<a class=\"elementor-button elementor-button-link elementor-size-sm\" href=\"https:\/\/youtube.com\/playlist?list=PLoufRsLUGgFwlMvbLQQJWF2tA8c9quiof&#038;si=MdOmn-uvp5csEuNl\">\n\t\t\t\t\t\t<span class=\"elementor-button-content-wrapper\">\n\t\t\t\t\t\t\t\t\t<span class=\"elementor-button-text\">ENG Tutorials<\/span>\n\t\t\t\t\t<\/span>\n\t\t\t\t\t<\/a>\n\t\t\t\t<\/div>\n\t\t\t\t\t\t<\/div>\n\t\t\t\t<\/div>\n\t\t\t\t<\/div>\n\t\t<div class=\"elementor-element elementor-element-496d00f e-con-full e-flex e-con e-child\" data-id=\"496d00f\" data-element_type=\"container\" data-settings=\"{&quot;jet_parallax_layout_list&quot;:[]}\">\n\t\t\t\t<div class=\"elementor-element elementor-element-f0cc0e3 elementor-align-center elementor-widget elementor-widget-button\" data-id=\"f0cc0e3\" data-element_type=\"widget\" data-widget_type=\"button.default\">\n\t\t\t\t<div class=\"elementor-widget-container\">\n\t\t\t\t\t\t\t<div class=\"elementor-button-wrapper\">\n\t\t\t\t\t<a class=\"elementor-button elementor-button-link elementor-size-sm\" href=\"https:\/\/youtube.com\/playlist?list=PLoufRsLUGgFy5aR-j-pF1LfcF9dkANzkn&#038;si=S6lMi201DZOIl-OW\">\n\t\t\t\t\t\t<span class=\"elementor-button-content-wrapper\">\n\t\t\t\t\t\t\t\t\t<span class=\"elementor-button-text\">PT tutoriais<\/span>\n\t\t\t\t\t<\/span>\n\t\t\t\t\t<\/a>\n\t\t\t\t<\/div>\n\t\t\t\t\t\t<\/div>\n\t\t\t\t<\/div>\n\t\t\t\t<\/div>\n\t\t\t\t\t<\/div>\n\t\t\t\t<\/div>\n\t\t<div class=\"elementor-element elementor-element-928dfce e-flex e-con-boxed e-con e-parent\" data-id=\"928dfce\" data-element_type=\"container\" data-settings=\"{&quot;jet_parallax_layout_list&quot;:[]}\">\n\t\t\t\t\t<div class=\"e-con-inner\">\n\t\t<div class=\"elementor-element elementor-element-3296814 e-con-full e-flex e-con e-child\" data-id=\"3296814\" data-element_type=\"container\" data-settings=\"{&quot;jet_parallax_layout_list&quot;:[]}\">\n\t\t\t\t<div class=\"elementor-element elementor-element-221a988 elementor-widget elementor-widget-image\" data-id=\"221a988\" data-element_type=\"widget\" data-widget_type=\"image.default\">\n\t\t\t\t<div class=\"elementor-widget-container\">\n\t\t\t\t\t\t\t\t\t\t\t\t\t\t<a href=\"#CJEUC\">\n\t\t\t\t\t\t\t<img fetchpriority=\"high\" decoding=\"async\" width=\"1024\" height=\"576\" src=\"https:\/\/lisbonpubliclaw.pt\/wp-content\/uploads\/2025\/05\/1_CJEU-Climate-Cases-Database-1024x576.jpg\" class=\"attachment-large size-large wp-image-10476\" alt=\"\" srcset=\"https:\/\/lisbonpubliclaw.pt\/wp-content\/uploads\/2025\/05\/1_CJEU-Climate-Cases-Database-1024x576.jpg 1024w, https:\/\/lisbonpubliclaw.pt\/wp-content\/uploads\/2025\/05\/1_CJEU-Climate-Cases-Database-300x169.jpg 300w, https:\/\/lisbonpubliclaw.pt\/wp-content\/uploads\/2025\/05\/1_CJEU-Climate-Cases-Database-768x432.jpg 768w, https:\/\/lisbonpubliclaw.pt\/wp-content\/uploads\/2025\/05\/1_CJEU-Climate-Cases-Database-1536x864.jpg 1536w, https:\/\/lisbonpubliclaw.pt\/wp-content\/uploads\/2025\/05\/1_CJEU-Climate-Cases-Database-18x10.jpg 18w, https:\/\/lisbonpubliclaw.pt\/wp-content\/uploads\/2025\/05\/1_CJEU-Climate-Cases-Database-150x85.jpg 150w, https:\/\/lisbonpubliclaw.pt\/wp-content\/uploads\/2025\/05\/1_CJEU-Climate-Cases-Database-600x338.jpg 600w, https:\/\/lisbonpubliclaw.pt\/wp-content\/uploads\/2025\/05\/1_CJEU-Climate-Cases-Database.jpg 1920w\" sizes=\"(max-width: 1024px) 100vw, 1024px\" \/>\t\t\t\t\t\t\t\t<\/a>\n\t\t\t\t\t\t\t\t\t\t\t\t\t<\/div>\n\t\t\t\t<\/div>\n\t\t\t\t<\/div>\n\t\t<div class=\"elementor-element elementor-element-9c7056d e-con-full e-flex e-con e-child\" data-id=\"9c7056d\" data-element_type=\"container\" data-settings=\"{&quot;jet_parallax_layout_list&quot;:[]}\">\n\t\t\t\t<div class=\"elementor-element elementor-element-c086335 elementor-widget elementor-widget-image\" data-id=\"c086335\" data-element_type=\"widget\" data-widget_type=\"image.default\">\n\t\t\t\t<div class=\"elementor-widget-container\">\n\t\t\t\t\t\t\t\t\t\t\t\t\t\t<a href=\"#CLOD\">\n\t\t\t\t\t\t\t<img decoding=\"async\" width=\"1024\" height=\"576\" src=\"https:\/\/lisbonpubliclaw.pt\/wp-content\/uploads\/2025\/05\/CJEU-Climate-Cases-Database-1024x576.jpg\" class=\"attachment-large size-large wp-image-10477\" alt=\"\" srcset=\"https:\/\/lisbonpubliclaw.pt\/wp-content\/uploads\/2025\/05\/CJEU-Climate-Cases-Database-1024x576.jpg 1024w, https:\/\/lisbonpubliclaw.pt\/wp-content\/uploads\/2025\/05\/CJEU-Climate-Cases-Database-300x169.jpg 300w, https:\/\/lisbonpubliclaw.pt\/wp-content\/uploads\/2025\/05\/CJEU-Climate-Cases-Database-768x432.jpg 768w, https:\/\/lisbonpubliclaw.pt\/wp-content\/uploads\/2025\/05\/CJEU-Climate-Cases-Database-1536x864.jpg 1536w, https:\/\/lisbonpubliclaw.pt\/wp-content\/uploads\/2025\/05\/CJEU-Climate-Cases-Database-18x10.jpg 18w, https:\/\/lisbonpubliclaw.pt\/wp-content\/uploads\/2025\/05\/CJEU-Climate-Cases-Database-150x85.jpg 150w, https:\/\/lisbonpubliclaw.pt\/wp-content\/uploads\/2025\/05\/CJEU-Climate-Cases-Database-600x338.jpg 600w, https:\/\/lisbonpubliclaw.pt\/wp-content\/uploads\/2025\/05\/CJEU-Climate-Cases-Database.jpg 1920w\" sizes=\"(max-width: 1024px) 100vw, 1024px\" \/>\t\t\t\t\t\t\t\t<\/a>\n\t\t\t\t\t\t\t\t\t\t\t\t\t<\/div>\n\t\t\t\t<\/div>\n\t\t\t\t<\/div>\n\t\t<div class=\"elementor-element elementor-element-4a58692 e-con-full e-flex e-con e-child\" data-id=\"4a58692\" data-element_type=\"container\" data-settings=\"{&quot;jet_parallax_layout_list&quot;:[]}\">\n\t\t\t\t<div class=\"elementor-element elementor-element-b0c4100 elementor-widget elementor-widget-image\" data-id=\"b0c4100\" data-element_type=\"widget\" data-widget_type=\"image.default\">\n\t\t\t\t<div class=\"elementor-widget-container\">\n\t\t\t\t\t\t\t\t\t\t\t\t\t\t<a href=\"#JATC\">\n\t\t\t\t\t\t\t<img loading=\"lazy\" decoding=\"async\" width=\"1024\" height=\"576\" src=\"https:\/\/lisbonpubliclaw.pt\/wp-content\/uploads\/2025\/06\/JATC-1024x576.jpg\" class=\"attachment-large size-large wp-image-10591\" alt=\"\" srcset=\"https:\/\/lisbonpubliclaw.pt\/wp-content\/uploads\/2025\/06\/JATC-1024x576.jpg 1024w, https:\/\/lisbonpubliclaw.pt\/wp-content\/uploads\/2025\/06\/JATC-300x169.jpg 300w, https:\/\/lisbonpubliclaw.pt\/wp-content\/uploads\/2025\/06\/JATC-768x432.jpg 768w, https:\/\/lisbonpubliclaw.pt\/wp-content\/uploads\/2025\/06\/JATC-1536x864.jpg 1536w, https:\/\/lisbonpubliclaw.pt\/wp-content\/uploads\/2025\/06\/JATC-18x10.jpg 18w, https:\/\/lisbonpubliclaw.pt\/wp-content\/uploads\/2025\/06\/JATC-150x85.jpg 150w, https:\/\/lisbonpubliclaw.pt\/wp-content\/uploads\/2025\/06\/JATC-600x338.jpg 600w, https:\/\/lisbonpubliclaw.pt\/wp-content\/uploads\/2025\/06\/JATC.jpg 1920w\" sizes=\"(max-width: 1024px) 100vw, 1024px\" \/>\t\t\t\t\t\t\t\t<\/a>\n\t\t\t\t\t\t\t\t\t\t\t\t\t<\/div>\n\t\t\t\t<\/div>\n\t\t\t\t<\/div>\n\t\t<div class=\"elementor-element elementor-element-e5dff1c e-con-full e-flex e-con e-child\" data-id=\"e5dff1c\" data-element_type=\"container\" data-settings=\"{&quot;jet_parallax_layout_list&quot;:[]}\">\n\t\t\t\t<div class=\"elementor-element elementor-element-8f24602 elementor-widget elementor-widget-image\" data-id=\"8f24602\" data-element_type=\"widget\" data-widget_type=\"image.default\">\n\t\t\t\t<div class=\"elementor-widget-container\">\n\t\t\t\t\t\t\t\t\t\t\t\t\t\t<a href=\"#CEC\">\n\t\t\t\t\t\t\t<img loading=\"lazy\" decoding=\"async\" width=\"1024\" height=\"576\" src=\"https:\/\/lisbonpubliclaw.pt\/wp-content\/uploads\/2025\/06\/CEC-1024x576.jpg\" class=\"attachment-large size-large wp-image-10590\" alt=\"\" srcset=\"https:\/\/lisbonpubliclaw.pt\/wp-content\/uploads\/2025\/06\/CEC-1024x576.jpg 1024w, https:\/\/lisbonpubliclaw.pt\/wp-content\/uploads\/2025\/06\/CEC-300x169.jpg 300w, https:\/\/lisbonpubliclaw.pt\/wp-content\/uploads\/2025\/06\/CEC-768x432.jpg 768w, https:\/\/lisbonpubliclaw.pt\/wp-content\/uploads\/2025\/06\/CEC-1536x864.jpg 1536w, https:\/\/lisbonpubliclaw.pt\/wp-content\/uploads\/2025\/06\/CEC-18x10.jpg 18w, https:\/\/lisbonpubliclaw.pt\/wp-content\/uploads\/2025\/06\/CEC-150x85.jpg 150w, https:\/\/lisbonpubliclaw.pt\/wp-content\/uploads\/2025\/06\/CEC-600x338.jpg 600w, https:\/\/lisbonpubliclaw.pt\/wp-content\/uploads\/2025\/06\/CEC.jpg 1920w\" sizes=\"(max-width: 1024px) 100vw, 1024px\" \/>\t\t\t\t\t\t\t\t<\/a>\n\t\t\t\t\t\t\t\t\t\t\t\t\t<\/div>\n\t\t\t\t<\/div>\n\t\t\t\t<\/div>\n\t\t\t\t\t<\/div>\n\t\t\t\t<\/div>\n\t\t<div class=\"elementor-element elementor-element-47f1a55 e-flex e-con-boxed e-con e-parent\" data-id=\"47f1a55\" data-element_type=\"container\" data-settings=\"{&quot;jet_parallax_layout_list&quot;:[]}\">\n\t\t\t\t\t<div class=\"e-con-inner\">\n\t\t\t\t<div class=\"elementor-element elementor-element-79591d5 elementor-widget elementor-widget-spacer\" data-id=\"79591d5\" data-element_type=\"widget\" data-widget_type=\"spacer.default\">\n\t\t\t\t<div class=\"elementor-widget-container\">\n\t\t\t\t\t<div class=\"elementor-spacer\">\n\t\t\t<div class=\"elementor-spacer-inner\"><\/div>\n\t\t<\/div>\n\t\t\t\t<\/div>\n\t\t\t\t<\/div>\n\t\t\t\t<div class=\"elementor-element elementor-element-9266efd elementor-widget elementor-widget-heading\" data-id=\"9266efd\" data-element_type=\"widget\" data-widget_type=\"heading.default\">\n\t\t\t\t<div class=\"elementor-widget-container\">\n\t\t\t<h3 class=\"elementor-heading-title elementor-size-default\">Specific framework<\/h3>\t\t<\/div>\n\t\t\t\t<\/div>\n\t\t\t\t<div class=\"elementor-element elementor-element-576bdb3 elementor-widget elementor-widget-spacer\" data-id=\"576bdb3\" data-element_type=\"widget\" data-widget_type=\"spacer.default\">\n\t\t\t\t<div class=\"elementor-widget-container\">\n\t\t\t\t\t<div class=\"elementor-spacer\">\n\t\t\t<div class=\"elementor-spacer-inner\"><\/div>\n\t\t<\/div>\n\t\t\t\t<\/div>\n\t\t\t\t<\/div>\n\t\t\t\t\t<\/div>\n\t\t\t\t<\/div>\n\t\t<div class=\"elementor-element elementor-element-1462b08 e-flex e-con-boxed e-con e-parent\" data-id=\"1462b08\" data-element_type=\"container\" data-settings=\"{&quot;jet_parallax_layout_list&quot;:[]}\">\n\t\t\t\t\t<div class=\"e-con-inner\">\n\t\t<div class=\"elementor-element elementor-element-eb09f53 e-con-full e-flex e-con e-child\" data-id=\"eb09f53\" data-element_type=\"container\" data-settings=\"{&quot;jet_parallax_layout_list&quot;:[]}\">\n\t\t\t\t<div class=\"elementor-element elementor-element-dde9ef1 elementor-widget elementor-widget-image\" data-id=\"dde9ef1\" data-element_type=\"widget\" id=\"CJEUC\" data-widget_type=\"image.default\">\n\t\t\t\t<div class=\"elementor-widget-container\">\n\t\t\t\t\t\t\t\t\t\t\t\t\t\t<a href=\"https:\/\/lpl-lisbonenvironmentallaw-databases.notion.site\/cjeuccd\" target=\"_blank\">\n\t\t\t\t\t\t\t<img fetchpriority=\"high\" decoding=\"async\" width=\"1024\" height=\"576\" src=\"https:\/\/lisbonpubliclaw.pt\/wp-content\/uploads\/2025\/05\/1_CJEU-Climate-Cases-Database-1024x576.jpg\" class=\"attachment-large size-large wp-image-10476\" alt=\"\" srcset=\"https:\/\/lisbonpubliclaw.pt\/wp-content\/uploads\/2025\/05\/1_CJEU-Climate-Cases-Database-1024x576.jpg 1024w, https:\/\/lisbonpubliclaw.pt\/wp-content\/uploads\/2025\/05\/1_CJEU-Climate-Cases-Database-300x169.jpg 300w, https:\/\/lisbonpubliclaw.pt\/wp-content\/uploads\/2025\/05\/1_CJEU-Climate-Cases-Database-768x432.jpg 768w, https:\/\/lisbonpubliclaw.pt\/wp-content\/uploads\/2025\/05\/1_CJEU-Climate-Cases-Database-1536x864.jpg 1536w, https:\/\/lisbonpubliclaw.pt\/wp-content\/uploads\/2025\/05\/1_CJEU-Climate-Cases-Database-18x10.jpg 18w, https:\/\/lisbonpubliclaw.pt\/wp-content\/uploads\/2025\/05\/1_CJEU-Climate-Cases-Database-150x85.jpg 150w, https:\/\/lisbonpubliclaw.pt\/wp-content\/uploads\/2025\/05\/1_CJEU-Climate-Cases-Database-600x338.jpg 600w, https:\/\/lisbonpubliclaw.pt\/wp-content\/uploads\/2025\/05\/1_CJEU-Climate-Cases-Database.jpg 1920w\" sizes=\"(max-width: 1024px) 100vw, 1024px\" \/>\t\t\t\t\t\t\t\t<\/a>\n\t\t\t\t\t\t\t\t\t\t\t\t\t<\/div>\n\t\t\t\t<\/div>\n\t\t\t\t<\/div>\n\t\t<div class=\"elementor-element elementor-element-3fb09cd e-con-full e-flex e-con e-child\" data-id=\"3fb09cd\" data-element_type=\"container\" data-settings=\"{&quot;jet_parallax_layout_list&quot;:[]}\">\n\t\t\t\t<div class=\"elementor-element elementor-element-f90fa21 elementor-widget elementor-widget-spacer\" data-id=\"f90fa21\" data-element_type=\"widget\" data-widget_type=\"spacer.default\">\n\t\t\t\t<div class=\"elementor-widget-container\">\n\t\t\t\t\t<div class=\"elementor-spacer\">\n\t\t\t<div class=\"elementor-spacer-inner\"><\/div>\n\t\t<\/div>\n\t\t\t\t<\/div>\n\t\t\t\t<\/div>\n\t\t<div class=\"elementor-element elementor-element-91e24e2 e-con-full e-flex e-con e-child\" data-id=\"91e24e2\" data-element_type=\"container\" data-settings=\"{&quot;jet_parallax_layout_list&quot;:[]}\">\n\t\t\t\t<div class=\"elementor-element elementor-element-1ce0e36 elementor-widget elementor-widget-heading\" data-id=\"1ce0e36\" data-element_type=\"widget\" data-widget_type=\"heading.default\">\n\t\t\t\t<div class=\"elementor-widget-container\">\n\t\t\t<h4 class=\"elementor-heading-title elementor-size-default\">How to cite<\/h4>\t\t<\/div>\n\t\t\t\t<\/div>\n\t\t\t\t<div class=\"elementor-element elementor-element-29b2e54 elementor-widget elementor-widget-text-editor\" data-id=\"29b2e54\" data-element_type=\"widget\" data-widget_type=\"text-editor.default\">\n\t\t\t\t<div class=\"elementor-widget-container\">\n\t\t\t\t\t\t\t<p>Lisbon Public Law Research Centre. <em>CJEU Climate Cases Database (CJEU-CCD)<\/em>. Lisbon Environmental Law Cluster Databases. Available at: <a href=\"https:\/\/lisbonpubliclaw.pt\/en\/lisbon-environmental-law\/data-bases\/#CJEUC\" target=\"_blank\" rel=\"noopener\">https:\/\/lisbonpubliclaw.pt\/en\/lisbon-environmental-law\/data-bases\/#CJEUC<\/a>. <em>Accessed: DD Month YYYY<\/em>.<\/p>\t\t\t\t\t\t<\/div>\n\t\t\t\t<\/div>\n\t\t\t\t<\/div>\n\t\t\t\t<\/div>\n\t\t\t\t\t<\/div>\n\t\t\t\t<\/div>\n\t\t<div class=\"elementor-element elementor-element-542805e e-flex e-con-boxed e-con e-parent\" data-id=\"542805e\" data-element_type=\"container\" data-settings=\"{&quot;jet_parallax_layout_list&quot;:[]}\">\n\t\t\t\t\t<div class=\"e-con-inner\">\n\t\t<div class=\"elementor-element elementor-element-e9e27b0 e-con-full e-flex e-con e-child\" data-id=\"e9e27b0\" data-element_type=\"container\" data-settings=\"{&quot;jet_parallax_layout_list&quot;:[]}\">\n\t\t\t\t<div class=\"elementor-element elementor-element-f00e8c9 elementor-widget elementor-widget-heading\" data-id=\"f00e8c9\" data-element_type=\"widget\" data-widget_type=\"heading.default\">\n\t\t\t\t<div class=\"elementor-widget-container\">\n\t\t\t<h4 class=\"elementor-heading-title elementor-size-default\">Overview<\/h4>\t\t<\/div>\n\t\t\t\t<\/div>\n\t\t\t\t<div class=\"elementor-element elementor-element-c3094bb elementor-widget elementor-widget-text-editor\" data-id=\"c3094bb\" data-element_type=\"widget\" data-widget_type=\"text-editor.default\">\n\t\t\t\t<div class=\"elementor-widget-container\">\n\t\t\t\t\t\t\t<p class=\"translation-block\">The  <strong>CJEU Climate Cases Database (CJEU-CCD) <\/strong> is a structured, analytical dataset of climate-related judicial proceedings before the Court of Justice of the European Union (CJEU). As the first database fully focused on climate litigation at the EU\u2019s highest court, it tracks how the Court frames, interprets and decides climate issues, helping users identify jurisprudential trends, strategic litigation patterns and institutional behavior across the Union\u2019s supranational forum.<\/p><p>The project originated from the need for a quantitative and qualitative survey to support the research and writing of the chapter <em>\u201cClimate litigation before the Court of Justice of the European Union \u2013 A Quantitative and Qualitative Analysis of Features and Legal Grounds\u201d<\/em>, in <a href=\"https:\/\/www.taylorfrancis.com\/books\/edit\/10.4324\/9781003540977\/climate-change-international-courts-carla-gomes-helo%C3%ADsa-oliveira-armando-rocha-matteo-fermeglia\"><em>Climate Change before International Courts: A Comparative Study<\/em><\/a><a href=\"https:\/\/www.taylorfrancis.com\/books\/edit\/10.4324\/9781003540977\/climate-change-international-courts-carla-gomes-helo%C3%ADsa-oliveira-armando-rocha-matteo-fermeglia\"> (2025)<\/a>.<\/p><p>It reflects LEL-LPL\u2019s commitment to open science, releasing, in open access, data that underpins academic and applied research on environmental law and EU climate governance.<\/p>\t\t\t\t\t\t<\/div>\n\t\t\t\t<\/div>\n\t\t\t\t<div class=\"elementor-element elementor-element-4be8ccf elementor-widget elementor-widget-heading\" data-id=\"4be8ccf\" data-element_type=\"widget\" data-widget_type=\"heading.default\">\n\t\t\t\t<div class=\"elementor-widget-container\">\n\t\t\t<h4 class=\"elementor-heading-title elementor-size-default\">Target audience<\/h4>\t\t<\/div>\n\t\t\t\t<\/div>\n\t\t\t\t<div class=\"elementor-element elementor-element-560771b elementor-widget elementor-widget-text-editor\" data-id=\"560771b\" data-element_type=\"widget\" data-widget_type=\"text-editor.default\">\n\t\t\t\t<div class=\"elementor-widget-container\">\n\t\t\t\t\t\t\t<p>Researchers, judges and practitioners, policymakers, specialized journalists, and students.<\/p>\t\t\t\t\t\t<\/div>\n\t\t\t\t<\/div>\n\t\t\t\t<\/div>\n\t\t<div class=\"elementor-element elementor-element-63c6d6f e-con-full e-flex e-con e-child\" data-id=\"63c6d6f\" data-element_type=\"container\" data-settings=\"{&quot;jet_parallax_layout_list&quot;:[]}\">\n\t\t\t\t<div class=\"elementor-element elementor-element-54291ec elementor-widget elementor-widget-heading\" data-id=\"54291ec\" data-element_type=\"widget\" data-widget_type=\"heading.default\">\n\t\t\t\t<div class=\"elementor-widget-container\">\n\t\t\t<h4 class=\"elementor-heading-title elementor-size-default\">Broader legal-environmental context<\/h4>\t\t<\/div>\n\t\t\t\t<\/div>\n\t\t\t\t<div class=\"elementor-element elementor-element-8d5a417 elementor-widget elementor-widget-text-editor\" data-id=\"8d5a417\" data-element_type=\"widget\" data-widget_type=\"text-editor.default\">\n\t\t\t\t<div class=\"elementor-widget-container\">\n\t\t\t\t\t\t\t<p>This dataset confirms the CJEU\u2019s role in EU climate governance, with the EU ETS (Directive 2003\/87\/EC) as a dominant axis, while covering a broader spectrum of climate disputes: judicial review of legislative and implementing acts on emissions reduction; delineation of the scope and design of pricing and allocation instruments (including <em>National Allocation Plans<\/em>), alignment of transition policies with State aid control and internal market rules; infringement actions for failures of transposition or implementation; damages claims linked to compliance costs; and procedural issues of admissibility and access to justice in climate cases.<\/p><p>Cross-cutting principles and standards (proportionality, legal certainty, legitimate expectations, the polluter-pays principle and the requirement of a high level of environmental protection) recur in the Court\u2019s reasoning to calibrate institutional competences, articulate obligations for Member States and operators, and ultimately assess the real-world effectiveness of the Union\u2019s climate policies.<\/p>\t\t\t\t\t\t<\/div>\n\t\t\t\t<\/div>\n\t\t\t\t<\/div>\n\t\t<div class=\"elementor-element elementor-element-3f86c1c e-con-full e-flex e-con e-child\" data-id=\"3f86c1c\" data-element_type=\"container\" data-settings=\"{&quot;jet_parallax_layout_list&quot;:[]}\">\n\t\t\t\t<div class=\"elementor-element elementor-element-47fdd7e elementor-widget elementor-widget-heading\" data-id=\"47fdd7e\" data-element_type=\"widget\" data-widget_type=\"heading.default\">\n\t\t\t\t<div class=\"elementor-widget-container\">\n\t\t\t<h4 class=\"elementor-heading-title elementor-size-default\">Methodology<\/h4>\t\t<\/div>\n\t\t\t\t<\/div>\n\t\t\t\t<div class=\"elementor-element elementor-element-12276ed elementor-widget elementor-widget-text-editor\" data-id=\"12276ed\" data-element_type=\"widget\" data-widget_type=\"text-editor.default\">\n\t\t\t\t<div class=\"elementor-widget-container\">\n\t\t\t\t\t\t\t<p class=\"translation-block\">The dataset was assembled through systematic searches on Eur-Lex and Curia portals across a broad time window. On Eur-Lex, \u201cEU Court Case\u201d was used as the reference document alongside Eurovoc terms (ENVIRONMENT &gt; \u201cEnvironmental policy\u201d &gt; \u201cClimate Change Policy\u201d and \u201cPollution control measures\u201d; ENVIRONMENT &gt; \u201cNatural environment\u201d &gt; \u201cClimate\u201d), followed by qualitative screening to confirm climate relevance. Curia searches were used for validation and consolidation.<\/p><p class=\"translation-block\">Each case is captured via standardized descriptors enabling comparable and replicable analysis: case title (with appeal phases in toggles), case number, year of application, date of decision\/order, type of proceedings (annulment, preliminary ruling, damages, failure to act), Curia link, EU ETS flag, decision type (merits\/admissibility), predominant area, brought by, EU countries\/bodies, applicable EU legislation, climate-friendly outcome, summary, issues (keywords), related cases, strategic litigation\/relevant precedent, plus joined cases identification and appeal cross-references, where applicable.<\/p>\t\t\t\t\t\t<\/div>\n\t\t\t\t<\/div>\n\t\t\t\t<\/div>\n\t\t<div class=\"elementor-element elementor-element-c242812 e-con-full e-flex e-con e-child\" data-id=\"c242812\" data-element_type=\"container\" data-settings=\"{&quot;jet_parallax_layout_list&quot;:[]}\">\n\t\t\t\t<div class=\"elementor-element elementor-element-16bdbf8 elementor-widget elementor-widget-heading\" data-id=\"16bdbf8\" data-element_type=\"widget\" data-widget_type=\"heading.default\">\n\t\t\t\t<div class=\"elementor-widget-container\">\n\t\t\t<h4 class=\"elementor-heading-title elementor-size-default\"><a href=\"https:\/\/youtu.be\/ZsjPIdbv2dE?si=1N3smi-Bebu2ZA2T\" target=\"_blank\">How to use<\/a><\/h4>\t\t<\/div>\n\t\t\t\t<\/div>\n\t\t\t\t<div class=\"elementor-element elementor-element-16fcbf8 elementor-widget elementor-widget-text-editor\" data-id=\"16fcbf8\" data-element_type=\"widget\" data-widget_type=\"text-editor.default\">\n\t\t\t\t<div class=\"elementor-widget-container\">\n\t\t\t\t\t\t\t<p>Three complementary views support different workflows:<br \/><em>\u00a0&#8211; Gallery of Suits<\/em> | visual browsing<br \/><em>\u00a0&#8211; Table of Suits<\/em> | comparison, filtering, search and export<br \/><em>\u00a0&#8211; Chart View<\/em> | share of EU ETS vs. non-ETS cases<\/p>\t\t\t\t\t\t<\/div>\n\t\t\t\t<\/div>\n\t\t\t\t<\/div>\n\t\t<div class=\"elementor-element elementor-element-eb224fd e-con-full e-flex e-con e-child\" data-id=\"eb224fd\" data-element_type=\"container\" data-settings=\"{&quot;jet_parallax_layout_list&quot;:[]}\">\n\t\t\t\t<div class=\"elementor-element elementor-element-f9a0c20 elementor-widget elementor-widget-heading\" data-id=\"f9a0c20\" data-element_type=\"widget\" data-widget_type=\"heading.default\">\n\t\t\t\t<div class=\"elementor-widget-container\">\n\t\t\t<h4 class=\"elementor-heading-title elementor-size-default\">Creative Commons license<\/h4>\t\t<\/div>\n\t\t\t\t<\/div>\n\t\t\t\t<div class=\"elementor-element elementor-element-fa77b7d elementor-widget elementor-widget-text-editor\" data-id=\"fa77b7d\" data-element_type=\"widget\" data-widget_type=\"text-editor.default\">\n\t\t\t\t<div class=\"elementor-widget-container\">\n\t\t\t\t\t\t\t<p><strong>CJEU Climate Cases Database <\/strong>(CJEU-CCD) \u00a9 2025 by Lisbon Environmental Law Cluster \u2013 Lisbon Public Law Research Centre is licensed under CC BY-NC 4.0<\/p>\t\t\t\t\t\t<\/div>\n\t\t\t\t<\/div>\n\t\t\t\t<\/div>\n\t\t\t\t<div class=\"elementor-element elementor-element-6715ee0 elementor-widget-divider--view-line elementor-widget elementor-widget-divider\" data-id=\"6715ee0\" data-element_type=\"widget\" data-widget_type=\"divider.default\">\n\t\t\t\t<div class=\"elementor-widget-container\">\n\t\t\t\t\t<div class=\"elementor-divider\">\n\t\t\t<span class=\"elementor-divider-separator\">\n\t\t\t\t\t\t<\/span>\n\t\t<\/div>\n\t\t\t\t<\/div>\n\t\t\t\t<\/div>\n\t\t\t\t<div class=\"elementor-element elementor-element-0157fe0 elementor-widget elementor-widget-spacer\" data-id=\"0157fe0\" data-element_type=\"widget\" data-widget_type=\"spacer.default\">\n\t\t\t\t<div class=\"elementor-widget-container\">\n\t\t\t\t\t<div class=\"elementor-spacer\">\n\t\t\t<div class=\"elementor-spacer-inner\"><\/div>\n\t\t<\/div>\n\t\t\t\t<\/div>\n\t\t\t\t<\/div>\n\t\t\t\t\t<\/div>\n\t\t\t\t<\/div>\n\t\t<div class=\"elementor-element elementor-element-218983d e-flex e-con-boxed e-con e-parent\" data-id=\"218983d\" data-element_type=\"container\" data-settings=\"{&quot;jet_parallax_layout_list&quot;:[]}\">\n\t\t\t\t\t<div class=\"e-con-inner\">\n\t\t<div class=\"elementor-element elementor-element-7c6231d e-con-full e-flex e-con e-child\" data-id=\"7c6231d\" data-element_type=\"container\" data-settings=\"{&quot;jet_parallax_layout_list&quot;:[]}\">\n\t\t\t\t<div class=\"elementor-element elementor-element-bf2956b elementor-widget elementor-widget-image\" data-id=\"bf2956b\" data-element_type=\"widget\" id=\"CLOD\" data-widget_type=\"image.default\">\n\t\t\t\t<div class=\"elementor-widget-container\">\n\t\t\t\t\t\t\t\t\t\t\t\t\t\t<a href=\"https:\/\/lpl-lisbonenvironmentallaw-databases.notion.site\/clo?pvs=4\" target=\"_blank\">\n\t\t\t\t\t\t\t<img decoding=\"async\" width=\"1024\" height=\"576\" src=\"https:\/\/lisbonpubliclaw.pt\/wp-content\/uploads\/2025\/05\/CJEU-Climate-Cases-Database-1024x576.jpg\" class=\"attachment-large size-large wp-image-10477\" alt=\"\" srcset=\"https:\/\/lisbonpubliclaw.pt\/wp-content\/uploads\/2025\/05\/CJEU-Climate-Cases-Database-1024x576.jpg 1024w, https:\/\/lisbonpubliclaw.pt\/wp-content\/uploads\/2025\/05\/CJEU-Climate-Cases-Database-300x169.jpg 300w, https:\/\/lisbonpubliclaw.pt\/wp-content\/uploads\/2025\/05\/CJEU-Climate-Cases-Database-768x432.jpg 768w, https:\/\/lisbonpubliclaw.pt\/wp-content\/uploads\/2025\/05\/CJEU-Climate-Cases-Database-1536x864.jpg 1536w, https:\/\/lisbonpubliclaw.pt\/wp-content\/uploads\/2025\/05\/CJEU-Climate-Cases-Database-18x10.jpg 18w, https:\/\/lisbonpubliclaw.pt\/wp-content\/uploads\/2025\/05\/CJEU-Climate-Cases-Database-150x85.jpg 150w, https:\/\/lisbonpubliclaw.pt\/wp-content\/uploads\/2025\/05\/CJEU-Climate-Cases-Database-600x338.jpg 600w, https:\/\/lisbonpubliclaw.pt\/wp-content\/uploads\/2025\/05\/CJEU-Climate-Cases-Database.jpg 1920w\" sizes=\"(max-width: 1024px) 100vw, 1024px\" \/>\t\t\t\t\t\t\t\t<\/a>\n\t\t\t\t\t\t\t\t\t\t\t\t\t<\/div>\n\t\t\t\t<\/div>\n\t\t\t\t<\/div>\n\t\t<div class=\"elementor-element elementor-element-b241ff3 e-con-full e-flex e-con e-child\" data-id=\"b241ff3\" data-element_type=\"container\" data-settings=\"{&quot;jet_parallax_layout_list&quot;:[]}\">\n\t\t\t\t<div class=\"elementor-element elementor-element-f041e00 elementor-widget elementor-widget-spacer\" data-id=\"f041e00\" data-element_type=\"widget\" data-widget_type=\"spacer.default\">\n\t\t\t\t<div class=\"elementor-widget-container\">\n\t\t\t\t\t<div class=\"elementor-spacer\">\n\t\t\t<div class=\"elementor-spacer-inner\"><\/div>\n\t\t<\/div>\n\t\t\t\t<\/div>\n\t\t\t\t<\/div>\n\t\t<div class=\"elementor-element elementor-element-539f5c2 e-con-full e-flex e-con e-child\" data-id=\"539f5c2\" data-element_type=\"container\" data-settings=\"{&quot;jet_parallax_layout_list&quot;:[]}\">\n\t\t\t\t<div class=\"elementor-element elementor-element-0ada5e5 elementor-widget elementor-widget-heading\" data-id=\"0ada5e5\" data-element_type=\"widget\" data-widget_type=\"heading.default\">\n\t\t\t\t<div class=\"elementor-widget-container\">\n\t\t\t<h4 class=\"elementor-heading-title elementor-size-default\">How to cite<\/h4>\t\t<\/div>\n\t\t\t\t<\/div>\n\t\t\t\t<div class=\"elementor-element elementor-element-0070d1a elementor-widget elementor-widget-text-editor\" data-id=\"0070d1a\" data-element_type=\"widget\" data-widget_type=\"text-editor.default\">\n\t\t\t\t<div class=\"elementor-widget-container\">\n\t\t\t\t\t\t\t<p>Lisbon Public Law Research Centre. <em>Climate Litigation Observatory (CLO)<\/em>. Lisbon Environmental Law Cluster Databases. Available at: <a href=\"https:\/\/lisbonpubliclaw.pt\/en\/lisbon-environmental-law\/data-bases\/#CLOD\" target=\"_blank\" rel=\"noopener\">https:\/\/lisbonpubliclaw.pt\/en\/lisbon-environmental-law\/data-bases\/#CLOD<\/a>. <em>Accessed: DD Month YYYY<\/em>.<\/p>\t\t\t\t\t\t<\/div>\n\t\t\t\t<\/div>\n\t\t\t\t<\/div>\n\t\t\t\t<\/div>\n\t\t\t\t\t<\/div>\n\t\t\t\t<\/div>\n\t\t<div class=\"elementor-element elementor-element-d1c9142 e-flex e-con-boxed e-con e-parent\" data-id=\"d1c9142\" data-element_type=\"container\" data-settings=\"{&quot;jet_parallax_layout_list&quot;:[]}\">\n\t\t\t\t\t<div class=\"e-con-inner\">\n\t\t<div class=\"elementor-element elementor-element-bdf42df e-con-full e-flex e-con e-child\" data-id=\"bdf42df\" data-element_type=\"container\" data-settings=\"{&quot;jet_parallax_layout_list&quot;:[]}\">\n\t\t\t\t<div class=\"elementor-element elementor-element-b516c0e elementor-widget elementor-widget-heading\" data-id=\"b516c0e\" data-element_type=\"widget\" data-widget_type=\"heading.default\">\n\t\t\t\t<div class=\"elementor-widget-container\">\n\t\t\t<h4 class=\"elementor-heading-title elementor-size-default\">Overview<\/h4>\t\t<\/div>\n\t\t\t\t<\/div>\n\t\t\t\t<div class=\"elementor-element elementor-element-714ccb4 elementor-widget elementor-widget-text-editor\" data-id=\"714ccb4\" data-element_type=\"widget\" data-widget_type=\"text-editor.default\">\n\t\t\t\t<div class=\"elementor-widget-container\">\n\t\t\t\t\t\t\t<p>The <strong>Climate Litigation Observatory (CLO)<\/strong> is a dynamic database of climate litigation cases across multiple jurisdictions. It is not intended to be exhaustive: its function is to identify and map emerging trends, legal arguments, and patterns of judicial activity related to climate, enabling users to explore interconnections between cases and to understand broader developments in global climate litigation. The added value of the CLO lies in its advanced classification system and keyword mapping, which allow for the cross-referencing of descriptors and comparative reading of decisions across different countries and regions.<\/p><p>The CLO was developed within the framework of the <a href=\"https:\/\/lisbonpubliclaw.pt\/en\/projetos\/climate-litigation-observatory\/\" target=\"_blank\" rel=\"noopener\"><em>Projeto Climate Litigation Observatory <\/em>(LPL)<\/a>, which seeks to analyze, from a public law perspective, disruptive legal problems revealed by climate litigation, particularly in fundamental and human rights and in administrative law, in a context of diffuse, cross-border and long-term harms, marked by significant epistemic uncertainty. One of the objectives of the Project was precisely the creation of this public database.<\/p>\t\t\t\t\t\t<\/div>\n\t\t\t\t<\/div>\n\t\t\t\t<div class=\"elementor-element elementor-element-9487738 elementor-widget elementor-widget-heading\" data-id=\"9487738\" data-element_type=\"widget\" data-widget_type=\"heading.default\">\n\t\t\t\t<div class=\"elementor-widget-container\">\n\t\t\t<h4 class=\"elementor-heading-title elementor-size-default\">Target audience<\/h4>\t\t<\/div>\n\t\t\t\t<\/div>\n\t\t\t\t<div class=\"elementor-element elementor-element-3e1f079 elementor-widget elementor-widget-text-editor\" data-id=\"3e1f079\" data-element_type=\"widget\" data-widget_type=\"text-editor.default\">\n\t\t\t\t<div class=\"elementor-widget-container\">\n\t\t\t\t\t\t\t<p>Researchers, judges and legal practitioners, policymakers, specialized journalists, and students.<\/p>\t\t\t\t\t\t<\/div>\n\t\t\t\t<\/div>\n\t\t\t\t<\/div>\n\t\t<div class=\"elementor-element elementor-element-b01ee66 e-con-full e-flex e-con e-child\" data-id=\"b01ee66\" data-element_type=\"container\" data-settings=\"{&quot;jet_parallax_layout_list&quot;:[]}\">\n\t\t\t\t<div class=\"elementor-element elementor-element-d504403 elementor-widget elementor-widget-heading\" data-id=\"d504403\" data-element_type=\"widget\" data-widget_type=\"heading.default\">\n\t\t\t\t<div class=\"elementor-widget-container\">\n\t\t\t<h4 class=\"elementor-heading-title elementor-size-default\">Broader legal-environmental context<\/h4>\t\t<\/div>\n\t\t\t\t<\/div>\n\t\t\t\t<div class=\"elementor-element elementor-element-88f511d elementor-widget elementor-widget-text-editor\" data-id=\"88f511d\" data-element_type=\"widget\" data-widget_type=\"text-editor.default\">\n\t\t\t\t<div class=\"elementor-widget-container\">\n\t\t\t\t\t\t\t<p>Climate litigation has become a transversal field of public and private law, mobilizing constitutional principles, human rights, and administrative duties of planning, implementing and supervising climate policies. At the international level, the Paris Agreement provides the teleological framework (climate neutrality, long-term goals, ambition cycles) through which national and regional courts have been elaborating state obligations and corporate responsibilities, while domestic climate laws and sectoral regimes function as \u201cbridges\u201d for judicial review of acts and omissions affecting mitigation and adaptation.\nRecent landmark rulings, such as those affirming positive duties of climate protection under fundamental rights, as well as emblematic cases of state liability (e.g., <em>Urgenda v. Netherlands<\/em>) and corporate responsibility (e.g., <em>Milieudefensie v. Shell<\/em>), illustrate the migration of climate debates into judicial and quasi-judicial arenas, with structuring impacts on legislation, regulation, and business strategies.<\/p><p>The CLO Database was conceived to map this comparative ecosystem, allowing users to cross descriptors, keywords, and legal instruments to identify trends, recurring controversies, and jurisprudential inflection points that inform research and the design of public policies in environmental law.<\/p>\t\t\t\t\t\t<\/div>\n\t\t\t\t<\/div>\n\t\t\t\t<\/div>\n\t\t<div class=\"elementor-element elementor-element-7eb7660 e-con-full e-flex e-con e-child\" data-id=\"7eb7660\" data-element_type=\"container\" data-settings=\"{&quot;jet_parallax_layout_list&quot;:[]}\">\n\t\t\t\t<div class=\"elementor-element elementor-element-9e92ab4 elementor-widget elementor-widget-heading\" data-id=\"9e92ab4\" data-element_type=\"widget\" data-widget_type=\"heading.default\">\n\t\t\t\t<div class=\"elementor-widget-container\">\n\t\t\t<h4 class=\"elementor-heading-title elementor-size-default\">Methodology<\/h4>\t\t<\/div>\n\t\t\t\t<\/div>\n\t\t\t\t<div class=\"elementor-element elementor-element-4f9bf14 elementor-widget elementor-widget-text-editor\" data-id=\"4f9bf14\" data-element_type=\"widget\" data-widget_type=\"text-editor.default\">\n\t\t\t\t<div class=\"elementor-widget-container\">\n\t\t\t\t\t\t\t<p class=\"translation-block\">The CLO is a curated database resulting from a multi-pronged process of case collection and validation. Cases were initially mapped from widely recognized repositories such as the Sabin Center (Columbia Law School) and the CLX Toolkit, and were then complemented by active searches on official court websites and in news portals. From this initial universe, a qualitative screening was conducted to confirm climate relevance and eliminate duplicates, followed by an in-depth analysis of each case to prepare summaries and catalogue them according to a standardized descriptive schema ensuring comparability and reusability of the data.<\/p><p class=\"translation-block\">Each record includes the URL of the decision and access to key documents (Google Drive), the reference number, country\/territory, geographical area, court, date (filing or final ruling), keywords that capture legal, factual or thematic issues, the type of action (against governments, corporations, or individuals), an APA citation, related cases (linked thematically, procedurally or by actors), an impact assessment (High\/Medium\/Low), the status of the suit (pending, decided, dismissed), and the legal acts (national or international) invoked. The editorial process includes cross-checking sources and terminological harmonization, preserving the coherence of the taxonomy and enabling combined filtering, longitudinal thematic reading, and extraction of tailored subsets for external analysis (for instance, statistical or qualitative research).<\/p>\t\t\t\t\t\t<\/div>\n\t\t\t\t<\/div>\n\t\t\t\t<\/div>\n\t\t<div class=\"elementor-element elementor-element-4676fd9 e-con-full e-flex e-con e-child\" data-id=\"4676fd9\" data-element_type=\"container\" data-settings=\"{&quot;jet_parallax_layout_list&quot;:[]}\">\n\t\t\t\t<div class=\"elementor-element elementor-element-0c109d1 elementor-widget elementor-widget-heading\" data-id=\"0c109d1\" data-element_type=\"widget\" data-widget_type=\"heading.default\">\n\t\t\t\t<div class=\"elementor-widget-container\">\n\t\t\t<h4 class=\"elementor-heading-title elementor-size-default\"><a href=\"https:\/\/youtu.be\/wblQwt-akVM?si=T2aRvLtAfn8-59aw\" target=\"_blank\">How to use<\/a><\/h4>\t\t<\/div>\n\t\t\t\t<\/div>\n\t\t\t\t<div class=\"elementor-element elementor-element-e036935 elementor-widget elementor-widget-text-editor\" data-id=\"e036935\" data-element_type=\"widget\" data-widget_type=\"text-editor.default\">\n\t\t\t\t<div class=\"elementor-widget-container\">\n\t\t\t\t\t\t\t<p>The CLO provides three complementary views, each serving different purposes and which may be used sequentially.<br \/>\u00a0- The <em>Gallery of Suits<\/em> offers a first visual exploration by cards, useful for quick recognition of the collection and discovery of cases by theme.<br \/>\u00a0- The <em>Status of Suits<\/em> presents an interactive visualization by procedural status (<em>pending<\/em>, <em>decided<\/em>, <em>dismissed<\/em>), suitable for mapping case timelines and prioritizing reading. <br \/>- The <em>Table of Suits<\/em> functions as a full spreadsheet for comparison, search, filtering with multiple descriptors (for example, combining <em>Country\/Territory<\/em> with <em>Keywords<\/em> and <em>Type of Suit<\/em>), and exporting results for further analysis.<\/p><p class=\"translation-block\">An effective workflow is to start with the table, apply combined filters according to the research objective (e.g., \u201cclaims against governments based on fundamental rights within a given region\u201d), and then use the Relevance property to prioritize reading.<\/p>\t\t\t\t\t\t<\/div>\n\t\t\t\t<\/div>\n\t\t\t\t<\/div>\n\t\t<div class=\"elementor-element elementor-element-eb3537c e-con-full e-flex e-con e-child\" data-id=\"eb3537c\" data-element_type=\"container\" data-settings=\"{&quot;jet_parallax_layout_list&quot;:[]}\">\n\t\t\t\t<div class=\"elementor-element elementor-element-a73d041 elementor-widget elementor-widget-heading\" data-id=\"a73d041\" data-element_type=\"widget\" data-widget_type=\"heading.default\">\n\t\t\t\t<div class=\"elementor-widget-container\">\n\t\t\t<h4 class=\"elementor-heading-title elementor-size-default\">Creative Commons license<\/h4>\t\t<\/div>\n\t\t\t\t<\/div>\n\t\t\t\t<div class=\"elementor-element elementor-element-45eb101 elementor-widget elementor-widget-text-editor\" data-id=\"45eb101\" data-element_type=\"widget\" data-widget_type=\"text-editor.default\">\n\t\t\t\t<div class=\"elementor-widget-container\">\n\t\t\t\t\t\t\t<p><strong>Climate Litigation Observatory (CLO) <\/strong>\u00a9 2025 by Lisbon Environmental Law Cluster \u2013 Lisbon Public Law Research Centre is licensed under CC BY-NC 4.0.<\/p>\t\t\t\t\t\t<\/div>\n\t\t\t\t<\/div>\n\t\t\t\t<\/div>\n\t\t\t\t<div class=\"elementor-element elementor-element-888b294 elementor-widget-divider--view-line elementor-widget elementor-widget-divider\" data-id=\"888b294\" data-element_type=\"widget\" data-widget_type=\"divider.default\">\n\t\t\t\t<div class=\"elementor-widget-container\">\n\t\t\t\t\t<div class=\"elementor-divider\">\n\t\t\t<span class=\"elementor-divider-separator\">\n\t\t\t\t\t\t<\/span>\n\t\t<\/div>\n\t\t\t\t<\/div>\n\t\t\t\t<\/div>\n\t\t\t\t<div class=\"elementor-element elementor-element-4271529 elementor-widget elementor-widget-spacer\" data-id=\"4271529\" data-element_type=\"widget\" data-widget_type=\"spacer.default\">\n\t\t\t\t<div class=\"elementor-widget-container\">\n\t\t\t\t\t<div class=\"elementor-spacer\">\n\t\t\t<div class=\"elementor-spacer-inner\"><\/div>\n\t\t<\/div>\n\t\t\t\t<\/div>\n\t\t\t\t<\/div>\n\t\t\t\t\t<\/div>\n\t\t\t\t<\/div>\n\t\t<div class=\"elementor-element elementor-element-00162bf e-flex e-con-boxed e-con e-parent\" data-id=\"00162bf\" data-element_type=\"container\" data-settings=\"{&quot;jet_parallax_layout_list&quot;:[]}\">\n\t\t\t\t\t<div class=\"e-con-inner\">\n\t\t<div class=\"elementor-element elementor-element-c956f64 e-con-full e-flex e-con e-child\" data-id=\"c956f64\" data-element_type=\"container\" data-settings=\"{&quot;jet_parallax_layout_list&quot;:[]}\">\n\t\t\t\t<div class=\"elementor-element elementor-element-fa7bb26 elementor-widget elementor-widget-image\" data-id=\"fa7bb26\" data-element_type=\"widget\" id=\"JATC\" data-widget_type=\"image.default\">\n\t\t\t\t<div class=\"elementor-widget-container\">\n\t\t\t\t\t\t\t\t\t\t\t\t\t\t<a href=\"https:\/\/lpl-lisbonenvironmentallaw-databases.notion.site\/jatc?pvs=4\" target=\"_blank\">\n\t\t\t\t\t\t\t<img loading=\"lazy\" decoding=\"async\" width=\"1024\" height=\"576\" src=\"https:\/\/lisbonpubliclaw.pt\/wp-content\/uploads\/2025\/06\/JATC-1024x576.jpg\" class=\"attachment-large size-large wp-image-10591\" alt=\"\" srcset=\"https:\/\/lisbonpubliclaw.pt\/wp-content\/uploads\/2025\/06\/JATC-1024x576.jpg 1024w, https:\/\/lisbonpubliclaw.pt\/wp-content\/uploads\/2025\/06\/JATC-300x169.jpg 300w, https:\/\/lisbonpubliclaw.pt\/wp-content\/uploads\/2025\/06\/JATC-768x432.jpg 768w, https:\/\/lisbonpubliclaw.pt\/wp-content\/uploads\/2025\/06\/JATC-1536x864.jpg 1536w, https:\/\/lisbonpubliclaw.pt\/wp-content\/uploads\/2025\/06\/JATC-18x10.jpg 18w, https:\/\/lisbonpubliclaw.pt\/wp-content\/uploads\/2025\/06\/JATC-150x85.jpg 150w, https:\/\/lisbonpubliclaw.pt\/wp-content\/uploads\/2025\/06\/JATC-600x338.jpg 600w, https:\/\/lisbonpubliclaw.pt\/wp-content\/uploads\/2025\/06\/JATC.jpg 1920w\" sizes=\"(max-width: 1024px) 100vw, 1024px\" \/>\t\t\t\t\t\t\t\t<\/a>\n\t\t\t\t\t\t\t\t\t\t\t\t\t<\/div>\n\t\t\t\t<\/div>\n\t\t\t\t<\/div>\n\t\t<div class=\"elementor-element elementor-element-cc6b83f e-con-full e-flex e-con e-child\" data-id=\"cc6b83f\" data-element_type=\"container\" data-settings=\"{&quot;jet_parallax_layout_list&quot;:[]}\">\n\t\t<div class=\"elementor-element elementor-element-bcaee71 e-con-full e-flex e-con e-child\" data-id=\"bcaee71\" data-element_type=\"container\" data-settings=\"{&quot;jet_parallax_layout_list&quot;:[]}\">\n\t\t\t\t<div class=\"elementor-element elementor-element-d51c54f elementor-widget elementor-widget-spacer\" data-id=\"d51c54f\" data-element_type=\"widget\" data-widget_type=\"spacer.default\">\n\t\t\t\t<div class=\"elementor-widget-container\">\n\t\t\t\t\t<div class=\"elementor-spacer\">\n\t\t\t<div class=\"elementor-spacer-inner\"><\/div>\n\t\t<\/div>\n\t\t\t\t<\/div>\n\t\t\t\t<\/div>\n\t\t\t\t<div class=\"elementor-element elementor-element-7f41ba1 elementor-widget elementor-widget-heading\" data-id=\"7f41ba1\" data-element_type=\"widget\" data-widget_type=\"heading.default\">\n\t\t\t\t<div class=\"elementor-widget-container\">\n\t\t\t<h4 class=\"elementor-heading-title elementor-size-default\">How to cite<\/h4>\t\t<\/div>\n\t\t\t\t<\/div>\n\t\t\t\t<div class=\"elementor-element elementor-element-d3b1582 elementor-widget elementor-widget-text-editor\" data-id=\"d3b1582\" data-element_type=\"widget\" data-widget_type=\"text-editor.default\">\n\t\t\t\t<div class=\"elementor-widget-container\">\n\t\t\t\t\t\t\t<p>Lisbon Public Law Research Centre. <em>Jurisprud\u00eancia Ambiental do Tribunal Constitucional (JATC)<\/em>. Lisbon Environmental Law Cluster Databases. Available at: <a href=\"https:\/\/lisbonpubliclaw.pt\/en\/lisbon-environmental-law\/data-bases\/#JATC\" target=\"_blank\" rel=\"noopener\">https:\/\/lisbonpubliclaw.pt\/en\/lisbon-environmental-law\/data-bases\/#JATC<\/a>. <em>Accessed: DD Month YYYY<\/em>.<\/p>\t\t\t\t\t\t<\/div>\n\t\t\t\t<\/div>\n\t\t\t\t<\/div>\n\t\t\t\t<\/div>\n\t\t\t\t\t<\/div>\n\t\t\t\t<\/div>\n\t\t<div class=\"elementor-element elementor-element-8f2fa26 e-flex e-con-boxed e-con e-parent\" data-id=\"8f2fa26\" data-element_type=\"container\" data-settings=\"{&quot;jet_parallax_layout_list&quot;:[]}\">\n\t\t\t\t\t<div class=\"e-con-inner\">\n\t\t<div class=\"elementor-element elementor-element-855a675 e-con-full e-flex e-con e-child\" data-id=\"855a675\" data-element_type=\"container\" data-settings=\"{&quot;jet_parallax_layout_list&quot;:[]}\">\n\t\t\t\t<div class=\"elementor-element elementor-element-0454101 elementor-widget elementor-widget-heading\" data-id=\"0454101\" data-element_type=\"widget\" data-widget_type=\"heading.default\">\n\t\t\t\t<div class=\"elementor-widget-container\">\n\t\t\t<h4 class=\"elementor-heading-title elementor-size-default\">Overview<\/h4>\t\t<\/div>\n\t\t\t\t<\/div>\n\t\t\t\t<div class=\"elementor-element elementor-element-711265e elementor-widget elementor-widget-text-editor\" data-id=\"711265e\" data-element_type=\"widget\" data-widget_type=\"text-editor.default\">\n\t\t\t\t<div class=\"elementor-widget-container\">\n\t\t\t\t\t\t\t<p>The <strong>Jurisprud\u00eancia Ambiental do Tribunal Constitucional (JATC)<\/strong> compiles and systematizes 114 decisions of Portugal\u2019s Constitutional Court containing relevant references to environmental protection. It is the first database devoted exclusively to the constitutional treatment of environmental issues in Portugal, enabling a critical and structured reading of the Court\u2019s role in shaping the constitutional right to the environment. The initiative is driven by the need to build critical mass in Environmental Law, supporting the training of jurists and judges in an area where specifically environmental cases before the Court are still incipient. Case selection drew on the Court\u2019s official jurisprudence database, using indexed search terms such as \u201cambiente,\u201d \u201cdireito ao ambiente,\u201d \u201cLBA,\u201d \u201cONGAs,\u201d and \u201cprote\u00e7\u00e3o ambiental.\u201d<\/p>\t\t\t\t\t\t<\/div>\n\t\t\t\t<\/div>\n\t\t\t\t<div class=\"elementor-element elementor-element-e2f2112 elementor-widget elementor-widget-heading\" data-id=\"e2f2112\" data-element_type=\"widget\" data-widget_type=\"heading.default\">\n\t\t\t\t<div class=\"elementor-widget-container\">\n\t\t\t<h4 class=\"elementor-heading-title elementor-size-default\">Target audience<\/h4>\t\t<\/div>\n\t\t\t\t<\/div>\n\t\t\t\t<div class=\"elementor-element elementor-element-dc42b29 elementor-widget elementor-widget-text-editor\" data-id=\"dc42b29\" data-element_type=\"widget\" data-widget_type=\"text-editor.default\">\n\t\t\t\t<div class=\"elementor-widget-container\">\n\t\t\t\t\t\t\t<p>Researchers, judges and legal practitioners, policymakers, specialized journalists, and students.<\/p>\t\t\t\t\t\t<\/div>\n\t\t\t\t<\/div>\n\t\t\t\t<\/div>\n\t\t<div class=\"elementor-element elementor-element-6efa8ca e-con-full e-flex e-con e-child\" data-id=\"6efa8ca\" data-element_type=\"container\" data-settings=\"{&quot;jet_parallax_layout_list&quot;:[]}\">\n\t\t\t\t<div class=\"elementor-element elementor-element-3cb3171 elementor-widget elementor-widget-heading\" data-id=\"3cb3171\" data-element_type=\"widget\" data-widget_type=\"heading.default\">\n\t\t\t\t<div class=\"elementor-widget-container\">\n\t\t\t<h4 class=\"elementor-heading-title elementor-size-default\">Broader legal-environmental context<\/h4>\t\t<\/div>\n\t\t\t\t<\/div>\n\t\t\t\t<div class=\"elementor-element elementor-element-8b0c75b elementor-widget elementor-widget-text-editor\" data-id=\"8b0c75b\" data-element_type=\"widget\" data-widget_type=\"text-editor.default\">\n\t\t\t\t<div class=\"elementor-widget-container\">\n\t\t\t\t\t\t\t<p>Constitutional environmental case law in Portugal operates at the intersection of fundamental rights, state duties of protection, and principles of administrative and economic organisation, reflecting tensions between legislative discretion, reserve of law and the effective protection of the right to the environment (Article 66 of the Constitution).<\/p><p>The decisions mapped by JATC show how the Court, across different types of review (abstract, concrete and preventive) and procedural species, has balanced the right to the environment with other constitutional rights and goods, such as property, freedom of expression and spatial planning, sometimes densifying the right to the environment and sometimes arbitrating conflicts of rights and divisions of legislative and administrative competences.<\/p>\t\t\t\t\t\t<\/div>\n\t\t\t\t<\/div>\n\t\t\t\t<\/div>\n\t\t<div class=\"elementor-element elementor-element-9df6945 e-con-full e-flex e-con e-child\" data-id=\"9df6945\" data-element_type=\"container\" data-settings=\"{&quot;jet_parallax_layout_list&quot;:[]}\">\n\t\t\t\t<div class=\"elementor-element elementor-element-9ee8bd1 elementor-widget elementor-widget-heading\" data-id=\"9ee8bd1\" data-element_type=\"widget\" data-widget_type=\"heading.default\">\n\t\t\t\t<div class=\"elementor-widget-container\">\n\t\t\t<h4 class=\"elementor-heading-title elementor-size-default\">Methodology<\/h4>\t\t<\/div>\n\t\t\t\t<\/div>\n\t\t\t\t<div class=\"elementor-element elementor-element-7297bee elementor-widget elementor-widget-text-editor\" data-id=\"7297bee\" data-element_type=\"widget\" data-widget_type=\"text-editor.default\">\n\t\t\t\t<div class=\"elementor-widget-container\">\n\t\t\t\t\t\t\t<p>Case collection relied on the official jurisprudence database of the Constitutional Court, retrieving all decisions indexed with the terms \u201cambiente,\u201d \u201cdireito ao ambiente,\u201d \u201cLBA,\u201d \u201cONGAs\u201d and \u201cprote\u00e7\u00e3o ambiental,\u201d which were adopted because they reflect the taxonomy made available by the Court\u2019s website at the time of the searches. From that initial corpus, the team conducted qualitative screening to confirm environmental relevance and then carried out in-depth analysis to produce summaries and catalogue entries under a standardised descriptive schema.<\/p><p>Each record includes, inter alia, the procedural species, type of review, year, case number, section (or full bench), reporting justice, date of decision, tags and central themes, an impact assessment (High\/Medium\/Low), related cases, the issue in dispute, applicant\u2019s arguments and counter-arguments, the Court\u2019s ruling, the environmental focus (central\/incidental\/neutral), the environmental outcome (favourable\/unfavourable\/undetermined), the rights effectively protected, the applicable legal instruments, and the constitutional provisions invoked, as well as a direct link to the official case page and a citation reference. The editorial workflow involves cross-checking sources and terminological harmonisation to ensure coherence, comparability and the possibility of combined filters and longitudinal, theme-based reading.<\/p>\t\t\t\t\t\t<\/div>\n\t\t\t\t<\/div>\n\t\t\t\t<\/div>\n\t\t<div class=\"elementor-element elementor-element-3ed5b7a e-con-full e-flex e-con e-child\" data-id=\"3ed5b7a\" data-element_type=\"container\" data-settings=\"{&quot;jet_parallax_layout_list&quot;:[]}\">\n\t\t\t\t<div class=\"elementor-element elementor-element-a3d097d elementor-widget elementor-widget-heading\" data-id=\"a3d097d\" data-element_type=\"widget\" data-widget_type=\"heading.default\">\n\t\t\t\t<div class=\"elementor-widget-container\">\n\t\t\t<h4 class=\"elementor-heading-title elementor-size-default\"><a href=\"https:\/\/youtu.be\/aEiXQi2Ivm4?si=n8B0SAUHY7gN92Lq\" target=\"_blank\">How to use<\/a><\/h4>\t\t<\/div>\n\t\t\t\t<\/div>\n\t\t\t\t<div class=\"elementor-element elementor-element-efc7f2e elementor-widget elementor-widget-text-editor\" data-id=\"efc7f2e\" data-element_type=\"widget\" data-widget_type=\"text-editor.default\">\n\t\t\t\t<div class=\"elementor-widget-container\">\n\t\t\t\t\t\t\t<p>JATC offers three complementary views designed for different stages of research.<br \/>- The <em>Table of Cases <\/em>provides the most comprehensive matrix, where users can search, compare and filter by any descriptor (for example, combining <em>Procedural Species<\/em> with <em>Environmental Focus<\/em> and <em>Environmental Outcome<\/em>). <br \/>- The <em>Timeline of Decisions<\/em> enables a chronological reading, useful for spotting phases and shifts in jurisprudential orientation. <br \/>- The <em>Thematic Chart<\/em> aggregates central themes, helping to visualise topic patterns.<\/p><p>A practical path is to start from the <em>Table of Cases ,<\/em>to define the subset (e.g., decisions with a central environmental focus and favourable outcome within a given period), open the <em>Website<\/em> link for the judgment, and then use<em> Related Cases<\/em> to reconstruct argumentative lines and consolidate the legal literature review.<\/p>\t\t\t\t\t\t<\/div>\n\t\t\t\t<\/div>\n\t\t\t\t<\/div>\n\t\t<div class=\"elementor-element elementor-element-f80adb6 e-con-full e-flex e-con e-child\" data-id=\"f80adb6\" data-element_type=\"container\" data-settings=\"{&quot;jet_parallax_layout_list&quot;:[]}\">\n\t\t\t\t<div class=\"elementor-element elementor-element-05d4282 elementor-widget elementor-widget-heading\" data-id=\"05d4282\" data-element_type=\"widget\" data-widget_type=\"heading.default\">\n\t\t\t\t<div class=\"elementor-widget-container\">\n\t\t\t<h4 class=\"elementor-heading-title elementor-size-default\">Creative Commons license<\/h4>\t\t<\/div>\n\t\t\t\t<\/div>\n\t\t\t\t<div class=\"elementor-element elementor-element-e035723 elementor-widget elementor-widget-text-editor\" data-id=\"e035723\" data-element_type=\"widget\" data-widget_type=\"text-editor.default\">\n\t\t\t\t<div class=\"elementor-widget-container\">\n\t\t\t\t\t\t\t<p><strong>Jurisprud\u00eancia Ambiental do Tribunal Constitucional (JATC) <\/strong>\u00a9 2025 by Lisbon Environmental Law Cluster \u2013 Lisbon Public Law Research Centre is licensed under CC BY-NC 4.0.<\/p>\t\t\t\t\t\t<\/div>\n\t\t\t\t<\/div>\n\t\t\t\t<\/div>\n\t\t\t\t<div class=\"elementor-element elementor-element-b600c6a elementor-widget elementor-widget-spacer\" data-id=\"b600c6a\" data-element_type=\"widget\" data-widget_type=\"spacer.default\">\n\t\t\t\t<div class=\"elementor-widget-container\">\n\t\t\t\t\t<div class=\"elementor-spacer\">\n\t\t\t<div class=\"elementor-spacer-inner\"><\/div>\n\t\t<\/div>\n\t\t\t\t<\/div>\n\t\t\t\t<\/div>\n\t\t\t\t\t<\/div>\n\t\t\t\t<\/div>\n\t\t<div class=\"elementor-element elementor-element-9a1a347 e-flex e-con-boxed e-con e-parent\" data-id=\"9a1a347\" data-element_type=\"container\" data-settings=\"{&quot;jet_parallax_layout_list&quot;:[]}\">\n\t\t\t\t\t<div class=\"e-con-inner\">\n\t\t<div class=\"elementor-element elementor-element-9796a9c e-con-full e-flex e-con e-child\" data-id=\"9796a9c\" data-element_type=\"container\" data-settings=\"{&quot;jet_parallax_layout_list&quot;:[]}\">\n\t\t\t\t<div class=\"elementor-element elementor-element-27cc585 elementor-widget elementor-widget-image\" data-id=\"27cc585\" data-element_type=\"widget\" id=\"CEC\" data-widget_type=\"image.default\">\n\t\t\t\t<div class=\"elementor-widget-container\">\n\t\t\t\t\t\t\t\t\t\t\t\t\t\t<a href=\"https:\/\/lpl-lisbonenvironmentallaw-databases.notion.site\/cec?pvs=4\" target=\"_blank\">\n\t\t\t\t\t\t\t<img loading=\"lazy\" decoding=\"async\" width=\"1024\" height=\"576\" src=\"https:\/\/lisbonpubliclaw.pt\/wp-content\/uploads\/2025\/06\/CEC-1024x576.jpg\" class=\"attachment-large size-large wp-image-10590\" alt=\"\" srcset=\"https:\/\/lisbonpubliclaw.pt\/wp-content\/uploads\/2025\/06\/CEC-1024x576.jpg 1024w, https:\/\/lisbonpubliclaw.pt\/wp-content\/uploads\/2025\/06\/CEC-300x169.jpg 300w, https:\/\/lisbonpubliclaw.pt\/wp-content\/uploads\/2025\/06\/CEC-768x432.jpg 768w, https:\/\/lisbonpubliclaw.pt\/wp-content\/uploads\/2025\/06\/CEC-1536x864.jpg 1536w, https:\/\/lisbonpubliclaw.pt\/wp-content\/uploads\/2025\/06\/CEC-18x10.jpg 18w, https:\/\/lisbonpubliclaw.pt\/wp-content\/uploads\/2025\/06\/CEC-150x85.jpg 150w, https:\/\/lisbonpubliclaw.pt\/wp-content\/uploads\/2025\/06\/CEC-600x338.jpg 600w, https:\/\/lisbonpubliclaw.pt\/wp-content\/uploads\/2025\/06\/CEC.jpg 1920w\" sizes=\"(max-width: 1024px) 100vw, 1024px\" \/>\t\t\t\t\t\t\t\t<\/a>\n\t\t\t\t\t\t\t\t\t\t\t\t\t<\/div>\n\t\t\t\t<\/div>\n\t\t\t\t<\/div>\n\t\t<div class=\"elementor-element elementor-element-3062a30 e-con-full e-flex e-con e-child\" data-id=\"3062a30\" data-element_type=\"container\" data-settings=\"{&quot;jet_parallax_layout_list&quot;:[]}\">\n\t\t<div class=\"elementor-element elementor-element-48aaceb e-con-full e-flex e-con e-child\" data-id=\"48aaceb\" data-element_type=\"container\" data-settings=\"{&quot;jet_parallax_layout_list&quot;:[]}\">\n\t\t\t\t<div class=\"elementor-element elementor-element-39da391 elementor-widget elementor-widget-spacer\" data-id=\"39da391\" data-element_type=\"widget\" data-widget_type=\"spacer.default\">\n\t\t\t\t<div class=\"elementor-widget-container\">\n\t\t\t\t\t<div class=\"elementor-spacer\">\n\t\t\t<div class=\"elementor-spacer-inner\"><\/div>\n\t\t<\/div>\n\t\t\t\t<\/div>\n\t\t\t\t<\/div>\n\t\t\t\t<div class=\"elementor-element elementor-element-3c924e8 elementor-widget elementor-widget-heading\" data-id=\"3c924e8\" data-element_type=\"widget\" data-widget_type=\"heading.default\">\n\t\t\t\t<div class=\"elementor-widget-container\">\n\t\t\t<h4 class=\"elementor-heading-title elementor-size-default\">How to cite<\/h4>\t\t<\/div>\n\t\t\t\t<\/div>\n\t\t\t\t<div class=\"elementor-element elementor-element-8e42dbf elementor-widget elementor-widget-text-editor\" data-id=\"8e42dbf\" data-element_type=\"widget\" data-widget_type=\"text-editor.default\">\n\t\t\t\t<div class=\"elementor-widget-container\">\n\t\t\t\t\t\t\t<p>Lisbon Public Law Research Centre. <em>Constitutional Environmental Clauses (CEC).<\/em> . Lisbon Environmental Law Cluster Databases. Available at: <a href=\"https:\/\/lisbonpubliclaw.pt\/en\/lisbon-environmental-law\/data-bases\/#CEC\" target=\"_blank\" rel=\"noopener\">https:\/\/lisbonpubliclaw.pt\/en\/lisbon-environmental-law\/data-bases\/#CEC<\/a>. <em>Accessed: DD Month YYYY<\/em>.<\/p>\t\t\t\t\t\t<\/div>\n\t\t\t\t<\/div>\n\t\t\t\t<\/div>\n\t\t\t\t<\/div>\n\t\t\t\t\t<\/div>\n\t\t\t\t<\/div>\n\t\t<div class=\"elementor-element elementor-element-5857bb1 e-flex e-con-boxed e-con e-parent\" data-id=\"5857bb1\" data-element_type=\"container\" data-settings=\"{&quot;jet_parallax_layout_list&quot;:[]}\">\n\t\t\t\t\t<div class=\"e-con-inner\">\n\t\t<div class=\"elementor-element elementor-element-b4d15c9 e-con-full e-flex e-con e-child\" data-id=\"b4d15c9\" data-element_type=\"container\" data-settings=\"{&quot;jet_parallax_layout_list&quot;:[]}\">\n\t\t\t\t<div class=\"elementor-element elementor-element-4cbb374 elementor-widget elementor-widget-heading\" data-id=\"4cbb374\" data-element_type=\"widget\" data-widget_type=\"heading.default\">\n\t\t\t\t<div class=\"elementor-widget-container\">\n\t\t\t<h4 class=\"elementor-heading-title elementor-size-default\">Overview<\/h4>\t\t<\/div>\n\t\t\t\t<\/div>\n\t\t\t\t<div class=\"elementor-element elementor-element-7060eb1 elementor-widget elementor-widget-text-editor\" data-id=\"7060eb1\" data-element_type=\"widget\" data-widget_type=\"text-editor.default\">\n\t\t\t\t<div class=\"elementor-widget-container\">\n\t\t\t\t\t\t\t<p>The <strong>Constitutional Environmental Clauses (CEC)<\/strong> database compiles data from 194 national constitutions currently in force, mapping how environmental matters are addressed across constitutional systems, with particular emphasis on the right to a healthy environment, environmental protection, and access to information. The database enables comparison across regions and EU membership status, helping identify patterns of constitutional recognition and protection gaps. Its added value lies in a standardised classification and clause-based coding, which support comparative reading and targeted extraction for legal research.<\/p>\t\t\t\t\t\t<\/div>\n\t\t\t\t<\/div>\n\t\t\t\t<div class=\"elementor-element elementor-element-8c70cd6 elementor-widget elementor-widget-heading\" data-id=\"8c70cd6\" data-element_type=\"widget\" data-widget_type=\"heading.default\">\n\t\t\t\t<div class=\"elementor-widget-container\">\n\t\t\t<h4 class=\"elementor-heading-title elementor-size-default\">Target audience<\/h4>\t\t<\/div>\n\t\t\t\t<\/div>\n\t\t\t\t<div class=\"elementor-element elementor-element-9f5664c elementor-widget elementor-widget-text-editor\" data-id=\"9f5664c\" data-element_type=\"widget\" data-widget_type=\"text-editor.default\">\n\t\t\t\t<div class=\"elementor-widget-container\">\n\t\t\t\t\t\t\t<p>Researchers, judges and legal practitioners, policymakers, specialized journalists, and students.<\/p>\t\t\t\t\t\t<\/div>\n\t\t\t\t<\/div>\n\t\t\t\t<\/div>\n\t\t<div class=\"elementor-element elementor-element-d3005b8 e-con-full e-flex e-con e-child\" data-id=\"d3005b8\" data-element_type=\"container\" data-settings=\"{&quot;jet_parallax_layout_list&quot;:[]}\">\n\t\t\t\t<div class=\"elementor-element elementor-element-fe84036 elementor-widget elementor-widget-heading\" data-id=\"fe84036\" data-element_type=\"widget\" data-widget_type=\"heading.default\">\n\t\t\t\t<div class=\"elementor-widget-container\">\n\t\t\t<h4 class=\"elementor-heading-title elementor-size-default\">Broader legal-environmental context<\/h4>\t\t<\/div>\n\t\t\t\t<\/div>\n\t\t\t\t<div class=\"elementor-element elementor-element-cdcda9c elementor-widget elementor-widget-text-editor\" data-id=\"cdcda9c\" data-element_type=\"widget\" data-widget_type=\"text-editor.default\">\n\t\t\t\t<div class=\"elementor-widget-container\">\n\t\t\t\t\t\t\t<p>Over recent decades, the constitutionalisation of environmental protection has become a structuring vector of fundamental rights, protection principles and state duties, alongside procedural guarantees such as access to information and public participation.<\/p><p class=\"translation-block\">The explicit recognition of a right to environment and of environmental protection clauses, often paired with prevention and remediation duties, shapes constitutional review of public policies, regulatory design and the jurisprudential development of protection standards.<\/p><p>By systematising such clauses, CEC supplies an empirical baseline for comparative analysis and for tracking global trends in green constitutionalism.<\/p>\t\t\t\t\t\t<\/div>\n\t\t\t\t<\/div>\n\t\t\t\t<\/div>\n\t\t<div class=\"elementor-element elementor-element-9785b74 e-con-full e-flex e-con e-child\" data-id=\"9785b74\" data-element_type=\"container\" data-settings=\"{&quot;jet_parallax_layout_list&quot;:[]}\">\n\t\t\t\t<div class=\"elementor-element elementor-element-253944f elementor-widget elementor-widget-heading\" data-id=\"253944f\" data-element_type=\"widget\" data-widget_type=\"heading.default\">\n\t\t\t\t<div class=\"elementor-widget-container\">\n\t\t\t<h4 class=\"elementor-heading-title elementor-size-default\">Methodology<\/h4>\t\t<\/div>\n\t\t\t\t<\/div>\n\t\t\t\t<div class=\"elementor-element elementor-element-07d0c96 elementor-widget elementor-widget-text-editor\" data-id=\"07d0c96\" data-element_type=\"widget\" data-widget_type=\"text-editor.default\">\n\t\t\t\t<div class=\"elementor-widget-container\">\n\t\t\t\t\t\t\t<p class=\"translation-block\">CEC was assembled through a systematic survey of the Constitute Project (a global repository of constitutions in force with full text and topic indexing), complemented by active searches to validate and update the relevant provisions. For each constitution, explicit references to environmental information, environmental protection, right to environment, and general access to information were identified and recorded, together with a link to the current constitutional text.<\/p><p class=\"translation-block\">Based on the presence\/absence of those four clauses, an Environmental Protection Score (0-4) was assigned as a summary indicator of the breadth of constitutional protection. The editorial process includes cross-checking, terminological harmonisation and a change log to preserve traceability and comparability.<\/p>\t\t\t\t\t\t<\/div>\n\t\t\t\t<\/div>\n\t\t\t\t<\/div>\n\t\t<div class=\"elementor-element elementor-element-9a9d297 e-con-full e-flex e-con e-child\" data-id=\"9a9d297\" data-element_type=\"container\" data-settings=\"{&quot;jet_parallax_layout_list&quot;:[]}\">\n\t\t\t\t<div class=\"elementor-element elementor-element-02febb3 elementor-widget elementor-widget-heading\" data-id=\"02febb3\" data-element_type=\"widget\" data-widget_type=\"heading.default\">\n\t\t\t\t<div class=\"elementor-widget-container\">\n\t\t\t<h4 class=\"elementor-heading-title elementor-size-default\"><a href=\"https:\/\/youtu.be\/R9dCcMp4GuE?si=-qvil4jPYD07AcH-\" target=\"_blank\">How to use<\/a><\/h4>\t\t<\/div>\n\t\t\t\t<\/div>\n\t\t\t\t<div class=\"elementor-element elementor-element-d567369 elementor-widget elementor-widget-text-editor\" data-id=\"d567369\" data-element_type=\"widget\" data-widget_type=\"text-editor.default\">\n\t\t\t\t<div class=\"elementor-widget-container\">\n\t\t\t\t\t\t\t<p>CEC provides three complementary views tailored to distinct workflows. <br \/>- The <em>Gallery View<\/em> displays 194 countries by flag, grouped by region, for initial visual exploration. <br \/>- The <em>Table View<\/em> offers a spreadsheet-style interface for comparison, search and filtering across descriptors (e.g., <em>Region<\/em>, <em>EU Member<\/em> or presence of specific clauses), and for exporting subsets. <br \/>- The <em>Graphics View<\/em> gives an immediate picture of how many countries do (or do not) include a <em>Right to Environment Clause<\/em>, useful for communication and rapid diagnostics.<\/p><p>A practical workflow is to start with <em>Table View<\/em>, apply chained filters (by region and clause type), open the Constitution Link to confirm official wording, and, where relevant, build comparative series using the Environmental Protection Score.<\/p>\t\t\t\t\t\t<\/div>\n\t\t\t\t<\/div>\n\t\t\t\t<\/div>\n\t\t<div class=\"elementor-element elementor-element-a8002af e-con-full e-flex e-con e-child\" data-id=\"a8002af\" data-element_type=\"container\" data-settings=\"{&quot;jet_parallax_layout_list&quot;:[]}\">\n\t\t\t\t<div class=\"elementor-element elementor-element-1a367cc elementor-widget elementor-widget-heading\" data-id=\"1a367cc\" data-element_type=\"widget\" data-widget_type=\"heading.default\">\n\t\t\t\t<div class=\"elementor-widget-container\">\n\t\t\t<h4 class=\"elementor-heading-title elementor-size-default\">Creative Commons license<\/h4>\t\t<\/div>\n\t\t\t\t<\/div>\n\t\t\t\t<div class=\"elementor-element elementor-element-234b992 elementor-widget elementor-widget-text-editor\" data-id=\"234b992\" data-element_type=\"widget\" data-widget_type=\"text-editor.default\">\n\t\t\t\t<div class=\"elementor-widget-container\">\n\t\t\t\t\t\t\t<p><strong>Constitutional Environmental Clauses (CEC) <\/strong>\u00a9 2025 by Lisbon Environmental Law Cluster \u2013 Lisbon Public Law Research Centre is licensed under CC BY-NC 4.0.<\/p>\t\t\t\t\t\t<\/div>\n\t\t\t\t<\/div>\n\t\t\t\t<\/div>\n\t\t\t\t<div class=\"elementor-element elementor-element-56e614d elementor-widget elementor-widget-spacer\" data-id=\"56e614d\" data-element_type=\"widget\" data-widget_type=\"spacer.default\">\n\t\t\t\t<div class=\"elementor-widget-container\">\n\t\t\t\t\t<div class=\"elementor-spacer\">\n\t\t\t<div class=\"elementor-spacer-inner\"><\/div>\n\t\t<\/div>\n\t\t\t\t<\/div>\n\t\t\t\t<\/div>\n\t\t\t\t\t<\/div>\n\t\t\t\t<\/div>\n\t\t\t\t<\/div>","protected":false},"excerpt":{"rendered":"<p>Bases de dados O Lisbon Environmental Law est\u00e1 plenamente comprometido com a ci\u00eancia aberta. Muitos dos nossos trabalhos s\u00e3o publicados em acesso aberto, incluindo livros e documentos de trabalho. A partir de 2024, come\u00e7\u00e1mos tamb\u00e9m a disponibilizar bases de dados que sustentaram partes do nosso trabalho, com o objetivo de acelerar a investiga\u00e7\u00e3o em direito [&hellip;]<\/p>\n","protected":false},"author":1,"featured_media":0,"parent":4548,"menu_order":0,"comment_status":"closed","ping_status":"closed","template":"elementor_header_footer","meta":{"footnotes":""},"cluster":[61],"grupo-de-investigacao":[12],"class_list":["post-7424","page","type-page","status-publish","hentry","cluster-lisbon-environmental-law","grupo-de-investigacao-direito-internacional-e-europeu"],"yoast_head":"<!-- This site is optimized with the Yoast SEO plugin v27.5 - https:\/\/yoast.com\/product\/yoast-seo-wordpress\/ -->\n<title>Data Bases - Lisbon Environmental Law<\/title>\n<meta name=\"robots\" content=\"index, follow, max-snippet:-1, max-image-preview:large, max-video-preview:-1\" \/>\n<link rel=\"canonical\" href=\"https:\/\/lisbonpubliclaw.pt\/en\/lisbon-environmental-law\/data-bases\/\" \/>\n<meta property=\"og:locale\" content=\"en_US\" \/>\n<meta property=\"og:type\" content=\"article\" \/>\n<meta property=\"og:title\" content=\"Data Bases - Lisbon Environmental Law\" \/>\n<meta property=\"og:description\" content=\"Bases de dados O Lisbon Environmental Law est\u00e1 plenamente comprometido com a ci\u00eancia aberta. Muitos dos nossos trabalhos s\u00e3o publicados em acesso aberto, incluindo livros e documentos de trabalho. A partir de 2024, come\u00e7\u00e1mos tamb\u00e9m a disponibilizar bases de dados que sustentaram partes do nosso trabalho, com o objetivo de acelerar a investiga\u00e7\u00e3o em direito [&hellip;]\" \/>\n<meta property=\"og:url\" content=\"https:\/\/lisbonpubliclaw.pt\/en\/lisbon-environmental-law\/data-bases\/\" \/>\n<meta property=\"og:site_name\" content=\"Lisbon Public Law\" \/>\n<meta property=\"article:modified_time\" content=\"2026-04-21T08:55:01+00:00\" \/>\n<meta property=\"og:image\" content=\"https:\/\/lisbonpubliclaw.pt\/wp-content\/uploads\/2023\/10\/logo_LEL.png\" \/>\n\t<meta property=\"og:image:width\" content=\"1670\" \/>\n\t<meta property=\"og:image:height\" content=\"560\" \/>\n\t<meta property=\"og:image:type\" content=\"image\/png\" \/>\n<meta name=\"twitter:card\" content=\"summary_large_image\" \/>\n<meta name=\"twitter:label1\" content=\"Est. reading time\" \/>\n\t<meta name=\"twitter:data1\" content=\"16 minutes\" \/>\n<script type=\"application\/ld+json\" class=\"yoast-schema-graph\">{\"@context\":\"https:\\\/\\\/schema.org\",\"@graph\":[{\"@type\":\"WebPage\",\"@id\":\"https:\\\/\\\/lisbonpubliclaw.pt\\\/lisbon-environmental-law\\\/data-bases\\\/\",\"url\":\"https:\\\/\\\/lisbonpubliclaw.pt\\\/lisbon-environmental-law\\\/data-bases\\\/\",\"name\":\"Data Bases - Lisbon Environmental Law\",\"isPartOf\":{\"@id\":\"https:\\\/\\\/lisbonpubliclaw.pt\\\/#website\"},\"primaryImageOfPage\":{\"@id\":\"https:\\\/\\\/lisbonpubliclaw.pt\\\/lisbon-environmental-law\\\/data-bases\\\/#primaryimage\"},\"image\":{\"@id\":\"https:\\\/\\\/lisbonpubliclaw.pt\\\/lisbon-environmental-law\\\/data-bases\\\/#primaryimage\"},\"thumbnailUrl\":\"https:\\\/\\\/lisbonpubliclaw.pt\\\/wp-content\\\/uploads\\\/2023\\\/10\\\/logo_LEL-300x101.png\",\"datePublished\":\"2024-12-16T17:00:39+00:00\",\"dateModified\":\"2026-04-21T08:55:01+00:00\",\"breadcrumb\":{\"@id\":\"https:\\\/\\\/lisbonpubliclaw.pt\\\/lisbon-environmental-law\\\/data-bases\\\/#breadcrumb\"},\"inLanguage\":\"en-US\",\"potentialAction\":[{\"@type\":\"ReadAction\",\"target\":[\"https:\\\/\\\/lisbonpubliclaw.pt\\\/lisbon-environmental-law\\\/data-bases\\\/\"]}]},{\"@type\":\"ImageObject\",\"inLanguage\":\"en-US\",\"@id\":\"https:\\\/\\\/lisbonpubliclaw.pt\\\/lisbon-environmental-law\\\/data-bases\\\/#primaryimage\",\"url\":\"https:\\\/\\\/lisbonpubliclaw.pt\\\/wp-content\\\/uploads\\\/2023\\\/10\\\/logo_LEL-300x101.png\",\"contentUrl\":\"https:\\\/\\\/lisbonpubliclaw.pt\\\/wp-content\\\/uploads\\\/2023\\\/10\\\/logo_LEL-300x101.png\"},{\"@type\":\"BreadcrumbList\",\"@id\":\"https:\\\/\\\/lisbonpubliclaw.pt\\\/lisbon-environmental-law\\\/data-bases\\\/#breadcrumb\",\"itemListElement\":[{\"@type\":\"ListItem\",\"position\":1,\"name\":\"Home\",\"item\":\"https:\\\/\\\/lisbonpubliclaw.pt\\\/\"},{\"@type\":\"ListItem\",\"position\":2,\"name\":\"Lisbon Environmental Law\",\"item\":\"https:\\\/\\\/lisbonpubliclaw.pt\\\/lisbon-environmental-law\\\/\"},{\"@type\":\"ListItem\",\"position\":3,\"name\":\"Data Bases\"}]},{\"@type\":\"WebSite\",\"@id\":\"https:\\\/\\\/lisbonpubliclaw.pt\\\/#website\",\"url\":\"https:\\\/\\\/lisbonpubliclaw.pt\\\/\",\"name\":\"Lisbon Public Law\",\"description\":\"Public Law Research Centre in Lisbon\",\"publisher\":{\"@id\":\"https:\\\/\\\/lisbonpubliclaw.pt\\\/#organization\"},\"potentialAction\":[{\"@type\":\"SearchAction\",\"target\":{\"@type\":\"EntryPoint\",\"urlTemplate\":\"https:\\\/\\\/lisbonpubliclaw.pt\\\/?s={search_term_string}\"},\"query-input\":{\"@type\":\"PropertyValueSpecification\",\"valueRequired\":true,\"valueName\":\"search_term_string\"}}],\"inLanguage\":\"en-US\"},{\"@type\":\"Organization\",\"@id\":\"https:\\\/\\\/lisbonpubliclaw.pt\\\/#organization\",\"name\":\"Lisbon Public Law\",\"url\":\"https:\\\/\\\/lisbonpubliclaw.pt\\\/\",\"logo\":{\"@type\":\"ImageObject\",\"inLanguage\":\"en-US\",\"@id\":\"https:\\\/\\\/lisbonpubliclaw.pt\\\/#\\\/schema\\\/logo\\\/image\\\/\",\"url\":\"https:\\\/\\\/lisbonpubliclaw.pt\\\/wp-content\\\/uploads\\\/2023\\\/06\\\/WhatsApp-Image-2023-06-19-at-11.01.50-1.jpeg\",\"contentUrl\":\"https:\\\/\\\/lisbonpubliclaw.pt\\\/wp-content\\\/uploads\\\/2023\\\/06\\\/WhatsApp-Image-2023-06-19-at-11.01.50-1.jpeg\",\"width\":354,\"height\":354,\"caption\":\"Lisbon Public Law\"},\"image\":{\"@id\":\"https:\\\/\\\/lisbonpubliclaw.pt\\\/#\\\/schema\\\/logo\\\/image\\\/\"}}]}<\/script>\n<!-- \/ Yoast SEO plugin. -->","yoast_head_json":{"title":"Data Bases - Lisbon Environmental Law","robots":{"index":"index","follow":"follow","max-snippet":"max-snippet:-1","max-image-preview":"max-image-preview:large","max-video-preview":"max-video-preview:-1"},"canonical":"https:\/\/lisbonpubliclaw.pt\/en\/lisbon-environmental-law\/data-bases\/","og_locale":"en_US","og_type":"article","og_title":"Data Bases - Lisbon Environmental Law","og_description":"Bases de dados O Lisbon Environmental Law est\u00e1 plenamente comprometido com a ci\u00eancia aberta. Muitos dos nossos trabalhos s\u00e3o publicados em acesso aberto, incluindo livros e documentos de trabalho. A partir de 2024, come\u00e7\u00e1mos tamb\u00e9m a disponibilizar bases de dados que sustentaram partes do nosso trabalho, com o objetivo de acelerar a investiga\u00e7\u00e3o em direito [&hellip;]","og_url":"https:\/\/lisbonpubliclaw.pt\/en\/lisbon-environmental-law\/data-bases\/","og_site_name":"Lisbon Public Law","article_modified_time":"2026-04-21T08:55:01+00:00","og_image":[{"width":1670,"height":560,"url":"https:\/\/lisbonpubliclaw.pt\/wp-content\/uploads\/2023\/10\/logo_LEL.png","type":"image\/png"}],"twitter_card":"summary_large_image","twitter_misc":{"Est. reading time":"16 minutes"},"schema":{"@context":"https:\/\/schema.org","@graph":[{"@type":"WebPage","@id":"https:\/\/lisbonpubliclaw.pt\/lisbon-environmental-law\/data-bases\/","url":"https:\/\/lisbonpubliclaw.pt\/lisbon-environmental-law\/data-bases\/","name":"Data Bases - Lisbon Environmental Law","isPartOf":{"@id":"https:\/\/lisbonpubliclaw.pt\/#website"},"primaryImageOfPage":{"@id":"https:\/\/lisbonpubliclaw.pt\/lisbon-environmental-law\/data-bases\/#primaryimage"},"image":{"@id":"https:\/\/lisbonpubliclaw.pt\/lisbon-environmental-law\/data-bases\/#primaryimage"},"thumbnailUrl":"https:\/\/lisbonpubliclaw.pt\/wp-content\/uploads\/2023\/10\/logo_LEL-300x101.png","datePublished":"2024-12-16T17:00:39+00:00","dateModified":"2026-04-21T08:55:01+00:00","breadcrumb":{"@id":"https:\/\/lisbonpubliclaw.pt\/lisbon-environmental-law\/data-bases\/#breadcrumb"},"inLanguage":"en-US","potentialAction":[{"@type":"ReadAction","target":["https:\/\/lisbonpubliclaw.pt\/lisbon-environmental-law\/data-bases\/"]}]},{"@type":"ImageObject","inLanguage":"en-US","@id":"https:\/\/lisbonpubliclaw.pt\/lisbon-environmental-law\/data-bases\/#primaryimage","url":"https:\/\/lisbonpubliclaw.pt\/wp-content\/uploads\/2023\/10\/logo_LEL-300x101.png","contentUrl":"https:\/\/lisbonpubliclaw.pt\/wp-content\/uploads\/2023\/10\/logo_LEL-300x101.png"},{"@type":"BreadcrumbList","@id":"https:\/\/lisbonpubliclaw.pt\/lisbon-environmental-law\/data-bases\/#breadcrumb","itemListElement":[{"@type":"ListItem","position":1,"name":"Home","item":"https:\/\/lisbonpubliclaw.pt\/"},{"@type":"ListItem","position":2,"name":"Lisbon Environmental Law","item":"https:\/\/lisbonpubliclaw.pt\/lisbon-environmental-law\/"},{"@type":"ListItem","position":3,"name":"Data Bases"}]},{"@type":"WebSite","@id":"https:\/\/lisbonpubliclaw.pt\/#website","url":"https:\/\/lisbonpubliclaw.pt\/","name":"Lisbon Public Law","description":"Public Law Research Centre in Lisbon","publisher":{"@id":"https:\/\/lisbonpubliclaw.pt\/#organization"},"potentialAction":[{"@type":"SearchAction","target":{"@type":"EntryPoint","urlTemplate":"https:\/\/lisbonpubliclaw.pt\/?s={search_term_string}"},"query-input":{"@type":"PropertyValueSpecification","valueRequired":true,"valueName":"search_term_string"}}],"inLanguage":"en-US"},{"@type":"Organization","@id":"https:\/\/lisbonpubliclaw.pt\/#organization","name":"Lisbon Public Law","url":"https:\/\/lisbonpubliclaw.pt\/","logo":{"@type":"ImageObject","inLanguage":"en-US","@id":"https:\/\/lisbonpubliclaw.pt\/#\/schema\/logo\/image\/","url":"https:\/\/lisbonpubliclaw.pt\/wp-content\/uploads\/2023\/06\/WhatsApp-Image-2023-06-19-at-11.01.50-1.jpeg","contentUrl":"https:\/\/lisbonpubliclaw.pt\/wp-content\/uploads\/2023\/06\/WhatsApp-Image-2023-06-19-at-11.01.50-1.jpeg","width":354,"height":354,"caption":"Lisbon Public Law"},"image":{"@id":"https:\/\/lisbonpubliclaw.pt\/#\/schema\/logo\/image\/"}}]}},"_links":{"self":[{"href":"https:\/\/lisbonpubliclaw.pt\/en\/wp-json\/wp\/v2\/pages\/7424","targetHints":{"allow":["GET"]}}],"collection":[{"href":"https:\/\/lisbonpubliclaw.pt\/en\/wp-json\/wp\/v2\/pages"}],"about":[{"href":"https:\/\/lisbonpubliclaw.pt\/en\/wp-json\/wp\/v2\/types\/page"}],"author":[{"embeddable":true,"href":"https:\/\/lisbonpubliclaw.pt\/en\/wp-json\/wp\/v2\/users\/1"}],"replies":[{"embeddable":true,"href":"https:\/\/lisbonpubliclaw.pt\/en\/wp-json\/wp\/v2\/comments?post=7424"}],"version-history":[{"count":161,"href":"https:\/\/lisbonpubliclaw.pt\/en\/wp-json\/wp\/v2\/pages\/7424\/revisions"}],"predecessor-version":[{"id":11318,"href":"https:\/\/lisbonpubliclaw.pt\/en\/wp-json\/wp\/v2\/pages\/7424\/revisions\/11318"}],"up":[{"embeddable":true,"href":"https:\/\/lisbonpubliclaw.pt\/en\/wp-json\/wp\/v2\/pages\/4548"}],"wp:attachment":[{"href":"https:\/\/lisbonpubliclaw.pt\/en\/wp-json\/wp\/v2\/media?parent=7424"}],"wp:term":[{"taxonomy":"cluster","embeddable":true,"href":"https:\/\/lisbonpubliclaw.pt\/en\/wp-json\/wp\/v2\/cluster?post=7424"},{"taxonomy":"grupo-de-investigacao","embeddable":true,"href":"https:\/\/lisbonpubliclaw.pt\/en\/wp-json\/wp\/v2\/grupo-de-investigacao?post=7424"}],"curies":[{"name":"wp","href":"https:\/\/api.w.org\/{rel}","templated":true}]}}