{"id":5388,"date":"2023-12-15T12:18:12","date_gmt":"2023-12-15T12:18:12","guid":{"rendered":"https:\/\/lisbonpubliclaw.pt\/?page_id=5388"},"modified":"2023-12-18T14:53:16","modified_gmt":"2023-12-18T14:53:16","slug":"blog","status":"publish","type":"page","link":"https:\/\/lisbonpubliclaw.pt\/en\/lisbon-digital-rights\/blog\/","title":{"rendered":"Blog"},"content":{"rendered":"\t\t<div data-elementor-type=\"wp-page\" data-elementor-id=\"5388\" class=\"elementor elementor-5388\" data-elementor-post-type=\"page\">\n\t\t\t\t<div class=\"elementor-element elementor-element-3524e12 e-con-full e-flex e-con e-parent\" data-id=\"3524e12\" data-element_type=\"container\" data-settings=\"{&quot;jet_parallax_layout_list&quot;:[],&quot;background_background&quot;:&quot;classic&quot;}\">\n\t\t<div class=\"elementor-element elementor-element-ef9bbd3 e-con-full e-flex e-con e-child\" data-id=\"ef9bbd3\" data-element_type=\"container\" data-settings=\"{&quot;jet_parallax_layout_list&quot;:[]}\">\n\t\t<div class=\"elementor-element elementor-element-081827a e-con-full e-flex e-con e-child\" data-id=\"081827a\" data-element_type=\"container\" data-settings=\"{&quot;jet_parallax_layout_list&quot;:[]}\">\n\t\t\t\t<div class=\"elementor-element elementor-element-7c674d3 elementor-widget elementor-widget-shortcode\" data-id=\"7c674d3\" data-element_type=\"widget\" data-widget_type=\"shortcode.default\">\n\t\t\t\t<div class=\"elementor-widget-container\">\n\t\t\t\t\t<div class=\"elementor-shortcode\">\t\t<div data-elementor-type=\"container\" data-elementor-id=\"5051\" class=\"elementor elementor-5051\" data-elementor-post-type=\"elementor_library\">\n\t\t\t\t<div class=\"elementor-element elementor-element-29821f2 e-con-full e-flex e-con e-parent\" data-id=\"29821f2\" data-element_type=\"container\" data-settings=\"{&quot;jet_parallax_layout_list&quot;:[]}\">\n\t\t<div class=\"elementor-element elementor-element-c29427e e-flex e-con-boxed e-con e-child\" data-id=\"c29427e\" data-element_type=\"container\" data-settings=\"{&quot;background_background&quot;:&quot;classic&quot;,&quot;jet_parallax_layout_list&quot;:[]}\">\n\t\t\t\t\t<div class=\"e-con-inner\">\n\t\t\t\t<div class=\"elementor-element elementor-element-2ea38d4 elementor-widget elementor-widget-heading\" data-id=\"2ea38d4\" data-element_type=\"widget\" data-widget_type=\"heading.default\">\n\t\t\t\t<div class=\"elementor-widget-container\">\n\t\t\t<h2 class=\"elementor-heading-title elementor-size-default\"><a href=\"https:\/\/lisbonpubliclaw.pt\/lisbon-digital-rights\/equipa\/\">EQUIPA<\/a><\/h2>\t\t<\/div>\n\t\t\t\t<\/div>\n\t\t\t\t\t<\/div>\n\t\t\t\t<\/div>\n\t\t<div class=\"elementor-element elementor-element-eb4fece e-flex e-con-boxed e-con e-child\" data-id=\"eb4fece\" data-element_type=\"container\" data-settings=\"{&quot;background_background&quot;:&quot;classic&quot;,&quot;jet_parallax_layout_list&quot;:[]}\">\n\t\t\t\t\t<div class=\"e-con-inner\">\n\t\t\t\t<div class=\"elementor-element elementor-element-7b8ef2c elementor-widget elementor-widget-heading\" data-id=\"7b8ef2c\" data-element_type=\"widget\" data-widget_type=\"heading.default\">\n\t\t\t\t<div class=\"elementor-widget-container\">\n\t\t\t<h2 class=\"elementor-heading-title elementor-size-default\"><a href=\"https:\/\/lisbonpubliclaw.pt\/lisbon-digital-rights\/projetos\/\">PROJETOS<\/a><\/h2>\t\t<\/div>\n\t\t\t\t<\/div>\n\t\t\t\t\t<\/div>\n\t\t\t\t<\/div>\n\t\t<div class=\"elementor-element elementor-element-f296c85 e-flex e-con-boxed e-con e-child\" data-id=\"f296c85\" data-element_type=\"container\" data-settings=\"{&quot;background_background&quot;:&quot;classic&quot;,&quot;jet_parallax_layout_list&quot;:[]}\">\n\t\t\t\t\t<div class=\"e-con-inner\">\n\t\t\t\t<div class=\"elementor-element elementor-element-1a52302 elementor-widget elementor-widget-heading\" data-id=\"1a52302\" data-element_type=\"widget\" data-widget_type=\"heading.default\">\n\t\t\t\t<div class=\"elementor-widget-container\">\n\t\t\t<h2 class=\"elementor-heading-title elementor-size-default\"><a href=\"https:\/\/lisbonpubliclaw.pt\/lisbon-digital-rights\/publicacoes\/\">PUBLICA\u00c7\u00d5ES<\/a><\/h2>\t\t<\/div>\n\t\t\t\t<\/div>\n\t\t\t\t\t<\/div>\n\t\t\t\t<\/div>\n\t\t<div class=\"elementor-element elementor-element-5cb9c61 e-flex e-con-boxed e-con e-child\" data-id=\"5cb9c61\" data-element_type=\"container\" data-settings=\"{&quot;background_background&quot;:&quot;classic&quot;,&quot;jet_parallax_layout_list&quot;:[]}\">\n\t\t\t\t\t<div class=\"e-con-inner\">\n\t\t\t\t<div class=\"elementor-element elementor-element-636cb37 elementor-widget elementor-widget-heading\" data-id=\"636cb37\" data-element_type=\"widget\" data-widget_type=\"heading.default\">\n\t\t\t\t<div class=\"elementor-widget-container\">\n\t\t\t<h2 class=\"elementor-heading-title elementor-size-default\"><a href=\"https:\/\/lisbonpubliclaw.pt\/lisbon-digital-rights\/eventos-ldr\/\">EVENTOS<\/a><\/h2>\t\t<\/div>\n\t\t\t\t<\/div>\n\t\t\t\t\t<\/div>\n\t\t\t\t<\/div>\n\t\t<div class=\"elementor-element elementor-element-6239b56 e-flex e-con-boxed e-con e-child\" data-id=\"6239b56\" data-element_type=\"container\" data-settings=\"{&quot;background_background&quot;:&quot;classic&quot;,&quot;jet_parallax_layout_list&quot;:[]}\">\n\t\t\t\t\t<div class=\"e-con-inner\">\n\t\t\t\t<div class=\"elementor-element elementor-element-a4af077 elementor-widget elementor-widget-heading\" data-id=\"a4af077\" data-element_type=\"widget\" data-widget_type=\"heading.default\">\n\t\t\t\t<div class=\"elementor-widget-container\">\n\t\t\t<h2 class=\"elementor-heading-title elementor-size-default\"><a href=\"https:\/\/lisbonpubliclaw.pt\/lisbon-digital-rights\/noticias\/\">NOT\u00cdCIAS<\/a><\/h2>\t\t<\/div>\n\t\t\t\t<\/div>\n\t\t\t\t\t<\/div>\n\t\t\t\t<\/div>\n\t\t<div class=\"elementor-element elementor-element-1954635 e-flex e-con-boxed e-con e-child\" data-id=\"1954635\" data-element_type=\"container\" data-settings=\"{&quot;background_background&quot;:&quot;classic&quot;,&quot;jet_parallax_layout_list&quot;:[]}\">\n\t\t\t\t\t<div class=\"e-con-inner\">\n\t\t\t\t<div class=\"elementor-element elementor-element-d697786 elementor-widget elementor-widget-heading\" data-id=\"d697786\" data-element_type=\"widget\" data-widget_type=\"heading.default\">\n\t\t\t\t<div class=\"elementor-widget-container\">\n\t\t\t<h2 class=\"elementor-heading-title elementor-size-default\"><a href=\"https:\/\/lisbonpubliclaw.pt\/lisbon-digital-rights\/blog\/\">BLOG<\/a><\/h2>\t\t<\/div>\n\t\t\t\t<\/div>\n\t\t\t\t\t<\/div>\n\t\t\t\t<\/div>\n\t\t\t\t<\/div>\n\t\t\t\t<\/div>\n\t\t<\/div>\n\t\t\t\t<\/div>\n\t\t\t\t<\/div>\n\t\t\t\t<\/div>\n\t\t\t\t<\/div>\n\t\t\t\t<\/div>\n\t\t<div class=\"elementor-element elementor-element-c91985a e-flex e-con-boxed e-con e-parent\" data-id=\"c91985a\" data-element_type=\"container\" data-settings=\"{&quot;jet_parallax_layout_list&quot;:[]}\">\n\t\t\t\t\t<div class=\"e-con-inner\">\n\t\t<div class=\"elementor-element elementor-element-c86f0ee e-flex e-con-boxed e-con e-child\" data-id=\"c86f0ee\" data-element_type=\"container\" data-settings=\"{&quot;jet_parallax_layout_list&quot;:[]}\">\n\t\t\t\t\t<div class=\"e-con-inner\">\n\t\t<div class=\"elementor-element elementor-element-bbcb7f7 e-con-full e-flex e-con e-child\" data-id=\"bbcb7f7\" data-element_type=\"container\" data-settings=\"{&quot;jet_parallax_layout_list&quot;:[]}\">\n\t\t\t\t<div class=\"elementor-element elementor-element-49a9967 elementor-widget elementor-widget-spacer\" data-id=\"49a9967\" data-element_type=\"widget\" data-widget_type=\"spacer.default\">\n\t\t\t\t<div class=\"elementor-widget-container\">\n\t\t\t\t\t<div class=\"elementor-spacer\">\n\t\t\t<div class=\"elementor-spacer-inner\"><\/div>\n\t\t<\/div>\n\t\t\t\t<\/div>\n\t\t\t\t<\/div>\n\t\t\t\t<\/div>\n\t\t\t\t\t<\/div>\n\t\t\t\t<\/div>\n\t\t<div class=\"elementor-element elementor-element-9f1080d e-flex e-con-boxed e-con e-child\" data-id=\"9f1080d\" data-element_type=\"container\" data-settings=\"{&quot;jet_parallax_layout_list&quot;:[]}\">\n\t\t\t\t\t<div class=\"e-con-inner\">\n\t\t<div class=\"elementor-element elementor-element-f548564 e-con-full e-flex e-con e-child\" data-id=\"f548564\" data-element_type=\"container\" data-settings=\"{&quot;jet_parallax_layout_list&quot;:[]}\">\n\t\t\t\t<div class=\"elementor-element elementor-element-f9e0312 elementor-widget elementor-widget-breadcrumbs\" data-id=\"f9e0312\" data-element_type=\"widget\" data-widget_type=\"breadcrumbs.default\">\n\t\t\t\t<div class=\"elementor-widget-container\">\n\t\t\t<p id=\"breadcrumbs\"><span><span><a href=\"https:\/\/lisbonpubliclaw.pt\/\">Home<\/a><\/span><\/span><\/p>\t\t<\/div>\n\t\t\t\t<\/div>\n\t\t\t\t<div class=\"elementor-element elementor-element-28758e9 elementor-widget elementor-widget-image\" data-id=\"28758e9\" data-element_type=\"widget\" data-widget_type=\"image.default\">\n\t\t\t\t<div class=\"elementor-widget-container\">\n\t\t\t\t\t\t\t\t\t\t\t\t\t\t<a href=\"https:\/\/lisbonpubliclaw.pt\/lisbon-environmental-law\">\n\t\t\t\t\t\t\t<img fetchpriority=\"high\" decoding=\"async\" width=\"1489\" height=\"675\" src=\"https:\/\/lisbonpubliclaw.pt\/wp-content\/uploads\/2023\/12\/LOGO-DR-NOVO-02-1.png\" class=\"attachment-full size-full wp-image-5305\" alt=\"\" srcset=\"https:\/\/lisbonpubliclaw.pt\/wp-content\/uploads\/2023\/12\/LOGO-DR-NOVO-02-1.png 1489w, https:\/\/lisbonpubliclaw.pt\/wp-content\/uploads\/2023\/12\/LOGO-DR-NOVO-02-1-300x136.png 300w, https:\/\/lisbonpubliclaw.pt\/wp-content\/uploads\/2023\/12\/LOGO-DR-NOVO-02-1-1024x464.png 1024w, https:\/\/lisbonpubliclaw.pt\/wp-content\/uploads\/2023\/12\/LOGO-DR-NOVO-02-1-768x348.png 768w, https:\/\/lisbonpubliclaw.pt\/wp-content\/uploads\/2023\/12\/LOGO-DR-NOVO-02-1-18x8.png 18w, https:\/\/lisbonpubliclaw.pt\/wp-content\/uploads\/2023\/12\/LOGO-DR-NOVO-02-1-600x272.png 600w\" sizes=\"(max-width: 1489px) 100vw, 1489px\" \/>\t\t\t\t\t\t\t\t<\/a>\n\t\t\t\t\t\t\t\t\t\t\t\t\t<\/div>\n\t\t\t\t<\/div>\n\t\t\t\t<div class=\"elementor-element elementor-element-af1832c elementor-widget elementor-widget-spacer\" data-id=\"af1832c\" data-element_type=\"widget\" data-widget_type=\"spacer.default\">\n\t\t\t\t<div class=\"elementor-widget-container\">\n\t\t\t\t\t<div class=\"elementor-spacer\">\n\t\t\t<div class=\"elementor-spacer-inner\"><\/div>\n\t\t<\/div>\n\t\t\t\t<\/div>\n\t\t\t\t<\/div>\n\t\t\t\t<div class=\"elementor-element elementor-element-3eaec33 elementor-widget elementor-widget-heading\" data-id=\"3eaec33\" data-element_type=\"widget\" data-widget_type=\"heading.default\">\n\t\t\t\t<div class=\"elementor-widget-container\">\n\t\t\t<h1 class=\"elementor-heading-title elementor-size-default\">Blog<\/h1>\t\t<\/div>\n\t\t\t\t<\/div>\n\t\t\t\t<\/div>\n\t\t<div class=\"elementor-element elementor-element-6a630c1 e-con-full e-flex e-con e-child\" data-id=\"6a630c1\" data-element_type=\"container\" data-settings=\"{&quot;jet_parallax_layout_list&quot;:[]}\">\n\t\t\t\t<div class=\"elementor-element elementor-element-1138cc8 elementor-widget elementor-widget-jet-smart-filters-date-period\" data-id=\"1138cc8\" data-element_type=\"widget\" data-widget_type=\"jet-smart-filters-date-period.default\">\n\t\t\t\t<div class=\"elementor-widget-container\">\n\t\t\t<div class=\"jet-smart-filters-date-period jet-filter \" data-indexer-rule=\"show\" data-show-counter=\"\" data-change-counter=\"always\"><div class=\"jet-filter-label\">Filtro por Ano<\/div>\n<div class=\"jet-date-period button-icon-position-left\" data-query-type=\"date_query\" data-query-var=\"\" data-smart-filter=\"date-period\" data-filter-id=\"794\" data-apply-type=\"ajax\" data-content-provider=\"jet-engine\" data-additional-providers=\"\" data-query-id=\"default\" data-active-label=\"Filtro por Ano\" data-layout-options=\"{&quot;show_label&quot;:true,&quot;display_options&quot;:{&quot;show_items_label&quot;:false,&quot;show_decorator&quot;:false,&quot;filter_image_size&quot;:&quot;full&quot;,&quot;show_counter&quot;:false}}\" data-query-var-suffix=\"date\" data-apply-on=\"value\" data-period-type=\"year\">\n\t<div class=\"jet-date-period__wrapper\">\n\t\t<div class=\"jet-date-period__prev\" ><svg width=\"21\" height=\"28\" viewBox=\"0 0 21 28\" xmlns=\"http:\/\/www.w3.org\/2000\/svg\">\n\t<path d=\"M18.297 4.703l-8.297 8.297 8.297 8.297c0.391 0.391 0.391 1.016 0 1.406l-2.594 2.594c-0.391 0.391-1.016 0.391-1.406 0l-11.594-11.594c-0.391-0.391-0.391-1.016 0-1.406l11.594-11.594c0.391-0.391 1.016-0.391 1.406 0l2.594 2.594c0.391 0.391 0.391 1.016 0 1.406z\"><\/path>\n<\/svg>\n<\/div>\n\t\t<div class=\"jet-date-period__datepicker date\">\n\t\t\t<div class=\"jet-date-period__datepicker-button input-group-addon\" >\n\t\t\t\tSelecionar Ano\t\t\t\t<svg width=\"18\" height=\"28\" viewBox=\"0 0 18 28\" xmlns=\"http:\/\/www.w3.org\/2000\/svg\">\n\t<path d=\"M16.797 11.5c0 0.125-0.063 0.266-0.156 0.359l-7.281 7.281c-0.094 0.094-0.234 0.156-0.359 0.156s-0.266-0.063-0.359-0.156l-7.281-7.281c-0.094-0.094-0.156-0.234-0.156-0.359s0.063-0.266 0.156-0.359l0.781-0.781c0.094-0.094 0.219-0.156 0.359-0.156 0.125 0 0.266 0.063 0.359 0.156l6.141 6.141 6.141-6.141c0.094-0.094 0.234-0.156 0.359-0.156s0.266 0.063 0.359 0.156l0.781 0.781c0.094 0.094 0.156 0.234 0.156 0.359z\"><\/path>\n<\/svg>\n\t\t\t<\/div>\n\t\t\t<input\n\t\t\t\tclass=\"jet-date-period__datepicker-input\"\n\t\t\t\tname=\"\"\n\t\t\t\tvalue=\"\"\n\t\t\t\taria-label=\"Filtro por Ano\"\n\t\t\t\ttype=\"hidden\"\n\t\t\t\ttabindex=\"-1\"\n\t\t\t\tdata-format=\"yy\"\n\t\t\t\t\t\t\t\t\t\t\t\treadonly\n\t\t\t>\n\t\t<\/div>\n\t\t<div class=\"jet-date-period__next\" ><svg width=\"19\" height=\"28\" viewBox=\"0 0 19 28\" xmlns=\"http:\/\/www.w3.org\/2000\/svg\">\n\t<path d=\"M17.297 13.703l-11.594 11.594c-0.391 0.391-1.016 0.391-1.406 0l-2.594-2.594c-0.391-0.391-0.391-1.016 0-1.406l8.297-8.297-8.297-8.297c-0.391-0.391-0.391-1.016 0-1.406l2.594-2.594c0.391-0.391 1.016-0.391 1.406 0l11.594 11.594c0.391 0.391 0.391 1.016 0 1.406z\"><\/path>\n<\/svg>\n<\/div>\n\t<\/div>\n<\/div>\n<\/div>\t\t<\/div>\n\t\t\t\t<\/div>\n\t\t\t\t<\/div>\n\t\t\t\t\t<\/div>\n\t\t\t\t<\/div>\n\t\t\t\t\t<\/div>\n\t\t\t\t<\/div>\n\t\t<div class=\"elementor-element elementor-element-81ec860 e-flex e-con-boxed e-con e-parent\" data-id=\"81ec860\" data-element_type=\"container\" data-settings=\"{&quot;jet_parallax_layout_list&quot;:[]}\">\n\t\t\t\t\t<div class=\"e-con-inner\">\n\t\t<div class=\"elementor-element elementor-element-acf2374 e-flex e-con-boxed e-con e-child\" data-id=\"acf2374\" data-element_type=\"container\" data-settings=\"{&quot;jet_parallax_layout_list&quot;:[]}\">\n\t\t\t\t\t<div class=\"e-con-inner\">\n\t\t\t\t<div class=\"elementor-element elementor-element-3e92902 elementor-widget-divider--view-line elementor-widget elementor-widget-divider\" data-id=\"3e92902\" data-element_type=\"widget\" data-widget_type=\"divider.default\">\n\t\t\t\t<div class=\"elementor-widget-container\">\n\t\t\t\t\t<div class=\"elementor-divider\">\n\t\t\t<span class=\"elementor-divider-separator\">\n\t\t\t\t\t\t<\/span>\n\t\t<\/div>\n\t\t\t\t<\/div>\n\t\t\t\t<\/div>\n\t\t\t\t\t<\/div>\n\t\t\t\t<\/div>\n\t\t\t\t\t<\/div>\n\t\t\t\t<\/div>\n\t\t<div class=\"elementor-element elementor-element-5f881f2 e-flex e-con-boxed e-con e-parent\" data-id=\"5f881f2\" data-element_type=\"container\" data-settings=\"{&quot;jet_parallax_layout_list&quot;:[]}\">\n\t\t\t\t\t<div class=\"e-con-inner\">\n\t\t\t\t<div class=\"elementor-element elementor-element-705e5bd elementor-widget elementor-widget-jet-listing-grid\" data-id=\"705e5bd\" data-element_type=\"widget\" data-settings=\"{&quot;columns&quot;:&quot;3&quot;,&quot;columns_tablet&quot;:&quot;2&quot;,&quot;columns_mobile&quot;:&quot;1&quot;}\" data-widget_type=\"jet-listing-grid.default\">\n\t\t\t\t<div class=\"elementor-widget-container\">\n\t\t\t<div class=\"jet-listing-grid jet-listing\"><div class=\"jet-listing-grid__items grid-col-desk-3 grid-col-tablet-2 grid-col-mobile-1 jet-listing-grid--1038\" data-queried-id=\"5388|WP_Post\" data-nav=\"{&quot;enabled&quot;:false,&quot;type&quot;:null,&quot;more_el&quot;:null,&quot;query&quot;:[],&quot;widget_settings&quot;:{&quot;lisitng_id&quot;:1038,&quot;posts_num&quot;:200,&quot;columns&quot;:3,&quot;columns_tablet&quot;:2,&quot;columns_mobile&quot;:1,&quot;is_archive_template&quot;:&quot;&quot;,&quot;post_status&quot;:[&quot;publish&quot;],&quot;use_random_posts_num&quot;:&quot;&quot;,&quot;max_posts_num&quot;:9,&quot;not_found_message&quot;:&quot;No data was found&quot;,&quot;is_masonry&quot;:false,&quot;equal_columns_height&quot;:&quot;&quot;,&quot;use_load_more&quot;:&quot;&quot;,&quot;load_more_id&quot;:&quot;&quot;,&quot;load_more_type&quot;:&quot;click&quot;,&quot;load_more_offset&quot;:{&quot;unit&quot;:&quot;px&quot;,&quot;size&quot;:0,&quot;sizes&quot;:[]},&quot;use_custom_post_types&quot;:&quot;&quot;,&quot;custom_post_types&quot;:[],&quot;hide_widget_if&quot;:&quot;&quot;,&quot;carousel_enabled&quot;:&quot;&quot;,&quot;slides_to_scroll&quot;:&quot;1&quot;,&quot;arrows&quot;:&quot;true&quot;,&quot;arrow_icon&quot;:&quot;fa fa-angle-left&quot;,&quot;dots&quot;:&quot;&quot;,&quot;autoplay&quot;:&quot;true&quot;,&quot;pause_on_hover&quot;:&quot;true&quot;,&quot;autoplay_speed&quot;:5000,&quot;infinite&quot;:&quot;true&quot;,&quot;center_mode&quot;:&quot;&quot;,&quot;effect&quot;:&quot;slide&quot;,&quot;speed&quot;:500,&quot;inject_alternative_items&quot;:&quot;&quot;,&quot;injection_items&quot;:[],&quot;scroll_slider_enabled&quot;:&quot;&quot;,&quot;scroll_slider_on&quot;:[&quot;desktop&quot;,&quot;tablet&quot;,&quot;mobile&quot;],&quot;custom_query&quot;:false,&quot;custom_query_id&quot;:&quot;5&quot;,&quot;_element_id&quot;:&quot;&quot;}}\" data-page=\"1\" data-pages=\"1\" data-listing-source=\"posts\" data-listing-id=\"1038\" data-query-id=\"\"><div class=\"jet-listing-grid__item jet-listing-dynamic-post-10579\" data-post-id=\"10579\" >\t\t<div data-elementor-type=\"jet-listing-items\" data-elementor-id=\"1038\" class=\"elementor elementor-1038\" data-elementor-post-type=\"jet-engine\">\n\t\t\t\t<div class=\"elementor-element elementor-element-afad250 e-con-full e-flex e-con e-parent\" data-id=\"afad250\" data-element_type=\"container\" data-settings=\"{&quot;jet_parallax_layout_list&quot;:[]}\">\n\t\t\t\t<div class=\"elementor-element elementor-element-2df3d38 elementor-widget elementor-widget-jet-listing-dynamic-image\" data-id=\"2df3d38\" data-element_type=\"widget\" data-widget_type=\"jet-listing-dynamic-image.default\">\n\t\t\t\t<div class=\"elementor-widget-container\">\n\t\t\t<div class=\"jet-listing jet-listing-dynamic-image\"><a href=\"https:\/\/lisbonpubliclaw.pt\/en\/blog\/efeitos-negativos-no-discurso-civico-e-processos-eleitorais-e-possivel-ir-alem-de-uma-mera-intencao-de-protecao\/\" class=\"jet-listing-dynamic-image__link\"><img decoding=\"async\" width=\"1876\" height=\"1876\" src=\"https:\/\/lisbonpubliclaw.pt\/wp-content\/uploads\/2025\/06\/Social-Media-and-its-Impact-on-Elections-e1750694299419.png\" class=\"jet-listing-dynamic-image__img attachment-full size-full\" alt=\"Social-Media-and-its-Impact-on-Elections\" srcset=\"https:\/\/lisbonpubliclaw.pt\/wp-content\/uploads\/2025\/06\/Social-Media-and-its-Impact-on-Elections-e1750694299419.png 1876w, https:\/\/lisbonpubliclaw.pt\/wp-content\/uploads\/2025\/06\/Social-Media-and-its-Impact-on-Elections-e1750694299419-300x300.png 300w, https:\/\/lisbonpubliclaw.pt\/wp-content\/uploads\/2025\/06\/Social-Media-and-its-Impact-on-Elections-e1750694299419-1024x1024.png 1024w, https:\/\/lisbonpubliclaw.pt\/wp-content\/uploads\/2025\/06\/Social-Media-and-its-Impact-on-Elections-e1750694299419-150x150.png 150w, https:\/\/lisbonpubliclaw.pt\/wp-content\/uploads\/2025\/06\/Social-Media-and-its-Impact-on-Elections-e1750694299419-768x768.png 768w, https:\/\/lisbonpubliclaw.pt\/wp-content\/uploads\/2025\/06\/Social-Media-and-its-Impact-on-Elections-e1750694299419-1536x1536.png 1536w, https:\/\/lisbonpubliclaw.pt\/wp-content\/uploads\/2025\/06\/Social-Media-and-its-Impact-on-Elections-e1750694299419-12x12.png 12w, https:\/\/lisbonpubliclaw.pt\/wp-content\/uploads\/2025\/06\/Social-Media-and-its-Impact-on-Elections-e1750694299419-230x230.png 230w, https:\/\/lisbonpubliclaw.pt\/wp-content\/uploads\/2025\/06\/Social-Media-and-its-Impact-on-Elections-e1750694299419-400x400.png 400w, https:\/\/lisbonpubliclaw.pt\/wp-content\/uploads\/2025\/06\/Social-Media-and-its-Impact-on-Elections-e1750694299419-600x600.png 600w, https:\/\/lisbonpubliclaw.pt\/wp-content\/uploads\/2025\/06\/Social-Media-and-its-Impact-on-Elections-e1750694299419-640x640.png 640w\" sizes=\"(max-width: 1876px) 100vw, 1876px\" loading=\"eager\" \/><\/a><\/div>\t\t<\/div>\n\t\t\t\t<\/div>\n\t\t<div class=\"elementor-element elementor-element-85ef28d e-con-full e-flex e-con e-child\" data-id=\"85ef28d\" data-element_type=\"container\" data-settings=\"{&quot;background_background&quot;:&quot;classic&quot;,&quot;jet_parallax_layout_list&quot;:[]}\">\n\t\t\t\t<\/div>\n\t\t\t\t<\/div>\n\t\t<div class=\"elementor-element elementor-element-c9b539d e-con-full e-flex e-con e-parent\" data-id=\"c9b539d\" data-element_type=\"container\" data-settings=\"{&quot;jet_parallax_layout_list&quot;:[],&quot;background_background&quot;:&quot;classic&quot;}\">\n\t\t\t\t<div class=\"elementor-element elementor-element-cd4a908 elementor-widget elementor-widget-jet-listing-dynamic-field\" data-id=\"cd4a908\" data-element_type=\"widget\" data-widget_type=\"jet-listing-dynamic-field.default\">\n\t\t\t\t<div class=\"elementor-widget-container\">\n\t\t\t<div class=\"jet-listing jet-listing-dynamic-field display-inline\"><div class=\"jet-listing-dynamic-field__inline-wrap\"><p class=\"jet-listing-dynamic-field__content\">23 June 2025<\/p><\/div><\/div>\t\t<\/div>\n\t\t\t\t<\/div>\n\t\t\t\t<div class=\"elementor-element elementor-element-fb701b4 elementor-widget elementor-widget-heading\" data-id=\"fb701b4\" data-element_type=\"widget\" data-widget_type=\"heading.default\">\n\t\t\t\t<div class=\"elementor-widget-container\">\n\t\t\t<h5 class=\"elementor-heading-title elementor-size-default\">Efeitos negativos no discurso c\u00edvico e processos eleitorais: \u00c9 poss\u00edvel ir al\u00e9m de uma mera inten\u00e7\u00e3o de prote\u00e7\u00e3o?<\/h5>\t\t<\/div>\n\t\t\t\t<\/div>\n\t\t\t\t<div class=\"elementor-element elementor-element-b25cd35 elementor-widget elementor-widget-jet-button\" data-id=\"b25cd35\" data-element_type=\"widget\" data-widget_type=\"jet-button.default\">\n\t\t\t\t<div class=\"elementor-widget-container\">\n\t\t\t<div class=\"elementor-jet-button jet-elements\"><div class=\"jet-button__container\">\n\t<a class=\"jet-button__instance jet-button__instance--icon-left hover-effect-0\" href=\"https:\/\/lisbonpubliclaw.pt\/en\/blog\/efeitos-negativos-no-discurso-civico-e-processos-eleitorais-e-possivel-ir-alem-de-uma-mera-intencao-de-protecao\/\">\n\t\t<div class=\"jet-button__plane jet-button__plane-normal\"><\/div>\n\t\t<div class=\"jet-button__plane jet-button__plane-hover\"><\/div>\n\t\t<div class=\"jet-button__state jet-button__state-normal\">\n\t\t\t<span class=\"jet-button__label\">Saber Mais<\/span>\t\t<\/div>\n\t\t<div class=\"jet-button__state jet-button__state-hover\">\n\t\t\t<span class=\"jet-button__label\">Saber Mais<\/span>\t\t<\/div>\n\t<\/a>\n<\/div>\n<\/div>\t\t<\/div>\n\t\t\t\t<\/div>\n\t\t<div class=\"elementor-element elementor-element-8c35e39 e-con-full e-flex e-con e-child\" data-id=\"8c35e39\" data-element_type=\"container\" data-settings=\"{&quot;background_background&quot;:&quot;classic&quot;,&quot;jet_parallax_layout_list&quot;:[]}\">\n\t\t\t\t<\/div>\n\t\t\t\t<\/div>\n\t\t\t\t<\/div>\n\t\t<\/div><div class=\"jet-listing-grid__item jet-listing-dynamic-post-10555\" data-post-id=\"10555\" >\t\t<div data-elementor-type=\"jet-listing-items\" data-elementor-id=\"1038\" class=\"elementor elementor-1038\" data-elementor-post-type=\"jet-engine\">\n\t\t\t\t<div class=\"elementor-element elementor-element-afad250 e-con-full e-flex e-con e-parent\" data-id=\"afad250\" data-element_type=\"container\" data-settings=\"{&quot;jet_parallax_layout_list&quot;:[]}\">\n\t\t\t\t<div class=\"elementor-element elementor-element-2df3d38 elementor-widget elementor-widget-jet-listing-dynamic-image\" data-id=\"2df3d38\" data-element_type=\"widget\" data-widget_type=\"jet-listing-dynamic-image.default\">\n\t\t\t\t<div class=\"elementor-widget-container\">\n\t\t\t<div class=\"jet-listing jet-listing-dynamic-image\"><a href=\"https:\/\/lisbonpubliclaw.pt\/en\/blog\/regulamento-ue-sobre-publicidade-politica\/\" class=\"jet-listing-dynamic-image__link\"><img decoding=\"async\" width=\"344\" height=\"344\" src=\"https:\/\/lisbonpubliclaw.pt\/wp-content\/uploads\/2023\/12\/Lisbon-Digital-Rights-1-e1734432261324.jpg\" class=\"jet-listing-dynamic-image__img attachment-full size-full\" alt=\"Lisbon-Digital-Rights\" srcset=\"https:\/\/lisbonpubliclaw.pt\/wp-content\/uploads\/2023\/12\/Lisbon-Digital-Rights-1-e1734432261324.jpg 344w, https:\/\/lisbonpubliclaw.pt\/wp-content\/uploads\/2023\/12\/Lisbon-Digital-Rights-1-e1734432261324-300x300.jpg 300w, https:\/\/lisbonpubliclaw.pt\/wp-content\/uploads\/2023\/12\/Lisbon-Digital-Rights-1-e1734432261324-150x150.jpg 150w, https:\/\/lisbonpubliclaw.pt\/wp-content\/uploads\/2023\/12\/Lisbon-Digital-Rights-1-e1734432261324-12x12.jpg 12w, https:\/\/lisbonpubliclaw.pt\/wp-content\/uploads\/2023\/12\/Lisbon-Digital-Rights-1-e1734432261324-230x230.jpg 230w\" sizes=\"(max-width: 344px) 100vw, 344px\" loading=\"eager\" \/><\/a><\/div>\t\t<\/div>\n\t\t\t\t<\/div>\n\t\t<div class=\"elementor-element elementor-element-85ef28d e-con-full e-flex e-con e-child\" data-id=\"85ef28d\" data-element_type=\"container\" data-settings=\"{&quot;background_background&quot;:&quot;classic&quot;,&quot;jet_parallax_layout_list&quot;:[]}\">\n\t\t\t\t<\/div>\n\t\t\t\t<\/div>\n\t\t<div class=\"elementor-element elementor-element-c9b539d e-con-full e-flex e-con e-parent\" data-id=\"c9b539d\" data-element_type=\"container\" data-settings=\"{&quot;jet_parallax_layout_list&quot;:[],&quot;background_background&quot;:&quot;classic&quot;}\">\n\t\t\t\t<div class=\"elementor-element elementor-element-cd4a908 elementor-widget elementor-widget-jet-listing-dynamic-field\" data-id=\"cd4a908\" data-element_type=\"widget\" data-widget_type=\"jet-listing-dynamic-field.default\">\n\t\t\t\t<div class=\"elementor-widget-container\">\n\t\t\t<div class=\"jet-listing jet-listing-dynamic-field display-inline\"><div class=\"jet-listing-dynamic-field__inline-wrap\"><p class=\"jet-listing-dynamic-field__content\">12 June 2025<\/p><\/div><\/div>\t\t<\/div>\n\t\t\t\t<\/div>\n\t\t\t\t<div class=\"elementor-element elementor-element-fb701b4 elementor-widget elementor-widget-heading\" data-id=\"fb701b4\" data-element_type=\"widget\" data-widget_type=\"heading.default\">\n\t\t\t\t<div class=\"elementor-widget-container\">\n\t\t\t<h5 class=\"elementor-heading-title elementor-size-default\">Como \u00e9 que o novo Regulamento da UE sobre publicidade pol\u00edtica ir\u00e1 moldar as regras nacionais e afetar o direito portugu\u00eas<\/h5>\t\t<\/div>\n\t\t\t\t<\/div>\n\t\t\t\t<div class=\"elementor-element elementor-element-b25cd35 elementor-widget elementor-widget-jet-button\" data-id=\"b25cd35\" data-element_type=\"widget\" data-widget_type=\"jet-button.default\">\n\t\t\t\t<div class=\"elementor-widget-container\">\n\t\t\t<div class=\"elementor-jet-button jet-elements\"><div class=\"jet-button__container\">\n\t<a class=\"jet-button__instance jet-button__instance--icon-left hover-effect-0\" href=\"https:\/\/lisbonpubliclaw.pt\/en\/blog\/regulamento-ue-sobre-publicidade-politica\/\">\n\t\t<div class=\"jet-button__plane jet-button__plane-normal\"><\/div>\n\t\t<div class=\"jet-button__plane jet-button__plane-hover\"><\/div>\n\t\t<div class=\"jet-button__state jet-button__state-normal\">\n\t\t\t<span class=\"jet-button__label\">Saber Mais<\/span>\t\t<\/div>\n\t\t<div class=\"jet-button__state jet-button__state-hover\">\n\t\t\t<span class=\"jet-button__label\">Saber Mais<\/span>\t\t<\/div>\n\t<\/a>\n<\/div>\n<\/div>\t\t<\/div>\n\t\t\t\t<\/div>\n\t\t<div class=\"elementor-element elementor-element-8c35e39 e-con-full e-flex e-con e-child\" data-id=\"8c35e39\" data-element_type=\"container\" data-settings=\"{&quot;background_background&quot;:&quot;classic&quot;,&quot;jet_parallax_layout_list&quot;:[]}\">\n\t\t\t\t<\/div>\n\t\t\t\t<\/div>\n\t\t\t\t<\/div>\n\t\t<\/div><div class=\"jet-listing-grid__item jet-listing-dynamic-post-10491\" data-post-id=\"10491\" >\t\t<div data-elementor-type=\"jet-listing-items\" data-elementor-id=\"1038\" class=\"elementor elementor-1038\" data-elementor-post-type=\"jet-engine\">\n\t\t\t\t<div class=\"elementor-element elementor-element-afad250 e-con-full e-flex e-con e-parent\" data-id=\"afad250\" data-element_type=\"container\" data-settings=\"{&quot;jet_parallax_layout_list&quot;:[]}\">\n\t\t\t\t<div class=\"elementor-element elementor-element-2df3d38 elementor-widget elementor-widget-jet-listing-dynamic-image\" data-id=\"2df3d38\" data-element_type=\"widget\" data-widget_type=\"jet-listing-dynamic-image.default\">\n\t\t\t\t<div class=\"elementor-widget-container\">\n\t\t\t<div class=\"jet-listing jet-listing-dynamic-image\"><a href=\"https:\/\/lisbonpubliclaw.pt\/en\/blog\/a-ilusao-da-supervisao-humana-limites-do-regulamento-europeu-da-ia-no-contexto-dos-veiculos-autonomos\/\" class=\"jet-listing-dynamic-image__link\"><img decoding=\"async\" width=\"955\" height=\"954\" src=\"https:\/\/lisbonpubliclaw.pt\/wp-content\/uploads\/2025\/05\/ML-Self-driving-e1748354402881.jpeg\" class=\"jet-listing-dynamic-image__img attachment-full size-full\" alt=\"ML Self-driving\" srcset=\"https:\/\/lisbonpubliclaw.pt\/wp-content\/uploads\/2025\/05\/ML-Self-driving-e1748354402881.jpeg 955w, https:\/\/lisbonpubliclaw.pt\/wp-content\/uploads\/2025\/05\/ML-Self-driving-e1748354402881-300x300.jpeg 300w, https:\/\/lisbonpubliclaw.pt\/wp-content\/uploads\/2025\/05\/ML-Self-driving-e1748354402881-150x150.jpeg 150w, https:\/\/lisbonpubliclaw.pt\/wp-content\/uploads\/2025\/05\/ML-Self-driving-e1748354402881-768x767.jpeg 768w, https:\/\/lisbonpubliclaw.pt\/wp-content\/uploads\/2025\/05\/ML-Self-driving-e1748354402881-12x12.jpeg 12w, https:\/\/lisbonpubliclaw.pt\/wp-content\/uploads\/2025\/05\/ML-Self-driving-e1748354402881-230x230.jpeg 230w, https:\/\/lisbonpubliclaw.pt\/wp-content\/uploads\/2025\/05\/ML-Self-driving-e1748354402881-400x400.jpeg 400w, https:\/\/lisbonpubliclaw.pt\/wp-content\/uploads\/2025\/05\/ML-Self-driving-e1748354402881-600x599.jpeg 600w, https:\/\/lisbonpubliclaw.pt\/wp-content\/uploads\/2025\/05\/ML-Self-driving-e1748354402881-640x640.jpeg 640w\" sizes=\"(max-width: 955px) 100vw, 955px\" loading=\"eager\" \/><\/a><\/div>\t\t<\/div>\n\t\t\t\t<\/div>\n\t\t<div class=\"elementor-element elementor-element-85ef28d e-con-full e-flex e-con e-child\" data-id=\"85ef28d\" data-element_type=\"container\" data-settings=\"{&quot;background_background&quot;:&quot;classic&quot;,&quot;jet_parallax_layout_list&quot;:[]}\">\n\t\t\t\t<\/div>\n\t\t\t\t<\/div>\n\t\t<div class=\"elementor-element elementor-element-c9b539d e-con-full e-flex e-con e-parent\" data-id=\"c9b539d\" data-element_type=\"container\" data-settings=\"{&quot;jet_parallax_layout_list&quot;:[],&quot;background_background&quot;:&quot;classic&quot;}\">\n\t\t\t\t<div class=\"elementor-element elementor-element-cd4a908 elementor-widget elementor-widget-jet-listing-dynamic-field\" data-id=\"cd4a908\" data-element_type=\"widget\" data-widget_type=\"jet-listing-dynamic-field.default\">\n\t\t\t\t<div class=\"elementor-widget-container\">\n\t\t\t<div class=\"jet-listing jet-listing-dynamic-field display-inline\"><div class=\"jet-listing-dynamic-field__inline-wrap\"><p class=\"jet-listing-dynamic-field__content\">27 May 2025<\/p><\/div><\/div>\t\t<\/div>\n\t\t\t\t<\/div>\n\t\t\t\t<div class=\"elementor-element elementor-element-fb701b4 elementor-widget elementor-widget-heading\" data-id=\"fb701b4\" data-element_type=\"widget\" data-widget_type=\"heading.default\">\n\t\t\t\t<div class=\"elementor-widget-container\">\n\t\t\t<h5 class=\"elementor-heading-title elementor-size-default\">A ilus\u00e3o da Supervis\u00e3o Humana: limites do Regulamento Europeu da IA no contexto dos Ve\u00edculos Aut\u00f3nomos<\/h5>\t\t<\/div>\n\t\t\t\t<\/div>\n\t\t\t\t<div class=\"elementor-element elementor-element-b25cd35 elementor-widget elementor-widget-jet-button\" data-id=\"b25cd35\" data-element_type=\"widget\" data-widget_type=\"jet-button.default\">\n\t\t\t\t<div class=\"elementor-widget-container\">\n\t\t\t<div class=\"elementor-jet-button jet-elements\"><div class=\"jet-button__container\">\n\t<a class=\"jet-button__instance jet-button__instance--icon-left hover-effect-0\" href=\"https:\/\/lisbonpubliclaw.pt\/en\/blog\/a-ilusao-da-supervisao-humana-limites-do-regulamento-europeu-da-ia-no-contexto-dos-veiculos-autonomos\/\">\n\t\t<div class=\"jet-button__plane jet-button__plane-normal\"><\/div>\n\t\t<div class=\"jet-button__plane jet-button__plane-hover\"><\/div>\n\t\t<div class=\"jet-button__state jet-button__state-normal\">\n\t\t\t<span class=\"jet-button__label\">Saber Mais<\/span>\t\t<\/div>\n\t\t<div class=\"jet-button__state jet-button__state-hover\">\n\t\t\t<span class=\"jet-button__label\">Saber Mais<\/span>\t\t<\/div>\n\t<\/a>\n<\/div>\n<\/div>\t\t<\/div>\n\t\t\t\t<\/div>\n\t\t<div class=\"elementor-element elementor-element-8c35e39 e-con-full e-flex e-con e-child\" data-id=\"8c35e39\" data-element_type=\"container\" data-settings=\"{&quot;background_background&quot;:&quot;classic&quot;,&quot;jet_parallax_layout_list&quot;:[]}\">\n\t\t\t\t<\/div>\n\t\t\t\t<\/div>\n\t\t\t\t<\/div>\n\t\t<\/div><div class=\"jet-listing-grid__item jet-listing-dynamic-post-10337\" data-post-id=\"10337\" >\t\t<div data-elementor-type=\"jet-listing-items\" data-elementor-id=\"1038\" class=\"elementor elementor-1038\" data-elementor-post-type=\"jet-engine\">\n\t\t\t\t<div class=\"elementor-element elementor-element-afad250 e-con-full e-flex e-con e-parent\" data-id=\"afad250\" data-element_type=\"container\" data-settings=\"{&quot;jet_parallax_layout_list&quot;:[]}\">\n\t\t\t\t<div class=\"elementor-element elementor-element-2df3d38 elementor-widget elementor-widget-jet-listing-dynamic-image\" data-id=\"2df3d38\" data-element_type=\"widget\" data-widget_type=\"jet-listing-dynamic-image.default\">\n\t\t\t\t<div class=\"elementor-widget-container\">\n\t\t\t<div class=\"jet-listing jet-listing-dynamic-image\"><a href=\"https:\/\/lisbonpubliclaw.pt\/en\/blog\/conjuntos-de-dados-inteligencia-artificial-e-o-metodo-de-ponderacao-de-mendonca-moreso\/\" class=\"jet-listing-dynamic-image__link\"><img decoding=\"async\" width=\"566\" height=\"566\" src=\"https:\/\/lisbonpubliclaw.pt\/wp-content\/uploads\/2025\/05\/domingos.png\" class=\"jet-listing-dynamic-image__img attachment-full size-full\" alt=\"domingos\" srcset=\"https:\/\/lisbonpubliclaw.pt\/wp-content\/uploads\/2025\/05\/domingos.png 566w, https:\/\/lisbonpubliclaw.pt\/wp-content\/uploads\/2025\/05\/domingos-300x300.png 300w, https:\/\/lisbonpubliclaw.pt\/wp-content\/uploads\/2025\/05\/domingos-150x150.png 150w, https:\/\/lisbonpubliclaw.pt\/wp-content\/uploads\/2025\/05\/domingos-12x12.png 12w, https:\/\/lisbonpubliclaw.pt\/wp-content\/uploads\/2025\/05\/domingos-230x230.png 230w, https:\/\/lisbonpubliclaw.pt\/wp-content\/uploads\/2025\/05\/domingos-400x400.png 400w\" sizes=\"(max-width: 566px) 100vw, 566px\" loading=\"eager\" \/><\/a><\/div>\t\t<\/div>\n\t\t\t\t<\/div>\n\t\t<div class=\"elementor-element elementor-element-85ef28d e-con-full e-flex e-con e-child\" data-id=\"85ef28d\" data-element_type=\"container\" data-settings=\"{&quot;background_background&quot;:&quot;classic&quot;,&quot;jet_parallax_layout_list&quot;:[]}\">\n\t\t\t\t<\/div>\n\t\t\t\t<\/div>\n\t\t<div class=\"elementor-element elementor-element-c9b539d e-con-full e-flex e-con e-parent\" data-id=\"c9b539d\" data-element_type=\"container\" data-settings=\"{&quot;jet_parallax_layout_list&quot;:[],&quot;background_background&quot;:&quot;classic&quot;}\">\n\t\t\t\t<div class=\"elementor-element elementor-element-cd4a908 elementor-widget elementor-widget-jet-listing-dynamic-field\" data-id=\"cd4a908\" data-element_type=\"widget\" data-widget_type=\"jet-listing-dynamic-field.default\">\n\t\t\t\t<div class=\"elementor-widget-container\">\n\t\t\t<div class=\"jet-listing jet-listing-dynamic-field display-inline\"><div class=\"jet-listing-dynamic-field__inline-wrap\"><p class=\"jet-listing-dynamic-field__content\">21 May 2025<\/p><\/div><\/div>\t\t<\/div>\n\t\t\t\t<\/div>\n\t\t\t\t<div class=\"elementor-element elementor-element-fb701b4 elementor-widget elementor-widget-heading\" data-id=\"fb701b4\" data-element_type=\"widget\" data-widget_type=\"heading.default\">\n\t\t\t\t<div class=\"elementor-widget-container\">\n\t\t\t<h5 class=\"elementor-heading-title elementor-size-default\">Conjuntos de Dados, Intelig\u00eancia Artificial e o M\u00e9todo de Pondera\u00e7\u00e3o de Mendonca-Moreso<\/h5>\t\t<\/div>\n\t\t\t\t<\/div>\n\t\t\t\t<div class=\"elementor-element elementor-element-b25cd35 elementor-widget elementor-widget-jet-button\" data-id=\"b25cd35\" data-element_type=\"widget\" data-widget_type=\"jet-button.default\">\n\t\t\t\t<div class=\"elementor-widget-container\">\n\t\t\t<div class=\"elementor-jet-button jet-elements\"><div class=\"jet-button__container\">\n\t<a class=\"jet-button__instance jet-button__instance--icon-left hover-effect-0\" href=\"https:\/\/lisbonpubliclaw.pt\/en\/blog\/conjuntos-de-dados-inteligencia-artificial-e-o-metodo-de-ponderacao-de-mendonca-moreso\/\">\n\t\t<div class=\"jet-button__plane jet-button__plane-normal\"><\/div>\n\t\t<div class=\"jet-button__plane jet-button__plane-hover\"><\/div>\n\t\t<div class=\"jet-button__state jet-button__state-normal\">\n\t\t\t<span class=\"jet-button__label\">Saber Mais<\/span>\t\t<\/div>\n\t\t<div class=\"jet-button__state jet-button__state-hover\">\n\t\t\t<span class=\"jet-button__label\">Saber Mais<\/span>\t\t<\/div>\n\t<\/a>\n<\/div>\n<\/div>\t\t<\/div>\n\t\t\t\t<\/div>\n\t\t<div class=\"elementor-element elementor-element-8c35e39 e-con-full e-flex e-con e-child\" data-id=\"8c35e39\" data-element_type=\"container\" data-settings=\"{&quot;background_background&quot;:&quot;classic&quot;,&quot;jet_parallax_layout_list&quot;:[]}\">\n\t\t\t\t<\/div>\n\t\t\t\t<\/div>\n\t\t\t\t<\/div>\n\t\t<\/div><div class=\"jet-listing-grid__item jet-listing-dynamic-post-10084\" data-post-id=\"10084\" >\t\t<div data-elementor-type=\"jet-listing-items\" data-elementor-id=\"1038\" class=\"elementor elementor-1038\" data-elementor-post-type=\"jet-engine\">\n\t\t\t\t<div class=\"elementor-element elementor-element-afad250 e-con-full e-flex e-con e-parent\" data-id=\"afad250\" data-element_type=\"container\" data-settings=\"{&quot;jet_parallax_layout_list&quot;:[]}\">\n\t\t\t\t<div class=\"elementor-element elementor-element-2df3d38 elementor-widget elementor-widget-jet-listing-dynamic-image\" data-id=\"2df3d38\" data-element_type=\"widget\" data-widget_type=\"jet-listing-dynamic-image.default\">\n\t\t\t\t<div class=\"elementor-widget-container\">\n\t\t\t<div class=\"jet-listing jet-listing-dynamic-image\"><a href=\"https:\/\/lisbonpubliclaw.pt\/en\/blog\/o-direito-a-explicacao-no-rgpd-o-fim-da-querela-doutrinal\/\" class=\"jet-listing-dynamic-image__link\"><img decoding=\"async\" width=\"400\" height=\"400\" src=\"https:\/\/lisbonpubliclaw.pt\/wp-content\/uploads\/2025\/04\/DC-Lisbon-Public-Law-Blog-fotografia2.jpg\" class=\"jet-listing-dynamic-image__img attachment-full size-full\" alt=\"DC Lisbon Public Law Blog - fotografia2\" srcset=\"https:\/\/lisbonpubliclaw.pt\/wp-content\/uploads\/2025\/04\/DC-Lisbon-Public-Law-Blog-fotografia2.jpg 400w, https:\/\/lisbonpubliclaw.pt\/wp-content\/uploads\/2025\/04\/DC-Lisbon-Public-Law-Blog-fotografia2-300x300.jpg 300w, https:\/\/lisbonpubliclaw.pt\/wp-content\/uploads\/2025\/04\/DC-Lisbon-Public-Law-Blog-fotografia2-150x150.jpg 150w, https:\/\/lisbonpubliclaw.pt\/wp-content\/uploads\/2025\/04\/DC-Lisbon-Public-Law-Blog-fotografia2-12x12.jpg 12w, https:\/\/lisbonpubliclaw.pt\/wp-content\/uploads\/2025\/04\/DC-Lisbon-Public-Law-Blog-fotografia2-230x230.jpg 230w\" sizes=\"(max-width: 400px) 100vw, 400px\" loading=\"eager\" \/><\/a><\/div>\t\t<\/div>\n\t\t\t\t<\/div>\n\t\t<div class=\"elementor-element elementor-element-85ef28d e-con-full e-flex e-con e-child\" data-id=\"85ef28d\" data-element_type=\"container\" data-settings=\"{&quot;background_background&quot;:&quot;classic&quot;,&quot;jet_parallax_layout_list&quot;:[]}\">\n\t\t\t\t<\/div>\n\t\t\t\t<\/div>\n\t\t<div class=\"elementor-element elementor-element-c9b539d e-con-full e-flex e-con e-parent\" data-id=\"c9b539d\" data-element_type=\"container\" data-settings=\"{&quot;jet_parallax_layout_list&quot;:[],&quot;background_background&quot;:&quot;classic&quot;}\">\n\t\t\t\t<div class=\"elementor-element elementor-element-cd4a908 elementor-widget elementor-widget-jet-listing-dynamic-field\" data-id=\"cd4a908\" data-element_type=\"widget\" data-widget_type=\"jet-listing-dynamic-field.default\">\n\t\t\t\t<div class=\"elementor-widget-container\">\n\t\t\t<div class=\"jet-listing jet-listing-dynamic-field display-inline\"><div class=\"jet-listing-dynamic-field__inline-wrap\"><p class=\"jet-listing-dynamic-field__content\">29 April 2025<\/p><\/div><\/div>\t\t<\/div>\n\t\t\t\t<\/div>\n\t\t\t\t<div class=\"elementor-element elementor-element-fb701b4 elementor-widget elementor-widget-heading\" data-id=\"fb701b4\" data-element_type=\"widget\" data-widget_type=\"heading.default\">\n\t\t\t\t<div class=\"elementor-widget-container\">\n\t\t\t<h5 class=\"elementor-heading-title elementor-size-default\">O Direito \u00e0 explica\u00e7\u00e3o no RGPD: o fim da querela doutrinal?<\/h5>\t\t<\/div>\n\t\t\t\t<\/div>\n\t\t\t\t<div class=\"elementor-element elementor-element-b25cd35 elementor-widget elementor-widget-jet-button\" data-id=\"b25cd35\" data-element_type=\"widget\" data-widget_type=\"jet-button.default\">\n\t\t\t\t<div class=\"elementor-widget-container\">\n\t\t\t<div class=\"elementor-jet-button jet-elements\"><div class=\"jet-button__container\">\n\t<a class=\"jet-button__instance jet-button__instance--icon-left hover-effect-0\" href=\"https:\/\/lisbonpubliclaw.pt\/en\/blog\/o-direito-a-explicacao-no-rgpd-o-fim-da-querela-doutrinal\/\">\n\t\t<div class=\"jet-button__plane jet-button__plane-normal\"><\/div>\n\t\t<div class=\"jet-button__plane jet-button__plane-hover\"><\/div>\n\t\t<div class=\"jet-button__state jet-button__state-normal\">\n\t\t\t<span class=\"jet-button__label\">Saber Mais<\/span>\t\t<\/div>\n\t\t<div class=\"jet-button__state jet-button__state-hover\">\n\t\t\t<span class=\"jet-button__label\">Saber Mais<\/span>\t\t<\/div>\n\t<\/a>\n<\/div>\n<\/div>\t\t<\/div>\n\t\t\t\t<\/div>\n\t\t<div class=\"elementor-element elementor-element-8c35e39 e-con-full e-flex e-con e-child\" data-id=\"8c35e39\" data-element_type=\"container\" data-settings=\"{&quot;background_background&quot;:&quot;classic&quot;,&quot;jet_parallax_layout_list&quot;:[]}\">\n\t\t\t\t<\/div>\n\t\t\t\t<\/div>\n\t\t\t\t<\/div>\n\t\t<\/div><div class=\"jet-listing-grid__item jet-listing-dynamic-post-10060\" data-post-id=\"10060\" >\t\t<div data-elementor-type=\"jet-listing-items\" data-elementor-id=\"1038\" class=\"elementor elementor-1038\" data-elementor-post-type=\"jet-engine\">\n\t\t\t\t<div class=\"elementor-element elementor-element-afad250 e-con-full e-flex e-con e-parent\" data-id=\"afad250\" data-element_type=\"container\" data-settings=\"{&quot;jet_parallax_layout_list&quot;:[]}\">\n\t\t\t\t<div class=\"elementor-element elementor-element-2df3d38 elementor-widget elementor-widget-jet-listing-dynamic-image\" data-id=\"2df3d38\" data-element_type=\"widget\" data-widget_type=\"jet-listing-dynamic-image.default\">\n\t\t\t\t<div class=\"elementor-widget-container\">\n\t\t\t<div class=\"jet-listing jet-listing-dynamic-image\"><a href=\"https:\/\/lisbonpubliclaw.pt\/en\/blog\/a-criminalizacao-de-deepfakes-sexuais-um-novo-desafio-para-o-direito-penal-digital\/\" class=\"jet-listing-dynamic-image__link\"><img decoding=\"async\" width=\"600\" height=\"600\" src=\"https:\/\/lisbonpubliclaw.pt\/wp-content\/uploads\/2025\/04\/PSA-deepfakes.png\" class=\"jet-listing-dynamic-image__img attachment-full size-full\" alt=\"PSA deepfakes\" srcset=\"https:\/\/lisbonpubliclaw.pt\/wp-content\/uploads\/2025\/04\/PSA-deepfakes.png 600w, https:\/\/lisbonpubliclaw.pt\/wp-content\/uploads\/2025\/04\/PSA-deepfakes-300x300.png 300w, https:\/\/lisbonpubliclaw.pt\/wp-content\/uploads\/2025\/04\/PSA-deepfakes-150x150.png 150w, https:\/\/lisbonpubliclaw.pt\/wp-content\/uploads\/2025\/04\/PSA-deepfakes-12x12.png 12w, https:\/\/lisbonpubliclaw.pt\/wp-content\/uploads\/2025\/04\/PSA-deepfakes-230x230.png 230w, https:\/\/lisbonpubliclaw.pt\/wp-content\/uploads\/2025\/04\/PSA-deepfakes-400x400.png 400w\" sizes=\"(max-width: 600px) 100vw, 600px\" loading=\"eager\" \/><\/a><\/div>\t\t<\/div>\n\t\t\t\t<\/div>\n\t\t<div class=\"elementor-element elementor-element-85ef28d e-con-full e-flex e-con e-child\" data-id=\"85ef28d\" data-element_type=\"container\" data-settings=\"{&quot;background_background&quot;:&quot;classic&quot;,&quot;jet_parallax_layout_list&quot;:[]}\">\n\t\t\t\t<\/div>\n\t\t\t\t<\/div>\n\t\t<div class=\"elementor-element elementor-element-c9b539d e-con-full e-flex e-con e-parent\" data-id=\"c9b539d\" data-element_type=\"container\" data-settings=\"{&quot;jet_parallax_layout_list&quot;:[],&quot;background_background&quot;:&quot;classic&quot;}\">\n\t\t\t\t<div class=\"elementor-element elementor-element-cd4a908 elementor-widget elementor-widget-jet-listing-dynamic-field\" data-id=\"cd4a908\" data-element_type=\"widget\" data-widget_type=\"jet-listing-dynamic-field.default\">\n\t\t\t\t<div class=\"elementor-widget-container\">\n\t\t\t<div class=\"jet-listing jet-listing-dynamic-field display-inline\"><div class=\"jet-listing-dynamic-field__inline-wrap\"><p class=\"jet-listing-dynamic-field__content\">15 April 2025<\/p><\/div><\/div>\t\t<\/div>\n\t\t\t\t<\/div>\n\t\t\t\t<div class=\"elementor-element elementor-element-fb701b4 elementor-widget elementor-widget-heading\" data-id=\"fb701b4\" data-element_type=\"widget\" data-widget_type=\"heading.default\">\n\t\t\t\t<div class=\"elementor-widget-container\">\n\t\t\t<h5 class=\"elementor-heading-title elementor-size-default\">A criminaliza\u00e7\u00e3o de deepfakes sexuais: um novo desafio para o direito penal digital<\/h5>\t\t<\/div>\n\t\t\t\t<\/div>\n\t\t\t\t<div class=\"elementor-element elementor-element-b25cd35 elementor-widget elementor-widget-jet-button\" data-id=\"b25cd35\" data-element_type=\"widget\" data-widget_type=\"jet-button.default\">\n\t\t\t\t<div class=\"elementor-widget-container\">\n\t\t\t<div class=\"elementor-jet-button jet-elements\"><div class=\"jet-button__container\">\n\t<a class=\"jet-button__instance jet-button__instance--icon-left hover-effect-0\" href=\"https:\/\/lisbonpubliclaw.pt\/en\/blog\/a-criminalizacao-de-deepfakes-sexuais-um-novo-desafio-para-o-direito-penal-digital\/\">\n\t\t<div class=\"jet-button__plane jet-button__plane-normal\"><\/div>\n\t\t<div class=\"jet-button__plane jet-button__plane-hover\"><\/div>\n\t\t<div class=\"jet-button__state jet-button__state-normal\">\n\t\t\t<span class=\"jet-button__label\">Saber Mais<\/span>\t\t<\/div>\n\t\t<div class=\"jet-button__state jet-button__state-hover\">\n\t\t\t<span class=\"jet-button__label\">Saber Mais<\/span>\t\t<\/div>\n\t<\/a>\n<\/div>\n<\/div>\t\t<\/div>\n\t\t\t\t<\/div>\n\t\t<div class=\"elementor-element elementor-element-8c35e39 e-con-full e-flex e-con e-child\" data-id=\"8c35e39\" data-element_type=\"container\" data-settings=\"{&quot;background_background&quot;:&quot;classic&quot;,&quot;jet_parallax_layout_list&quot;:[]}\">\n\t\t\t\t<\/div>\n\t\t\t\t<\/div>\n\t\t\t\t<\/div>\n\t\t<\/div><div class=\"jet-listing-grid__item jet-listing-dynamic-post-8739\" data-post-id=\"8739\" >\t\t<div data-elementor-type=\"jet-listing-items\" data-elementor-id=\"1038\" class=\"elementor elementor-1038\" data-elementor-post-type=\"jet-engine\">\n\t\t\t\t<div class=\"elementor-element elementor-element-afad250 e-con-full e-flex e-con e-parent\" data-id=\"afad250\" data-element_type=\"container\" data-settings=\"{&quot;jet_parallax_layout_list&quot;:[]}\">\n\t\t\t\t<div class=\"elementor-element elementor-element-2df3d38 elementor-widget elementor-widget-jet-listing-dynamic-image\" data-id=\"2df3d38\" data-element_type=\"widget\" data-widget_type=\"jet-listing-dynamic-image.default\">\n\t\t\t\t<div class=\"elementor-widget-container\">\n\t\t\t<div class=\"jet-listing jet-listing-dynamic-image\"><a href=\"https:\/\/lisbonpubliclaw.pt\/en\/blog\/a-decisao-da-meta-de-acabar-com-a-verificacao-de-factos-ameaca-a-democracia-e-os-direitos-fundamentais\/\" class=\"jet-listing-dynamic-image__link\"><img decoding=\"async\" width=\"2027\" height=\"2027\" src=\"https:\/\/lisbonpubliclaw.pt\/wp-content\/uploads\/2025\/03\/vlada-scaled-e1742214754125.jpg\" class=\"jet-listing-dynamic-image__img attachment-full size-full\" alt=\"vlada\" srcset=\"https:\/\/lisbonpubliclaw.pt\/wp-content\/uploads\/2025\/03\/vlada-scaled-e1742214754125.jpg 2027w, https:\/\/lisbonpubliclaw.pt\/wp-content\/uploads\/2025\/03\/vlada-scaled-e1742214754125-300x300.jpg 300w, https:\/\/lisbonpubliclaw.pt\/wp-content\/uploads\/2025\/03\/vlada-scaled-e1742214754125-1024x1024.jpg 1024w, https:\/\/lisbonpubliclaw.pt\/wp-content\/uploads\/2025\/03\/vlada-scaled-e1742214754125-150x150.jpg 150w, https:\/\/lisbonpubliclaw.pt\/wp-content\/uploads\/2025\/03\/vlada-scaled-e1742214754125-768x768.jpg 768w, https:\/\/lisbonpubliclaw.pt\/wp-content\/uploads\/2025\/03\/vlada-scaled-e1742214754125-1536x1536.jpg 1536w, https:\/\/lisbonpubliclaw.pt\/wp-content\/uploads\/2025\/03\/vlada-scaled-e1742214754125-12x12.jpg 12w, https:\/\/lisbonpubliclaw.pt\/wp-content\/uploads\/2025\/03\/vlada-scaled-e1742214754125-230x230.jpg 230w, https:\/\/lisbonpubliclaw.pt\/wp-content\/uploads\/2025\/03\/vlada-scaled-e1742214754125-400x400.jpg 400w, https:\/\/lisbonpubliclaw.pt\/wp-content\/uploads\/2025\/03\/vlada-scaled-e1742214754125-600x600.jpg 600w, https:\/\/lisbonpubliclaw.pt\/wp-content\/uploads\/2025\/03\/vlada-scaled-e1742214754125-640x640.jpg 640w\" sizes=\"(max-width: 2027px) 100vw, 2027px\" loading=\"eager\" \/><\/a><\/div>\t\t<\/div>\n\t\t\t\t<\/div>\n\t\t<div class=\"elementor-element elementor-element-85ef28d e-con-full e-flex e-con e-child\" data-id=\"85ef28d\" data-element_type=\"container\" data-settings=\"{&quot;background_background&quot;:&quot;classic&quot;,&quot;jet_parallax_layout_list&quot;:[]}\">\n\t\t\t\t<\/div>\n\t\t\t\t<\/div>\n\t\t<div class=\"elementor-element elementor-element-c9b539d e-con-full e-flex e-con e-parent\" data-id=\"c9b539d\" data-element_type=\"container\" data-settings=\"{&quot;jet_parallax_layout_list&quot;:[],&quot;background_background&quot;:&quot;classic&quot;}\">\n\t\t\t\t<div class=\"elementor-element elementor-element-cd4a908 elementor-widget elementor-widget-jet-listing-dynamic-field\" data-id=\"cd4a908\" data-element_type=\"widget\" data-widget_type=\"jet-listing-dynamic-field.default\">\n\t\t\t\t<div class=\"elementor-widget-container\">\n\t\t\t<div class=\"jet-listing jet-listing-dynamic-field display-inline\"><div class=\"jet-listing-dynamic-field__inline-wrap\"><p class=\"jet-listing-dynamic-field__content\">17 March 2025<\/p><\/div><\/div>\t\t<\/div>\n\t\t\t\t<\/div>\n\t\t\t\t<div class=\"elementor-element elementor-element-fb701b4 elementor-widget elementor-widget-heading\" data-id=\"fb701b4\" data-element_type=\"widget\" data-widget_type=\"heading.default\">\n\t\t\t\t<div class=\"elementor-widget-container\">\n\t\t\t<h5 class=\"elementor-heading-title elementor-size-default\">A decis\u00e3o da Meta de acabar com a verifica\u00e7\u00e3o de factos amea\u00e7a a democracia e os direitos fundamentais<\/h5>\t\t<\/div>\n\t\t\t\t<\/div>\n\t\t\t\t<div class=\"elementor-element elementor-element-b25cd35 elementor-widget elementor-widget-jet-button\" data-id=\"b25cd35\" data-element_type=\"widget\" data-widget_type=\"jet-button.default\">\n\t\t\t\t<div class=\"elementor-widget-container\">\n\t\t\t<div class=\"elementor-jet-button jet-elements\"><div class=\"jet-button__container\">\n\t<a class=\"jet-button__instance jet-button__instance--icon-left hover-effect-0\" href=\"https:\/\/lisbonpubliclaw.pt\/en\/blog\/a-decisao-da-meta-de-acabar-com-a-verificacao-de-factos-ameaca-a-democracia-e-os-direitos-fundamentais\/\">\n\t\t<div class=\"jet-button__plane jet-button__plane-normal\"><\/div>\n\t\t<div class=\"jet-button__plane jet-button__plane-hover\"><\/div>\n\t\t<div class=\"jet-button__state jet-button__state-normal\">\n\t\t\t<span class=\"jet-button__label\">Saber Mais<\/span>\t\t<\/div>\n\t\t<div class=\"jet-button__state jet-button__state-hover\">\n\t\t\t<span class=\"jet-button__label\">Saber Mais<\/span>\t\t<\/div>\n\t<\/a>\n<\/div>\n<\/div>\t\t<\/div>\n\t\t\t\t<\/div>\n\t\t<div class=\"elementor-element elementor-element-8c35e39 e-con-full e-flex e-con e-child\" data-id=\"8c35e39\" data-element_type=\"container\" data-settings=\"{&quot;background_background&quot;:&quot;classic&quot;,&quot;jet_parallax_layout_list&quot;:[]}\">\n\t\t\t\t<\/div>\n\t\t\t\t<\/div>\n\t\t\t\t<\/div>\n\t\t<\/div><div class=\"jet-listing-grid__item jet-listing-dynamic-post-8557\" data-post-id=\"8557\" >\t\t<div data-elementor-type=\"jet-listing-items\" data-elementor-id=\"1038\" class=\"elementor elementor-1038\" data-elementor-post-type=\"jet-engine\">\n\t\t\t\t<div class=\"elementor-element elementor-element-afad250 e-con-full e-flex e-con e-parent\" data-id=\"afad250\" data-element_type=\"container\" data-settings=\"{&quot;jet_parallax_layout_list&quot;:[]}\">\n\t\t\t\t<div class=\"elementor-element elementor-element-2df3d38 elementor-widget elementor-widget-jet-listing-dynamic-image\" data-id=\"2df3d38\" data-element_type=\"widget\" data-widget_type=\"jet-listing-dynamic-image.default\">\n\t\t\t\t<div class=\"elementor-widget-container\">\n\t\t\t<div class=\"jet-listing jet-listing-dynamic-image\"><a href=\"https:\/\/lisbonpubliclaw.pt\/en\/blog\/o-regulamento-de-servicos-digitais-e-os-trusted-flaggers-no-mundo-pos-eleicoes-dos-eua\/\" class=\"jet-listing-dynamic-image__link\"><img decoding=\"async\" width=\"393\" height=\"393\" src=\"https:\/\/lisbonpubliclaw.pt\/wp-content\/uploads\/2025\/02\/AB-imagemartigoblog-e1740761398871.jpg\" class=\"jet-listing-dynamic-image__img attachment-full size-full\" alt=\"AB imagemartigoblog\" srcset=\"https:\/\/lisbonpubliclaw.pt\/wp-content\/uploads\/2025\/02\/AB-imagemartigoblog-e1740761398871.jpg 393w, https:\/\/lisbonpubliclaw.pt\/wp-content\/uploads\/2025\/02\/AB-imagemartigoblog-e1740761398871-300x300.jpg 300w, https:\/\/lisbonpubliclaw.pt\/wp-content\/uploads\/2025\/02\/AB-imagemartigoblog-e1740761398871-150x150.jpg 150w, https:\/\/lisbonpubliclaw.pt\/wp-content\/uploads\/2025\/02\/AB-imagemartigoblog-e1740761398871-12x12.jpg 12w, https:\/\/lisbonpubliclaw.pt\/wp-content\/uploads\/2025\/02\/AB-imagemartigoblog-e1740761398871-230x230.jpg 230w\" sizes=\"(max-width: 393px) 100vw, 393px\" loading=\"eager\" \/><\/a><\/div>\t\t<\/div>\n\t\t\t\t<\/div>\n\t\t<div class=\"elementor-element elementor-element-85ef28d e-con-full e-flex e-con e-child\" data-id=\"85ef28d\" data-element_type=\"container\" data-settings=\"{&quot;background_background&quot;:&quot;classic&quot;,&quot;jet_parallax_layout_list&quot;:[]}\">\n\t\t\t\t<\/div>\n\t\t\t\t<\/div>\n\t\t<div class=\"elementor-element elementor-element-c9b539d e-con-full e-flex e-con e-parent\" data-id=\"c9b539d\" data-element_type=\"container\" data-settings=\"{&quot;jet_parallax_layout_list&quot;:[],&quot;background_background&quot;:&quot;classic&quot;}\">\n\t\t\t\t<div class=\"elementor-element elementor-element-cd4a908 elementor-widget elementor-widget-jet-listing-dynamic-field\" data-id=\"cd4a908\" data-element_type=\"widget\" data-widget_type=\"jet-listing-dynamic-field.default\">\n\t\t\t\t<div class=\"elementor-widget-container\">\n\t\t\t<div class=\"jet-listing jet-listing-dynamic-field display-inline\"><div class=\"jet-listing-dynamic-field__inline-wrap\"><p class=\"jet-listing-dynamic-field__content\">3 March 2025<\/p><\/div><\/div>\t\t<\/div>\n\t\t\t\t<\/div>\n\t\t\t\t<div class=\"elementor-element elementor-element-fb701b4 elementor-widget elementor-widget-heading\" data-id=\"fb701b4\" data-element_type=\"widget\" data-widget_type=\"heading.default\">\n\t\t\t\t<div class=\"elementor-widget-container\">\n\t\t\t<h5 class=\"elementor-heading-title elementor-size-default\">O Regulamento de Servi\u00e7os Digitais e os trusted flaggers no mundo p\u00f3s-elei\u00e7\u00f5es dos EUA<\/h5>\t\t<\/div>\n\t\t\t\t<\/div>\n\t\t\t\t<div class=\"elementor-element elementor-element-b25cd35 elementor-widget elementor-widget-jet-button\" data-id=\"b25cd35\" data-element_type=\"widget\" data-widget_type=\"jet-button.default\">\n\t\t\t\t<div class=\"elementor-widget-container\">\n\t\t\t<div class=\"elementor-jet-button jet-elements\"><div class=\"jet-button__container\">\n\t<a class=\"jet-button__instance jet-button__instance--icon-left hover-effect-0\" href=\"https:\/\/lisbonpubliclaw.pt\/en\/blog\/o-regulamento-de-servicos-digitais-e-os-trusted-flaggers-no-mundo-pos-eleicoes-dos-eua\/\">\n\t\t<div class=\"jet-button__plane jet-button__plane-normal\"><\/div>\n\t\t<div class=\"jet-button__plane jet-button__plane-hover\"><\/div>\n\t\t<div class=\"jet-button__state jet-button__state-normal\">\n\t\t\t<span class=\"jet-button__label\">Saber Mais<\/span>\t\t<\/div>\n\t\t<div class=\"jet-button__state jet-button__state-hover\">\n\t\t\t<span class=\"jet-button__label\">Saber Mais<\/span>\t\t<\/div>\n\t<\/a>\n<\/div>\n<\/div>\t\t<\/div>\n\t\t\t\t<\/div>\n\t\t<div class=\"elementor-element elementor-element-8c35e39 e-con-full e-flex e-con e-child\" data-id=\"8c35e39\" data-element_type=\"container\" data-settings=\"{&quot;background_background&quot;:&quot;classic&quot;,&quot;jet_parallax_layout_list&quot;:[]}\">\n\t\t\t\t<\/div>\n\t\t\t\t<\/div>\n\t\t\t\t<\/div>\n\t\t<\/div><div class=\"jet-listing-grid__item jet-listing-dynamic-post-8195\" data-post-id=\"8195\" >\t\t<div data-elementor-type=\"jet-listing-items\" data-elementor-id=\"1038\" class=\"elementor elementor-1038\" data-elementor-post-type=\"jet-engine\">\n\t\t\t\t<div class=\"elementor-element elementor-element-afad250 e-con-full e-flex e-con e-parent\" data-id=\"afad250\" data-element_type=\"container\" data-settings=\"{&quot;jet_parallax_layout_list&quot;:[]}\">\n\t\t\t\t<div class=\"elementor-element elementor-element-2df3d38 elementor-widget elementor-widget-jet-listing-dynamic-image\" data-id=\"2df3d38\" data-element_type=\"widget\" data-widget_type=\"jet-listing-dynamic-image.default\">\n\t\t\t\t<div class=\"elementor-widget-container\">\n\t\t\t<div class=\"jet-listing jet-listing-dynamic-image\"><a href=\"https:\/\/lisbonpubliclaw.pt\/en\/blog\/um-olhar-sobre-as-orientacoes-da-comissao-europeia-sobre-praticas-de-ia-proibidas-de-4-de-fevereiro-de-2025\/\" class=\"jet-listing-dynamic-image__link\"><img decoding=\"async\" width=\"213\" height=\"213\" src=\"https:\/\/lisbonpubliclaw.pt\/wp-content\/uploads\/2025\/02\/BG-e1739808081277.jpg\" class=\"jet-listing-dynamic-image__img attachment-full size-full\" alt=\"BG\" srcset=\"https:\/\/lisbonpubliclaw.pt\/wp-content\/uploads\/2025\/02\/BG-e1739808081277.jpg 213w, https:\/\/lisbonpubliclaw.pt\/wp-content\/uploads\/2025\/02\/BG-e1739808081277-150x150.jpg 150w, https:\/\/lisbonpubliclaw.pt\/wp-content\/uploads\/2025\/02\/BG-e1739808081277-12x12.jpg 12w\" sizes=\"(max-width: 213px) 100vw, 213px\" loading=\"eager\" \/><\/a><\/div>\t\t<\/div>\n\t\t\t\t<\/div>\n\t\t<div class=\"elementor-element elementor-element-85ef28d e-con-full e-flex e-con e-child\" data-id=\"85ef28d\" data-element_type=\"container\" data-settings=\"{&quot;background_background&quot;:&quot;classic&quot;,&quot;jet_parallax_layout_list&quot;:[]}\">\n\t\t\t\t<\/div>\n\t\t\t\t<\/div>\n\t\t<div class=\"elementor-element elementor-element-c9b539d e-con-full e-flex e-con e-parent\" data-id=\"c9b539d\" data-element_type=\"container\" data-settings=\"{&quot;jet_parallax_layout_list&quot;:[],&quot;background_background&quot;:&quot;classic&quot;}\">\n\t\t\t\t<div class=\"elementor-element elementor-element-cd4a908 elementor-widget elementor-widget-jet-listing-dynamic-field\" data-id=\"cd4a908\" data-element_type=\"widget\" data-widget_type=\"jet-listing-dynamic-field.default\">\n\t\t\t\t<div class=\"elementor-widget-container\">\n\t\t\t<div class=\"jet-listing jet-listing-dynamic-field display-inline\"><div class=\"jet-listing-dynamic-field__inline-wrap\"><p class=\"jet-listing-dynamic-field__content\">17 February 2025<\/p><\/div><\/div>\t\t<\/div>\n\t\t\t\t<\/div>\n\t\t\t\t<div class=\"elementor-element elementor-element-fb701b4 elementor-widget elementor-widget-heading\" data-id=\"fb701b4\" data-element_type=\"widget\" data-widget_type=\"heading.default\">\n\t\t\t\t<div class=\"elementor-widget-container\">\n\t\t\t<h5 class=\"elementor-heading-title elementor-size-default\">Um olhar sobre as Orienta\u00e7\u00f5es da Comiss\u00e3o Europeia sobre pr\u00e1ticas de IA proibidas, de 4 de fevereiro de 2025<\/h5>\t\t<\/div>\n\t\t\t\t<\/div>\n\t\t\t\t<div class=\"elementor-element elementor-element-b25cd35 elementor-widget elementor-widget-jet-button\" data-id=\"b25cd35\" data-element_type=\"widget\" data-widget_type=\"jet-button.default\">\n\t\t\t\t<div class=\"elementor-widget-container\">\n\t\t\t<div class=\"elementor-jet-button jet-elements\"><div class=\"jet-button__container\">\n\t<a class=\"jet-button__instance jet-button__instance--icon-left hover-effect-0\" href=\"https:\/\/lisbonpubliclaw.pt\/en\/blog\/um-olhar-sobre-as-orientacoes-da-comissao-europeia-sobre-praticas-de-ia-proibidas-de-4-de-fevereiro-de-2025\/\">\n\t\t<div class=\"jet-button__plane jet-button__plane-normal\"><\/div>\n\t\t<div class=\"jet-button__plane jet-button__plane-hover\"><\/div>\n\t\t<div class=\"jet-button__state jet-button__state-normal\">\n\t\t\t<span class=\"jet-button__label\">Saber Mais<\/span>\t\t<\/div>\n\t\t<div class=\"jet-button__state jet-button__state-hover\">\n\t\t\t<span class=\"jet-button__label\">Saber Mais<\/span>\t\t<\/div>\n\t<\/a>\n<\/div>\n<\/div>\t\t<\/div>\n\t\t\t\t<\/div>\n\t\t<div class=\"elementor-element elementor-element-8c35e39 e-con-full e-flex e-con e-child\" data-id=\"8c35e39\" data-element_type=\"container\" data-settings=\"{&quot;background_background&quot;:&quot;classic&quot;,&quot;jet_parallax_layout_list&quot;:[]}\">\n\t\t\t\t<\/div>\n\t\t\t\t<\/div>\n\t\t\t\t<\/div>\n\t\t<\/div><div class=\"jet-listing-grid__item jet-listing-dynamic-post-7530\" data-post-id=\"7530\" >\t\t<div data-elementor-type=\"jet-listing-items\" data-elementor-id=\"1038\" class=\"elementor elementor-1038\" data-elementor-post-type=\"jet-engine\">\n\t\t\t\t<div class=\"elementor-element elementor-element-afad250 e-con-full e-flex e-con e-parent\" data-id=\"afad250\" data-element_type=\"container\" data-settings=\"{&quot;jet_parallax_layout_list&quot;:[]}\">\n\t\t\t\t<div class=\"elementor-element elementor-element-2df3d38 elementor-widget elementor-widget-jet-listing-dynamic-image\" data-id=\"2df3d38\" data-element_type=\"widget\" data-widget_type=\"jet-listing-dynamic-image.default\">\n\t\t\t\t<div class=\"elementor-widget-container\">\n\t\t\t<div class=\"jet-listing jet-listing-dynamic-image\"><a href=\"https:\/\/lisbonpubliclaw.pt\/en\/blog\/qual-o-futuro-do-tiktok\/\" class=\"jet-listing-dynamic-image__link\"><img decoding=\"async\" width=\"382\" height=\"383\" src=\"https:\/\/lisbonpubliclaw.pt\/wp-content\/uploads\/2025\/02\/SA-e1738581742449.jpg\" class=\"jet-listing-dynamic-image__img attachment-full size-full\" alt=\"SA\" srcset=\"https:\/\/lisbonpubliclaw.pt\/wp-content\/uploads\/2025\/02\/SA-e1738581742449.jpg 382w, https:\/\/lisbonpubliclaw.pt\/wp-content\/uploads\/2025\/02\/SA-e1738581742449-300x300.jpg 300w, https:\/\/lisbonpubliclaw.pt\/wp-content\/uploads\/2025\/02\/SA-e1738581742449-150x150.jpg 150w, https:\/\/lisbonpubliclaw.pt\/wp-content\/uploads\/2025\/02\/SA-e1738581742449-12x12.jpg 12w, https:\/\/lisbonpubliclaw.pt\/wp-content\/uploads\/2025\/02\/SA-e1738581742449-230x230.jpg 230w\" sizes=\"(max-width: 382px) 100vw, 382px\" loading=\"eager\" \/><\/a><\/div>\t\t<\/div>\n\t\t\t\t<\/div>\n\t\t<div class=\"elementor-element elementor-element-85ef28d e-con-full e-flex e-con e-child\" data-id=\"85ef28d\" data-element_type=\"container\" data-settings=\"{&quot;background_background&quot;:&quot;classic&quot;,&quot;jet_parallax_layout_list&quot;:[]}\">\n\t\t\t\t<\/div>\n\t\t\t\t<\/div>\n\t\t<div class=\"elementor-element elementor-element-c9b539d e-con-full e-flex e-con e-parent\" data-id=\"c9b539d\" data-element_type=\"container\" data-settings=\"{&quot;jet_parallax_layout_list&quot;:[],&quot;background_background&quot;:&quot;classic&quot;}\">\n\t\t\t\t<div class=\"elementor-element elementor-element-cd4a908 elementor-widget elementor-widget-jet-listing-dynamic-field\" data-id=\"cd4a908\" data-element_type=\"widget\" data-widget_type=\"jet-listing-dynamic-field.default\">\n\t\t\t\t<div class=\"elementor-widget-container\">\n\t\t\t<div class=\"jet-listing jet-listing-dynamic-field display-inline\"><div class=\"jet-listing-dynamic-field__inline-wrap\"><p class=\"jet-listing-dynamic-field__content\">3 February 2025<\/p><\/div><\/div>\t\t<\/div>\n\t\t\t\t<\/div>\n\t\t\t\t<div class=\"elementor-element elementor-element-fb701b4 elementor-widget elementor-widget-heading\" data-id=\"fb701b4\" data-element_type=\"widget\" data-widget_type=\"heading.default\">\n\t\t\t\t<div class=\"elementor-widget-container\">\n\t\t\t<h5 class=\"elementor-heading-title elementor-size-default\">Qual o futuro do tiktok nos Estados Unidos? A recente decis\u00e3o do Supremo Tribunal e a ordem executiva do Presidente Trump<\/h5>\t\t<\/div>\n\t\t\t\t<\/div>\n\t\t\t\t<div class=\"elementor-element elementor-element-b25cd35 elementor-widget elementor-widget-jet-button\" data-id=\"b25cd35\" data-element_type=\"widget\" data-widget_type=\"jet-button.default\">\n\t\t\t\t<div class=\"elementor-widget-container\">\n\t\t\t<div class=\"elementor-jet-button jet-elements\"><div class=\"jet-button__container\">\n\t<a class=\"jet-button__instance jet-button__instance--icon-left hover-effect-0\" href=\"https:\/\/lisbonpubliclaw.pt\/en\/blog\/qual-o-futuro-do-tiktok\/\">\n\t\t<div class=\"jet-button__plane jet-button__plane-normal\"><\/div>\n\t\t<div class=\"jet-button__plane jet-button__plane-hover\"><\/div>\n\t\t<div class=\"jet-button__state jet-button__state-normal\">\n\t\t\t<span class=\"jet-button__label\">Saber Mais<\/span>\t\t<\/div>\n\t\t<div class=\"jet-button__state jet-button__state-hover\">\n\t\t\t<span class=\"jet-button__label\">Saber Mais<\/span>\t\t<\/div>\n\t<\/a>\n<\/div>\n<\/div>\t\t<\/div>\n\t\t\t\t<\/div>\n\t\t<div class=\"elementor-element elementor-element-8c35e39 e-con-full e-flex e-con e-child\" data-id=\"8c35e39\" data-element_type=\"container\" data-settings=\"{&quot;background_background&quot;:&quot;classic&quot;,&quot;jet_parallax_layout_list&quot;:[]}\">\n\t\t\t\t<\/div>\n\t\t\t\t<\/div>\n\t\t\t\t<\/div>\n\t\t<\/div><div class=\"jet-listing-grid__item jet-listing-dynamic-post-7466\" data-post-id=\"7466\" >\t\t<div data-elementor-type=\"jet-listing-items\" data-elementor-id=\"1038\" class=\"elementor elementor-1038\" data-elementor-post-type=\"jet-engine\">\n\t\t\t\t<div class=\"elementor-element elementor-element-afad250 e-con-full e-flex e-con e-parent\" data-id=\"afad250\" data-element_type=\"container\" data-settings=\"{&quot;jet_parallax_layout_list&quot;:[]}\">\n\t\t\t\t<div class=\"elementor-element elementor-element-2df3d38 elementor-widget elementor-widget-jet-listing-dynamic-image\" data-id=\"2df3d38\" data-element_type=\"widget\" data-widget_type=\"jet-listing-dynamic-image.default\">\n\t\t\t\t<div class=\"elementor-widget-container\">\n\t\t\t<div class=\"jet-listing jet-listing-dynamic-image\"><a href=\"https:\/\/lisbonpubliclaw.pt\/en\/blog\/codigo-de-praticas-de-ia-para-fins-gerais-o-que-esperar\/\" class=\"jet-listing-dynamic-image__link\"><img decoding=\"async\" width=\"322\" height=\"320\" src=\"https:\/\/lisbonpubliclaw.pt\/wp-content\/uploads\/2025\/01\/GettyImages1515913422__Khanchit_Khirisutchalual_1600px_gr4BgWTIjqcHk0DrrRFGRdw4rc_177553-e1737374735526.jpg\" class=\"jet-listing-dynamic-image__img attachment-full size-full\" alt=\"GettyImages\" srcset=\"https:\/\/lisbonpubliclaw.pt\/wp-content\/uploads\/2025\/01\/GettyImages1515913422__Khanchit_Khirisutchalual_1600px_gr4BgWTIjqcHk0DrrRFGRdw4rc_177553-e1737374735526.jpg 322w, https:\/\/lisbonpubliclaw.pt\/wp-content\/uploads\/2025\/01\/GettyImages1515913422__Khanchit_Khirisutchalual_1600px_gr4BgWTIjqcHk0DrrRFGRdw4rc_177553-e1737374735526-300x298.jpg 300w, https:\/\/lisbonpubliclaw.pt\/wp-content\/uploads\/2025\/01\/GettyImages1515913422__Khanchit_Khirisutchalual_1600px_gr4BgWTIjqcHk0DrrRFGRdw4rc_177553-e1737374735526-150x150.jpg 150w, https:\/\/lisbonpubliclaw.pt\/wp-content\/uploads\/2025\/01\/GettyImages1515913422__Khanchit_Khirisutchalual_1600px_gr4BgWTIjqcHk0DrrRFGRdw4rc_177553-e1737374735526-12x12.jpg 12w, https:\/\/lisbonpubliclaw.pt\/wp-content\/uploads\/2025\/01\/GettyImages1515913422__Khanchit_Khirisutchalual_1600px_gr4BgWTIjqcHk0DrrRFGRdw4rc_177553-e1737374735526-230x230.jpg 230w\" sizes=\"(max-width: 322px) 100vw, 322px\" loading=\"eager\" \/><\/a><\/div>\t\t<\/div>\n\t\t\t\t<\/div>\n\t\t<div class=\"elementor-element elementor-element-85ef28d e-con-full e-flex e-con e-child\" data-id=\"85ef28d\" data-element_type=\"container\" data-settings=\"{&quot;background_background&quot;:&quot;classic&quot;,&quot;jet_parallax_layout_list&quot;:[]}\">\n\t\t\t\t<\/div>\n\t\t\t\t<\/div>\n\t\t<div class=\"elementor-element elementor-element-c9b539d e-con-full e-flex e-con e-parent\" data-id=\"c9b539d\" data-element_type=\"container\" data-settings=\"{&quot;jet_parallax_layout_list&quot;:[],&quot;background_background&quot;:&quot;classic&quot;}\">\n\t\t\t\t<div class=\"elementor-element elementor-element-cd4a908 elementor-widget elementor-widget-jet-listing-dynamic-field\" data-id=\"cd4a908\" data-element_type=\"widget\" data-widget_type=\"jet-listing-dynamic-field.default\">\n\t\t\t\t<div class=\"elementor-widget-container\">\n\t\t\t<div class=\"jet-listing jet-listing-dynamic-field display-inline\"><div class=\"jet-listing-dynamic-field__inline-wrap\"><p class=\"jet-listing-dynamic-field__content\">20 January 2025<\/p><\/div><\/div>\t\t<\/div>\n\t\t\t\t<\/div>\n\t\t\t\t<div class=\"elementor-element elementor-element-fb701b4 elementor-widget elementor-widget-heading\" data-id=\"fb701b4\" data-element_type=\"widget\" data-widget_type=\"heading.default\">\n\t\t\t\t<div class=\"elementor-widget-container\">\n\t\t\t<h5 class=\"elementor-heading-title elementor-size-default\">C\u00f3digo de Pr\u00e1ticas de IA para fins gerais: o que esperar?<\/h5>\t\t<\/div>\n\t\t\t\t<\/div>\n\t\t\t\t<div class=\"elementor-element elementor-element-b25cd35 elementor-widget elementor-widget-jet-button\" data-id=\"b25cd35\" data-element_type=\"widget\" data-widget_type=\"jet-button.default\">\n\t\t\t\t<div class=\"elementor-widget-container\">\n\t\t\t<div class=\"elementor-jet-button jet-elements\"><div class=\"jet-button__container\">\n\t<a class=\"jet-button__instance jet-button__instance--icon-left hover-effect-0\" href=\"https:\/\/lisbonpubliclaw.pt\/en\/blog\/codigo-de-praticas-de-ia-para-fins-gerais-o-que-esperar\/\">\n\t\t<div class=\"jet-button__plane jet-button__plane-normal\"><\/div>\n\t\t<div class=\"jet-button__plane jet-button__plane-hover\"><\/div>\n\t\t<div class=\"jet-button__state jet-button__state-normal\">\n\t\t\t<span class=\"jet-button__label\">Saber Mais<\/span>\t\t<\/div>\n\t\t<div class=\"jet-button__state jet-button__state-hover\">\n\t\t\t<span class=\"jet-button__label\">Saber Mais<\/span>\t\t<\/div>\n\t<\/a>\n<\/div>\n<\/div>\t\t<\/div>\n\t\t\t\t<\/div>\n\t\t<div class=\"elementor-element elementor-element-8c35e39 e-con-full e-flex e-con e-child\" data-id=\"8c35e39\" data-element_type=\"container\" data-settings=\"{&quot;background_background&quot;:&quot;classic&quot;,&quot;jet_parallax_layout_list&quot;:[]}\">\n\t\t\t\t<\/div>\n\t\t\t\t<\/div>\n\t\t\t\t<\/div>\n\t\t<\/div><div class=\"jet-listing-grid__item jet-listing-dynamic-post-7445\" data-post-id=\"7445\" >\t\t<div data-elementor-type=\"jet-listing-items\" data-elementor-id=\"1038\" class=\"elementor elementor-1038\" data-elementor-post-type=\"jet-engine\">\n\t\t\t\t<div class=\"elementor-element elementor-element-afad250 e-con-full e-flex e-con e-parent\" data-id=\"afad250\" data-element_type=\"container\" data-settings=\"{&quot;jet_parallax_layout_list&quot;:[]}\">\n\t\t\t\t<div class=\"elementor-element elementor-element-2df3d38 elementor-widget elementor-widget-jet-listing-dynamic-image\" data-id=\"2df3d38\" data-element_type=\"widget\" data-widget_type=\"jet-listing-dynamic-image.default\">\n\t\t\t\t<div class=\"elementor-widget-container\">\n\t\t\t<div class=\"jet-listing jet-listing-dynamic-image\"><a href=\"https:\/\/lisbonpubliclaw.pt\/en\/blog\/quem-protege-os-direitos-fundamentais-de-sistemas-de-ia-de-risco-elevado-em-portugal\/\" class=\"jet-listing-dynamic-image__link\"><img decoding=\"async\" width=\"653\" height=\"626\" src=\"https:\/\/lisbonpubliclaw.pt\/wp-content\/uploads\/2025\/01\/pic1.png\" class=\"jet-listing-dynamic-image__img attachment-full size-full\" alt=\"pic1\" srcset=\"https:\/\/lisbonpubliclaw.pt\/wp-content\/uploads\/2025\/01\/pic1.png 653w, https:\/\/lisbonpubliclaw.pt\/wp-content\/uploads\/2025\/01\/pic1-300x288.png 300w, https:\/\/lisbonpubliclaw.pt\/wp-content\/uploads\/2025\/01\/pic1-13x12.png 13w, https:\/\/lisbonpubliclaw.pt\/wp-content\/uploads\/2025\/01\/pic1-600x575.png 600w\" sizes=\"(max-width: 653px) 100vw, 653px\" loading=\"eager\" \/><\/a><\/div>\t\t<\/div>\n\t\t\t\t<\/div>\n\t\t<div class=\"elementor-element elementor-element-85ef28d e-con-full e-flex e-con e-child\" data-id=\"85ef28d\" data-element_type=\"container\" data-settings=\"{&quot;background_background&quot;:&quot;classic&quot;,&quot;jet_parallax_layout_list&quot;:[]}\">\n\t\t\t\t<\/div>\n\t\t\t\t<\/div>\n\t\t<div class=\"elementor-element elementor-element-c9b539d e-con-full e-flex e-con e-parent\" data-id=\"c9b539d\" data-element_type=\"container\" data-settings=\"{&quot;jet_parallax_layout_list&quot;:[],&quot;background_background&quot;:&quot;classic&quot;}\">\n\t\t\t\t<div class=\"elementor-element elementor-element-cd4a908 elementor-widget elementor-widget-jet-listing-dynamic-field\" data-id=\"cd4a908\" data-element_type=\"widget\" data-widget_type=\"jet-listing-dynamic-field.default\">\n\t\t\t\t<div class=\"elementor-widget-container\">\n\t\t\t<div class=\"jet-listing jet-listing-dynamic-field display-inline\"><div class=\"jet-listing-dynamic-field__inline-wrap\"><p class=\"jet-listing-dynamic-field__content\">6 January 2025<\/p><\/div><\/div>\t\t<\/div>\n\t\t\t\t<\/div>\n\t\t\t\t<div class=\"elementor-element elementor-element-fb701b4 elementor-widget elementor-widget-heading\" data-id=\"fb701b4\" data-element_type=\"widget\" data-widget_type=\"heading.default\">\n\t\t\t\t<div class=\"elementor-widget-container\">\n\t\t\t<h5 class=\"elementor-heading-title elementor-size-default\">Quem protege os direitos fundamentais de sistemas de IA de risco elevado em Portugal?<\/h5>\t\t<\/div>\n\t\t\t\t<\/div>\n\t\t\t\t<div class=\"elementor-element elementor-element-b25cd35 elementor-widget elementor-widget-jet-button\" data-id=\"b25cd35\" data-element_type=\"widget\" data-widget_type=\"jet-button.default\">\n\t\t\t\t<div class=\"elementor-widget-container\">\n\t\t\t<div class=\"elementor-jet-button jet-elements\"><div class=\"jet-button__container\">\n\t<a class=\"jet-button__instance jet-button__instance--icon-left hover-effect-0\" href=\"https:\/\/lisbonpubliclaw.pt\/en\/blog\/quem-protege-os-direitos-fundamentais-de-sistemas-de-ia-de-risco-elevado-em-portugal\/\">\n\t\t<div class=\"jet-button__plane jet-button__plane-normal\"><\/div>\n\t\t<div class=\"jet-button__plane jet-button__plane-hover\"><\/div>\n\t\t<div class=\"jet-button__state jet-button__state-normal\">\n\t\t\t<span class=\"jet-button__label\">Saber Mais<\/span>\t\t<\/div>\n\t\t<div class=\"jet-button__state jet-button__state-hover\">\n\t\t\t<span class=\"jet-button__label\">Saber Mais<\/span>\t\t<\/div>\n\t<\/a>\n<\/div>\n<\/div>\t\t<\/div>\n\t\t\t\t<\/div>\n\t\t<div class=\"elementor-element elementor-element-8c35e39 e-con-full e-flex e-con e-child\" data-id=\"8c35e39\" data-element_type=\"container\" data-settings=\"{&quot;background_background&quot;:&quot;classic&quot;,&quot;jet_parallax_layout_list&quot;:[]}\">\n\t\t\t\t<\/div>\n\t\t\t\t<\/div>\n\t\t\t\t<\/div>\n\t\t<\/div><div class=\"jet-listing-grid__item jet-listing-dynamic-post-7194\" data-post-id=\"7194\" >\t\t<div data-elementor-type=\"jet-listing-items\" data-elementor-id=\"1038\" class=\"elementor elementor-1038\" data-elementor-post-type=\"jet-engine\">\n\t\t\t\t<div class=\"elementor-element elementor-element-afad250 e-con-full e-flex e-con e-parent\" data-id=\"afad250\" data-element_type=\"container\" data-settings=\"{&quot;jet_parallax_layout_list&quot;:[]}\">\n\t\t\t\t<div class=\"elementor-element elementor-element-2df3d38 elementor-widget elementor-widget-jet-listing-dynamic-image\" data-id=\"2df3d38\" data-element_type=\"widget\" data-widget_type=\"jet-listing-dynamic-image.default\">\n\t\t\t\t<div class=\"elementor-widget-container\">\n\t\t\t<div class=\"jet-listing jet-listing-dynamic-image\"><a href=\"https:\/\/lisbonpubliclaw.pt\/en\/blog\/medidas-sobre-amplificacao-de-conteudos-online-no-dsa-um-novo-esquema-regulatorio-para-as-plataformas-online-na-europa\/\" class=\"jet-listing-dynamic-image__link\"><img decoding=\"async\" width=\"916\" height=\"916\" src=\"https:\/\/lisbonpubliclaw.pt\/wp-content\/uploads\/2024\/12\/blog-LDR-jtornada-e1734431568974.png\" class=\"jet-listing-dynamic-image__img attachment-full size-full\" alt=\"blog LDR jtornada\" srcset=\"https:\/\/lisbonpubliclaw.pt\/wp-content\/uploads\/2024\/12\/blog-LDR-jtornada-e1734431568974.png 916w, https:\/\/lisbonpubliclaw.pt\/wp-content\/uploads\/2024\/12\/blog-LDR-jtornada-e1734431568974-300x300.png 300w, https:\/\/lisbonpubliclaw.pt\/wp-content\/uploads\/2024\/12\/blog-LDR-jtornada-e1734431568974-150x150.png 150w, https:\/\/lisbonpubliclaw.pt\/wp-content\/uploads\/2024\/12\/blog-LDR-jtornada-e1734431568974-768x768.png 768w, https:\/\/lisbonpubliclaw.pt\/wp-content\/uploads\/2024\/12\/blog-LDR-jtornada-e1734431568974-12x12.png 12w, https:\/\/lisbonpubliclaw.pt\/wp-content\/uploads\/2024\/12\/blog-LDR-jtornada-e1734431568974-230x230.png 230w, https:\/\/lisbonpubliclaw.pt\/wp-content\/uploads\/2024\/12\/blog-LDR-jtornada-e1734431568974-400x400.png 400w, https:\/\/lisbonpubliclaw.pt\/wp-content\/uploads\/2024\/12\/blog-LDR-jtornada-e1734431568974-600x600.png 600w, https:\/\/lisbonpubliclaw.pt\/wp-content\/uploads\/2024\/12\/blog-LDR-jtornada-e1734431568974-640x640.png 640w\" sizes=\"(max-width: 916px) 100vw, 916px\" loading=\"eager\" \/><\/a><\/div>\t\t<\/div>\n\t\t\t\t<\/div>\n\t\t<div class=\"elementor-element elementor-element-85ef28d e-con-full e-flex e-con e-child\" data-id=\"85ef28d\" data-element_type=\"container\" data-settings=\"{&quot;background_background&quot;:&quot;classic&quot;,&quot;jet_parallax_layout_list&quot;:[]}\">\n\t\t\t\t<\/div>\n\t\t\t\t<\/div>\n\t\t<div class=\"elementor-element elementor-element-c9b539d e-con-full e-flex e-con e-parent\" data-id=\"c9b539d\" data-element_type=\"container\" data-settings=\"{&quot;jet_parallax_layout_list&quot;:[],&quot;background_background&quot;:&quot;classic&quot;}\">\n\t\t\t\t<div class=\"elementor-element elementor-element-cd4a908 elementor-widget elementor-widget-jet-listing-dynamic-field\" data-id=\"cd4a908\" data-element_type=\"widget\" data-widget_type=\"jet-listing-dynamic-field.default\">\n\t\t\t\t<div class=\"elementor-widget-container\">\n\t\t\t<div class=\"jet-listing jet-listing-dynamic-field display-inline\"><div class=\"jet-listing-dynamic-field__inline-wrap\"><p class=\"jet-listing-dynamic-field__content\">2 December 2024<\/p><\/div><\/div>\t\t<\/div>\n\t\t\t\t<\/div>\n\t\t\t\t<div class=\"elementor-element elementor-element-fb701b4 elementor-widget elementor-widget-heading\" data-id=\"fb701b4\" data-element_type=\"widget\" data-widget_type=\"heading.default\">\n\t\t\t\t<div class=\"elementor-widget-container\">\n\t\t\t<h5 class=\"elementor-heading-title elementor-size-default\">Medidas sobre amplifica\u00e7\u00e3o de conte\u00fados online no DSA: Um novo esquema regulat\u00f3rio para as plataformas online na Europa<\/h5>\t\t<\/div>\n\t\t\t\t<\/div>\n\t\t\t\t<div class=\"elementor-element elementor-element-b25cd35 elementor-widget elementor-widget-jet-button\" data-id=\"b25cd35\" data-element_type=\"widget\" data-widget_type=\"jet-button.default\">\n\t\t\t\t<div class=\"elementor-widget-container\">\n\t\t\t<div class=\"elementor-jet-button jet-elements\"><div class=\"jet-button__container\">\n\t<a class=\"jet-button__instance jet-button__instance--icon-left hover-effect-0\" href=\"https:\/\/lisbonpubliclaw.pt\/en\/blog\/medidas-sobre-amplificacao-de-conteudos-online-no-dsa-um-novo-esquema-regulatorio-para-as-plataformas-online-na-europa\/\">\n\t\t<div class=\"jet-button__plane jet-button__plane-normal\"><\/div>\n\t\t<div class=\"jet-button__plane jet-button__plane-hover\"><\/div>\n\t\t<div class=\"jet-button__state jet-button__state-normal\">\n\t\t\t<span class=\"jet-button__label\">Saber Mais<\/span>\t\t<\/div>\n\t\t<div class=\"jet-button__state jet-button__state-hover\">\n\t\t\t<span class=\"jet-button__label\">Saber Mais<\/span>\t\t<\/div>\n\t<\/a>\n<\/div>\n<\/div>\t\t<\/div>\n\t\t\t\t<\/div>\n\t\t<div class=\"elementor-element elementor-element-8c35e39 e-con-full e-flex e-con e-child\" data-id=\"8c35e39\" data-element_type=\"container\" data-settings=\"{&quot;background_background&quot;:&quot;classic&quot;,&quot;jet_parallax_layout_list&quot;:[]}\">\n\t\t\t\t<\/div>\n\t\t\t\t<\/div>\n\t\t\t\t<\/div>\n\t\t<\/div><div class=\"jet-listing-grid__item jet-listing-dynamic-post-7129\" data-post-id=\"7129\" >\t\t<div data-elementor-type=\"jet-listing-items\" data-elementor-id=\"1038\" class=\"elementor elementor-1038\" data-elementor-post-type=\"jet-engine\">\n\t\t\t\t<div class=\"elementor-element elementor-element-afad250 e-con-full e-flex e-con e-parent\" data-id=\"afad250\" data-element_type=\"container\" data-settings=\"{&quot;jet_parallax_layout_list&quot;:[]}\">\n\t\t\t\t<div class=\"elementor-element elementor-element-2df3d38 elementor-widget elementor-widget-jet-listing-dynamic-image\" data-id=\"2df3d38\" data-element_type=\"widget\" data-widget_type=\"jet-listing-dynamic-image.default\">\n\t\t\t\t<div class=\"elementor-widget-container\">\n\t\t\t<div class=\"jet-listing jet-listing-dynamic-image\"><a href=\"https:\/\/lisbonpubliclaw.pt\/en\/blog\/reforma-do-iva-na-era-digital-vida-modernizacao-com-novos-desafios\/\" class=\"jet-listing-dynamic-image__link\"><img decoding=\"async\" width=\"992\" height=\"992\" src=\"https:\/\/lisbonpubliclaw.pt\/wp-content\/uploads\/2024\/11\/VAT-REFORM-e1734432088575.png\" class=\"jet-listing-dynamic-image__img attachment-full size-full\" alt=\"VAT REFORM\" srcset=\"https:\/\/lisbonpubliclaw.pt\/wp-content\/uploads\/2024\/11\/VAT-REFORM-e1734432088575.png 992w, https:\/\/lisbonpubliclaw.pt\/wp-content\/uploads\/2024\/11\/VAT-REFORM-e1734432088575-300x300.png 300w, https:\/\/lisbonpubliclaw.pt\/wp-content\/uploads\/2024\/11\/VAT-REFORM-e1734432088575-150x150.png 150w, https:\/\/lisbonpubliclaw.pt\/wp-content\/uploads\/2024\/11\/VAT-REFORM-e1734432088575-768x768.png 768w, https:\/\/lisbonpubliclaw.pt\/wp-content\/uploads\/2024\/11\/VAT-REFORM-e1734432088575-12x12.png 12w, https:\/\/lisbonpubliclaw.pt\/wp-content\/uploads\/2024\/11\/VAT-REFORM-e1734432088575-230x230.png 230w, https:\/\/lisbonpubliclaw.pt\/wp-content\/uploads\/2024\/11\/VAT-REFORM-e1734432088575-400x400.png 400w, https:\/\/lisbonpubliclaw.pt\/wp-content\/uploads\/2024\/11\/VAT-REFORM-e1734432088575-600x600.png 600w, https:\/\/lisbonpubliclaw.pt\/wp-content\/uploads\/2024\/11\/VAT-REFORM-e1734432088575-640x640.png 640w\" sizes=\"(max-width: 992px) 100vw, 992px\" loading=\"eager\" \/><\/a><\/div>\t\t<\/div>\n\t\t\t\t<\/div>\n\t\t<div class=\"elementor-element elementor-element-85ef28d e-con-full e-flex e-con e-child\" data-id=\"85ef28d\" data-element_type=\"container\" data-settings=\"{&quot;background_background&quot;:&quot;classic&quot;,&quot;jet_parallax_layout_list&quot;:[]}\">\n\t\t\t\t<\/div>\n\t\t\t\t<\/div>\n\t\t<div class=\"elementor-element elementor-element-c9b539d e-con-full e-flex e-con e-parent\" data-id=\"c9b539d\" data-element_type=\"container\" data-settings=\"{&quot;jet_parallax_layout_list&quot;:[],&quot;background_background&quot;:&quot;classic&quot;}\">\n\t\t\t\t<div class=\"elementor-element elementor-element-cd4a908 elementor-widget elementor-widget-jet-listing-dynamic-field\" data-id=\"cd4a908\" data-element_type=\"widget\" data-widget_type=\"jet-listing-dynamic-field.default\">\n\t\t\t\t<div class=\"elementor-widget-container\">\n\t\t\t<div class=\"jet-listing jet-listing-dynamic-field display-inline\"><div class=\"jet-listing-dynamic-field__inline-wrap\"><p class=\"jet-listing-dynamic-field__content\">18 November 2024<\/p><\/div><\/div>\t\t<\/div>\n\t\t\t\t<\/div>\n\t\t\t\t<div class=\"elementor-element elementor-element-fb701b4 elementor-widget elementor-widget-heading\" data-id=\"fb701b4\" data-element_type=\"widget\" data-widget_type=\"heading.default\">\n\t\t\t\t<div class=\"elementor-widget-container\">\n\t\t\t<h5 class=\"elementor-heading-title elementor-size-default\">Reforma do IVA na Era Digital (ViDA): Moderniza\u00e7\u00e3o com Novos Desafios<\/h5>\t\t<\/div>\n\t\t\t\t<\/div>\n\t\t\t\t<div class=\"elementor-element elementor-element-b25cd35 elementor-widget elementor-widget-jet-button\" data-id=\"b25cd35\" data-element_type=\"widget\" data-widget_type=\"jet-button.default\">\n\t\t\t\t<div class=\"elementor-widget-container\">\n\t\t\t<div class=\"elementor-jet-button jet-elements\"><div class=\"jet-button__container\">\n\t<a class=\"jet-button__instance jet-button__instance--icon-left hover-effect-0\" href=\"https:\/\/lisbonpubliclaw.pt\/en\/blog\/reforma-do-iva-na-era-digital-vida-modernizacao-com-novos-desafios\/\">\n\t\t<div class=\"jet-button__plane jet-button__plane-normal\"><\/div>\n\t\t<div class=\"jet-button__plane jet-button__plane-hover\"><\/div>\n\t\t<div class=\"jet-button__state jet-button__state-normal\">\n\t\t\t<span class=\"jet-button__label\">Saber Mais<\/span>\t\t<\/div>\n\t\t<div class=\"jet-button__state jet-button__state-hover\">\n\t\t\t<span class=\"jet-button__label\">Saber Mais<\/span>\t\t<\/div>\n\t<\/a>\n<\/div>\n<\/div>\t\t<\/div>\n\t\t\t\t<\/div>\n\t\t<div class=\"elementor-element elementor-element-8c35e39 e-con-full e-flex e-con e-child\" data-id=\"8c35e39\" data-element_type=\"container\" data-settings=\"{&quot;background_background&quot;:&quot;classic&quot;,&quot;jet_parallax_layout_list&quot;:[]}\">\n\t\t\t\t<\/div>\n\t\t\t\t<\/div>\n\t\t\t\t<\/div>\n\t\t<\/div><div class=\"jet-listing-grid__item jet-listing-dynamic-post-6936\" data-post-id=\"6936\" >\t\t<div data-elementor-type=\"jet-listing-items\" data-elementor-id=\"1038\" class=\"elementor elementor-1038\" data-elementor-post-type=\"jet-engine\">\n\t\t\t\t<div class=\"elementor-element elementor-element-afad250 e-con-full e-flex e-con e-parent\" data-id=\"afad250\" data-element_type=\"container\" data-settings=\"{&quot;jet_parallax_layout_list&quot;:[]}\">\n\t\t\t\t<div class=\"elementor-element elementor-element-2df3d38 elementor-widget elementor-widget-jet-listing-dynamic-image\" data-id=\"2df3d38\" data-element_type=\"widget\" data-widget_type=\"jet-listing-dynamic-image.default\">\n\t\t\t\t<div class=\"elementor-widget-container\">\n\t\t\t<div class=\"jet-listing jet-listing-dynamic-image\"><a href=\"https:\/\/lisbonpubliclaw.pt\/en\/blog\/a-protecao-de-dados-na-essencia-de-uma-regulacao-eficiente-sobre-ia-generativa\/\" class=\"jet-listing-dynamic-image__link\"><img decoding=\"async\" width=\"361\" height=\"361\" src=\"https:\/\/lisbonpubliclaw.pt\/wp-content\/uploads\/2024\/11\/blog-LDR-Picture1-e1734432359406.png\" class=\"jet-listing-dynamic-image__img attachment-full size-full\" alt=\"blog LDR Picture1\" srcset=\"https:\/\/lisbonpubliclaw.pt\/wp-content\/uploads\/2024\/11\/blog-LDR-Picture1-e1734432359406.png 361w, https:\/\/lisbonpubliclaw.pt\/wp-content\/uploads\/2024\/11\/blog-LDR-Picture1-e1734432359406-300x300.png 300w, https:\/\/lisbonpubliclaw.pt\/wp-content\/uploads\/2024\/11\/blog-LDR-Picture1-e1734432359406-150x150.png 150w, https:\/\/lisbonpubliclaw.pt\/wp-content\/uploads\/2024\/11\/blog-LDR-Picture1-e1734432359406-12x12.png 12w, https:\/\/lisbonpubliclaw.pt\/wp-content\/uploads\/2024\/11\/blog-LDR-Picture1-e1734432359406-230x230.png 230w\" sizes=\"(max-width: 361px) 100vw, 361px\" loading=\"eager\" \/><\/a><\/div>\t\t<\/div>\n\t\t\t\t<\/div>\n\t\t<div class=\"elementor-element elementor-element-85ef28d e-con-full e-flex e-con e-child\" data-id=\"85ef28d\" data-element_type=\"container\" data-settings=\"{&quot;background_background&quot;:&quot;classic&quot;,&quot;jet_parallax_layout_list&quot;:[]}\">\n\t\t\t\t<\/div>\n\t\t\t\t<\/div>\n\t\t<div class=\"elementor-element elementor-element-c9b539d e-con-full e-flex e-con e-parent\" data-id=\"c9b539d\" data-element_type=\"container\" data-settings=\"{&quot;jet_parallax_layout_list&quot;:[],&quot;background_background&quot;:&quot;classic&quot;}\">\n\t\t\t\t<div class=\"elementor-element elementor-element-cd4a908 elementor-widget elementor-widget-jet-listing-dynamic-field\" data-id=\"cd4a908\" data-element_type=\"widget\" data-widget_type=\"jet-listing-dynamic-field.default\">\n\t\t\t\t<div class=\"elementor-widget-container\">\n\t\t\t<div class=\"jet-listing jet-listing-dynamic-field display-inline\"><div class=\"jet-listing-dynamic-field__inline-wrap\"><p class=\"jet-listing-dynamic-field__content\">4 November 2024<\/p><\/div><\/div>\t\t<\/div>\n\t\t\t\t<\/div>\n\t\t\t\t<div class=\"elementor-element elementor-element-fb701b4 elementor-widget elementor-widget-heading\" data-id=\"fb701b4\" data-element_type=\"widget\" data-widget_type=\"heading.default\">\n\t\t\t\t<div class=\"elementor-widget-container\">\n\t\t\t<h5 class=\"elementor-heading-title elementor-size-default\">A prote\u00e7\u00e3o de dados na ess\u00eancia de uma regula\u00e7\u00e3o eficiente sobre IA generativa<\/h5>\t\t<\/div>\n\t\t\t\t<\/div>\n\t\t\t\t<div class=\"elementor-element elementor-element-b25cd35 elementor-widget elementor-widget-jet-button\" data-id=\"b25cd35\" data-element_type=\"widget\" data-widget_type=\"jet-button.default\">\n\t\t\t\t<div class=\"elementor-widget-container\">\n\t\t\t<div class=\"elementor-jet-button jet-elements\"><div class=\"jet-button__container\">\n\t<a class=\"jet-button__instance jet-button__instance--icon-left hover-effect-0\" href=\"https:\/\/lisbonpubliclaw.pt\/en\/blog\/a-protecao-de-dados-na-essencia-de-uma-regulacao-eficiente-sobre-ia-generativa\/\">\n\t\t<div class=\"jet-button__plane jet-button__plane-normal\"><\/div>\n\t\t<div class=\"jet-button__plane jet-button__plane-hover\"><\/div>\n\t\t<div class=\"jet-button__state jet-button__state-normal\">\n\t\t\t<span class=\"jet-button__label\">Saber Mais<\/span>\t\t<\/div>\n\t\t<div class=\"jet-button__state jet-button__state-hover\">\n\t\t\t<span class=\"jet-button__label\">Saber Mais<\/span>\t\t<\/div>\n\t<\/a>\n<\/div>\n<\/div>\t\t<\/div>\n\t\t\t\t<\/div>\n\t\t<div class=\"elementor-element elementor-element-8c35e39 e-con-full e-flex e-con e-child\" data-id=\"8c35e39\" data-element_type=\"container\" data-settings=\"{&quot;background_background&quot;:&quot;classic&quot;,&quot;jet_parallax_layout_list&quot;:[]}\">\n\t\t\t\t<\/div>\n\t\t\t\t<\/div>\n\t\t\t\t<\/div>\n\t\t<\/div><div class=\"jet-listing-grid__item jet-listing-dynamic-post-5383\" data-post-id=\"5383\" >\t\t<div data-elementor-type=\"jet-listing-items\" data-elementor-id=\"1038\" class=\"elementor elementor-1038\" data-elementor-post-type=\"jet-engine\">\n\t\t\t\t<div class=\"elementor-element elementor-element-afad250 e-con-full e-flex e-con e-parent\" data-id=\"afad250\" data-element_type=\"container\" data-settings=\"{&quot;jet_parallax_layout_list&quot;:[]}\">\n\t\t\t\t<div class=\"elementor-element elementor-element-2df3d38 elementor-widget elementor-widget-jet-listing-dynamic-image\" data-id=\"2df3d38\" data-element_type=\"widget\" data-widget_type=\"jet-listing-dynamic-image.default\">\n\t\t\t\t<div class=\"elementor-widget-container\">\n\t\t\t<div class=\"jet-listing jet-listing-dynamic-image\"><a href=\"https:\/\/lisbonpubliclaw.pt\/en\/blog\/the-ai-act-political-agreement-a-cautionary-tale\/\" class=\"jet-listing-dynamic-image__link\"><img decoding=\"async\" width=\"344\" height=\"344\" src=\"https:\/\/lisbonpubliclaw.pt\/wp-content\/uploads\/2023\/12\/Lisbon-Digital-Rights-1-e1734432261324.jpg\" class=\"jet-listing-dynamic-image__img attachment-full size-full\" alt=\"Lisbon-Digital-Rights\" srcset=\"https:\/\/lisbonpubliclaw.pt\/wp-content\/uploads\/2023\/12\/Lisbon-Digital-Rights-1-e1734432261324.jpg 344w, https:\/\/lisbonpubliclaw.pt\/wp-content\/uploads\/2023\/12\/Lisbon-Digital-Rights-1-e1734432261324-300x300.jpg 300w, https:\/\/lisbonpubliclaw.pt\/wp-content\/uploads\/2023\/12\/Lisbon-Digital-Rights-1-e1734432261324-150x150.jpg 150w, https:\/\/lisbonpubliclaw.pt\/wp-content\/uploads\/2023\/12\/Lisbon-Digital-Rights-1-e1734432261324-12x12.jpg 12w, https:\/\/lisbonpubliclaw.pt\/wp-content\/uploads\/2023\/12\/Lisbon-Digital-Rights-1-e1734432261324-230x230.jpg 230w\" sizes=\"(max-width: 344px) 100vw, 344px\" loading=\"eager\" \/><\/a><\/div>\t\t<\/div>\n\t\t\t\t<\/div>\n\t\t<div class=\"elementor-element elementor-element-85ef28d e-con-full e-flex e-con e-child\" data-id=\"85ef28d\" data-element_type=\"container\" data-settings=\"{&quot;background_background&quot;:&quot;classic&quot;,&quot;jet_parallax_layout_list&quot;:[]}\">\n\t\t\t\t<\/div>\n\t\t\t\t<\/div>\n\t\t<div class=\"elementor-element elementor-element-c9b539d e-con-full e-flex e-con e-parent\" data-id=\"c9b539d\" data-element_type=\"container\" data-settings=\"{&quot;jet_parallax_layout_list&quot;:[],&quot;background_background&quot;:&quot;classic&quot;}\">\n\t\t\t\t<div class=\"elementor-element elementor-element-cd4a908 elementor-widget elementor-widget-jet-listing-dynamic-field\" data-id=\"cd4a908\" data-element_type=\"widget\" data-widget_type=\"jet-listing-dynamic-field.default\">\n\t\t\t\t<div class=\"elementor-widget-container\">\n\t\t\t<div class=\"jet-listing jet-listing-dynamic-field display-inline\"><div class=\"jet-listing-dynamic-field__inline-wrap\"><p class=\"jet-listing-dynamic-field__content\">15 December 2023<\/p><\/div><\/div>\t\t<\/div>\n\t\t\t\t<\/div>\n\t\t\t\t<div class=\"elementor-element elementor-element-fb701b4 elementor-widget elementor-widget-heading\" data-id=\"fb701b4\" data-element_type=\"widget\" data-widget_type=\"heading.default\">\n\t\t\t\t<div class=\"elementor-widget-container\">\n\t\t\t<h5 class=\"elementor-heading-title elementor-size-default\">The AI Act political agreement: a cautionary tale<\/h5>\t\t<\/div>\n\t\t\t\t<\/div>\n\t\t\t\t<div class=\"elementor-element elementor-element-b25cd35 elementor-widget elementor-widget-jet-button\" data-id=\"b25cd35\" data-element_type=\"widget\" data-widget_type=\"jet-button.default\">\n\t\t\t\t<div class=\"elementor-widget-container\">\n\t\t\t<div class=\"elementor-jet-button jet-elements\"><div class=\"jet-button__container\">\n\t<a class=\"jet-button__instance jet-button__instance--icon-left hover-effect-0\" href=\"https:\/\/lisbonpubliclaw.pt\/en\/blog\/the-ai-act-political-agreement-a-cautionary-tale\/\">\n\t\t<div class=\"jet-button__plane jet-button__plane-normal\"><\/div>\n\t\t<div class=\"jet-button__plane jet-button__plane-hover\"><\/div>\n\t\t<div class=\"jet-button__state jet-button__state-normal\">\n\t\t\t<span class=\"jet-button__label\">Saber Mais<\/span>\t\t<\/div>\n\t\t<div class=\"jet-button__state jet-button__state-hover\">\n\t\t\t<span class=\"jet-button__label\">Saber Mais<\/span>\t\t<\/div>\n\t<\/a>\n<\/div>\n<\/div>\t\t<\/div>\n\t\t\t\t<\/div>\n\t\t<div class=\"elementor-element elementor-element-8c35e39 e-con-full e-flex e-con e-child\" data-id=\"8c35e39\" data-element_type=\"container\" data-settings=\"{&quot;background_background&quot;:&quot;classic&quot;,&quot;jet_parallax_layout_list&quot;:[]}\">\n\t\t\t\t<\/div>\n\t\t\t\t<\/div>\n\t\t\t\t<\/div>\n\t\t<\/div><\/div><\/div>\t\t<\/div>\n\t\t\t\t<\/div>\n\t\t\t\t\t<\/div>\n\t\t\t\t<\/div>\n\t\t<div class=\"elementor-element elementor-element-30e97d2 e-flex e-con-boxed e-con e-parent\" data-id=\"30e97d2\" data-element_type=\"container\" data-settings=\"{&quot;jet_parallax_layout_list&quot;:[]}\">\n\t\t\t\t\t<div class=\"e-con-inner\">\n\t\t\t\t<div class=\"elementor-element elementor-element-9b68264 elementor-widget elementor-widget-spacer\" data-id=\"9b68264\" data-element_type=\"widget\" data-widget_type=\"spacer.default\">\n\t\t\t\t<div class=\"elementor-widget-container\">\n\t\t\t\t\t<div class=\"elementor-spacer\">\n\t\t\t<div class=\"elementor-spacer-inner\"><\/div>\n\t\t<\/div>\n\t\t\t\t<\/div>\n\t\t\t\t<\/div>\n\t\t\t\t\t<\/div>\n\t\t\t\t<\/div>\n\t\t\t\t<\/div>\n\t\t","protected":false},"excerpt":{"rendered":"<p>Blog Filtro por Ano Selecionar Ano 15 Dezembro 2023<\/p>","protected":false},"author":1,"featured_media":0,"parent":5029,"menu_order":0,"comment_status":"closed","ping_status":"closed","template":"elementor_header_footer","meta":{"footnotes":""},"cluster":[48],"grupo-de-investigacao":[11],"class_list":["post-5388","page","type-page","status-publish","hentry","cluster-lisbon-digital-rights","grupo-de-investigacao-direito-administrativo"],"yoast_head":"<!-- This site is optimized with the Yoast SEO plugin v27.5 - https:\/\/yoast.com\/product\/yoast-seo-wordpress\/ -->\n<title>Blog - Lisbon Public Law<\/title>\n<meta name=\"robots\" content=\"index, follow, max-snippet:-1, max-image-preview:large, max-video-preview:-1\" \/>\n<link rel=\"canonical\" href=\"https:\/\/lisbonpubliclaw.pt\/en\/lisbon-digital-rights\/blog\/\" \/>\n<meta property=\"og:locale\" content=\"en_US\" \/>\n<meta property=\"og:type\" content=\"article\" \/>\n<meta property=\"og:title\" content=\"Blog - Lisbon Public Law\" \/>\n<meta property=\"og:description\" content=\"Blog Filtro por Ano Selecionar Ano 15 Dezembro 2023\" \/>\n<meta property=\"og:url\" content=\"https:\/\/lisbonpubliclaw.pt\/en\/lisbon-digital-rights\/blog\/\" \/>\n<meta property=\"og:site_name\" content=\"Lisbon Public Law\" \/>\n<meta property=\"article:modified_time\" content=\"2023-12-18T14:53:16+00:00\" \/>\n<meta property=\"og:image\" content=\"https:\/\/lisbonpubliclaw.pt\/wp-content\/uploads\/2023\/12\/LOGO-DR-NOVO-02-1.png\" \/>\n<meta name=\"twitter:card\" content=\"summary_large_image\" \/>\n<meta name=\"twitter:label1\" content=\"Est. reading time\" \/>\n\t<meta name=\"twitter:data1\" content=\"1 minute\" \/>\n<script type=\"application\/ld+json\" class=\"yoast-schema-graph\">{\"@context\":\"https:\\\/\\\/schema.org\",\"@graph\":[{\"@type\":\"WebPage\",\"@id\":\"https:\\\/\\\/lisbonpubliclaw.pt\\\/lisbon-digital-rights\\\/blog\\\/\",\"url\":\"https:\\\/\\\/lisbonpubliclaw.pt\\\/lisbon-digital-rights\\\/blog\\\/\",\"name\":\"Blog - Lisbon Public Law\",\"isPartOf\":{\"@id\":\"https:\\\/\\\/lisbonpubliclaw.pt\\\/#website\"},\"primaryImageOfPage\":{\"@id\":\"https:\\\/\\\/lisbonpubliclaw.pt\\\/lisbon-digital-rights\\\/blog\\\/#primaryimage\"},\"image\":{\"@id\":\"https:\\\/\\\/lisbonpubliclaw.pt\\\/lisbon-digital-rights\\\/blog\\\/#primaryimage\"},\"thumbnailUrl\":\"https:\\\/\\\/lisbonpubliclaw.pt\\\/wp-content\\\/uploads\\\/2023\\\/12\\\/LOGO-DR-NOVO-02-1.png\",\"datePublished\":\"2023-12-15T12:18:12+00:00\",\"dateModified\":\"2023-12-18T14:53:16+00:00\",\"breadcrumb\":{\"@id\":\"https:\\\/\\\/lisbonpubliclaw.pt\\\/lisbon-digital-rights\\\/blog\\\/#breadcrumb\"},\"inLanguage\":\"en-US\",\"potentialAction\":[{\"@type\":\"ReadAction\",\"target\":[\"https:\\\/\\\/lisbonpubliclaw.pt\\\/lisbon-digital-rights\\\/blog\\\/\"]}]},{\"@type\":\"ImageObject\",\"inLanguage\":\"en-US\",\"@id\":\"https:\\\/\\\/lisbonpubliclaw.pt\\\/lisbon-digital-rights\\\/blog\\\/#primaryimage\",\"url\":\"https:\\\/\\\/lisbonpubliclaw.pt\\\/wp-content\\\/uploads\\\/2023\\\/12\\\/LOGO-DR-NOVO-02-1.png\",\"contentUrl\":\"https:\\\/\\\/lisbonpubliclaw.pt\\\/wp-content\\\/uploads\\\/2023\\\/12\\\/LOGO-DR-NOVO-02-1.png\"},{\"@type\":\"BreadcrumbList\",\"@id\":\"https:\\\/\\\/lisbonpubliclaw.pt\\\/lisbon-digital-rights\\\/blog\\\/#breadcrumb\",\"itemListElement\":[{\"@type\":\"ListItem\",\"position\":1,\"name\":\"Home\",\"item\":\"https:\\\/\\\/lisbonpubliclaw.pt\\\/\"},{\"@type\":\"ListItem\",\"position\":2,\"name\":\"Lisbon Digital Rights\",\"item\":\"https:\\\/\\\/lisbonpubliclaw.pt\\\/lisbon-digital-rights\\\/\"},{\"@type\":\"ListItem\",\"position\":3,\"name\":\"Blog\"}]},{\"@type\":\"WebSite\",\"@id\":\"https:\\\/\\\/lisbonpubliclaw.pt\\\/#website\",\"url\":\"https:\\\/\\\/lisbonpubliclaw.pt\\\/\",\"name\":\"Lisbon Public Law\",\"description\":\"Public Law Research Centre in Lisbon\",\"publisher\":{\"@id\":\"https:\\\/\\\/lisbonpubliclaw.pt\\\/#organization\"},\"potentialAction\":[{\"@type\":\"SearchAction\",\"target\":{\"@type\":\"EntryPoint\",\"urlTemplate\":\"https:\\\/\\\/lisbonpubliclaw.pt\\\/?s={search_term_string}\"},\"query-input\":{\"@type\":\"PropertyValueSpecification\",\"valueRequired\":true,\"valueName\":\"search_term_string\"}}],\"inLanguage\":\"en-US\"},{\"@type\":\"Organization\",\"@id\":\"https:\\\/\\\/lisbonpubliclaw.pt\\\/#organization\",\"name\":\"Lisbon Public Law\",\"url\":\"https:\\\/\\\/lisbonpubliclaw.pt\\\/\",\"logo\":{\"@type\":\"ImageObject\",\"inLanguage\":\"en-US\",\"@id\":\"https:\\\/\\\/lisbonpubliclaw.pt\\\/#\\\/schema\\\/logo\\\/image\\\/\",\"url\":\"https:\\\/\\\/lisbonpubliclaw.pt\\\/wp-content\\\/uploads\\\/2023\\\/06\\\/WhatsApp-Image-2023-06-19-at-11.01.50-1.jpeg\",\"contentUrl\":\"https:\\\/\\\/lisbonpubliclaw.pt\\\/wp-content\\\/uploads\\\/2023\\\/06\\\/WhatsApp-Image-2023-06-19-at-11.01.50-1.jpeg\",\"width\":354,\"height\":354,\"caption\":\"Lisbon Public Law\"},\"image\":{\"@id\":\"https:\\\/\\\/lisbonpubliclaw.pt\\\/#\\\/schema\\\/logo\\\/image\\\/\"}}]}<\/script>\n<!-- \/ Yoast SEO plugin. -->","yoast_head_json":{"title":"Blog - Lisbon Public Law","robots":{"index":"index","follow":"follow","max-snippet":"max-snippet:-1","max-image-preview":"max-image-preview:large","max-video-preview":"max-video-preview:-1"},"canonical":"https:\/\/lisbonpubliclaw.pt\/en\/lisbon-digital-rights\/blog\/","og_locale":"en_US","og_type":"article","og_title":"Blog - Lisbon Public Law","og_description":"Blog Filtro por Ano Selecionar Ano 15 Dezembro 2023","og_url":"https:\/\/lisbonpubliclaw.pt\/en\/lisbon-digital-rights\/blog\/","og_site_name":"Lisbon Public Law","article_modified_time":"2023-12-18T14:53:16+00:00","og_image":[{"url":"https:\/\/lisbonpubliclaw.pt\/wp-content\/uploads\/2023\/12\/LOGO-DR-NOVO-02-1.png","type":"","width":"","height":""}],"twitter_card":"summary_large_image","twitter_misc":{"Est. reading time":"1 minute"},"schema":{"@context":"https:\/\/schema.org","@graph":[{"@type":"WebPage","@id":"https:\/\/lisbonpubliclaw.pt\/lisbon-digital-rights\/blog\/","url":"https:\/\/lisbonpubliclaw.pt\/lisbon-digital-rights\/blog\/","name":"Blog - Lisbon Public Law","isPartOf":{"@id":"https:\/\/lisbonpubliclaw.pt\/#website"},"primaryImageOfPage":{"@id":"https:\/\/lisbonpubliclaw.pt\/lisbon-digital-rights\/blog\/#primaryimage"},"image":{"@id":"https:\/\/lisbonpubliclaw.pt\/lisbon-digital-rights\/blog\/#primaryimage"},"thumbnailUrl":"https:\/\/lisbonpubliclaw.pt\/wp-content\/uploads\/2023\/12\/LOGO-DR-NOVO-02-1.png","datePublished":"2023-12-15T12:18:12+00:00","dateModified":"2023-12-18T14:53:16+00:00","breadcrumb":{"@id":"https:\/\/lisbonpubliclaw.pt\/lisbon-digital-rights\/blog\/#breadcrumb"},"inLanguage":"en-US","potentialAction":[{"@type":"ReadAction","target":["https:\/\/lisbonpubliclaw.pt\/lisbon-digital-rights\/blog\/"]}]},{"@type":"ImageObject","inLanguage":"en-US","@id":"https:\/\/lisbonpubliclaw.pt\/lisbon-digital-rights\/blog\/#primaryimage","url":"https:\/\/lisbonpubliclaw.pt\/wp-content\/uploads\/2023\/12\/LOGO-DR-NOVO-02-1.png","contentUrl":"https:\/\/lisbonpubliclaw.pt\/wp-content\/uploads\/2023\/12\/LOGO-DR-NOVO-02-1.png"},{"@type":"BreadcrumbList","@id":"https:\/\/lisbonpubliclaw.pt\/lisbon-digital-rights\/blog\/#breadcrumb","itemListElement":[{"@type":"ListItem","position":1,"name":"Home","item":"https:\/\/lisbonpubliclaw.pt\/"},{"@type":"ListItem","position":2,"name":"Lisbon Digital Rights","item":"https:\/\/lisbonpubliclaw.pt\/lisbon-digital-rights\/"},{"@type":"ListItem","position":3,"name":"Blog"}]},{"@type":"WebSite","@id":"https:\/\/lisbonpubliclaw.pt\/#website","url":"https:\/\/lisbonpubliclaw.pt\/","name":"Lisbon Public Law","description":"Public Law Research Centre in Lisbon","publisher":{"@id":"https:\/\/lisbonpubliclaw.pt\/#organization"},"potentialAction":[{"@type":"SearchAction","target":{"@type":"EntryPoint","urlTemplate":"https:\/\/lisbonpubliclaw.pt\/?s={search_term_string}"},"query-input":{"@type":"PropertyValueSpecification","valueRequired":true,"valueName":"search_term_string"}}],"inLanguage":"en-US"},{"@type":"Organization","@id":"https:\/\/lisbonpubliclaw.pt\/#organization","name":"Lisbon Public Law","url":"https:\/\/lisbonpubliclaw.pt\/","logo":{"@type":"ImageObject","inLanguage":"en-US","@id":"https:\/\/lisbonpubliclaw.pt\/#\/schema\/logo\/image\/","url":"https:\/\/lisbonpubliclaw.pt\/wp-content\/uploads\/2023\/06\/WhatsApp-Image-2023-06-19-at-11.01.50-1.jpeg","contentUrl":"https:\/\/lisbonpubliclaw.pt\/wp-content\/uploads\/2023\/06\/WhatsApp-Image-2023-06-19-at-11.01.50-1.jpeg","width":354,"height":354,"caption":"Lisbon Public Law"},"image":{"@id":"https:\/\/lisbonpubliclaw.pt\/#\/schema\/logo\/image\/"}}]}},"_links":{"self":[{"href":"https:\/\/lisbonpubliclaw.pt\/en\/wp-json\/wp\/v2\/pages\/5388","targetHints":{"allow":["GET"]}}],"collection":[{"href":"https:\/\/lisbonpubliclaw.pt\/en\/wp-json\/wp\/v2\/pages"}],"about":[{"href":"https:\/\/lisbonpubliclaw.pt\/en\/wp-json\/wp\/v2\/types\/page"}],"author":[{"embeddable":true,"href":"https:\/\/lisbonpubliclaw.pt\/en\/wp-json\/wp\/v2\/users\/1"}],"replies":[{"embeddable":true,"href":"https:\/\/lisbonpubliclaw.pt\/en\/wp-json\/wp\/v2\/comments?post=5388"}],"version-history":[{"count":10,"href":"https:\/\/lisbonpubliclaw.pt\/en\/wp-json\/wp\/v2\/pages\/5388\/revisions"}],"predecessor-version":[{"id":5495,"href":"https:\/\/lisbonpubliclaw.pt\/en\/wp-json\/wp\/v2\/pages\/5388\/revisions\/5495"}],"up":[{"embeddable":true,"href":"https:\/\/lisbonpubliclaw.pt\/en\/wp-json\/wp\/v2\/pages\/5029"}],"wp:attachment":[{"href":"https:\/\/lisbonpubliclaw.pt\/en\/wp-json\/wp\/v2\/media?parent=5388"}],"wp:term":[{"taxonomy":"cluster","embeddable":true,"href":"https:\/\/lisbonpubliclaw.pt\/en\/wp-json\/wp\/v2\/cluster?post=5388"},{"taxonomy":"grupo-de-investigacao","embeddable":true,"href":"https:\/\/lisbonpubliclaw.pt\/en\/wp-json\/wp\/v2\/grupo-de-investigacao?post=5388"}],"curies":[{"name":"wp","href":"https:\/\/api.w.org\/{rel}","templated":true}]}}