{"id":4625,"date":"2023-10-02T13:33:33","date_gmt":"2023-10-02T13:33:33","guid":{"rendered":"https:\/\/lisbonpubliclaw.pt\/?page_id=4625"},"modified":"2025-05-21T14:53:13","modified_gmt":"2025-05-21T14:53:13","slug":"noticias","status":"publish","type":"page","link":"https:\/\/lisbonpubliclaw.pt\/en\/lisbon-environmental-law\/noticias\/","title":{"rendered":"News"},"content":{"rendered":"\t\t<div data-elementor-type=\"wp-page\" data-elementor-id=\"4625\" class=\"elementor elementor-4625\" data-elementor-post-type=\"page\">\n\t\t\t\t<div class=\"elementor-element elementor-element-3524e12 e-con-full e-flex e-con e-parent\" data-id=\"3524e12\" data-element_type=\"container\" data-settings=\"{&quot;jet_parallax_layout_list&quot;:[],&quot;background_background&quot;:&quot;classic&quot;}\">\n\t\t<div class=\"elementor-element elementor-element-ef9bbd3 e-con-full e-flex e-con e-child\" data-id=\"ef9bbd3\" data-element_type=\"container\" data-settings=\"{&quot;jet_parallax_layout_list&quot;:[]}\">\n\t\t<div class=\"elementor-element elementor-element-081827a e-con-full e-flex e-con e-child\" data-id=\"081827a\" data-element_type=\"container\" data-settings=\"{&quot;jet_parallax_layout_list&quot;:[]}\">\n\t\t\t\t<div class=\"elementor-element elementor-element-7c674d3 elementor-widget elementor-widget-shortcode\" data-id=\"7c674d3\" data-element_type=\"widget\" data-widget_type=\"shortcode.default\">\n\t\t\t\t<div class=\"elementor-widget-container\">\n\t\t\t\t\t<div class=\"elementor-shortcode\">\t\t<div data-elementor-type=\"container\" data-elementor-id=\"4578\" class=\"elementor elementor-4578\" data-elementor-post-type=\"elementor_library\">\n\t\t\t\t<div class=\"elementor-element elementor-element-29821f2 e-con-full e-flex e-con e-parent\" data-id=\"29821f2\" data-element_type=\"container\" data-settings=\"{&quot;jet_parallax_layout_list&quot;:[]}\">\n\t\t<div class=\"elementor-element elementor-element-c29427e e-flex e-con-boxed e-con e-child\" data-id=\"c29427e\" data-element_type=\"container\" data-settings=\"{&quot;background_background&quot;:&quot;classic&quot;,&quot;jet_parallax_layout_list&quot;:[]}\">\n\t\t\t\t\t<div class=\"e-con-inner\">\n\t\t\t\t<div class=\"elementor-element elementor-element-2ea38d4 elementor-widget elementor-widget-heading\" data-id=\"2ea38d4\" data-element_type=\"widget\" data-widget_type=\"heading.default\">\n\t\t\t\t<div class=\"elementor-widget-container\">\n\t\t\t<h2 class=\"elementor-heading-title elementor-size-default\"><a href=\"https:\/\/lisbonpubliclaw.pt\/lisbon-environmental-law\/equipa\/\">EQUIPA<\/a><\/h2>\t\t<\/div>\n\t\t\t\t<\/div>\n\t\t\t\t\t<\/div>\n\t\t\t\t<\/div>\n\t\t<div class=\"elementor-element elementor-element-eb4fece e-flex e-con-boxed e-con e-child\" data-id=\"eb4fece\" data-element_type=\"container\" data-settings=\"{&quot;background_background&quot;:&quot;classic&quot;,&quot;jet_parallax_layout_list&quot;:[]}\">\n\t\t\t\t\t<div class=\"e-con-inner\">\n\t\t\t\t<div class=\"elementor-element elementor-element-7b8ef2c elementor-widget elementor-widget-heading\" data-id=\"7b8ef2c\" data-element_type=\"widget\" data-widget_type=\"heading.default\">\n\t\t\t\t<div class=\"elementor-widget-container\">\n\t\t\t<h2 class=\"elementor-heading-title elementor-size-default\"><a href=\"https:\/\/lisbonpubliclaw.pt\/lisbon-environmental-law\/projetos\/\">PROJETOS<\/a><\/h2>\t\t<\/div>\n\t\t\t\t<\/div>\n\t\t\t\t\t<\/div>\n\t\t\t\t<\/div>\n\t\t<div class=\"elementor-element elementor-element-f296c85 e-flex e-con-boxed e-con e-child\" data-id=\"f296c85\" data-element_type=\"container\" data-settings=\"{&quot;background_background&quot;:&quot;classic&quot;,&quot;jet_parallax_layout_list&quot;:[]}\">\n\t\t\t\t\t<div class=\"e-con-inner\">\n\t\t\t\t<div class=\"elementor-element elementor-element-1a52302 elementor-widget elementor-widget-heading\" data-id=\"1a52302\" data-element_type=\"widget\" data-widget_type=\"heading.default\">\n\t\t\t\t<div class=\"elementor-widget-container\">\n\t\t\t<h2 class=\"elementor-heading-title elementor-size-default\"><a href=\"https:\/\/lisbonpubliclaw.pt\/lisbon-environmental-law\/publicacoes\/\">PUBLICA\u00c7\u00d5ES<\/a><\/h2>\t\t<\/div>\n\t\t\t\t<\/div>\n\t\t\t\t\t<\/div>\n\t\t\t\t<\/div>\n\t\t<div class=\"elementor-element elementor-element-1954635 e-flex e-con-boxed e-con e-child\" data-id=\"1954635\" data-element_type=\"container\" data-settings=\"{&quot;background_background&quot;:&quot;classic&quot;,&quot;jet_parallax_layout_list&quot;:[]}\">\n\t\t\t\t\t<div class=\"e-con-inner\">\n\t\t\t\t<div class=\"elementor-element elementor-element-d697786 elementor-widget elementor-widget-heading\" data-id=\"d697786\" data-element_type=\"widget\" data-widget_type=\"heading.default\">\n\t\t\t\t<div class=\"elementor-widget-container\">\n\t\t\t<h2 class=\"elementor-heading-title elementor-size-default\"><a href=\"https:\/\/lisbonpubliclaw.pt\/lisbon-environmental-law\/eventos\/\">EVENTOS<\/a><\/h2>\t\t<\/div>\n\t\t\t\t<\/div>\n\t\t\t\t\t<\/div>\n\t\t\t\t<\/div>\n\t\t<div class=\"elementor-element elementor-element-6239b56 e-flex e-con-boxed e-con e-child\" data-id=\"6239b56\" data-element_type=\"container\" data-settings=\"{&quot;background_background&quot;:&quot;classic&quot;,&quot;jet_parallax_layout_list&quot;:[]}\">\n\t\t\t\t\t<div class=\"e-con-inner\">\n\t\t\t\t<div class=\"elementor-element elementor-element-a4af077 elementor-widget elementor-widget-heading\" data-id=\"a4af077\" data-element_type=\"widget\" data-widget_type=\"heading.default\">\n\t\t\t\t<div class=\"elementor-widget-container\">\n\t\t\t<h2 class=\"elementor-heading-title elementor-size-default\"><a href=\"https:\/\/lisbonpubliclaw.pt\/lisbon-environmental-law\/noticias\/\">NOT\u00cdCIAS<\/a><\/h2>\t\t<\/div>\n\t\t\t\t<\/div>\n\t\t\t\t\t<\/div>\n\t\t\t\t<\/div>\n\t\t<div class=\"elementor-element elementor-element-a8b8d6c e-flex e-con-boxed e-con e-child\" data-id=\"a8b8d6c\" data-element_type=\"container\" data-settings=\"{&quot;background_background&quot;:&quot;classic&quot;,&quot;jet_parallax_layout_list&quot;:[]}\">\n\t\t\t\t\t<div class=\"e-con-inner\">\n\t\t\t\t<div class=\"elementor-element elementor-element-f582fd5 elementor-widget elementor-widget-heading\" data-id=\"f582fd5\" data-element_type=\"widget\" data-widget_type=\"heading.default\">\n\t\t\t\t<div class=\"elementor-widget-container\">\n\t\t\t<h2 class=\"elementor-heading-title elementor-size-default\"><a href=\"https:\/\/lisbonpubliclaw.pt\/en\/lisbon-environmental-law\/data-bases\/\">Bases de Dados<\/a><\/h2>\t\t<\/div>\n\t\t\t\t<\/div>\n\t\t\t\t\t<\/div>\n\t\t\t\t<\/div>\n\t\t\t\t<\/div>\n\t\t\t\t<\/div>\n\t\t<\/div>\n\t\t\t\t<\/div>\n\t\t\t\t<\/div>\n\t\t\t\t<\/div>\n\t\t\t\t<\/div>\n\t\t\t\t<\/div>\n\t\t<div class=\"elementor-element elementor-element-c91985a e-flex e-con-boxed e-con e-parent\" data-id=\"c91985a\" data-element_type=\"container\" data-settings=\"{&quot;jet_parallax_layout_list&quot;:[]}\">\n\t\t\t\t\t<div class=\"e-con-inner\">\n\t\t<div class=\"elementor-element elementor-element-c86f0ee e-flex e-con-boxed e-con e-child\" data-id=\"c86f0ee\" data-element_type=\"container\" data-settings=\"{&quot;jet_parallax_layout_list&quot;:[]}\">\n\t\t\t\t\t<div class=\"e-con-inner\">\n\t\t<div class=\"elementor-element elementor-element-bbcb7f7 e-con-full e-flex e-con e-child\" data-id=\"bbcb7f7\" data-element_type=\"container\" data-settings=\"{&quot;jet_parallax_layout_list&quot;:[]}\">\n\t\t\t\t<div class=\"elementor-element elementor-element-49a9967 elementor-widget elementor-widget-spacer\" data-id=\"49a9967\" data-element_type=\"widget\" data-widget_type=\"spacer.default\">\n\t\t\t\t<div class=\"elementor-widget-container\">\n\t\t\t\t\t<div class=\"elementor-spacer\">\n\t\t\t<div class=\"elementor-spacer-inner\"><\/div>\n\t\t<\/div>\n\t\t\t\t<\/div>\n\t\t\t\t<\/div>\n\t\t\t\t<\/div>\n\t\t\t\t\t<\/div>\n\t\t\t\t<\/div>\n\t\t<div class=\"elementor-element elementor-element-9f1080d e-flex e-con-boxed e-con e-child\" data-id=\"9f1080d\" data-element_type=\"container\" data-settings=\"{&quot;jet_parallax_layout_list&quot;:[]}\">\n\t\t\t\t\t<div class=\"e-con-inner\">\n\t\t<div class=\"elementor-element elementor-element-f548564 e-con-full e-flex e-con e-child\" data-id=\"f548564\" data-element_type=\"container\" data-settings=\"{&quot;jet_parallax_layout_list&quot;:[]}\">\n\t\t\t\t<div class=\"elementor-element elementor-element-f9e0312 elementor-widget elementor-widget-breadcrumbs\" data-id=\"f9e0312\" data-element_type=\"widget\" data-widget_type=\"breadcrumbs.default\">\n\t\t\t\t<div class=\"elementor-widget-container\">\n\t\t\t<p id=\"breadcrumbs\"><span><span><a href=\"https:\/\/lisbonpubliclaw.pt\/\">Home<\/a><\/span><\/span><\/p>\t\t<\/div>\n\t\t\t\t<\/div>\n\t\t\t\t<div class=\"elementor-element elementor-element-90ee8d2 elementor-widget elementor-widget-image\" data-id=\"90ee8d2\" data-element_type=\"widget\" data-widget_type=\"image.default\">\n\t\t\t\t<div class=\"elementor-widget-container\">\n\t\t\t\t\t\t\t\t\t\t\t\t\t\t<a href=\"https:\/\/lisbonpubliclaw.pt\/lisbon-environmental-law\">\n\t\t\t\t\t\t\t<img fetchpriority=\"high\" decoding=\"async\" width=\"1670\" height=\"560\" src=\"https:\/\/lisbonpubliclaw.pt\/wp-content\/uploads\/2023\/10\/logo_LEL.png\" class=\"attachment-full size-full wp-image-4812\" alt=\"\" srcset=\"https:\/\/lisbonpubliclaw.pt\/wp-content\/uploads\/2023\/10\/logo_LEL.png 1670w, https:\/\/lisbonpubliclaw.pt\/wp-content\/uploads\/2023\/10\/logo_LEL-300x101.png 300w, https:\/\/lisbonpubliclaw.pt\/wp-content\/uploads\/2023\/10\/logo_LEL-1024x343.png 1024w, https:\/\/lisbonpubliclaw.pt\/wp-content\/uploads\/2023\/10\/logo_LEL-768x258.png 768w, https:\/\/lisbonpubliclaw.pt\/wp-content\/uploads\/2023\/10\/logo_LEL-1536x515.png 1536w, https:\/\/lisbonpubliclaw.pt\/wp-content\/uploads\/2023\/10\/logo_LEL-18x6.png 18w, https:\/\/lisbonpubliclaw.pt\/wp-content\/uploads\/2023\/10\/logo_LEL-600x201.png 600w\" sizes=\"(max-width: 1670px) 100vw, 1670px\" \/>\t\t\t\t\t\t\t\t<\/a>\n\t\t\t\t\t\t\t\t\t\t\t\t\t<\/div>\n\t\t\t\t<\/div>\n\t\t\t\t<div class=\"elementor-element elementor-element-af1832c elementor-widget elementor-widget-spacer\" data-id=\"af1832c\" data-element_type=\"widget\" data-widget_type=\"spacer.default\">\n\t\t\t\t<div class=\"elementor-widget-container\">\n\t\t\t\t\t<div class=\"elementor-spacer\">\n\t\t\t<div class=\"elementor-spacer-inner\"><\/div>\n\t\t<\/div>\n\t\t\t\t<\/div>\n\t\t\t\t<\/div>\n\t\t\t\t<div class=\"elementor-element elementor-element-3eaec33 elementor-widget elementor-widget-heading\" data-id=\"3eaec33\" data-element_type=\"widget\" data-widget_type=\"heading.default\">\n\t\t\t\t<div class=\"elementor-widget-container\">\n\t\t\t<h1 class=\"elementor-heading-title elementor-size-default\">Not\u00edcias<\/h1>\t\t<\/div>\n\t\t\t\t<\/div>\n\t\t\t\t<\/div>\n\t\t<div class=\"elementor-element elementor-element-6a630c1 e-con-full e-flex e-con e-child\" data-id=\"6a630c1\" data-element_type=\"container\" data-settings=\"{&quot;jet_parallax_layout_list&quot;:[]}\">\n\t\t\t\t<div class=\"elementor-element elementor-element-1138cc8 elementor-widget elementor-widget-jet-smart-filters-date-period\" data-id=\"1138cc8\" data-element_type=\"widget\" data-widget_type=\"jet-smart-filters-date-period.default\">\n\t\t\t\t<div class=\"elementor-widget-container\">\n\t\t\t<div class=\"jet-smart-filters-date-period jet-filter \" data-indexer-rule=\"show\" data-show-counter=\"\" data-change-counter=\"always\"><div class=\"jet-filter-label\">Filtro por Ano<\/div>\n<div class=\"jet-date-period button-icon-position-left\" data-query-type=\"date_query\" data-query-var=\"\" data-smart-filter=\"date-period\" data-filter-id=\"794\" data-apply-type=\"ajax\" data-content-provider=\"jet-engine\" data-additional-providers=\"\" data-query-id=\"default\" data-active-label=\"Filtro por Ano\" data-layout-options=\"{&quot;show_label&quot;:true,&quot;display_options&quot;:{&quot;show_items_label&quot;:false,&quot;show_decorator&quot;:false,&quot;filter_image_size&quot;:&quot;full&quot;,&quot;show_counter&quot;:false}}\" data-query-var-suffix=\"date\" data-apply-on=\"value\" data-period-type=\"year\">\n\t<div class=\"jet-date-period__wrapper\">\n\t\t<div class=\"jet-date-period__prev\" ><svg width=\"21\" height=\"28\" viewBox=\"0 0 21 28\" xmlns=\"http:\/\/www.w3.org\/2000\/svg\">\n\t<path d=\"M18.297 4.703l-8.297 8.297 8.297 8.297c0.391 0.391 0.391 1.016 0 1.406l-2.594 2.594c-0.391 0.391-1.016 0.391-1.406 0l-11.594-11.594c-0.391-0.391-0.391-1.016 0-1.406l11.594-11.594c0.391-0.391 1.016-0.391 1.406 0l2.594 2.594c0.391 0.391 0.391 1.016 0 1.406z\"><\/path>\n<\/svg>\n<\/div>\n\t\t<div class=\"jet-date-period__datepicker date\">\n\t\t\t<div class=\"jet-date-period__datepicker-button input-group-addon\" >\n\t\t\t\tSelecionar Ano\t\t\t\t<svg width=\"18\" height=\"28\" viewBox=\"0 0 18 28\" xmlns=\"http:\/\/www.w3.org\/2000\/svg\">\n\t<path d=\"M16.797 11.5c0 0.125-0.063 0.266-0.156 0.359l-7.281 7.281c-0.094 0.094-0.234 0.156-0.359 0.156s-0.266-0.063-0.359-0.156l-7.281-7.281c-0.094-0.094-0.156-0.234-0.156-0.359s0.063-0.266 0.156-0.359l0.781-0.781c0.094-0.094 0.219-0.156 0.359-0.156 0.125 0 0.266 0.063 0.359 0.156l6.141 6.141 6.141-6.141c0.094-0.094 0.234-0.156 0.359-0.156s0.266 0.063 0.359 0.156l0.781 0.781c0.094 0.094 0.156 0.234 0.156 0.359z\"><\/path>\n<\/svg>\n\t\t\t<\/div>\n\t\t\t<input\n\t\t\t\tclass=\"jet-date-period__datepicker-input\"\n\t\t\t\tname=\"\"\n\t\t\t\tvalue=\"\"\n\t\t\t\taria-label=\"Filtro por Ano\"\n\t\t\t\ttype=\"hidden\"\n\t\t\t\ttabindex=\"-1\"\n\t\t\t\tdata-format=\"yy\"\n\t\t\t\t\t\t\t\t\t\t\t\treadonly\n\t\t\t>\n\t\t<\/div>\n\t\t<div class=\"jet-date-period__next\" ><svg width=\"19\" height=\"28\" viewBox=\"0 0 19 28\" xmlns=\"http:\/\/www.w3.org\/2000\/svg\">\n\t<path d=\"M17.297 13.703l-11.594 11.594c-0.391 0.391-1.016 0.391-1.406 0l-2.594-2.594c-0.391-0.391-0.391-1.016 0-1.406l8.297-8.297-8.297-8.297c-0.391-0.391-0.391-1.016 0-1.406l2.594-2.594c0.391-0.391 1.016-0.391 1.406 0l11.594 11.594c0.391 0.391 0.391 1.016 0 1.406z\"><\/path>\n<\/svg>\n<\/div>\n\t<\/div>\n<\/div>\n<\/div>\t\t<\/div>\n\t\t\t\t<\/div>\n\t\t\t\t<\/div>\n\t\t\t\t\t<\/div>\n\t\t\t\t<\/div>\n\t\t\t\t\t<\/div>\n\t\t\t\t<\/div>\n\t\t<div class=\"elementor-element elementor-element-81ec860 e-flex e-con-boxed e-con e-parent\" data-id=\"81ec860\" data-element_type=\"container\" data-settings=\"{&quot;jet_parallax_layout_list&quot;:[]}\">\n\t\t\t\t\t<div class=\"e-con-inner\">\n\t\t<div class=\"elementor-element elementor-element-acf2374 e-flex e-con-boxed e-con e-child\" data-id=\"acf2374\" data-element_type=\"container\" data-settings=\"{&quot;jet_parallax_layout_list&quot;:[]}\">\n\t\t\t\t\t<div class=\"e-con-inner\">\n\t\t\t\t<div class=\"elementor-element elementor-element-3e92902 elementor-widget-divider--view-line elementor-widget elementor-widget-divider\" data-id=\"3e92902\" data-element_type=\"widget\" data-widget_type=\"divider.default\">\n\t\t\t\t<div class=\"elementor-widget-container\">\n\t\t\t\t\t<div class=\"elementor-divider\">\n\t\t\t<span class=\"elementor-divider-separator\">\n\t\t\t\t\t\t<\/span>\n\t\t<\/div>\n\t\t\t\t<\/div>\n\t\t\t\t<\/div>\n\t\t\t\t\t<\/div>\n\t\t\t\t<\/div>\n\t\t\t\t\t<\/div>\n\t\t\t\t<\/div>\n\t\t<div class=\"elementor-element elementor-element-5f881f2 e-flex e-con-boxed e-con e-parent\" data-id=\"5f881f2\" data-element_type=\"container\" data-settings=\"{&quot;jet_parallax_layout_list&quot;:[]}\">\n\t\t\t\t\t<div class=\"e-con-inner\">\n\t\t\t\t<div class=\"elementor-element elementor-element-705e5bd elementor-widget elementor-widget-jet-listing-grid\" data-id=\"705e5bd\" data-element_type=\"widget\" data-settings=\"{&quot;columns&quot;:&quot;4&quot;,&quot;columns_tablet&quot;:&quot;2&quot;,&quot;columns_mobile&quot;:&quot;1&quot;}\" data-widget_type=\"jet-listing-grid.default\">\n\t\t\t\t<div class=\"elementor-widget-container\">\n\t\t\t<div class=\"jet-listing-grid jet-listing\"><div class=\"jet-listing-grid__items grid-col-desk-4 grid-col-tablet-2 grid-col-mobile-1 jet-listing-grid--3139\" data-queried-id=\"4625|WP_Post\" data-nav=\"{&quot;enabled&quot;:false,&quot;type&quot;:null,&quot;more_el&quot;:null,&quot;query&quot;:[],&quot;widget_settings&quot;:{&quot;lisitng_id&quot;:3139,&quot;posts_num&quot;:200,&quot;columns&quot;:4,&quot;columns_tablet&quot;:2,&quot;columns_mobile&quot;:1,&quot;is_archive_template&quot;:&quot;&quot;,&quot;post_status&quot;:[&quot;publish&quot;],&quot;use_random_posts_num&quot;:&quot;&quot;,&quot;max_posts_num&quot;:9,&quot;not_found_message&quot;:&quot;No data was found&quot;,&quot;is_masonry&quot;:false,&quot;equal_columns_height&quot;:&quot;&quot;,&quot;use_load_more&quot;:&quot;&quot;,&quot;load_more_id&quot;:&quot;&quot;,&quot;load_more_type&quot;:&quot;click&quot;,&quot;load_more_offset&quot;:{&quot;unit&quot;:&quot;px&quot;,&quot;size&quot;:0,&quot;sizes&quot;:[]},&quot;use_custom_post_types&quot;:&quot;&quot;,&quot;custom_post_types&quot;:[],&quot;hide_widget_if&quot;:&quot;&quot;,&quot;carousel_enabled&quot;:&quot;&quot;,&quot;slides_to_scroll&quot;:&quot;1&quot;,&quot;arrows&quot;:&quot;true&quot;,&quot;arrow_icon&quot;:&quot;fa fa-angle-left&quot;,&quot;dots&quot;:&quot;&quot;,&quot;autoplay&quot;:&quot;true&quot;,&quot;pause_on_hover&quot;:&quot;true&quot;,&quot;autoplay_speed&quot;:5000,&quot;infinite&quot;:&quot;true&quot;,&quot;center_mode&quot;:&quot;&quot;,&quot;effect&quot;:&quot;slide&quot;,&quot;speed&quot;:500,&quot;inject_alternative_items&quot;:&quot;&quot;,&quot;injection_items&quot;:[],&quot;scroll_slider_enabled&quot;:&quot;&quot;,&quot;scroll_slider_on&quot;:[&quot;desktop&quot;,&quot;tablet&quot;,&quot;mobile&quot;],&quot;custom_query&quot;:false,&quot;custom_query_id&quot;:&quot;5&quot;,&quot;_element_id&quot;:&quot;&quot;}}\" data-page=\"1\" data-pages=\"1\" data-listing-source=\"posts\" data-listing-id=\"3139\" data-query-id=\"\"><div class=\"jet-listing-grid__item jet-listing-dynamic-post-10675\" data-post-id=\"10675\" >\t\t<div data-elementor-type=\"jet-listing-items\" data-elementor-id=\"3139\" class=\"elementor elementor-3139\" data-elementor-post-type=\"jet-engine\">\n\t\t\t\t<div class=\"elementor-element elementor-element-afad250 e-con-full e-flex e-con e-parent\" data-id=\"afad250\" data-element_type=\"container\" data-settings=\"{&quot;jet_parallax_layout_list&quot;:[]}\">\n\t\t\t\t<div class=\"elementor-element elementor-element-2df3d38 elementor-widget elementor-widget-jet-listing-dynamic-image\" data-id=\"2df3d38\" data-element_type=\"widget\" data-widget_type=\"jet-listing-dynamic-image.default\">\n\t\t\t\t<div class=\"elementor-widget-container\">\n\t\t\t<div class=\"jet-listing jet-listing-dynamic-image\"><a href=\"https:\/\/lisbonpubliclaw.pt\/en\/noticias\/carla-amado-gomes-no-programa-linha-da-frente\/\" class=\"jet-listing-dynamic-image__link\"><img decoding=\"async\" width=\"1080\" height=\"1080\" src=\"https:\/\/lisbonpubliclaw.pt\/wp-content\/uploads\/2025\/07\/493096920_1281590903968894_9117038501203208781_n-1.jpg\" class=\"jet-listing-dynamic-image__img attachment-full size-full\" alt=\"493096920_1281590903968894_9117038501203208781_n\" srcset=\"https:\/\/lisbonpubliclaw.pt\/wp-content\/uploads\/2025\/07\/493096920_1281590903968894_9117038501203208781_n-1.jpg 1080w, https:\/\/lisbonpubliclaw.pt\/wp-content\/uploads\/2025\/07\/493096920_1281590903968894_9117038501203208781_n-1-300x300.jpg 300w, https:\/\/lisbonpubliclaw.pt\/wp-content\/uploads\/2025\/07\/493096920_1281590903968894_9117038501203208781_n-1-1024x1024.jpg 1024w, https:\/\/lisbonpubliclaw.pt\/wp-content\/uploads\/2025\/07\/493096920_1281590903968894_9117038501203208781_n-1-150x150.jpg 150w, https:\/\/lisbonpubliclaw.pt\/wp-content\/uploads\/2025\/07\/493096920_1281590903968894_9117038501203208781_n-1-768x768.jpg 768w, https:\/\/lisbonpubliclaw.pt\/wp-content\/uploads\/2025\/07\/493096920_1281590903968894_9117038501203208781_n-1-12x12.jpg 12w, https:\/\/lisbonpubliclaw.pt\/wp-content\/uploads\/2025\/07\/493096920_1281590903968894_9117038501203208781_n-1-230x230.jpg 230w, https:\/\/lisbonpubliclaw.pt\/wp-content\/uploads\/2025\/07\/493096920_1281590903968894_9117038501203208781_n-1-400x400.jpg 400w, https:\/\/lisbonpubliclaw.pt\/wp-content\/uploads\/2025\/07\/493096920_1281590903968894_9117038501203208781_n-1-600x600.jpg 600w, https:\/\/lisbonpubliclaw.pt\/wp-content\/uploads\/2025\/07\/493096920_1281590903968894_9117038501203208781_n-1-640x640.jpg 640w\" sizes=\"(max-width: 1080px) 100vw, 1080px\" loading=\"eager\" \/><\/a><\/div>\t\t<\/div>\n\t\t\t\t<\/div>\n\t\t\t\t<\/div>\n\t\t<div class=\"elementor-element elementor-element-c9b539d e-con-full e-flex e-con e-parent\" data-id=\"c9b539d\" data-element_type=\"container\" data-settings=\"{&quot;jet_parallax_layout_list&quot;:[],&quot;background_background&quot;:&quot;classic&quot;}\">\n\t\t\t\t<div class=\"elementor-element elementor-element-cd4a908 elementor-widget elementor-widget-jet-listing-dynamic-field\" data-id=\"cd4a908\" data-element_type=\"widget\" data-widget_type=\"jet-listing-dynamic-field.default\">\n\t\t\t\t<div class=\"elementor-widget-container\">\n\t\t\t<div class=\"jet-listing jet-listing-dynamic-field display-inline\"><div class=\"jet-listing-dynamic-field__inline-wrap\"><p class=\"jet-listing-dynamic-field__content\">12 December 2024<\/p><\/div><\/div>\t\t<\/div>\n\t\t\t\t<\/div>\n\t\t\t\t<div class=\"elementor-element elementor-element-fb701b4 elementor-widget elementor-widget-heading\" data-id=\"fb701b4\" data-element_type=\"widget\" data-widget_type=\"heading.default\">\n\t\t\t\t<div class=\"elementor-widget-container\">\n\t\t\t<h6 class=\"elementor-heading-title elementor-size-default\">Media | Carla Amado Gomes no programa &#8220;Linha da Frente&#8221;<\/h6>\t\t<\/div>\n\t\t\t\t<\/div>\n\t\t\t\t<div class=\"elementor-element elementor-element-b25cd35 elementor-widget elementor-widget-jet-button\" data-id=\"b25cd35\" data-element_type=\"widget\" data-widget_type=\"jet-button.default\">\n\t\t\t\t<div class=\"elementor-widget-container\">\n\t\t\t<div class=\"elementor-jet-button jet-elements\"><div class=\"jet-button__container\">\n\t<a class=\"jet-button__instance jet-button__instance--icon-left hover-effect-0\" href=\"https:\/\/lisbonpubliclaw.pt\/en\/noticias\/carla-amado-gomes-no-programa-linha-da-frente\/\">\n\t\t<div class=\"jet-button__plane jet-button__plane-normal\"><\/div>\n\t\t<div class=\"jet-button__plane jet-button__plane-hover\"><\/div>\n\t\t<div class=\"jet-button__state jet-button__state-normal\">\n\t\t\t<span class=\"jet-button__label\">Saber Mais<\/span>\t\t<\/div>\n\t\t<div class=\"jet-button__state jet-button__state-hover\">\n\t\t\t<span class=\"jet-button__label\">Saber Mais<\/span>\t\t<\/div>\n\t<\/a>\n<\/div>\n<\/div>\t\t<\/div>\n\t\t\t\t<\/div>\n\t\t<div class=\"elementor-element elementor-element-8c35e39 e-con-full e-flex e-con e-child\" data-id=\"8c35e39\" data-element_type=\"container\" data-settings=\"{&quot;background_background&quot;:&quot;classic&quot;,&quot;jet_parallax_layout_list&quot;:[]}\">\n\t\t\t\t<\/div>\n\t\t\t\t<\/div>\n\t\t\t\t<\/div>\n\t\t<\/div><div class=\"jet-listing-grid__item jet-listing-dynamic-post-6807\" data-post-id=\"6807\" ><style type=\"text\/css\">.jet-listing-dynamic-post-6807 .elementor-element.elementor-element-b25cd35 .jet-button__instance{border-color:#00414b;}<\/style>\t\t<div data-elementor-type=\"jet-listing-items\" data-elementor-id=\"3139\" class=\"elementor elementor-3139\" data-elementor-post-type=\"jet-engine\">\n\t\t\t\t<div class=\"elementor-element elementor-element-afad250 e-con-full e-flex e-con e-parent\" data-id=\"afad250\" data-element_type=\"container\" data-settings=\"{&quot;jet_parallax_layout_list&quot;:[]}\">\n\t\t\t\t<div class=\"elementor-element elementor-element-2df3d38 elementor-widget elementor-widget-jet-listing-dynamic-image\" data-id=\"2df3d38\" data-element_type=\"widget\" data-widget_type=\"jet-listing-dynamic-image.default\">\n\t\t\t\t<div class=\"elementor-widget-container\">\n\t\t\t<div class=\"jet-listing jet-listing-dynamic-image\"><a href=\"https:\/\/lisbonpubliclaw.pt\/en\/noticias\/seminarios-de-orientacao-em-direito-do-ambiente-24-25\/\" class=\"jet-listing-dynamic-image__link\"><img decoding=\"async\" width=\"1008\" height=\"1008\" src=\"https:\/\/lisbonpubliclaw.pt\/wp-content\/uploads\/2024\/10\/Seminar-LEL_24_25-e1728038083449.png\" class=\"jet-listing-dynamic-image__img attachment-full size-full\" alt=\"Seminar LEL_24_25\" srcset=\"https:\/\/lisbonpubliclaw.pt\/wp-content\/uploads\/2024\/10\/Seminar-LEL_24_25-e1728038083449.png 1008w, https:\/\/lisbonpubliclaw.pt\/wp-content\/uploads\/2024\/10\/Seminar-LEL_24_25-e1728038083449-300x300.png 300w, https:\/\/lisbonpubliclaw.pt\/wp-content\/uploads\/2024\/10\/Seminar-LEL_24_25-e1728038083449-150x150.png 150w, https:\/\/lisbonpubliclaw.pt\/wp-content\/uploads\/2024\/10\/Seminar-LEL_24_25-e1728038083449-768x768.png 768w, https:\/\/lisbonpubliclaw.pt\/wp-content\/uploads\/2024\/10\/Seminar-LEL_24_25-e1728038083449-12x12.png 12w, https:\/\/lisbonpubliclaw.pt\/wp-content\/uploads\/2024\/10\/Seminar-LEL_24_25-e1728038083449-230x230.png 230w, https:\/\/lisbonpubliclaw.pt\/wp-content\/uploads\/2024\/10\/Seminar-LEL_24_25-e1728038083449-400x400.png 400w, https:\/\/lisbonpubliclaw.pt\/wp-content\/uploads\/2024\/10\/Seminar-LEL_24_25-e1728038083449-600x600.png 600w, https:\/\/lisbonpubliclaw.pt\/wp-content\/uploads\/2024\/10\/Seminar-LEL_24_25-e1728038083449-640x640.png 640w\" sizes=\"(max-width: 1008px) 100vw, 1008px\" loading=\"eager\" \/><\/a><\/div>\t\t<\/div>\n\t\t\t\t<\/div>\n\t\t\t\t<\/div>\n\t\t<div class=\"elementor-element elementor-element-c9b539d e-con-full e-flex e-con e-parent\" data-id=\"c9b539d\" data-element_type=\"container\" data-settings=\"{&quot;jet_parallax_layout_list&quot;:[],&quot;background_background&quot;:&quot;classic&quot;}\">\n\t\t\t\t<div class=\"elementor-element elementor-element-cd4a908 elementor-widget elementor-widget-jet-listing-dynamic-field\" data-id=\"cd4a908\" data-element_type=\"widget\" data-widget_type=\"jet-listing-dynamic-field.default\">\n\t\t\t\t<div class=\"elementor-widget-container\">\n\t\t\t<div class=\"jet-listing jet-listing-dynamic-field display-inline\"><div class=\"jet-listing-dynamic-field__inline-wrap\"><p class=\"jet-listing-dynamic-field__content\">4 September 2024<\/p><\/div><\/div>\t\t<\/div>\n\t\t\t\t<\/div>\n\t\t\t\t<div class=\"elementor-element elementor-element-fb701b4 elementor-widget elementor-widget-heading\" data-id=\"fb701b4\" data-element_type=\"widget\" data-widget_type=\"heading.default\">\n\t\t\t\t<div class=\"elementor-widget-container\">\n\t\t\t<h6 class=\"elementor-heading-title elementor-size-default\">Semin\u00e1rios de Orienta\u00e7\u00e3o em Direito do Ambiente | 24\/25<\/h6>\t\t<\/div>\n\t\t\t\t<\/div>\n\t\t\t\t<div class=\"elementor-element elementor-element-b25cd35 elementor-widget elementor-widget-jet-button\" data-id=\"b25cd35\" data-element_type=\"widget\" data-widget_type=\"jet-button.default\">\n\t\t\t\t<div class=\"elementor-widget-container\">\n\t\t\t<div class=\"elementor-jet-button jet-elements\"><div class=\"jet-button__container\">\n\t<a class=\"jet-button__instance jet-button__instance--icon-left hover-effect-0\" href=\"https:\/\/lisbonpubliclaw.pt\/en\/noticias\/seminarios-de-orientacao-em-direito-do-ambiente-24-25\/\">\n\t\t<div class=\"jet-button__plane jet-button__plane-normal\"><\/div>\n\t\t<div class=\"jet-button__plane jet-button__plane-hover\"><\/div>\n\t\t<div class=\"jet-button__state jet-button__state-normal\">\n\t\t\t<span class=\"jet-button__label\">Saber Mais<\/span>\t\t<\/div>\n\t\t<div class=\"jet-button__state jet-button__state-hover\">\n\t\t\t<span class=\"jet-button__label\">Saber Mais<\/span>\t\t<\/div>\n\t<\/a>\n<\/div>\n<\/div>\t\t<\/div>\n\t\t\t\t<\/div>\n\t\t<div class=\"elementor-element elementor-element-8c35e39 e-con-full e-flex e-con e-child\" data-id=\"8c35e39\" data-element_type=\"container\" data-settings=\"{&quot;background_background&quot;:&quot;classic&quot;,&quot;jet_parallax_layout_list&quot;:[]}\">\n\t\t\t\t<\/div>\n\t\t\t\t<\/div>\n\t\t\t\t<\/div>\n\t\t<\/div><div class=\"jet-listing-grid__item jet-listing-dynamic-post-6005\" data-post-id=\"6005\" ><style type=\"text\/css\">.jet-listing-dynamic-post-6005 .elementor-element.elementor-element-b25cd35 .jet-button__instance{border-color:#00414b;}<\/style>\t\t<div data-elementor-type=\"jet-listing-items\" data-elementor-id=\"3139\" class=\"elementor elementor-3139\" data-elementor-post-type=\"jet-engine\">\n\t\t\t\t<div class=\"elementor-element elementor-element-afad250 e-con-full e-flex e-con e-parent\" data-id=\"afad250\" data-element_type=\"container\" data-settings=\"{&quot;jet_parallax_layout_list&quot;:[]}\">\n\t\t\t\t<div class=\"elementor-element elementor-element-2df3d38 elementor-widget elementor-widget-jet-listing-dynamic-image\" data-id=\"2df3d38\" data-element_type=\"widget\" data-widget_type=\"jet-listing-dynamic-image.default\">\n\t\t\t\t<div class=\"elementor-widget-container\">\n\t\t\t<div class=\"jet-listing jet-listing-dynamic-image\"><a href=\"https:\/\/lisbonpubliclaw.pt\/en\/noticias\/call-for-abstracts-asian-and-african-perspectives-on-law-and-sea-level-rise\/\" class=\"jet-listing-dynamic-image__link\"><img decoding=\"async\" width=\"1080\" height=\"1080\" src=\"https:\/\/lisbonpubliclaw.pt\/wp-content\/uploads\/2024\/03\/CONFERENCE-OCTOBER-3-2024-LISBON-1080-x-1350-px-e1711552648276.png\" class=\"jet-listing-dynamic-image__img attachment-full size-full\" alt=\"CONFERENCE OCTOBER 3, 2024 LISBON (1080 x 1350 px)\" srcset=\"https:\/\/lisbonpubliclaw.pt\/wp-content\/uploads\/2024\/03\/CONFERENCE-OCTOBER-3-2024-LISBON-1080-x-1350-px-e1711552648276.png 1080w, https:\/\/lisbonpubliclaw.pt\/wp-content\/uploads\/2024\/03\/CONFERENCE-OCTOBER-3-2024-LISBON-1080-x-1350-px-e1711552648276-300x300.png 300w, https:\/\/lisbonpubliclaw.pt\/wp-content\/uploads\/2024\/03\/CONFERENCE-OCTOBER-3-2024-LISBON-1080-x-1350-px-e1711552648276-1024x1024.png 1024w, https:\/\/lisbonpubliclaw.pt\/wp-content\/uploads\/2024\/03\/CONFERENCE-OCTOBER-3-2024-LISBON-1080-x-1350-px-e1711552648276-150x150.png 150w, https:\/\/lisbonpubliclaw.pt\/wp-content\/uploads\/2024\/03\/CONFERENCE-OCTOBER-3-2024-LISBON-1080-x-1350-px-e1711552648276-768x768.png 768w, https:\/\/lisbonpubliclaw.pt\/wp-content\/uploads\/2024\/03\/CONFERENCE-OCTOBER-3-2024-LISBON-1080-x-1350-px-e1711552648276-12x12.png 12w, https:\/\/lisbonpubliclaw.pt\/wp-content\/uploads\/2024\/03\/CONFERENCE-OCTOBER-3-2024-LISBON-1080-x-1350-px-e1711552648276-230x230.png 230w, https:\/\/lisbonpubliclaw.pt\/wp-content\/uploads\/2024\/03\/CONFERENCE-OCTOBER-3-2024-LISBON-1080-x-1350-px-e1711552648276-400x400.png 400w, https:\/\/lisbonpubliclaw.pt\/wp-content\/uploads\/2024\/03\/CONFERENCE-OCTOBER-3-2024-LISBON-1080-x-1350-px-e1711552648276-600x600.png 600w, https:\/\/lisbonpubliclaw.pt\/wp-content\/uploads\/2024\/03\/CONFERENCE-OCTOBER-3-2024-LISBON-1080-x-1350-px-e1711552648276-640x640.png 640w\" sizes=\"(max-width: 1080px) 100vw, 1080px\" loading=\"eager\" \/><\/a><\/div>\t\t<\/div>\n\t\t\t\t<\/div>\n\t\t\t\t<\/div>\n\t\t<div class=\"elementor-element elementor-element-c9b539d e-con-full e-flex e-con e-parent\" data-id=\"c9b539d\" data-element_type=\"container\" data-settings=\"{&quot;jet_parallax_layout_list&quot;:[],&quot;background_background&quot;:&quot;classic&quot;}\">\n\t\t\t\t<div class=\"elementor-element elementor-element-cd4a908 elementor-widget elementor-widget-jet-listing-dynamic-field\" data-id=\"cd4a908\" data-element_type=\"widget\" data-widget_type=\"jet-listing-dynamic-field.default\">\n\t\t\t\t<div class=\"elementor-widget-container\">\n\t\t\t<div class=\"jet-listing jet-listing-dynamic-field display-inline\"><div class=\"jet-listing-dynamic-field__inline-wrap\"><p class=\"jet-listing-dynamic-field__content\">27 March 2024<\/p><\/div><\/div>\t\t<\/div>\n\t\t\t\t<\/div>\n\t\t\t\t<div class=\"elementor-element elementor-element-fb701b4 elementor-widget elementor-widget-heading\" data-id=\"fb701b4\" data-element_type=\"widget\" data-widget_type=\"heading.default\">\n\t\t\t\t<div class=\"elementor-widget-container\">\n\t\t\t<h6 class=\"elementor-heading-title elementor-size-default\">Call for Abstracts | Asian and African Perspectives on Law and Sea-Level Rise<\/h6>\t\t<\/div>\n\t\t\t\t<\/div>\n\t\t\t\t<div class=\"elementor-element elementor-element-b25cd35 elementor-widget elementor-widget-jet-button\" data-id=\"b25cd35\" data-element_type=\"widget\" data-widget_type=\"jet-button.default\">\n\t\t\t\t<div class=\"elementor-widget-container\">\n\t\t\t<div class=\"elementor-jet-button jet-elements\"><div class=\"jet-button__container\">\n\t<a class=\"jet-button__instance jet-button__instance--icon-left hover-effect-0\" href=\"https:\/\/lisbonpubliclaw.pt\/en\/noticias\/call-for-abstracts-asian-and-african-perspectives-on-law-and-sea-level-rise\/\">\n\t\t<div class=\"jet-button__plane jet-button__plane-normal\"><\/div>\n\t\t<div class=\"jet-button__plane jet-button__plane-hover\"><\/div>\n\t\t<div class=\"jet-button__state jet-button__state-normal\">\n\t\t\t<span class=\"jet-button__label\">Saber Mais<\/span>\t\t<\/div>\n\t\t<div class=\"jet-button__state jet-button__state-hover\">\n\t\t\t<span class=\"jet-button__label\">Saber Mais<\/span>\t\t<\/div>\n\t<\/a>\n<\/div>\n<\/div>\t\t<\/div>\n\t\t\t\t<\/div>\n\t\t<div class=\"elementor-element elementor-element-8c35e39 e-con-full e-flex e-con e-child\" data-id=\"8c35e39\" data-element_type=\"container\" data-settings=\"{&quot;background_background&quot;:&quot;classic&quot;,&quot;jet_parallax_layout_list&quot;:[]}\">\n\t\t\t\t<\/div>\n\t\t\t\t<\/div>\n\t\t\t\t<\/div>\n\t\t<\/div><div class=\"jet-listing-grid__item jet-listing-dynamic-post-5580\" data-post-id=\"5580\" ><style type=\"text\/css\">.jet-listing-dynamic-post-5580 .elementor-element.elementor-element-b25cd35 .jet-button__instance{border-color:#00414b;}<\/style>\t\t<div data-elementor-type=\"jet-listing-items\" data-elementor-id=\"3139\" class=\"elementor elementor-3139\" data-elementor-post-type=\"jet-engine\">\n\t\t\t\t<div class=\"elementor-element elementor-element-afad250 e-con-full e-flex e-con e-parent\" data-id=\"afad250\" data-element_type=\"container\" data-settings=\"{&quot;jet_parallax_layout_list&quot;:[]}\">\n\t\t\t\t<div class=\"elementor-element elementor-element-2df3d38 elementor-widget elementor-widget-jet-listing-dynamic-image\" data-id=\"2df3d38\" data-element_type=\"widget\" data-widget_type=\"jet-listing-dynamic-image.default\">\n\t\t\t\t<div class=\"elementor-widget-container\">\n\t\t\t<div class=\"jet-listing jet-listing-dynamic-image\"><a href=\"https:\/\/lisbonpubliclaw.pt\/en\/noticias\/heloisa-oliveira-discute-a-inexistencia-de-protecao-legal-do-solo\/\" class=\"jet-listing-dynamic-image__link\"><img decoding=\"async\" width=\"1080\" height=\"1080\" src=\"https:\/\/lisbonpubliclaw.pt\/wp-content\/uploads\/2024\/01\/Noticia_Heloisa_ProtecaoSolo-e1704299305219.png\" class=\"jet-listing-dynamic-image__img attachment-full size-full\" alt=\"Noticia_Heloisa_ProtecaoSolo\" srcset=\"https:\/\/lisbonpubliclaw.pt\/wp-content\/uploads\/2024\/01\/Noticia_Heloisa_ProtecaoSolo-e1704299305219.png 1080w, https:\/\/lisbonpubliclaw.pt\/wp-content\/uploads\/2024\/01\/Noticia_Heloisa_ProtecaoSolo-e1704299305219-300x300.png 300w, https:\/\/lisbonpubliclaw.pt\/wp-content\/uploads\/2024\/01\/Noticia_Heloisa_ProtecaoSolo-e1704299305219-1024x1024.png 1024w, https:\/\/lisbonpubliclaw.pt\/wp-content\/uploads\/2024\/01\/Noticia_Heloisa_ProtecaoSolo-e1704299305219-150x150.png 150w, https:\/\/lisbonpubliclaw.pt\/wp-content\/uploads\/2024\/01\/Noticia_Heloisa_ProtecaoSolo-e1704299305219-768x768.png 768w, https:\/\/lisbonpubliclaw.pt\/wp-content\/uploads\/2024\/01\/Noticia_Heloisa_ProtecaoSolo-e1704299305219-12x12.png 12w, https:\/\/lisbonpubliclaw.pt\/wp-content\/uploads\/2024\/01\/Noticia_Heloisa_ProtecaoSolo-e1704299305219-230x230.png 230w, https:\/\/lisbonpubliclaw.pt\/wp-content\/uploads\/2024\/01\/Noticia_Heloisa_ProtecaoSolo-e1704299305219-400x400.png 400w, https:\/\/lisbonpubliclaw.pt\/wp-content\/uploads\/2024\/01\/Noticia_Heloisa_ProtecaoSolo-e1704299305219-600x600.png 600w, https:\/\/lisbonpubliclaw.pt\/wp-content\/uploads\/2024\/01\/Noticia_Heloisa_ProtecaoSolo-e1704299305219-640x640.png 640w\" sizes=\"(max-width: 1080px) 100vw, 1080px\" loading=\"eager\" \/><\/a><\/div>\t\t<\/div>\n\t\t\t\t<\/div>\n\t\t\t\t<\/div>\n\t\t<div class=\"elementor-element elementor-element-c9b539d e-con-full e-flex e-con e-parent\" data-id=\"c9b539d\" data-element_type=\"container\" data-settings=\"{&quot;jet_parallax_layout_list&quot;:[],&quot;background_background&quot;:&quot;classic&quot;}\">\n\t\t\t\t<div class=\"elementor-element elementor-element-cd4a908 elementor-widget elementor-widget-jet-listing-dynamic-field\" data-id=\"cd4a908\" data-element_type=\"widget\" data-widget_type=\"jet-listing-dynamic-field.default\">\n\t\t\t\t<div class=\"elementor-widget-container\">\n\t\t\t<div class=\"jet-listing jet-listing-dynamic-field display-inline\"><div class=\"jet-listing-dynamic-field__inline-wrap\"><p class=\"jet-listing-dynamic-field__content\">24 December 2023<\/p><\/div><\/div>\t\t<\/div>\n\t\t\t\t<\/div>\n\t\t\t\t<div class=\"elementor-element elementor-element-fb701b4 elementor-widget elementor-widget-heading\" data-id=\"fb701b4\" data-element_type=\"widget\" data-widget_type=\"heading.default\">\n\t\t\t\t<div class=\"elementor-widget-container\">\n\t\t\t<h6 class=\"elementor-heading-title elementor-size-default\">Media | Helo\u00edsa Oliveira discute a inexist\u00eancia de prote\u00e7\u00e3o legal do SOLO<\/h6>\t\t<\/div>\n\t\t\t\t<\/div>\n\t\t\t\t<div class=\"elementor-element elementor-element-b25cd35 elementor-widget elementor-widget-jet-button\" data-id=\"b25cd35\" data-element_type=\"widget\" data-widget_type=\"jet-button.default\">\n\t\t\t\t<div class=\"elementor-widget-container\">\n\t\t\t<div class=\"elementor-jet-button jet-elements\"><div class=\"jet-button__container\">\n\t<a class=\"jet-button__instance jet-button__instance--icon-left hover-effect-0\" href=\"https:\/\/lisbonpubliclaw.pt\/en\/noticias\/heloisa-oliveira-discute-a-inexistencia-de-protecao-legal-do-solo\/\">\n\t\t<div class=\"jet-button__plane jet-button__plane-normal\"><\/div>\n\t\t<div class=\"jet-button__plane jet-button__plane-hover\"><\/div>\n\t\t<div class=\"jet-button__state jet-button__state-normal\">\n\t\t\t<span class=\"jet-button__label\">Saber Mais<\/span>\t\t<\/div>\n\t\t<div class=\"jet-button__state jet-button__state-hover\">\n\t\t\t<span class=\"jet-button__label\">Saber Mais<\/span>\t\t<\/div>\n\t<\/a>\n<\/div>\n<\/div>\t\t<\/div>\n\t\t\t\t<\/div>\n\t\t<div class=\"elementor-element elementor-element-8c35e39 e-con-full e-flex e-con e-child\" data-id=\"8c35e39\" data-element_type=\"container\" data-settings=\"{&quot;background_background&quot;:&quot;classic&quot;,&quot;jet_parallax_layout_list&quot;:[]}\">\n\t\t\t\t<\/div>\n\t\t\t\t<\/div>\n\t\t\t\t<\/div>\n\t\t<\/div><div class=\"jet-listing-grid__item jet-listing-dynamic-post-5573\" data-post-id=\"5573\" ><style type=\"text\/css\">.jet-listing-dynamic-post-5573 .elementor-element.elementor-element-b25cd35 .jet-button__instance{border-color:#00414b;}<\/style>\t\t<div data-elementor-type=\"jet-listing-items\" data-elementor-id=\"3139\" class=\"elementor elementor-3139\" data-elementor-post-type=\"jet-engine\">\n\t\t\t\t<div class=\"elementor-element elementor-element-afad250 e-con-full e-flex e-con e-parent\" data-id=\"afad250\" data-element_type=\"container\" data-settings=\"{&quot;jet_parallax_layout_list&quot;:[]}\">\n\t\t\t\t<div class=\"elementor-element elementor-element-2df3d38 elementor-widget elementor-widget-jet-listing-dynamic-image\" data-id=\"2df3d38\" data-element_type=\"widget\" data-widget_type=\"jet-listing-dynamic-image.default\">\n\t\t\t\t<div class=\"elementor-widget-container\">\n\t\t\t<div class=\"jet-listing jet-listing-dynamic-image\"><a href=\"https:\/\/lisbonpubliclaw.pt\/en\/noticias\/heloisa-oliveira-discute-o-crescimento-da-litigancia-climatica\/\" class=\"jet-listing-dynamic-image__link\"><img decoding=\"async\" width=\"1080\" height=\"1080\" src=\"https:\/\/lisbonpubliclaw.pt\/wp-content\/uploads\/2023\/12\/HeloisaOliveira_crescimentoLitiganciaClimatica-e1703270486453.jpeg\" class=\"jet-listing-dynamic-image__img attachment-full size-full\" alt=\"HeloisaOliveira_crescimentoLitiganciaClimatica\" srcset=\"https:\/\/lisbonpubliclaw.pt\/wp-content\/uploads\/2023\/12\/HeloisaOliveira_crescimentoLitiganciaClimatica-e1703270486453.jpeg 1080w, https:\/\/lisbonpubliclaw.pt\/wp-content\/uploads\/2023\/12\/HeloisaOliveira_crescimentoLitiganciaClimatica-e1703270486453-300x300.jpeg 300w, https:\/\/lisbonpubliclaw.pt\/wp-content\/uploads\/2023\/12\/HeloisaOliveira_crescimentoLitiganciaClimatica-e1703270486453-1024x1024.jpeg 1024w, https:\/\/lisbonpubliclaw.pt\/wp-content\/uploads\/2023\/12\/HeloisaOliveira_crescimentoLitiganciaClimatica-e1703270486453-150x150.jpeg 150w, https:\/\/lisbonpubliclaw.pt\/wp-content\/uploads\/2023\/12\/HeloisaOliveira_crescimentoLitiganciaClimatica-e1703270486453-768x768.jpeg 768w, https:\/\/lisbonpubliclaw.pt\/wp-content\/uploads\/2023\/12\/HeloisaOliveira_crescimentoLitiganciaClimatica-e1703270486453-12x12.jpeg 12w, https:\/\/lisbonpubliclaw.pt\/wp-content\/uploads\/2023\/12\/HeloisaOliveira_crescimentoLitiganciaClimatica-e1703270486453-230x230.jpeg 230w, https:\/\/lisbonpubliclaw.pt\/wp-content\/uploads\/2023\/12\/HeloisaOliveira_crescimentoLitiganciaClimatica-e1703270486453-400x400.jpeg 400w, https:\/\/lisbonpubliclaw.pt\/wp-content\/uploads\/2023\/12\/HeloisaOliveira_crescimentoLitiganciaClimatica-e1703270486453-600x600.jpeg 600w, https:\/\/lisbonpubliclaw.pt\/wp-content\/uploads\/2023\/12\/HeloisaOliveira_crescimentoLitiganciaClimatica-e1703270486453-640x640.jpeg 640w\" sizes=\"(max-width: 1080px) 100vw, 1080px\" loading=\"eager\" \/><\/a><\/div>\t\t<\/div>\n\t\t\t\t<\/div>\n\t\t\t\t<\/div>\n\t\t<div class=\"elementor-element elementor-element-c9b539d e-con-full e-flex e-con e-parent\" data-id=\"c9b539d\" data-element_type=\"container\" data-settings=\"{&quot;jet_parallax_layout_list&quot;:[],&quot;background_background&quot;:&quot;classic&quot;}\">\n\t\t\t\t<div class=\"elementor-element elementor-element-cd4a908 elementor-widget elementor-widget-jet-listing-dynamic-field\" data-id=\"cd4a908\" data-element_type=\"widget\" data-widget_type=\"jet-listing-dynamic-field.default\">\n\t\t\t\t<div class=\"elementor-widget-container\">\n\t\t\t<div class=\"jet-listing jet-listing-dynamic-field display-inline\"><div class=\"jet-listing-dynamic-field__inline-wrap\"><p class=\"jet-listing-dynamic-field__content\">20 December 2023<\/p><\/div><\/div>\t\t<\/div>\n\t\t\t\t<\/div>\n\t\t\t\t<div class=\"elementor-element elementor-element-fb701b4 elementor-widget elementor-widget-heading\" data-id=\"fb701b4\" data-element_type=\"widget\" data-widget_type=\"heading.default\">\n\t\t\t\t<div class=\"elementor-widget-container\">\n\t\t\t<h6 class=\"elementor-heading-title elementor-size-default\">Helo\u00edsa Oliveira discute o crescimento da litig\u00e2ncia clim\u00e1tica<\/h6>\t\t<\/div>\n\t\t\t\t<\/div>\n\t\t\t\t<div class=\"elementor-element elementor-element-b25cd35 elementor-widget elementor-widget-jet-button\" data-id=\"b25cd35\" data-element_type=\"widget\" data-widget_type=\"jet-button.default\">\n\t\t\t\t<div class=\"elementor-widget-container\">\n\t\t\t<div class=\"elementor-jet-button jet-elements\"><div class=\"jet-button__container\">\n\t<a class=\"jet-button__instance jet-button__instance--icon-left hover-effect-0\" href=\"https:\/\/lisbonpubliclaw.pt\/en\/noticias\/heloisa-oliveira-discute-o-crescimento-da-litigancia-climatica\/\">\n\t\t<div class=\"jet-button__plane jet-button__plane-normal\"><\/div>\n\t\t<div class=\"jet-button__plane jet-button__plane-hover\"><\/div>\n\t\t<div class=\"jet-button__state jet-button__state-normal\">\n\t\t\t<span class=\"jet-button__label\">Saber Mais<\/span>\t\t<\/div>\n\t\t<div class=\"jet-button__state jet-button__state-hover\">\n\t\t\t<span class=\"jet-button__label\">Saber Mais<\/span>\t\t<\/div>\n\t<\/a>\n<\/div>\n<\/div>\t\t<\/div>\n\t\t\t\t<\/div>\n\t\t<div class=\"elementor-element elementor-element-8c35e39 e-con-full e-flex e-con e-child\" data-id=\"8c35e39\" data-element_type=\"container\" data-settings=\"{&quot;background_background&quot;:&quot;classic&quot;,&quot;jet_parallax_layout_list&quot;:[]}\">\n\t\t\t\t<\/div>\n\t\t\t\t<\/div>\n\t\t\t\t<\/div>\n\t\t<\/div><div class=\"jet-listing-grid__item jet-listing-dynamic-post-5298\" data-post-id=\"5298\" ><style type=\"text\/css\">.jet-listing-dynamic-post-5298 .elementor-element.elementor-element-b25cd35 .jet-button__instance{border-color:#00414b;}<\/style>\t\t<div data-elementor-type=\"jet-listing-items\" data-elementor-id=\"3139\" class=\"elementor elementor-3139\" data-elementor-post-type=\"jet-engine\">\n\t\t\t\t<div class=\"elementor-element elementor-element-afad250 e-con-full e-flex e-con e-parent\" data-id=\"afad250\" data-element_type=\"container\" data-settings=\"{&quot;jet_parallax_layout_list&quot;:[]}\">\n\t\t\t\t<div class=\"elementor-element elementor-element-2df3d38 elementor-widget elementor-widget-jet-listing-dynamic-image\" data-id=\"2df3d38\" data-element_type=\"widget\" data-widget_type=\"jet-listing-dynamic-image.default\">\n\t\t\t\t<div class=\"elementor-widget-container\">\n\t\t\t<div class=\"jet-listing jet-listing-dynamic-image\"><a href=\"https:\/\/lisbonpubliclaw.pt\/en\/noticias\/heloisa-oliveira-greenwashing\/\" class=\"jet-listing-dynamic-image__link\"><img decoding=\"async\" width=\"1080\" height=\"1080\" src=\"https:\/\/lisbonpubliclaw.pt\/wp-content\/uploads\/2023\/12\/news_green-e1701799286302.png\" class=\"jet-listing-dynamic-image__img attachment-full size-full\" alt=\"news_green\" srcset=\"https:\/\/lisbonpubliclaw.pt\/wp-content\/uploads\/2023\/12\/news_green-e1701799286302.png 1080w, https:\/\/lisbonpubliclaw.pt\/wp-content\/uploads\/2023\/12\/news_green-e1701799286302-300x300.png 300w, https:\/\/lisbonpubliclaw.pt\/wp-content\/uploads\/2023\/12\/news_green-e1701799286302-1024x1024.png 1024w, https:\/\/lisbonpubliclaw.pt\/wp-content\/uploads\/2023\/12\/news_green-e1701799286302-150x150.png 150w, https:\/\/lisbonpubliclaw.pt\/wp-content\/uploads\/2023\/12\/news_green-e1701799286302-768x768.png 768w, https:\/\/lisbonpubliclaw.pt\/wp-content\/uploads\/2023\/12\/news_green-e1701799286302-12x12.png 12w, https:\/\/lisbonpubliclaw.pt\/wp-content\/uploads\/2023\/12\/news_green-e1701799286302-230x230.png 230w, https:\/\/lisbonpubliclaw.pt\/wp-content\/uploads\/2023\/12\/news_green-e1701799286302-400x400.png 400w, https:\/\/lisbonpubliclaw.pt\/wp-content\/uploads\/2023\/12\/news_green-e1701799286302-600x600.png 600w, https:\/\/lisbonpubliclaw.pt\/wp-content\/uploads\/2023\/12\/news_green-e1701799286302-640x640.png 640w\" sizes=\"(max-width: 1080px) 100vw, 1080px\" loading=\"eager\" \/><\/a><\/div>\t\t<\/div>\n\t\t\t\t<\/div>\n\t\t\t\t<\/div>\n\t\t<div class=\"elementor-element elementor-element-c9b539d e-con-full e-flex e-con e-parent\" data-id=\"c9b539d\" data-element_type=\"container\" data-settings=\"{&quot;jet_parallax_layout_list&quot;:[],&quot;background_background&quot;:&quot;classic&quot;}\">\n\t\t\t\t<div class=\"elementor-element elementor-element-cd4a908 elementor-widget elementor-widget-jet-listing-dynamic-field\" data-id=\"cd4a908\" data-element_type=\"widget\" data-widget_type=\"jet-listing-dynamic-field.default\">\n\t\t\t\t<div class=\"elementor-widget-container\">\n\t\t\t<div class=\"jet-listing jet-listing-dynamic-field display-inline\"><div class=\"jet-listing-dynamic-field__inline-wrap\"><p class=\"jet-listing-dynamic-field__content\">5 December 2023<\/p><\/div><\/div>\t\t<\/div>\n\t\t\t\t<\/div>\n\t\t\t\t<div class=\"elementor-element elementor-element-fb701b4 elementor-widget elementor-widget-heading\" data-id=\"fb701b4\" data-element_type=\"widget\" data-widget_type=\"heading.default\">\n\t\t\t\t<div class=\"elementor-widget-container\">\n\t\t\t<h6 class=\"elementor-heading-title elementor-size-default\">Helo\u00edsa Oliveira comenta &#8220;A (ir)responsabilidade ambiental das empresas: a prop\u00f3sito do greenwashing&#8221;<\/h6>\t\t<\/div>\n\t\t\t\t<\/div>\n\t\t\t\t<div class=\"elementor-element elementor-element-b25cd35 elementor-widget elementor-widget-jet-button\" data-id=\"b25cd35\" data-element_type=\"widget\" data-widget_type=\"jet-button.default\">\n\t\t\t\t<div class=\"elementor-widget-container\">\n\t\t\t<div class=\"elementor-jet-button jet-elements\"><div class=\"jet-button__container\">\n\t<a class=\"jet-button__instance jet-button__instance--icon-left hover-effect-0\" href=\"https:\/\/lisbonpubliclaw.pt\/en\/noticias\/heloisa-oliveira-greenwashing\/\">\n\t\t<div class=\"jet-button__plane jet-button__plane-normal\"><\/div>\n\t\t<div class=\"jet-button__plane jet-button__plane-hover\"><\/div>\n\t\t<div class=\"jet-button__state jet-button__state-normal\">\n\t\t\t<span class=\"jet-button__label\">Saber Mais<\/span>\t\t<\/div>\n\t\t<div class=\"jet-button__state jet-button__state-hover\">\n\t\t\t<span class=\"jet-button__label\">Saber Mais<\/span>\t\t<\/div>\n\t<\/a>\n<\/div>\n<\/div>\t\t<\/div>\n\t\t\t\t<\/div>\n\t\t<div class=\"elementor-element elementor-element-8c35e39 e-con-full e-flex e-con e-child\" data-id=\"8c35e39\" data-element_type=\"container\" data-settings=\"{&quot;background_background&quot;:&quot;classic&quot;,&quot;jet_parallax_layout_list&quot;:[]}\">\n\t\t\t\t<\/div>\n\t\t\t\t<\/div>\n\t\t\t\t<\/div>\n\t\t<\/div><div class=\"jet-listing-grid__item jet-listing-dynamic-post-5186\" data-post-id=\"5186\" ><style type=\"text\/css\">.jet-listing-dynamic-post-5186 .elementor-element.elementor-element-b25cd35 .jet-button__instance{border-color:#00414b;}<\/style>\t\t<div data-elementor-type=\"jet-listing-items\" data-elementor-id=\"3139\" class=\"elementor elementor-3139\" data-elementor-post-type=\"jet-engine\">\n\t\t\t\t<div class=\"elementor-element elementor-element-afad250 e-con-full e-flex e-con e-parent\" data-id=\"afad250\" data-element_type=\"container\" data-settings=\"{&quot;jet_parallax_layout_list&quot;:[]}\">\n\t\t\t\t<div class=\"elementor-element elementor-element-2df3d38 elementor-widget elementor-widget-jet-listing-dynamic-image\" data-id=\"2df3d38\" data-element_type=\"widget\" data-widget_type=\"jet-listing-dynamic-image.default\">\n\t\t\t\t<div class=\"elementor-widget-container\">\n\t\t\t<div class=\"jet-listing jet-listing-dynamic-image\"><a href=\"https:\/\/lisbonpubliclaw.pt\/en\/noticias\/seminario-de-orientacao-em-direito-do-ambiente\/\" class=\"jet-listing-dynamic-image__link\"><img decoding=\"async\" width=\"1028\" height=\"1028\" src=\"https:\/\/lisbonpubliclaw.pt\/wp-content\/uploads\/2023\/11\/Titulo-1-e1698933305685.png\" class=\"jet-listing-dynamic-image__img attachment-full size-full\" alt=\"T\u00edtulo (1)\" srcset=\"https:\/\/lisbonpubliclaw.pt\/wp-content\/uploads\/2023\/11\/Titulo-1-e1698933305685.png 1028w, https:\/\/lisbonpubliclaw.pt\/wp-content\/uploads\/2023\/11\/Titulo-1-e1698933305685-300x300.png 300w, https:\/\/lisbonpubliclaw.pt\/wp-content\/uploads\/2023\/11\/Titulo-1-e1698933305685-1024x1024.png 1024w, https:\/\/lisbonpubliclaw.pt\/wp-content\/uploads\/2023\/11\/Titulo-1-e1698933305685-150x150.png 150w, https:\/\/lisbonpubliclaw.pt\/wp-content\/uploads\/2023\/11\/Titulo-1-e1698933305685-768x768.png 768w, https:\/\/lisbonpubliclaw.pt\/wp-content\/uploads\/2023\/11\/Titulo-1-e1698933305685-12x12.png 12w, https:\/\/lisbonpubliclaw.pt\/wp-content\/uploads\/2023\/11\/Titulo-1-e1698933305685-230x230.png 230w, https:\/\/lisbonpubliclaw.pt\/wp-content\/uploads\/2023\/11\/Titulo-1-e1698933305685-400x400.png 400w, https:\/\/lisbonpubliclaw.pt\/wp-content\/uploads\/2023\/11\/Titulo-1-e1698933305685-600x600.png 600w, https:\/\/lisbonpubliclaw.pt\/wp-content\/uploads\/2023\/11\/Titulo-1-e1698933305685-640x640.png 640w\" sizes=\"(max-width: 1028px) 100vw, 1028px\" loading=\"eager\" \/><\/a><\/div>\t\t<\/div>\n\t\t\t\t<\/div>\n\t\t\t\t<\/div>\n\t\t<div class=\"elementor-element elementor-element-c9b539d e-con-full e-flex e-con e-parent\" data-id=\"c9b539d\" data-element_type=\"container\" data-settings=\"{&quot;jet_parallax_layout_list&quot;:[],&quot;background_background&quot;:&quot;classic&quot;}\">\n\t\t\t\t<div class=\"elementor-element elementor-element-cd4a908 elementor-widget elementor-widget-jet-listing-dynamic-field\" data-id=\"cd4a908\" data-element_type=\"widget\" data-widget_type=\"jet-listing-dynamic-field.default\">\n\t\t\t\t<div class=\"elementor-widget-container\">\n\t\t\t<div class=\"jet-listing jet-listing-dynamic-field display-inline\"><div class=\"jet-listing-dynamic-field__inline-wrap\"><p class=\"jet-listing-dynamic-field__content\">2 November 2023<\/p><\/div><\/div>\t\t<\/div>\n\t\t\t\t<\/div>\n\t\t\t\t<div class=\"elementor-element elementor-element-fb701b4 elementor-widget elementor-widget-heading\" data-id=\"fb701b4\" data-element_type=\"widget\" data-widget_type=\"heading.default\">\n\t\t\t\t<div class=\"elementor-widget-container\">\n\t\t\t<h6 class=\"elementor-heading-title elementor-size-default\">Semin\u00e1rio de Orienta\u00e7\u00e3o em Direito do Ambiente | 23\/24<\/h6>\t\t<\/div>\n\t\t\t\t<\/div>\n\t\t\t\t<div class=\"elementor-element elementor-element-b25cd35 elementor-widget elementor-widget-jet-button\" data-id=\"b25cd35\" data-element_type=\"widget\" data-widget_type=\"jet-button.default\">\n\t\t\t\t<div class=\"elementor-widget-container\">\n\t\t\t<div class=\"elementor-jet-button jet-elements\"><div class=\"jet-button__container\">\n\t<a class=\"jet-button__instance jet-button__instance--icon-left hover-effect-0\" href=\"https:\/\/lisbonpubliclaw.pt\/en\/noticias\/seminario-de-orientacao-em-direito-do-ambiente\/\">\n\t\t<div class=\"jet-button__plane jet-button__plane-normal\"><\/div>\n\t\t<div class=\"jet-button__plane jet-button__plane-hover\"><\/div>\n\t\t<div class=\"jet-button__state jet-button__state-normal\">\n\t\t\t<span class=\"jet-button__label\">Saber Mais<\/span>\t\t<\/div>\n\t\t<div class=\"jet-button__state jet-button__state-hover\">\n\t\t\t<span class=\"jet-button__label\">Saber Mais<\/span>\t\t<\/div>\n\t<\/a>\n<\/div>\n<\/div>\t\t<\/div>\n\t\t\t\t<\/div>\n\t\t<div class=\"elementor-element elementor-element-8c35e39 e-con-full e-flex e-con e-child\" data-id=\"8c35e39\" data-element_type=\"container\" data-settings=\"{&quot;background_background&quot;:&quot;classic&quot;,&quot;jet_parallax_layout_list&quot;:[]}\">\n\t\t\t\t<\/div>\n\t\t\t\t<\/div>\n\t\t\t\t<\/div>\n\t\t<\/div><div class=\"jet-listing-grid__item jet-listing-dynamic-post-5177\" data-post-id=\"5177\" ><style type=\"text\/css\">.jet-listing-dynamic-post-5177 .elementor-element.elementor-element-b25cd35 .jet-button__instance{border-color:#00414b;}<\/style>\t\t<div data-elementor-type=\"jet-listing-items\" data-elementor-id=\"3139\" class=\"elementor elementor-3139\" data-elementor-post-type=\"jet-engine\">\n\t\t\t\t<div class=\"elementor-element elementor-element-afad250 e-con-full e-flex e-con e-parent\" data-id=\"afad250\" data-element_type=\"container\" data-settings=\"{&quot;jet_parallax_layout_list&quot;:[]}\">\n\t\t\t\t<div class=\"elementor-element elementor-element-2df3d38 elementor-widget elementor-widget-jet-listing-dynamic-image\" data-id=\"2df3d38\" data-element_type=\"widget\" data-widget_type=\"jet-listing-dynamic-image.default\">\n\t\t\t\t<div class=\"elementor-widget-container\">\n\t\t\t<div class=\"jet-listing jet-listing-dynamic-image\"><a href=\"https:\/\/lisbonpubliclaw.pt\/en\/noticias\/lancamento-do-livro-as-cidades-na-era-das-alteracoes-climaticas\/\" class=\"jet-listing-dynamic-image__link\"><img decoding=\"async\" width=\"1080\" height=\"1080\" src=\"https:\/\/lisbonpubliclaw.pt\/wp-content\/uploads\/2023\/10\/Noticias-2-e1698775930808.png\" class=\"jet-listing-dynamic-image__img attachment-full size-full\" alt=\"Not\u00edcias (2)\" srcset=\"https:\/\/lisbonpubliclaw.pt\/wp-content\/uploads\/2023\/10\/Noticias-2-e1698775930808.png 1080w, https:\/\/lisbonpubliclaw.pt\/wp-content\/uploads\/2023\/10\/Noticias-2-e1698775930808-300x300.png 300w, https:\/\/lisbonpubliclaw.pt\/wp-content\/uploads\/2023\/10\/Noticias-2-e1698775930808-1024x1024.png 1024w, https:\/\/lisbonpubliclaw.pt\/wp-content\/uploads\/2023\/10\/Noticias-2-e1698775930808-150x150.png 150w, https:\/\/lisbonpubliclaw.pt\/wp-content\/uploads\/2023\/10\/Noticias-2-e1698775930808-768x768.png 768w, https:\/\/lisbonpubliclaw.pt\/wp-content\/uploads\/2023\/10\/Noticias-2-e1698775930808-12x12.png 12w, https:\/\/lisbonpubliclaw.pt\/wp-content\/uploads\/2023\/10\/Noticias-2-e1698775930808-230x230.png 230w, https:\/\/lisbonpubliclaw.pt\/wp-content\/uploads\/2023\/10\/Noticias-2-e1698775930808-400x400.png 400w, https:\/\/lisbonpubliclaw.pt\/wp-content\/uploads\/2023\/10\/Noticias-2-e1698775930808-600x600.png 600w, https:\/\/lisbonpubliclaw.pt\/wp-content\/uploads\/2023\/10\/Noticias-2-e1698775930808-640x640.png 640w\" sizes=\"(max-width: 1080px) 100vw, 1080px\" loading=\"eager\" \/><\/a><\/div>\t\t<\/div>\n\t\t\t\t<\/div>\n\t\t\t\t<\/div>\n\t\t<div class=\"elementor-element elementor-element-c9b539d e-con-full e-flex e-con e-parent\" data-id=\"c9b539d\" data-element_type=\"container\" data-settings=\"{&quot;jet_parallax_layout_list&quot;:[],&quot;background_background&quot;:&quot;classic&quot;}\">\n\t\t\t\t<div class=\"elementor-element elementor-element-cd4a908 elementor-widget elementor-widget-jet-listing-dynamic-field\" data-id=\"cd4a908\" data-element_type=\"widget\" data-widget_type=\"jet-listing-dynamic-field.default\">\n\t\t\t\t<div class=\"elementor-widget-container\">\n\t\t\t<div class=\"jet-listing jet-listing-dynamic-field display-inline\"><div class=\"jet-listing-dynamic-field__inline-wrap\"><p class=\"jet-listing-dynamic-field__content\">31 October 2023<\/p><\/div><\/div>\t\t<\/div>\n\t\t\t\t<\/div>\n\t\t\t\t<div class=\"elementor-element elementor-element-fb701b4 elementor-widget elementor-widget-heading\" data-id=\"fb701b4\" data-element_type=\"widget\" data-widget_type=\"heading.default\">\n\t\t\t\t<div class=\"elementor-widget-container\">\n\t\t\t<h6 class=\"elementor-heading-title elementor-size-default\">Lan\u00e7amento | As Cidades na Era das Altera\u00e7\u00f5es Clim\u00e1ticas<\/h6>\t\t<\/div>\n\t\t\t\t<\/div>\n\t\t\t\t<div class=\"elementor-element elementor-element-b25cd35 elementor-widget elementor-widget-jet-button\" data-id=\"b25cd35\" data-element_type=\"widget\" data-widget_type=\"jet-button.default\">\n\t\t\t\t<div class=\"elementor-widget-container\">\n\t\t\t<div class=\"elementor-jet-button jet-elements\"><div class=\"jet-button__container\">\n\t<a class=\"jet-button__instance jet-button__instance--icon-left hover-effect-0\" href=\"https:\/\/lisbonpubliclaw.pt\/en\/noticias\/lancamento-do-livro-as-cidades-na-era-das-alteracoes-climaticas\/\">\n\t\t<div class=\"jet-button__plane jet-button__plane-normal\"><\/div>\n\t\t<div class=\"jet-button__plane jet-button__plane-hover\"><\/div>\n\t\t<div class=\"jet-button__state jet-button__state-normal\">\n\t\t\t<span class=\"jet-button__label\">Saber Mais<\/span>\t\t<\/div>\n\t\t<div class=\"jet-button__state jet-button__state-hover\">\n\t\t\t<span class=\"jet-button__label\">Saber Mais<\/span>\t\t<\/div>\n\t<\/a>\n<\/div>\n<\/div>\t\t<\/div>\n\t\t\t\t<\/div>\n\t\t<div class=\"elementor-element elementor-element-8c35e39 e-con-full e-flex e-con e-child\" data-id=\"8c35e39\" data-element_type=\"container\" data-settings=\"{&quot;background_background&quot;:&quot;classic&quot;,&quot;jet_parallax_layout_list&quot;:[]}\">\n\t\t\t\t<\/div>\n\t\t\t\t<\/div>\n\t\t\t\t<\/div>\n\t\t<\/div><div class=\"jet-listing-grid__item jet-listing-dynamic-post-4526\" data-post-id=\"4526\" ><style type=\"text\/css\">.jet-listing-dynamic-post-4526 .elementor-element.elementor-element-b25cd35 .jet-button__instance{border-color:#00414b;}<\/style>\t\t<div data-elementor-type=\"jet-listing-items\" data-elementor-id=\"3139\" class=\"elementor elementor-3139\" data-elementor-post-type=\"jet-engine\">\n\t\t\t\t<div class=\"elementor-element elementor-element-afad250 e-con-full e-flex e-con e-parent\" data-id=\"afad250\" data-element_type=\"container\" data-settings=\"{&quot;jet_parallax_layout_list&quot;:[]}\">\n\t\t\t\t<div class=\"elementor-element elementor-element-2df3d38 elementor-widget elementor-widget-jet-listing-dynamic-image\" data-id=\"2df3d38\" data-element_type=\"widget\" data-widget_type=\"jet-listing-dynamic-image.default\">\n\t\t\t\t<div class=\"elementor-widget-container\">\n\t\t\t<div class=\"jet-listing jet-listing-dynamic-image\"><a href=\"https:\/\/lisbonpubliclaw.pt\/en\/noticias\/investigadora-do-lpl-participa-em-conferencia-internacional-na-alemanha\/\" class=\"jet-listing-dynamic-image__link\"><img decoding=\"async\" width=\"800\" height=\"800\" src=\"https:\/\/lisbonpubliclaw.pt\/wp-content\/uploads\/2023\/10\/EELF-2023.jpg\" class=\"jet-listing-dynamic-image__img attachment-full size-full\" alt=\"EELF 2023 European Environmental Law Forum Conference 2023 ENVIRONMENTAL LAW IN TRANSFORMATION LEGAL IMPLEMENTATION AND IMPACTS OF THE EUROPEAN GREEN DEAL 30 August 1 September 2023 Leipzig 1\" srcset=\"https:\/\/lisbonpubliclaw.pt\/wp-content\/uploads\/2023\/10\/EELF-2023.jpg 800w, https:\/\/lisbonpubliclaw.pt\/wp-content\/uploads\/2023\/10\/EELF-2023-300x300.jpg 300w, https:\/\/lisbonpubliclaw.pt\/wp-content\/uploads\/2023\/10\/EELF-2023-150x150.jpg 150w, https:\/\/lisbonpubliclaw.pt\/wp-content\/uploads\/2023\/10\/EELF-2023-768x768.jpg 768w, https:\/\/lisbonpubliclaw.pt\/wp-content\/uploads\/2023\/10\/EELF-2023-12x12.jpg 12w, https:\/\/lisbonpubliclaw.pt\/wp-content\/uploads\/2023\/10\/EELF-2023-230x230.jpg 230w, https:\/\/lisbonpubliclaw.pt\/wp-content\/uploads\/2023\/10\/EELF-2023-400x400.jpg 400w, https:\/\/lisbonpubliclaw.pt\/wp-content\/uploads\/2023\/10\/EELF-2023-600x600.jpg 600w, https:\/\/lisbonpubliclaw.pt\/wp-content\/uploads\/2023\/10\/EELF-2023-640x640.jpg 640w\" sizes=\"(max-width: 800px) 100vw, 800px\" loading=\"eager\" \/><\/a><\/div>\t\t<\/div>\n\t\t\t\t<\/div>\n\t\t\t\t<\/div>\n\t\t<div class=\"elementor-element elementor-element-c9b539d e-con-full e-flex e-con e-parent\" data-id=\"c9b539d\" data-element_type=\"container\" data-settings=\"{&quot;jet_parallax_layout_list&quot;:[],&quot;background_background&quot;:&quot;classic&quot;}\">\n\t\t\t\t<div class=\"elementor-element elementor-element-cd4a908 elementor-widget elementor-widget-jet-listing-dynamic-field\" data-id=\"cd4a908\" data-element_type=\"widget\" data-widget_type=\"jet-listing-dynamic-field.default\">\n\t\t\t\t<div class=\"elementor-widget-container\">\n\t\t\t<div class=\"jet-listing jet-listing-dynamic-field display-inline\"><div class=\"jet-listing-dynamic-field__inline-wrap\"><p class=\"jet-listing-dynamic-field__content\">26 September 2023<\/p><\/div><\/div>\t\t<\/div>\n\t\t\t\t<\/div>\n\t\t\t\t<div class=\"elementor-element elementor-element-fb701b4 elementor-widget elementor-widget-heading\" data-id=\"fb701b4\" data-element_type=\"widget\" data-widget_type=\"heading.default\">\n\t\t\t\t<div class=\"elementor-widget-container\">\n\t\t\t<h6 class=\"elementor-heading-title elementor-size-default\">Investigadora do LPL participa em confer\u00eancia internacional na Alemanha<\/h6>\t\t<\/div>\n\t\t\t\t<\/div>\n\t\t\t\t<div class=\"elementor-element elementor-element-b25cd35 elementor-widget elementor-widget-jet-button\" data-id=\"b25cd35\" data-element_type=\"widget\" data-widget_type=\"jet-button.default\">\n\t\t\t\t<div class=\"elementor-widget-container\">\n\t\t\t<div class=\"elementor-jet-button jet-elements\"><div class=\"jet-button__container\">\n\t<a class=\"jet-button__instance jet-button__instance--icon-left hover-effect-0\" href=\"https:\/\/lisbonpubliclaw.pt\/en\/noticias\/investigadora-do-lpl-participa-em-conferencia-internacional-na-alemanha\/\">\n\t\t<div class=\"jet-button__plane jet-button__plane-normal\"><\/div>\n\t\t<div class=\"jet-button__plane jet-button__plane-hover\"><\/div>\n\t\t<div class=\"jet-button__state jet-button__state-normal\">\n\t\t\t<span class=\"jet-button__label\">Saber Mais<\/span>\t\t<\/div>\n\t\t<div class=\"jet-button__state jet-button__state-hover\">\n\t\t\t<span class=\"jet-button__label\">Saber Mais<\/span>\t\t<\/div>\n\t<\/a>\n<\/div>\n<\/div>\t\t<\/div>\n\t\t\t\t<\/div>\n\t\t<div class=\"elementor-element elementor-element-8c35e39 e-con-full e-flex e-con e-child\" data-id=\"8c35e39\" data-element_type=\"container\" data-settings=\"{&quot;background_background&quot;:&quot;classic&quot;,&quot;jet_parallax_layout_list&quot;:[]}\">\n\t\t\t\t<\/div>\n\t\t\t\t<\/div>\n\t\t\t\t<\/div>\n\t\t<\/div><div class=\"jet-listing-grid__item jet-listing-dynamic-post-4252\" data-post-id=\"4252\" ><style type=\"text\/css\">.jet-listing-dynamic-post-4252 .elementor-element.elementor-element-b25cd35 .jet-button__instance{border-color:#00414b;}<\/style>\t\t<div data-elementor-type=\"jet-listing-items\" data-elementor-id=\"3139\" class=\"elementor elementor-3139\" data-elementor-post-type=\"jet-engine\">\n\t\t\t\t<div class=\"elementor-element elementor-element-afad250 e-con-full e-flex e-con e-parent\" data-id=\"afad250\" data-element_type=\"container\" data-settings=\"{&quot;jet_parallax_layout_list&quot;:[]}\">\n\t\t\t\t<div class=\"elementor-element elementor-element-2df3d38 elementor-widget elementor-widget-jet-listing-dynamic-image\" data-id=\"2df3d38\" data-element_type=\"widget\" data-widget_type=\"jet-listing-dynamic-image.default\">\n\t\t\t\t<div class=\"elementor-widget-container\">\n\t\t\t<div class=\"jet-listing jet-listing-dynamic-image\"><a href=\"https:\/\/lisbonpubliclaw.pt\/en\/noticias\/investigadoras-do-lpl-participam-em-conferencia-internacional-na-finlandia\/\" class=\"jet-listing-dynamic-image__link\"><img decoding=\"async\" width=\"1080\" height=\"1080\" src=\"https:\/\/lisbonpubliclaw.pt\/wp-content\/uploads\/2023\/08\/38.png\" class=\"jet-listing-dynamic-image__img attachment-full size-full\" alt=\"38\" srcset=\"https:\/\/lisbonpubliclaw.pt\/wp-content\/uploads\/2023\/08\/38.png 1080w, https:\/\/lisbonpubliclaw.pt\/wp-content\/uploads\/2023\/08\/38-300x300.png 300w, https:\/\/lisbonpubliclaw.pt\/wp-content\/uploads\/2023\/08\/38-1024x1024.png 1024w, https:\/\/lisbonpubliclaw.pt\/wp-content\/uploads\/2023\/08\/38-150x150.png 150w, https:\/\/lisbonpubliclaw.pt\/wp-content\/uploads\/2023\/08\/38-768x768.png 768w, https:\/\/lisbonpubliclaw.pt\/wp-content\/uploads\/2023\/08\/38-12x12.png 12w, https:\/\/lisbonpubliclaw.pt\/wp-content\/uploads\/2023\/08\/38-230x230.png 230w, https:\/\/lisbonpubliclaw.pt\/wp-content\/uploads\/2023\/08\/38-400x400.png 400w, https:\/\/lisbonpubliclaw.pt\/wp-content\/uploads\/2023\/08\/38-600x600.png 600w, https:\/\/lisbonpubliclaw.pt\/wp-content\/uploads\/2023\/08\/38-640x640.png 640w\" sizes=\"(max-width: 1080px) 100vw, 1080px\" loading=\"eager\" \/><\/a><\/div>\t\t<\/div>\n\t\t\t\t<\/div>\n\t\t\t\t<\/div>\n\t\t<div class=\"elementor-element elementor-element-c9b539d e-con-full e-flex e-con e-parent\" data-id=\"c9b539d\" data-element_type=\"container\" data-settings=\"{&quot;jet_parallax_layout_list&quot;:[],&quot;background_background&quot;:&quot;classic&quot;}\">\n\t\t\t\t<div class=\"elementor-element elementor-element-cd4a908 elementor-widget elementor-widget-jet-listing-dynamic-field\" data-id=\"cd4a908\" data-element_type=\"widget\" data-widget_type=\"jet-listing-dynamic-field.default\">\n\t\t\t\t<div class=\"elementor-widget-container\">\n\t\t\t<div class=\"jet-listing jet-listing-dynamic-field display-inline\"><div class=\"jet-listing-dynamic-field__inline-wrap\"><p class=\"jet-listing-dynamic-field__content\">11 August 2023<\/p><\/div><\/div>\t\t<\/div>\n\t\t\t\t<\/div>\n\t\t\t\t<div class=\"elementor-element elementor-element-fb701b4 elementor-widget elementor-widget-heading\" data-id=\"fb701b4\" data-element_type=\"widget\" data-widget_type=\"heading.default\">\n\t\t\t\t<div class=\"elementor-widget-container\">\n\t\t\t<h6 class=\"elementor-heading-title elementor-size-default\">Investigadoras do LPL participam em confer\u00eancia internacional na Finl\u00e2ndia<\/h6>\t\t<\/div>\n\t\t\t\t<\/div>\n\t\t\t\t<div class=\"elementor-element elementor-element-b25cd35 elementor-widget elementor-widget-jet-button\" data-id=\"b25cd35\" data-element_type=\"widget\" data-widget_type=\"jet-button.default\">\n\t\t\t\t<div class=\"elementor-widget-container\">\n\t\t\t<div class=\"elementor-jet-button jet-elements\"><div class=\"jet-button__container\">\n\t<a class=\"jet-button__instance jet-button__instance--icon-left hover-effect-0\" href=\"https:\/\/lisbonpubliclaw.pt\/en\/noticias\/investigadoras-do-lpl-participam-em-conferencia-internacional-na-finlandia\/\">\n\t\t<div class=\"jet-button__plane jet-button__plane-normal\"><\/div>\n\t\t<div class=\"jet-button__plane jet-button__plane-hover\"><\/div>\n\t\t<div class=\"jet-button__state jet-button__state-normal\">\n\t\t\t<span class=\"jet-button__label\">Saber Mais<\/span>\t\t<\/div>\n\t\t<div class=\"jet-button__state jet-button__state-hover\">\n\t\t\t<span class=\"jet-button__label\">Saber Mais<\/span>\t\t<\/div>\n\t<\/a>\n<\/div>\n<\/div>\t\t<\/div>\n\t\t\t\t<\/div>\n\t\t<div class=\"elementor-element elementor-element-8c35e39 e-con-full e-flex e-con e-child\" data-id=\"8c35e39\" data-element_type=\"container\" data-settings=\"{&quot;background_background&quot;:&quot;classic&quot;,&quot;jet_parallax_layout_list&quot;:[]}\">\n\t\t\t\t<\/div>\n\t\t\t\t<\/div>\n\t\t\t\t<\/div>\n\t\t<\/div><\/div><\/div>\t\t<\/div>\n\t\t\t\t<\/div>\n\t\t\t\t\t<\/div>\n\t\t\t\t<\/div>\n\t\t<div class=\"elementor-element elementor-element-11878f4 e-flex e-con-boxed e-con e-parent\" data-id=\"11878f4\" data-element_type=\"container\" data-settings=\"{&quot;jet_parallax_layout_list&quot;:[]}\">\n\t\t\t\t\t<div class=\"e-con-inner\">\n\t\t\t\t<div class=\"elementor-element elementor-element-b1c53b3 elementor-widget elementor-widget-heading\" data-id=\"b1c53b3\" data-element_type=\"widget\" data-widget_type=\"heading.default\">\n\t\t\t\t<div class=\"elementor-widget-container\">\n\t\t\t<h1 class=\"elementor-heading-title elementor-size-default\">Blog<\/h1>\t\t<\/div>\n\t\t\t\t<\/div>\n\t\t\t\t<div class=\"elementor-element elementor-element-e8d49c7 elementor-widget elementor-widget-jet-listing-grid\" data-id=\"e8d49c7\" data-element_type=\"widget\" data-settings=\"{&quot;columns&quot;:&quot;4&quot;,&quot;columns_tablet&quot;:&quot;2&quot;,&quot;columns_mobile&quot;:&quot;1&quot;}\" data-widget_type=\"jet-listing-grid.default\">\n\t\t\t\t<div class=\"elementor-widget-container\">\n\t\t\t<div class=\"jet-listing-grid jet-listing\"><div class=\"jet-listing-grid__items grid-col-desk-4 grid-col-tablet-2 grid-col-mobile-1 jet-listing-grid--1038\" data-queried-id=\"4625|WP_Post\" data-nav=\"{&quot;enabled&quot;:false,&quot;type&quot;:null,&quot;more_el&quot;:null,&quot;query&quot;:[],&quot;widget_settings&quot;:{&quot;lisitng_id&quot;:1038,&quot;posts_num&quot;:200,&quot;columns&quot;:4,&quot;columns_tablet&quot;:2,&quot;columns_mobile&quot;:1,&quot;is_archive_template&quot;:&quot;&quot;,&quot;post_status&quot;:[&quot;publish&quot;],&quot;use_random_posts_num&quot;:&quot;&quot;,&quot;max_posts_num&quot;:9,&quot;not_found_message&quot;:&quot;No data was found&quot;,&quot;is_masonry&quot;:false,&quot;equal_columns_height&quot;:&quot;&quot;,&quot;use_load_more&quot;:&quot;&quot;,&quot;load_more_id&quot;:&quot;&quot;,&quot;load_more_type&quot;:&quot;click&quot;,&quot;load_more_offset&quot;:{&quot;unit&quot;:&quot;px&quot;,&quot;size&quot;:0,&quot;sizes&quot;:[]},&quot;use_custom_post_types&quot;:&quot;&quot;,&quot;custom_post_types&quot;:[],&quot;hide_widget_if&quot;:&quot;&quot;,&quot;carousel_enabled&quot;:&quot;&quot;,&quot;slides_to_scroll&quot;:&quot;1&quot;,&quot;arrows&quot;:&quot;true&quot;,&quot;arrow_icon&quot;:&quot;fa fa-angle-left&quot;,&quot;dots&quot;:&quot;&quot;,&quot;autoplay&quot;:&quot;true&quot;,&quot;pause_on_hover&quot;:&quot;true&quot;,&quot;autoplay_speed&quot;:5000,&quot;infinite&quot;:&quot;true&quot;,&quot;center_mode&quot;:&quot;&quot;,&quot;effect&quot;:&quot;slide&quot;,&quot;speed&quot;:500,&quot;inject_alternative_items&quot;:&quot;&quot;,&quot;injection_items&quot;:[],&quot;scroll_slider_enabled&quot;:&quot;&quot;,&quot;scroll_slider_on&quot;:[&quot;desktop&quot;,&quot;tablet&quot;,&quot;mobile&quot;],&quot;custom_query&quot;:false,&quot;custom_query_id&quot;:&quot;5&quot;,&quot;_element_id&quot;:&quot;&quot;}}\" data-page=\"1\" data-pages=\"1\" data-listing-source=\"posts\" data-listing-id=\"1038\" data-query-id=\"\"><div class=\"jet-listing-grid__item jet-listing-dynamic-post-7430\" data-post-id=\"7430\" ><style type=\"text\/css\">.jet-listing-dynamic-post-7430 .elementor-element.elementor-element-b25cd35 .jet-button__instance{border-color:#00414b;}<\/style>\t\t<div data-elementor-type=\"jet-listing-items\" data-elementor-id=\"1038\" class=\"elementor elementor-1038\" data-elementor-post-type=\"jet-engine\">\n\t\t\t\t<div class=\"elementor-element elementor-element-afad250 e-con-full e-flex e-con e-parent\" data-id=\"afad250\" data-element_type=\"container\" data-settings=\"{&quot;jet_parallax_layout_list&quot;:[]}\">\n\t\t\t\t<div class=\"elementor-element elementor-element-2df3d38 elementor-widget elementor-widget-jet-listing-dynamic-image\" data-id=\"2df3d38\" data-element_type=\"widget\" data-widget_type=\"jet-listing-dynamic-image.default\">\n\t\t\t\t<div class=\"elementor-widget-container\">\n\t\t\t<div class=\"jet-listing jet-listing-dynamic-image\"><a href=\"https:\/\/lisbonpubliclaw.pt\/en\/blog\/eco-designing-the-future\/\" class=\"jet-listing-dynamic-image__link\"><img decoding=\"async\" width=\"1082\" height=\"1080\" src=\"https:\/\/lisbonpubliclaw.pt\/wp-content\/uploads\/2024\/12\/Blog-1-e1734372953834.jpg\" class=\"jet-listing-dynamic-image__img attachment-full size-full\" alt=\"Blog 1\" srcset=\"https:\/\/lisbonpubliclaw.pt\/wp-content\/uploads\/2024\/12\/Blog-1-e1734372953834.jpg 1082w, https:\/\/lisbonpubliclaw.pt\/wp-content\/uploads\/2024\/12\/Blog-1-e1734372953834-300x300.jpg 300w, https:\/\/lisbonpubliclaw.pt\/wp-content\/uploads\/2024\/12\/Blog-1-e1734372953834-1024x1022.jpg 1024w, https:\/\/lisbonpubliclaw.pt\/wp-content\/uploads\/2024\/12\/Blog-1-e1734372953834-150x150.jpg 150w, https:\/\/lisbonpubliclaw.pt\/wp-content\/uploads\/2024\/12\/Blog-1-e1734372953834-768x767.jpg 768w, https:\/\/lisbonpubliclaw.pt\/wp-content\/uploads\/2024\/12\/Blog-1-e1734372953834-12x12.jpg 12w, https:\/\/lisbonpubliclaw.pt\/wp-content\/uploads\/2024\/12\/Blog-1-e1734372953834-230x230.jpg 230w, https:\/\/lisbonpubliclaw.pt\/wp-content\/uploads\/2024\/12\/Blog-1-e1734372953834-400x400.jpg 400w, https:\/\/lisbonpubliclaw.pt\/wp-content\/uploads\/2024\/12\/Blog-1-e1734372953834-600x599.jpg 600w, https:\/\/lisbonpubliclaw.pt\/wp-content\/uploads\/2024\/12\/Blog-1-e1734372953834-640x640.jpg 640w\" sizes=\"(max-width: 1082px) 100vw, 1082px\" loading=\"eager\" \/><\/a><\/div>\t\t<\/div>\n\t\t\t\t<\/div>\n\t\t<div class=\"elementor-element elementor-element-85ef28d e-con-full e-flex e-con e-child\" data-id=\"85ef28d\" data-element_type=\"container\" data-settings=\"{&quot;background_background&quot;:&quot;classic&quot;,&quot;jet_parallax_layout_list&quot;:[]}\">\n\t\t\t\t<\/div>\n\t\t\t\t<\/div>\n\t\t<div class=\"elementor-element elementor-element-c9b539d e-con-full e-flex e-con e-parent\" data-id=\"c9b539d\" data-element_type=\"container\" data-settings=\"{&quot;jet_parallax_layout_list&quot;:[],&quot;background_background&quot;:&quot;classic&quot;}\">\n\t\t\t\t<div class=\"elementor-element elementor-element-cd4a908 elementor-widget elementor-widget-jet-listing-dynamic-field\" data-id=\"cd4a908\" data-element_type=\"widget\" data-widget_type=\"jet-listing-dynamic-field.default\">\n\t\t\t\t<div class=\"elementor-widget-container\">\n\t\t\t<div class=\"jet-listing jet-listing-dynamic-field display-inline\"><div class=\"jet-listing-dynamic-field__inline-wrap\"><p class=\"jet-listing-dynamic-field__content\">16 December 2024<\/p><\/div><\/div>\t\t<\/div>\n\t\t\t\t<\/div>\n\t\t\t\t<div class=\"elementor-element elementor-element-fb701b4 elementor-widget elementor-widget-heading\" data-id=\"fb701b4\" data-element_type=\"widget\" data-widget_type=\"heading.default\">\n\t\t\t\t<div class=\"elementor-widget-container\">\n\t\t\t<h5 class=\"elementor-heading-title elementor-size-default\">Eco-Conce\u00e7\u00e3o do Futuro: O Regulamento de Produtos Sustent\u00e1veis da UE<\/h5>\t\t<\/div>\n\t\t\t\t<\/div>\n\t\t\t\t<div class=\"elementor-element elementor-element-b25cd35 elementor-widget elementor-widget-jet-button\" data-id=\"b25cd35\" data-element_type=\"widget\" data-widget_type=\"jet-button.default\">\n\t\t\t\t<div class=\"elementor-widget-container\">\n\t\t\t<div class=\"elementor-jet-button jet-elements\"><div class=\"jet-button__container\">\n\t<a class=\"jet-button__instance jet-button__instance--icon-left hover-effect-0\" href=\"https:\/\/lisbonpubliclaw.pt\/en\/blog\/eco-designing-the-future\/\">\n\t\t<div class=\"jet-button__plane jet-button__plane-normal\"><\/div>\n\t\t<div class=\"jet-button__plane jet-button__plane-hover\"><\/div>\n\t\t<div class=\"jet-button__state jet-button__state-normal\">\n\t\t\t<span class=\"jet-button__label\">Saber Mais<\/span>\t\t<\/div>\n\t\t<div class=\"jet-button__state jet-button__state-hover\">\n\t\t\t<span class=\"jet-button__label\">Saber Mais<\/span>\t\t<\/div>\n\t<\/a>\n<\/div>\n<\/div>\t\t<\/div>\n\t\t\t\t<\/div>\n\t\t<div class=\"elementor-element elementor-element-8c35e39 e-con-full e-flex e-con e-child\" data-id=\"8c35e39\" data-element_type=\"container\" data-settings=\"{&quot;background_background&quot;:&quot;classic&quot;,&quot;jet_parallax_layout_list&quot;:[]}\">\n\t\t\t\t<\/div>\n\t\t\t\t<\/div>\n\t\t\t\t<\/div>\n\t\t<\/div><\/div><\/div>\t\t<\/div>\n\t\t\t\t<\/div>\n\t\t\t\t\t<\/div>\n\t\t\t\t<\/div>\n\t\t<div class=\"elementor-element elementor-element-30e97d2 e-flex e-con-boxed e-con e-parent\" data-id=\"30e97d2\" data-element_type=\"container\" data-settings=\"{&quot;jet_parallax_layout_list&quot;:[]}\">\n\t\t\t\t\t<div class=\"e-con-inner\">\n\t\t\t\t<div class=\"elementor-element elementor-element-9b68264 elementor-widget elementor-widget-spacer\" data-id=\"9b68264\" data-element_type=\"widget\" data-widget_type=\"spacer.default\">\n\t\t\t\t<div class=\"elementor-widget-container\">\n\t\t\t\t\t<div class=\"elementor-spacer\">\n\t\t\t<div class=\"elementor-spacer-inner\"><\/div>\n\t\t<\/div>\n\t\t\t\t<\/div>\n\t\t\t\t<\/div>\n\t\t\t\t\t<\/div>\n\t\t\t\t<\/div>\n\t\t\t\t<\/div>\n\t\t","protected":false},"excerpt":{"rendered":"<p>Not\u00edcias Filtro por Ano Selecionar Ano 4 Setembro 2024 27 Mar\u00e7o 2024 24 Dezembro 2023 20 Dezembro 2023 5 Dezembro 2023 2 Novembro 2023 31 Outubro 2023 26 Setembro 2023 11 Agosto 2023 Blog 16 Dezembro 2024<\/p>","protected":false},"author":1,"featured_media":0,"parent":4548,"menu_order":0,"comment_status":"closed","ping_status":"closed","template":"elementor_header_footer","meta":{"footnotes":""},"cluster":[61],"grupo-de-investigacao":[12],"class_list":["post-4625","page","type-page","status-publish","hentry","cluster-lisbon-environmental-law","grupo-de-investigacao-direito-internacional-e-europeu"],"yoast_head":"<!-- This site is optimized with the Yoast SEO plugin v27.5 - https:\/\/yoast.com\/product\/yoast-seo-wordpress\/ -->\n<title>Not\u00edcias - Lisbon Public Law<\/title>\n<meta name=\"robots\" content=\"index, follow, max-snippet:-1, max-image-preview:large, max-video-preview:-1\" \/>\n<link rel=\"canonical\" href=\"https:\/\/lisbonpubliclaw.pt\/en\/lisbon-environmental-law\/noticias\/\" \/>\n<meta property=\"og:locale\" content=\"en_US\" \/>\n<meta property=\"og:type\" content=\"article\" \/>\n<meta property=\"og:title\" content=\"Not\u00edcias - Lisbon Public Law\" \/>\n<meta property=\"og:description\" content=\"Not\u00edcias Filtro por Ano Selecionar Ano 4 Setembro 2024 27 Mar\u00e7o 2024 24 Dezembro 2023 20 Dezembro 2023 5 Dezembro 2023 2 Novembro 2023 31 Outubro 2023 26 Setembro 2023 11 Agosto 2023 Blog 16 Dezembro 2024\" \/>\n<meta property=\"og:url\" content=\"https:\/\/lisbonpubliclaw.pt\/en\/lisbon-environmental-law\/noticias\/\" \/>\n<meta property=\"og:site_name\" content=\"Lisbon Public Law\" \/>\n<meta property=\"article:modified_time\" content=\"2025-05-21T14:53:13+00:00\" \/>\n<meta property=\"og:image\" content=\"https:\/\/lisbonpubliclaw.pt\/wp-content\/uploads\/2023\/10\/logo_LEL.png\" \/>\n\t<meta property=\"og:image:width\" content=\"1670\" \/>\n\t<meta property=\"og:image:height\" content=\"560\" \/>\n\t<meta property=\"og:image:type\" content=\"image\/png\" \/>\n<meta name=\"twitter:card\" content=\"summary_large_image\" \/>\n<meta name=\"twitter:label1\" content=\"Est. reading time\" \/>\n\t<meta name=\"twitter:data1\" content=\"7 minutes\" \/>\n<script type=\"application\/ld+json\" class=\"yoast-schema-graph\">{\"@context\":\"https:\\\/\\\/schema.org\",\"@graph\":[{\"@type\":\"WebPage\",\"@id\":\"https:\\\/\\\/lisbonpubliclaw.pt\\\/lisbon-environmental-law\\\/noticias\\\/\",\"url\":\"https:\\\/\\\/lisbonpubliclaw.pt\\\/lisbon-environmental-law\\\/noticias\\\/\",\"name\":\"Not\u00edcias - Lisbon Public Law\",\"isPartOf\":{\"@id\":\"https:\\\/\\\/lisbonpubliclaw.pt\\\/#website\"},\"primaryImageOfPage\":{\"@id\":\"https:\\\/\\\/lisbonpubliclaw.pt\\\/lisbon-environmental-law\\\/noticias\\\/#primaryimage\"},\"image\":{\"@id\":\"https:\\\/\\\/lisbonpubliclaw.pt\\\/lisbon-environmental-law\\\/noticias\\\/#primaryimage\"},\"thumbnailUrl\":\"https:\\\/\\\/lisbonpubliclaw.pt\\\/wp-content\\\/uploads\\\/2023\\\/10\\\/logo_LEL.png\",\"datePublished\":\"2023-10-02T13:33:33+00:00\",\"dateModified\":\"2025-05-21T14:53:13+00:00\",\"breadcrumb\":{\"@id\":\"https:\\\/\\\/lisbonpubliclaw.pt\\\/lisbon-environmental-law\\\/noticias\\\/#breadcrumb\"},\"inLanguage\":\"en-US\",\"potentialAction\":[{\"@type\":\"ReadAction\",\"target\":[\"https:\\\/\\\/lisbonpubliclaw.pt\\\/lisbon-environmental-law\\\/noticias\\\/\"]}]},{\"@type\":\"ImageObject\",\"inLanguage\":\"en-US\",\"@id\":\"https:\\\/\\\/lisbonpubliclaw.pt\\\/lisbon-environmental-law\\\/noticias\\\/#primaryimage\",\"url\":\"https:\\\/\\\/lisbonpubliclaw.pt\\\/wp-content\\\/uploads\\\/2023\\\/10\\\/logo_LEL.png\",\"contentUrl\":\"https:\\\/\\\/lisbonpubliclaw.pt\\\/wp-content\\\/uploads\\\/2023\\\/10\\\/logo_LEL.png\"},{\"@type\":\"BreadcrumbList\",\"@id\":\"https:\\\/\\\/lisbonpubliclaw.pt\\\/lisbon-environmental-law\\\/noticias\\\/#breadcrumb\",\"itemListElement\":[{\"@type\":\"ListItem\",\"position\":1,\"name\":\"Home\",\"item\":\"https:\\\/\\\/lisbonpubliclaw.pt\\\/\"},{\"@type\":\"ListItem\",\"position\":2,\"name\":\"Lisbon Environmental Law\",\"item\":\"https:\\\/\\\/lisbonpubliclaw.pt\\\/lisbon-environmental-law\\\/\"},{\"@type\":\"ListItem\",\"position\":3,\"name\":\"Not\u00edcias\"}]},{\"@type\":\"WebSite\",\"@id\":\"https:\\\/\\\/lisbonpubliclaw.pt\\\/#website\",\"url\":\"https:\\\/\\\/lisbonpubliclaw.pt\\\/\",\"name\":\"Lisbon Public Law\",\"description\":\"Public Law Research Centre in Lisbon\",\"publisher\":{\"@id\":\"https:\\\/\\\/lisbonpubliclaw.pt\\\/#organization\"},\"potentialAction\":[{\"@type\":\"SearchAction\",\"target\":{\"@type\":\"EntryPoint\",\"urlTemplate\":\"https:\\\/\\\/lisbonpubliclaw.pt\\\/?s={search_term_string}\"},\"query-input\":{\"@type\":\"PropertyValueSpecification\",\"valueRequired\":true,\"valueName\":\"search_term_string\"}}],\"inLanguage\":\"en-US\"},{\"@type\":\"Organization\",\"@id\":\"https:\\\/\\\/lisbonpubliclaw.pt\\\/#organization\",\"name\":\"Lisbon Public Law\",\"url\":\"https:\\\/\\\/lisbonpubliclaw.pt\\\/\",\"logo\":{\"@type\":\"ImageObject\",\"inLanguage\":\"en-US\",\"@id\":\"https:\\\/\\\/lisbonpubliclaw.pt\\\/#\\\/schema\\\/logo\\\/image\\\/\",\"url\":\"https:\\\/\\\/lisbonpubliclaw.pt\\\/wp-content\\\/uploads\\\/2023\\\/06\\\/WhatsApp-Image-2023-06-19-at-11.01.50-1.jpeg\",\"contentUrl\":\"https:\\\/\\\/lisbonpubliclaw.pt\\\/wp-content\\\/uploads\\\/2023\\\/06\\\/WhatsApp-Image-2023-06-19-at-11.01.50-1.jpeg\",\"width\":354,\"height\":354,\"caption\":\"Lisbon Public Law\"},\"image\":{\"@id\":\"https:\\\/\\\/lisbonpubliclaw.pt\\\/#\\\/schema\\\/logo\\\/image\\\/\"}}]}<\/script>\n<!-- \/ Yoast SEO plugin. -->","yoast_head_json":{"title":"Not\u00edcias - Lisbon Public Law","robots":{"index":"index","follow":"follow","max-snippet":"max-snippet:-1","max-image-preview":"max-image-preview:large","max-video-preview":"max-video-preview:-1"},"canonical":"https:\/\/lisbonpubliclaw.pt\/en\/lisbon-environmental-law\/noticias\/","og_locale":"en_US","og_type":"article","og_title":"Not\u00edcias - Lisbon Public Law","og_description":"Not\u00edcias Filtro por Ano Selecionar Ano 4 Setembro 2024 27 Mar\u00e7o 2024 24 Dezembro 2023 20 Dezembro 2023 5 Dezembro 2023 2 Novembro 2023 31 Outubro 2023 26 Setembro 2023 11 Agosto 2023 Blog 16 Dezembro 2024","og_url":"https:\/\/lisbonpubliclaw.pt\/en\/lisbon-environmental-law\/noticias\/","og_site_name":"Lisbon Public Law","article_modified_time":"2025-05-21T14:53:13+00:00","og_image":[{"width":1670,"height":560,"url":"https:\/\/lisbonpubliclaw.pt\/wp-content\/uploads\/2023\/10\/logo_LEL.png","type":"image\/png"}],"twitter_card":"summary_large_image","twitter_misc":{"Est. reading time":"7 minutes"},"schema":{"@context":"https:\/\/schema.org","@graph":[{"@type":"WebPage","@id":"https:\/\/lisbonpubliclaw.pt\/lisbon-environmental-law\/noticias\/","url":"https:\/\/lisbonpubliclaw.pt\/lisbon-environmental-law\/noticias\/","name":"Not\u00edcias - Lisbon Public Law","isPartOf":{"@id":"https:\/\/lisbonpubliclaw.pt\/#website"},"primaryImageOfPage":{"@id":"https:\/\/lisbonpubliclaw.pt\/lisbon-environmental-law\/noticias\/#primaryimage"},"image":{"@id":"https:\/\/lisbonpubliclaw.pt\/lisbon-environmental-law\/noticias\/#primaryimage"},"thumbnailUrl":"https:\/\/lisbonpubliclaw.pt\/wp-content\/uploads\/2023\/10\/logo_LEL.png","datePublished":"2023-10-02T13:33:33+00:00","dateModified":"2025-05-21T14:53:13+00:00","breadcrumb":{"@id":"https:\/\/lisbonpubliclaw.pt\/lisbon-environmental-law\/noticias\/#breadcrumb"},"inLanguage":"en-US","potentialAction":[{"@type":"ReadAction","target":["https:\/\/lisbonpubliclaw.pt\/lisbon-environmental-law\/noticias\/"]}]},{"@type":"ImageObject","inLanguage":"en-US","@id":"https:\/\/lisbonpubliclaw.pt\/lisbon-environmental-law\/noticias\/#primaryimage","url":"https:\/\/lisbonpubliclaw.pt\/wp-content\/uploads\/2023\/10\/logo_LEL.png","contentUrl":"https:\/\/lisbonpubliclaw.pt\/wp-content\/uploads\/2023\/10\/logo_LEL.png"},{"@type":"BreadcrumbList","@id":"https:\/\/lisbonpubliclaw.pt\/lisbon-environmental-law\/noticias\/#breadcrumb","itemListElement":[{"@type":"ListItem","position":1,"name":"Home","item":"https:\/\/lisbonpubliclaw.pt\/"},{"@type":"ListItem","position":2,"name":"Lisbon Environmental Law","item":"https:\/\/lisbonpubliclaw.pt\/lisbon-environmental-law\/"},{"@type":"ListItem","position":3,"name":"Not\u00edcias"}]},{"@type":"WebSite","@id":"https:\/\/lisbonpubliclaw.pt\/#website","url":"https:\/\/lisbonpubliclaw.pt\/","name":"Lisbon Public Law","description":"Public Law Research Centre in Lisbon","publisher":{"@id":"https:\/\/lisbonpubliclaw.pt\/#organization"},"potentialAction":[{"@type":"SearchAction","target":{"@type":"EntryPoint","urlTemplate":"https:\/\/lisbonpubliclaw.pt\/?s={search_term_string}"},"query-input":{"@type":"PropertyValueSpecification","valueRequired":true,"valueName":"search_term_string"}}],"inLanguage":"en-US"},{"@type":"Organization","@id":"https:\/\/lisbonpubliclaw.pt\/#organization","name":"Lisbon Public Law","url":"https:\/\/lisbonpubliclaw.pt\/","logo":{"@type":"ImageObject","inLanguage":"en-US","@id":"https:\/\/lisbonpubliclaw.pt\/#\/schema\/logo\/image\/","url":"https:\/\/lisbonpubliclaw.pt\/wp-content\/uploads\/2023\/06\/WhatsApp-Image-2023-06-19-at-11.01.50-1.jpeg","contentUrl":"https:\/\/lisbonpubliclaw.pt\/wp-content\/uploads\/2023\/06\/WhatsApp-Image-2023-06-19-at-11.01.50-1.jpeg","width":354,"height":354,"caption":"Lisbon Public Law"},"image":{"@id":"https:\/\/lisbonpubliclaw.pt\/#\/schema\/logo\/image\/"}}]}},"_links":{"self":[{"href":"https:\/\/lisbonpubliclaw.pt\/en\/wp-json\/wp\/v2\/pages\/4625","targetHints":{"allow":["GET"]}}],"collection":[{"href":"https:\/\/lisbonpubliclaw.pt\/en\/wp-json\/wp\/v2\/pages"}],"about":[{"href":"https:\/\/lisbonpubliclaw.pt\/en\/wp-json\/wp\/v2\/types\/page"}],"author":[{"embeddable":true,"href":"https:\/\/lisbonpubliclaw.pt\/en\/wp-json\/wp\/v2\/users\/1"}],"replies":[{"embeddable":true,"href":"https:\/\/lisbonpubliclaw.pt\/en\/wp-json\/wp\/v2\/comments?post=4625"}],"version-history":[{"count":22,"href":"https:\/\/lisbonpubliclaw.pt\/en\/wp-json\/wp\/v2\/pages\/4625\/revisions"}],"predecessor-version":[{"id":10402,"href":"https:\/\/lisbonpubliclaw.pt\/en\/wp-json\/wp\/v2\/pages\/4625\/revisions\/10402"}],"up":[{"embeddable":true,"href":"https:\/\/lisbonpubliclaw.pt\/en\/wp-json\/wp\/v2\/pages\/4548"}],"wp:attachment":[{"href":"https:\/\/lisbonpubliclaw.pt\/en\/wp-json\/wp\/v2\/media?parent=4625"}],"wp:term":[{"taxonomy":"cluster","embeddable":true,"href":"https:\/\/lisbonpubliclaw.pt\/en\/wp-json\/wp\/v2\/cluster?post=4625"},{"taxonomy":"grupo-de-investigacao","embeddable":true,"href":"https:\/\/lisbonpubliclaw.pt\/en\/wp-json\/wp\/v2\/grupo-de-investigacao?post=4625"}],"curies":[{"name":"wp","href":"https:\/\/api.w.org\/{rel}","templated":true}]}}