{"id":4616,"date":"2023-10-02T13:27:23","date_gmt":"2023-10-02T13:27:23","guid":{"rendered":"https:\/\/lisbonpubliclaw.pt\/?page_id=4616"},"modified":"2025-05-21T15:32:07","modified_gmt":"2025-05-21T15:32:07","slug":"publicacoes","status":"publish","type":"page","link":"https:\/\/lisbonpubliclaw.pt\/en\/lisbon-environmental-law\/publicacoes\/","title":{"rendered":"Publications"},"content":{"rendered":"\t\t<div data-elementor-type=\"wp-page\" data-elementor-id=\"4616\" class=\"elementor elementor-4616\" data-elementor-post-type=\"page\">\n\t\t\t\t<div class=\"elementor-element elementor-element-3524e12 e-con-full e-flex e-con e-parent\" data-id=\"3524e12\" data-element_type=\"container\" data-settings=\"{&quot;jet_parallax_layout_list&quot;:[],&quot;background_background&quot;:&quot;classic&quot;}\">\n\t\t<div class=\"elementor-element elementor-element-ef9bbd3 e-con-full e-flex e-con e-child\" data-id=\"ef9bbd3\" data-element_type=\"container\" data-settings=\"{&quot;jet_parallax_layout_list&quot;:[]}\">\n\t\t<div class=\"elementor-element elementor-element-081827a e-con-full e-flex e-con e-child\" data-id=\"081827a\" data-element_type=\"container\" data-settings=\"{&quot;jet_parallax_layout_list&quot;:[]}\">\n\t\t\t\t<div class=\"elementor-element elementor-element-7c674d3 elementor-widget elementor-widget-shortcode\" data-id=\"7c674d3\" data-element_type=\"widget\" data-widget_type=\"shortcode.default\">\n\t\t\t\t<div class=\"elementor-widget-container\">\n\t\t\t\t\t<div class=\"elementor-shortcode\">\t\t<div data-elementor-type=\"container\" data-elementor-id=\"4578\" class=\"elementor elementor-4578\" data-elementor-post-type=\"elementor_library\">\n\t\t\t\t<div class=\"elementor-element elementor-element-29821f2 e-con-full e-flex e-con e-parent\" data-id=\"29821f2\" data-element_type=\"container\" data-settings=\"{&quot;jet_parallax_layout_list&quot;:[]}\">\n\t\t<div class=\"elementor-element elementor-element-c29427e e-flex e-con-boxed e-con e-child\" data-id=\"c29427e\" data-element_type=\"container\" data-settings=\"{&quot;background_background&quot;:&quot;classic&quot;,&quot;jet_parallax_layout_list&quot;:[]}\">\n\t\t\t\t\t<div class=\"e-con-inner\">\n\t\t\t\t<div class=\"elementor-element elementor-element-2ea38d4 elementor-widget elementor-widget-heading\" data-id=\"2ea38d4\" data-element_type=\"widget\" data-widget_type=\"heading.default\">\n\t\t\t\t<div class=\"elementor-widget-container\">\n\t\t\t<h2 class=\"elementor-heading-title elementor-size-default\"><a href=\"https:\/\/lisbonpubliclaw.pt\/lisbon-environmental-law\/equipa\/\">EQUIPA<\/a><\/h2>\t\t<\/div>\n\t\t\t\t<\/div>\n\t\t\t\t\t<\/div>\n\t\t\t\t<\/div>\n\t\t<div class=\"elementor-element elementor-element-eb4fece e-flex e-con-boxed e-con e-child\" data-id=\"eb4fece\" data-element_type=\"container\" data-settings=\"{&quot;background_background&quot;:&quot;classic&quot;,&quot;jet_parallax_layout_list&quot;:[]}\">\n\t\t\t\t\t<div class=\"e-con-inner\">\n\t\t\t\t<div class=\"elementor-element elementor-element-7b8ef2c elementor-widget elementor-widget-heading\" data-id=\"7b8ef2c\" data-element_type=\"widget\" data-widget_type=\"heading.default\">\n\t\t\t\t<div class=\"elementor-widget-container\">\n\t\t\t<h2 class=\"elementor-heading-title elementor-size-default\"><a href=\"https:\/\/lisbonpubliclaw.pt\/lisbon-environmental-law\/projetos\/\">PROJETOS<\/a><\/h2>\t\t<\/div>\n\t\t\t\t<\/div>\n\t\t\t\t\t<\/div>\n\t\t\t\t<\/div>\n\t\t<div class=\"elementor-element elementor-element-f296c85 e-flex e-con-boxed e-con e-child\" data-id=\"f296c85\" data-element_type=\"container\" data-settings=\"{&quot;background_background&quot;:&quot;classic&quot;,&quot;jet_parallax_layout_list&quot;:[]}\">\n\t\t\t\t\t<div class=\"e-con-inner\">\n\t\t\t\t<div class=\"elementor-element elementor-element-1a52302 elementor-widget elementor-widget-heading\" data-id=\"1a52302\" data-element_type=\"widget\" data-widget_type=\"heading.default\">\n\t\t\t\t<div class=\"elementor-widget-container\">\n\t\t\t<h2 class=\"elementor-heading-title elementor-size-default\"><a href=\"https:\/\/lisbonpubliclaw.pt\/lisbon-environmental-law\/publicacoes\/\">PUBLICA\u00c7\u00d5ES<\/a><\/h2>\t\t<\/div>\n\t\t\t\t<\/div>\n\t\t\t\t\t<\/div>\n\t\t\t\t<\/div>\n\t\t<div class=\"elementor-element elementor-element-1954635 e-flex e-con-boxed e-con e-child\" data-id=\"1954635\" data-element_type=\"container\" data-settings=\"{&quot;background_background&quot;:&quot;classic&quot;,&quot;jet_parallax_layout_list&quot;:[]}\">\n\t\t\t\t\t<div class=\"e-con-inner\">\n\t\t\t\t<div class=\"elementor-element elementor-element-d697786 elementor-widget elementor-widget-heading\" data-id=\"d697786\" data-element_type=\"widget\" data-widget_type=\"heading.default\">\n\t\t\t\t<div class=\"elementor-widget-container\">\n\t\t\t<h2 class=\"elementor-heading-title elementor-size-default\"><a href=\"https:\/\/lisbonpubliclaw.pt\/lisbon-environmental-law\/eventos\/\">EVENTOS<\/a><\/h2>\t\t<\/div>\n\t\t\t\t<\/div>\n\t\t\t\t\t<\/div>\n\t\t\t\t<\/div>\n\t\t<div class=\"elementor-element elementor-element-6239b56 e-flex e-con-boxed e-con e-child\" data-id=\"6239b56\" data-element_type=\"container\" data-settings=\"{&quot;background_background&quot;:&quot;classic&quot;,&quot;jet_parallax_layout_list&quot;:[]}\">\n\t\t\t\t\t<div class=\"e-con-inner\">\n\t\t\t\t<div class=\"elementor-element elementor-element-a4af077 elementor-widget elementor-widget-heading\" data-id=\"a4af077\" data-element_type=\"widget\" data-widget_type=\"heading.default\">\n\t\t\t\t<div class=\"elementor-widget-container\">\n\t\t\t<h2 class=\"elementor-heading-title elementor-size-default\"><a href=\"https:\/\/lisbonpubliclaw.pt\/lisbon-environmental-law\/noticias\/\">NOT\u00cdCIAS<\/a><\/h2>\t\t<\/div>\n\t\t\t\t<\/div>\n\t\t\t\t\t<\/div>\n\t\t\t\t<\/div>\n\t\t<div class=\"elementor-element elementor-element-a8b8d6c e-flex e-con-boxed e-con e-child\" data-id=\"a8b8d6c\" data-element_type=\"container\" data-settings=\"{&quot;background_background&quot;:&quot;classic&quot;,&quot;jet_parallax_layout_list&quot;:[]}\">\n\t\t\t\t\t<div class=\"e-con-inner\">\n\t\t\t\t<div class=\"elementor-element elementor-element-f582fd5 elementor-widget elementor-widget-heading\" data-id=\"f582fd5\" data-element_type=\"widget\" data-widget_type=\"heading.default\">\n\t\t\t\t<div class=\"elementor-widget-container\">\n\t\t\t<h2 class=\"elementor-heading-title elementor-size-default\"><a href=\"https:\/\/lisbonpubliclaw.pt\/en\/lisbon-environmental-law\/data-bases\/\">Bases de Dados<\/a><\/h2>\t\t<\/div>\n\t\t\t\t<\/div>\n\t\t\t\t\t<\/div>\n\t\t\t\t<\/div>\n\t\t\t\t<\/div>\n\t\t\t\t<\/div>\n\t\t<\/div>\n\t\t\t\t<\/div>\n\t\t\t\t<\/div>\n\t\t\t\t<\/div>\n\t\t\t\t<\/div>\n\t\t\t\t<\/div>\n\t\t<div class=\"elementor-element elementor-element-c91985a e-flex e-con-boxed e-con e-parent\" data-id=\"c91985a\" data-element_type=\"container\" data-settings=\"{&quot;jet_parallax_layout_list&quot;:[]}\">\n\t\t\t\t\t<div class=\"e-con-inner\">\n\t\t<div class=\"elementor-element elementor-element-c86f0ee e-flex e-con-boxed e-con e-child\" data-id=\"c86f0ee\" data-element_type=\"container\" data-settings=\"{&quot;jet_parallax_layout_list&quot;:[]}\">\n\t\t\t\t\t<div class=\"e-con-inner\">\n\t\t<div class=\"elementor-element elementor-element-bbcb7f7 e-con-full e-flex e-con e-child\" data-id=\"bbcb7f7\" data-element_type=\"container\" data-settings=\"{&quot;jet_parallax_layout_list&quot;:[]}\">\n\t\t\t\t<div class=\"elementor-element elementor-element-49a9967 elementor-widget elementor-widget-spacer\" data-id=\"49a9967\" data-element_type=\"widget\" data-widget_type=\"spacer.default\">\n\t\t\t\t<div class=\"elementor-widget-container\">\n\t\t\t\t\t<div class=\"elementor-spacer\">\n\t\t\t<div class=\"elementor-spacer-inner\"><\/div>\n\t\t<\/div>\n\t\t\t\t<\/div>\n\t\t\t\t<\/div>\n\t\t\t\t<\/div>\n\t\t\t\t\t<\/div>\n\t\t\t\t<\/div>\n\t\t<div class=\"elementor-element elementor-element-9f1080d e-flex e-con-boxed e-con e-child\" data-id=\"9f1080d\" data-element_type=\"container\" data-settings=\"{&quot;jet_parallax_layout_list&quot;:[]}\">\n\t\t\t\t\t<div class=\"e-con-inner\">\n\t\t<div class=\"elementor-element elementor-element-f548564 e-con-full e-flex e-con e-child\" data-id=\"f548564\" data-element_type=\"container\" data-settings=\"{&quot;jet_parallax_layout_list&quot;:[]}\">\n\t\t\t\t<div class=\"elementor-element elementor-element-f9e0312 elementor-widget elementor-widget-breadcrumbs\" data-id=\"f9e0312\" data-element_type=\"widget\" data-widget_type=\"breadcrumbs.default\">\n\t\t\t\t<div class=\"elementor-widget-container\">\n\t\t\t<p id=\"breadcrumbs\"><span><span><a href=\"https:\/\/lisbonpubliclaw.pt\/\">Home<\/a><\/span><\/span><\/p>\t\t<\/div>\n\t\t\t\t<\/div>\n\t\t\t\t<div class=\"elementor-element elementor-element-1b60994 elementor-widget elementor-widget-image\" data-id=\"1b60994\" data-element_type=\"widget\" data-widget_type=\"image.default\">\n\t\t\t\t<div class=\"elementor-widget-container\">\n\t\t\t\t\t\t\t\t\t\t\t\t\t\t<a href=\"https:\/\/lisbonpubliclaw.pt\/lisbon-environmental-law\">\n\t\t\t\t\t\t\t<img fetchpriority=\"high\" decoding=\"async\" width=\"1670\" height=\"560\" src=\"https:\/\/lisbonpubliclaw.pt\/wp-content\/uploads\/2023\/10\/logo_LEL.png\" class=\"attachment-full size-full wp-image-4812\" alt=\"\" srcset=\"https:\/\/lisbonpubliclaw.pt\/wp-content\/uploads\/2023\/10\/logo_LEL.png 1670w, https:\/\/lisbonpubliclaw.pt\/wp-content\/uploads\/2023\/10\/logo_LEL-300x101.png 300w, https:\/\/lisbonpubliclaw.pt\/wp-content\/uploads\/2023\/10\/logo_LEL-1024x343.png 1024w, https:\/\/lisbonpubliclaw.pt\/wp-content\/uploads\/2023\/10\/logo_LEL-768x258.png 768w, https:\/\/lisbonpubliclaw.pt\/wp-content\/uploads\/2023\/10\/logo_LEL-1536x515.png 1536w, https:\/\/lisbonpubliclaw.pt\/wp-content\/uploads\/2023\/10\/logo_LEL-18x6.png 18w, https:\/\/lisbonpubliclaw.pt\/wp-content\/uploads\/2023\/10\/logo_LEL-600x201.png 600w\" sizes=\"(max-width: 1670px) 100vw, 1670px\" \/>\t\t\t\t\t\t\t\t<\/a>\n\t\t\t\t\t\t\t\t\t\t\t\t\t<\/div>\n\t\t\t\t<\/div>\n\t\t\t\t<div class=\"elementor-element elementor-element-4b52991 elementor-widget elementor-widget-spacer\" data-id=\"4b52991\" data-element_type=\"widget\" data-widget_type=\"spacer.default\">\n\t\t\t\t<div class=\"elementor-widget-container\">\n\t\t\t\t\t<div class=\"elementor-spacer\">\n\t\t\t<div class=\"elementor-spacer-inner\"><\/div>\n\t\t<\/div>\n\t\t\t\t<\/div>\n\t\t\t\t<\/div>\n\t\t\t\t<div class=\"elementor-element elementor-element-3eaec33 elementor-widget elementor-widget-heading\" data-id=\"3eaec33\" data-element_type=\"widget\" data-widget_type=\"heading.default\">\n\t\t\t\t<div class=\"elementor-widget-container\">\n\t\t\t<h1 class=\"elementor-heading-title elementor-size-default\">Publica\u00e7\u00f5es<\/h1>\t\t<\/div>\n\t\t\t\t<\/div>\n\t\t\t\t<\/div>\n\t\t<div class=\"elementor-element elementor-element-6a630c1 e-con-full e-flex e-con e-child\" data-id=\"6a630c1\" data-element_type=\"container\" data-settings=\"{&quot;jet_parallax_layout_list&quot;:[]}\">\n\t\t\t\t<div class=\"elementor-element elementor-element-0f81239 jet-smart-filter-content-position-line elementor-widget elementor-widget-jet-smart-filters-search\" data-id=\"0f81239\" data-element_type=\"widget\" data-widget_type=\"jet-smart-filters-search.default\">\n\t\t\t\t<div class=\"elementor-widget-container\">\n\t\t\t<div class=\"jet-smart-filters-search jet-filter\"><div class=\"jet-filter-label\">Pesquisar T\u00edtulo<\/div>\n<div class=\"jet-search-filter button-icon-position-left\" data-query-type=\"_s\" data-query-var=\"query\" data-smart-filter=\"search\" data-filter-id=\"1008\" data-apply-type=\"ajax-ontyping\" data-content-provider=\"jet-engine\" data-additional-providers=\"\" data-query-id=\"Teoriaefilosofia\" data-active-label=\"Pesquisar T\u00edtulo\" data-layout-options=\"{&quot;show_label&quot;:&quot;&quot;,&quot;display_options&quot;:[]}\" data-query-var-suffix=\"search\" data-min-letters-count=\"3\">\n\t<div class=\"jet-search-filter__input-wrapper\">\n\t\t<input\n\t\t\tclass=\"jet-search-filter__input\"\n\t\t\ttype=\"search\"\n\t\t\tautocomplete=\"off\"\n\t\t\tname=\"query\"\n\t\t\tvalue=\"\"\n\t\t\tplaceholder=\"Coloque o T\u00edtulo que procura...\"\n\t\t\taria-label=\"Pesquisar T\u00edtulo\"\n\t\t\t\t\t>\n\t\t\t\t\t<div class=\"jet-search-filter__input-clear\">\n\t\t\t\t<svg width=\"22\" height=\"28\" viewBox=\"0 0 22 28\" xmlns=\"http:\/\/www.w3.org\/2000\/svg\">\n\t<path d=\"M20.281 20.656c0 0.391-0.156 0.781-0.438 1.062l-2.125 2.125c-0.281 0.281-0.672 0.438-1.062 0.438s-0.781-0.156-1.062-0.438l-4.594-4.594-4.594 4.594c-0.281 0.281-0.672 0.438-1.062 0.438s-0.781-0.156-1.062-0.438l-2.125-2.125c-0.281-0.281-0.438-0.672-0.438-1.062s0.156-0.781 0.438-1.062l4.594-4.594-4.594-4.594c-0.281-0.281-0.438-0.672-0.438-1.062s0.156-0.781 0.438-1.062l2.125-2.125c0.281-0.281 0.672-0.438 1.062-0.438s0.781 0.156 1.062 0.438l4.594 4.594 4.594-4.594c0.281-0.281 0.672-0.438 1.062-0.438s0.781 0.156 1.062 0.438l2.125 2.125c0.281 0.281 0.438 0.672 0.438 1.062s-0.156 0.781-0.438 1.062l-4.594 4.594 4.594 4.594c0.281 0.281 0.438 0.672 0.438 1.062z\"><\/path>\n<\/svg>\n\t\t\t<\/div>\n\t\t\t<div class=\"jet-search-filter__input-loading\"><\/div>\n\t\t\t<\/div>\n\t<\/div>\n<\/div>\t\t<\/div>\n\t\t\t\t<\/div>\n\t\t\t\t<\/div>\n\t\t\t\t\t<\/div>\n\t\t\t\t<\/div>\n\t\t\t\t\t<\/div>\n\t\t\t\t<\/div>\n\t\t<div class=\"elementor-element elementor-element-81ec860 e-flex e-con-boxed e-con e-parent\" data-id=\"81ec860\" data-element_type=\"container\" data-settings=\"{&quot;jet_parallax_layout_list&quot;:[]}\">\n\t\t\t\t\t<div class=\"e-con-inner\">\n\t\t<div class=\"elementor-element elementor-element-e26b7a9 e-flex e-con-boxed e-con e-child\" data-id=\"e26b7a9\" data-element_type=\"container\" data-settings=\"{&quot;jet_parallax_layout_list&quot;:[]}\">\n\t\t\t\t\t<div class=\"e-con-inner\">\n\t\t\t\t<div class=\"elementor-element elementor-element-7c355f5 elementor-widget-divider--view-line elementor-widget elementor-widget-divider\" data-id=\"7c355f5\" data-element_type=\"widget\" data-widget_type=\"divider.default\">\n\t\t\t\t<div class=\"elementor-widget-container\">\n\t\t\t\t\t<div class=\"elementor-divider\">\n\t\t\t<span class=\"elementor-divider-separator\">\n\t\t\t\t\t\t<\/span>\n\t\t<\/div>\n\t\t\t\t<\/div>\n\t\t\t\t<\/div>\n\t\t\t\t<div class=\"elementor-element elementor-element-b701705 elementor-widget elementor-widget-jet-smart-filters-radio\" data-id=\"b701705\" data-element_type=\"widget\" data-widget_type=\"jet-smart-filters-radio.default\">\n\t\t\t\t<div class=\"elementor-widget-container\">\n\t\t\t<div class=\"jet-smart-filters-radio jet-filter \" data-indexer-rule=\"show\" data-show-counter=\"\" data-change-counter=\"always\"><div class=\"jet-radio-list\" data-query-type=\"tax_query\" data-query-var=\"categoria-da-publicacao\" data-smart-filter=\"radio\" data-filter-id=\"1003\" data-apply-type=\"ajax\" data-content-provider=\"jet-engine\" data-additional-providers=\"\" data-query-id=\"Teoriaefilosofia\" data-active-label=\"Categorias das Publica\u00e7\u00f5es\" data-layout-options=\"{&quot;show_label&quot;:&quot;&quot;,&quot;display_options&quot;:{&quot;show_items_label&quot;:false,&quot;show_decorator&quot;:&quot;yes&quot;,&quot;filter_image_size&quot;:&quot;full&quot;,&quot;show_counter&quot;:false}}\" data-query-var-suffix=\"\" data-apply-on=\"value\" data-can-deselect=\"1\"><form class=\"jet-radio-list-wrapper\"><fieldset><legend style=\"display:none;\">Categorias das Publica\u00e7\u00f5es<\/legend><div class=\"jet-radio-list__row jet-filter-row\">\n\t\t<label class=\"jet-radio-list__item\" >\n\t\t<input\n\t\t\ttype=\"radio\"\n\t\t\tclass=\"jet-radio-list__input\"\n\t\t\tname=\"categoria-da-publicacao\"\n\t\t\tvalue=\"all\"\n\t\t\tdata-label=\"Todas\"\n\t\t\taria-label=\"Todas\"\n\t\t\t\t\t>\n\t\t<div class=\"jet-radio-list__button\">\n\t\t\t\t\t\t\t<span class=\"jet-radio-list__decorator\">\n\t\t\t\t\t<i class=\"jet-radio-list__checked-icon\"><svg width=\"28\" height=\"28\" viewBox=\"0 0 28 28\" xmlns=\"http:\/\/www.w3.org\/2000\/svg\">\n\t<path d=\"M26.109 8.844c0 0.391-0.156 0.781-0.438 1.062l-13.438 13.438c-0.281 0.281-0.672 0.438-1.062 0.438s-0.781-0.156-1.062-0.438l-7.781-7.781c-0.281-0.281-0.438-0.672-0.438-1.062s0.156-0.781 0.438-1.062l2.125-2.125c0.281-0.281 0.672-0.438 1.062-0.438s0.781 0.156 1.062 0.438l4.594 4.609 10.25-10.266c0.281-0.281 0.672-0.438 1.062-0.438s0.781 0.156 1.062 0.438l2.125 2.125c0.281 0.281 0.438 0.672 0.438 1.062z\"><\/path>\n<\/svg>\n<\/i>\n\t\t\t\t<\/span>\n\t\t\t\t\t\t<span class=\"jet-radio-list__label\">Todas<\/span>\n\t\t\t\t\t<\/div>\n\t<\/label>\n<\/div><div class=\"jet-radio-list__row jet-filter-row\">\n\t\t<label class=\"jet-radio-list__item\" >\n\t\t<input\n\t\t\ttype=\"radio\"\n\t\t\tclass=\"jet-radio-list__input\"\n\t\t\tname=\"categoria-da-publicacao\"\n\t\t\tvalue=\"38\"\n\t\t\tdata-label=\"Artigo\"\n\t\t\taria-label=\"Artigo\"\n\t\t\t\t\t>\n\t\t<div class=\"jet-radio-list__button\">\n\t\t\t\t\t\t\t<span class=\"jet-radio-list__decorator\">\n\t\t\t\t\t<i class=\"jet-radio-list__checked-icon\"><svg width=\"28\" height=\"28\" viewBox=\"0 0 28 28\" xmlns=\"http:\/\/www.w3.org\/2000\/svg\">\n\t<path d=\"M26.109 8.844c0 0.391-0.156 0.781-0.438 1.062l-13.438 13.438c-0.281 0.281-0.672 0.438-1.062 0.438s-0.781-0.156-1.062-0.438l-7.781-7.781c-0.281-0.281-0.438-0.672-0.438-1.062s0.156-0.781 0.438-1.062l2.125-2.125c0.281-0.281 0.672-0.438 1.062-0.438s0.781 0.156 1.062 0.438l4.594 4.609 10.25-10.266c0.281-0.281 0.672-0.438 1.062-0.438s0.781 0.156 1.062 0.438l2.125 2.125c0.281 0.281 0.438 0.672 0.438 1.062z\"><\/path>\n<\/svg>\n<\/i>\n\t\t\t\t<\/span>\n\t\t\t\t\t\t<span class=\"jet-radio-list__label\">Artigo<\/span>\n\t\t\t\t\t<\/div>\n\t<\/label>\n<\/div><div class=\"jet-radio-list__row jet-filter-row\">\n\t\t<label class=\"jet-radio-list__item\" >\n\t\t<input\n\t\t\ttype=\"radio\"\n\t\t\tclass=\"jet-radio-list__input\"\n\t\t\tname=\"categoria-da-publicacao\"\n\t\t\tvalue=\"24\"\n\t\t\tdata-label=\"Cap\u00edtulo de Livro\"\n\t\t\taria-label=\"Cap\u00edtulo de Livro\"\n\t\t\t\t\t>\n\t\t<div class=\"jet-radio-list__button\">\n\t\t\t\t\t\t\t<span class=\"jet-radio-list__decorator\">\n\t\t\t\t\t<i class=\"jet-radio-list__checked-icon\"><svg width=\"28\" height=\"28\" viewBox=\"0 0 28 28\" xmlns=\"http:\/\/www.w3.org\/2000\/svg\">\n\t<path d=\"M26.109 8.844c0 0.391-0.156 0.781-0.438 1.062l-13.438 13.438c-0.281 0.281-0.672 0.438-1.062 0.438s-0.781-0.156-1.062-0.438l-7.781-7.781c-0.281-0.281-0.438-0.672-0.438-1.062s0.156-0.781 0.438-1.062l2.125-2.125c0.281-0.281 0.672-0.438 1.062-0.438s0.781 0.156 1.062 0.438l4.594 4.609 10.25-10.266c0.281-0.281 0.672-0.438 1.062-0.438s0.781 0.156 1.062 0.438l2.125 2.125c0.281 0.281 0.438 0.672 0.438 1.062z\"><\/path>\n<\/svg>\n<\/i>\n\t\t\t\t<\/span>\n\t\t\t\t\t\t<span class=\"jet-radio-list__label\">Cap\u00edtulo de Livro<\/span>\n\t\t\t\t\t<\/div>\n\t<\/label>\n<\/div><div class=\"jet-radio-list__row jet-filter-row\">\n\t\t<label class=\"jet-radio-list__item\" >\n\t\t<input\n\t\t\ttype=\"radio\"\n\t\t\tclass=\"jet-radio-list__input\"\n\t\t\tname=\"categoria-da-publicacao\"\n\t\t\tvalue=\"23\"\n\t\t\tdata-label=\"Livro\"\n\t\t\taria-label=\"Livro\"\n\t\t\t\t\t>\n\t\t<div class=\"jet-radio-list__button\">\n\t\t\t\t\t\t\t<span class=\"jet-radio-list__decorator\">\n\t\t\t\t\t<i class=\"jet-radio-list__checked-icon\"><svg width=\"28\" height=\"28\" viewBox=\"0 0 28 28\" xmlns=\"http:\/\/www.w3.org\/2000\/svg\">\n\t<path d=\"M26.109 8.844c0 0.391-0.156 0.781-0.438 1.062l-13.438 13.438c-0.281 0.281-0.672 0.438-1.062 0.438s-0.781-0.156-1.062-0.438l-7.781-7.781c-0.281-0.281-0.438-0.672-0.438-1.062s0.156-0.781 0.438-1.062l2.125-2.125c0.281-0.281 0.672-0.438 1.062-0.438s0.781 0.156 1.062 0.438l4.594 4.609 10.25-10.266c0.281-0.281 0.672-0.438 1.062-0.438s0.781 0.156 1.062 0.438l2.125 2.125c0.281 0.281 0.438 0.672 0.438 1.062z\"><\/path>\n<\/svg>\n<\/i>\n\t\t\t\t<\/span>\n\t\t\t\t\t\t<span class=\"jet-radio-list__label\">Livro<\/span>\n\t\t\t\t\t<\/div>\n\t<\/label>\n<\/div><div class=\"jet-radio-list__row jet-filter-row\">\n\t\t<label class=\"jet-radio-list__item\" >\n\t\t<input\n\t\t\ttype=\"radio\"\n\t\t\tclass=\"jet-radio-list__input\"\n\t\t\tname=\"categoria-da-publicacao\"\n\t\t\tvalue=\"25\"\n\t\t\tdata-label=\"Livro Editions\"\n\t\t\taria-label=\"Livro Editions\"\n\t\t\t\t\t>\n\t\t<div class=\"jet-radio-list__button\">\n\t\t\t\t\t\t\t<span class=\"jet-radio-list__decorator\">\n\t\t\t\t\t<i class=\"jet-radio-list__checked-icon\"><svg width=\"28\" height=\"28\" viewBox=\"0 0 28 28\" xmlns=\"http:\/\/www.w3.org\/2000\/svg\">\n\t<path d=\"M26.109 8.844c0 0.391-0.156 0.781-0.438 1.062l-13.438 13.438c-0.281 0.281-0.672 0.438-1.062 0.438s-0.781-0.156-1.062-0.438l-7.781-7.781c-0.281-0.281-0.438-0.672-0.438-1.062s0.156-0.781 0.438-1.062l2.125-2.125c0.281-0.281 0.672-0.438 1.062-0.438s0.781 0.156 1.062 0.438l4.594 4.609 10.25-10.266c0.281-0.281 0.672-0.438 1.062-0.438s0.781 0.156 1.062 0.438l2.125 2.125c0.281 0.281 0.438 0.672 0.438 1.062z\"><\/path>\n<\/svg>\n<\/i>\n\t\t\t\t<\/span>\n\t\t\t\t\t\t<span class=\"jet-radio-list__label\">Livro Editions<\/span>\n\t\t\t\t\t<\/div>\n\t<\/label>\n<\/div><div class=\"jet-radio-list__row jet-filter-row\">\n\t\t<label class=\"jet-radio-list__item\" >\n\t\t<input\n\t\t\ttype=\"radio\"\n\t\t\tclass=\"jet-radio-list__input\"\n\t\t\tname=\"categoria-da-publicacao\"\n\t\t\tvalue=\"63\"\n\t\t\tdata-label=\"relat\u00f3rio\"\n\t\t\taria-label=\"relat\u00f3rio\"\n\t\t\t\t\t>\n\t\t<div class=\"jet-radio-list__button\">\n\t\t\t\t\t\t\t<span class=\"jet-radio-list__decorator\">\n\t\t\t\t\t<i class=\"jet-radio-list__checked-icon\"><svg width=\"28\" height=\"28\" viewBox=\"0 0 28 28\" xmlns=\"http:\/\/www.w3.org\/2000\/svg\">\n\t<path d=\"M26.109 8.844c0 0.391-0.156 0.781-0.438 1.062l-13.438 13.438c-0.281 0.281-0.672 0.438-1.062 0.438s-0.781-0.156-1.062-0.438l-7.781-7.781c-0.281-0.281-0.438-0.672-0.438-1.062s0.156-0.781 0.438-1.062l2.125-2.125c0.281-0.281 0.672-0.438 1.062-0.438s0.781 0.156 1.062 0.438l4.594 4.609 10.25-10.266c0.281-0.281 0.672-0.438 1.062-0.438s0.781 0.156 1.062 0.438l2.125 2.125c0.281 0.281 0.438 0.672 0.438 1.062z\"><\/path>\n<\/svg>\n<\/i>\n\t\t\t\t<\/span>\n\t\t\t\t\t\t<span class=\"jet-radio-list__label\">relat\u00f3rio<\/span>\n\t\t\t\t\t<\/div>\n\t<\/label>\n<\/div><\/fieldset><\/form><\/div>\n<\/div>\t\t<\/div>\n\t\t\t\t<\/div>\n\t\t\t\t<div class=\"elementor-element elementor-element-9982c0a elementor-widget-divider--view-line elementor-widget elementor-widget-divider\" data-id=\"9982c0a\" data-element_type=\"widget\" data-widget_type=\"divider.default\">\n\t\t\t\t<div class=\"elementor-widget-container\">\n\t\t\t\t\t<div class=\"elementor-divider\">\n\t\t\t<span class=\"elementor-divider-separator\">\n\t\t\t\t\t\t<\/span>\n\t\t<\/div>\n\t\t\t\t<\/div>\n\t\t\t\t<\/div>\n\t\t\t\t\t<\/div>\n\t\t\t\t<\/div>\n\t\t\t\t\t<\/div>\n\t\t\t\t<\/div>\n\t\t<div class=\"elementor-element elementor-element-5f881f2 e-flex e-con-boxed e-con e-parent\" data-id=\"5f881f2\" data-element_type=\"container\" data-settings=\"{&quot;jet_parallax_layout_list&quot;:[]}\">\n\t\t\t\t\t<div class=\"e-con-inner\">\n\t\t\t\t<div class=\"elementor-element elementor-element-705e5bd elementor-widget elementor-widget-jet-listing-grid\" data-id=\"705e5bd\" data-element_type=\"widget\" id=\"Teoriaefilosofia\" data-settings=\"{&quot;columns&quot;:&quot;4&quot;,&quot;columns_tablet&quot;:&quot;2&quot;,&quot;columns_mobile&quot;:&quot;1&quot;}\" data-widget_type=\"jet-listing-grid.default\">\n\t\t\t\t<div class=\"elementor-widget-container\">\n\t\t\t<div class=\"jet-listing-grid jet-listing\"><div class=\"jet-listing-grid__items grid-col-desk-4 grid-col-tablet-2 grid-col-mobile-1 jet-listing-grid--3129\" data-queried-id=\"4616|WP_Post\" data-nav=\"{&quot;enabled&quot;:false,&quot;type&quot;:null,&quot;more_el&quot;:null,&quot;query&quot;:[],&quot;widget_settings&quot;:{&quot;lisitng_id&quot;:3129,&quot;posts_num&quot;:200,&quot;columns&quot;:4,&quot;columns_tablet&quot;:2,&quot;columns_mobile&quot;:1,&quot;is_archive_template&quot;:&quot;&quot;,&quot;post_status&quot;:[&quot;publish&quot;],&quot;use_random_posts_num&quot;:&quot;&quot;,&quot;max_posts_num&quot;:9,&quot;not_found_message&quot;:&quot;No data was found&quot;,&quot;is_masonry&quot;:false,&quot;equal_columns_height&quot;:&quot;&quot;,&quot;use_load_more&quot;:&quot;&quot;,&quot;load_more_id&quot;:&quot;&quot;,&quot;load_more_type&quot;:&quot;click&quot;,&quot;load_more_offset&quot;:{&quot;unit&quot;:&quot;px&quot;,&quot;size&quot;:0,&quot;sizes&quot;:[]},&quot;use_custom_post_types&quot;:&quot;&quot;,&quot;custom_post_types&quot;:[],&quot;hide_widget_if&quot;:&quot;&quot;,&quot;carousel_enabled&quot;:&quot;&quot;,&quot;slides_to_scroll&quot;:&quot;1&quot;,&quot;arrows&quot;:&quot;true&quot;,&quot;arrow_icon&quot;:&quot;fa fa-angle-left&quot;,&quot;dots&quot;:&quot;&quot;,&quot;autoplay&quot;:&quot;true&quot;,&quot;pause_on_hover&quot;:&quot;true&quot;,&quot;autoplay_speed&quot;:5000,&quot;infinite&quot;:&quot;true&quot;,&quot;center_mode&quot;:&quot;&quot;,&quot;effect&quot;:&quot;slide&quot;,&quot;speed&quot;:500,&quot;inject_alternative_items&quot;:&quot;&quot;,&quot;injection_items&quot;:[],&quot;scroll_slider_enabled&quot;:&quot;&quot;,&quot;scroll_slider_on&quot;:[&quot;desktop&quot;,&quot;tablet&quot;,&quot;mobile&quot;],&quot;custom_query&quot;:false,&quot;custom_query_id&quot;:&quot;5&quot;,&quot;_element_id&quot;:&quot;Teoriaefilosofia&quot;}}\" data-page=\"1\" data-pages=\"1\" data-listing-source=\"posts\" data-listing-id=\"3129\" data-query-id=\"\"><div class=\"jet-listing-grid__item jet-listing-dynamic-post-11219\" data-post-id=\"11219\" ><style type=\"text\/css\">.jet-listing-dynamic-post-11219 .elementor-element.elementor-element-b25cd35 .jet-button__instance:hover{background-color:#113295;}.jet-listing-dynamic-post-11219 .elementor-element.elementor-element-b25cd35 .jet-button__plane-hover{background-color:#113295;}.jet-listing-dynamic-post-11219 .elementor-element.elementor-element-b25cd35 .jet-button__instance{border-color:#00414b;}<\/style>\t\t<div data-elementor-type=\"jet-listing-items\" data-elementor-id=\"3129\" class=\"elementor elementor-3129\" data-elementor-post-type=\"jet-engine\">\n\t\t\t\t<div class=\"elementor-element elementor-element-afad250 e-con-full e-flex e-con e-parent\" data-id=\"afad250\" data-element_type=\"container\" data-settings=\"{&quot;jet_parallax_layout_list&quot;:[]}\">\n\t\t\t\t<div class=\"elementor-element elementor-element-f153fa6 elementor-widget elementor-widget-jet-listing-dynamic-image\" data-id=\"f153fa6\" data-element_type=\"widget\" data-widget_type=\"jet-listing-dynamic-image.default\">\n\t\t\t\t<div class=\"elementor-widget-container\">\n\t\t\t<div class=\"jet-listing jet-listing-dynamic-image\"><a href=\"https:\/\/lisbonpubliclaw.pt\/en\/publicacoes\/commentary-on-strasbourg-principle-no-9-right-to-a-healthy-environment\/\" class=\"jet-listing-dynamic-image__link\"><img decoding=\"async\" width=\"400\" height=\"560\" src=\"https:\/\/lisbonpubliclaw.pt\/wp-content\/uploads\/2026\/01\/hoaf.png\" class=\"jet-listing-dynamic-image__img attachment-full size-full\" alt=\"hoaf\" srcset=\"https:\/\/lisbonpubliclaw.pt\/wp-content\/uploads\/2026\/01\/hoaf.png 400w, https:\/\/lisbonpubliclaw.pt\/wp-content\/uploads\/2026\/01\/hoaf-214x300.png 214w, https:\/\/lisbonpubliclaw.pt\/wp-content\/uploads\/2026\/01\/hoaf-9x12.png 9w\" sizes=\"(max-width: 400px) 100vw, 400px\" loading=\"eager\" \/><\/a><\/div>\t\t<\/div>\n\t\t\t\t<\/div>\n\t\t\t\t<\/div>\n\t\t<div class=\"elementor-element elementor-element-c9b539d e-con-full e-flex e-con e-parent\" data-id=\"c9b539d\" data-element_type=\"container\" data-settings=\"{&quot;jet_parallax_layout_list&quot;:[],&quot;background_background&quot;:&quot;classic&quot;}\">\n\t\t\t\t<div class=\"elementor-element elementor-element-a827a70 elementor-widget elementor-widget-jet-listing-dynamic-field\" data-id=\"a827a70\" data-element_type=\"widget\" data-widget_type=\"jet-listing-dynamic-field.default\">\n\t\t\t\t<div class=\"elementor-widget-container\">\n\t\t\t<div class=\"jet-listing jet-listing-dynamic-field display-inline\"><div class=\"jet-listing-dynamic-field__inline-wrap\"><div class=\"jet-listing-dynamic-field__content\">Ano: 2026<\/div><\/div><\/div>\t\t<\/div>\n\t\t\t\t<\/div>\n\t\t\t\t<div class=\"elementor-element elementor-element-fccdcbe elementor-widget elementor-widget-jet-listing-dynamic-field\" data-id=\"fccdcbe\" data-element_type=\"widget\" data-widget_type=\"jet-listing-dynamic-field.default\">\n\t\t\t\t<div class=\"elementor-widget-container\">\n\t\t\t<div class=\"jet-listing jet-listing-dynamic-field display-inline\"><div class=\"jet-listing-dynamic-field__inline-wrap\"><div class=\"jet-listing-dynamic-field__content\">Helo\u00edsa Oliveira, Afonso Br\u00e1s<\/div><\/div><\/div>\t\t<\/div>\n\t\t\t\t<\/div>\n\t\t\t\t<div class=\"elementor-element elementor-element-fb701b4 elementor-widget elementor-widget-heading\" data-id=\"fb701b4\" data-element_type=\"widget\" data-widget_type=\"heading.default\">\n\t\t\t\t<div class=\"elementor-widget-container\">\n\t\t\t<h6 class=\"elementor-heading-title elementor-size-default\">Commentary on Strasbourg Principle no. 9 : right to a healthy environment<\/h6>\t\t<\/div>\n\t\t\t\t<\/div>\n\t\t\t\t<div class=\"elementor-element elementor-element-b25cd35 elementor-widget elementor-widget-jet-button\" data-id=\"b25cd35\" data-element_type=\"widget\" data-widget_type=\"jet-button.default\">\n\t\t\t\t<div class=\"elementor-widget-container\">\n\t\t\t<div class=\"elementor-jet-button jet-elements\"><div class=\"jet-button__container\">\n\t<a class=\"jet-button__instance jet-button__instance--icon-left hover-effect-0\" href=\"https:\/\/lisbonpubliclaw.pt\/en\/publicacoes\/commentary-on-strasbourg-principle-no-9-right-to-a-healthy-environment\/\">\n\t\t<div class=\"jet-button__plane jet-button__plane-normal\"><\/div>\n\t\t<div class=\"jet-button__plane jet-button__plane-hover\"><\/div>\n\t\t<div class=\"jet-button__state jet-button__state-normal\">\n\t\t\t<span class=\"jet-button__label\">Ver Publica\u00e7\u00e3o<\/span>\t\t<\/div>\n\t\t<div class=\"jet-button__state jet-button__state-hover\">\n\t\t\t<span class=\"jet-button__label\">Ver Publica\u00e7\u00e3o<\/span>\t\t<\/div>\n\t<\/a>\n<\/div>\n<\/div>\t\t<\/div>\n\t\t\t\t<\/div>\n\t\t<div class=\"elementor-element elementor-element-8c35e39 e-con-full e-flex e-con e-child\" data-id=\"8c35e39\" data-element_type=\"container\" data-settings=\"{&quot;background_background&quot;:&quot;classic&quot;,&quot;jet_parallax_layout_list&quot;:[]}\">\n\t\t\t\t<\/div>\n\t\t\t\t<\/div>\n\t\t<div class=\"elementor-element elementor-element-7a3163d e-flex e-con-boxed e-con e-parent\" data-id=\"7a3163d\" data-element_type=\"container\" data-settings=\"{&quot;jet_parallax_layout_list&quot;:[]}\">\n\t\t\t\t\t<div class=\"e-con-inner\">\n\t\t\t\t\t<\/div>\n\t\t\t\t<\/div>\n\t\t\t\t<\/div>\n\t\t<\/div><div class=\"jet-listing-grid__item jet-listing-dynamic-post-11217\" data-post-id=\"11217\" ><style type=\"text\/css\">.jet-listing-dynamic-post-11217 .elementor-element.elementor-element-b25cd35 .jet-button__instance:hover{background-color:#113295;}.jet-listing-dynamic-post-11217 .elementor-element.elementor-element-b25cd35 .jet-button__plane-hover{background-color:#113295;}.jet-listing-dynamic-post-11217 .elementor-element.elementor-element-b25cd35 .jet-button__instance{border-color:#00414b;}<\/style>\t\t<div data-elementor-type=\"jet-listing-items\" data-elementor-id=\"3129\" class=\"elementor elementor-3129\" data-elementor-post-type=\"jet-engine\">\n\t\t\t\t<div class=\"elementor-element elementor-element-afad250 e-con-full e-flex e-con e-parent\" data-id=\"afad250\" data-element_type=\"container\" data-settings=\"{&quot;jet_parallax_layout_list&quot;:[]}\">\n\t\t\t\t<div class=\"elementor-element elementor-element-f153fa6 elementor-widget elementor-widget-jet-listing-dynamic-image\" data-id=\"f153fa6\" data-element_type=\"widget\" data-widget_type=\"jet-listing-dynamic-image.default\">\n\t\t\t\t<div class=\"elementor-widget-container\">\n\t\t\t<div class=\"jet-listing jet-listing-dynamic-image\"><a href=\"https:\/\/lisbonpubliclaw.pt\/en\/publicacoes\/a-integracao-da-ciencia-da-atribuicao-de-eventos-climaticos-extremos-as-politicas-publicas\/\" class=\"jet-listing-dynamic-image__link\"><img decoding=\"async\" width=\"400\" height=\"560\" src=\"https:\/\/lisbonpubliclaw.pt\/wp-content\/uploads\/2026\/01\/lel_1Publicacoes.png\" class=\"jet-listing-dynamic-image__img attachment-full size-full\" alt=\"lel_1Publica\u00e7\u00f5es\" srcset=\"https:\/\/lisbonpubliclaw.pt\/wp-content\/uploads\/2026\/01\/lel_1Publicacoes.png 400w, https:\/\/lisbonpubliclaw.pt\/wp-content\/uploads\/2026\/01\/lel_1Publicacoes-214x300.png 214w, https:\/\/lisbonpubliclaw.pt\/wp-content\/uploads\/2026\/01\/lel_1Publicacoes-9x12.png 9w\" sizes=\"(max-width: 400px) 100vw, 400px\" loading=\"eager\" \/><\/a><\/div>\t\t<\/div>\n\t\t\t\t<\/div>\n\t\t\t\t<\/div>\n\t\t<div class=\"elementor-element elementor-element-c9b539d e-con-full e-flex e-con e-parent\" data-id=\"c9b539d\" data-element_type=\"container\" data-settings=\"{&quot;jet_parallax_layout_list&quot;:[],&quot;background_background&quot;:&quot;classic&quot;}\">\n\t\t\t\t<div class=\"elementor-element elementor-element-a827a70 elementor-widget elementor-widget-jet-listing-dynamic-field\" data-id=\"a827a70\" data-element_type=\"widget\" data-widget_type=\"jet-listing-dynamic-field.default\">\n\t\t\t\t<div class=\"elementor-widget-container\">\n\t\t\t<div class=\"jet-listing jet-listing-dynamic-field display-inline\"><div class=\"jet-listing-dynamic-field__inline-wrap\"><div class=\"jet-listing-dynamic-field__content\">Ano: 2026<\/div><\/div><\/div>\t\t<\/div>\n\t\t\t\t<\/div>\n\t\t\t\t<div class=\"elementor-element elementor-element-fccdcbe elementor-widget elementor-widget-jet-listing-dynamic-field\" data-id=\"fccdcbe\" data-element_type=\"widget\" data-widget_type=\"jet-listing-dynamic-field.default\">\n\t\t\t\t<div class=\"elementor-widget-container\">\n\t\t\t<div class=\"jet-listing jet-listing-dynamic-field display-inline\"><div class=\"jet-listing-dynamic-field__inline-wrap\"><div class=\"jet-listing-dynamic-field__content\">Pedro Sampaio Minassa<\/div><\/div><\/div>\t\t<\/div>\n\t\t\t\t<\/div>\n\t\t\t\t<div class=\"elementor-element elementor-element-fb701b4 elementor-widget elementor-widget-heading\" data-id=\"fb701b4\" data-element_type=\"widget\" data-widget_type=\"heading.default\">\n\t\t\t\t<div class=\"elementor-widget-container\">\n\t\t\t<h6 class=\"elementor-heading-title elementor-size-default\">A integra\u00e7\u00e3o da ci\u00eancia da atribui\u00e7\u00e3o de eventos clim\u00e1ticos extremos \u00e0s pol\u00edticas p\u00fablicas<\/h6>\t\t<\/div>\n\t\t\t\t<\/div>\n\t\t\t\t<div class=\"elementor-element elementor-element-b25cd35 elementor-widget elementor-widget-jet-button\" data-id=\"b25cd35\" data-element_type=\"widget\" data-widget_type=\"jet-button.default\">\n\t\t\t\t<div class=\"elementor-widget-container\">\n\t\t\t<div class=\"elementor-jet-button jet-elements\"><div class=\"jet-button__container\">\n\t<a class=\"jet-button__instance jet-button__instance--icon-left hover-effect-0\" href=\"https:\/\/lisbonpubliclaw.pt\/en\/publicacoes\/a-integracao-da-ciencia-da-atribuicao-de-eventos-climaticos-extremos-as-politicas-publicas\/\">\n\t\t<div class=\"jet-button__plane jet-button__plane-normal\"><\/div>\n\t\t<div class=\"jet-button__plane jet-button__plane-hover\"><\/div>\n\t\t<div class=\"jet-button__state jet-button__state-normal\">\n\t\t\t<span class=\"jet-button__label\">Ver Publica\u00e7\u00e3o<\/span>\t\t<\/div>\n\t\t<div class=\"jet-button__state jet-button__state-hover\">\n\t\t\t<span class=\"jet-button__label\">Ver Publica\u00e7\u00e3o<\/span>\t\t<\/div>\n\t<\/a>\n<\/div>\n<\/div>\t\t<\/div>\n\t\t\t\t<\/div>\n\t\t<div class=\"elementor-element elementor-element-8c35e39 e-con-full e-flex e-con e-child\" data-id=\"8c35e39\" data-element_type=\"container\" data-settings=\"{&quot;background_background&quot;:&quot;classic&quot;,&quot;jet_parallax_layout_list&quot;:[]}\">\n\t\t\t\t<\/div>\n\t\t\t\t<\/div>\n\t\t<div class=\"elementor-element elementor-element-7a3163d e-flex e-con-boxed e-con e-parent\" data-id=\"7a3163d\" data-element_type=\"container\" data-settings=\"{&quot;jet_parallax_layout_list&quot;:[]}\">\n\t\t\t\t\t<div class=\"e-con-inner\">\n\t\t\t\t\t<\/div>\n\t\t\t\t<\/div>\n\t\t\t\t<\/div>\n\t\t<\/div><div class=\"jet-listing-grid__item jet-listing-dynamic-post-11189\" data-post-id=\"11189\" ><style type=\"text\/css\">.jet-listing-dynamic-post-11189 .elementor-element.elementor-element-b25cd35 .jet-button__instance:hover{background-color:#113295;}.jet-listing-dynamic-post-11189 .elementor-element.elementor-element-b25cd35 .jet-button__plane-hover{background-color:#113295;}.jet-listing-dynamic-post-11189 .elementor-element.elementor-element-b25cd35 .jet-button__instance{border-color:#00414b;}<\/style>\t\t<div data-elementor-type=\"jet-listing-items\" data-elementor-id=\"3129\" class=\"elementor elementor-3129\" data-elementor-post-type=\"jet-engine\">\n\t\t\t\t<div class=\"elementor-element elementor-element-afad250 e-con-full e-flex e-con e-parent\" data-id=\"afad250\" data-element_type=\"container\" data-settings=\"{&quot;jet_parallax_layout_list&quot;:[]}\">\n\t\t\t\t<div class=\"elementor-element elementor-element-f153fa6 elementor-widget elementor-widget-jet-listing-dynamic-image\" data-id=\"f153fa6\" data-element_type=\"widget\" data-widget_type=\"jet-listing-dynamic-image.default\">\n\t\t\t\t<div class=\"elementor-widget-container\">\n\t\t\t<div class=\"jet-listing jet-listing-dynamic-image\"><a href=\"https:\/\/lisbonpubliclaw.pt\/en\/publicacoes\/alteracoes-climaticas-e-o-acesso-aos-tribunais-uma-tutela-jurisidicional-efetiva\/\" class=\"jet-listing-dynamic-image__link\"><img decoding=\"async\" width=\"400\" height=\"560\" src=\"https:\/\/lisbonpubliclaw.pt\/wp-content\/uploads\/2026\/01\/he-jp_Publicacoes.png\" class=\"jet-listing-dynamic-image__img attachment-full size-full\" alt=\"he-jp_Publica\u00e7\u00f5es\" srcset=\"https:\/\/lisbonpubliclaw.pt\/wp-content\/uploads\/2026\/01\/he-jp_Publicacoes.png 400w, https:\/\/lisbonpubliclaw.pt\/wp-content\/uploads\/2026\/01\/he-jp_Publicacoes-214x300.png 214w, https:\/\/lisbonpubliclaw.pt\/wp-content\/uploads\/2026\/01\/he-jp_Publicacoes-9x12.png 9w\" sizes=\"(max-width: 400px) 100vw, 400px\" loading=\"eager\" \/><\/a><\/div>\t\t<\/div>\n\t\t\t\t<\/div>\n\t\t\t\t<\/div>\n\t\t<div class=\"elementor-element elementor-element-c9b539d e-con-full e-flex e-con e-parent\" data-id=\"c9b539d\" data-element_type=\"container\" data-settings=\"{&quot;jet_parallax_layout_list&quot;:[],&quot;background_background&quot;:&quot;classic&quot;}\">\n\t\t\t\t<div class=\"elementor-element elementor-element-a827a70 elementor-widget elementor-widget-jet-listing-dynamic-field\" data-id=\"a827a70\" data-element_type=\"widget\" data-widget_type=\"jet-listing-dynamic-field.default\">\n\t\t\t\t<div class=\"elementor-widget-container\">\n\t\t\t<div class=\"jet-listing jet-listing-dynamic-field display-inline\"><div class=\"jet-listing-dynamic-field__inline-wrap\"><div class=\"jet-listing-dynamic-field__content\">Ano: 2025<\/div><\/div><\/div>\t\t<\/div>\n\t\t\t\t<\/div>\n\t\t\t\t<div class=\"elementor-element elementor-element-fccdcbe elementor-widget elementor-widget-jet-listing-dynamic-field\" data-id=\"fccdcbe\" data-element_type=\"widget\" data-widget_type=\"jet-listing-dynamic-field.default\">\n\t\t\t\t<div class=\"elementor-widget-container\">\n\t\t\t<div class=\"jet-listing jet-listing-dynamic-field display-inline\"><div class=\"jet-listing-dynamic-field__inline-wrap\"><div class=\"jet-listing-dynamic-field__content\">Helo\u00edsa Oliveira, Jo\u00e3o Tom\u00e9 Pil\u00e3o<\/div><\/div><\/div>\t\t<\/div>\n\t\t\t\t<\/div>\n\t\t\t\t<div class=\"elementor-element elementor-element-fb701b4 elementor-widget elementor-widget-heading\" data-id=\"fb701b4\" data-element_type=\"widget\" data-widget_type=\"heading.default\">\n\t\t\t\t<div class=\"elementor-widget-container\">\n\t\t\t<h6 class=\"elementor-heading-title elementor-size-default\">Altera\u00e7\u00f5es clim\u00e1ticas e o acesso aos tribunais: Uma tutela jurisidicional efetiva?<\/h6>\t\t<\/div>\n\t\t\t\t<\/div>\n\t\t\t\t<div class=\"elementor-element elementor-element-b25cd35 elementor-widget elementor-widget-jet-button\" data-id=\"b25cd35\" data-element_type=\"widget\" data-widget_type=\"jet-button.default\">\n\t\t\t\t<div class=\"elementor-widget-container\">\n\t\t\t<div class=\"elementor-jet-button jet-elements\"><div class=\"jet-button__container\">\n\t<a class=\"jet-button__instance jet-button__instance--icon-left hover-effect-0\" href=\"https:\/\/lisbonpubliclaw.pt\/en\/publicacoes\/alteracoes-climaticas-e-o-acesso-aos-tribunais-uma-tutela-jurisidicional-efetiva\/\">\n\t\t<div class=\"jet-button__plane jet-button__plane-normal\"><\/div>\n\t\t<div class=\"jet-button__plane jet-button__plane-hover\"><\/div>\n\t\t<div class=\"jet-button__state jet-button__state-normal\">\n\t\t\t<span class=\"jet-button__label\">Ver Publica\u00e7\u00e3o<\/span>\t\t<\/div>\n\t\t<div class=\"jet-button__state jet-button__state-hover\">\n\t\t\t<span class=\"jet-button__label\">Ver Publica\u00e7\u00e3o<\/span>\t\t<\/div>\n\t<\/a>\n<\/div>\n<\/div>\t\t<\/div>\n\t\t\t\t<\/div>\n\t\t<div class=\"elementor-element elementor-element-8c35e39 e-con-full e-flex e-con e-child\" data-id=\"8c35e39\" data-element_type=\"container\" data-settings=\"{&quot;background_background&quot;:&quot;classic&quot;,&quot;jet_parallax_layout_list&quot;:[]}\">\n\t\t\t\t<\/div>\n\t\t\t\t<\/div>\n\t\t<div class=\"elementor-element elementor-element-7a3163d e-flex e-con-boxed e-con e-parent\" data-id=\"7a3163d\" data-element_type=\"container\" data-settings=\"{&quot;jet_parallax_layout_list&quot;:[]}\">\n\t\t\t\t\t<div class=\"e-con-inner\">\n\t\t\t\t\t<\/div>\n\t\t\t\t<\/div>\n\t\t\t\t<\/div>\n\t\t<\/div><div class=\"jet-listing-grid__item jet-listing-dynamic-post-11187\" data-post-id=\"11187\" ><style type=\"text\/css\">.jet-listing-dynamic-post-11187 .elementor-element.elementor-element-b25cd35 .jet-button__instance:hover{background-color:#113295;}.jet-listing-dynamic-post-11187 .elementor-element.elementor-element-b25cd35 .jet-button__plane-hover{background-color:#113295;}.jet-listing-dynamic-post-11187 .elementor-element.elementor-element-b25cd35 .jet-button__instance{border-color:#00414b;}<\/style>\t\t<div data-elementor-type=\"jet-listing-items\" data-elementor-id=\"3129\" class=\"elementor elementor-3129\" data-elementor-post-type=\"jet-engine\">\n\t\t\t\t<div class=\"elementor-element elementor-element-afad250 e-con-full e-flex e-con e-parent\" data-id=\"afad250\" data-element_type=\"container\" data-settings=\"{&quot;jet_parallax_layout_list&quot;:[]}\">\n\t\t\t\t<div class=\"elementor-element elementor-element-f153fa6 elementor-widget elementor-widget-jet-listing-dynamic-image\" data-id=\"f153fa6\" data-element_type=\"widget\" data-widget_type=\"jet-listing-dynamic-image.default\">\n\t\t\t\t<div class=\"elementor-widget-container\">\n\t\t\t<div class=\"jet-listing jet-listing-dynamic-image\"><a href=\"https:\/\/lisbonpubliclaw.pt\/en\/publicacoes\/eu-law-and-the-energy-transition-leaving-soils-behind\/\" class=\"jet-listing-dynamic-image__link\"><img decoding=\"async\" width=\"400\" height=\"560\" src=\"https:\/\/lisbonpubliclaw.pt\/wp-content\/uploads\/2026\/01\/ho_2026_Publicacoes.png\" class=\"jet-listing-dynamic-image__img attachment-full size-full\" alt=\"ho_2026_Publica\u00e7\u00f5es\" srcset=\"https:\/\/lisbonpubliclaw.pt\/wp-content\/uploads\/2026\/01\/ho_2026_Publicacoes.png 400w, https:\/\/lisbonpubliclaw.pt\/wp-content\/uploads\/2026\/01\/ho_2026_Publicacoes-214x300.png 214w, https:\/\/lisbonpubliclaw.pt\/wp-content\/uploads\/2026\/01\/ho_2026_Publicacoes-9x12.png 9w\" sizes=\"(max-width: 400px) 100vw, 400px\" loading=\"eager\" \/><\/a><\/div>\t\t<\/div>\n\t\t\t\t<\/div>\n\t\t\t\t<\/div>\n\t\t<div class=\"elementor-element elementor-element-c9b539d e-con-full e-flex e-con e-parent\" data-id=\"c9b539d\" data-element_type=\"container\" data-settings=\"{&quot;jet_parallax_layout_list&quot;:[],&quot;background_background&quot;:&quot;classic&quot;}\">\n\t\t\t\t<div class=\"elementor-element elementor-element-a827a70 elementor-widget elementor-widget-jet-listing-dynamic-field\" data-id=\"a827a70\" data-element_type=\"widget\" data-widget_type=\"jet-listing-dynamic-field.default\">\n\t\t\t\t<div class=\"elementor-widget-container\">\n\t\t\t<div class=\"jet-listing jet-listing-dynamic-field display-inline\"><div class=\"jet-listing-dynamic-field__inline-wrap\"><div class=\"jet-listing-dynamic-field__content\">Ano: 2025<\/div><\/div><\/div>\t\t<\/div>\n\t\t\t\t<\/div>\n\t\t\t\t<div class=\"elementor-element elementor-element-fccdcbe elementor-widget elementor-widget-jet-listing-dynamic-field\" data-id=\"fccdcbe\" data-element_type=\"widget\" data-widget_type=\"jet-listing-dynamic-field.default\">\n\t\t\t\t<div class=\"elementor-widget-container\">\n\t\t\t<div class=\"jet-listing jet-listing-dynamic-field display-inline\"><div class=\"jet-listing-dynamic-field__inline-wrap\"><div class=\"jet-listing-dynamic-field__content\">Helo\u00edsa Oliveira, Matteo Fermeglia<\/div><\/div><\/div>\t\t<\/div>\n\t\t\t\t<\/div>\n\t\t\t\t<div class=\"elementor-element elementor-element-fb701b4 elementor-widget elementor-widget-heading\" data-id=\"fb701b4\" data-element_type=\"widget\" data-widget_type=\"heading.default\">\n\t\t\t\t<div class=\"elementor-widget-container\">\n\t\t\t<h6 class=\"elementor-heading-title elementor-size-default\">EU Law and the Energy Transition: Leaving Soils Behind?<\/h6>\t\t<\/div>\n\t\t\t\t<\/div>\n\t\t\t\t<div class=\"elementor-element elementor-element-b25cd35 elementor-widget elementor-widget-jet-button\" data-id=\"b25cd35\" data-element_type=\"widget\" data-widget_type=\"jet-button.default\">\n\t\t\t\t<div class=\"elementor-widget-container\">\n\t\t\t<div class=\"elementor-jet-button jet-elements\"><div class=\"jet-button__container\">\n\t<a class=\"jet-button__instance jet-button__instance--icon-left hover-effect-0\" href=\"https:\/\/lisbonpubliclaw.pt\/en\/publicacoes\/eu-law-and-the-energy-transition-leaving-soils-behind\/\">\n\t\t<div class=\"jet-button__plane jet-button__plane-normal\"><\/div>\n\t\t<div class=\"jet-button__plane jet-button__plane-hover\"><\/div>\n\t\t<div class=\"jet-button__state jet-button__state-normal\">\n\t\t\t<span class=\"jet-button__label\">Ver Publica\u00e7\u00e3o<\/span>\t\t<\/div>\n\t\t<div class=\"jet-button__state jet-button__state-hover\">\n\t\t\t<span class=\"jet-button__label\">Ver Publica\u00e7\u00e3o<\/span>\t\t<\/div>\n\t<\/a>\n<\/div>\n<\/div>\t\t<\/div>\n\t\t\t\t<\/div>\n\t\t<div class=\"elementor-element elementor-element-8c35e39 e-con-full e-flex e-con e-child\" data-id=\"8c35e39\" data-element_type=\"container\" data-settings=\"{&quot;background_background&quot;:&quot;classic&quot;,&quot;jet_parallax_layout_list&quot;:[]}\">\n\t\t\t\t<\/div>\n\t\t\t\t<\/div>\n\t\t<div class=\"elementor-element elementor-element-7a3163d e-flex e-con-boxed e-con e-parent\" data-id=\"7a3163d\" data-element_type=\"container\" data-settings=\"{&quot;jet_parallax_layout_list&quot;:[]}\">\n\t\t\t\t\t<div class=\"e-con-inner\">\n\t\t\t\t\t<\/div>\n\t\t\t\t<\/div>\n\t\t\t\t<\/div>\n\t\t<\/div><div class=\"jet-listing-grid__item jet-listing-dynamic-post-10960\" data-post-id=\"10960\" ><style type=\"text\/css\">.jet-listing-dynamic-post-10960 .elementor-element.elementor-element-b25cd35 .jet-button__instance:hover{background-color:#113295;}.jet-listing-dynamic-post-10960 .elementor-element.elementor-element-b25cd35 .jet-button__plane-hover{background-color:#113295;}.jet-listing-dynamic-post-10960 .elementor-element.elementor-element-b25cd35 .jet-button__instance{border-color:#00414b;}<\/style>\t\t<div data-elementor-type=\"jet-listing-items\" data-elementor-id=\"3129\" class=\"elementor elementor-3129\" data-elementor-post-type=\"jet-engine\">\n\t\t\t\t<div class=\"elementor-element elementor-element-afad250 e-con-full e-flex e-con e-parent\" data-id=\"afad250\" data-element_type=\"container\" data-settings=\"{&quot;jet_parallax_layout_list&quot;:[]}\">\n\t\t\t\t<div class=\"elementor-element elementor-element-f153fa6 elementor-widget elementor-widget-jet-listing-dynamic-image\" data-id=\"f153fa6\" data-element_type=\"widget\" data-widget_type=\"jet-listing-dynamic-image.default\">\n\t\t\t\t<div class=\"elementor-widget-container\">\n\t\t\t<div class=\"jet-listing jet-listing-dynamic-image\"><a href=\"https:\/\/lisbonpubliclaw.pt\/en\/publicacoes\/climate-change-before-international-courts\/\" class=\"jet-listing-dynamic-image__link\"><img decoding=\"async\" width=\"400\" height=\"560\" src=\"https:\/\/lisbonpubliclaw.pt\/wp-content\/uploads\/2025\/10\/climate_book.png\" class=\"jet-listing-dynamic-image__img attachment-full size-full\" alt=\"climate_book\" srcset=\"https:\/\/lisbonpubliclaw.pt\/wp-content\/uploads\/2025\/10\/climate_book.png 400w, https:\/\/lisbonpubliclaw.pt\/wp-content\/uploads\/2025\/10\/climate_book-214x300.png 214w, https:\/\/lisbonpubliclaw.pt\/wp-content\/uploads\/2025\/10\/climate_book-9x12.png 9w\" sizes=\"(max-width: 400px) 100vw, 400px\" loading=\"eager\" \/><\/a><\/div>\t\t<\/div>\n\t\t\t\t<\/div>\n\t\t\t\t<\/div>\n\t\t<div class=\"elementor-element elementor-element-c9b539d e-con-full e-flex e-con e-parent\" data-id=\"c9b539d\" data-element_type=\"container\" data-settings=\"{&quot;jet_parallax_layout_list&quot;:[],&quot;background_background&quot;:&quot;classic&quot;}\">\n\t\t\t\t<div class=\"elementor-element elementor-element-a827a70 elementor-widget elementor-widget-jet-listing-dynamic-field\" data-id=\"a827a70\" data-element_type=\"widget\" data-widget_type=\"jet-listing-dynamic-field.default\">\n\t\t\t\t<div class=\"elementor-widget-container\">\n\t\t\t<div class=\"jet-listing jet-listing-dynamic-field display-inline\"><div class=\"jet-listing-dynamic-field__inline-wrap\"><div class=\"jet-listing-dynamic-field__content\">Ano: 2025<\/div><\/div><\/div>\t\t<\/div>\n\t\t\t\t<\/div>\n\t\t\t\t<div class=\"elementor-element elementor-element-fb701b4 elementor-widget elementor-widget-heading\" data-id=\"fb701b4\" data-element_type=\"widget\" data-widget_type=\"heading.default\">\n\t\t\t\t<div class=\"elementor-widget-container\">\n\t\t\t<h6 class=\"elementor-heading-title elementor-size-default\">Climate Change before International Courts<\/h6>\t\t<\/div>\n\t\t\t\t<\/div>\n\t\t\t\t<div class=\"elementor-element elementor-element-b25cd35 elementor-widget elementor-widget-jet-button\" data-id=\"b25cd35\" data-element_type=\"widget\" data-widget_type=\"jet-button.default\">\n\t\t\t\t<div class=\"elementor-widget-container\">\n\t\t\t<div class=\"elementor-jet-button jet-elements\"><div class=\"jet-button__container\">\n\t<a class=\"jet-button__instance jet-button__instance--icon-left hover-effect-0\" href=\"https:\/\/lisbonpubliclaw.pt\/en\/publicacoes\/climate-change-before-international-courts\/\">\n\t\t<div class=\"jet-button__plane jet-button__plane-normal\"><\/div>\n\t\t<div class=\"jet-button__plane jet-button__plane-hover\"><\/div>\n\t\t<div class=\"jet-button__state jet-button__state-normal\">\n\t\t\t<span class=\"jet-button__label\">Ver Publica\u00e7\u00e3o<\/span>\t\t<\/div>\n\t\t<div class=\"jet-button__state jet-button__state-hover\">\n\t\t\t<span class=\"jet-button__label\">Ver Publica\u00e7\u00e3o<\/span>\t\t<\/div>\n\t<\/a>\n<\/div>\n<\/div>\t\t<\/div>\n\t\t\t\t<\/div>\n\t\t<div class=\"elementor-element elementor-element-8c35e39 e-con-full e-flex e-con e-child\" data-id=\"8c35e39\" data-element_type=\"container\" data-settings=\"{&quot;background_background&quot;:&quot;classic&quot;,&quot;jet_parallax_layout_list&quot;:[]}\">\n\t\t\t\t<\/div>\n\t\t\t\t<\/div>\n\t\t<div class=\"elementor-element elementor-element-7a3163d e-flex e-con-boxed e-con e-parent\" data-id=\"7a3163d\" data-element_type=\"container\" data-settings=\"{&quot;jet_parallax_layout_list&quot;:[]}\">\n\t\t\t\t\t<div class=\"e-con-inner\">\n\t\t\t\t\t<\/div>\n\t\t\t\t<\/div>\n\t\t\t\t<\/div>\n\t\t<\/div><div class=\"jet-listing-grid__item jet-listing-dynamic-post-2484\" data-post-id=\"2484\" ><style type=\"text\/css\">.jet-listing-dynamic-post-2484 .elementor-element.elementor-element-b25cd35 .jet-button__instance:hover{background-color:#59a147;}.jet-listing-dynamic-post-2484 .elementor-element.elementor-element-b25cd35 .jet-button__plane-hover{background-color:#59a147;}.jet-listing-dynamic-post-2484 .elementor-element.elementor-element-b25cd35 .jet-button__instance{border-color:#00414b;}<\/style>\t\t<div data-elementor-type=\"jet-listing-items\" data-elementor-id=\"3129\" class=\"elementor elementor-3129\" data-elementor-post-type=\"jet-engine\">\n\t\t\t\t<div class=\"elementor-element elementor-element-afad250 e-con-full e-flex e-con e-parent\" data-id=\"afad250\" data-element_type=\"container\" data-settings=\"{&quot;jet_parallax_layout_list&quot;:[]}\">\n\t\t\t\t<div class=\"elementor-element elementor-element-f153fa6 elementor-widget elementor-widget-jet-listing-dynamic-image\" data-id=\"f153fa6\" data-element_type=\"widget\" data-widget_type=\"jet-listing-dynamic-image.default\">\n\t\t\t\t<div class=\"elementor-widget-container\">\n\t\t\t<div class=\"jet-listing jet-listing-dynamic-image\"><a href=\"https:\/\/lisbonpubliclaw.pt\/en\/publicacoes\/tratado-de-direito-do-ambiente-vol-i-parte-geral-3a-edicao\/\" class=\"jet-listing-dynamic-image__link\"><img decoding=\"async\" width=\"400\" height=\"560\" src=\"https:\/\/lisbonpubliclaw.pt\/wp-content\/uploads\/2023\/06\/TDA1v3.png\" class=\"jet-listing-dynamic-image__img attachment-full size-full\" alt=\"TDA1v3\" srcset=\"https:\/\/lisbonpubliclaw.pt\/wp-content\/uploads\/2023\/06\/TDA1v3.png 400w, https:\/\/lisbonpubliclaw.pt\/wp-content\/uploads\/2023\/06\/TDA1v3-214x300.png 214w, https:\/\/lisbonpubliclaw.pt\/wp-content\/uploads\/2023\/06\/TDA1v3-9x12.png 9w\" sizes=\"(max-width: 400px) 100vw, 400px\" loading=\"eager\" \/><\/a><\/div>\t\t<\/div>\n\t\t\t\t<\/div>\n\t\t\t\t<\/div>\n\t\t<div class=\"elementor-element elementor-element-c9b539d e-con-full e-flex e-con e-parent\" data-id=\"c9b539d\" data-element_type=\"container\" data-settings=\"{&quot;jet_parallax_layout_list&quot;:[],&quot;background_background&quot;:&quot;classic&quot;}\">\n\t\t\t\t<div class=\"elementor-element elementor-element-a827a70 elementor-widget elementor-widget-jet-listing-dynamic-field\" data-id=\"a827a70\" data-element_type=\"widget\" data-widget_type=\"jet-listing-dynamic-field.default\">\n\t\t\t\t<div class=\"elementor-widget-container\">\n\t\t\t<div class=\"jet-listing jet-listing-dynamic-field display-inline\"><div class=\"jet-listing-dynamic-field__inline-wrap\"><div class=\"jet-listing-dynamic-field__content\">Ano: 2024<\/div><\/div><\/div>\t\t<\/div>\n\t\t\t\t<\/div>\n\t\t\t\t<div class=\"elementor-element elementor-element-fccdcbe elementor-widget elementor-widget-jet-listing-dynamic-field\" data-id=\"fccdcbe\" data-element_type=\"widget\" data-widget_type=\"jet-listing-dynamic-field.default\">\n\t\t\t\t<div class=\"elementor-widget-container\">\n\t\t\t<div class=\"jet-listing jet-listing-dynamic-field display-inline\"><div class=\"jet-listing-dynamic-field__inline-wrap\"><div class=\"jet-listing-dynamic-field__content\">Carla Amado Gomes, Helo\u00edsa Oliveira, Rui Tavares Lanceiro, Hong Cheng Leong, Jo\u00e3o Tom\u00e9 Pil\u00e3o, Jos\u00e9 Duarte Coimbra<\/div><\/div><\/div>\t\t<\/div>\n\t\t\t\t<\/div>\n\t\t\t\t<div class=\"elementor-element elementor-element-fb701b4 elementor-widget elementor-widget-heading\" data-id=\"fb701b4\" data-element_type=\"widget\" data-widget_type=\"heading.default\">\n\t\t\t\t<div class=\"elementor-widget-container\">\n\t\t\t<h6 class=\"elementor-heading-title elementor-size-default\">Tratado de Direito do Ambiente, Vol. I (3\u00aa edi\u00e7\u00e3o)<\/h6>\t\t<\/div>\n\t\t\t\t<\/div>\n\t\t\t\t<div class=\"elementor-element elementor-element-b25cd35 elementor-widget elementor-widget-jet-button\" data-id=\"b25cd35\" data-element_type=\"widget\" data-widget_type=\"jet-button.default\">\n\t\t\t\t<div class=\"elementor-widget-container\">\n\t\t\t<div class=\"elementor-jet-button jet-elements\"><div class=\"jet-button__container\">\n\t<a class=\"jet-button__instance jet-button__instance--icon-left hover-effect-0\" href=\"https:\/\/lisbonpubliclaw.pt\/en\/publicacoes\/tratado-de-direito-do-ambiente-vol-i-parte-geral-3a-edicao\/\">\n\t\t<div class=\"jet-button__plane jet-button__plane-normal\"><\/div>\n\t\t<div class=\"jet-button__plane jet-button__plane-hover\"><\/div>\n\t\t<div class=\"jet-button__state jet-button__state-normal\">\n\t\t\t<span class=\"jet-button__label\">Ver Publica\u00e7\u00e3o<\/span>\t\t<\/div>\n\t\t<div class=\"jet-button__state jet-button__state-hover\">\n\t\t\t<span class=\"jet-button__label\">Ver Publica\u00e7\u00e3o<\/span>\t\t<\/div>\n\t<\/a>\n<\/div>\n<\/div>\t\t<\/div>\n\t\t\t\t<\/div>\n\t\t<div class=\"elementor-element elementor-element-8c35e39 e-con-full e-flex e-con e-child\" data-id=\"8c35e39\" data-element_type=\"container\" data-settings=\"{&quot;background_background&quot;:&quot;classic&quot;,&quot;jet_parallax_layout_list&quot;:[]}\">\n\t\t\t\t<\/div>\n\t\t\t\t<\/div>\n\t\t<div class=\"elementor-element elementor-element-7a3163d e-flex e-con-boxed e-con e-parent\" data-id=\"7a3163d\" data-element_type=\"container\" data-settings=\"{&quot;jet_parallax_layout_list&quot;:[]}\">\n\t\t\t\t\t<div class=\"e-con-inner\">\n\t\t\t\t\t<\/div>\n\t\t\t\t<\/div>\n\t\t\t\t<\/div>\n\t\t<\/div><div class=\"jet-listing-grid__item jet-listing-dynamic-post-6275\" data-post-id=\"6275\" ><style type=\"text\/css\">.jet-listing-dynamic-post-6275 .elementor-element.elementor-element-b25cd35 .jet-button__instance:hover{background-color:#59a147;}.jet-listing-dynamic-post-6275 .elementor-element.elementor-element-b25cd35 .jet-button__plane-hover{background-color:#59a147;}.jet-listing-dynamic-post-6275 .elementor-element.elementor-element-b25cd35 .jet-button__instance{border-color:#00414b;}<\/style>\t\t<div data-elementor-type=\"jet-listing-items\" data-elementor-id=\"3129\" class=\"elementor elementor-3129\" data-elementor-post-type=\"jet-engine\">\n\t\t\t\t<div class=\"elementor-element elementor-element-afad250 e-con-full e-flex e-con e-parent\" data-id=\"afad250\" data-element_type=\"container\" data-settings=\"{&quot;jet_parallax_layout_list&quot;:[]}\">\n\t\t\t\t<div class=\"elementor-element elementor-element-f153fa6 elementor-widget elementor-widget-jet-listing-dynamic-image\" data-id=\"f153fa6\" data-element_type=\"widget\" data-widget_type=\"jet-listing-dynamic-image.default\">\n\t\t\t\t<div class=\"elementor-widget-container\">\n\t\t\t<div class=\"jet-listing jet-listing-dynamic-image\"><a href=\"https:\/\/lisbonpubliclaw.pt\/en\/publicacoes\/tratado-de-direito-do-ambiente-vol-ii-2a-edicao\/\" class=\"jet-listing-dynamic-image__link\"><img decoding=\"async\" width=\"400\" height=\"560\" src=\"https:\/\/lisbonpubliclaw.pt\/wp-content\/uploads\/2024\/07\/Tratado-de-Direito-do-Ambiente-Vol.-II.2a-Ed.png\" class=\"jet-listing-dynamic-image__img attachment-full size-full\" alt=\"Tratado de Direito do Ambiente, Vol. II.2a Ed\" srcset=\"https:\/\/lisbonpubliclaw.pt\/wp-content\/uploads\/2024\/07\/Tratado-de-Direito-do-Ambiente-Vol.-II.2a-Ed.png 400w, https:\/\/lisbonpubliclaw.pt\/wp-content\/uploads\/2024\/07\/Tratado-de-Direito-do-Ambiente-Vol.-II.2a-Ed-214x300.png 214w, https:\/\/lisbonpubliclaw.pt\/wp-content\/uploads\/2024\/07\/Tratado-de-Direito-do-Ambiente-Vol.-II.2a-Ed-9x12.png 9w\" sizes=\"(max-width: 400px) 100vw, 400px\" loading=\"eager\" \/><\/a><\/div>\t\t<\/div>\n\t\t\t\t<\/div>\n\t\t\t\t<\/div>\n\t\t<div class=\"elementor-element elementor-element-c9b539d e-con-full e-flex e-con e-parent\" data-id=\"c9b539d\" data-element_type=\"container\" data-settings=\"{&quot;jet_parallax_layout_list&quot;:[],&quot;background_background&quot;:&quot;classic&quot;}\">\n\t\t\t\t<div class=\"elementor-element elementor-element-a827a70 elementor-widget elementor-widget-jet-listing-dynamic-field\" data-id=\"a827a70\" data-element_type=\"widget\" data-widget_type=\"jet-listing-dynamic-field.default\">\n\t\t\t\t<div class=\"elementor-widget-container\">\n\t\t\t<div class=\"jet-listing jet-listing-dynamic-field display-inline\"><div class=\"jet-listing-dynamic-field__inline-wrap\"><div class=\"jet-listing-dynamic-field__content\">Ano: 2024<\/div><\/div><\/div>\t\t<\/div>\n\t\t\t\t<\/div>\n\t\t\t\t<div class=\"elementor-element elementor-element-fccdcbe elementor-widget elementor-widget-jet-listing-dynamic-field\" data-id=\"fccdcbe\" data-element_type=\"widget\" data-widget_type=\"jet-listing-dynamic-field.default\">\n\t\t\t\t<div class=\"elementor-widget-container\">\n\t\t\t<div class=\"jet-listing jet-listing-dynamic-field display-inline\"><div class=\"jet-listing-dynamic-field__inline-wrap\"><div class=\"jet-listing-dynamic-field__content\">Carla Amado Gomes, Helo\u00edsa Oliveira, Raquel Franco, Rui Tavares Lanceiro, Jos\u00e9 Duarte Coimbra, Telmo Coutinho Rodrigues<\/div><\/div><\/div>\t\t<\/div>\n\t\t\t\t<\/div>\n\t\t\t\t<div class=\"elementor-element elementor-element-fb701b4 elementor-widget elementor-widget-heading\" data-id=\"fb701b4\" data-element_type=\"widget\" data-widget_type=\"heading.default\">\n\t\t\t\t<div class=\"elementor-widget-container\">\n\t\t\t<h6 class=\"elementor-heading-title elementor-size-default\">Tratado de Direito do Ambiente, Vol. II. Parte Especial (2.\u00aa edi\u00e7\u00e3o)<\/h6>\t\t<\/div>\n\t\t\t\t<\/div>\n\t\t\t\t<div class=\"elementor-element elementor-element-b25cd35 elementor-widget elementor-widget-jet-button\" data-id=\"b25cd35\" data-element_type=\"widget\" data-widget_type=\"jet-button.default\">\n\t\t\t\t<div class=\"elementor-widget-container\">\n\t\t\t<div class=\"elementor-jet-button jet-elements\"><div class=\"jet-button__container\">\n\t<a class=\"jet-button__instance jet-button__instance--icon-left hover-effect-0\" href=\"https:\/\/lisbonpubliclaw.pt\/en\/publicacoes\/tratado-de-direito-do-ambiente-vol-ii-2a-edicao\/\">\n\t\t<div class=\"jet-button__plane jet-button__plane-normal\"><\/div>\n\t\t<div class=\"jet-button__plane jet-button__plane-hover\"><\/div>\n\t\t<div class=\"jet-button__state jet-button__state-normal\">\n\t\t\t<span class=\"jet-button__label\">Ver Publica\u00e7\u00e3o<\/span>\t\t<\/div>\n\t\t<div class=\"jet-button__state jet-button__state-hover\">\n\t\t\t<span class=\"jet-button__label\">Ver Publica\u00e7\u00e3o<\/span>\t\t<\/div>\n\t<\/a>\n<\/div>\n<\/div>\t\t<\/div>\n\t\t\t\t<\/div>\n\t\t<div class=\"elementor-element elementor-element-8c35e39 e-con-full e-flex e-con e-child\" data-id=\"8c35e39\" data-element_type=\"container\" data-settings=\"{&quot;background_background&quot;:&quot;classic&quot;,&quot;jet_parallax_layout_list&quot;:[]}\">\n\t\t\t\t<\/div>\n\t\t\t\t<\/div>\n\t\t<div class=\"elementor-element elementor-element-7a3163d e-flex e-con-boxed e-con e-parent\" data-id=\"7a3163d\" data-element_type=\"container\" data-settings=\"{&quot;jet_parallax_layout_list&quot;:[]}\">\n\t\t\t\t\t<div class=\"e-con-inner\">\n\t\t\t\t\t<\/div>\n\t\t\t\t<\/div>\n\t\t\t\t<\/div>\n\t\t<\/div><div class=\"jet-listing-grid__item jet-listing-dynamic-post-5921\" data-post-id=\"5921\" ><style type=\"text\/css\">.jet-listing-dynamic-post-5921 .elementor-element.elementor-element-b25cd35 .jet-button__instance:hover{background-color:#113295;}.jet-listing-dynamic-post-5921 .elementor-element.elementor-element-b25cd35 .jet-button__plane-hover{background-color:#113295;}.jet-listing-dynamic-post-5921 .elementor-element.elementor-element-b25cd35 .jet-button__instance{border-color:#00414b;}<\/style>\t\t<div data-elementor-type=\"jet-listing-items\" data-elementor-id=\"3129\" class=\"elementor elementor-3129\" data-elementor-post-type=\"jet-engine\">\n\t\t\t\t<div class=\"elementor-element elementor-element-afad250 e-con-full e-flex e-con e-parent\" data-id=\"afad250\" data-element_type=\"container\" data-settings=\"{&quot;jet_parallax_layout_list&quot;:[]}\">\n\t\t\t\t<div class=\"elementor-element elementor-element-f153fa6 elementor-widget elementor-widget-jet-listing-dynamic-image\" data-id=\"f153fa6\" data-element_type=\"widget\" data-widget_type=\"jet-listing-dynamic-image.default\">\n\t\t\t\t<div class=\"elementor-widget-container\">\n\t\t\t<div class=\"jet-listing jet-listing-dynamic-image\"><a href=\"https:\/\/lisbonpubliclaw.pt\/en\/publicacoes\/tratado-de-direito-do-ambiente-vol-iii-3\/\" class=\"jet-listing-dynamic-image__link\"><img decoding=\"async\" width=\"400\" height=\"560\" src=\"https:\/\/lisbonpubliclaw.pt\/wp-content\/uploads\/2024\/03\/Tratado-de-Direito-do-Ambiente-Vol.-III.png\" class=\"jet-listing-dynamic-image__img attachment-full size-full\" alt=\"Tratado de Direito do Ambiente, Vol. III.\" srcset=\"https:\/\/lisbonpubliclaw.pt\/wp-content\/uploads\/2024\/03\/Tratado-de-Direito-do-Ambiente-Vol.-III.png 400w, https:\/\/lisbonpubliclaw.pt\/wp-content\/uploads\/2024\/03\/Tratado-de-Direito-do-Ambiente-Vol.-III-214x300.png 214w, https:\/\/lisbonpubliclaw.pt\/wp-content\/uploads\/2024\/03\/Tratado-de-Direito-do-Ambiente-Vol.-III-9x12.png 9w\" sizes=\"(max-width: 400px) 100vw, 400px\" loading=\"eager\" \/><\/a><\/div>\t\t<\/div>\n\t\t\t\t<\/div>\n\t\t\t\t<\/div>\n\t\t<div class=\"elementor-element elementor-element-c9b539d e-con-full e-flex e-con e-parent\" data-id=\"c9b539d\" data-element_type=\"container\" data-settings=\"{&quot;jet_parallax_layout_list&quot;:[],&quot;background_background&quot;:&quot;classic&quot;}\">\n\t\t\t\t<div class=\"elementor-element elementor-element-a827a70 elementor-widget elementor-widget-jet-listing-dynamic-field\" data-id=\"a827a70\" data-element_type=\"widget\" data-widget_type=\"jet-listing-dynamic-field.default\">\n\t\t\t\t<div class=\"elementor-widget-container\">\n\t\t\t<div class=\"jet-listing jet-listing-dynamic-field display-inline\"><div class=\"jet-listing-dynamic-field__inline-wrap\"><div class=\"jet-listing-dynamic-field__content\">Ano: 2024<\/div><\/div><\/div>\t\t<\/div>\n\t\t\t\t<\/div>\n\t\t\t\t<div class=\"elementor-element elementor-element-fb701b4 elementor-widget elementor-widget-heading\" data-id=\"fb701b4\" data-element_type=\"widget\" data-widget_type=\"heading.default\">\n\t\t\t\t<div class=\"elementor-widget-container\">\n\t\t\t<h6 class=\"elementor-heading-title elementor-size-default\">Tratado de Direito do Ambiente, Vol. III.<\/h6>\t\t<\/div>\n\t\t\t\t<\/div>\n\t\t\t\t<div class=\"elementor-element elementor-element-b25cd35 elementor-widget elementor-widget-jet-button\" data-id=\"b25cd35\" data-element_type=\"widget\" data-widget_type=\"jet-button.default\">\n\t\t\t\t<div class=\"elementor-widget-container\">\n\t\t\t<div class=\"elementor-jet-button jet-elements\"><div class=\"jet-button__container\">\n\t<a class=\"jet-button__instance jet-button__instance--icon-left hover-effect-0\" href=\"https:\/\/lisbonpubliclaw.pt\/en\/publicacoes\/tratado-de-direito-do-ambiente-vol-iii-3\/\">\n\t\t<div class=\"jet-button__plane jet-button__plane-normal\"><\/div>\n\t\t<div class=\"jet-button__plane jet-button__plane-hover\"><\/div>\n\t\t<div class=\"jet-button__state jet-button__state-normal\">\n\t\t\t<span class=\"jet-button__label\">Ver Publica\u00e7\u00e3o<\/span>\t\t<\/div>\n\t\t<div class=\"jet-button__state jet-button__state-hover\">\n\t\t\t<span class=\"jet-button__label\">Ver Publica\u00e7\u00e3o<\/span>\t\t<\/div>\n\t<\/a>\n<\/div>\n<\/div>\t\t<\/div>\n\t\t\t\t<\/div>\n\t\t<div class=\"elementor-element elementor-element-8c35e39 e-con-full e-flex e-con e-child\" data-id=\"8c35e39\" data-element_type=\"container\" data-settings=\"{&quot;background_background&quot;:&quot;classic&quot;,&quot;jet_parallax_layout_list&quot;:[]}\">\n\t\t\t\t<\/div>\n\t\t\t\t<\/div>\n\t\t<div class=\"elementor-element elementor-element-7a3163d e-flex e-con-boxed e-con e-parent\" data-id=\"7a3163d\" data-element_type=\"container\" data-settings=\"{&quot;jet_parallax_layout_list&quot;:[]}\">\n\t\t\t\t\t<div class=\"e-con-inner\">\n\t\t\t\t\t<\/div>\n\t\t\t\t<\/div>\n\t\t\t\t<\/div>\n\t\t<\/div><div class=\"jet-listing-grid__item jet-listing-dynamic-post-5548\" data-post-id=\"5548\" ><style type=\"text\/css\">.jet-listing-dynamic-post-5548 .elementor-element.elementor-element-b25cd35 .jet-button__instance:hover{background-color:#113295;}.jet-listing-dynamic-post-5548 .elementor-element.elementor-element-b25cd35 .jet-button__plane-hover{background-color:#113295;}.jet-listing-dynamic-post-5548 .elementor-element.elementor-element-b25cd35 .jet-button__instance{border-color:#00414b;}<\/style>\t\t<div data-elementor-type=\"jet-listing-items\" data-elementor-id=\"3129\" class=\"elementor elementor-3129\" data-elementor-post-type=\"jet-engine\">\n\t\t\t\t<div class=\"elementor-element elementor-element-afad250 e-con-full e-flex e-con e-parent\" data-id=\"afad250\" data-element_type=\"container\" data-settings=\"{&quot;jet_parallax_layout_list&quot;:[]}\">\n\t\t\t\t<div class=\"elementor-element elementor-element-f153fa6 elementor-widget elementor-widget-jet-listing-dynamic-image\" data-id=\"f153fa6\" data-element_type=\"widget\" data-widget_type=\"jet-listing-dynamic-image.default\">\n\t\t\t\t<div class=\"elementor-widget-container\">\n\t\t\t<div class=\"jet-listing jet-listing-dynamic-image\"><a href=\"https:\/\/lisbonpubliclaw.pt\/en\/publicacoes\/the-principle-of-reparation\/\" class=\"jet-listing-dynamic-image__link\"><img decoding=\"async\" width=\"400\" height=\"560\" src=\"https:\/\/lisbonpubliclaw.pt\/wp-content\/uploads\/2023\/12\/TheFutureofEnvironmentalLaw.png\" class=\"jet-listing-dynamic-image__img attachment-full size-full\" alt=\"TheFutureofEnvironmentalLaw\" srcset=\"https:\/\/lisbonpubliclaw.pt\/wp-content\/uploads\/2023\/12\/TheFutureofEnvironmentalLaw.png 400w, https:\/\/lisbonpubliclaw.pt\/wp-content\/uploads\/2023\/12\/TheFutureofEnvironmentalLaw-214x300.png 214w, https:\/\/lisbonpubliclaw.pt\/wp-content\/uploads\/2023\/12\/TheFutureofEnvironmentalLaw-9x12.png 9w\" sizes=\"(max-width: 400px) 100vw, 400px\" loading=\"eager\" \/><\/a><\/div>\t\t<\/div>\n\t\t\t\t<\/div>\n\t\t\t\t<\/div>\n\t\t<div class=\"elementor-element elementor-element-c9b539d e-con-full e-flex e-con e-parent\" data-id=\"c9b539d\" data-element_type=\"container\" data-settings=\"{&quot;jet_parallax_layout_list&quot;:[],&quot;background_background&quot;:&quot;classic&quot;}\">\n\t\t\t\t<div class=\"elementor-element elementor-element-a827a70 elementor-widget elementor-widget-jet-listing-dynamic-field\" data-id=\"a827a70\" data-element_type=\"widget\" data-widget_type=\"jet-listing-dynamic-field.default\">\n\t\t\t\t<div class=\"elementor-widget-container\">\n\t\t\t<div class=\"jet-listing jet-listing-dynamic-field display-inline\"><div class=\"jet-listing-dynamic-field__inline-wrap\"><div class=\"jet-listing-dynamic-field__content\">Ano: 2023<\/div><\/div><\/div>\t\t<\/div>\n\t\t\t\t<\/div>\n\t\t\t\t<div class=\"elementor-element elementor-element-fccdcbe elementor-widget elementor-widget-jet-listing-dynamic-field\" data-id=\"fccdcbe\" data-element_type=\"widget\" data-widget_type=\"jet-listing-dynamic-field.default\">\n\t\t\t\t<div class=\"elementor-widget-container\">\n\t\t\t<div class=\"jet-listing jet-listing-dynamic-field display-inline\"><div class=\"jet-listing-dynamic-field__inline-wrap\"><div class=\"jet-listing-dynamic-field__content\">Helo\u00edsa Oliveira<\/div><\/div><\/div>\t\t<\/div>\n\t\t\t\t<\/div>\n\t\t\t\t<div class=\"elementor-element elementor-element-fb701b4 elementor-widget elementor-widget-heading\" data-id=\"fb701b4\" data-element_type=\"widget\" data-widget_type=\"heading.default\">\n\t\t\t\t<div class=\"elementor-widget-container\">\n\t\t\t<h6 class=\"elementor-heading-title elementor-size-default\">The principle of reparation: why the polluter-pays principle does not suffice and how to rebuild the law on environmental damage<\/h6>\t\t<\/div>\n\t\t\t\t<\/div>\n\t\t\t\t<div class=\"elementor-element elementor-element-b25cd35 elementor-widget elementor-widget-jet-button\" data-id=\"b25cd35\" data-element_type=\"widget\" data-widget_type=\"jet-button.default\">\n\t\t\t\t<div class=\"elementor-widget-container\">\n\t\t\t<div class=\"elementor-jet-button jet-elements\"><div class=\"jet-button__container\">\n\t<a class=\"jet-button__instance jet-button__instance--icon-left hover-effect-0\" href=\"https:\/\/lisbonpubliclaw.pt\/en\/publicacoes\/the-principle-of-reparation\/\">\n\t\t<div class=\"jet-button__plane jet-button__plane-normal\"><\/div>\n\t\t<div class=\"jet-button__plane jet-button__plane-hover\"><\/div>\n\t\t<div class=\"jet-button__state jet-button__state-normal\">\n\t\t\t<span class=\"jet-button__label\">Ver Publica\u00e7\u00e3o<\/span>\t\t<\/div>\n\t\t<div class=\"jet-button__state jet-button__state-hover\">\n\t\t\t<span class=\"jet-button__label\">Ver Publica\u00e7\u00e3o<\/span>\t\t<\/div>\n\t<\/a>\n<\/div>\n<\/div>\t\t<\/div>\n\t\t\t\t<\/div>\n\t\t<div class=\"elementor-element elementor-element-8c35e39 e-con-full e-flex e-con e-child\" data-id=\"8c35e39\" data-element_type=\"container\" data-settings=\"{&quot;background_background&quot;:&quot;classic&quot;,&quot;jet_parallax_layout_list&quot;:[]}\">\n\t\t\t\t<\/div>\n\t\t\t\t<\/div>\n\t\t<div class=\"elementor-element elementor-element-7a3163d e-flex e-con-boxed e-con e-parent\" data-id=\"7a3163d\" data-element_type=\"container\" data-settings=\"{&quot;jet_parallax_layout_list&quot;:[]}\">\n\t\t\t\t\t<div class=\"e-con-inner\">\n\t\t\t\t\t<\/div>\n\t\t\t\t<\/div>\n\t\t\t\t<\/div>\n\t\t<\/div><div class=\"jet-listing-grid__item jet-listing-dynamic-post-5170\" data-post-id=\"5170\" ><style type=\"text\/css\">.jet-listing-dynamic-post-5170 .elementor-element.elementor-element-b25cd35 .jet-button__instance:hover{background-color:#113295;}.jet-listing-dynamic-post-5170 .elementor-element.elementor-element-b25cd35 .jet-button__plane-hover{background-color:#113295;}.jet-listing-dynamic-post-5170 .elementor-element.elementor-element-b25cd35 .jet-button__instance{border-color:#00414b;}<\/style>\t\t<div data-elementor-type=\"jet-listing-items\" data-elementor-id=\"3129\" class=\"elementor elementor-3129\" data-elementor-post-type=\"jet-engine\">\n\t\t\t\t<div class=\"elementor-element elementor-element-afad250 e-con-full e-flex e-con e-parent\" data-id=\"afad250\" data-element_type=\"container\" data-settings=\"{&quot;jet_parallax_layout_list&quot;:[]}\">\n\t\t\t\t<div class=\"elementor-element elementor-element-f153fa6 elementor-widget elementor-widget-jet-listing-dynamic-image\" data-id=\"f153fa6\" data-element_type=\"widget\" data-widget_type=\"jet-listing-dynamic-image.default\">\n\t\t\t\t<div class=\"elementor-widget-container\">\n\t\t\t<div class=\"jet-listing jet-listing-dynamic-image\"><a href=\"https:\/\/lisbonpubliclaw.pt\/en\/publicacoes\/cities-in-the-age-of-climate-change\/\" class=\"jet-listing-dynamic-image__link\"><img decoding=\"async\" width=\"616\" height=\"870\" src=\"https:\/\/lisbonpubliclaw.pt\/wp-content\/uploads\/2023\/10\/CACC_A_resize-e1701969304604.png\" class=\"jet-listing-dynamic-image__img attachment-full size-full\" alt=\"cidades na era das alteracoes climaticas\" srcset=\"https:\/\/lisbonpubliclaw.pt\/wp-content\/uploads\/2023\/10\/CACC_A_resize-e1701969304604.png 616w, https:\/\/lisbonpubliclaw.pt\/wp-content\/uploads\/2023\/10\/CACC_A_resize-e1701969304604-212x300.png 212w, https:\/\/lisbonpubliclaw.pt\/wp-content\/uploads\/2023\/10\/CACC_A_resize-e1701969304604-8x12.png 8w, https:\/\/lisbonpubliclaw.pt\/wp-content\/uploads\/2023\/10\/CACC_A_resize-e1701969304604-600x847.png 600w\" sizes=\"(max-width: 616px) 100vw, 616px\" loading=\"eager\" \/><\/a><\/div>\t\t<\/div>\n\t\t\t\t<\/div>\n\t\t\t\t<\/div>\n\t\t<div class=\"elementor-element elementor-element-c9b539d e-con-full e-flex e-con e-parent\" data-id=\"c9b539d\" data-element_type=\"container\" data-settings=\"{&quot;jet_parallax_layout_list&quot;:[],&quot;background_background&quot;:&quot;classic&quot;}\">\n\t\t\t\t<div class=\"elementor-element elementor-element-a827a70 elementor-widget elementor-widget-jet-listing-dynamic-field\" data-id=\"a827a70\" data-element_type=\"widget\" data-widget_type=\"jet-listing-dynamic-field.default\">\n\t\t\t\t<div class=\"elementor-widget-container\">\n\t\t\t<div class=\"jet-listing jet-listing-dynamic-field display-inline\"><div class=\"jet-listing-dynamic-field__inline-wrap\"><div class=\"jet-listing-dynamic-field__content\">Ano: 2023<\/div><\/div><\/div>\t\t<\/div>\n\t\t\t\t<\/div>\n\t\t\t\t<div class=\"elementor-element elementor-element-fccdcbe elementor-widget elementor-widget-jet-listing-dynamic-field\" data-id=\"fccdcbe\" data-element_type=\"widget\" data-widget_type=\"jet-listing-dynamic-field.default\">\n\t\t\t\t<div class=\"elementor-widget-container\">\n\t\t\t<div class=\"jet-listing jet-listing-dynamic-field display-inline\"><div class=\"jet-listing-dynamic-field__inline-wrap\"><div class=\"jet-listing-dynamic-field__content\">Helo\u00edsa Oliveira, Margarida Vidal Sampaio<\/div><\/div><\/div>\t\t<\/div>\n\t\t\t\t<\/div>\n\t\t\t\t<div class=\"elementor-element elementor-element-fb701b4 elementor-widget elementor-widget-heading\" data-id=\"fb701b4\" data-element_type=\"widget\" data-widget_type=\"heading.default\">\n\t\t\t\t<div class=\"elementor-widget-container\">\n\t\t\t<h6 class=\"elementor-heading-title elementor-size-default\">As Cidades na Era das Altera\u00e7\u00f5es Clim\u00e1ticas<\/h6>\t\t<\/div>\n\t\t\t\t<\/div>\n\t\t\t\t<div class=\"elementor-element elementor-element-b25cd35 elementor-widget elementor-widget-jet-button\" data-id=\"b25cd35\" data-element_type=\"widget\" data-widget_type=\"jet-button.default\">\n\t\t\t\t<div class=\"elementor-widget-container\">\n\t\t\t<div class=\"elementor-jet-button jet-elements\"><div class=\"jet-button__container\">\n\t<a class=\"jet-button__instance jet-button__instance--icon-left hover-effect-0\" href=\"https:\/\/lisbonpubliclaw.pt\/en\/publicacoes\/cities-in-the-age-of-climate-change\/\">\n\t\t<div class=\"jet-button__plane jet-button__plane-normal\"><\/div>\n\t\t<div class=\"jet-button__plane jet-button__plane-hover\"><\/div>\n\t\t<div class=\"jet-button__state jet-button__state-normal\">\n\t\t\t<span class=\"jet-button__label\">Ver Publica\u00e7\u00e3o<\/span>\t\t<\/div>\n\t\t<div class=\"jet-button__state jet-button__state-hover\">\n\t\t\t<span class=\"jet-button__label\">Ver Publica\u00e7\u00e3o<\/span>\t\t<\/div>\n\t<\/a>\n<\/div>\n<\/div>\t\t<\/div>\n\t\t\t\t<\/div>\n\t\t<div class=\"elementor-element elementor-element-8c35e39 e-con-full e-flex e-con e-child\" data-id=\"8c35e39\" data-element_type=\"container\" data-settings=\"{&quot;background_background&quot;:&quot;classic&quot;,&quot;jet_parallax_layout_list&quot;:[]}\">\n\t\t\t\t<\/div>\n\t\t\t\t<\/div>\n\t\t<div class=\"elementor-element elementor-element-7a3163d e-flex e-con-boxed e-con e-parent\" data-id=\"7a3163d\" data-element_type=\"container\" data-settings=\"{&quot;jet_parallax_layout_list&quot;:[]}\">\n\t\t\t\t\t<div class=\"e-con-inner\">\n\t\t\t\t\t<\/div>\n\t\t\t\t<\/div>\n\t\t\t\t<\/div>\n\t\t<\/div><div class=\"jet-listing-grid__item jet-listing-dynamic-post-4642\" data-post-id=\"4642\" ><style type=\"text\/css\">.jet-listing-dynamic-post-4642 .elementor-element.elementor-element-b25cd35 .jet-button__instance:hover{background-color:#113295;}.jet-listing-dynamic-post-4642 .elementor-element.elementor-element-b25cd35 .jet-button__plane-hover{background-color:#113295;}<\/style>\t\t<div data-elementor-type=\"jet-listing-items\" data-elementor-id=\"3129\" class=\"elementor elementor-3129\" data-elementor-post-type=\"jet-engine\">\n\t\t\t\t<div class=\"elementor-element elementor-element-afad250 e-con-full e-flex e-con e-parent\" data-id=\"afad250\" data-element_type=\"container\" data-settings=\"{&quot;jet_parallax_layout_list&quot;:[]}\">\n\t\t\t\t<div class=\"elementor-element elementor-element-f153fa6 elementor-widget elementor-widget-jet-listing-dynamic-image\" data-id=\"f153fa6\" data-element_type=\"widget\" data-widget_type=\"jet-listing-dynamic-image.default\">\n\t\t\t\t<div class=\"elementor-widget-container\">\n\t\t\t<div class=\"jet-listing jet-listing-dynamic-image\"><a href=\"https:\/\/lisbonpubliclaw.pt\/en\/publicacoes\/e-publica-climate-change-and-fundamental-rights-special-issue\/\" class=\"jet-listing-dynamic-image__link\"><img decoding=\"async\" width=\"616\" height=\"870\" src=\"https:\/\/lisbonpubliclaw.pt\/wp-content\/uploads\/2023\/10\/Design-sem-nome-e1701969549694.png\" class=\"jet-listing-dynamic-image__img attachment-full size-full\" alt=\"e-publica-climate change\" srcset=\"https:\/\/lisbonpubliclaw.pt\/wp-content\/uploads\/2023\/10\/Design-sem-nome-e1701969549694.png 616w, https:\/\/lisbonpubliclaw.pt\/wp-content\/uploads\/2023\/10\/Design-sem-nome-e1701969549694-212x300.png 212w, https:\/\/lisbonpubliclaw.pt\/wp-content\/uploads\/2023\/10\/Design-sem-nome-e1701969549694-8x12.png 8w, https:\/\/lisbonpubliclaw.pt\/wp-content\/uploads\/2023\/10\/Design-sem-nome-e1701969549694-600x847.png 600w\" sizes=\"(max-width: 616px) 100vw, 616px\" loading=\"eager\" \/><\/a><\/div>\t\t<\/div>\n\t\t\t\t<\/div>\n\t\t\t\t<\/div>\n\t\t<div class=\"elementor-element elementor-element-c9b539d e-con-full e-flex e-con e-parent\" data-id=\"c9b539d\" data-element_type=\"container\" data-settings=\"{&quot;jet_parallax_layout_list&quot;:[],&quot;background_background&quot;:&quot;classic&quot;}\">\n\t\t\t\t<div class=\"elementor-element elementor-element-a827a70 elementor-widget elementor-widget-jet-listing-dynamic-field\" data-id=\"a827a70\" data-element_type=\"widget\" data-widget_type=\"jet-listing-dynamic-field.default\">\n\t\t\t\t<div class=\"elementor-widget-container\">\n\t\t\t<div class=\"jet-listing jet-listing-dynamic-field display-inline\"><div class=\"jet-listing-dynamic-field__inline-wrap\"><div class=\"jet-listing-dynamic-field__content\">Ano: 2022<\/div><\/div><\/div>\t\t<\/div>\n\t\t\t\t<\/div>\n\t\t\t\t<div class=\"elementor-element elementor-element-fccdcbe elementor-widget elementor-widget-jet-listing-dynamic-field\" data-id=\"fccdcbe\" data-element_type=\"widget\" data-widget_type=\"jet-listing-dynamic-field.default\">\n\t\t\t\t<div class=\"elementor-widget-container\">\n\t\t\t<div class=\"jet-listing jet-listing-dynamic-field display-inline\"><div class=\"jet-listing-dynamic-field__inline-wrap\"><div class=\"jet-listing-dynamic-field__content\">Margarida Vidal Sampaio<\/div><\/div><\/div>\t\t<\/div>\n\t\t\t\t<\/div>\n\t\t\t\t<div class=\"elementor-element elementor-element-fb701b4 elementor-widget elementor-widget-heading\" data-id=\"fb701b4\" data-element_type=\"widget\" data-widget_type=\"heading.default\">\n\t\t\t\t<div class=\"elementor-widget-container\">\n\t\t\t<h6 class=\"elementor-heading-title elementor-size-default\">e-publica: Climate change and fundamental rights (Special Issue)<\/h6>\t\t<\/div>\n\t\t\t\t<\/div>\n\t\t\t\t<div class=\"elementor-element elementor-element-b25cd35 elementor-widget elementor-widget-jet-button\" data-id=\"b25cd35\" data-element_type=\"widget\" data-widget_type=\"jet-button.default\">\n\t\t\t\t<div class=\"elementor-widget-container\">\n\t\t\t<div class=\"elementor-jet-button jet-elements\"><div class=\"jet-button__container\">\n\t<a class=\"jet-button__instance jet-button__instance--icon-left hover-effect-0\" href=\"https:\/\/lisbonpubliclaw.pt\/en\/publicacoes\/e-publica-climate-change-and-fundamental-rights-special-issue\/\">\n\t\t<div class=\"jet-button__plane jet-button__plane-normal\"><\/div>\n\t\t<div class=\"jet-button__plane jet-button__plane-hover\"><\/div>\n\t\t<div class=\"jet-button__state jet-button__state-normal\">\n\t\t\t<span class=\"jet-button__label\">Ver Publica\u00e7\u00e3o<\/span>\t\t<\/div>\n\t\t<div class=\"jet-button__state jet-button__state-hover\">\n\t\t\t<span class=\"jet-button__label\">Ver Publica\u00e7\u00e3o<\/span>\t\t<\/div>\n\t<\/a>\n<\/div>\n<\/div>\t\t<\/div>\n\t\t\t\t<\/div>\n\t\t<div class=\"elementor-element elementor-element-8c35e39 e-con-full e-flex e-con e-child\" data-id=\"8c35e39\" data-element_type=\"container\" data-settings=\"{&quot;background_background&quot;:&quot;classic&quot;,&quot;jet_parallax_layout_list&quot;:[]}\">\n\t\t\t\t<\/div>\n\t\t\t\t<\/div>\n\t\t<div class=\"elementor-element elementor-element-7a3163d e-flex e-con-boxed e-con e-parent\" data-id=\"7a3163d\" data-element_type=\"container\" data-settings=\"{&quot;jet_parallax_layout_list&quot;:[]}\">\n\t\t\t\t\t<div class=\"e-con-inner\">\n\t\t\t\t\t<\/div>\n\t\t\t\t<\/div>\n\t\t\t\t<\/div>\n\t\t<\/div><div class=\"jet-listing-grid__item jet-listing-dynamic-post-2490\" data-post-id=\"2490\" ><style type=\"text\/css\">.jet-listing-dynamic-post-2490 .elementor-element.elementor-element-b25cd35 .jet-button__instance:hover{background-color:#59a147;}.jet-listing-dynamic-post-2490 .elementor-element.elementor-element-b25cd35 .jet-button__plane-hover{background-color:#59a147;}.jet-listing-dynamic-post-2490 .elementor-element.elementor-element-b25cd35 .jet-button__instance{border-color:#00414b;}<\/style>\t\t<div data-elementor-type=\"jet-listing-items\" data-elementor-id=\"3129\" class=\"elementor elementor-3129\" data-elementor-post-type=\"jet-engine\">\n\t\t\t\t<div class=\"elementor-element elementor-element-afad250 e-con-full e-flex e-con e-parent\" data-id=\"afad250\" data-element_type=\"container\" data-settings=\"{&quot;jet_parallax_layout_list&quot;:[]}\">\n\t\t\t\t<div class=\"elementor-element elementor-element-f153fa6 elementor-widget elementor-widget-jet-listing-dynamic-image\" data-id=\"f153fa6\" data-element_type=\"widget\" data-widget_type=\"jet-listing-dynamic-image.default\">\n\t\t\t\t<div class=\"elementor-widget-container\">\n\t\t\t<div class=\"jet-listing jet-listing-dynamic-image\"><a href=\"https:\/\/lisbonpubliclaw.pt\/en\/publicacoes\/sustentabilidade-e-eficiencia-no-sector-hospitalar-quao-verdes-podem-ser-os-hospitais\/\" class=\"jet-listing-dynamic-image__link\"><img decoding=\"async\" width=\"616\" height=\"918\" src=\"https:\/\/lisbonpubliclaw.pt\/wp-content\/uploads\/2023\/06\/sustentabilidadeeficienciahospitalar.jpg\" class=\"jet-listing-dynamic-image__img attachment-full size-full\" alt=\"sustentabilidadeeficienciahospitalar\" srcset=\"https:\/\/lisbonpubliclaw.pt\/wp-content\/uploads\/2023\/06\/sustentabilidadeeficienciahospitalar.jpg 616w, https:\/\/lisbonpubliclaw.pt\/wp-content\/uploads\/2023\/06\/sustentabilidadeeficienciahospitalar-201x300.jpg 201w, https:\/\/lisbonpubliclaw.pt\/wp-content\/uploads\/2023\/06\/sustentabilidadeeficienciahospitalar-600x894.jpg 600w\" sizes=\"(max-width: 616px) 100vw, 616px\" loading=\"eager\" \/><\/a><\/div>\t\t<\/div>\n\t\t\t\t<\/div>\n\t\t\t\t<\/div>\n\t\t<div class=\"elementor-element elementor-element-c9b539d e-con-full e-flex e-con e-parent\" data-id=\"c9b539d\" data-element_type=\"container\" data-settings=\"{&quot;jet_parallax_layout_list&quot;:[],&quot;background_background&quot;:&quot;classic&quot;}\">\n\t\t\t\t<div class=\"elementor-element elementor-element-a827a70 elementor-widget elementor-widget-jet-listing-dynamic-field\" data-id=\"a827a70\" data-element_type=\"widget\" data-widget_type=\"jet-listing-dynamic-field.default\">\n\t\t\t\t<div class=\"elementor-widget-container\">\n\t\t\t<div class=\"jet-listing jet-listing-dynamic-field display-inline\"><div class=\"jet-listing-dynamic-field__inline-wrap\"><div class=\"jet-listing-dynamic-field__content\">Ano: 2022<\/div><\/div><\/div>\t\t<\/div>\n\t\t\t\t<\/div>\n\t\t\t\t<div class=\"elementor-element elementor-element-fb701b4 elementor-widget elementor-widget-heading\" data-id=\"fb701b4\" data-element_type=\"widget\" data-widget_type=\"heading.default\">\n\t\t\t\t<div class=\"elementor-widget-container\">\n\t\t\t<h6 class=\"elementor-heading-title elementor-size-default\">Sustentabilidade e efici\u00eancia no sector hospitalar \u2013 qu\u00e3o verdes podem ser os hospitais?<\/h6>\t\t<\/div>\n\t\t\t\t<\/div>\n\t\t\t\t<div class=\"elementor-element elementor-element-b25cd35 elementor-widget elementor-widget-jet-button\" data-id=\"b25cd35\" data-element_type=\"widget\" data-widget_type=\"jet-button.default\">\n\t\t\t\t<div class=\"elementor-widget-container\">\n\t\t\t<div class=\"elementor-jet-button jet-elements\"><div class=\"jet-button__container\">\n\t<a class=\"jet-button__instance jet-button__instance--icon-left hover-effect-0\" href=\"https:\/\/lisbonpubliclaw.pt\/en\/publicacoes\/sustentabilidade-e-eficiencia-no-sector-hospitalar-quao-verdes-podem-ser-os-hospitais\/\">\n\t\t<div class=\"jet-button__plane jet-button__plane-normal\"><\/div>\n\t\t<div class=\"jet-button__plane jet-button__plane-hover\"><\/div>\n\t\t<div class=\"jet-button__state jet-button__state-normal\">\n\t\t\t<span class=\"jet-button__label\">Ver Publica\u00e7\u00e3o<\/span>\t\t<\/div>\n\t\t<div class=\"jet-button__state jet-button__state-hover\">\n\t\t\t<span class=\"jet-button__label\">Ver Publica\u00e7\u00e3o<\/span>\t\t<\/div>\n\t<\/a>\n<\/div>\n<\/div>\t\t<\/div>\n\t\t\t\t<\/div>\n\t\t<div class=\"elementor-element elementor-element-8c35e39 e-con-full e-flex e-con e-child\" data-id=\"8c35e39\" data-element_type=\"container\" data-settings=\"{&quot;background_background&quot;:&quot;classic&quot;,&quot;jet_parallax_layout_list&quot;:[]}\">\n\t\t\t\t<\/div>\n\t\t\t\t<\/div>\n\t\t<div class=\"elementor-element elementor-element-7a3163d e-flex e-con-boxed e-con e-parent\" data-id=\"7a3163d\" data-element_type=\"container\" data-settings=\"{&quot;jet_parallax_layout_list&quot;:[]}\">\n\t\t\t\t\t<div class=\"e-con-inner\">\n\t\t\t\t\t<\/div>\n\t\t\t\t<\/div>\n\t\t\t\t<\/div>\n\t\t<\/div><\/div><\/div>\t\t<\/div>\n\t\t\t\t<\/div>\n\t\t\t\t\t<\/div>\n\t\t\t\t<\/div>\n\t\t<div class=\"elementor-element elementor-element-30e97d2 e-flex e-con-boxed e-con e-parent\" data-id=\"30e97d2\" data-element_type=\"container\" data-settings=\"{&quot;jet_parallax_layout_list&quot;:[]}\">\n\t\t\t\t\t<div class=\"e-con-inner\">\n\t\t\t\t<div class=\"elementor-element elementor-element-9b68264 elementor-widget elementor-widget-spacer\" data-id=\"9b68264\" data-element_type=\"widget\" data-widget_type=\"spacer.default\">\n\t\t\t\t<div class=\"elementor-widget-container\">\n\t\t\t\t\t<div class=\"elementor-spacer\">\n\t\t\t<div class=\"elementor-spacer-inner\"><\/div>\n\t\t<\/div>\n\t\t\t\t<\/div>\n\t\t\t\t<\/div>\n\t\t\t\t\t<\/div>\n\t\t\t\t<\/div>\n\t\t<div class=\"elementor-element elementor-element-d5ba55b e-flex e-con-boxed e-con e-parent\" data-id=\"d5ba55b\" data-element_type=\"container\" id=\"Teoriaefilosofia\" data-settings=\"{&quot;jet_parallax_layout_list&quot;:[]}\">\n\t\t\t\t\t<div class=\"e-con-inner\">\n\t\t\t\t<div class=\"elementor-element elementor-element-4a5dd55 elementor-widget elementor-widget-jet-smart-filters-pagination\" data-id=\"4a5dd55\" data-element_type=\"widget\" data-widget_type=\"jet-smart-filters-pagination.default\">\n\t\t\t\t<div class=\"elementor-widget-container\">\n\t\t\t<div\n\t\t\t\tclass=\"jet-smart-filters-pagination jet-filter\"\n\t\t\t\tdata-apply-provider=\"jet-engine\"\n\t\t\t\tdata-content-provider=\"jet-engine\"\n\t\t\t\tdata-query-id=\"Teoriaefilosofia\"\n\t\t\t\tdata-controls=\"{&quot;items_enabled&quot;:true,&quot;pages_mid_size&quot;:0,&quot;pages_end_size&quot;:0,&quot;nav_enabled&quot;:true,&quot;prev&quot;:&quot;Anterior&quot;,&quot;next&quot;:&quot;Pr\\u00f3ximo&quot;,&quot;hide_inactive_nav&quot;:true,&quot;load_more_enabled&quot;:false,&quot;provider_top_offset&quot;:0}\"\n\t\t\t\tdata-apply-type=\"ajax\"\n\t\t\t><\/div>\t\t<\/div>\n\t\t\t\t<\/div>\n\t\t\t\t\t<\/div>\n\t\t\t\t<\/div>\n\t\t<div class=\"elementor-element elementor-element-275e7e5 e-flex e-con-boxed e-con e-parent\" data-id=\"275e7e5\" data-element_type=\"container\" data-settings=\"{&quot;jet_parallax_layout_list&quot;:[]}\">\n\t\t\t\t\t<div class=\"e-con-inner\">\n\t\t\t\t<div class=\"elementor-element elementor-element-a3ad624 elementor-widget elementor-widget-spacer\" data-id=\"a3ad624\" data-element_type=\"widget\" data-widget_type=\"spacer.default\">\n\t\t\t\t<div class=\"elementor-widget-container\">\n\t\t\t\t\t<div class=\"elementor-spacer\">\n\t\t\t<div class=\"elementor-spacer-inner\"><\/div>\n\t\t<\/div>\n\t\t\t\t<\/div>\n\t\t\t\t<\/div>\n\t\t\t\t\t<\/div>\n\t\t\t\t<\/div>\n\t\t\t\t<\/div>\n\t\t","protected":false},"excerpt":{"rendered":"<p>Publica\u00e7\u00f5es Pesquisar T\u00edtulo Categorias das Publica\u00e7\u00f5es Todas Artigo Cap\u00edtulo de Livro Livro Livro Editions relat\u00f3rio Ano: 2024 Carla Amado Gomes, Helo\u00edsa Oliveira, Rui Tavares Lanceiro, Hong Cheng Leong, Jo\u00e3o Tom\u00e9 Pil\u00e3o, Jos\u00e9 Duarte Coimbra Ano: 2024 Carla Amado Gomes, Helo\u00edsa Oliveira, Raquel Franco, Rui Tavares Lanceiro, Jos\u00e9 Duarte Coimbra, Telmo Coutinho Rodrigues Ano: 2024 Ano: [&hellip;]<\/p>\n","protected":false},"author":1,"featured_media":0,"parent":4548,"menu_order":0,"comment_status":"closed","ping_status":"closed","template":"elementor_header_footer","meta":{"footnotes":""},"cluster":[61],"grupo-de-investigacao":[12],"class_list":["post-4616","page","type-page","status-publish","hentry","cluster-lisbon-environmental-law","grupo-de-investigacao-direito-internacional-e-europeu"],"yoast_head":"<!-- This site is optimized with the Yoast SEO plugin v27.5 - https:\/\/yoast.com\/product\/yoast-seo-wordpress\/ -->\n<title>Publica\u00e7\u00f5es - Lisbon Public Law<\/title>\n<meta name=\"robots\" content=\"index, follow, max-snippet:-1, max-image-preview:large, max-video-preview:-1\" \/>\n<link rel=\"canonical\" href=\"https:\/\/lisbonpubliclaw.pt\/en\/lisbon-environmental-law\/publicacoes\/\" \/>\n<meta property=\"og:locale\" content=\"en_US\" \/>\n<meta property=\"og:type\" content=\"article\" \/>\n<meta property=\"og:title\" content=\"Publica\u00e7\u00f5es - Lisbon Public Law\" \/>\n<meta property=\"og:description\" content=\"Publica\u00e7\u00f5es Pesquisar T\u00edtulo Categorias das Publica\u00e7\u00f5es Todas Artigo Cap\u00edtulo de Livro Livro Livro Editions relat\u00f3rio Ano: 2024 Carla Amado Gomes, Helo\u00edsa Oliveira, Rui Tavares Lanceiro, Hong Cheng Leong, Jo\u00e3o Tom\u00e9 Pil\u00e3o, Jos\u00e9 Duarte Coimbra Ano: 2024 Carla Amado Gomes, Helo\u00edsa Oliveira, Raquel Franco, Rui Tavares Lanceiro, Jos\u00e9 Duarte Coimbra, Telmo Coutinho Rodrigues Ano: 2024 Ano: [&hellip;]\" \/>\n<meta property=\"og:url\" content=\"https:\/\/lisbonpubliclaw.pt\/en\/lisbon-environmental-law\/publicacoes\/\" \/>\n<meta property=\"og:site_name\" content=\"Lisbon Public Law\" \/>\n<meta property=\"article:modified_time\" content=\"2025-05-21T15:32:07+00:00\" \/>\n<meta property=\"og:image\" content=\"https:\/\/lisbonpubliclaw.pt\/wp-content\/uploads\/2023\/10\/logo_LEL.png\" \/>\n\t<meta property=\"og:image:width\" content=\"1670\" \/>\n\t<meta property=\"og:image:height\" content=\"560\" \/>\n\t<meta property=\"og:image:type\" content=\"image\/png\" \/>\n<meta name=\"twitter:card\" content=\"summary_large_image\" \/>\n<meta name=\"twitter:label1\" content=\"Est. reading time\" \/>\n\t<meta name=\"twitter:data1\" content=\"5 minutes\" \/>\n<script type=\"application\/ld+json\" class=\"yoast-schema-graph\">{\"@context\":\"https:\\\/\\\/schema.org\",\"@graph\":[{\"@type\":\"WebPage\",\"@id\":\"https:\\\/\\\/lisbonpubliclaw.pt\\\/lisbon-environmental-law\\\/publicacoes\\\/\",\"url\":\"https:\\\/\\\/lisbonpubliclaw.pt\\\/lisbon-environmental-law\\\/publicacoes\\\/\",\"name\":\"Publica\u00e7\u00f5es - Lisbon Public Law\",\"isPartOf\":{\"@id\":\"https:\\\/\\\/lisbonpubliclaw.pt\\\/#website\"},\"primaryImageOfPage\":{\"@id\":\"https:\\\/\\\/lisbonpubliclaw.pt\\\/lisbon-environmental-law\\\/publicacoes\\\/#primaryimage\"},\"image\":{\"@id\":\"https:\\\/\\\/lisbonpubliclaw.pt\\\/lisbon-environmental-law\\\/publicacoes\\\/#primaryimage\"},\"thumbnailUrl\":\"https:\\\/\\\/lisbonpubliclaw.pt\\\/wp-content\\\/uploads\\\/2023\\\/10\\\/logo_LEL.png\",\"datePublished\":\"2023-10-02T13:27:23+00:00\",\"dateModified\":\"2025-05-21T15:32:07+00:00\",\"breadcrumb\":{\"@id\":\"https:\\\/\\\/lisbonpubliclaw.pt\\\/lisbon-environmental-law\\\/publicacoes\\\/#breadcrumb\"},\"inLanguage\":\"en-US\",\"potentialAction\":[{\"@type\":\"ReadAction\",\"target\":[\"https:\\\/\\\/lisbonpubliclaw.pt\\\/lisbon-environmental-law\\\/publicacoes\\\/\"]}]},{\"@type\":\"ImageObject\",\"inLanguage\":\"en-US\",\"@id\":\"https:\\\/\\\/lisbonpubliclaw.pt\\\/lisbon-environmental-law\\\/publicacoes\\\/#primaryimage\",\"url\":\"https:\\\/\\\/lisbonpubliclaw.pt\\\/wp-content\\\/uploads\\\/2023\\\/10\\\/logo_LEL.png\",\"contentUrl\":\"https:\\\/\\\/lisbonpubliclaw.pt\\\/wp-content\\\/uploads\\\/2023\\\/10\\\/logo_LEL.png\"},{\"@type\":\"BreadcrumbList\",\"@id\":\"https:\\\/\\\/lisbonpubliclaw.pt\\\/lisbon-environmental-law\\\/publicacoes\\\/#breadcrumb\",\"itemListElement\":[{\"@type\":\"ListItem\",\"position\":1,\"name\":\"Home\",\"item\":\"https:\\\/\\\/lisbonpubliclaw.pt\\\/\"},{\"@type\":\"ListItem\",\"position\":2,\"name\":\"Lisbon Environmental Law\",\"item\":\"https:\\\/\\\/lisbonpubliclaw.pt\\\/lisbon-environmental-law\\\/\"},{\"@type\":\"ListItem\",\"position\":3,\"name\":\"Publica\u00e7\u00f5es\"}]},{\"@type\":\"WebSite\",\"@id\":\"https:\\\/\\\/lisbonpubliclaw.pt\\\/#website\",\"url\":\"https:\\\/\\\/lisbonpubliclaw.pt\\\/\",\"name\":\"Lisbon Public Law\",\"description\":\"Public Law Research Centre in Lisbon\",\"publisher\":{\"@id\":\"https:\\\/\\\/lisbonpubliclaw.pt\\\/#organization\"},\"potentialAction\":[{\"@type\":\"SearchAction\",\"target\":{\"@type\":\"EntryPoint\",\"urlTemplate\":\"https:\\\/\\\/lisbonpubliclaw.pt\\\/?s={search_term_string}\"},\"query-input\":{\"@type\":\"PropertyValueSpecification\",\"valueRequired\":true,\"valueName\":\"search_term_string\"}}],\"inLanguage\":\"en-US\"},{\"@type\":\"Organization\",\"@id\":\"https:\\\/\\\/lisbonpubliclaw.pt\\\/#organization\",\"name\":\"Lisbon Public Law\",\"url\":\"https:\\\/\\\/lisbonpubliclaw.pt\\\/\",\"logo\":{\"@type\":\"ImageObject\",\"inLanguage\":\"en-US\",\"@id\":\"https:\\\/\\\/lisbonpubliclaw.pt\\\/#\\\/schema\\\/logo\\\/image\\\/\",\"url\":\"https:\\\/\\\/lisbonpubliclaw.pt\\\/wp-content\\\/uploads\\\/2023\\\/06\\\/WhatsApp-Image-2023-06-19-at-11.01.50-1.jpeg\",\"contentUrl\":\"https:\\\/\\\/lisbonpubliclaw.pt\\\/wp-content\\\/uploads\\\/2023\\\/06\\\/WhatsApp-Image-2023-06-19-at-11.01.50-1.jpeg\",\"width\":354,\"height\":354,\"caption\":\"Lisbon Public Law\"},\"image\":{\"@id\":\"https:\\\/\\\/lisbonpubliclaw.pt\\\/#\\\/schema\\\/logo\\\/image\\\/\"}}]}<\/script>\n<!-- \/ Yoast SEO plugin. -->","yoast_head_json":{"title":"Publica\u00e7\u00f5es - Lisbon Public Law","robots":{"index":"index","follow":"follow","max-snippet":"max-snippet:-1","max-image-preview":"max-image-preview:large","max-video-preview":"max-video-preview:-1"},"canonical":"https:\/\/lisbonpubliclaw.pt\/en\/lisbon-environmental-law\/publicacoes\/","og_locale":"en_US","og_type":"article","og_title":"Publica\u00e7\u00f5es - Lisbon Public Law","og_description":"Publica\u00e7\u00f5es Pesquisar T\u00edtulo Categorias das Publica\u00e7\u00f5es Todas Artigo Cap\u00edtulo de Livro Livro Livro Editions relat\u00f3rio Ano: 2024 Carla Amado Gomes, Helo\u00edsa Oliveira, Rui Tavares Lanceiro, Hong Cheng Leong, Jo\u00e3o Tom\u00e9 Pil\u00e3o, Jos\u00e9 Duarte Coimbra Ano: 2024 Carla Amado Gomes, Helo\u00edsa Oliveira, Raquel Franco, Rui Tavares Lanceiro, Jos\u00e9 Duarte Coimbra, Telmo Coutinho Rodrigues Ano: 2024 Ano: [&hellip;]","og_url":"https:\/\/lisbonpubliclaw.pt\/en\/lisbon-environmental-law\/publicacoes\/","og_site_name":"Lisbon Public Law","article_modified_time":"2025-05-21T15:32:07+00:00","og_image":[{"width":1670,"height":560,"url":"https:\/\/lisbonpubliclaw.pt\/wp-content\/uploads\/2023\/10\/logo_LEL.png","type":"image\/png"}],"twitter_card":"summary_large_image","twitter_misc":{"Est. reading time":"5 minutes"},"schema":{"@context":"https:\/\/schema.org","@graph":[{"@type":"WebPage","@id":"https:\/\/lisbonpubliclaw.pt\/lisbon-environmental-law\/publicacoes\/","url":"https:\/\/lisbonpubliclaw.pt\/lisbon-environmental-law\/publicacoes\/","name":"Publica\u00e7\u00f5es - Lisbon Public Law","isPartOf":{"@id":"https:\/\/lisbonpubliclaw.pt\/#website"},"primaryImageOfPage":{"@id":"https:\/\/lisbonpubliclaw.pt\/lisbon-environmental-law\/publicacoes\/#primaryimage"},"image":{"@id":"https:\/\/lisbonpubliclaw.pt\/lisbon-environmental-law\/publicacoes\/#primaryimage"},"thumbnailUrl":"https:\/\/lisbonpubliclaw.pt\/wp-content\/uploads\/2023\/10\/logo_LEL.png","datePublished":"2023-10-02T13:27:23+00:00","dateModified":"2025-05-21T15:32:07+00:00","breadcrumb":{"@id":"https:\/\/lisbonpubliclaw.pt\/lisbon-environmental-law\/publicacoes\/#breadcrumb"},"inLanguage":"en-US","potentialAction":[{"@type":"ReadAction","target":["https:\/\/lisbonpubliclaw.pt\/lisbon-environmental-law\/publicacoes\/"]}]},{"@type":"ImageObject","inLanguage":"en-US","@id":"https:\/\/lisbonpubliclaw.pt\/lisbon-environmental-law\/publicacoes\/#primaryimage","url":"https:\/\/lisbonpubliclaw.pt\/wp-content\/uploads\/2023\/10\/logo_LEL.png","contentUrl":"https:\/\/lisbonpubliclaw.pt\/wp-content\/uploads\/2023\/10\/logo_LEL.png"},{"@type":"BreadcrumbList","@id":"https:\/\/lisbonpubliclaw.pt\/lisbon-environmental-law\/publicacoes\/#breadcrumb","itemListElement":[{"@type":"ListItem","position":1,"name":"Home","item":"https:\/\/lisbonpubliclaw.pt\/"},{"@type":"ListItem","position":2,"name":"Lisbon Environmental Law","item":"https:\/\/lisbonpubliclaw.pt\/lisbon-environmental-law\/"},{"@type":"ListItem","position":3,"name":"Publica\u00e7\u00f5es"}]},{"@type":"WebSite","@id":"https:\/\/lisbonpubliclaw.pt\/#website","url":"https:\/\/lisbonpubliclaw.pt\/","name":"Lisbon Public Law","description":"Public Law Research Centre in Lisbon","publisher":{"@id":"https:\/\/lisbonpubliclaw.pt\/#organization"},"potentialAction":[{"@type":"SearchAction","target":{"@type":"EntryPoint","urlTemplate":"https:\/\/lisbonpubliclaw.pt\/?s={search_term_string}"},"query-input":{"@type":"PropertyValueSpecification","valueRequired":true,"valueName":"search_term_string"}}],"inLanguage":"en-US"},{"@type":"Organization","@id":"https:\/\/lisbonpubliclaw.pt\/#organization","name":"Lisbon Public Law","url":"https:\/\/lisbonpubliclaw.pt\/","logo":{"@type":"ImageObject","inLanguage":"en-US","@id":"https:\/\/lisbonpubliclaw.pt\/#\/schema\/logo\/image\/","url":"https:\/\/lisbonpubliclaw.pt\/wp-content\/uploads\/2023\/06\/WhatsApp-Image-2023-06-19-at-11.01.50-1.jpeg","contentUrl":"https:\/\/lisbonpubliclaw.pt\/wp-content\/uploads\/2023\/06\/WhatsApp-Image-2023-06-19-at-11.01.50-1.jpeg","width":354,"height":354,"caption":"Lisbon Public Law"},"image":{"@id":"https:\/\/lisbonpubliclaw.pt\/#\/schema\/logo\/image\/"}}]}},"_links":{"self":[{"href":"https:\/\/lisbonpubliclaw.pt\/en\/wp-json\/wp\/v2\/pages\/4616","targetHints":{"allow":["GET"]}}],"collection":[{"href":"https:\/\/lisbonpubliclaw.pt\/en\/wp-json\/wp\/v2\/pages"}],"about":[{"href":"https:\/\/lisbonpubliclaw.pt\/en\/wp-json\/wp\/v2\/types\/page"}],"author":[{"embeddable":true,"href":"https:\/\/lisbonpubliclaw.pt\/en\/wp-json\/wp\/v2\/users\/1"}],"replies":[{"embeddable":true,"href":"https:\/\/lisbonpubliclaw.pt\/en\/wp-json\/wp\/v2\/comments?post=4616"}],"version-history":[{"count":23,"href":"https:\/\/lisbonpubliclaw.pt\/en\/wp-json\/wp\/v2\/pages\/4616\/revisions"}],"predecessor-version":[{"id":10406,"href":"https:\/\/lisbonpubliclaw.pt\/en\/wp-json\/wp\/v2\/pages\/4616\/revisions\/10406"}],"up":[{"embeddable":true,"href":"https:\/\/lisbonpubliclaw.pt\/en\/wp-json\/wp\/v2\/pages\/4548"}],"wp:attachment":[{"href":"https:\/\/lisbonpubliclaw.pt\/en\/wp-json\/wp\/v2\/media?parent=4616"}],"wp:term":[{"taxonomy":"cluster","embeddable":true,"href":"https:\/\/lisbonpubliclaw.pt\/en\/wp-json\/wp\/v2\/cluster?post=4616"},{"taxonomy":"grupo-de-investigacao","embeddable":true,"href":"https:\/\/lisbonpubliclaw.pt\/en\/wp-json\/wp\/v2\/grupo-de-investigacao?post=4616"}],"curies":[{"name":"wp","href":"https:\/\/api.w.org\/{rel}","templated":true}]}}