{"id":11562,"date":"2026-08-07T15:13:22","date_gmt":"2026-08-07T15:13:22","guid":{"rendered":"https:\/\/lisbonpubliclaw.pt\/ecoforce\/news-events\/"},"modified":"2026-08-07T16:16:49","modified_gmt":"2026-08-07T16:16:49","slug":"news-events","status":"publish","type":"page","link":"https:\/\/lisbonpubliclaw.pt\/en\/ecoforce\/news-events\/","title":{"rendered":"Not\u00edcias &#038; Eventos"},"content":{"rendered":"<div data-elementor-type=\"wp-page\" data-elementor-id=\"11562\" class=\"elementor elementor-11562\" data-elementor-post-type=\"page\">\n\t\t\t\t<div class=\"eco-shell eco-atomic-page eco-atomic-news-events elementor-element elementor-element-b05c3ae1 eco-shell eco-atomic-page eco-atomic-news-events e-con-full e-flex e-con e-parent\" data-id=\"b05c3ae1\" data-element_type=\"container\" data-settings=\"{&quot;jet_parallax_layout_list&quot;:[]}\">\n\t\t\t\t<div class=\"elementor-element elementor-element-b12181ff eco-global-navigation elementor-widget elementor-widget-ecoforce-navigation\" data-id=\"b12181ff\" data-element_type=\"widget\" data-widget_type=\"ecoforce-navigation.default\">\n\t\t\t\t<div class=\"elementor-widget-container\">\n\t\t\t<nav class=\"eco-nav\" aria-label=\"ECOFORCE\"><div class=\"eco-nav-links\"><a class=\"eco-menu-about\" href=\"https:\/\/lisbonpubliclaw.pt\/en\/ecoforce\/about\/\">About<\/a><a class=\"eco-menu-consortium\" href=\"https:\/\/lisbonpubliclaw.pt\/en\/ecoforce\/consortium\/\">Consortium<\/a><a class=\"eco-menu-work\" href=\"https:\/\/lisbonpubliclaw.pt\/en\/ecoforce\/work-packages\/\">Work Packages<\/a><a class=\"eco-menu-outputs\" href=\"https:\/\/lisbonpubliclaw.pt\/en\/ecoforce\/outputs-resources\/\">Results &amp; Resources<\/a><a class=\"eco-menu-news\" href=\"https:\/\/lisbonpubliclaw.pt\/en\/ecoforce\/news-events\/\">News &amp; Events<\/a><\/div><\/nav>\t\t<\/div>\n\t\t\t\t<\/div>\n\t\t<div class=\"eco-page-head elementor-element elementor-element-55c3f384 eco-page-head e-con-full e-flex e-con e-child\" data-id=\"55c3f384\" data-element_type=\"container\" data-settings=\"{&quot;jet_parallax_layout_list&quot;:[]}\">\n\t\t<div class=\"eco-container elementor-element elementor-element-5794c20a eco-container e-con-full e-flex e-con e-child\" data-id=\"5794c20a\" data-element_type=\"container\" data-settings=\"{&quot;jet_parallax_layout_list&quot;:[]}\">\n\t\t\t\t<div class=\"elementor-element elementor-element-d6d3afd3 eco-l-image elementor-widget elementor-widget-image\" data-id=\"d6d3afd3\" data-element_type=\"widget\" data-widget_type=\"image.default\">\n\t\t\t\t<div class=\"elementor-widget-container\">\n\t\t\t\t\t\t\t\t\t\t\t\t\t<img decoding=\"async\" src=\"https:\/\/lisbonpubliclaw.pt\/wp-content\/plugins\/ecoforce-cluster\/assets\/images\/ecoforce-l-top-left.svg\" title=\"\" alt=\"\" loading=\"lazy\" \/>\t\t\t\t\t\t\t\t\t\t\t\t\t<\/div>\n\t\t\t\t<\/div>\n\t\t<div class=\"eco-page-head-copy elementor-element elementor-element-50ef7914 eco-page-head-copy e-con-full e-flex e-con e-child\" data-id=\"50ef7914\" data-element_type=\"container\" data-settings=\"{&quot;jet_parallax_layout_list&quot;:[]}\">\n\t\t\t\t<div class=\"elementor-element elementor-element-93efb676 eco-logo eco-logo-small eco-bind-image-eco_page_logo elementor-widget elementor-widget-image\" data-id=\"93efb676\" data-element_type=\"widget\" data-widget_type=\"image.default\">\n\t\t\t\t<div class=\"elementor-widget-container\">\n\t\t\t\t\t\t\t\t\t\t\t\t\t<img decoding=\"async\" src=\"https:\/\/lisbonpubliclaw.pt\/wp-content\/plugins\/ecoforce-cluster\/assets\/images\/ecoforce-logo-colour.png\" title=\"\" alt=\"\" loading=\"lazy\" \/>\t\t\t\t\t\t\t\t\t\t\t\t\t<\/div>\n\t\t\t\t<\/div>\n\t\t\t\t<div class=\"elementor-element elementor-element-f04f3965 eco-page-title eco-bind-meta-eco_page_title elementor-widget elementor-widget-heading\" data-id=\"f04f3965\" data-element_type=\"widget\" data-widget_type=\"heading.default\">\n\t\t\t\t<div class=\"elementor-widget-container\">\n\t\t\t<h1 class=\"elementor-heading-title elementor-size-default\">News &amp; Events<\/h1>\t\t<\/div>\n\t\t\t\t<\/div>\n\t\t\t\t<\/div>\n\t\t\t\t<\/div>\n\t\t\t\t<\/div>\n\t\t<div class=\"eco-section eco-listing-intro elementor-element elementor-element-2a235628 eco-section eco-listing-intro e-con-full e-flex e-con e-child\" data-id=\"2a235628\" data-element_type=\"container\" data-settings=\"{&quot;jet_parallax_layout_list&quot;:[]}\">\n\t\t<div class=\"eco-container eco-prose elementor-element elementor-element-8a669da9 eco-container eco-prose e-con-full e-flex e-con e-child\" data-id=\"8a669da9\" data-element_type=\"container\" data-settings=\"{&quot;jet_parallax_layout_list&quot;:[]}\">\n\t\t\t\t<div class=\"elementor-element elementor-element-aa1fdfbe eco-bind-meta-eco_page_intro elementor-widget elementor-widget-text-editor\" data-id=\"aa1fdfbe\" data-element_type=\"widget\" data-widget_type=\"text-editor.default\">\n\t\t\t\t<div class=\"elementor-widget-container\">\n\t\t\t\t\t\t\tDiscover the latest ECOFORCE news and events.\t\t\t\t\t\t<\/div>\n\t\t\t\t<\/div>\n\t\t\t\t<\/div>\n\t\t\t\t<\/div>\n\t\t\t\t<div class=\"elementor-element elementor-element-f6d07f42 eco-dynamic-listing eco-bind-listing-button-eco_page_card_button elementor-widget elementor-widget-ecoforce-listing\" data-id=\"f6d07f42\" data-element_type=\"widget\" data-widget_type=\"ecoforce-listing.default\">\n\t\t\t\t<div class=\"elementor-widget-container\">\n\t\t\t<div class=\"eco-grid eco-grid-3\">\n                    <article class=\"eco-card eco-content-card\">\n                <div class=\"eco-card-placeholder\"><i class=\"eco-rings\" aria-hidden=\"true\"><b><\/b><b><\/b><b><\/b><b><\/b><b><\/b><b><\/b><\/i><span>NOT\u00cdCIA \/ EVENTO<\/span><\/div>                <h3><a href=\"https:\/\/lisbonpubliclaw.pt\/en\/ecoforce\/noticias-eventos\/ecoforce-project-kick-off-meeting\/\">Reuni\u00e3o de arranque do projeto ECOFORCE<\/a><\/h3>\n                                <div class=\"eco-card-copy\">Conte\u00fado de demonstra\u00e7\u00e3o para o website ECOFORCE.<\/div>\n                <p class=\"eco-meta\">Not\u00edcia \u00b7 2026-09-08 \u00b7 Lisboa, Portugal<\/p><a class=\"eco-button eco-button-small\" href=\"https:\/\/lisbonpubliclaw.pt\/en\/ecoforce\/noticias-eventos\/ecoforce-project-kick-off-meeting\/\">View details<\/a>            <\/article>\n                <\/div>\t\t<\/div>\n\t\t\t\t<\/div>\n\t\t\t\t<\/div>\n\t\t\t\t<\/div>","protected":false},"excerpt":{"rendered":"","protected":false},"author":14,"featured_media":0,"parent":11557,"menu_order":0,"comment_status":"closed","ping_status":"closed","template":"","meta":{"footnotes":""},"cluster":[],"grupo-de-investigacao":[],"class_list":["post-11562","page","type-page","status-publish","hentry"],"yoast_head":"<!-- This site is optimized with the Yoast SEO plugin v28.2 - https:\/\/yoast.com\/product\/yoast-seo-wordpress\/ -->\n<title>Not\u00edcias &amp; Eventos - Lisbon Public Law<\/title>\n<meta name=\"robots\" content=\"index, follow, max-snippet:-1, max-image-preview:large, max-video-preview:-1\" \/>\n<link rel=\"canonical\" href=\"https:\/\/lisbonpubliclaw.pt\/en\/ecoforce\/news-events\/\" \/>\n<meta property=\"og:locale\" content=\"en_US\" \/>\n<meta property=\"og:type\" content=\"article\" \/>\n<meta property=\"og:title\" content=\"Not\u00edcias &amp; Eventos - Lisbon Public Law\" \/>\n<meta property=\"og:url\" content=\"https:\/\/lisbonpubliclaw.pt\/en\/ecoforce\/news-events\/\" \/>\n<meta property=\"og:site_name\" content=\"Lisbon Public Law\" \/>\n<meta property=\"article:modified_time\" content=\"2026-08-07T16:16:49+00:00\" \/>\n<meta name=\"twitter:card\" content=\"summary_large_image\" \/>\n<script type=\"application\/ld+json\" class=\"yoast-schema-graph\">{\"@context\":\"https:\\\/\\\/schema.org\",\"@graph\":[{\"@type\":\"WebPage\",\"@id\":\"https:\\\/\\\/lisbonpubliclaw.pt\\\/ecoforce\\\/news-events\\\/\",\"url\":\"https:\\\/\\\/lisbonpubliclaw.pt\\\/ecoforce\\\/news-events\\\/\",\"name\":\"Not\u00edcias & Eventos - Lisbon Public Law\",\"isPartOf\":{\"@id\":\"https:\\\/\\\/lisbonpubliclaw.pt\\\/#website\"},\"datePublished\":\"2026-08-07T15:13:22+00:00\",\"dateModified\":\"2026-08-07T16:16:49+00:00\",\"breadcrumb\":{\"@id\":\"https:\\\/\\\/lisbonpubliclaw.pt\\\/ecoforce\\\/news-events\\\/#breadcrumb\"},\"inLanguage\":\"en-US\",\"potentialAction\":[{\"@type\":\"ReadAction\",\"target\":[\"https:\\\/\\\/lisbonpubliclaw.pt\\\/ecoforce\\\/news-events\\\/\"]}]},{\"@type\":\"BreadcrumbList\",\"@id\":\"https:\\\/\\\/lisbonpubliclaw.pt\\\/ecoforce\\\/news-events\\\/#breadcrumb\",\"itemListElement\":[{\"@type\":\"ListItem\",\"position\":1,\"name\":\"Home\",\"item\":\"https:\\\/\\\/lisbonpubliclaw.pt\\\/\"},{\"@type\":\"ListItem\",\"position\":2,\"name\":\"ECOFORCE\",\"item\":\"https:\\\/\\\/lisbonpubliclaw.pt\\\/ecoforce\\\/\"},{\"@type\":\"ListItem\",\"position\":3,\"name\":\"Not\u00edcias &#038; Eventos\"}]},{\"@type\":\"WebSite\",\"@id\":\"https:\\\/\\\/lisbonpubliclaw.pt\\\/#website\",\"url\":\"https:\\\/\\\/lisbonpubliclaw.pt\\\/\",\"name\":\"Lisbon Public Law\",\"description\":\"Public Law Research Centre in Lisbon\",\"publisher\":{\"@id\":\"https:\\\/\\\/lisbonpubliclaw.pt\\\/#organization\"},\"potentialAction\":[{\"@type\":\"SearchAction\",\"target\":{\"@type\":\"EntryPoint\",\"urlTemplate\":\"https:\\\/\\\/lisbonpubliclaw.pt\\\/?s={search_term_string}\"},\"query-input\":{\"@type\":\"PropertyValueSpecification\",\"valueRequired\":true,\"valueName\":\"search_term_string\"}}],\"inLanguage\":\"en-US\"},{\"@type\":\"Organization\",\"@id\":\"https:\\\/\\\/lisbonpubliclaw.pt\\\/#organization\",\"name\":\"Lisbon Public Law\",\"url\":\"https:\\\/\\\/lisbonpubliclaw.pt\\\/\",\"logo\":{\"@type\":\"ImageObject\",\"inLanguage\":\"en-US\",\"@id\":\"https:\\\/\\\/lisbonpubliclaw.pt\\\/#\\\/schema\\\/logo\\\/image\\\/\",\"url\":\"https:\\\/\\\/lisbonpubliclaw.pt\\\/wp-content\\\/uploads\\\/2023\\\/06\\\/WhatsApp-Image-2023-06-19-at-11.01.50-1.jpeg\",\"contentUrl\":\"https:\\\/\\\/lisbonpubliclaw.pt\\\/wp-content\\\/uploads\\\/2023\\\/06\\\/WhatsApp-Image-2023-06-19-at-11.01.50-1.jpeg\",\"width\":354,\"height\":354,\"caption\":\"Lisbon Public Law\"},\"image\":{\"@id\":\"https:\\\/\\\/lisbonpubliclaw.pt\\\/#\\\/schema\\\/logo\\\/image\\\/\"}}]}<\/script>\n<!-- \/ Yoast SEO plugin. -->","yoast_head_json":{"title":"Not\u00edcias & Eventos - Lisbon Public Law","robots":{"index":"index","follow":"follow","max-snippet":"max-snippet:-1","max-image-preview":"max-image-preview:large","max-video-preview":"max-video-preview:-1"},"canonical":"https:\/\/lisbonpubliclaw.pt\/en\/ecoforce\/news-events\/","og_locale":"en_US","og_type":"article","og_title":"Not\u00edcias & Eventos - Lisbon Public Law","og_url":"https:\/\/lisbonpubliclaw.pt\/en\/ecoforce\/news-events\/","og_site_name":"Lisbon Public Law","article_modified_time":"2026-08-07T16:16:49+00:00","twitter_card":"summary_large_image","schema":{"@context":"https:\/\/schema.org","@graph":[{"@type":"WebPage","@id":"https:\/\/lisbonpubliclaw.pt\/ecoforce\/news-events\/","url":"https:\/\/lisbonpubliclaw.pt\/ecoforce\/news-events\/","name":"Not\u00edcias & Eventos - Lisbon Public Law","isPartOf":{"@id":"https:\/\/lisbonpubliclaw.pt\/#website"},"datePublished":"2026-08-07T15:13:22+00:00","dateModified":"2026-08-07T16:16:49+00:00","breadcrumb":{"@id":"https:\/\/lisbonpubliclaw.pt\/ecoforce\/news-events\/#breadcrumb"},"inLanguage":"en-US","potentialAction":[{"@type":"ReadAction","target":["https:\/\/lisbonpubliclaw.pt\/ecoforce\/news-events\/"]}]},{"@type":"BreadcrumbList","@id":"https:\/\/lisbonpubliclaw.pt\/ecoforce\/news-events\/#breadcrumb","itemListElement":[{"@type":"ListItem","position":1,"name":"Home","item":"https:\/\/lisbonpubliclaw.pt\/"},{"@type":"ListItem","position":2,"name":"ECOFORCE","item":"https:\/\/lisbonpubliclaw.pt\/ecoforce\/"},{"@type":"ListItem","position":3,"name":"Not\u00edcias &#038; Eventos"}]},{"@type":"WebSite","@id":"https:\/\/lisbonpubliclaw.pt\/#website","url":"https:\/\/lisbonpubliclaw.pt\/","name":"Lisbon Public Law","description":"Public Law Research Centre in Lisbon","publisher":{"@id":"https:\/\/lisbonpubliclaw.pt\/#organization"},"potentialAction":[{"@type":"SearchAction","target":{"@type":"EntryPoint","urlTemplate":"https:\/\/lisbonpubliclaw.pt\/?s={search_term_string}"},"query-input":{"@type":"PropertyValueSpecification","valueRequired":true,"valueName":"search_term_string"}}],"inLanguage":"en-US"},{"@type":"Organization","@id":"https:\/\/lisbonpubliclaw.pt\/#organization","name":"Lisbon Public Law","url":"https:\/\/lisbonpubliclaw.pt\/","logo":{"@type":"ImageObject","inLanguage":"en-US","@id":"https:\/\/lisbonpubliclaw.pt\/#\/schema\/logo\/image\/","url":"https:\/\/lisbonpubliclaw.pt\/wp-content\/uploads\/2023\/06\/WhatsApp-Image-2023-06-19-at-11.01.50-1.jpeg","contentUrl":"https:\/\/lisbonpubliclaw.pt\/wp-content\/uploads\/2023\/06\/WhatsApp-Image-2023-06-19-at-11.01.50-1.jpeg","width":354,"height":354,"caption":"Lisbon Public Law"},"image":{"@id":"https:\/\/lisbonpubliclaw.pt\/#\/schema\/logo\/image\/"}}]}},"_links":{"self":[{"href":"https:\/\/lisbonpubliclaw.pt\/en\/wp-json\/wp\/v2\/pages\/11562","targetHints":{"allow":["GET"]}}],"collection":[{"href":"https:\/\/lisbonpubliclaw.pt\/en\/wp-json\/wp\/v2\/pages"}],"about":[{"href":"https:\/\/lisbonpubliclaw.pt\/en\/wp-json\/wp\/v2\/types\/page"}],"author":[{"embeddable":true,"href":"https:\/\/lisbonpubliclaw.pt\/en\/wp-json\/wp\/v2\/users\/14"}],"replies":[{"embeddable":true,"href":"https:\/\/lisbonpubliclaw.pt\/en\/wp-json\/wp\/v2\/comments?post=11562"}],"version-history":[{"count":2,"href":"https:\/\/lisbonpubliclaw.pt\/en\/wp-json\/wp\/v2\/pages\/11562\/revisions"}],"predecessor-version":[{"id":11588,"href":"https:\/\/lisbonpubliclaw.pt\/en\/wp-json\/wp\/v2\/pages\/11562\/revisions\/11588"}],"up":[{"embeddable":true,"href":"https:\/\/lisbonpubliclaw.pt\/en\/wp-json\/wp\/v2\/pages\/11557"}],"wp:attachment":[{"href":"https:\/\/lisbonpubliclaw.pt\/en\/wp-json\/wp\/v2\/media?parent=11562"}],"wp:term":[{"taxonomy":"cluster","embeddable":true,"href":"https:\/\/lisbonpubliclaw.pt\/en\/wp-json\/wp\/v2\/cluster?post=11562"},{"taxonomy":"grupo-de-investigacao","embeddable":true,"href":"https:\/\/lisbonpubliclaw.pt\/en\/wp-json\/wp\/v2\/grupo-de-investigacao?post=11562"}],"curies":[{"name":"wp","href":"https:\/\/api.w.org\/{rel}","templated":true}]}}