{"id":10764,"date":"2025-08-13T16:38:27","date_gmt":"2025-08-13T16:38:27","guid":{"rendered":"https:\/\/lisbonpubliclaw.pt\/?post_type=open-calls&#038;p=10764"},"modified":"2026-02-05T08:54:52","modified_gmt":"2026-02-05T08:54:52","slug":"recrutamento-responsavel-edital","status":"publish","type":"open-calls","link":"https:\/\/lisbonpubliclaw.pt\/en\/open-calls\/recrutamento-responsavel-edital\/","title":{"rendered":"Editorial Officer"},"content":{"rendered":"<p>The Instituto de Ci\u00eancias Jur\u00eddico-Pol\u00edticas (ICJP) is launching a call for applications for the \nrecruitment of a Graduate Staff for editorial management and coordination at the Lisbon \nPublic Law Research Centre (LPL), in particular the editorial coordination of LPL Editions, \nwhich includes the electronic journal of public law \u2013 e-Publica. The position, full-time and \nunder a fixed-term contract of indefinite duration, will focus primarily on editorial \nmanagement, text editing, and support for scientific publishing in digital format. The \nremuneration corresponds to the 1st pay grade in the \u201cT\u00e9cnico Superior\u201d career, with the \npossibility of progression. The contract includes a six-month probationary period. The call is \ngoverned by the Labour Code and is open to candidates with a degree in Languages, \nLiteratures, or related fields, with excellent command of Portuguese, English, and IT tools, \nand with preference given to those with previous experience in editing, XML-JATS markup, \nand familiarity with academic publishing<\/p>\n\n\n\n<p><\/p>","protected":false},"menu_order":0,"template":"","format":"standard","meta":[],"cluster":[90],"categoria-da-open-call":[35],"grupo-de-investigacao":[41],"class_list":["post-10764","open-calls","type-open-calls","status-publish","format-standard","hentry","cluster-lisbon-public-law","categoria-da-open-call-contratacao","grupo-de-investigacao-lisbon-public-law"],"yoast_head":"<!-- This site is optimized with the Yoast SEO plugin v27.5 - https:\/\/yoast.com\/product\/yoast-seo-wordpress\/ -->\n<title>Recrutamento | Respons\u00e1vel Editorial - Lisbon Public Law<\/title>\n<meta name=\"robots\" content=\"index, follow, max-snippet:-1, max-image-preview:large, max-video-preview:-1\" \/>\n<link rel=\"canonical\" href=\"https:\/\/lisbonpubliclaw.pt\/en\/open-calls\/recrutamento-responsavel-edital\/\" \/>\n<meta property=\"og:locale\" content=\"en_US\" \/>\n<meta property=\"og:type\" content=\"article\" \/>\n<meta property=\"og:title\" content=\"Recrutamento | Respons\u00e1vel Editorial - Lisbon Public Law\" \/>\n<meta property=\"og:description\" content=\"O Instituto de Ci\u00eancias Jur\u00eddico-Pol\u00edticas (ICJP) abre concurso para a contrata\u00e7\u00e3o de um T\u00e9cnico Superior para gest\u00e3o e coordena\u00e7\u00e3o editorial no Lisbon Public Law Research Centre (LPL), nomeadamente a coordena\u00e7\u00e3o editorial das LPL Editions, onde se inclui a revista eletr\u00f3nica de direito p\u00fablico \u2013 e-Publica. A posi\u00e7\u00e3o, a tempo inteiro e em regime de contrato [&hellip;]\" \/>\n<meta property=\"og:url\" content=\"https:\/\/lisbonpubliclaw.pt\/en\/open-calls\/recrutamento-responsavel-edital\/\" \/>\n<meta property=\"og:site_name\" content=\"Lisbon Public Law\" \/>\n<meta property=\"article:modified_time\" content=\"2026-02-05T08:54:52+00:00\" \/>\n<meta name=\"twitter:card\" content=\"summary_large_image\" \/>\n<meta name=\"twitter:label1\" content=\"Est. reading time\" \/>\n\t<meta name=\"twitter:data1\" content=\"1 minute\" \/>\n<script type=\"application\/ld+json\" class=\"yoast-schema-graph\">{\"@context\":\"https:\\\/\\\/schema.org\",\"@graph\":[{\"@type\":\"WebPage\",\"@id\":\"https:\\\/\\\/lisbonpubliclaw.pt\\\/open-calls\\\/recrutamento-responsavel-edital\\\/\",\"url\":\"https:\\\/\\\/lisbonpubliclaw.pt\\\/open-calls\\\/recrutamento-responsavel-edital\\\/\",\"name\":\"Recrutamento | Respons\u00e1vel Editorial - Lisbon Public Law\",\"isPartOf\":{\"@id\":\"https:\\\/\\\/lisbonpubliclaw.pt\\\/#website\"},\"datePublished\":\"2025-08-13T16:38:27+00:00\",\"dateModified\":\"2026-02-05T08:54:52+00:00\",\"breadcrumb\":{\"@id\":\"https:\\\/\\\/lisbonpubliclaw.pt\\\/open-calls\\\/recrutamento-responsavel-edital\\\/#breadcrumb\"},\"inLanguage\":\"en-US\",\"potentialAction\":[{\"@type\":\"ReadAction\",\"target\":[\"https:\\\/\\\/lisbonpubliclaw.pt\\\/open-calls\\\/recrutamento-responsavel-edital\\\/\"]}]},{\"@type\":\"BreadcrumbList\",\"@id\":\"https:\\\/\\\/lisbonpubliclaw.pt\\\/open-calls\\\/recrutamento-responsavel-edital\\\/#breadcrumb\",\"itemListElement\":[{\"@type\":\"ListItem\",\"position\":1,\"name\":\"Home\",\"item\":\"https:\\\/\\\/lisbonpubliclaw.pt\\\/\"},{\"@type\":\"ListItem\",\"position\":2,\"name\":\"Open Calls\",\"item\":\"https:\\\/\\\/lisbonpubliclaw.pt\\\/open-calls\\\/\"},{\"@type\":\"ListItem\",\"position\":3,\"name\":\"Recrutamento | Respons\u00e1vel Editorial\"}]},{\"@type\":\"WebSite\",\"@id\":\"https:\\\/\\\/lisbonpubliclaw.pt\\\/#website\",\"url\":\"https:\\\/\\\/lisbonpubliclaw.pt\\\/\",\"name\":\"Lisbon Public Law\",\"description\":\"Public Law Research Centre in Lisbon\",\"publisher\":{\"@id\":\"https:\\\/\\\/lisbonpubliclaw.pt\\\/#organization\"},\"potentialAction\":[{\"@type\":\"SearchAction\",\"target\":{\"@type\":\"EntryPoint\",\"urlTemplate\":\"https:\\\/\\\/lisbonpubliclaw.pt\\\/?s={search_term_string}\"},\"query-input\":{\"@type\":\"PropertyValueSpecification\",\"valueRequired\":true,\"valueName\":\"search_term_string\"}}],\"inLanguage\":\"en-US\"},{\"@type\":\"Organization\",\"@id\":\"https:\\\/\\\/lisbonpubliclaw.pt\\\/#organization\",\"name\":\"Lisbon Public Law\",\"url\":\"https:\\\/\\\/lisbonpubliclaw.pt\\\/\",\"logo\":{\"@type\":\"ImageObject\",\"inLanguage\":\"en-US\",\"@id\":\"https:\\\/\\\/lisbonpubliclaw.pt\\\/#\\\/schema\\\/logo\\\/image\\\/\",\"url\":\"https:\\\/\\\/lisbonpubliclaw.pt\\\/wp-content\\\/uploads\\\/2023\\\/06\\\/WhatsApp-Image-2023-06-19-at-11.01.50-1.jpeg\",\"contentUrl\":\"https:\\\/\\\/lisbonpubliclaw.pt\\\/wp-content\\\/uploads\\\/2023\\\/06\\\/WhatsApp-Image-2023-06-19-at-11.01.50-1.jpeg\",\"width\":354,\"height\":354,\"caption\":\"Lisbon Public Law\"},\"image\":{\"@id\":\"https:\\\/\\\/lisbonpubliclaw.pt\\\/#\\\/schema\\\/logo\\\/image\\\/\"}}]}<\/script>\n<!-- \/ Yoast SEO plugin. -->","yoast_head_json":{"title":"Recrutamento | Respons\u00e1vel Editorial - Lisbon Public Law","robots":{"index":"index","follow":"follow","max-snippet":"max-snippet:-1","max-image-preview":"max-image-preview:large","max-video-preview":"max-video-preview:-1"},"canonical":"https:\/\/lisbonpubliclaw.pt\/en\/open-calls\/recrutamento-responsavel-edital\/","og_locale":"en_US","og_type":"article","og_title":"Recrutamento | Respons\u00e1vel Editorial - Lisbon Public Law","og_description":"O Instituto de Ci\u00eancias Jur\u00eddico-Pol\u00edticas (ICJP) abre concurso para a contrata\u00e7\u00e3o de um T\u00e9cnico Superior para gest\u00e3o e coordena\u00e7\u00e3o editorial no Lisbon Public Law Research Centre (LPL), nomeadamente a coordena\u00e7\u00e3o editorial das LPL Editions, onde se inclui a revista eletr\u00f3nica de direito p\u00fablico \u2013 e-Publica. A posi\u00e7\u00e3o, a tempo inteiro e em regime de contrato [&hellip;]","og_url":"https:\/\/lisbonpubliclaw.pt\/en\/open-calls\/recrutamento-responsavel-edital\/","og_site_name":"Lisbon Public Law","article_modified_time":"2026-02-05T08:54:52+00:00","twitter_card":"summary_large_image","twitter_misc":{"Est. reading time":"1 minute"},"schema":{"@context":"https:\/\/schema.org","@graph":[{"@type":"WebPage","@id":"https:\/\/lisbonpubliclaw.pt\/open-calls\/recrutamento-responsavel-edital\/","url":"https:\/\/lisbonpubliclaw.pt\/open-calls\/recrutamento-responsavel-edital\/","name":"Recrutamento | Respons\u00e1vel Editorial - Lisbon Public Law","isPartOf":{"@id":"https:\/\/lisbonpubliclaw.pt\/#website"},"datePublished":"2025-08-13T16:38:27+00:00","dateModified":"2026-02-05T08:54:52+00:00","breadcrumb":{"@id":"https:\/\/lisbonpubliclaw.pt\/open-calls\/recrutamento-responsavel-edital\/#breadcrumb"},"inLanguage":"en-US","potentialAction":[{"@type":"ReadAction","target":["https:\/\/lisbonpubliclaw.pt\/open-calls\/recrutamento-responsavel-edital\/"]}]},{"@type":"BreadcrumbList","@id":"https:\/\/lisbonpubliclaw.pt\/open-calls\/recrutamento-responsavel-edital\/#breadcrumb","itemListElement":[{"@type":"ListItem","position":1,"name":"Home","item":"https:\/\/lisbonpubliclaw.pt\/"},{"@type":"ListItem","position":2,"name":"Open Calls","item":"https:\/\/lisbonpubliclaw.pt\/open-calls\/"},{"@type":"ListItem","position":3,"name":"Recrutamento | Respons\u00e1vel Editorial"}]},{"@type":"WebSite","@id":"https:\/\/lisbonpubliclaw.pt\/#website","url":"https:\/\/lisbonpubliclaw.pt\/","name":"Lisbon Public Law","description":"Public Law Research Centre in Lisbon","publisher":{"@id":"https:\/\/lisbonpubliclaw.pt\/#organization"},"potentialAction":[{"@type":"SearchAction","target":{"@type":"EntryPoint","urlTemplate":"https:\/\/lisbonpubliclaw.pt\/?s={search_term_string}"},"query-input":{"@type":"PropertyValueSpecification","valueRequired":true,"valueName":"search_term_string"}}],"inLanguage":"en-US"},{"@type":"Organization","@id":"https:\/\/lisbonpubliclaw.pt\/#organization","name":"Lisbon Public Law","url":"https:\/\/lisbonpubliclaw.pt\/","logo":{"@type":"ImageObject","inLanguage":"en-US","@id":"https:\/\/lisbonpubliclaw.pt\/#\/schema\/logo\/image\/","url":"https:\/\/lisbonpubliclaw.pt\/wp-content\/uploads\/2023\/06\/WhatsApp-Image-2023-06-19-at-11.01.50-1.jpeg","contentUrl":"https:\/\/lisbonpubliclaw.pt\/wp-content\/uploads\/2023\/06\/WhatsApp-Image-2023-06-19-at-11.01.50-1.jpeg","width":354,"height":354,"caption":"Lisbon Public Law"},"image":{"@id":"https:\/\/lisbonpubliclaw.pt\/#\/schema\/logo\/image\/"}}]}},"_links":{"self":[{"href":"https:\/\/lisbonpubliclaw.pt\/en\/wp-json\/wp\/v2\/open-calls\/10764","targetHints":{"allow":["GET"]}}],"collection":[{"href":"https:\/\/lisbonpubliclaw.pt\/en\/wp-json\/wp\/v2\/open-calls"}],"about":[{"href":"https:\/\/lisbonpubliclaw.pt\/en\/wp-json\/wp\/v2\/types\/open-calls"}],"wp:attachment":[{"href":"https:\/\/lisbonpubliclaw.pt\/en\/wp-json\/wp\/v2\/media?parent=10764"}],"wp:term":[{"taxonomy":"cluster","embeddable":true,"href":"https:\/\/lisbonpubliclaw.pt\/en\/wp-json\/wp\/v2\/cluster?post=10764"},{"taxonomy":"categoria-da-open-call","embeddable":true,"href":"https:\/\/lisbonpubliclaw.pt\/en\/wp-json\/wp\/v2\/categoria-da-open-call?post=10764"},{"taxonomy":"grupo-de-investigacao","embeddable":true,"href":"https:\/\/lisbonpubliclaw.pt\/en\/wp-json\/wp\/v2\/grupo-de-investigacao?post=10764"}],"curies":[{"name":"wp","href":"https:\/\/api.w.org\/{rel}","templated":true}]}}