{"id":1778,"date":"2023-06-16T16:21:28","date_gmt":"2023-06-16T16:21:28","guid":{"rendered":"https:\/\/lisbonpubliclaw.pt\/investigadores\/felipe-muller\/"},"modified":"2024-08-19T09:31:15","modified_gmt":"2024-08-19T09:31:15","slug":"felipe-muller","status":"publish","type":"investigadores","link":"https:\/\/lisbonpubliclaw.pt\/en\/investigadores\/felipe-muller\/","title":{"rendered":"Felipe M\u00fcller"},"content":{"rendered":"","protected":false},"template":"","meta":{"foto-do-investigador":"https:\/\/lisbonpubliclaw.pt\/wp-content\/uploads\/2023\/06\/felipe-Muller.png","nome-do-investigador":"Felipe M\u00fcller","cargo-do-investigador":"Investigador Colaborador","email-do-investigador":"mailto:mullerdornelas@gmail.com","cv-do-investigador":"https:\/\/lisbonpubliclaw.pt\/wp-content\/uploads\/2023\/06\/felipemullerCV.pdf","orcid":"0009-0006-7811-9556","ciencia-id":"D013-9241-A9BA","areas-de-investigacao":"Direito Constitucional; Direito Digital; Direito Administrativo","short-bio-investigadores":"Investigador Colaborador no Lisbon Public Law Research Centre (LPL); Ex-Investigador Integrado (bolseiro) no LPL no \u00e2mbito do projeto Lisbon Digital Rights and Freedoms; Mestrado  em Direito e Ci\u00eancia Jur\u00eddica (Direito Constitucional) na Faculdade de Direito da Universidade de Lisboa (FDUL) - aguardando para defesa da disserta\u00e7\u00e3o-; P\u00f3s-graduado lato sensu em Direito Processual (UFJF) e Direito M\u00e9dico e Sa\u00fade (CERS); MBA em Gest\u00e3o da Sa\u00fade pelo Centro Universit\u00e1rio S\u00e3o Camilo\/SP; Artigos publicados em Direito Constitucional, Direito Digital e Direito P\u00fablico; Advogado Brasil e Portugal.","link-pagina-pessoal":""},"efetivos-assistentes":[],"members-fellows":[],"cluster":[48],"categoria-do-investigador":[15],"grupo-de-investigacao":[],"class_list":["post-1778","investigadores","type-investigadores","status-publish","has-post-thumbnail","hentry","cluster-lisbon-digital-rights","categoria-do-investigador-colaborador"],"yoast_head":"<!-- This site is optimized with the Yoast SEO plugin v27.5 - https:\/\/yoast.com\/product\/yoast-seo-wordpress\/ -->\n<title>Felipe M\u00fcller<\/title>\n<meta name=\"description\" content=\"Investigador Colaborador no Lisbon Public Law Research Centre (LPL); Ex-Investigador Integrado (bolseiro) no LPL no \u00e2mbito do projeto Lisbon Digital Rights and Freedoms; Mestrado em Direito e Ci\u00eancia Jur\u00eddica (Direito Constitucional) na Faculdade de Direito da Universidade de Lisboa (FDUL) - aguardando para defesa da disserta\u00e7\u00e3o-; P\u00f3s-graduado lato sensu em Direito Processual (UFJF) e Direito M\u00e9dico e Sa\u00fade (CERS); MBA em Gest\u00e3o da Sa\u00fade pelo Centro Universit\u00e1rio S\u00e3o Camilo\/SP; Artigos publicados em Direito Constitucional, Direito Digital e Direito P\u00fablico; Advogado Brasil e Portugal.\" \/>\n<meta name=\"robots\" content=\"index, follow, max-snippet:-1, max-image-preview:large, max-video-preview:-1\" \/>\n<link rel=\"canonical\" href=\"https:\/\/lisbonpubliclaw.pt\/en\/investigadores\/felipe-muller\/\" \/>\n<meta property=\"og:locale\" content=\"en_US\" \/>\n<meta property=\"og:type\" content=\"article\" \/>\n<meta property=\"og:title\" content=\"Felipe M\u00fcller\" \/>\n<meta property=\"og:description\" content=\"Investigador Integrado Assistente\" \/>\n<meta property=\"og:url\" content=\"https:\/\/lisbonpubliclaw.pt\/en\/investigadores\/felipe-muller\/\" \/>\n<meta property=\"og:site_name\" content=\"Lisbon Public Law\" \/>\n<meta property=\"article:modified_time\" content=\"2024-08-19T09:31:15+00:00\" \/>\n<meta property=\"og:image\" content=\"https:\/\/lisbonpubliclaw.pt\/wp-content\/uploads\/2023\/05\/imagemnoticia.jpg\" \/>\n\t<meta property=\"og:image:width\" content=\"476\" \/>\n\t<meta property=\"og:image:height\" content=\"476\" \/>\n\t<meta property=\"og:image:type\" content=\"image\/jpeg\" \/>\n<meta name=\"twitter:card\" content=\"summary_large_image\" \/>\n<script type=\"application\/ld+json\" class=\"yoast-schema-graph\">{\"@context\":\"https:\\\/\\\/schema.org\",\"@graph\":[{\"@type\":[\"WebPage\",\"ProfilePage\"],\"@id\":\"https:\\\/\\\/lisbonpubliclaw.pt\\\/investigadores\\\/felipe-muller\\\/\",\"url\":\"https:\\\/\\\/lisbonpubliclaw.pt\\\/investigadores\\\/felipe-muller\\\/\",\"name\":\"Felipe M\u00fcller\",\"isPartOf\":{\"@id\":\"https:\\\/\\\/lisbonpubliclaw.pt\\\/#website\"},\"primaryImageOfPage\":{\"@id\":\"https:\\\/\\\/lisbonpubliclaw.pt\\\/investigadores\\\/felipe-muller\\\/#primaryimage\"},\"image\":{\"@id\":\"https:\\\/\\\/lisbonpubliclaw.pt\\\/investigadores\\\/felipe-muller\\\/#primaryimage\"},\"thumbnailUrl\":\"https:\\\/\\\/lisbonpubliclaw.pt\\\/wp-content\\\/uploads\\\/2023\\\/05\\\/imagemnoticia.jpg\",\"datePublished\":\"2023-06-16T16:21:28+00:00\",\"dateModified\":\"2024-08-19T09:31:15+00:00\",\"description\":\"Investigador Colaborador no Lisbon Public Law Research Centre (LPL); Ex-Investigador Integrado (bolseiro) no LPL no \u00e2mbito do projeto Lisbon Digital Rights and Freedoms; Mestrado em Direito e Ci\u00eancia Jur\u00eddica (Direito Constitucional) na Faculdade de Direito da Universidade de Lisboa (FDUL) - aguardando para defesa da disserta\u00e7\u00e3o-; P\u00f3s-graduado lato sensu em Direito Processual (UFJF) e Direito M\u00e9dico e Sa\u00fade (CERS); MBA em Gest\u00e3o da Sa\u00fade pelo Centro Universit\u00e1rio S\u00e3o Camilo\\\/SP; Artigos publicados em Direito Constitucional, Direito Digital e Direito P\u00fablico; Advogado Brasil e Portugal.\",\"breadcrumb\":{\"@id\":\"https:\\\/\\\/lisbonpubliclaw.pt\\\/investigadores\\\/felipe-muller\\\/#breadcrumb\"},\"inLanguage\":\"en-US\",\"potentialAction\":[{\"@type\":\"ReadAction\",\"target\":[\"https:\\\/\\\/lisbonpubliclaw.pt\\\/investigadores\\\/felipe-muller\\\/\"]}]},{\"@type\":\"ImageObject\",\"inLanguage\":\"en-US\",\"@id\":\"https:\\\/\\\/lisbonpubliclaw.pt\\\/investigadores\\\/felipe-muller\\\/#primaryimage\",\"url\":\"https:\\\/\\\/lisbonpubliclaw.pt\\\/wp-content\\\/uploads\\\/2023\\\/05\\\/imagemnoticia.jpg\",\"contentUrl\":\"https:\\\/\\\/lisbonpubliclaw.pt\\\/wp-content\\\/uploads\\\/2023\\\/05\\\/imagemnoticia.jpg\",\"width\":476,\"height\":476},{\"@type\":\"BreadcrumbList\",\"@id\":\"https:\\\/\\\/lisbonpubliclaw.pt\\\/investigadores\\\/felipe-muller\\\/#breadcrumb\",\"itemListElement\":[{\"@type\":\"ListItem\",\"position\":1,\"name\":\"Home\",\"item\":\"https:\\\/\\\/lisbonpubliclaw.pt\\\/\"},{\"@type\":\"ListItem\",\"position\":2,\"name\":\"Investigadores\",\"item\":\"https:\\\/\\\/lisbonpubliclaw.pt\\\/investigadores\\\/\"},{\"@type\":\"ListItem\",\"position\":3,\"name\":\"Felipe M\u00fcller\"}]},{\"@type\":\"WebSite\",\"@id\":\"https:\\\/\\\/lisbonpubliclaw.pt\\\/#website\",\"url\":\"https:\\\/\\\/lisbonpubliclaw.pt\\\/\",\"name\":\"Lisbon Public Law\",\"description\":\"Public Law Research Centre in Lisbon\",\"publisher\":{\"@id\":\"https:\\\/\\\/lisbonpubliclaw.pt\\\/#organization\"},\"potentialAction\":[{\"@type\":\"SearchAction\",\"target\":{\"@type\":\"EntryPoint\",\"urlTemplate\":\"https:\\\/\\\/lisbonpubliclaw.pt\\\/?s={search_term_string}\"},\"query-input\":{\"@type\":\"PropertyValueSpecification\",\"valueRequired\":true,\"valueName\":\"search_term_string\"}}],\"inLanguage\":\"en-US\"},{\"@type\":\"Organization\",\"@id\":\"https:\\\/\\\/lisbonpubliclaw.pt\\\/#organization\",\"name\":\"Lisbon Public Law\",\"url\":\"https:\\\/\\\/lisbonpubliclaw.pt\\\/\",\"logo\":{\"@type\":\"ImageObject\",\"inLanguage\":\"en-US\",\"@id\":\"https:\\\/\\\/lisbonpubliclaw.pt\\\/#\\\/schema\\\/logo\\\/image\\\/\",\"url\":\"https:\\\/\\\/lisbonpubliclaw.pt\\\/wp-content\\\/uploads\\\/2023\\\/06\\\/WhatsApp-Image-2023-06-19-at-11.01.50-1.jpeg\",\"contentUrl\":\"https:\\\/\\\/lisbonpubliclaw.pt\\\/wp-content\\\/uploads\\\/2023\\\/06\\\/WhatsApp-Image-2023-06-19-at-11.01.50-1.jpeg\",\"width\":354,\"height\":354,\"caption\":\"Lisbon Public Law\"},\"image\":{\"@id\":\"https:\\\/\\\/lisbonpubliclaw.pt\\\/#\\\/schema\\\/logo\\\/image\\\/\"},\"mainEntityOfPage\":{\"@id\":\"https:\\\/\\\/lisbonpubliclaw.pt\\\/investigadores\\\/felipe-muller\\\/\"}}]}<\/script>\n<!-- \/ Yoast SEO plugin. -->","yoast_head_json":{"title":"Felipe M\u00fcller","description":"Investigador Colaborador no Lisbon Public Law Research Centre (LPL); Ex-Investigador Integrado (bolseiro) no LPL no \u00e2mbito do projeto Lisbon Digital Rights and Freedoms; Mestrado em Direito e Ci\u00eancia Jur\u00eddica (Direito Constitucional) na Faculdade de Direito da Universidade de Lisboa (FDUL) - aguardando para defesa da disserta\u00e7\u00e3o-; P\u00f3s-graduado lato sensu em Direito Processual (UFJF) e Direito M\u00e9dico e Sa\u00fade (CERS); MBA em Gest\u00e3o da Sa\u00fade pelo Centro Universit\u00e1rio S\u00e3o Camilo\/SP; Artigos publicados em Direito Constitucional, Direito Digital e Direito P\u00fablico; Advogado Brasil e Portugal.","robots":{"index":"index","follow":"follow","max-snippet":"max-snippet:-1","max-image-preview":"max-image-preview:large","max-video-preview":"max-video-preview:-1"},"canonical":"https:\/\/lisbonpubliclaw.pt\/en\/investigadores\/felipe-muller\/","og_locale":"en_US","og_type":"article","og_title":"Felipe M\u00fcller","og_description":"Investigador Integrado Assistente","og_url":"https:\/\/lisbonpubliclaw.pt\/en\/investigadores\/felipe-muller\/","og_site_name":"Lisbon Public Law","article_modified_time":"2024-08-19T09:31:15+00:00","og_image":[{"width":476,"height":476,"url":"https:\/\/lisbonpubliclaw.pt\/wp-content\/uploads\/2023\/05\/imagemnoticia.jpg","type":"image\/jpeg"}],"twitter_card":"summary_large_image","schema":{"@context":"https:\/\/schema.org","@graph":[{"@type":["WebPage","ProfilePage"],"@id":"https:\/\/lisbonpubliclaw.pt\/investigadores\/felipe-muller\/","url":"https:\/\/lisbonpubliclaw.pt\/investigadores\/felipe-muller\/","name":"Felipe M\u00fcller","isPartOf":{"@id":"https:\/\/lisbonpubliclaw.pt\/#website"},"primaryImageOfPage":{"@id":"https:\/\/lisbonpubliclaw.pt\/investigadores\/felipe-muller\/#primaryimage"},"image":{"@id":"https:\/\/lisbonpubliclaw.pt\/investigadores\/felipe-muller\/#primaryimage"},"thumbnailUrl":"https:\/\/lisbonpubliclaw.pt\/wp-content\/uploads\/2023\/05\/imagemnoticia.jpg","datePublished":"2023-06-16T16:21:28+00:00","dateModified":"2024-08-19T09:31:15+00:00","description":"Investigador Colaborador no Lisbon Public Law Research Centre (LPL); Ex-Investigador Integrado (bolseiro) no LPL no \u00e2mbito do projeto Lisbon Digital Rights and Freedoms; Mestrado em Direito e Ci\u00eancia Jur\u00eddica (Direito Constitucional) na Faculdade de Direito da Universidade de Lisboa (FDUL) - aguardando para defesa da disserta\u00e7\u00e3o-; P\u00f3s-graduado lato sensu em Direito Processual (UFJF) e Direito M\u00e9dico e Sa\u00fade (CERS); MBA em Gest\u00e3o da Sa\u00fade pelo Centro Universit\u00e1rio S\u00e3o Camilo\/SP; Artigos publicados em Direito Constitucional, Direito Digital e Direito P\u00fablico; Advogado Brasil e Portugal.","breadcrumb":{"@id":"https:\/\/lisbonpubliclaw.pt\/investigadores\/felipe-muller\/#breadcrumb"},"inLanguage":"en-US","potentialAction":[{"@type":"ReadAction","target":["https:\/\/lisbonpubliclaw.pt\/investigadores\/felipe-muller\/"]}]},{"@type":"ImageObject","inLanguage":"en-US","@id":"https:\/\/lisbonpubliclaw.pt\/investigadores\/felipe-muller\/#primaryimage","url":"https:\/\/lisbonpubliclaw.pt\/wp-content\/uploads\/2023\/05\/imagemnoticia.jpg","contentUrl":"https:\/\/lisbonpubliclaw.pt\/wp-content\/uploads\/2023\/05\/imagemnoticia.jpg","width":476,"height":476},{"@type":"BreadcrumbList","@id":"https:\/\/lisbonpubliclaw.pt\/investigadores\/felipe-muller\/#breadcrumb","itemListElement":[{"@type":"ListItem","position":1,"name":"Home","item":"https:\/\/lisbonpubliclaw.pt\/"},{"@type":"ListItem","position":2,"name":"Investigadores","item":"https:\/\/lisbonpubliclaw.pt\/investigadores\/"},{"@type":"ListItem","position":3,"name":"Felipe M\u00fcller"}]},{"@type":"WebSite","@id":"https:\/\/lisbonpubliclaw.pt\/#website","url":"https:\/\/lisbonpubliclaw.pt\/","name":"Lisbon Public Law","description":"Public Law Research Centre in Lisbon","publisher":{"@id":"https:\/\/lisbonpubliclaw.pt\/#organization"},"potentialAction":[{"@type":"SearchAction","target":{"@type":"EntryPoint","urlTemplate":"https:\/\/lisbonpubliclaw.pt\/?s={search_term_string}"},"query-input":{"@type":"PropertyValueSpecification","valueRequired":true,"valueName":"search_term_string"}}],"inLanguage":"en-US"},{"@type":"Organization","@id":"https:\/\/lisbonpubliclaw.pt\/#organization","name":"Lisbon Public Law","url":"https:\/\/lisbonpubliclaw.pt\/","logo":{"@type":"ImageObject","inLanguage":"en-US","@id":"https:\/\/lisbonpubliclaw.pt\/#\/schema\/logo\/image\/","url":"https:\/\/lisbonpubliclaw.pt\/wp-content\/uploads\/2023\/06\/WhatsApp-Image-2023-06-19-at-11.01.50-1.jpeg","contentUrl":"https:\/\/lisbonpubliclaw.pt\/wp-content\/uploads\/2023\/06\/WhatsApp-Image-2023-06-19-at-11.01.50-1.jpeg","width":354,"height":354,"caption":"Lisbon Public Law"},"image":{"@id":"https:\/\/lisbonpubliclaw.pt\/#\/schema\/logo\/image\/"},"mainEntityOfPage":{"@id":"https:\/\/lisbonpubliclaw.pt\/investigadores\/felipe-muller\/"}}]}},"_links":{"self":[{"href":"https:\/\/lisbonpubliclaw.pt\/en\/wp-json\/wp\/v2\/investigadores\/1778","targetHints":{"allow":["GET"]}}],"collection":[{"href":"https:\/\/lisbonpubliclaw.pt\/en\/wp-json\/wp\/v2\/investigadores"}],"about":[{"href":"https:\/\/lisbonpubliclaw.pt\/en\/wp-json\/wp\/v2\/types\/investigadores"}],"wp:featuredmedia":[{"embeddable":true,"href":"https:\/\/lisbonpubliclaw.pt\/en\/wp-json\/wp\/v2\/media\/766"}],"wp:attachment":[{"href":"https:\/\/lisbonpubliclaw.pt\/en\/wp-json\/wp\/v2\/media?parent=1778"}],"wp:term":[{"taxonomy":"efetivos-assistentes","embeddable":true,"href":"https:\/\/lisbonpubliclaw.pt\/en\/wp-json\/wp\/v2\/efetivos-assistentes?post=1778"},{"taxonomy":"members-fellows","embeddable":true,"href":"https:\/\/lisbonpubliclaw.pt\/en\/wp-json\/wp\/v2\/members-fellows?post=1778"},{"taxonomy":"cluster","embeddable":true,"href":"https:\/\/lisbonpubliclaw.pt\/en\/wp-json\/wp\/v2\/cluster?post=1778"},{"taxonomy":"categoria-do-investigador","embeddable":true,"href":"https:\/\/lisbonpubliclaw.pt\/en\/wp-json\/wp\/v2\/categoria-do-investigador?post=1778"},{"taxonomy":"grupo-de-investigacao","embeddable":true,"href":"https:\/\/lisbonpubliclaw.pt\/en\/wp-json\/wp\/v2\/grupo-de-investigacao?post=1778"}],"curies":[{"name":"wp","href":"https:\/\/api.w.org\/{rel}","templated":true}]}}