{"id":1766,"date":"2023-06-16T16:21:26","date_gmt":"2023-06-16T16:21:26","guid":{"rendered":"https:\/\/lisbonpubliclaw.pt\/investigadores\/vitalino-canas\/"},"modified":"2023-07-21T11:03:25","modified_gmt":"2023-07-21T11:03:25","slug":"vitalino-canas","status":"publish","type":"investigadores","link":"https:\/\/lisbonpubliclaw.pt\/en\/investigadores\/vitalino-canas\/","title":{"rendered":"Vitalino Canas"},"content":{"rendered":"","protected":false},"template":"","meta":{"foto-do-investigador":"https:\/\/lisbonpubliclaw.pt\/wp-content\/uploads\/2023\/07\/Vitalino-canas.png","nome-do-investigador":"Vitalino Canas","cargo-do-investigador":"Investigador Integrado Efetivo","email-do-investigador":"mailto:vitalinocanas@fd.ulisboa.pt","cv-do-investigador":"","orcid":"0000-0003-0349-5793","ciencia-id":"3714-B162-1F4A","areas-de-investigacao":"Direito Constitucional, Direito Administrativo, Filosofia do Direito, Ci\u00eancia Pol\u00edtica, Direitos Fundamentais, Rela\u00e7\u00f5es Internacionais","short-bio-investigadores":"Licenciado, Mestre e Doutorado pela Faculdade de Direito da Universidade de Lisboa, Leciona\u00a0ou lecionou na Faculdade de Direito da Universidade de Lisboa, na Faculdade de Direito da Universidade de Macau (onde foi coordenador do Curso), na Faculdade de Direito da Universidade Eduardo Mondlane, em Mo\u00e7ambique e na Universidade Lus\u00f3fona. Desempenhou as fun\u00e7\u00f5es de Chefe do Gabinete do Governador de Macau (1989-1991), de Secret\u00e1rio de Estado da Presid\u00eancia do Conselho de Ministros (1995-2002), de Deputado \u00e0 Assembleia da Rep\u00fablica (1999-2019), de Vice-Presidente da Assembleia Parlamentar da NATO (2017-2019). \u00c9 C\u00f4nsul\u00a0Honor\u00e1rio da Rep\u00fablica da Coreia (2020-...). \u00c9 Presidente do F\u00f3rum de Integra\u00e7\u00e3o Brasil Europa (2021-.....). \u00c9 membro da Dire\u00e7\u00e3o da Comiss\u00e3o Portuguesa para o Atl\u00e2ntico. Exerce a profiss\u00e3o de advogado, sendo s\u00f3cio da Vitalino Canas e Associados, RL, Sociedade de Advogados.","link-pagina-pessoal":""},"efetivos-assistentes":[32],"members-fellows":[],"cluster":[],"categoria-do-investigador":[14],"grupo-de-investigacao":[10],"class_list":["post-1766","investigadores","type-investigadores","status-publish","hentry","efetivos-assistentes-efetivo","categoria-do-investigador-integrado","grupo-de-investigacao-direito-constitucional-e-ciencia-politica"],"yoast_head":"<!-- This site is optimized with the Yoast SEO plugin v27.5 - https:\/\/yoast.com\/product\/yoast-seo-wordpress\/ -->\n<title>Vitalino Canas<\/title>\n<meta name=\"description\" content=\"Licenciado, Mestre e Doutorado pela Faculdade de Direito da Universidade de Lisboa, Leciona\u00a0ou lecionou na Faculdade de Direito da Universidade de Lisboa, na Faculdade de Direito da Universidade de Macau (onde foi coordenador do Curso), na Faculdade de Direito da Universidade Eduardo Mondlane, em Mo\u00e7ambique e na Universidade Lus\u00f3fona. Desempenhou as fun\u00e7\u00f5es de Chefe do Gabinete do Governador de Macau (1989-1991), de Secret\u00e1rio de Estado da Presid\u00eancia do Conselho de Ministros (1995-2002), de Deputado \u00e0 Assembleia da Rep\u00fablica (1999-2019), de Vice-Presidente da Assembleia Parlamentar da NATO (2017-2019). \u00c9 C\u00f4nsul\u00a0Honor\u00e1rio da Rep\u00fablica da Coreia (2020-...). \u00c9 Presidente do F\u00f3rum de Integra\u00e7\u00e3o Brasil Europa (2021-.....). \u00c9 membro da Dire\u00e7\u00e3o da Comiss\u00e3o Portuguesa para o Atl\u00e2ntico. Exerce a profiss\u00e3o de advogado, sendo s\u00f3cio da Vitalino Canas e Associados, RL, Sociedade de Advogados.\" \/>\n<meta name=\"robots\" content=\"index, follow, max-snippet:-1, max-image-preview:large, max-video-preview:-1\" \/>\n<link rel=\"canonical\" href=\"https:\/\/lisbonpubliclaw.pt\/en\/investigadores\/vitalino-canas\/\" \/>\n<meta property=\"og:locale\" content=\"en_US\" \/>\n<meta property=\"og:type\" content=\"article\" \/>\n<meta property=\"og:title\" content=\"Vitalino Canas\" \/>\n<meta property=\"og:description\" content=\"Investigador Integrado Efetivo\" \/>\n<meta property=\"og:url\" content=\"https:\/\/lisbonpubliclaw.pt\/en\/investigadores\/vitalino-canas\/\" \/>\n<meta property=\"og:site_name\" content=\"Lisbon Public Law\" \/>\n<meta property=\"article:modified_time\" content=\"2023-07-21T11:03:25+00:00\" \/>\n<meta property=\"og:image\" content=\"https:\/\/lisbonpubliclaw.pt\/wp-content\/uploads\/2023\/06\/vitalinocanas.jpg\" \/>\n\t<meta property=\"og:image:width\" content=\"800\" \/>\n\t<meta property=\"og:image:height\" content=\"800\" \/>\n\t<meta property=\"og:image:type\" content=\"image\/jpeg\" \/>\n<meta name=\"twitter:card\" content=\"summary_large_image\" \/>\n<script type=\"application\/ld+json\" class=\"yoast-schema-graph\">{\"@context\":\"https:\\\/\\\/schema.org\",\"@graph\":[{\"@type\":[\"WebPage\",\"ProfilePage\"],\"@id\":\"https:\\\/\\\/lisbonpubliclaw.pt\\\/investigadores\\\/vitalino-canas\\\/\",\"url\":\"https:\\\/\\\/lisbonpubliclaw.pt\\\/investigadores\\\/vitalino-canas\\\/\",\"name\":\"Vitalino Canas\",\"isPartOf\":{\"@id\":\"https:\\\/\\\/lisbonpubliclaw.pt\\\/#website\"},\"datePublished\":\"2023-06-16T16:21:26+00:00\",\"dateModified\":\"2023-07-21T11:03:25+00:00\",\"description\":\"Licenciado, Mestre e Doutorado pela Faculdade de Direito da Universidade de Lisboa, Leciona\u00a0ou lecionou na Faculdade de Direito da Universidade de Lisboa, na Faculdade de Direito da Universidade de Macau (onde foi coordenador do Curso), na Faculdade de Direito da Universidade Eduardo Mondlane, em Mo\u00e7ambique e na Universidade Lus\u00f3fona. Desempenhou as fun\u00e7\u00f5es de Chefe do Gabinete do Governador de Macau (1989-1991), de Secret\u00e1rio de Estado da Presid\u00eancia do Conselho de Ministros (1995-2002), de Deputado \u00e0 Assembleia da Rep\u00fablica (1999-2019), de Vice-Presidente da Assembleia Parlamentar da NATO (2017-2019). \u00c9 C\u00f4nsul\u00a0Honor\u00e1rio da Rep\u00fablica da Coreia (2020-...). \u00c9 Presidente do F\u00f3rum de Integra\u00e7\u00e3o Brasil Europa (2021-.....). \u00c9 membro da Dire\u00e7\u00e3o da Comiss\u00e3o Portuguesa para o Atl\u00e2ntico. Exerce a profiss\u00e3o de advogado, sendo s\u00f3cio da Vitalino Canas e Associados, RL, Sociedade de Advogados.\",\"breadcrumb\":{\"@id\":\"https:\\\/\\\/lisbonpubliclaw.pt\\\/investigadores\\\/vitalino-canas\\\/#breadcrumb\"},\"inLanguage\":\"en-US\",\"potentialAction\":[{\"@type\":\"ReadAction\",\"target\":[\"https:\\\/\\\/lisbonpubliclaw.pt\\\/investigadores\\\/vitalino-canas\\\/\"]}]},{\"@type\":\"BreadcrumbList\",\"@id\":\"https:\\\/\\\/lisbonpubliclaw.pt\\\/investigadores\\\/vitalino-canas\\\/#breadcrumb\",\"itemListElement\":[{\"@type\":\"ListItem\",\"position\":1,\"name\":\"Home\",\"item\":\"https:\\\/\\\/lisbonpubliclaw.pt\\\/\"},{\"@type\":\"ListItem\",\"position\":2,\"name\":\"Investigadores\",\"item\":\"https:\\\/\\\/lisbonpubliclaw.pt\\\/investigadores\\\/\"},{\"@type\":\"ListItem\",\"position\":3,\"name\":\"Vitalino Canas\"}]},{\"@type\":\"WebSite\",\"@id\":\"https:\\\/\\\/lisbonpubliclaw.pt\\\/#website\",\"url\":\"https:\\\/\\\/lisbonpubliclaw.pt\\\/\",\"name\":\"Lisbon Public Law\",\"description\":\"Public Law Research Centre in Lisbon\",\"publisher\":{\"@id\":\"https:\\\/\\\/lisbonpubliclaw.pt\\\/#organization\"},\"potentialAction\":[{\"@type\":\"SearchAction\",\"target\":{\"@type\":\"EntryPoint\",\"urlTemplate\":\"https:\\\/\\\/lisbonpubliclaw.pt\\\/?s={search_term_string}\"},\"query-input\":{\"@type\":\"PropertyValueSpecification\",\"valueRequired\":true,\"valueName\":\"search_term_string\"}}],\"inLanguage\":\"en-US\"},{\"@type\":\"Organization\",\"@id\":\"https:\\\/\\\/lisbonpubliclaw.pt\\\/#organization\",\"name\":\"Lisbon Public Law\",\"url\":\"https:\\\/\\\/lisbonpubliclaw.pt\\\/\",\"logo\":{\"@type\":\"ImageObject\",\"inLanguage\":\"en-US\",\"@id\":\"https:\\\/\\\/lisbonpubliclaw.pt\\\/#\\\/schema\\\/logo\\\/image\\\/\",\"url\":\"https:\\\/\\\/lisbonpubliclaw.pt\\\/wp-content\\\/uploads\\\/2023\\\/06\\\/WhatsApp-Image-2023-06-19-at-11.01.50-1.jpeg\",\"contentUrl\":\"https:\\\/\\\/lisbonpubliclaw.pt\\\/wp-content\\\/uploads\\\/2023\\\/06\\\/WhatsApp-Image-2023-06-19-at-11.01.50-1.jpeg\",\"width\":354,\"height\":354,\"caption\":\"Lisbon Public Law\"},\"image\":{\"@id\":\"https:\\\/\\\/lisbonpubliclaw.pt\\\/#\\\/schema\\\/logo\\\/image\\\/\"},\"mainEntityOfPage\":{\"@id\":\"https:\\\/\\\/lisbonpubliclaw.pt\\\/investigadores\\\/vitalino-canas\\\/\"}}]}<\/script>\n<!-- \/ Yoast SEO plugin. -->","yoast_head_json":{"title":"Vitalino Canas","description":"Licenciado, Mestre e Doutorado pela Faculdade de Direito da Universidade de Lisboa, Leciona\u00a0ou lecionou na Faculdade de Direito da Universidade de Lisboa, na Faculdade de Direito da Universidade de Macau (onde foi coordenador do Curso), na Faculdade de Direito da Universidade Eduardo Mondlane, em Mo\u00e7ambique e na Universidade Lus\u00f3fona. Desempenhou as fun\u00e7\u00f5es de Chefe do Gabinete do Governador de Macau (1989-1991), de Secret\u00e1rio de Estado da Presid\u00eancia do Conselho de Ministros (1995-2002), de Deputado \u00e0 Assembleia da Rep\u00fablica (1999-2019), de Vice-Presidente da Assembleia Parlamentar da NATO (2017-2019). \u00c9 C\u00f4nsul\u00a0Honor\u00e1rio da Rep\u00fablica da Coreia (2020-...). \u00c9 Presidente do F\u00f3rum de Integra\u00e7\u00e3o Brasil Europa (2021-.....). \u00c9 membro da Dire\u00e7\u00e3o da Comiss\u00e3o Portuguesa para o Atl\u00e2ntico. Exerce a profiss\u00e3o de advogado, sendo s\u00f3cio da Vitalino Canas e Associados, RL, Sociedade de Advogados.","robots":{"index":"index","follow":"follow","max-snippet":"max-snippet:-1","max-image-preview":"max-image-preview:large","max-video-preview":"max-video-preview:-1"},"canonical":"https:\/\/lisbonpubliclaw.pt\/en\/investigadores\/vitalino-canas\/","og_locale":"en_US","og_type":"article","og_title":"Vitalino Canas","og_description":"Investigador Integrado Efetivo","og_url":"https:\/\/lisbonpubliclaw.pt\/en\/investigadores\/vitalino-canas\/","og_site_name":"Lisbon Public Law","article_modified_time":"2023-07-21T11:03:25+00:00","og_image":[{"width":800,"height":800,"url":"https:\/\/lisbonpubliclaw.pt\/wp-content\/uploads\/2023\/06\/vitalinocanas.jpg","type":"image\/jpeg"}],"twitter_card":"summary_large_image","schema":{"@context":"https:\/\/schema.org","@graph":[{"@type":["WebPage","ProfilePage"],"@id":"https:\/\/lisbonpubliclaw.pt\/investigadores\/vitalino-canas\/","url":"https:\/\/lisbonpubliclaw.pt\/investigadores\/vitalino-canas\/","name":"Vitalino Canas","isPartOf":{"@id":"https:\/\/lisbonpubliclaw.pt\/#website"},"datePublished":"2023-06-16T16:21:26+00:00","dateModified":"2023-07-21T11:03:25+00:00","description":"Licenciado, Mestre e Doutorado pela Faculdade de Direito da Universidade de Lisboa, Leciona\u00a0ou lecionou na Faculdade de Direito da Universidade de Lisboa, na Faculdade de Direito da Universidade de Macau (onde foi coordenador do Curso), na Faculdade de Direito da Universidade Eduardo Mondlane, em Mo\u00e7ambique e na Universidade Lus\u00f3fona. Desempenhou as fun\u00e7\u00f5es de Chefe do Gabinete do Governador de Macau (1989-1991), de Secret\u00e1rio de Estado da Presid\u00eancia do Conselho de Ministros (1995-2002), de Deputado \u00e0 Assembleia da Rep\u00fablica (1999-2019), de Vice-Presidente da Assembleia Parlamentar da NATO (2017-2019). \u00c9 C\u00f4nsul\u00a0Honor\u00e1rio da Rep\u00fablica da Coreia (2020-...). \u00c9 Presidente do F\u00f3rum de Integra\u00e7\u00e3o Brasil Europa (2021-.....). \u00c9 membro da Dire\u00e7\u00e3o da Comiss\u00e3o Portuguesa para o Atl\u00e2ntico. Exerce a profiss\u00e3o de advogado, sendo s\u00f3cio da Vitalino Canas e Associados, RL, Sociedade de Advogados.","breadcrumb":{"@id":"https:\/\/lisbonpubliclaw.pt\/investigadores\/vitalino-canas\/#breadcrumb"},"inLanguage":"en-US","potentialAction":[{"@type":"ReadAction","target":["https:\/\/lisbonpubliclaw.pt\/investigadores\/vitalino-canas\/"]}]},{"@type":"BreadcrumbList","@id":"https:\/\/lisbonpubliclaw.pt\/investigadores\/vitalino-canas\/#breadcrumb","itemListElement":[{"@type":"ListItem","position":1,"name":"Home","item":"https:\/\/lisbonpubliclaw.pt\/"},{"@type":"ListItem","position":2,"name":"Investigadores","item":"https:\/\/lisbonpubliclaw.pt\/investigadores\/"},{"@type":"ListItem","position":3,"name":"Vitalino Canas"}]},{"@type":"WebSite","@id":"https:\/\/lisbonpubliclaw.pt\/#website","url":"https:\/\/lisbonpubliclaw.pt\/","name":"Lisbon Public Law","description":"Public Law Research Centre in Lisbon","publisher":{"@id":"https:\/\/lisbonpubliclaw.pt\/#organization"},"potentialAction":[{"@type":"SearchAction","target":{"@type":"EntryPoint","urlTemplate":"https:\/\/lisbonpubliclaw.pt\/?s={search_term_string}"},"query-input":{"@type":"PropertyValueSpecification","valueRequired":true,"valueName":"search_term_string"}}],"inLanguage":"en-US"},{"@type":"Organization","@id":"https:\/\/lisbonpubliclaw.pt\/#organization","name":"Lisbon Public Law","url":"https:\/\/lisbonpubliclaw.pt\/","logo":{"@type":"ImageObject","inLanguage":"en-US","@id":"https:\/\/lisbonpubliclaw.pt\/#\/schema\/logo\/image\/","url":"https:\/\/lisbonpubliclaw.pt\/wp-content\/uploads\/2023\/06\/WhatsApp-Image-2023-06-19-at-11.01.50-1.jpeg","contentUrl":"https:\/\/lisbonpubliclaw.pt\/wp-content\/uploads\/2023\/06\/WhatsApp-Image-2023-06-19-at-11.01.50-1.jpeg","width":354,"height":354,"caption":"Lisbon Public Law"},"image":{"@id":"https:\/\/lisbonpubliclaw.pt\/#\/schema\/logo\/image\/"},"mainEntityOfPage":{"@id":"https:\/\/lisbonpubliclaw.pt\/investigadores\/vitalino-canas\/"}}]}},"_links":{"self":[{"href":"https:\/\/lisbonpubliclaw.pt\/en\/wp-json\/wp\/v2\/investigadores\/1766","targetHints":{"allow":["GET"]}}],"collection":[{"href":"https:\/\/lisbonpubliclaw.pt\/en\/wp-json\/wp\/v2\/investigadores"}],"about":[{"href":"https:\/\/lisbonpubliclaw.pt\/en\/wp-json\/wp\/v2\/types\/investigadores"}],"wp:attachment":[{"href":"https:\/\/lisbonpubliclaw.pt\/en\/wp-json\/wp\/v2\/media?parent=1766"}],"wp:term":[{"taxonomy":"efetivos-assistentes","embeddable":true,"href":"https:\/\/lisbonpubliclaw.pt\/en\/wp-json\/wp\/v2\/efetivos-assistentes?post=1766"},{"taxonomy":"members-fellows","embeddable":true,"href":"https:\/\/lisbonpubliclaw.pt\/en\/wp-json\/wp\/v2\/members-fellows?post=1766"},{"taxonomy":"cluster","embeddable":true,"href":"https:\/\/lisbonpubliclaw.pt\/en\/wp-json\/wp\/v2\/cluster?post=1766"},{"taxonomy":"categoria-do-investigador","embeddable":true,"href":"https:\/\/lisbonpubliclaw.pt\/en\/wp-json\/wp\/v2\/categoria-do-investigador?post=1766"},{"taxonomy":"grupo-de-investigacao","embeddable":true,"href":"https:\/\/lisbonpubliclaw.pt\/en\/wp-json\/wp\/v2\/grupo-de-investigacao?post=1766"}],"curies":[{"name":"wp","href":"https:\/\/api.w.org\/{rel}","templated":true}]}}