{"id":1760,"date":"2023-06-16T16:21:24","date_gmt":"2023-06-16T16:21:24","guid":{"rendered":"https:\/\/lisbonpubliclaw.pt\/investigadores\/raquel-brizida-castro\/"},"modified":"2023-07-21T10:57:35","modified_gmt":"2023-07-21T10:57:35","slug":"raquel-brizida-castro","status":"publish","type":"investigadores","link":"https:\/\/lisbonpubliclaw.pt\/en\/investigadores\/raquel-brizida-castro\/","title":{"rendered":"Raquel Br\u00edzida Castro"},"content":{"rendered":"","protected":false},"template":"","meta":{"foto-do-investigador":"https:\/\/lisbonpubliclaw.pt\/wp-content\/uploads\/2023\/07\/Raquel-Brizida-de-Castro.png","nome-do-investigador":"Raquel Br\u00edzida Castro","cargo-do-investigador":"Investigadora Integrada Efetiva","email-do-investigador":"mailto:raquelcastro@fd.ulisboa.pt","cv-do-investigador":"https:\/\/lisbonpubliclaw.pt\/wp-content\/uploads\/2023\/06\/raquelbrizidacastroCV.pdf","orcid":"0000-0001-8048-4057","ciencia-id":"D618-85ED-4DD9","areas-de-investigacao":"Direito Constitucional, Justi\u00e7a Constitucional, Direito Constitucional do Ciberespa\u00e7o, Direito Constitucional dos Media","short-bio-investigadores":"Nota biogr\u00e1fica\r\nRaquel Br\u00edzida Castro \u00e9 Doutora em Direito pela Faculdade de Direito da Universidade de Lisboa, Professora da mesma Faculdade e Advogada.\r\n\u00c9 Constitucionalista, Especialista em Direito P\u00fablico, Direito da Contrata\u00e7\u00e3o P\u00fablica e em Direito das Novas Tecnologias. \u00c9 investigadora Principal do Centro de Investiga\u00e7\u00e3o de Direito P\u00fablico da FDUL e respons\u00e1vel por projetos de investiga\u00e7\u00e3o internacionais. Leciona em p\u00f3s gradua\u00e7\u00f5es e, sobre os temas da sua especialidade, \u00e9 autora de vasta e influente literatura e tem participado como oradora em v\u00e1rios Congressos e semin\u00e1rios nacionais e internacionais.\r\nNa advocacia, desenvolve a sua atividade sobretudo nas \u00e1reas do Direito Constitucional e Justi\u00e7a Constitucional, Contrata\u00e7\u00e3o P\u00fablica e Prote\u00e7\u00e3o de Dados.\r\nFoi distinguida pelos seus pares, em sistema de peer review, nos \u00faltimos tr\u00eas anos, no \u00e2mbito do Best Lawyers 2019, 2020 e 2021 \u2013 10th, 11th e 12th Editions, uma das mais distintas competi\u00e7\u00f5es internacionais, pelo seu trabalho nas \u00e1reas de Telecommunications Law, Privacy and Data Security Law and Information and Technology Law.\r\n\u00c9 Subdiretora da Faculdade de Direito da Universidade de Lisboa (2022-2024; 2018-2020).","link-pagina-pessoal":""},"efetivos-assistentes":[32],"members-fellows":[],"cluster":[],"categoria-do-investigador":[14],"grupo-de-investigacao":[10],"class_list":["post-1760","investigadores","type-investigadores","status-publish","hentry","efetivos-assistentes-efetivo","categoria-do-investigador-integrado","grupo-de-investigacao-direito-constitucional-e-ciencia-politica"],"yoast_head":"<!-- This site is optimized with the Yoast SEO plugin v27.5 - https:\/\/yoast.com\/product\/yoast-seo-wordpress\/ -->\n<title>Raquel Br\u00edzida Castro<\/title>\n<meta name=\"description\" content=\"Nota biogr\u00e1fica Raquel Br\u00edzida Castro \u00e9 Doutora em Direito pela Faculdade de Direito da Universidade de Lisboa, Professora da mesma Faculdade e Advogada. \u00c9 Constitucionalista, Especialista em Direito P\u00fablico, Direito da Contrata\u00e7\u00e3o P\u00fablica e em Direito das Novas Tecnologias. \u00c9 investigadora Principal do Centro de Investiga\u00e7\u00e3o de Direito P\u00fablico da FDUL e respons\u00e1vel por projetos de investiga\u00e7\u00e3o internacionais. Leciona em p\u00f3s gradua\u00e7\u00f5es e, sobre os temas da sua especialidade, \u00e9 autora de vasta e influente literatura e tem participado como oradora em v\u00e1rios Congressos e semin\u00e1rios nacionais e internacionais. Na advocacia, desenvolve a sua atividade sobretudo nas \u00e1reas do Direito Constitucional e Justi\u00e7a Constitucional, Contrata\u00e7\u00e3o P\u00fablica e Prote\u00e7\u00e3o de Dados. Foi distinguida pelos seus pares, em sistema de peer review, nos \u00faltimos tr\u00eas anos, no \u00e2mbito do Best Lawyers 2019, 2020 e 2021 \u2013 10th, 11th e 12th Editions, uma das mais distintas competi\u00e7\u00f5es internacionais, pelo seu trabalho nas \u00e1reas de Telecommunications Law, Privacy and Data Security Law and Information and Technology Law. \u00c9 Subdiretora da Faculdade de Direito da Universidade de Lisboa (2022-2024; 2018-2020).\" \/>\n<meta name=\"robots\" content=\"index, follow, max-snippet:-1, max-image-preview:large, max-video-preview:-1\" \/>\n<link rel=\"canonical\" href=\"https:\/\/lisbonpubliclaw.pt\/en\/investigadores\/raquel-brizida-castro\/\" \/>\n<meta property=\"og:locale\" content=\"en_US\" \/>\n<meta property=\"og:type\" content=\"article\" \/>\n<meta property=\"og:title\" content=\"Raquel Br\u00edzida Castro\" \/>\n<meta property=\"og:description\" content=\"Investigadora Integrada Efetiva\" \/>\n<meta property=\"og:url\" content=\"https:\/\/lisbonpubliclaw.pt\/en\/investigadores\/raquel-brizida-castro\/\" \/>\n<meta property=\"og:site_name\" content=\"Lisbon Public Law\" \/>\n<meta property=\"article:modified_time\" content=\"2023-07-21T10:57:35+00:00\" \/>\n<meta property=\"og:image\" content=\"https:\/\/lisbonpubliclaw.pt\/wp-content\/uploads\/2023\/06\/raquelbrizidacastro.jpeg\" \/>\n\t<meta property=\"og:image:width\" content=\"800\" \/>\n\t<meta property=\"og:image:height\" content=\"800\" \/>\n\t<meta property=\"og:image:type\" content=\"image\/jpeg\" \/>\n<meta name=\"twitter:card\" content=\"summary_large_image\" \/>\n<script type=\"application\/ld+json\" class=\"yoast-schema-graph\">{\"@context\":\"https:\\\/\\\/schema.org\",\"@graph\":[{\"@type\":[\"WebPage\",\"ProfilePage\"],\"@id\":\"https:\\\/\\\/lisbonpubliclaw.pt\\\/investigadores\\\/raquel-brizida-castro\\\/\",\"url\":\"https:\\\/\\\/lisbonpubliclaw.pt\\\/investigadores\\\/raquel-brizida-castro\\\/\",\"name\":\"Raquel Br\u00edzida Castro\",\"isPartOf\":{\"@id\":\"https:\\\/\\\/lisbonpubliclaw.pt\\\/#website\"},\"datePublished\":\"2023-06-16T16:21:24+00:00\",\"dateModified\":\"2023-07-21T10:57:35+00:00\",\"description\":\"Nota biogr\u00e1fica Raquel Br\u00edzida Castro \u00e9 Doutora em Direito pela Faculdade de Direito da Universidade de Lisboa, Professora da mesma Faculdade e Advogada. \u00c9 Constitucionalista, Especialista em Direito P\u00fablico, Direito da Contrata\u00e7\u00e3o P\u00fablica e em Direito das Novas Tecnologias. \u00c9 investigadora Principal do Centro de Investiga\u00e7\u00e3o de Direito P\u00fablico da FDUL e respons\u00e1vel por projetos de investiga\u00e7\u00e3o internacionais. Leciona em p\u00f3s gradua\u00e7\u00f5es e, sobre os temas da sua especialidade, \u00e9 autora de vasta e influente literatura e tem participado como oradora em v\u00e1rios Congressos e semin\u00e1rios nacionais e internacionais. Na advocacia, desenvolve a sua atividade sobretudo nas \u00e1reas do Direito Constitucional e Justi\u00e7a Constitucional, Contrata\u00e7\u00e3o P\u00fablica e Prote\u00e7\u00e3o de Dados. Foi distinguida pelos seus pares, em sistema de peer review, nos \u00faltimos tr\u00eas anos, no \u00e2mbito do Best Lawyers 2019, 2020 e 2021 \u2013 10th, 11th e 12th Editions, uma das mais distintas competi\u00e7\u00f5es internacionais, pelo seu trabalho nas \u00e1reas de Telecommunications Law, Privacy and Data Security Law and Information and Technology Law. \u00c9 Subdiretora da Faculdade de Direito da Universidade de Lisboa (2022-2024; 2018-2020).\",\"breadcrumb\":{\"@id\":\"https:\\\/\\\/lisbonpubliclaw.pt\\\/investigadores\\\/raquel-brizida-castro\\\/#breadcrumb\"},\"inLanguage\":\"en-US\",\"potentialAction\":[{\"@type\":\"ReadAction\",\"target\":[\"https:\\\/\\\/lisbonpubliclaw.pt\\\/investigadores\\\/raquel-brizida-castro\\\/\"]}]},{\"@type\":\"BreadcrumbList\",\"@id\":\"https:\\\/\\\/lisbonpubliclaw.pt\\\/investigadores\\\/raquel-brizida-castro\\\/#breadcrumb\",\"itemListElement\":[{\"@type\":\"ListItem\",\"position\":1,\"name\":\"Home\",\"item\":\"https:\\\/\\\/lisbonpubliclaw.pt\\\/\"},{\"@type\":\"ListItem\",\"position\":2,\"name\":\"Investigadores\",\"item\":\"https:\\\/\\\/lisbonpubliclaw.pt\\\/investigadores\\\/\"},{\"@type\":\"ListItem\",\"position\":3,\"name\":\"Raquel Br\u00edzida Castro\"}]},{\"@type\":\"WebSite\",\"@id\":\"https:\\\/\\\/lisbonpubliclaw.pt\\\/#website\",\"url\":\"https:\\\/\\\/lisbonpubliclaw.pt\\\/\",\"name\":\"Lisbon Public Law\",\"description\":\"Public Law Research Centre in Lisbon\",\"publisher\":{\"@id\":\"https:\\\/\\\/lisbonpubliclaw.pt\\\/#organization\"},\"potentialAction\":[{\"@type\":\"SearchAction\",\"target\":{\"@type\":\"EntryPoint\",\"urlTemplate\":\"https:\\\/\\\/lisbonpubliclaw.pt\\\/?s={search_term_string}\"},\"query-input\":{\"@type\":\"PropertyValueSpecification\",\"valueRequired\":true,\"valueName\":\"search_term_string\"}}],\"inLanguage\":\"en-US\"},{\"@type\":\"Organization\",\"@id\":\"https:\\\/\\\/lisbonpubliclaw.pt\\\/#organization\",\"name\":\"Lisbon Public Law\",\"url\":\"https:\\\/\\\/lisbonpubliclaw.pt\\\/\",\"logo\":{\"@type\":\"ImageObject\",\"inLanguage\":\"en-US\",\"@id\":\"https:\\\/\\\/lisbonpubliclaw.pt\\\/#\\\/schema\\\/logo\\\/image\\\/\",\"url\":\"https:\\\/\\\/lisbonpubliclaw.pt\\\/wp-content\\\/uploads\\\/2023\\\/06\\\/WhatsApp-Image-2023-06-19-at-11.01.50-1.jpeg\",\"contentUrl\":\"https:\\\/\\\/lisbonpubliclaw.pt\\\/wp-content\\\/uploads\\\/2023\\\/06\\\/WhatsApp-Image-2023-06-19-at-11.01.50-1.jpeg\",\"width\":354,\"height\":354,\"caption\":\"Lisbon Public Law\"},\"image\":{\"@id\":\"https:\\\/\\\/lisbonpubliclaw.pt\\\/#\\\/schema\\\/logo\\\/image\\\/\"},\"mainEntityOfPage\":{\"@id\":\"https:\\\/\\\/lisbonpubliclaw.pt\\\/investigadores\\\/raquel-brizida-castro\\\/\"}}]}<\/script>\n<!-- \/ Yoast SEO plugin. -->","yoast_head_json":{"title":"Raquel Br\u00edzida Castro","description":"Nota biogr\u00e1fica Raquel Br\u00edzida Castro \u00e9 Doutora em Direito pela Faculdade de Direito da Universidade de Lisboa, Professora da mesma Faculdade e Advogada. \u00c9 Constitucionalista, Especialista em Direito P\u00fablico, Direito da Contrata\u00e7\u00e3o P\u00fablica e em Direito das Novas Tecnologias. \u00c9 investigadora Principal do Centro de Investiga\u00e7\u00e3o de Direito P\u00fablico da FDUL e respons\u00e1vel por projetos de investiga\u00e7\u00e3o internacionais. Leciona em p\u00f3s gradua\u00e7\u00f5es e, sobre os temas da sua especialidade, \u00e9 autora de vasta e influente literatura e tem participado como oradora em v\u00e1rios Congressos e semin\u00e1rios nacionais e internacionais. Na advocacia, desenvolve a sua atividade sobretudo nas \u00e1reas do Direito Constitucional e Justi\u00e7a Constitucional, Contrata\u00e7\u00e3o P\u00fablica e Prote\u00e7\u00e3o de Dados. Foi distinguida pelos seus pares, em sistema de peer review, nos \u00faltimos tr\u00eas anos, no \u00e2mbito do Best Lawyers 2019, 2020 e 2021 \u2013 10th, 11th e 12th Editions, uma das mais distintas competi\u00e7\u00f5es internacionais, pelo seu trabalho nas \u00e1reas de Telecommunications Law, Privacy and Data Security Law and Information and Technology Law. \u00c9 Subdiretora da Faculdade de Direito da Universidade de Lisboa (2022-2024; 2018-2020).","robots":{"index":"index","follow":"follow","max-snippet":"max-snippet:-1","max-image-preview":"max-image-preview:large","max-video-preview":"max-video-preview:-1"},"canonical":"https:\/\/lisbonpubliclaw.pt\/en\/investigadores\/raquel-brizida-castro\/","og_locale":"en_US","og_type":"article","og_title":"Raquel Br\u00edzida Castro","og_description":"Investigadora Integrada Efetiva","og_url":"https:\/\/lisbonpubliclaw.pt\/en\/investigadores\/raquel-brizida-castro\/","og_site_name":"Lisbon Public Law","article_modified_time":"2023-07-21T10:57:35+00:00","og_image":[{"width":800,"height":800,"url":"https:\/\/lisbonpubliclaw.pt\/wp-content\/uploads\/2023\/06\/raquelbrizidacastro.jpeg","type":"image\/jpeg"}],"twitter_card":"summary_large_image","schema":{"@context":"https:\/\/schema.org","@graph":[{"@type":["WebPage","ProfilePage"],"@id":"https:\/\/lisbonpubliclaw.pt\/investigadores\/raquel-brizida-castro\/","url":"https:\/\/lisbonpubliclaw.pt\/investigadores\/raquel-brizida-castro\/","name":"Raquel Br\u00edzida Castro","isPartOf":{"@id":"https:\/\/lisbonpubliclaw.pt\/#website"},"datePublished":"2023-06-16T16:21:24+00:00","dateModified":"2023-07-21T10:57:35+00:00","description":"Nota biogr\u00e1fica Raquel Br\u00edzida Castro \u00e9 Doutora em Direito pela Faculdade de Direito da Universidade de Lisboa, Professora da mesma Faculdade e Advogada. \u00c9 Constitucionalista, Especialista em Direito P\u00fablico, Direito da Contrata\u00e7\u00e3o P\u00fablica e em Direito das Novas Tecnologias. \u00c9 investigadora Principal do Centro de Investiga\u00e7\u00e3o de Direito P\u00fablico da FDUL e respons\u00e1vel por projetos de investiga\u00e7\u00e3o internacionais. Leciona em p\u00f3s gradua\u00e7\u00f5es e, sobre os temas da sua especialidade, \u00e9 autora de vasta e influente literatura e tem participado como oradora em v\u00e1rios Congressos e semin\u00e1rios nacionais e internacionais. Na advocacia, desenvolve a sua atividade sobretudo nas \u00e1reas do Direito Constitucional e Justi\u00e7a Constitucional, Contrata\u00e7\u00e3o P\u00fablica e Prote\u00e7\u00e3o de Dados. Foi distinguida pelos seus pares, em sistema de peer review, nos \u00faltimos tr\u00eas anos, no \u00e2mbito do Best Lawyers 2019, 2020 e 2021 \u2013 10th, 11th e 12th Editions, uma das mais distintas competi\u00e7\u00f5es internacionais, pelo seu trabalho nas \u00e1reas de Telecommunications Law, Privacy and Data Security Law and Information and Technology Law. \u00c9 Subdiretora da Faculdade de Direito da Universidade de Lisboa (2022-2024; 2018-2020).","breadcrumb":{"@id":"https:\/\/lisbonpubliclaw.pt\/investigadores\/raquel-brizida-castro\/#breadcrumb"},"inLanguage":"en-US","potentialAction":[{"@type":"ReadAction","target":["https:\/\/lisbonpubliclaw.pt\/investigadores\/raquel-brizida-castro\/"]}]},{"@type":"BreadcrumbList","@id":"https:\/\/lisbonpubliclaw.pt\/investigadores\/raquel-brizida-castro\/#breadcrumb","itemListElement":[{"@type":"ListItem","position":1,"name":"Home","item":"https:\/\/lisbonpubliclaw.pt\/"},{"@type":"ListItem","position":2,"name":"Investigadores","item":"https:\/\/lisbonpubliclaw.pt\/investigadores\/"},{"@type":"ListItem","position":3,"name":"Raquel Br\u00edzida Castro"}]},{"@type":"WebSite","@id":"https:\/\/lisbonpubliclaw.pt\/#website","url":"https:\/\/lisbonpubliclaw.pt\/","name":"Lisbon Public Law","description":"Public Law Research Centre in Lisbon","publisher":{"@id":"https:\/\/lisbonpubliclaw.pt\/#organization"},"potentialAction":[{"@type":"SearchAction","target":{"@type":"EntryPoint","urlTemplate":"https:\/\/lisbonpubliclaw.pt\/?s={search_term_string}"},"query-input":{"@type":"PropertyValueSpecification","valueRequired":true,"valueName":"search_term_string"}}],"inLanguage":"en-US"},{"@type":"Organization","@id":"https:\/\/lisbonpubliclaw.pt\/#organization","name":"Lisbon Public Law","url":"https:\/\/lisbonpubliclaw.pt\/","logo":{"@type":"ImageObject","inLanguage":"en-US","@id":"https:\/\/lisbonpubliclaw.pt\/#\/schema\/logo\/image\/","url":"https:\/\/lisbonpubliclaw.pt\/wp-content\/uploads\/2023\/06\/WhatsApp-Image-2023-06-19-at-11.01.50-1.jpeg","contentUrl":"https:\/\/lisbonpubliclaw.pt\/wp-content\/uploads\/2023\/06\/WhatsApp-Image-2023-06-19-at-11.01.50-1.jpeg","width":354,"height":354,"caption":"Lisbon Public Law"},"image":{"@id":"https:\/\/lisbonpubliclaw.pt\/#\/schema\/logo\/image\/"},"mainEntityOfPage":{"@id":"https:\/\/lisbonpubliclaw.pt\/investigadores\/raquel-brizida-castro\/"}}]}},"_links":{"self":[{"href":"https:\/\/lisbonpubliclaw.pt\/en\/wp-json\/wp\/v2\/investigadores\/1760","targetHints":{"allow":["GET"]}}],"collection":[{"href":"https:\/\/lisbonpubliclaw.pt\/en\/wp-json\/wp\/v2\/investigadores"}],"about":[{"href":"https:\/\/lisbonpubliclaw.pt\/en\/wp-json\/wp\/v2\/types\/investigadores"}],"wp:attachment":[{"href":"https:\/\/lisbonpubliclaw.pt\/en\/wp-json\/wp\/v2\/media?parent=1760"}],"wp:term":[{"taxonomy":"efetivos-assistentes","embeddable":true,"href":"https:\/\/lisbonpubliclaw.pt\/en\/wp-json\/wp\/v2\/efetivos-assistentes?post=1760"},{"taxonomy":"members-fellows","embeddable":true,"href":"https:\/\/lisbonpubliclaw.pt\/en\/wp-json\/wp\/v2\/members-fellows?post=1760"},{"taxonomy":"cluster","embeddable":true,"href":"https:\/\/lisbonpubliclaw.pt\/en\/wp-json\/wp\/v2\/cluster?post=1760"},{"taxonomy":"categoria-do-investigador","embeddable":true,"href":"https:\/\/lisbonpubliclaw.pt\/en\/wp-json\/wp\/v2\/categoria-do-investigador?post=1760"},{"taxonomy":"grupo-de-investigacao","embeddable":true,"href":"https:\/\/lisbonpubliclaw.pt\/en\/wp-json\/wp\/v2\/grupo-de-investigacao?post=1760"}],"curies":[{"name":"wp","href":"https:\/\/api.w.org\/{rel}","templated":true}]}}