{"id":1759,"date":"2023-06-16T16:21:24","date_gmt":"2023-06-16T16:21:24","guid":{"rendered":"https:\/\/lisbonpubliclaw.pt\/investigadores\/pedro-moniz-lopes\/"},"modified":"2026-02-25T07:36:09","modified_gmt":"2026-02-25T07:36:09","slug":"pedro-moniz-lopes","status":"publish","type":"investigadores","link":"https:\/\/lisbonpubliclaw.pt\/en\/investigadores\/pedro-moniz-lopes\/","title":{"rendered":"Pedro Moniz Lopes"},"content":{"rendered":"","protected":false},"template":"","meta":{"foto-do-investigador":"https:\/\/lisbonpubliclaw.pt\/wp-content\/uploads\/2023\/07\/Pedro-Moniz-Lopes.png","nome-do-investigador":"Pedro Moniz Lopes","cargo-do-investigador":"Investigador Integrado Efetivo <br> Coordenador do Grupo de  investiga\u00e7\u00e3o em Teoria e Filosofia do Direito <br>","email-do-investigador":"mailto:plopes@fd.ulisboa.pt","cv-do-investigador":"","orcid":"0000-0003-4797-354X","ciencia-id":"A211-020F-BA13","areas-de-investigacao":"Direito Administrativo, Teoria e Filosofia do Direito, Direitos Fundamentais, Direito Constitucional, Leg\u00edstica, Legisprud\u00eancia","short-bio-investigadores":"Professor Auxiliar na Faculdade de Direito da Universidade de Lisboa (FDUL), com doutoramento, mestrado e licenciatura pela mesma institui\u00e7\u00e3o. \r\nTem leccionado disciplinas de Direito Administrativo, Direitos Fundamentais, Direito Constitucional, Filosofia do Direito e Pol\u00edticas P\u00fablicas. Os seus principais interesses de investiga\u00e7\u00e3o s\u00e3o, para al\u00e9m das mat\u00e9rias referidas, a Teoria do Direito, a Ci\u00eancia da Legisla\u00e7\u00e3o, a Contrata\u00e7\u00e3o P\u00fablica e o Direito da Regula\u00e7\u00e3o. Interv\u00e9m, com frequ\u00eancia, sobre estas tem\u00e1ticas em col\u00f3quios nacionais e internacionais. \r\n\u00c9 associado do Instituto de Ci\u00eancias Jur\u00eddico-Pol\u00edticas da FDUL, investigador principal do Centro de Investiga\u00e7\u00e3o em Direito P\u00fablico e membro fundador do LLT \u2013 Lisbon Legal Theory. \u00c9 tamb\u00e9m Diretor Executivo da Revista e-Publica: Revista Eletr\u00f3nica de Direito P\u00fablico e peer reviewer em v\u00e1rias revistas jur\u00eddicas e filos\u00f3ficas, nacionais e internacionais, incluindo Diritto e Questioni Pubbliche \u2013 Rivista di Filosofia del Diritto e Cultura Giuridica (Universit\u00e0 degli Studi di Palermo), Nordic Journal of Human Rights, Revista de Direito Administrativo (FGV Direito Rio) e Quaestio Facti \u2013 International Journal of Evidentiary Reasoning (Universitat Girona). ","link-pagina-pessoal":""},"efetivos-assistentes":[32],"members-fellows":[28],"cluster":[34],"categoria-do-investigador":[14],"grupo-de-investigacao":[13],"class_list":["post-1759","investigadores","type-investigadores","status-publish","hentry","efetivos-assistentes-efetivo","members-fellows-member","cluster-lisbon-legal-theory","categoria-do-investigador-integrado","grupo-de-investigacao-teoria-e-filosofia-do-direito"],"yoast_head":"<!-- This site is optimized with the Yoast SEO plugin v27.2 - https:\/\/yoast.com\/product\/yoast-seo-wordpress\/ -->\n<title>Pedro Moniz Lopes<\/title>\n<meta name=\"description\" content=\"Professor Auxiliar na Faculdade de Direito da Universidade de Lisboa (FDUL), com doutoramento, mestrado e licenciatura pela mesma institui\u00e7\u00e3o. Tem leccionado disciplinas de Direito Administrativo, Direitos Fundamentais, Direito Constitucional, Filosofia do Direito e Pol\u00edticas P\u00fablicas. Os seus principais interesses de investiga\u00e7\u00e3o s\u00e3o, para al\u00e9m das mat\u00e9rias referidas, a Teoria do Direito, a Ci\u00eancia da Legisla\u00e7\u00e3o, a Contrata\u00e7\u00e3o P\u00fablica e o Direito da Regula\u00e7\u00e3o. Interv\u00e9m, com frequ\u00eancia, sobre estas tem\u00e1ticas em col\u00f3quios nacionais e internacionais. \u00c9 associado do Instituto de Ci\u00eancias Jur\u00eddico-Pol\u00edticas da FDUL, investigador principal do Centro de Investiga\u00e7\u00e3o em Direito P\u00fablico e membro fundador do LxLTG \u2013 Lisbon Legal Theory Group. \u00c9 tamb\u00e9m Diretor Executivo da Revista e-P\u00fablica: Revista Eletr\u00f3nica de Direito P\u00fablico e peer reviewer em v\u00e1rias revistas jur\u00eddicas e filos\u00f3ficas, nacionais e internacionais, incluindo Diritto e Questioni Pubbliche \u2013 Rivista di Filosofia del Diritto e Cultura Giuridica (Universit\u00e0 degli Studi di Palermo), Nordic Journal of Human Rights, Revista de Direito Administrativo (FGV Direito Rio) e Quaestio Facti \u2013 International Journal of Evidentiary Reasoning (Universitat Girona).\" \/>\n<meta name=\"robots\" content=\"index, follow, max-snippet:-1, max-image-preview:large, max-video-preview:-1\" \/>\n<link rel=\"canonical\" href=\"https:\/\/lisbonpubliclaw.pt\/en\/investigadores\/pedro-moniz-lopes\/\" \/>\n<meta property=\"og:locale\" content=\"en_US\" \/>\n<meta property=\"og:type\" content=\"article\" \/>\n<meta property=\"og:title\" content=\"Pedro Moniz Lopes\" \/>\n<meta property=\"og:description\" content=\"Investigador Integrado Efetivo, Diretor Executivo - e-publica\" \/>\n<meta property=\"og:url\" content=\"https:\/\/lisbonpubliclaw.pt\/en\/investigadores\/pedro-moniz-lopes\/\" \/>\n<meta property=\"og:site_name\" content=\"Lisbon Public Law\" \/>\n<meta property=\"article:modified_time\" content=\"2026-02-25T07:36:09+00:00\" \/>\n<meta name=\"twitter:card\" content=\"summary_large_image\" \/>\n<script type=\"application\/ld+json\" class=\"yoast-schema-graph\">{\"@context\":\"https:\/\/schema.org\",\"@graph\":[{\"@type\":[\"WebPage\",\"ProfilePage\"],\"@id\":\"https:\/\/lisbonpubliclaw.pt\/investigadores\/pedro-moniz-lopes\/\",\"url\":\"https:\/\/lisbonpubliclaw.pt\/investigadores\/pedro-moniz-lopes\/\",\"name\":\"Pedro Moniz Lopes\",\"isPartOf\":{\"@id\":\"https:\/\/lisbonpubliclaw.pt\/#website\"},\"datePublished\":\"2023-06-16T16:21:24+00:00\",\"dateModified\":\"2026-02-25T07:36:09+00:00\",\"description\":\"Professor Auxiliar na Faculdade de Direito da Universidade de Lisboa (FDUL), com doutoramento, mestrado e licenciatura pela mesma institui\u00e7\u00e3o. Tem leccionado disciplinas de Direito Administrativo, Direitos Fundamentais, Direito Constitucional, Filosofia do Direito e Pol\u00edticas P\u00fablicas. Os seus principais interesses de investiga\u00e7\u00e3o s\u00e3o, para al\u00e9m das mat\u00e9rias referidas, a Teoria do Direito, a Ci\u00eancia da Legisla\u00e7\u00e3o, a Contrata\u00e7\u00e3o P\u00fablica e o Direito da Regula\u00e7\u00e3o. Interv\u00e9m, com frequ\u00eancia, sobre estas tem\u00e1ticas em col\u00f3quios nacionais e internacionais. \u00c9 associado do Instituto de Ci\u00eancias Jur\u00eddico-Pol\u00edticas da FDUL, investigador principal do Centro de Investiga\u00e7\u00e3o em Direito P\u00fablico e membro fundador do LxLTG \u2013 Lisbon Legal Theory Group. \u00c9 tamb\u00e9m Diretor Executivo da Revista e-P\u00fablica: Revista Eletr\u00f3nica de Direito P\u00fablico e peer reviewer em v\u00e1rias revistas jur\u00eddicas e filos\u00f3ficas, nacionais e internacionais, incluindo Diritto e Questioni Pubbliche \u2013 Rivista di Filosofia del Diritto e Cultura Giuridica (Universit\u00e0 degli Studi di Palermo), Nordic Journal of Human Rights, Revista de Direito Administrativo (FGV Direito Rio) e Quaestio Facti \u2013 International Journal of Evidentiary Reasoning (Universitat Girona).\",\"breadcrumb\":{\"@id\":\"https:\/\/lisbonpubliclaw.pt\/investigadores\/pedro-moniz-lopes\/#breadcrumb\"},\"inLanguage\":\"en-US\",\"potentialAction\":[{\"@type\":\"ReadAction\",\"target\":[\"https:\/\/lisbonpubliclaw.pt\/investigadores\/pedro-moniz-lopes\/\"]}]},{\"@type\":\"BreadcrumbList\",\"@id\":\"https:\/\/lisbonpubliclaw.pt\/investigadores\/pedro-moniz-lopes\/#breadcrumb\",\"itemListElement\":[{\"@type\":\"ListItem\",\"position\":1,\"name\":\"Home\",\"item\":\"https:\/\/lisbonpubliclaw.pt\/\"},{\"@type\":\"ListItem\",\"position\":2,\"name\":\"Investigadores\",\"item\":\"https:\/\/lisbonpubliclaw.pt\/investigadores\/\"},{\"@type\":\"ListItem\",\"position\":3,\"name\":\"Pedro Moniz Lopes\"}]},{\"@type\":\"WebSite\",\"@id\":\"https:\/\/lisbonpubliclaw.pt\/#website\",\"url\":\"https:\/\/lisbonpubliclaw.pt\/\",\"name\":\"Lisbon Public Law\",\"description\":\"Public Law Research Centre in Lisbon\",\"publisher\":{\"@id\":\"https:\/\/lisbonpubliclaw.pt\/#organization\"},\"potentialAction\":[{\"@type\":\"SearchAction\",\"target\":{\"@type\":\"EntryPoint\",\"urlTemplate\":\"https:\/\/lisbonpubliclaw.pt\/?s={search_term_string}\"},\"query-input\":{\"@type\":\"PropertyValueSpecification\",\"valueRequired\":true,\"valueName\":\"search_term_string\"}}],\"inLanguage\":\"en-US\"},{\"@type\":\"Organization\",\"@id\":\"https:\/\/lisbonpubliclaw.pt\/#organization\",\"name\":\"Lisbon Public Law\",\"url\":\"https:\/\/lisbonpubliclaw.pt\/\",\"logo\":{\"@type\":\"ImageObject\",\"inLanguage\":\"en-US\",\"@id\":\"https:\/\/lisbonpubliclaw.pt\/#\/schema\/logo\/image\/\",\"url\":\"https:\/\/lisbonpubliclaw.pt\/wp-content\/uploads\/2023\/06\/WhatsApp-Image-2023-06-19-at-11.01.50-1.jpeg\",\"contentUrl\":\"https:\/\/lisbonpubliclaw.pt\/wp-content\/uploads\/2023\/06\/WhatsApp-Image-2023-06-19-at-11.01.50-1.jpeg\",\"width\":354,\"height\":354,\"caption\":\"Lisbon Public Law\"},\"image\":{\"@id\":\"https:\/\/lisbonpubliclaw.pt\/#\/schema\/logo\/image\/\"},\"mainEntityOfPage\":{\"@id\":\"https:\/\/lisbonpubliclaw.pt\/investigadores\/pedro-moniz-lopes\/\"}}]}<\/script>\n<!-- \/ Yoast SEO plugin. -->","yoast_head_json":{"title":"Pedro Moniz Lopes","description":"Professor Auxiliar na Faculdade de Direito da Universidade de Lisboa (FDUL), com doutoramento, mestrado e licenciatura pela mesma institui\u00e7\u00e3o. Tem leccionado disciplinas de Direito Administrativo, Direitos Fundamentais, Direito Constitucional, Filosofia do Direito e Pol\u00edticas P\u00fablicas. Os seus principais interesses de investiga\u00e7\u00e3o s\u00e3o, para al\u00e9m das mat\u00e9rias referidas, a Teoria do Direito, a Ci\u00eancia da Legisla\u00e7\u00e3o, a Contrata\u00e7\u00e3o P\u00fablica e o Direito da Regula\u00e7\u00e3o. Interv\u00e9m, com frequ\u00eancia, sobre estas tem\u00e1ticas em col\u00f3quios nacionais e internacionais. \u00c9 associado do Instituto de Ci\u00eancias Jur\u00eddico-Pol\u00edticas da FDUL, investigador principal do Centro de Investiga\u00e7\u00e3o em Direito P\u00fablico e membro fundador do LxLTG \u2013 Lisbon Legal Theory Group. \u00c9 tamb\u00e9m Diretor Executivo da Revista e-P\u00fablica: Revista Eletr\u00f3nica de Direito P\u00fablico e peer reviewer em v\u00e1rias revistas jur\u00eddicas e filos\u00f3ficas, nacionais e internacionais, incluindo Diritto e Questioni Pubbliche \u2013 Rivista di Filosofia del Diritto e Cultura Giuridica (Universit\u00e0 degli Studi di Palermo), Nordic Journal of Human Rights, Revista de Direito Administrativo (FGV Direito Rio) e Quaestio Facti \u2013 International Journal of Evidentiary Reasoning (Universitat Girona).","robots":{"index":"index","follow":"follow","max-snippet":"max-snippet:-1","max-image-preview":"max-image-preview:large","max-video-preview":"max-video-preview:-1"},"canonical":"https:\/\/lisbonpubliclaw.pt\/en\/investigadores\/pedro-moniz-lopes\/","og_locale":"en_US","og_type":"article","og_title":"Pedro Moniz Lopes","og_description":"Investigador Integrado Efetivo, Diretor Executivo - e-publica","og_url":"https:\/\/lisbonpubliclaw.pt\/en\/investigadores\/pedro-moniz-lopes\/","og_site_name":"Lisbon Public Law","article_modified_time":"2026-02-25T07:36:09+00:00","twitter_card":"summary_large_image","schema":{"@context":"https:\/\/schema.org","@graph":[{"@type":["WebPage","ProfilePage"],"@id":"https:\/\/lisbonpubliclaw.pt\/investigadores\/pedro-moniz-lopes\/","url":"https:\/\/lisbonpubliclaw.pt\/investigadores\/pedro-moniz-lopes\/","name":"Pedro Moniz Lopes","isPartOf":{"@id":"https:\/\/lisbonpubliclaw.pt\/#website"},"datePublished":"2023-06-16T16:21:24+00:00","dateModified":"2026-02-25T07:36:09+00:00","description":"Professor Auxiliar na Faculdade de Direito da Universidade de Lisboa (FDUL), com doutoramento, mestrado e licenciatura pela mesma institui\u00e7\u00e3o. Tem leccionado disciplinas de Direito Administrativo, Direitos Fundamentais, Direito Constitucional, Filosofia do Direito e Pol\u00edticas P\u00fablicas. Os seus principais interesses de investiga\u00e7\u00e3o s\u00e3o, para al\u00e9m das mat\u00e9rias referidas, a Teoria do Direito, a Ci\u00eancia da Legisla\u00e7\u00e3o, a Contrata\u00e7\u00e3o P\u00fablica e o Direito da Regula\u00e7\u00e3o. Interv\u00e9m, com frequ\u00eancia, sobre estas tem\u00e1ticas em col\u00f3quios nacionais e internacionais. \u00c9 associado do Instituto de Ci\u00eancias Jur\u00eddico-Pol\u00edticas da FDUL, investigador principal do Centro de Investiga\u00e7\u00e3o em Direito P\u00fablico e membro fundador do LxLTG \u2013 Lisbon Legal Theory Group. \u00c9 tamb\u00e9m Diretor Executivo da Revista e-P\u00fablica: Revista Eletr\u00f3nica de Direito P\u00fablico e peer reviewer em v\u00e1rias revistas jur\u00eddicas e filos\u00f3ficas, nacionais e internacionais, incluindo Diritto e Questioni Pubbliche \u2013 Rivista di Filosofia del Diritto e Cultura Giuridica (Universit\u00e0 degli Studi di Palermo), Nordic Journal of Human Rights, Revista de Direito Administrativo (FGV Direito Rio) e Quaestio Facti \u2013 International Journal of Evidentiary Reasoning (Universitat Girona).","breadcrumb":{"@id":"https:\/\/lisbonpubliclaw.pt\/investigadores\/pedro-moniz-lopes\/#breadcrumb"},"inLanguage":"en-US","potentialAction":[{"@type":"ReadAction","target":["https:\/\/lisbonpubliclaw.pt\/investigadores\/pedro-moniz-lopes\/"]}]},{"@type":"BreadcrumbList","@id":"https:\/\/lisbonpubliclaw.pt\/investigadores\/pedro-moniz-lopes\/#breadcrumb","itemListElement":[{"@type":"ListItem","position":1,"name":"Home","item":"https:\/\/lisbonpubliclaw.pt\/"},{"@type":"ListItem","position":2,"name":"Investigadores","item":"https:\/\/lisbonpubliclaw.pt\/investigadores\/"},{"@type":"ListItem","position":3,"name":"Pedro Moniz Lopes"}]},{"@type":"WebSite","@id":"https:\/\/lisbonpubliclaw.pt\/#website","url":"https:\/\/lisbonpubliclaw.pt\/","name":"Lisbon Public Law","description":"Public Law Research Centre in Lisbon","publisher":{"@id":"https:\/\/lisbonpubliclaw.pt\/#organization"},"potentialAction":[{"@type":"SearchAction","target":{"@type":"EntryPoint","urlTemplate":"https:\/\/lisbonpubliclaw.pt\/?s={search_term_string}"},"query-input":{"@type":"PropertyValueSpecification","valueRequired":true,"valueName":"search_term_string"}}],"inLanguage":"en-US"},{"@type":"Organization","@id":"https:\/\/lisbonpubliclaw.pt\/#organization","name":"Lisbon Public Law","url":"https:\/\/lisbonpubliclaw.pt\/","logo":{"@type":"ImageObject","inLanguage":"en-US","@id":"https:\/\/lisbonpubliclaw.pt\/#\/schema\/logo\/image\/","url":"https:\/\/lisbonpubliclaw.pt\/wp-content\/uploads\/2023\/06\/WhatsApp-Image-2023-06-19-at-11.01.50-1.jpeg","contentUrl":"https:\/\/lisbonpubliclaw.pt\/wp-content\/uploads\/2023\/06\/WhatsApp-Image-2023-06-19-at-11.01.50-1.jpeg","width":354,"height":354,"caption":"Lisbon Public Law"},"image":{"@id":"https:\/\/lisbonpubliclaw.pt\/#\/schema\/logo\/image\/"},"mainEntityOfPage":{"@id":"https:\/\/lisbonpubliclaw.pt\/investigadores\/pedro-moniz-lopes\/"}}]}},"_links":{"self":[{"href":"https:\/\/lisbonpubliclaw.pt\/en\/wp-json\/wp\/v2\/investigadores\/1759","targetHints":{"allow":["GET"]}}],"collection":[{"href":"https:\/\/lisbonpubliclaw.pt\/en\/wp-json\/wp\/v2\/investigadores"}],"about":[{"href":"https:\/\/lisbonpubliclaw.pt\/en\/wp-json\/wp\/v2\/types\/investigadores"}],"wp:attachment":[{"href":"https:\/\/lisbonpubliclaw.pt\/en\/wp-json\/wp\/v2\/media?parent=1759"}],"wp:term":[{"taxonomy":"efetivos-assistentes","embeddable":true,"href":"https:\/\/lisbonpubliclaw.pt\/en\/wp-json\/wp\/v2\/efetivos-assistentes?post=1759"},{"taxonomy":"members-fellows","embeddable":true,"href":"https:\/\/lisbonpubliclaw.pt\/en\/wp-json\/wp\/v2\/members-fellows?post=1759"},{"taxonomy":"cluster","embeddable":true,"href":"https:\/\/lisbonpubliclaw.pt\/en\/wp-json\/wp\/v2\/cluster?post=1759"},{"taxonomy":"categoria-do-investigador","embeddable":true,"href":"https:\/\/lisbonpubliclaw.pt\/en\/wp-json\/wp\/v2\/categoria-do-investigador?post=1759"},{"taxonomy":"grupo-de-investigacao","embeddable":true,"href":"https:\/\/lisbonpubliclaw.pt\/en\/wp-json\/wp\/v2\/grupo-de-investigacao?post=1759"}],"curies":[{"name":"wp","href":"https:\/\/api.w.org\/{rel}","templated":true}]}}