{"id":1752,"date":"2023-06-16T16:21:23","date_gmt":"2023-06-16T16:21:23","guid":{"rendered":"https:\/\/lisbonpubliclaw.pt\/investigadores\/maria-jose-rangel-de-mesquita\/"},"modified":"2023-11-23T12:05:54","modified_gmt":"2023-11-23T12:05:54","slug":"maria-jose-rangel-de-mesquita","status":"publish","type":"investigadores","link":"https:\/\/lisbonpubliclaw.pt\/en\/investigadores\/maria-jose-rangel-de-mesquita\/","title":{"rendered":"Maria Jos\u00e9 Rangel de Mesquita"},"content":{"rendered":"","protected":false},"template":"","meta":{"foto-do-investigador":"https:\/\/lisbonpubliclaw.pt\/wp-content\/uploads\/2023\/07\/Maria-Jose-Rangel-de-Mesquita.png","nome-do-investigador":"Maria Jos\u00e9 Rangel de Mesquita","cargo-do-investigador":"Investigadora Integrada Efetiva <br> Vice-Presidente do Conselho Cient\u00edfico","email-do-investigador":"mailto:mjrangeldemesquita@fd.ulisboa.pt","cv-do-investigador":"https:\/\/lisbonpubliclaw.pt\/wp-content\/uploads\/2023\/06\/mariajoserangeldemesquitaCV.pdf","orcid":"0000-0002-4737-5382","ciencia-id":"C812-5548-AE02","areas-de-investigacao":"Direito da Uni\u00e3o Europeia, Justi\u00e7a Internacional, Direito Internacional dos Direitos Humanos, Justi\u00e7a Constitucional","short-bio-investigadores":"Maria Jos\u00e9 Rangel de Mesquita \u00e9 Professora Associada com Agrega\u00e7\u00e3o da Faculdade de Direito da Universidade de Lisboa, onde se doutorou e tem exercido fun\u00e7\u00f5es docentes com reg\u00eancias, entre outras, nas \u00e1reas de Direito da Uni\u00e3o Europeia, Direito Internacional P\u00fablico, Direito Internacional dos Direitos Humanos e Justi\u00e7a Internacional. Participou em col\u00f3quios e confer\u00eancias em Portugal e no estrangeiro, de que resultaram v\u00e1rias publica\u00e7\u00f5es internacionais. Em Portugal publicou diversas monografias e li\u00e7\u00f5es, designadamente O poder sancionat\u00f3rio da Uni\u00e3o e das Comunidades Europeias sobre os Estados-membros, A Uni\u00e3o Europeia ap\u00f3s o Tratado de Lisboa, A actua\u00e7\u00e3o externa da Uni\u00e3o Europeia depois do Tratado de Lisboa, Contencioso da Uni\u00e3o Europeia e Justi\u00e7a Internacional (Introdu\u00e7\u00e3o e Justi\u00e7a Internacional regional especializada em mat\u00e9ria de Direitos Humanos). Coordena o M\u00f3dulo Europeu Jean Monnet \u00abFundamental Rights and Rule of law as European Values in a Global World After the Conference on the Future of Europe\u00bb (2022-2025) e, anteriormente, coordenou o M\u00f3dulo Europeu Jean Monnet \u00abEuropean Union\u2019s External Action Role in a Global World\u00bb (2012-1015). Foi membro participante e docente do Centro de Excel\u00eancia Jean Monet da Universidade de Lisboa-Faculdade de Direito (2011-2014), tendo ainda participado em outras ac\u00e7\u00f5es Jean Monnet. Participou no Project on Principles of European Tort Law \u2013 Public Liability (Institute for European Tort Law, 2010-2016), bem como no Research Project \u201cDamages for Violations of Human Rights. A Comparative Study of Domestic Legal Systems\u201d (2015-2016), que culminaram com a publica\u00e7\u00e3o de obras colectivas internacionais. Foi membro, entre outros, do Conselho de Direc\u00e7\u00e3o da AIDA-Portugal, do Conselho de Directores do European Institute for Traffic Law (IDEC-EITL) e do Conselho Directivo da AREP-Institui\u00e7\u00e3o Universit\u00e1ria de Estudos Europeus e da AIDA-Portugal. Foi Ju\u00edza Conselheira no Tribunal Constitucional entre Julho de 2012 e Outubro de 2021.","link-pagina-pessoal":""},"efetivos-assistentes":[32],"members-fellows":[],"cluster":[],"categoria-do-investigador":[14],"grupo-de-investigacao":[12],"class_list":["post-1752","investigadores","type-investigadores","status-publish","hentry","efetivos-assistentes-efetivo","categoria-do-investigador-integrado","grupo-de-investigacao-direito-internacional-e-europeu"],"yoast_head":"<!-- This site is optimized with the Yoast SEO plugin v27.5 - https:\/\/yoast.com\/product\/yoast-seo-wordpress\/ -->\n<title>Maria Jos\u00e9 Rangel de Mesquita<\/title>\n<meta name=\"description\" content=\"Maria Jos\u00e9 Rangel de Mesquita \u00e9 Professora Associada com Agrega\u00e7\u00e3o da Faculdade de Direito da Universidade de Lisboa, onde se doutorou e tem exercido fun\u00e7\u00f5es docentes com reg\u00eancias, entre outras, nas \u00e1reas de Direito da Uni\u00e3o Europeia, Direito Internacional P\u00fablico, Direito Internacional dos Direitos Humanos e Justi\u00e7a Internacional. Participou em col\u00f3quios e confer\u00eancias em Portugal e no estrangeiro, de que resultaram v\u00e1rias publica\u00e7\u00f5es internacionais. Em Portugal publicou diversas monografias e li\u00e7\u00f5es, designadamente O poder sancionat\u00f3rio da Uni\u00e3o e das Comunidades Europeias sobre os Estados-membros, A Uni\u00e3o Europeia ap\u00f3s o Tratado de Lisboa, A actua\u00e7\u00e3o externa da Uni\u00e3o Europeia depois do Tratado de Lisboa, Contencioso da Uni\u00e3o Europeia e Justi\u00e7a Internacional (Introdu\u00e7\u00e3o e Justi\u00e7a Internacional regional especializada em mat\u00e9ria de Direitos Humanos). Coordena o M\u00f3dulo Europeu Jean Monnet \u00abFundamental Rights and Rule of law as European Values in a Global World After the Conference on the Future of Europe\u00bb (2022-2025) e, anteriormente, coordenou o M\u00f3dulo Europeu Jean Monnet \u00abEuropean Union\u2019s External Action Role in a Global World\u00bb (2012-1015). Foi membro participante e docente do Centro de Excel\u00eancia Jean Monet da Universidade de Lisboa-Faculdade de Direito (2011-2014), tendo ainda participado em outras ac\u00e7\u00f5es Jean Monnet. Participou no Project on Principles of European Tort Law \u2013 Public Liability (Institute for European Tort Law, 2010-2016), bem como no Research Project \u201cDamages for Violations of Human Rights. A Comparative Study of Domestic Legal Systems\u201d (2015-2016), que culminaram com a publica\u00e7\u00e3o de obras colectivas internacionais. Foi membro, entre outros, do Conselho de Direc\u00e7\u00e3o da AIDA-Portugal, do Conselho de Directores do European Institute for Traffic Law (IDEC-EITL) e do Conselho Directivo da AREP-Institui\u00e7\u00e3o Universit\u00e1ria de Estudos Europeus e da AIDA-Portugal. Foi Ju\u00edza Conselheira no Tribunal Constitucional entre Julho de 2012 e Outubro de 2021.\" \/>\n<meta name=\"robots\" content=\"index, follow, max-snippet:-1, max-image-preview:large, max-video-preview:-1\" \/>\n<link rel=\"canonical\" href=\"https:\/\/lisbonpubliclaw.pt\/en\/investigadores\/maria-jose-rangel-de-mesquita\/\" \/>\n<meta property=\"og:locale\" content=\"en_US\" \/>\n<meta property=\"og:type\" content=\"article\" \/>\n<meta property=\"og:title\" content=\"Maria Jos\u00e9 Rangel de Mesquita\" \/>\n<meta property=\"og:description\" content=\"Investigadora Integrada Efetiva, Vice-Presidente do Conselho Cient\u00edfico\" \/>\n<meta property=\"og:url\" content=\"https:\/\/lisbonpubliclaw.pt\/en\/investigadores\/maria-jose-rangel-de-mesquita\/\" \/>\n<meta property=\"og:site_name\" content=\"Lisbon Public Law\" \/>\n<meta property=\"article:modified_time\" content=\"2023-11-23T12:05:54+00:00\" \/>\n<meta name=\"twitter:card\" content=\"summary_large_image\" \/>\n<script type=\"application\/ld+json\" class=\"yoast-schema-graph\">{\"@context\":\"https:\\\/\\\/schema.org\",\"@graph\":[{\"@type\":[\"WebPage\",\"ProfilePage\"],\"@id\":\"https:\\\/\\\/lisbonpubliclaw.pt\\\/investigadores\\\/maria-jose-rangel-de-mesquita\\\/\",\"url\":\"https:\\\/\\\/lisbonpubliclaw.pt\\\/investigadores\\\/maria-jose-rangel-de-mesquita\\\/\",\"name\":\"Maria Jos\u00e9 Rangel de Mesquita\",\"isPartOf\":{\"@id\":\"https:\\\/\\\/lisbonpubliclaw.pt\\\/#website\"},\"datePublished\":\"2023-06-16T16:21:23+00:00\",\"dateModified\":\"2023-11-23T12:05:54+00:00\",\"description\":\"Maria Jos\u00e9 Rangel de Mesquita \u00e9 Professora Associada com Agrega\u00e7\u00e3o da Faculdade de Direito da Universidade de Lisboa, onde se doutorou e tem exercido fun\u00e7\u00f5es docentes com reg\u00eancias, entre outras, nas \u00e1reas de Direito da Uni\u00e3o Europeia, Direito Internacional P\u00fablico, Direito Internacional dos Direitos Humanos e Justi\u00e7a Internacional. Participou em col\u00f3quios e confer\u00eancias em Portugal e no estrangeiro, de que resultaram v\u00e1rias publica\u00e7\u00f5es internacionais. Em Portugal publicou diversas monografias e li\u00e7\u00f5es, designadamente O poder sancionat\u00f3rio da Uni\u00e3o e das Comunidades Europeias sobre os Estados-membros, A Uni\u00e3o Europeia ap\u00f3s o Tratado de Lisboa, A actua\u00e7\u00e3o externa da Uni\u00e3o Europeia depois do Tratado de Lisboa, Contencioso da Uni\u00e3o Europeia e Justi\u00e7a Internacional (Introdu\u00e7\u00e3o e Justi\u00e7a Internacional regional especializada em mat\u00e9ria de Direitos Humanos). Coordena o M\u00f3dulo Europeu Jean Monnet \u00abFundamental Rights and Rule of law as European Values in a Global World After the Conference on the Future of Europe\u00bb (2022-2025) e, anteriormente, coordenou o M\u00f3dulo Europeu Jean Monnet \u00abEuropean Union\u2019s External Action Role in a Global World\u00bb (2012-1015). Foi membro participante e docente do Centro de Excel\u00eancia Jean Monet da Universidade de Lisboa-Faculdade de Direito (2011-2014), tendo ainda participado em outras ac\u00e7\u00f5es Jean Monnet. Participou no Project on Principles of European Tort Law \u2013 Public Liability (Institute for European Tort Law, 2010-2016), bem como no Research Project \u201cDamages for Violations of Human Rights. A Comparative Study of Domestic Legal Systems\u201d (2015-2016), que culminaram com a publica\u00e7\u00e3o de obras colectivas internacionais. Foi membro, entre outros, do Conselho de Direc\u00e7\u00e3o da AIDA-Portugal, do Conselho de Directores do European Institute for Traffic Law (IDEC-EITL) e do Conselho Directivo da AREP-Institui\u00e7\u00e3o Universit\u00e1ria de Estudos Europeus e da AIDA-Portugal. Foi Ju\u00edza Conselheira no Tribunal Constitucional entre Julho de 2012 e Outubro de 2021.\",\"breadcrumb\":{\"@id\":\"https:\\\/\\\/lisbonpubliclaw.pt\\\/investigadores\\\/maria-jose-rangel-de-mesquita\\\/#breadcrumb\"},\"inLanguage\":\"en-US\",\"potentialAction\":[{\"@type\":\"ReadAction\",\"target\":[\"https:\\\/\\\/lisbonpubliclaw.pt\\\/investigadores\\\/maria-jose-rangel-de-mesquita\\\/\"]}]},{\"@type\":\"BreadcrumbList\",\"@id\":\"https:\\\/\\\/lisbonpubliclaw.pt\\\/investigadores\\\/maria-jose-rangel-de-mesquita\\\/#breadcrumb\",\"itemListElement\":[{\"@type\":\"ListItem\",\"position\":1,\"name\":\"Home\",\"item\":\"https:\\\/\\\/lisbonpubliclaw.pt\\\/\"},{\"@type\":\"ListItem\",\"position\":2,\"name\":\"Investigadores\",\"item\":\"https:\\\/\\\/lisbonpubliclaw.pt\\\/investigadores\\\/\"},{\"@type\":\"ListItem\",\"position\":3,\"name\":\"Maria Jos\u00e9 Rangel de Mesquita\"}]},{\"@type\":\"WebSite\",\"@id\":\"https:\\\/\\\/lisbonpubliclaw.pt\\\/#website\",\"url\":\"https:\\\/\\\/lisbonpubliclaw.pt\\\/\",\"name\":\"Lisbon Public Law\",\"description\":\"Public Law Research Centre in Lisbon\",\"publisher\":{\"@id\":\"https:\\\/\\\/lisbonpubliclaw.pt\\\/#organization\"},\"potentialAction\":[{\"@type\":\"SearchAction\",\"target\":{\"@type\":\"EntryPoint\",\"urlTemplate\":\"https:\\\/\\\/lisbonpubliclaw.pt\\\/?s={search_term_string}\"},\"query-input\":{\"@type\":\"PropertyValueSpecification\",\"valueRequired\":true,\"valueName\":\"search_term_string\"}}],\"inLanguage\":\"en-US\"},{\"@type\":\"Organization\",\"@id\":\"https:\\\/\\\/lisbonpubliclaw.pt\\\/#organization\",\"name\":\"Lisbon Public Law\",\"url\":\"https:\\\/\\\/lisbonpubliclaw.pt\\\/\",\"logo\":{\"@type\":\"ImageObject\",\"inLanguage\":\"en-US\",\"@id\":\"https:\\\/\\\/lisbonpubliclaw.pt\\\/#\\\/schema\\\/logo\\\/image\\\/\",\"url\":\"https:\\\/\\\/lisbonpubliclaw.pt\\\/wp-content\\\/uploads\\\/2023\\\/06\\\/WhatsApp-Image-2023-06-19-at-11.01.50-1.jpeg\",\"contentUrl\":\"https:\\\/\\\/lisbonpubliclaw.pt\\\/wp-content\\\/uploads\\\/2023\\\/06\\\/WhatsApp-Image-2023-06-19-at-11.01.50-1.jpeg\",\"width\":354,\"height\":354,\"caption\":\"Lisbon Public Law\"},\"image\":{\"@id\":\"https:\\\/\\\/lisbonpubliclaw.pt\\\/#\\\/schema\\\/logo\\\/image\\\/\"},\"mainEntityOfPage\":{\"@id\":\"https:\\\/\\\/lisbonpubliclaw.pt\\\/investigadores\\\/maria-jose-rangel-de-mesquita\\\/\"}}]}<\/script>\n<!-- \/ Yoast SEO plugin. -->","yoast_head_json":{"title":"Maria Jos\u00e9 Rangel de Mesquita","description":"Maria Jos\u00e9 Rangel de Mesquita is an Associate Professor with Aggregation at the Faculty of Law of the University of Lisbon, where she received her doctorate and has held teaching positions with regents, among others, in the areas of European Union Law, Public International Law, International Human Rights Law and International Justice. She participated in colloquiums and conferences in Portugal and abroad, which resulted in several international publications. In Portugal she published several monographs and lessons, namely \u201cO poder sancionat\u00f3rio da Uni\u00e3o e das Comunidades Europeias sobre os Estados-membros\u201d, \u201cA Uni\u00e3o Europeia ap\u00f3s o Tratado de Lisboa\u201d, \u201cA actua\u00e7\u00e3o externa da Uni\u00e3o Europeia depois do Tratado de Lisboa\u201d, \u201cContencioso da Uni\u00e3o Europeia e Justi\u00e7a Internacional (Introdu\u00e7\u00e3o e Justi\u00e7a Internacional regional especializada em mat\u00e9ria de Direitos Humanos)\u201d. She coordinates the Jean Monnet European Module \u00abFundamental Rights and Rule of law as European Values in a Global World After the Conference on the Future of Europe\u00bb (2022-2025) and, previously, coordinated the Jean Monnet European Module \u00abEuropean Union's External Action Role in a Global World\u201d (2012-1015). She was a participating member and teacher at the Jean Monnet Center of Excellence at the University of Lisbon-Faculty of Law (2011-2014), having also participated in other Jean Monnet actions. She participated in the Project on Principles of European Tort Law \u2013 Public Liability (Institute for European Tort Law, 2010-2016), as well as in the Research Project \u201cDamages for Violations of Human Rights. A Comparative Study of Domestic Legal Systems\u201d (2015-2016), which culminated in the publication of international collective works. She was a member, among others, of the Board of Directors of AIDA-Portugal, the Board of Directors of the European Institute for Traffic Law (IDEC-EITL) and the Board of Directors of AREP-University Institution of European Studies and AIDA-Portugal. She was an Advisor Judge at the Constitutional Court between July 2012 and October 2021.","robots":{"index":"index","follow":"follow","max-snippet":"max-snippet:-1","max-image-preview":"max-image-preview:large","max-video-preview":"max-video-preview:-1"},"canonical":"https:\/\/lisbonpubliclaw.pt\/en\/investigadores\/maria-jose-rangel-de-mesquita\/","og_locale":"en_US","og_type":"article","og_title":"Maria Jos\u00e9 Rangel de Mesquita","og_description":"Investigadora Integrada Efetiva, Vice-Presidente do Conselho Cient\u00edfico","og_url":"https:\/\/lisbonpubliclaw.pt\/en\/investigadores\/maria-jose-rangel-de-mesquita\/","og_site_name":"Lisbon Public Law","article_modified_time":"2023-11-23T12:05:54+00:00","twitter_card":"summary_large_image","schema":{"@context":"https:\/\/schema.org","@graph":[{"@type":["WebPage","ProfilePage"],"@id":"https:\/\/lisbonpubliclaw.pt\/investigadores\/maria-jose-rangel-de-mesquita\/","url":"https:\/\/lisbonpubliclaw.pt\/investigadores\/maria-jose-rangel-de-mesquita\/","name":"Maria Jos\u00e9 Rangel de Mesquita","isPartOf":{"@id":"https:\/\/lisbonpubliclaw.pt\/#website"},"datePublished":"2023-06-16T16:21:23+00:00","dateModified":"2023-11-23T12:05:54+00:00","description":"Maria Jos\u00e9 Rangel de Mesquita is an Associate Professor with Aggregation at the Faculty of Law of the University of Lisbon, where she received her doctorate and has held teaching positions with regents, among others, in the areas of European Union Law, Public International Law, International Human Rights Law and International Justice. She participated in colloquiums and conferences in Portugal and abroad, which resulted in several international publications. In Portugal she published several monographs and lessons, namely \u201cO poder sancionat\u00f3rio da Uni\u00e3o e das Comunidades Europeias sobre os Estados-membros\u201d, \u201cA Uni\u00e3o Europeia ap\u00f3s o Tratado de Lisboa\u201d, \u201cA actua\u00e7\u00e3o externa da Uni\u00e3o Europeia depois do Tratado de Lisboa\u201d, \u201cContencioso da Uni\u00e3o Europeia e Justi\u00e7a Internacional (Introdu\u00e7\u00e3o e Justi\u00e7a Internacional regional especializada em mat\u00e9ria de Direitos Humanos)\u201d. She coordinates the Jean Monnet European Module \u00abFundamental Rights and Rule of law as European Values in a Global World After the Conference on the Future of Europe\u00bb (2022-2025) and, previously, coordinated the Jean Monnet European Module \u00abEuropean Union's External Action Role in a Global World\u201d (2012-1015). She was a participating member and teacher at the Jean Monnet Center of Excellence at the University of Lisbon-Faculty of Law (2011-2014), having also participated in other Jean Monnet actions. She participated in the Project on Principles of European Tort Law \u2013 Public Liability (Institute for European Tort Law, 2010-2016), as well as in the Research Project \u201cDamages for Violations of Human Rights. A Comparative Study of Domestic Legal Systems\u201d (2015-2016), which culminated in the publication of international collective works. She was a member, among others, of the Board of Directors of AIDA-Portugal, the Board of Directors of the European Institute for Traffic Law (IDEC-EITL) and the Board of Directors of AREP-University Institution of European Studies and AIDA-Portugal. She was an Advisor Judge at the Constitutional Court between July 2012 and October 2021.","breadcrumb":{"@id":"https:\/\/lisbonpubliclaw.pt\/investigadores\/maria-jose-rangel-de-mesquita\/#breadcrumb"},"inLanguage":"en-US","potentialAction":[{"@type":"ReadAction","target":["https:\/\/lisbonpubliclaw.pt\/investigadores\/maria-jose-rangel-de-mesquita\/"]}]},{"@type":"BreadcrumbList","@id":"https:\/\/lisbonpubliclaw.pt\/investigadores\/maria-jose-rangel-de-mesquita\/#breadcrumb","itemListElement":[{"@type":"ListItem","position":1,"name":"Home","item":"https:\/\/lisbonpubliclaw.pt\/"},{"@type":"ListItem","position":2,"name":"Investigadores","item":"https:\/\/lisbonpubliclaw.pt\/investigadores\/"},{"@type":"ListItem","position":3,"name":"Maria Jos\u00e9 Rangel de Mesquita"}]},{"@type":"WebSite","@id":"https:\/\/lisbonpubliclaw.pt\/#website","url":"https:\/\/lisbonpubliclaw.pt\/","name":"Lisbon Public Law","description":"Public Law Research Centre in Lisbon","publisher":{"@id":"https:\/\/lisbonpubliclaw.pt\/#organization"},"potentialAction":[{"@type":"SearchAction","target":{"@type":"EntryPoint","urlTemplate":"https:\/\/lisbonpubliclaw.pt\/?s={search_term_string}"},"query-input":{"@type":"PropertyValueSpecification","valueRequired":true,"valueName":"search_term_string"}}],"inLanguage":"en-US"},{"@type":"Organization","@id":"https:\/\/lisbonpubliclaw.pt\/#organization","name":"Lisbon Public Law","url":"https:\/\/lisbonpubliclaw.pt\/","logo":{"@type":"ImageObject","inLanguage":"en-US","@id":"https:\/\/lisbonpubliclaw.pt\/#\/schema\/logo\/image\/","url":"https:\/\/lisbonpubliclaw.pt\/wp-content\/uploads\/2023\/06\/WhatsApp-Image-2023-06-19-at-11.01.50-1.jpeg","contentUrl":"https:\/\/lisbonpubliclaw.pt\/wp-content\/uploads\/2023\/06\/WhatsApp-Image-2023-06-19-at-11.01.50-1.jpeg","width":354,"height":354,"caption":"Lisbon Public Law"},"image":{"@id":"https:\/\/lisbonpubliclaw.pt\/#\/schema\/logo\/image\/"},"mainEntityOfPage":{"@id":"https:\/\/lisbonpubliclaw.pt\/investigadores\/maria-jose-rangel-de-mesquita\/"}}]}},"_links":{"self":[{"href":"https:\/\/lisbonpubliclaw.pt\/en\/wp-json\/wp\/v2\/investigadores\/1752","targetHints":{"allow":["GET"]}}],"collection":[{"href":"https:\/\/lisbonpubliclaw.pt\/en\/wp-json\/wp\/v2\/investigadores"}],"about":[{"href":"https:\/\/lisbonpubliclaw.pt\/en\/wp-json\/wp\/v2\/types\/investigadores"}],"wp:attachment":[{"href":"https:\/\/lisbonpubliclaw.pt\/en\/wp-json\/wp\/v2\/media?parent=1752"}],"wp:term":[{"taxonomy":"efetivos-assistentes","embeddable":true,"href":"https:\/\/lisbonpubliclaw.pt\/en\/wp-json\/wp\/v2\/efetivos-assistentes?post=1752"},{"taxonomy":"members-fellows","embeddable":true,"href":"https:\/\/lisbonpubliclaw.pt\/en\/wp-json\/wp\/v2\/members-fellows?post=1752"},{"taxonomy":"cluster","embeddable":true,"href":"https:\/\/lisbonpubliclaw.pt\/en\/wp-json\/wp\/v2\/cluster?post=1752"},{"taxonomy":"categoria-do-investigador","embeddable":true,"href":"https:\/\/lisbonpubliclaw.pt\/en\/wp-json\/wp\/v2\/categoria-do-investigador?post=1752"},{"taxonomy":"grupo-de-investigacao","embeddable":true,"href":"https:\/\/lisbonpubliclaw.pt\/en\/wp-json\/wp\/v2\/grupo-de-investigacao?post=1752"}],"curies":[{"name":"wp","href":"https:\/\/api.w.org\/{rel}","templated":true}]}}