{"id":1751,"date":"2023-06-16T16:21:23","date_gmt":"2023-06-16T16:21:23","guid":{"rendered":"https:\/\/lisbonpubliclaw.pt\/investigadores\/maria-joao-estorninho\/"},"modified":"2023-07-26T20:01:37","modified_gmt":"2023-07-26T20:01:37","slug":"maria-joao-estorninho","status":"publish","type":"investigadores","link":"https:\/\/lisbonpubliclaw.pt\/en\/investigadores\/maria-joao-estorninho\/","title":{"rendered":"Maria Jo\u00e3o Estorninho"},"content":{"rendered":"","protected":false},"template":"","meta":{"foto-do-investigador":"https:\/\/lisbonpubliclaw.pt\/wp-content\/uploads\/2023\/07\/Maria-Joao-Estorninho.png","nome-do-investigador":"Maria Jo\u00e3o Estorninho","cargo-do-investigador":"Investigadora Integrada Efetiva","email-do-investigador":"mailto:estorninho@fd.ulisboa.pt","cv-do-investigador":"","orcid":"0000-0002-5045-011X","ciencia-id":"AE1C-75B9-DDF8","areas-de-investigacao":"Direito Administrativo, Direito da Contrata\u00e7\u00e3o P\u00fablica, Direito Europeu, Direito da Sa\u00fade, Direito da Alimenta\u00e7\u00e3o","short-bio-investigadores":"Maria Jo\u00e3o Estorninho \u00e9 Professora Catedr\u00e1tica da Faculdade de Direito de Lisboa e \u00e9 Presidente do Grupo de Ci\u00eancias Jur\u00eddico-Pol\u00edticas.\r\nConcluiu a Agrega\u00e7\u00e3o (2007), o Doutoramento (1996) e o Mestrado (1990) na FDUL.\r\n\u00c9 membro do Conselho Cient\u00edfico, Presidente da Comiss\u00e3o de \u00c9tica para a Investiga\u00e7\u00e3o da FDUL e Coordenadora dos Programas de P\u00f3s-Doutoramento. \r\n\u00c9 Catedr\u00e1tica convidada da Universidade Cat\u00f3lica, membro do Conselho Coordenador do Col\u00e9gio F3 \u2013 Food, Farming and Forestry (investiga\u00e7\u00e3o interdisciplinar da ULisboa), Investigadora principal do CDIP-FDUL e membro de diversas associa\u00e7\u00f5es cient\u00edficas (vg. Societas Iuris Publici Europaei- SIPE). \u00c9 Membro fundador dos Cadernos de Justi\u00e7a Administrativa. Foi membro do European Commission\u2019s Public Procurement Expert Group (UE). \r\nInvestigadora e oradora em confer\u00eancias, em tem\u00e1ticas de Direitos Humanos, Direito Administrativo, Direito dos Contratos P\u00fablicos, Direito da Sa\u00fade e da Alimenta\u00e7\u00e3o, publicou, entre outros, Requiem pelo Contrato Administrativo, A Fuga para o Direito Privado, Direito Europeu dos Contratos P\u00fablicos e Direito da Sa\u00fade.\r\n\u00c9 Membro do Conselho Superior dos Tribunais Administrativos e Fiscais, por nomea\u00e7\u00e3o do Presidente da Rep\u00fablica.","link-pagina-pessoal":""},"efetivos-assistentes":[32],"members-fellows":[],"cluster":[],"categoria-do-investigador":[14],"grupo-de-investigacao":[11],"class_list":["post-1751","investigadores","type-investigadores","status-publish","hentry","efetivos-assistentes-efetivo","categoria-do-investigador-integrado","grupo-de-investigacao-direito-administrativo"],"yoast_head":"<!-- This site is optimized with the Yoast SEO plugin v27.5 - https:\/\/yoast.com\/product\/yoast-seo-wordpress\/ -->\n<title>Maria Jo\u00e3o Estorninho<\/title>\n<meta name=\"description\" content=\"Maria Jo\u00e3o Estorninho \u00e9 Professora Catedr\u00e1tica da Faculdade de Direito de Lisboa e \u00e9 Presidente do Grupo de Ci\u00eancias Jur\u00eddico-Pol\u00edticas. Concluiu a Agrega\u00e7\u00e3o (2007), o Doutoramento (1996) e o Mestrado (1990) na FDUL. \u00c9 membro do Conselho Cient\u00edfico, Presidente da Comiss\u00e3o de \u00c9tica para a Investiga\u00e7\u00e3o da FDUL e Coordenadora dos Programas de P\u00f3s-Doutoramento. \u00c9 Catedr\u00e1tica convidada da Universidade Cat\u00f3lica, membro do Conselho Coordenador do Col\u00e9gio F3 \u2013 Food, Farming and Forestry (investiga\u00e7\u00e3o interdisciplinar da ULisboa), Investigadora principal do CDIP-FDUL e membro de diversas associa\u00e7\u00f5es cient\u00edficas (vg. Societas Iuris Publici Europaei- SIPE). \u00c9 Membro fundador dos Cadernos de Justi\u00e7a Administrativa. Foi membro do European Commission\u2019s Public Procurement Expert Group (UE). Investigadora e oradora em confer\u00eancias, em tem\u00e1ticas de Direitos Humanos, Direito Administrativo, Direito dos Contratos P\u00fablicos, Direito da Sa\u00fade e da Alimenta\u00e7\u00e3o, publicou, entre outros, Requiem pelo Contrato Administrativo, A Fuga para o Direito Privado, Direito Europeu dos Contratos P\u00fablicos e Direito da Sa\u00fade. \u00c9 Membro do Conselho Superior dos Tribunais Administrativos e Fiscais, por nomea\u00e7\u00e3o do Presidente da Rep\u00fablica.\" \/>\n<meta name=\"robots\" content=\"index, follow, max-snippet:-1, max-image-preview:large, max-video-preview:-1\" \/>\n<link rel=\"canonical\" href=\"https:\/\/lisbonpubliclaw.pt\/en\/investigadores\/maria-joao-estorninho\/\" \/>\n<meta property=\"og:locale\" content=\"en_US\" \/>\n<meta property=\"og:type\" content=\"article\" \/>\n<meta property=\"og:title\" content=\"Maria Jo\u00e3o Estorninho\" \/>\n<meta property=\"og:description\" content=\"Investigadora Integrada Efetiva\" \/>\n<meta property=\"og:url\" content=\"https:\/\/lisbonpubliclaw.pt\/en\/investigadores\/maria-joao-estorninho\/\" \/>\n<meta property=\"og:site_name\" content=\"Lisbon Public Law\" \/>\n<meta property=\"article:modified_time\" content=\"2023-07-26T20:01:37+00:00\" \/>\n<meta name=\"twitter:card\" content=\"summary_large_image\" \/>\n<script type=\"application\/ld+json\" class=\"yoast-schema-graph\">{\"@context\":\"https:\\\/\\\/schema.org\",\"@graph\":[{\"@type\":[\"WebPage\",\"ProfilePage\"],\"@id\":\"https:\\\/\\\/lisbonpubliclaw.pt\\\/investigadores\\\/maria-joao-estorninho\\\/\",\"url\":\"https:\\\/\\\/lisbonpubliclaw.pt\\\/investigadores\\\/maria-joao-estorninho\\\/\",\"name\":\"Maria Jo\u00e3o Estorninho\",\"isPartOf\":{\"@id\":\"https:\\\/\\\/lisbonpubliclaw.pt\\\/#website\"},\"datePublished\":\"2023-06-16T16:21:23+00:00\",\"dateModified\":\"2023-07-26T20:01:37+00:00\",\"description\":\"Maria Jo\u00e3o Estorninho \u00e9 Professora Catedr\u00e1tica da Faculdade de Direito de Lisboa e \u00e9 Presidente do Grupo de Ci\u00eancias Jur\u00eddico-Pol\u00edticas. Concluiu a Agrega\u00e7\u00e3o (2007), o Doutoramento (1996) e o Mestrado (1990) na FDUL. \u00c9 membro do Conselho Cient\u00edfico, Presidente da Comiss\u00e3o de \u00c9tica para a Investiga\u00e7\u00e3o da FDUL e Coordenadora dos Programas de P\u00f3s-Doutoramento. \u00c9 Catedr\u00e1tica convidada da Universidade Cat\u00f3lica, membro do Conselho Coordenador do Col\u00e9gio F3 \u2013 Food, Farming and Forestry (investiga\u00e7\u00e3o interdisciplinar da ULisboa), Investigadora principal do CDIP-FDUL e membro de diversas associa\u00e7\u00f5es cient\u00edficas (vg. Societas Iuris Publici Europaei- SIPE). \u00c9 Membro fundador dos Cadernos de Justi\u00e7a Administrativa. Foi membro do European Commission\u2019s Public Procurement Expert Group (UE). Investigadora e oradora em confer\u00eancias, em tem\u00e1ticas de Direitos Humanos, Direito Administrativo, Direito dos Contratos P\u00fablicos, Direito da Sa\u00fade e da Alimenta\u00e7\u00e3o, publicou, entre outros, Requiem pelo Contrato Administrativo, A Fuga para o Direito Privado, Direito Europeu dos Contratos P\u00fablicos e Direito da Sa\u00fade. \u00c9 Membro do Conselho Superior dos Tribunais Administrativos e Fiscais, por nomea\u00e7\u00e3o do Presidente da Rep\u00fablica.\",\"breadcrumb\":{\"@id\":\"https:\\\/\\\/lisbonpubliclaw.pt\\\/investigadores\\\/maria-joao-estorninho\\\/#breadcrumb\"},\"inLanguage\":\"en-US\",\"potentialAction\":[{\"@type\":\"ReadAction\",\"target\":[\"https:\\\/\\\/lisbonpubliclaw.pt\\\/investigadores\\\/maria-joao-estorninho\\\/\"]}]},{\"@type\":\"BreadcrumbList\",\"@id\":\"https:\\\/\\\/lisbonpubliclaw.pt\\\/investigadores\\\/maria-joao-estorninho\\\/#breadcrumb\",\"itemListElement\":[{\"@type\":\"ListItem\",\"position\":1,\"name\":\"Home\",\"item\":\"https:\\\/\\\/lisbonpubliclaw.pt\\\/\"},{\"@type\":\"ListItem\",\"position\":2,\"name\":\"Investigadores\",\"item\":\"https:\\\/\\\/lisbonpubliclaw.pt\\\/investigadores\\\/\"},{\"@type\":\"ListItem\",\"position\":3,\"name\":\"Maria Jo\u00e3o Estorninho\"}]},{\"@type\":\"WebSite\",\"@id\":\"https:\\\/\\\/lisbonpubliclaw.pt\\\/#website\",\"url\":\"https:\\\/\\\/lisbonpubliclaw.pt\\\/\",\"name\":\"Lisbon Public Law\",\"description\":\"Public Law Research Centre in Lisbon\",\"publisher\":{\"@id\":\"https:\\\/\\\/lisbonpubliclaw.pt\\\/#organization\"},\"potentialAction\":[{\"@type\":\"SearchAction\",\"target\":{\"@type\":\"EntryPoint\",\"urlTemplate\":\"https:\\\/\\\/lisbonpubliclaw.pt\\\/?s={search_term_string}\"},\"query-input\":{\"@type\":\"PropertyValueSpecification\",\"valueRequired\":true,\"valueName\":\"search_term_string\"}}],\"inLanguage\":\"en-US\"},{\"@type\":\"Organization\",\"@id\":\"https:\\\/\\\/lisbonpubliclaw.pt\\\/#organization\",\"name\":\"Lisbon Public Law\",\"url\":\"https:\\\/\\\/lisbonpubliclaw.pt\\\/\",\"logo\":{\"@type\":\"ImageObject\",\"inLanguage\":\"en-US\",\"@id\":\"https:\\\/\\\/lisbonpubliclaw.pt\\\/#\\\/schema\\\/logo\\\/image\\\/\",\"url\":\"https:\\\/\\\/lisbonpubliclaw.pt\\\/wp-content\\\/uploads\\\/2023\\\/06\\\/WhatsApp-Image-2023-06-19-at-11.01.50-1.jpeg\",\"contentUrl\":\"https:\\\/\\\/lisbonpubliclaw.pt\\\/wp-content\\\/uploads\\\/2023\\\/06\\\/WhatsApp-Image-2023-06-19-at-11.01.50-1.jpeg\",\"width\":354,\"height\":354,\"caption\":\"Lisbon Public Law\"},\"image\":{\"@id\":\"https:\\\/\\\/lisbonpubliclaw.pt\\\/#\\\/schema\\\/logo\\\/image\\\/\"},\"mainEntityOfPage\":{\"@id\":\"https:\\\/\\\/lisbonpubliclaw.pt\\\/investigadores\\\/maria-joao-estorninho\\\/\"}}]}<\/script>\n<!-- \/ Yoast SEO plugin. -->","yoast_head_json":{"title":"Maria Jo\u00e3o Estorninho","description":"Maria Jo\u00e3o Estorninho \u00e9 Professora Catedr\u00e1tica da Faculdade de Direito de Lisboa e \u00e9 Presidente do Grupo de Ci\u00eancias Jur\u00eddico-Pol\u00edticas. Concluiu a Agrega\u00e7\u00e3o (2007), o Doutoramento (1996) e o Mestrado (1990) na FDUL. \u00c9 membro do Conselho Cient\u00edfico, Presidente da Comiss\u00e3o de \u00c9tica para a Investiga\u00e7\u00e3o da FDUL e Coordenadora dos Programas de P\u00f3s-Doutoramento. \u00c9 Catedr\u00e1tica convidada da Universidade Cat\u00f3lica, membro do Conselho Coordenador do Col\u00e9gio F3 \u2013 Food, Farming and Forestry (investiga\u00e7\u00e3o interdisciplinar da ULisboa), Investigadora principal do CDIP-FDUL e membro de diversas associa\u00e7\u00f5es cient\u00edficas (vg. Societas Iuris Publici Europaei- SIPE). \u00c9 Membro fundador dos Cadernos de Justi\u00e7a Administrativa. Foi membro do European Commission\u2019s Public Procurement Expert Group (UE). Investigadora e oradora em confer\u00eancias, em tem\u00e1ticas de Direitos Humanos, Direito Administrativo, Direito dos Contratos P\u00fablicos, Direito da Sa\u00fade e da Alimenta\u00e7\u00e3o, publicou, entre outros, Requiem pelo Contrato Administrativo, A Fuga para o Direito Privado, Direito Europeu dos Contratos P\u00fablicos e Direito da Sa\u00fade. \u00c9 Membro do Conselho Superior dos Tribunais Administrativos e Fiscais, por nomea\u00e7\u00e3o do Presidente da Rep\u00fablica.","robots":{"index":"index","follow":"follow","max-snippet":"max-snippet:-1","max-image-preview":"max-image-preview:large","max-video-preview":"max-video-preview:-1"},"canonical":"https:\/\/lisbonpubliclaw.pt\/en\/investigadores\/maria-joao-estorninho\/","og_locale":"en_US","og_type":"article","og_title":"Maria Jo\u00e3o Estorninho","og_description":"Investigadora Integrada Efetiva","og_url":"https:\/\/lisbonpubliclaw.pt\/en\/investigadores\/maria-joao-estorninho\/","og_site_name":"Lisbon Public Law","article_modified_time":"2023-07-26T20:01:37+00:00","twitter_card":"summary_large_image","schema":{"@context":"https:\/\/schema.org","@graph":[{"@type":["WebPage","ProfilePage"],"@id":"https:\/\/lisbonpubliclaw.pt\/investigadores\/maria-joao-estorninho\/","url":"https:\/\/lisbonpubliclaw.pt\/investigadores\/maria-joao-estorninho\/","name":"Maria Jo\u00e3o Estorninho","isPartOf":{"@id":"https:\/\/lisbonpubliclaw.pt\/#website"},"datePublished":"2023-06-16T16:21:23+00:00","dateModified":"2023-07-26T20:01:37+00:00","description":"Maria Jo\u00e3o Estorninho \u00e9 Professora Catedr\u00e1tica da Faculdade de Direito de Lisboa e \u00e9 Presidente do Grupo de Ci\u00eancias Jur\u00eddico-Pol\u00edticas. Concluiu a Agrega\u00e7\u00e3o (2007), o Doutoramento (1996) e o Mestrado (1990) na FDUL. \u00c9 membro do Conselho Cient\u00edfico, Presidente da Comiss\u00e3o de \u00c9tica para a Investiga\u00e7\u00e3o da FDUL e Coordenadora dos Programas de P\u00f3s-Doutoramento. \u00c9 Catedr\u00e1tica convidada da Universidade Cat\u00f3lica, membro do Conselho Coordenador do Col\u00e9gio F3 \u2013 Food, Farming and Forestry (investiga\u00e7\u00e3o interdisciplinar da ULisboa), Investigadora principal do CDIP-FDUL e membro de diversas associa\u00e7\u00f5es cient\u00edficas (vg. Societas Iuris Publici Europaei- SIPE). \u00c9 Membro fundador dos Cadernos de Justi\u00e7a Administrativa. Foi membro do European Commission\u2019s Public Procurement Expert Group (UE). Investigadora e oradora em confer\u00eancias, em tem\u00e1ticas de Direitos Humanos, Direito Administrativo, Direito dos Contratos P\u00fablicos, Direito da Sa\u00fade e da Alimenta\u00e7\u00e3o, publicou, entre outros, Requiem pelo Contrato Administrativo, A Fuga para o Direito Privado, Direito Europeu dos Contratos P\u00fablicos e Direito da Sa\u00fade. \u00c9 Membro do Conselho Superior dos Tribunais Administrativos e Fiscais, por nomea\u00e7\u00e3o do Presidente da Rep\u00fablica.","breadcrumb":{"@id":"https:\/\/lisbonpubliclaw.pt\/investigadores\/maria-joao-estorninho\/#breadcrumb"},"inLanguage":"en-US","potentialAction":[{"@type":"ReadAction","target":["https:\/\/lisbonpubliclaw.pt\/investigadores\/maria-joao-estorninho\/"]}]},{"@type":"BreadcrumbList","@id":"https:\/\/lisbonpubliclaw.pt\/investigadores\/maria-joao-estorninho\/#breadcrumb","itemListElement":[{"@type":"ListItem","position":1,"name":"Home","item":"https:\/\/lisbonpubliclaw.pt\/"},{"@type":"ListItem","position":2,"name":"Investigadores","item":"https:\/\/lisbonpubliclaw.pt\/investigadores\/"},{"@type":"ListItem","position":3,"name":"Maria Jo\u00e3o Estorninho"}]},{"@type":"WebSite","@id":"https:\/\/lisbonpubliclaw.pt\/#website","url":"https:\/\/lisbonpubliclaw.pt\/","name":"Lisbon Public Law","description":"Public Law Research Centre in Lisbon","publisher":{"@id":"https:\/\/lisbonpubliclaw.pt\/#organization"},"potentialAction":[{"@type":"SearchAction","target":{"@type":"EntryPoint","urlTemplate":"https:\/\/lisbonpubliclaw.pt\/?s={search_term_string}"},"query-input":{"@type":"PropertyValueSpecification","valueRequired":true,"valueName":"search_term_string"}}],"inLanguage":"en-US"},{"@type":"Organization","@id":"https:\/\/lisbonpubliclaw.pt\/#organization","name":"Lisbon Public Law","url":"https:\/\/lisbonpubliclaw.pt\/","logo":{"@type":"ImageObject","inLanguage":"en-US","@id":"https:\/\/lisbonpubliclaw.pt\/#\/schema\/logo\/image\/","url":"https:\/\/lisbonpubliclaw.pt\/wp-content\/uploads\/2023\/06\/WhatsApp-Image-2023-06-19-at-11.01.50-1.jpeg","contentUrl":"https:\/\/lisbonpubliclaw.pt\/wp-content\/uploads\/2023\/06\/WhatsApp-Image-2023-06-19-at-11.01.50-1.jpeg","width":354,"height":354,"caption":"Lisbon Public Law"},"image":{"@id":"https:\/\/lisbonpubliclaw.pt\/#\/schema\/logo\/image\/"},"mainEntityOfPage":{"@id":"https:\/\/lisbonpubliclaw.pt\/investigadores\/maria-joao-estorninho\/"}}]}},"_links":{"self":[{"href":"https:\/\/lisbonpubliclaw.pt\/en\/wp-json\/wp\/v2\/investigadores\/1751","targetHints":{"allow":["GET"]}}],"collection":[{"href":"https:\/\/lisbonpubliclaw.pt\/en\/wp-json\/wp\/v2\/investigadores"}],"about":[{"href":"https:\/\/lisbonpubliclaw.pt\/en\/wp-json\/wp\/v2\/types\/investigadores"}],"wp:attachment":[{"href":"https:\/\/lisbonpubliclaw.pt\/en\/wp-json\/wp\/v2\/media?parent=1751"}],"wp:term":[{"taxonomy":"efetivos-assistentes","embeddable":true,"href":"https:\/\/lisbonpubliclaw.pt\/en\/wp-json\/wp\/v2\/efetivos-assistentes?post=1751"},{"taxonomy":"members-fellows","embeddable":true,"href":"https:\/\/lisbonpubliclaw.pt\/en\/wp-json\/wp\/v2\/members-fellows?post=1751"},{"taxonomy":"cluster","embeddable":true,"href":"https:\/\/lisbonpubliclaw.pt\/en\/wp-json\/wp\/v2\/cluster?post=1751"},{"taxonomy":"categoria-do-investigador","embeddable":true,"href":"https:\/\/lisbonpubliclaw.pt\/en\/wp-json\/wp\/v2\/categoria-do-investigador?post=1751"},{"taxonomy":"grupo-de-investigacao","embeddable":true,"href":"https:\/\/lisbonpubliclaw.pt\/en\/wp-json\/wp\/v2\/grupo-de-investigacao?post=1751"}],"curies":[{"name":"wp","href":"https:\/\/api.w.org\/{rel}","templated":true}]}}