{"id":1748,"date":"2023-06-16T16:21:22","date_gmt":"2023-06-16T16:21:22","guid":{"rendered":"https:\/\/lisbonpubliclaw.pt\/investigadores\/luis-pereira-coutinho\/"},"modified":"2023-11-23T12:03:54","modified_gmt":"2023-11-23T12:03:54","slug":"luis-pereira-coutinho","status":"publish","type":"investigadores","link":"https:\/\/lisbonpubliclaw.pt\/en\/investigadores\/luis-pereira-coutinho\/","title":{"rendered":"Lu\u00eds Pereira Coutinho"},"content":{"rendered":"","protected":false},"template":"","meta":{"foto-do-investigador":"https:\/\/lisbonpubliclaw.pt\/wp-content\/uploads\/2023\/07\/Luis-Pereira-Coutinho.png","nome-do-investigador":"Lu\u00eds Pereira Coutinho","cargo-do-investigador":"Investigador Integrado Efetivo <br> Coordenador Adjunto do Grupo de Investiga\u00e7\u00e3o em Direito Constitucional e Ci\u00eancia Pol\u00edtica","email-do-investigador":"mailto:lpcoutinho@fd.ulisboa.pt","cv-do-investigador":"","orcid":"0000-0002-5552-5467","ciencia-id":"C619-E7B8-9D25","areas-de-investigacao":"Direito Constitucional, Ci\u00eancia Pol\u00edtica, Teoria do Estado, Teoria do Direito","short-bio-investigadores":"Licenciado (1996), Mestre (2002) e Doutor (2008) pela Faculdade de Direito da\u00a0Universidade de Lisboa, onde \u00e9 atualmente professor associado. Os seus interesses de investiga\u00e7\u00e3o centram-se no\u00a0Direito Constitucional, Ci\u00eancia Pol\u00edtica\u00a0e Teoria do Direito. Entre os livros que publicou, destacam-se,\u00a0A Autoridade Moral da Constitui\u00e7\u00e3o (2009),\u00a0Teoria dos Regimes Pol\u00edticos\u00a0(2013)\u00a0e\u00a0O Estado como Representa\u00e7\u00e3o (2020), como autor, e\u00a0O Tribunal Constitucional e a Crise\u00a0(2014),\u00a0Judicial Activism: An Interdisciplinary Approach to the American and European Experiences\u00a0(2015);\u00a0\u00a0e\u00a0The Political Dimension of Constitutional Law (2020), como co-editor. Tem participado em projetos de investiga\u00e7\u00e3o, confer\u00eancias e publica\u00e7\u00f5es coletivas em Portugal e no estrangeiro, tendo tamb\u00e9m\u00a0v\u00e1rios artigos publicados em publica\u00e7\u00f5es peri\u00f3dicas, nomeadamente \"Human Dignity as a Background Idea\" (ASRP, 153,\u00a02013, p. 105-115),\u00a0\"Hannah Arendt\u2019s Moral Ontology\" (Ratio Juris 28\/3, 2015, p. 326-329); \"The Machiavellian Case Against Legal Moralism\" (San Diego Law Review, 2\/2017, p. 345-360); \"Political Asceticism from Hobbes to Carr\u00e9 de Malberg\" (Cat\u00f3lica Law Review 1\/2020,\u00a0p. 65-80);\u00a0\"The Equality Gap\", (Rechtstheorie, vol.\u00a051\/1, 2020, p. 1-10).","link-pagina-pessoal":""},"efetivos-assistentes":[32],"members-fellows":[],"cluster":[],"categoria-do-investigador":[14],"grupo-de-investigacao":[10],"class_list":["post-1748","investigadores","type-investigadores","status-publish","hentry","efetivos-assistentes-efetivo","categoria-do-investigador-integrado","grupo-de-investigacao-direito-constitucional-e-ciencia-politica"],"yoast_head":"<!-- This site is optimized with the Yoast SEO plugin v27.5 - https:\/\/yoast.com\/product\/yoast-seo-wordpress\/ -->\n<title>Lu\u00eds Pereira Coutinho<\/title>\n<meta name=\"description\" content=\"Licenciado (1996), Mestre (2002) e Doutor (2008) pela Faculdade de Direito da\u00a0Universidade de Lisboa, onde \u00e9 atualmente professor associado. Os seus interesses de investiga\u00e7\u00e3o centram-se no\u00a0Direito Constitucional, Ci\u00eancia Pol\u00edtica\u00a0e Teoria do Direito. Entre os livros que publicou, destacam-se,\u00a0A Autoridade Moral da Constitui\u00e7\u00e3o (2009),\u00a0Teoria dos Regimes Pol\u00edticos\u00a0(2013)\u00a0e\u00a0O Estado como Representa\u00e7\u00e3o (2020), como autor, e\u00a0O Tribunal Constitucional e a Crise\u00a0(2014),\u00a0Judicial Activism: An Interdisciplinary Approach to the American and European Experiences\u00a0(2015);\u00a0\u00a0e\u00a0The Political Dimension of Constitutional Law (2020), como co-editor. Tem participado em projetos de investiga\u00e7\u00e3o, confer\u00eancias e publica\u00e7\u00f5es coletivas em Portugal e no estrangeiro, tendo tamb\u00e9m\u00a0v\u00e1rios artigos publicados em publica\u00e7\u00f5es peri\u00f3dicas, nomeadamente &quot;Human Dignity as a Background Idea&quot; (ASRP, 153,\u00a02013, p. 105-115),\u00a0&quot;Hannah Arendt\u2019s Moral Ontology&quot; (Ratio Juris 28\/3, 2015, p. 326-329); &quot;The Machiavellian Case Against Legal Moralism&quot; (San Diego Law Review, 2\/2017, p. 345-360); &quot;Political Asceticism from Hobbes to Carr\u00e9 de Malberg&quot; (Cat\u00f3lica Law Review 1\/2020,\u00a0p. 65-80);\u00a0&quot;The Equality Gap&quot;, (Rechtstheorie, vol.\u00a051\/1, 2020, p. 1-10).\" \/>\n<meta name=\"robots\" content=\"index, follow, max-snippet:-1, max-image-preview:large, max-video-preview:-1\" \/>\n<link rel=\"canonical\" href=\"https:\/\/lisbonpubliclaw.pt\/en\/investigadores\/luis-pereira-coutinho\/\" \/>\n<meta property=\"og:locale\" content=\"en_US\" \/>\n<meta property=\"og:type\" content=\"article\" \/>\n<meta property=\"og:title\" content=\"Lu\u00eds Pereira Coutinho\" \/>\n<meta property=\"og:description\" content=\"Investigador Integrado Efetivo, Coordenador Adjunto do Grupo de Investiga\u00e7\u00e3o em Direito Constitucional e Ci\u00eancia Pol\u00edtica\" \/>\n<meta property=\"og:url\" content=\"https:\/\/lisbonpubliclaw.pt\/en\/investigadores\/luis-pereira-coutinho\/\" \/>\n<meta property=\"og:site_name\" content=\"Lisbon Public Law\" \/>\n<meta property=\"article:modified_time\" content=\"2023-11-23T12:03:54+00:00\" \/>\n<meta name=\"twitter:card\" content=\"summary_large_image\" \/>\n<script type=\"application\/ld+json\" class=\"yoast-schema-graph\">{\"@context\":\"https:\\\/\\\/schema.org\",\"@graph\":[{\"@type\":[\"WebPage\",\"ProfilePage\"],\"@id\":\"https:\\\/\\\/lisbonpubliclaw.pt\\\/investigadores\\\/luis-pereira-coutinho\\\/\",\"url\":\"https:\\\/\\\/lisbonpubliclaw.pt\\\/investigadores\\\/luis-pereira-coutinho\\\/\",\"name\":\"Lu\u00eds Pereira Coutinho\",\"isPartOf\":{\"@id\":\"https:\\\/\\\/lisbonpubliclaw.pt\\\/#website\"},\"datePublished\":\"2023-06-16T16:21:22+00:00\",\"dateModified\":\"2023-11-23T12:03:54+00:00\",\"description\":\"Licenciado (1996), Mestre (2002) e Doutor (2008) pela Faculdade de Direito da\u00a0Universidade de Lisboa, onde \u00e9 atualmente professor associado. Os seus interesses de investiga\u00e7\u00e3o centram-se no\u00a0Direito Constitucional, Ci\u00eancia Pol\u00edtica\u00a0e Teoria do Direito. Entre os livros que publicou, destacam-se,\u00a0A Autoridade Moral da Constitui\u00e7\u00e3o (2009),\u00a0Teoria dos Regimes Pol\u00edticos\u00a0(2013)\u00a0e\u00a0O Estado como Representa\u00e7\u00e3o (2020), como autor, e\u00a0O Tribunal Constitucional e a Crise\u00a0(2014),\u00a0Judicial Activism: An Interdisciplinary Approach to the American and European Experiences\u00a0(2015);\u00a0\u00a0e\u00a0The Political Dimension of Constitutional Law (2020), como co-editor. Tem participado em projetos de investiga\u00e7\u00e3o, confer\u00eancias e publica\u00e7\u00f5es coletivas em Portugal e no estrangeiro, tendo tamb\u00e9m\u00a0v\u00e1rios artigos publicados em publica\u00e7\u00f5es peri\u00f3dicas, nomeadamente \\\"Human Dignity as a Background Idea\\\" (ASRP, 153,\u00a02013, p. 105-115),\u00a0\\\"Hannah Arendt\u2019s Moral Ontology\\\" (Ratio Juris 28\\\/3, 2015, p. 326-329); \\\"The Machiavellian Case Against Legal Moralism\\\" (San Diego Law Review, 2\\\/2017, p. 345-360); \\\"Political Asceticism from Hobbes to Carr\u00e9 de Malberg\\\" (Cat\u00f3lica Law Review 1\\\/2020,\u00a0p. 65-80);\u00a0\\\"The Equality Gap\\\", (Rechtstheorie, vol.\u00a051\\\/1, 2020, p. 1-10).\",\"breadcrumb\":{\"@id\":\"https:\\\/\\\/lisbonpubliclaw.pt\\\/investigadores\\\/luis-pereira-coutinho\\\/#breadcrumb\"},\"inLanguage\":\"en-US\",\"potentialAction\":[{\"@type\":\"ReadAction\",\"target\":[\"https:\\\/\\\/lisbonpubliclaw.pt\\\/investigadores\\\/luis-pereira-coutinho\\\/\"]}]},{\"@type\":\"BreadcrumbList\",\"@id\":\"https:\\\/\\\/lisbonpubliclaw.pt\\\/investigadores\\\/luis-pereira-coutinho\\\/#breadcrumb\",\"itemListElement\":[{\"@type\":\"ListItem\",\"position\":1,\"name\":\"Home\",\"item\":\"https:\\\/\\\/lisbonpubliclaw.pt\\\/\"},{\"@type\":\"ListItem\",\"position\":2,\"name\":\"Investigadores\",\"item\":\"https:\\\/\\\/lisbonpubliclaw.pt\\\/investigadores\\\/\"},{\"@type\":\"ListItem\",\"position\":3,\"name\":\"Lu\u00eds Pereira Coutinho\"}]},{\"@type\":\"WebSite\",\"@id\":\"https:\\\/\\\/lisbonpubliclaw.pt\\\/#website\",\"url\":\"https:\\\/\\\/lisbonpubliclaw.pt\\\/\",\"name\":\"Lisbon Public Law\",\"description\":\"Public Law Research Centre in Lisbon\",\"publisher\":{\"@id\":\"https:\\\/\\\/lisbonpubliclaw.pt\\\/#organization\"},\"potentialAction\":[{\"@type\":\"SearchAction\",\"target\":{\"@type\":\"EntryPoint\",\"urlTemplate\":\"https:\\\/\\\/lisbonpubliclaw.pt\\\/?s={search_term_string}\"},\"query-input\":{\"@type\":\"PropertyValueSpecification\",\"valueRequired\":true,\"valueName\":\"search_term_string\"}}],\"inLanguage\":\"en-US\"},{\"@type\":\"Organization\",\"@id\":\"https:\\\/\\\/lisbonpubliclaw.pt\\\/#organization\",\"name\":\"Lisbon Public Law\",\"url\":\"https:\\\/\\\/lisbonpubliclaw.pt\\\/\",\"logo\":{\"@type\":\"ImageObject\",\"inLanguage\":\"en-US\",\"@id\":\"https:\\\/\\\/lisbonpubliclaw.pt\\\/#\\\/schema\\\/logo\\\/image\\\/\",\"url\":\"https:\\\/\\\/lisbonpubliclaw.pt\\\/wp-content\\\/uploads\\\/2023\\\/06\\\/WhatsApp-Image-2023-06-19-at-11.01.50-1.jpeg\",\"contentUrl\":\"https:\\\/\\\/lisbonpubliclaw.pt\\\/wp-content\\\/uploads\\\/2023\\\/06\\\/WhatsApp-Image-2023-06-19-at-11.01.50-1.jpeg\",\"width\":354,\"height\":354,\"caption\":\"Lisbon Public Law\"},\"image\":{\"@id\":\"https:\\\/\\\/lisbonpubliclaw.pt\\\/#\\\/schema\\\/logo\\\/image\\\/\"},\"mainEntityOfPage\":{\"@id\":\"https:\\\/\\\/lisbonpubliclaw.pt\\\/investigadores\\\/luis-pereira-coutinho\\\/\"}}]}<\/script>\n<!-- \/ Yoast SEO plugin. -->","yoast_head_json":{"title":"Lu\u00eds Pereira Coutinho","description":"Licenciado (1996), Mestre (2002) e Doutor (2008) pela Faculdade de Direito da\u00a0Universidade de Lisboa, onde \u00e9 atualmente professor associado. Os seus interesses de investiga\u00e7\u00e3o centram-se no\u00a0Direito Constitucional, Ci\u00eancia Pol\u00edtica\u00a0e Teoria do Direito. Entre os livros que publicou, destacam-se,\u00a0A Autoridade Moral da Constitui\u00e7\u00e3o (2009),\u00a0Teoria dos Regimes Pol\u00edticos\u00a0(2013)\u00a0e\u00a0O Estado como Representa\u00e7\u00e3o (2020), como autor, e\u00a0O Tribunal Constitucional e a Crise\u00a0(2014),\u00a0Judicial Activism: An Interdisciplinary Approach to the American and European Experiences\u00a0(2015);\u00a0\u00a0e\u00a0The Political Dimension of Constitutional Law (2020), como co-editor. Tem participado em projetos de investiga\u00e7\u00e3o, confer\u00eancias e publica\u00e7\u00f5es coletivas em Portugal e no estrangeiro, tendo tamb\u00e9m\u00a0v\u00e1rios artigos publicados em publica\u00e7\u00f5es peri\u00f3dicas, nomeadamente \"Human Dignity as a Background Idea\" (ASRP, 153,\u00a02013, p. 105-115),\u00a0\"Hannah Arendt\u2019s Moral Ontology\" (Ratio Juris 28\/3, 2015, p. 326-329); \"The Machiavellian Case Against Legal Moralism\" (San Diego Law Review, 2\/2017, p. 345-360); \"Political Asceticism from Hobbes to Carr\u00e9 de Malberg\" (Cat\u00f3lica Law Review 1\/2020,\u00a0p. 65-80);\u00a0\"The Equality Gap\", (Rechtstheorie, vol.\u00a051\/1, 2020, p. 1-10).","robots":{"index":"index","follow":"follow","max-snippet":"max-snippet:-1","max-image-preview":"max-image-preview:large","max-video-preview":"max-video-preview:-1"},"canonical":"https:\/\/lisbonpubliclaw.pt\/en\/investigadores\/luis-pereira-coutinho\/","og_locale":"en_US","og_type":"article","og_title":"Lu\u00eds Pereira Coutinho","og_description":"Investigador Integrado Efetivo, Coordenador Adjunto do Grupo de Investiga\u00e7\u00e3o em Direito Constitucional e Ci\u00eancia Pol\u00edtica","og_url":"https:\/\/lisbonpubliclaw.pt\/en\/investigadores\/luis-pereira-coutinho\/","og_site_name":"Lisbon Public Law","article_modified_time":"2023-11-23T12:03:54+00:00","twitter_card":"summary_large_image","schema":{"@context":"https:\/\/schema.org","@graph":[{"@type":["WebPage","ProfilePage"],"@id":"https:\/\/lisbonpubliclaw.pt\/investigadores\/luis-pereira-coutinho\/","url":"https:\/\/lisbonpubliclaw.pt\/investigadores\/luis-pereira-coutinho\/","name":"Lu\u00eds Pereira Coutinho","isPartOf":{"@id":"https:\/\/lisbonpubliclaw.pt\/#website"},"datePublished":"2023-06-16T16:21:22+00:00","dateModified":"2023-11-23T12:03:54+00:00","description":"Licenciado (1996), Mestre (2002) e Doutor (2008) pela Faculdade de Direito da\u00a0Universidade de Lisboa, onde \u00e9 atualmente professor associado. Os seus interesses de investiga\u00e7\u00e3o centram-se no\u00a0Direito Constitucional, Ci\u00eancia Pol\u00edtica\u00a0e Teoria do Direito. Entre os livros que publicou, destacam-se,\u00a0A Autoridade Moral da Constitui\u00e7\u00e3o (2009),\u00a0Teoria dos Regimes Pol\u00edticos\u00a0(2013)\u00a0e\u00a0O Estado como Representa\u00e7\u00e3o (2020), como autor, e\u00a0O Tribunal Constitucional e a Crise\u00a0(2014),\u00a0Judicial Activism: An Interdisciplinary Approach to the American and European Experiences\u00a0(2015);\u00a0\u00a0e\u00a0The Political Dimension of Constitutional Law (2020), como co-editor. Tem participado em projetos de investiga\u00e7\u00e3o, confer\u00eancias e publica\u00e7\u00f5es coletivas em Portugal e no estrangeiro, tendo tamb\u00e9m\u00a0v\u00e1rios artigos publicados em publica\u00e7\u00f5es peri\u00f3dicas, nomeadamente \"Human Dignity as a Background Idea\" (ASRP, 153,\u00a02013, p. 105-115),\u00a0\"Hannah Arendt\u2019s Moral Ontology\" (Ratio Juris 28\/3, 2015, p. 326-329); \"The Machiavellian Case Against Legal Moralism\" (San Diego Law Review, 2\/2017, p. 345-360); \"Political Asceticism from Hobbes to Carr\u00e9 de Malberg\" (Cat\u00f3lica Law Review 1\/2020,\u00a0p. 65-80);\u00a0\"The Equality Gap\", (Rechtstheorie, vol.\u00a051\/1, 2020, p. 1-10).","breadcrumb":{"@id":"https:\/\/lisbonpubliclaw.pt\/investigadores\/luis-pereira-coutinho\/#breadcrumb"},"inLanguage":"en-US","potentialAction":[{"@type":"ReadAction","target":["https:\/\/lisbonpubliclaw.pt\/investigadores\/luis-pereira-coutinho\/"]}]},{"@type":"BreadcrumbList","@id":"https:\/\/lisbonpubliclaw.pt\/investigadores\/luis-pereira-coutinho\/#breadcrumb","itemListElement":[{"@type":"ListItem","position":1,"name":"Home","item":"https:\/\/lisbonpubliclaw.pt\/"},{"@type":"ListItem","position":2,"name":"Investigadores","item":"https:\/\/lisbonpubliclaw.pt\/investigadores\/"},{"@type":"ListItem","position":3,"name":"Lu\u00eds Pereira Coutinho"}]},{"@type":"WebSite","@id":"https:\/\/lisbonpubliclaw.pt\/#website","url":"https:\/\/lisbonpubliclaw.pt\/","name":"Lisbon Public Law","description":"Public Law Research Centre in Lisbon","publisher":{"@id":"https:\/\/lisbonpubliclaw.pt\/#organization"},"potentialAction":[{"@type":"SearchAction","target":{"@type":"EntryPoint","urlTemplate":"https:\/\/lisbonpubliclaw.pt\/?s={search_term_string}"},"query-input":{"@type":"PropertyValueSpecification","valueRequired":true,"valueName":"search_term_string"}}],"inLanguage":"en-US"},{"@type":"Organization","@id":"https:\/\/lisbonpubliclaw.pt\/#organization","name":"Lisbon Public Law","url":"https:\/\/lisbonpubliclaw.pt\/","logo":{"@type":"ImageObject","inLanguage":"en-US","@id":"https:\/\/lisbonpubliclaw.pt\/#\/schema\/logo\/image\/","url":"https:\/\/lisbonpubliclaw.pt\/wp-content\/uploads\/2023\/06\/WhatsApp-Image-2023-06-19-at-11.01.50-1.jpeg","contentUrl":"https:\/\/lisbonpubliclaw.pt\/wp-content\/uploads\/2023\/06\/WhatsApp-Image-2023-06-19-at-11.01.50-1.jpeg","width":354,"height":354,"caption":"Lisbon Public Law"},"image":{"@id":"https:\/\/lisbonpubliclaw.pt\/#\/schema\/logo\/image\/"},"mainEntityOfPage":{"@id":"https:\/\/lisbonpubliclaw.pt\/investigadores\/luis-pereira-coutinho\/"}}]}},"_links":{"self":[{"href":"https:\/\/lisbonpubliclaw.pt\/en\/wp-json\/wp\/v2\/investigadores\/1748","targetHints":{"allow":["GET"]}}],"collection":[{"href":"https:\/\/lisbonpubliclaw.pt\/en\/wp-json\/wp\/v2\/investigadores"}],"about":[{"href":"https:\/\/lisbonpubliclaw.pt\/en\/wp-json\/wp\/v2\/types\/investigadores"}],"wp:attachment":[{"href":"https:\/\/lisbonpubliclaw.pt\/en\/wp-json\/wp\/v2\/media?parent=1748"}],"wp:term":[{"taxonomy":"efetivos-assistentes","embeddable":true,"href":"https:\/\/lisbonpubliclaw.pt\/en\/wp-json\/wp\/v2\/efetivos-assistentes?post=1748"},{"taxonomy":"members-fellows","embeddable":true,"href":"https:\/\/lisbonpubliclaw.pt\/en\/wp-json\/wp\/v2\/members-fellows?post=1748"},{"taxonomy":"cluster","embeddable":true,"href":"https:\/\/lisbonpubliclaw.pt\/en\/wp-json\/wp\/v2\/cluster?post=1748"},{"taxonomy":"categoria-do-investigador","embeddable":true,"href":"https:\/\/lisbonpubliclaw.pt\/en\/wp-json\/wp\/v2\/categoria-do-investigador?post=1748"},{"taxonomy":"grupo-de-investigacao","embeddable":true,"href":"https:\/\/lisbonpubliclaw.pt\/en\/wp-json\/wp\/v2\/grupo-de-investigacao?post=1748"}],"curies":[{"name":"wp","href":"https:\/\/api.w.org\/{rel}","templated":true}]}}