{"id":1741,"date":"2023-06-16T16:21:21","date_gmt":"2023-06-16T16:21:21","guid":{"rendered":"https:\/\/lisbonpubliclaw.pt\/investigadores\/joao-pedro-miranda\/"},"modified":"2024-08-28T14:46:14","modified_gmt":"2024-08-28T14:46:14","slug":"joao-pedro-miranda","status":"publish","type":"investigadores","link":"https:\/\/lisbonpubliclaw.pt\/en\/investigadores\/joao-pedro-miranda\/","title":{"rendered":"Jo\u00e3o Miranda"},"content":{"rendered":"","protected":false},"template":"","meta":{"foto-do-investigador":"https:\/\/lisbonpubliclaw.pt\/wp-content\/uploads\/2023\/07\/Joao-Miranda.png","nome-do-investigador":"Jo\u00e3o Miranda","cargo-do-investigador":"Investigador Integrado Efetivo","email-do-investigador":"mailto:joaomiranda@fd.ulisboa.pt","cv-do-investigador":"","orcid":"0000-0003-0272-1744","ciencia-id":"0B18-540D-41C2","areas-de-investigacao":"Direito Administrativo, Direito do Urbanismo, Direito do Ambiente, Direitos Fundamentais","short-bio-investigadores":"Jo\u00e3o Miranda \u00e9 Professor Auxiliar no Instituto de Ci\u00eancias Jur\u00eddico-Pol\u00edticas (ICJP) da Faculdade de Direito da Universidade de Lisboa, onde obteve o seu doutoramento em direito do urbanismo. Especializado nesta \u00e1rea, mant\u00e9m ainda uma forte agenda de investiga\u00e7\u00e3o e doc\u00eancia nas \u00e1reas do direito administrativo e do ambiente. Em paralelo com a sua actividade acad\u00e9mica \u00e9 advogado e consultor jur\u00eddico. Entre outras fun\u00e7\u00f5es, foi representante do Estado portugu\u00eas no Grupo de Peritos que funcionou junto do Comit\u00e9 de Direitos do Homem do Conselho da Europa e que foi respons\u00e1vel pela elabora\u00e7\u00e3o da Conven\u00e7\u00e3o Europeia sobre acesso aos documentos p\u00fablicos. Foi adjunto de Gabinete do Secret\u00e1rio de Estado da Presid\u00eancia do Conselho de Ministros do XIII Governo Constitucional, Assessor do Secret\u00e1rio de Estado do Ordenamento do Territ\u00f3rio e da Conserva\u00e7\u00e3o\u00a0da Natureza do XIV Governo Constitucional e Adjunto de Gabinete do Ministro da Presid\u00eancia do XVII Governo Constitucional. Publicou v\u00e1rios t\u00edtulos de relev\u00e2ncia cient\u00edfica de que s\u00e3o exemplo o livro\u00a0O papel da Assembleia da Rep\u00fablica na constru\u00e7\u00e3o europeia\u00a0e os artigos \u00abPatrim\u00f3nio cultural e patrim\u00f3nio ambiental\u00bb e \u00abA fun\u00e7\u00e3o p\u00fablica urban\u00edstica e o seu exerc\u00edcio por particulares\u00bb.","link-pagina-pessoal":""},"efetivos-assistentes":[32],"members-fellows":[],"cluster":[],"categoria-do-investigador":[14],"grupo-de-investigacao":[11],"class_list":["post-1741","investigadores","type-investigadores","status-publish","hentry","efetivos-assistentes-efetivo","categoria-do-investigador-integrado","grupo-de-investigacao-direito-administrativo"],"yoast_head":"<!-- This site is optimized with the Yoast SEO plugin v27.5 - https:\/\/yoast.com\/product\/yoast-seo-wordpress\/ -->\n<title>Jo\u00e3o Pedro Miranda<\/title>\n<meta name=\"description\" content=\"Jo\u00e3o Miranda \u00e9 Professor Auxiliar no Instituto de Ci\u00eancias Jur\u00eddico-Pol\u00edticas (ICJP) da Faculdade de Direito da Universidade de Lisboa, onde obteve o seu doutoramento em direito do urbanismo. Especializado nesta \u00e1rea, mant\u00e9m ainda uma forte agenda de investiga\u00e7\u00e3o e doc\u00eancia nas \u00e1reas do direito administrativo e do ambiente. Em paralelo com a sua actividade acad\u00e9mica \u00e9 advogado e consultor jur\u00eddico. Entre outras fun\u00e7\u00f5es, foi representante do Estado portugu\u00eas no Grupo de Peritos que funcionou junto do Comit\u00e9 de Direitos do Homem do Conselho da Europa e que foi respons\u00e1vel pela elabora\u00e7\u00e3o da Conven\u00e7\u00e3o Europeia sobre acesso aos documentos p\u00fablicos. Foi adjunto de Gabinete do Secret\u00e1rio de Estado da Presid\u00eancia do Conselho de Ministros do XIII Governo Constitucional, Assessor do Secret\u00e1rio de Estado do Ordenamento do Territ\u00f3rio e da Conserva\u00e7\u00e3o\u00a0da Natureza do XIV Governo Constitucional e Adjunto de Gabinete do Ministro da Presid\u00eancia do XVII Governo Constitucional. Publicou v\u00e1rios t\u00edtulos de relev\u00e2ncia cient\u00edfica de que s\u00e3o exemplo o livro\u00a0O papel da Assembleia da Rep\u00fablica na constru\u00e7\u00e3o europeia\u00a0e os artigos \u00abPatrim\u00f3nio cultural e patrim\u00f3nio ambiental\u00bb e \u00abA fun\u00e7\u00e3o p\u00fablica urban\u00edstica e o seu exerc\u00edcio por particulares\u00bb.\" \/>\n<meta name=\"robots\" content=\"index, follow, max-snippet:-1, max-image-preview:large, max-video-preview:-1\" \/>\n<link rel=\"canonical\" href=\"https:\/\/lisbonpubliclaw.pt\/en\/investigadores\/joao-pedro-miranda\/\" \/>\n<meta property=\"og:locale\" content=\"en_US\" \/>\n<meta property=\"og:type\" content=\"article\" \/>\n<meta property=\"og:title\" content=\"Jo\u00e3o Pedro Miranda\" \/>\n<meta property=\"og:description\" content=\"Investigador Integrado Efetivo\" \/>\n<meta property=\"og:url\" content=\"https:\/\/lisbonpubliclaw.pt\/en\/investigadores\/joao-pedro-miranda\/\" \/>\n<meta property=\"og:site_name\" content=\"Lisbon Public Law\" \/>\n<meta property=\"article:modified_time\" content=\"2024-08-28T14:46:14+00:00\" \/>\n<meta name=\"twitter:card\" content=\"summary_large_image\" \/>\n<script type=\"application\/ld+json\" class=\"yoast-schema-graph\">{\"@context\":\"https:\\\/\\\/schema.org\",\"@graph\":[{\"@type\":[\"WebPage\",\"ProfilePage\"],\"@id\":\"https:\\\/\\\/lisbonpubliclaw.pt\\\/investigadores\\\/joao-pedro-miranda\\\/\",\"url\":\"https:\\\/\\\/lisbonpubliclaw.pt\\\/investigadores\\\/joao-pedro-miranda\\\/\",\"name\":\"Jo\u00e3o Pedro Miranda\",\"isPartOf\":{\"@id\":\"https:\\\/\\\/lisbonpubliclaw.pt\\\/#website\"},\"datePublished\":\"2023-06-16T16:21:21+00:00\",\"dateModified\":\"2024-08-28T14:46:14+00:00\",\"description\":\"Jo\u00e3o Miranda \u00e9 Professor Auxiliar no Instituto de Ci\u00eancias Jur\u00eddico-Pol\u00edticas (ICJP) da Faculdade de Direito da Universidade de Lisboa, onde obteve o seu doutoramento em direito do urbanismo. Especializado nesta \u00e1rea, mant\u00e9m ainda uma forte agenda de investiga\u00e7\u00e3o e doc\u00eancia nas \u00e1reas do direito administrativo e do ambiente. Em paralelo com a sua actividade acad\u00e9mica \u00e9 advogado e consultor jur\u00eddico. Entre outras fun\u00e7\u00f5es, foi representante do Estado portugu\u00eas no Grupo de Peritos que funcionou junto do Comit\u00e9 de Direitos do Homem do Conselho da Europa e que foi respons\u00e1vel pela elabora\u00e7\u00e3o da Conven\u00e7\u00e3o Europeia sobre acesso aos documentos p\u00fablicos. Foi adjunto de Gabinete do Secret\u00e1rio de Estado da Presid\u00eancia do Conselho de Ministros do XIII Governo Constitucional, Assessor do Secret\u00e1rio de Estado do Ordenamento do Territ\u00f3rio e da Conserva\u00e7\u00e3o\u00a0da Natureza do XIV Governo Constitucional e Adjunto de Gabinete do Ministro da Presid\u00eancia do XVII Governo Constitucional. Publicou v\u00e1rios t\u00edtulos de relev\u00e2ncia cient\u00edfica de que s\u00e3o exemplo o livro\u00a0O papel da Assembleia da Rep\u00fablica na constru\u00e7\u00e3o europeia\u00a0e os artigos \u00abPatrim\u00f3nio cultural e patrim\u00f3nio ambiental\u00bb e \u00abA fun\u00e7\u00e3o p\u00fablica urban\u00edstica e o seu exerc\u00edcio por particulares\u00bb.\",\"breadcrumb\":{\"@id\":\"https:\\\/\\\/lisbonpubliclaw.pt\\\/investigadores\\\/joao-pedro-miranda\\\/#breadcrumb\"},\"inLanguage\":\"en-US\",\"potentialAction\":[{\"@type\":\"ReadAction\",\"target\":[\"https:\\\/\\\/lisbonpubliclaw.pt\\\/investigadores\\\/joao-pedro-miranda\\\/\"]}]},{\"@type\":\"BreadcrumbList\",\"@id\":\"https:\\\/\\\/lisbonpubliclaw.pt\\\/investigadores\\\/joao-pedro-miranda\\\/#breadcrumb\",\"itemListElement\":[{\"@type\":\"ListItem\",\"position\":1,\"name\":\"Home\",\"item\":\"https:\\\/\\\/lisbonpubliclaw.pt\\\/\"},{\"@type\":\"ListItem\",\"position\":2,\"name\":\"Investigadores\",\"item\":\"https:\\\/\\\/lisbonpubliclaw.pt\\\/investigadores\\\/\"},{\"@type\":\"ListItem\",\"position\":3,\"name\":\"Jo\u00e3o Miranda\"}]},{\"@type\":\"WebSite\",\"@id\":\"https:\\\/\\\/lisbonpubliclaw.pt\\\/#website\",\"url\":\"https:\\\/\\\/lisbonpubliclaw.pt\\\/\",\"name\":\"Lisbon Public Law\",\"description\":\"Public Law Research Centre in Lisbon\",\"publisher\":{\"@id\":\"https:\\\/\\\/lisbonpubliclaw.pt\\\/#organization\"},\"potentialAction\":[{\"@type\":\"SearchAction\",\"target\":{\"@type\":\"EntryPoint\",\"urlTemplate\":\"https:\\\/\\\/lisbonpubliclaw.pt\\\/?s={search_term_string}\"},\"query-input\":{\"@type\":\"PropertyValueSpecification\",\"valueRequired\":true,\"valueName\":\"search_term_string\"}}],\"inLanguage\":\"en-US\"},{\"@type\":\"Organization\",\"@id\":\"https:\\\/\\\/lisbonpubliclaw.pt\\\/#organization\",\"name\":\"Lisbon Public Law\",\"url\":\"https:\\\/\\\/lisbonpubliclaw.pt\\\/\",\"logo\":{\"@type\":\"ImageObject\",\"inLanguage\":\"en-US\",\"@id\":\"https:\\\/\\\/lisbonpubliclaw.pt\\\/#\\\/schema\\\/logo\\\/image\\\/\",\"url\":\"https:\\\/\\\/lisbonpubliclaw.pt\\\/wp-content\\\/uploads\\\/2023\\\/06\\\/WhatsApp-Image-2023-06-19-at-11.01.50-1.jpeg\",\"contentUrl\":\"https:\\\/\\\/lisbonpubliclaw.pt\\\/wp-content\\\/uploads\\\/2023\\\/06\\\/WhatsApp-Image-2023-06-19-at-11.01.50-1.jpeg\",\"width\":354,\"height\":354,\"caption\":\"Lisbon Public Law\"},\"image\":{\"@id\":\"https:\\\/\\\/lisbonpubliclaw.pt\\\/#\\\/schema\\\/logo\\\/image\\\/\"},\"mainEntityOfPage\":{\"@id\":\"https:\\\/\\\/lisbonpubliclaw.pt\\\/investigadores\\\/joao-pedro-miranda\\\/\"}}]}<\/script>\n<!-- \/ Yoast SEO plugin. -->","yoast_head_json":{"title":"Jo\u00e3o Pedro Miranda","description":"Jo\u00e3o Miranda is an Assistant Professor at the Institute of Legal and Political Sciences (ICJP) of the Faculty of Law of the University of Lisbon, where he obtained his doctorate in urban planning law. Specialised in this area, he also maintains a strong research and teaching agenda in the areas of administrative and environmental law. In parallel with his academic activity, he is a lawyer and legal consultant. Among other functions, he was a representative of the Portuguese State in the Group of Experts that worked alongside the Human Rights Committee of the Council of Europe and was responsible for drafting the European Convention on access to public documents. He was deputy to the Cabinet of the Secretary of State of the Presidency of the Council of Ministers of the XIII Constitutional Government, Advisor to the Secretary of State for Spatial Planning and Nature Conservation of the XIV Constitutional Government and Deputy to the Cabinet of the Minister of the Presidency of the XVII Constitutional Government. He has published several titles of scientific relevance, such as the book\u00a0\u201cO papel da Assembleia da Rep\u00fablica na constru\u00e7\u00e3o europeia\u201d\u00a0and the articles \u201cPatrim\u00f3nio cultural e patrim\u00f3nio ambiental\u201d and \u201cA fun\u00e7\u00e3o p\u00fablica urban\u00edstica e o seu exerc\u00edcio por particulares\u201d.","robots":{"index":"index","follow":"follow","max-snippet":"max-snippet:-1","max-image-preview":"max-image-preview:large","max-video-preview":"max-video-preview:-1"},"canonical":"https:\/\/lisbonpubliclaw.pt\/en\/investigadores\/joao-pedro-miranda\/","og_locale":"en_US","og_type":"article","og_title":"Jo\u00e3o Pedro Miranda","og_description":"Investigador Integrado Efetivo","og_url":"https:\/\/lisbonpubliclaw.pt\/en\/investigadores\/joao-pedro-miranda\/","og_site_name":"Lisbon Public Law","article_modified_time":"2024-08-28T14:46:14+00:00","twitter_card":"summary_large_image","schema":{"@context":"https:\/\/schema.org","@graph":[{"@type":["WebPage","ProfilePage"],"@id":"https:\/\/lisbonpubliclaw.pt\/investigadores\/joao-pedro-miranda\/","url":"https:\/\/lisbonpubliclaw.pt\/investigadores\/joao-pedro-miranda\/","name":"Jo\u00e3o Pedro Miranda","isPartOf":{"@id":"https:\/\/lisbonpubliclaw.pt\/#website"},"datePublished":"2023-06-16T16:21:21+00:00","dateModified":"2024-08-28T14:46:14+00:00","description":"Jo\u00e3o Miranda is an Assistant Professor at the Institute of Legal and Political Sciences (ICJP) of the Faculty of Law of the University of Lisbon, where he obtained his doctorate in urban planning law. Specialised in this area, he also maintains a strong research and teaching agenda in the areas of administrative and environmental law. In parallel with his academic activity, he is a lawyer and legal consultant. Among other functions, he was a representative of the Portuguese State in the Group of Experts that worked alongside the Human Rights Committee of the Council of Europe and was responsible for drafting the European Convention on access to public documents. He was deputy to the Cabinet of the Secretary of State of the Presidency of the Council of Ministers of the XIII Constitutional Government, Advisor to the Secretary of State for Spatial Planning and Nature Conservation of the XIV Constitutional Government and Deputy to the Cabinet of the Minister of the Presidency of the XVII Constitutional Government. He has published several titles of scientific relevance, such as the book\u00a0\u201cO papel da Assembleia da Rep\u00fablica na constru\u00e7\u00e3o europeia\u201d\u00a0and the articles \u201cPatrim\u00f3nio cultural e patrim\u00f3nio ambiental\u201d and \u201cA fun\u00e7\u00e3o p\u00fablica urban\u00edstica e o seu exerc\u00edcio por particulares\u201d.","breadcrumb":{"@id":"https:\/\/lisbonpubliclaw.pt\/investigadores\/joao-pedro-miranda\/#breadcrumb"},"inLanguage":"en-US","potentialAction":[{"@type":"ReadAction","target":["https:\/\/lisbonpubliclaw.pt\/investigadores\/joao-pedro-miranda\/"]}]},{"@type":"BreadcrumbList","@id":"https:\/\/lisbonpubliclaw.pt\/investigadores\/joao-pedro-miranda\/#breadcrumb","itemListElement":[{"@type":"ListItem","position":1,"name":"Home","item":"https:\/\/lisbonpubliclaw.pt\/"},{"@type":"ListItem","position":2,"name":"Investigadores","item":"https:\/\/lisbonpubliclaw.pt\/investigadores\/"},{"@type":"ListItem","position":3,"name":"Jo\u00e3o Miranda"}]},{"@type":"WebSite","@id":"https:\/\/lisbonpubliclaw.pt\/#website","url":"https:\/\/lisbonpubliclaw.pt\/","name":"Lisbon Public Law","description":"Public Law Research Centre in Lisbon","publisher":{"@id":"https:\/\/lisbonpubliclaw.pt\/#organization"},"potentialAction":[{"@type":"SearchAction","target":{"@type":"EntryPoint","urlTemplate":"https:\/\/lisbonpubliclaw.pt\/?s={search_term_string}"},"query-input":{"@type":"PropertyValueSpecification","valueRequired":true,"valueName":"search_term_string"}}],"inLanguage":"en-US"},{"@type":"Organization","@id":"https:\/\/lisbonpubliclaw.pt\/#organization","name":"Lisbon Public Law","url":"https:\/\/lisbonpubliclaw.pt\/","logo":{"@type":"ImageObject","inLanguage":"en-US","@id":"https:\/\/lisbonpubliclaw.pt\/#\/schema\/logo\/image\/","url":"https:\/\/lisbonpubliclaw.pt\/wp-content\/uploads\/2023\/06\/WhatsApp-Image-2023-06-19-at-11.01.50-1.jpeg","contentUrl":"https:\/\/lisbonpubliclaw.pt\/wp-content\/uploads\/2023\/06\/WhatsApp-Image-2023-06-19-at-11.01.50-1.jpeg","width":354,"height":354,"caption":"Lisbon Public Law"},"image":{"@id":"https:\/\/lisbonpubliclaw.pt\/#\/schema\/logo\/image\/"},"mainEntityOfPage":{"@id":"https:\/\/lisbonpubliclaw.pt\/investigadores\/joao-pedro-miranda\/"}}]}},"_links":{"self":[{"href":"https:\/\/lisbonpubliclaw.pt\/en\/wp-json\/wp\/v2\/investigadores\/1741","targetHints":{"allow":["GET"]}}],"collection":[{"href":"https:\/\/lisbonpubliclaw.pt\/en\/wp-json\/wp\/v2\/investigadores"}],"about":[{"href":"https:\/\/lisbonpubliclaw.pt\/en\/wp-json\/wp\/v2\/types\/investigadores"}],"wp:attachment":[{"href":"https:\/\/lisbonpubliclaw.pt\/en\/wp-json\/wp\/v2\/media?parent=1741"}],"wp:term":[{"taxonomy":"efetivos-assistentes","embeddable":true,"href":"https:\/\/lisbonpubliclaw.pt\/en\/wp-json\/wp\/v2\/efetivos-assistentes?post=1741"},{"taxonomy":"members-fellows","embeddable":true,"href":"https:\/\/lisbonpubliclaw.pt\/en\/wp-json\/wp\/v2\/members-fellows?post=1741"},{"taxonomy":"cluster","embeddable":true,"href":"https:\/\/lisbonpubliclaw.pt\/en\/wp-json\/wp\/v2\/cluster?post=1741"},{"taxonomy":"categoria-do-investigador","embeddable":true,"href":"https:\/\/lisbonpubliclaw.pt\/en\/wp-json\/wp\/v2\/categoria-do-investigador?post=1741"},{"taxonomy":"grupo-de-investigacao","embeddable":true,"href":"https:\/\/lisbonpubliclaw.pt\/en\/wp-json\/wp\/v2\/grupo-de-investigacao?post=1741"}],"curies":[{"name":"wp","href":"https:\/\/api.w.org\/{rel}","templated":true}]}}