{"id":1738,"date":"2023-06-16T16:21:20","date_gmt":"2023-06-16T16:21:20","guid":{"rendered":"https:\/\/lisbonpubliclaw.pt\/investigadores\/francisco-paes-da-silva-marques\/"},"modified":"2024-08-28T14:45:35","modified_gmt":"2024-08-28T14:45:35","slug":"francisco-paes-da-silva-marques","status":"publish","type":"investigadores","link":"https:\/\/lisbonpubliclaw.pt\/en\/investigadores\/francisco-paes-da-silva-marques\/","title":{"rendered":"Francisco Paes Marques"},"content":{"rendered":"","protected":false},"template":"","meta":{"foto-do-investigador":"https:\/\/lisbonpubliclaw.pt\/wp-content\/uploads\/2023\/06\/Francisco-Paes-Marques.png","nome-do-investigador":"Francisco Paes Marques","cargo-do-investigador":"Investigador Integrado Efetivo","email-do-investigador":"mailto:fpaesmarques@fd.ulisboa.pt","cv-do-investigador":"","orcid":"0000-0002-7294-5367","ciencia-id":"2713-DC2F-33FC","areas-de-investigacao":"","short-bio-investigadores":"Francisco Paes Marques \u00e9 licenciado em Direito pela Faculdade de Direito da Universidade de Lisboa tendo obtido o grau de Mestre em Ci\u00eancias Jur\u00eddico-Pol\u00edticas na mesma Faculdade com a disserta\u00e7\u00e3o \u201cAs rela\u00e7\u00f5es Jur\u00eddicas Administrativas Multipolares (Contributo para a sua compreens\u00e3o substantiva)\u201d e o grau de Doutor em Ci\u00eancias Jur\u00eddico-Pol\u00edticas na Faculdade de Direito da Universidade de Lisboa (2009). \u00c9 Professor Auxiliar da Faculdade de Direito da Universidade de Lisboa. Os seus interesses de investiga\u00e7\u00e3o recaem sobretudo na \u00e1rea do direito administrativo, do contencioso administrativo e do direito da Uni\u00e3o Europeia. Entre as suas publica\u00e7\u00f5es destacam-se \u201cA Efectividade da Tutela de Terceiros no Contencioso Administrativo\u201d e \u201cA Excep\u00e7\u00e3o de Ilegalidade no Contencioso da Uni\u00e3o Europeia\u201d.","link-pagina-pessoal":""},"efetivos-assistentes":[32],"members-fellows":[],"cluster":[],"categoria-do-investigador":[14],"grupo-de-investigacao":[11],"class_list":["post-1738","investigadores","type-investigadores","status-publish","has-post-thumbnail","hentry","efetivos-assistentes-efetivo","categoria-do-investigador-integrado","grupo-de-investigacao-direito-administrativo"],"yoast_head":"<!-- This site is optimized with the Yoast SEO plugin v27.5 - https:\/\/yoast.com\/product\/yoast-seo-wordpress\/ -->\n<title>Francisco Paes da Silva Marques<\/title>\n<meta name=\"description\" content=\"Francisco Paes Marques \u00e9 licenciado em Direito pela Faculdade de Direito da Universidade de Lisboa tendo obtido o grau de Mestre em Ci\u00eancias Jur\u00eddico-Pol\u00edticas na mesma Faculdade com a disserta\u00e7\u00e3o \u201cAs rela\u00e7\u00f5es Jur\u00eddicas Administrativas Multipolares (Contributo para a sua compreens\u00e3o substantiva)\u201d e o grau de Doutor em Ci\u00eancias Jur\u00eddico-Pol\u00edticas na Faculdade de Direito da Universidade de Lisboa (2009). \u00c9 Professor Auxiliar da Faculdade de Direito da Universidade de Lisboa. Os seus interesses de investiga\u00e7\u00e3o recaem sobretudo na \u00e1rea do direito administrativo, do contencioso administrativo e do direito da Uni\u00e3o Europeia. Entre as suas publica\u00e7\u00f5es destacam-se \u201cA Efectividade da Tutela de Terceiros no Contencioso Administrativo\u201d e \u201cA Excep\u00e7\u00e3o de Ilegalidade no Contencioso da Uni\u00e3o Europeia\u201d.\" \/>\n<meta name=\"robots\" content=\"index, follow, max-snippet:-1, max-image-preview:large, max-video-preview:-1\" \/>\n<link rel=\"canonical\" href=\"https:\/\/lisbonpubliclaw.pt\/en\/investigadores\/francisco-paes-da-silva-marques\/\" \/>\n<meta property=\"og:locale\" content=\"en_US\" \/>\n<meta property=\"og:type\" content=\"article\" \/>\n<meta property=\"og:title\" content=\"Francisco Paes da Silva Marques\" \/>\n<meta property=\"og:description\" content=\"Investigador Integrado Efetivo\" \/>\n<meta property=\"og:url\" content=\"https:\/\/lisbonpubliclaw.pt\/en\/investigadores\/francisco-paes-da-silva-marques\/\" \/>\n<meta property=\"og:site_name\" content=\"Lisbon Public Law\" \/>\n<meta property=\"article:modified_time\" content=\"2024-08-28T14:45:35+00:00\" \/>\n<meta property=\"og:image\" content=\"https:\/\/lisbonpubliclaw.pt\/wp-content\/uploads\/2023\/05\/imagemnoticia.jpg\" \/>\n\t<meta property=\"og:image:width\" content=\"476\" \/>\n\t<meta property=\"og:image:height\" content=\"476\" \/>\n\t<meta property=\"og:image:type\" content=\"image\/jpeg\" \/>\n<meta name=\"twitter:card\" content=\"summary_large_image\" \/>\n<script type=\"application\/ld+json\" class=\"yoast-schema-graph\">{\"@context\":\"https:\\\/\\\/schema.org\",\"@graph\":[{\"@type\":[\"WebPage\",\"ProfilePage\"],\"@id\":\"https:\\\/\\\/lisbonpubliclaw.pt\\\/investigadores\\\/francisco-paes-da-silva-marques\\\/\",\"url\":\"https:\\\/\\\/lisbonpubliclaw.pt\\\/investigadores\\\/francisco-paes-da-silva-marques\\\/\",\"name\":\"Francisco Paes da Silva Marques\",\"isPartOf\":{\"@id\":\"https:\\\/\\\/lisbonpubliclaw.pt\\\/#website\"},\"primaryImageOfPage\":{\"@id\":\"https:\\\/\\\/lisbonpubliclaw.pt\\\/investigadores\\\/francisco-paes-da-silva-marques\\\/#primaryimage\"},\"image\":{\"@id\":\"https:\\\/\\\/lisbonpubliclaw.pt\\\/investigadores\\\/francisco-paes-da-silva-marques\\\/#primaryimage\"},\"thumbnailUrl\":\"https:\\\/\\\/lisbonpubliclaw.pt\\\/wp-content\\\/uploads\\\/2023\\\/05\\\/imagemnoticia.jpg\",\"datePublished\":\"2023-06-16T16:21:20+00:00\",\"dateModified\":\"2024-08-28T14:45:35+00:00\",\"description\":\"Francisco Paes Marques \u00e9 licenciado em Direito pela Faculdade de Direito da Universidade de Lisboa tendo obtido o grau de Mestre em Ci\u00eancias Jur\u00eddico-Pol\u00edticas na mesma Faculdade com a disserta\u00e7\u00e3o \u201cAs rela\u00e7\u00f5es Jur\u00eddicas Administrativas Multipolares (Contributo para a sua compreens\u00e3o substantiva)\u201d e o grau de Doutor em Ci\u00eancias Jur\u00eddico-Pol\u00edticas na Faculdade de Direito da Universidade de Lisboa (2009). \u00c9 Professor Auxiliar da Faculdade de Direito da Universidade de Lisboa. Os seus interesses de investiga\u00e7\u00e3o recaem sobretudo na \u00e1rea do direito administrativo, do contencioso administrativo e do direito da Uni\u00e3o Europeia. Entre as suas publica\u00e7\u00f5es destacam-se \u201cA Efectividade da Tutela de Terceiros no Contencioso Administrativo\u201d e \u201cA Excep\u00e7\u00e3o de Ilegalidade no Contencioso da Uni\u00e3o Europeia\u201d.\",\"breadcrumb\":{\"@id\":\"https:\\\/\\\/lisbonpubliclaw.pt\\\/investigadores\\\/francisco-paes-da-silva-marques\\\/#breadcrumb\"},\"inLanguage\":\"en-US\",\"potentialAction\":[{\"@type\":\"ReadAction\",\"target\":[\"https:\\\/\\\/lisbonpubliclaw.pt\\\/investigadores\\\/francisco-paes-da-silva-marques\\\/\"]}]},{\"@type\":\"ImageObject\",\"inLanguage\":\"en-US\",\"@id\":\"https:\\\/\\\/lisbonpubliclaw.pt\\\/investigadores\\\/francisco-paes-da-silva-marques\\\/#primaryimage\",\"url\":\"https:\\\/\\\/lisbonpubliclaw.pt\\\/wp-content\\\/uploads\\\/2023\\\/05\\\/imagemnoticia.jpg\",\"contentUrl\":\"https:\\\/\\\/lisbonpubliclaw.pt\\\/wp-content\\\/uploads\\\/2023\\\/05\\\/imagemnoticia.jpg\",\"width\":476,\"height\":476},{\"@type\":\"BreadcrumbList\",\"@id\":\"https:\\\/\\\/lisbonpubliclaw.pt\\\/investigadores\\\/francisco-paes-da-silva-marques\\\/#breadcrumb\",\"itemListElement\":[{\"@type\":\"ListItem\",\"position\":1,\"name\":\"Home\",\"item\":\"https:\\\/\\\/lisbonpubliclaw.pt\\\/\"},{\"@type\":\"ListItem\",\"position\":2,\"name\":\"Investigadores\",\"item\":\"https:\\\/\\\/lisbonpubliclaw.pt\\\/investigadores\\\/\"},{\"@type\":\"ListItem\",\"position\":3,\"name\":\"Francisco Paes Marques\"}]},{\"@type\":\"WebSite\",\"@id\":\"https:\\\/\\\/lisbonpubliclaw.pt\\\/#website\",\"url\":\"https:\\\/\\\/lisbonpubliclaw.pt\\\/\",\"name\":\"Lisbon Public Law\",\"description\":\"Public Law Research Centre in Lisbon\",\"publisher\":{\"@id\":\"https:\\\/\\\/lisbonpubliclaw.pt\\\/#organization\"},\"potentialAction\":[{\"@type\":\"SearchAction\",\"target\":{\"@type\":\"EntryPoint\",\"urlTemplate\":\"https:\\\/\\\/lisbonpubliclaw.pt\\\/?s={search_term_string}\"},\"query-input\":{\"@type\":\"PropertyValueSpecification\",\"valueRequired\":true,\"valueName\":\"search_term_string\"}}],\"inLanguage\":\"en-US\"},{\"@type\":\"Organization\",\"@id\":\"https:\\\/\\\/lisbonpubliclaw.pt\\\/#organization\",\"name\":\"Lisbon Public Law\",\"url\":\"https:\\\/\\\/lisbonpubliclaw.pt\\\/\",\"logo\":{\"@type\":\"ImageObject\",\"inLanguage\":\"en-US\",\"@id\":\"https:\\\/\\\/lisbonpubliclaw.pt\\\/#\\\/schema\\\/logo\\\/image\\\/\",\"url\":\"https:\\\/\\\/lisbonpubliclaw.pt\\\/wp-content\\\/uploads\\\/2023\\\/06\\\/WhatsApp-Image-2023-06-19-at-11.01.50-1.jpeg\",\"contentUrl\":\"https:\\\/\\\/lisbonpubliclaw.pt\\\/wp-content\\\/uploads\\\/2023\\\/06\\\/WhatsApp-Image-2023-06-19-at-11.01.50-1.jpeg\",\"width\":354,\"height\":354,\"caption\":\"Lisbon Public Law\"},\"image\":{\"@id\":\"https:\\\/\\\/lisbonpubliclaw.pt\\\/#\\\/schema\\\/logo\\\/image\\\/\"},\"mainEntityOfPage\":{\"@id\":\"https:\\\/\\\/lisbonpubliclaw.pt\\\/investigadores\\\/francisco-paes-da-silva-marques\\\/\"}}]}<\/script>\n<!-- \/ Yoast SEO plugin. -->","yoast_head_json":{"title":"Francisco Paes da Silva Marques","description":"Francisco Paes Marques has a degree in Law from the Faculty of Law of the University of Lisbon, having obtained a Master's degree in Legal-Political Sciences at the same Faculty with the dissertation \u201cAs rela\u00e7\u00f5es Jur\u00eddicas Administrativas Multipolares (Contributo para a sua compreens\u00e3o substantiva)\u201d and the degree PhD in Legal and Political Sciences at the Faculty of Law of the University of Lisbon (2009). He is Assistant Professor at the Faculty of Law of the University of Lisbon. His research interests lie mainly in the areas of administrative law, administrative litigation and European Union law. Among his publications are \u201c\u201cA Efectividade da Tutela de Terceiros no Contencioso Administrativo\u201d and \u201cA Excep\u00e7\u00e3o de Ilegalidade no Contencioso da Uni\u00e3o Europeia\u201d.","robots":{"index":"index","follow":"follow","max-snippet":"max-snippet:-1","max-image-preview":"max-image-preview:large","max-video-preview":"max-video-preview:-1"},"canonical":"https:\/\/lisbonpubliclaw.pt\/en\/investigadores\/francisco-paes-da-silva-marques\/","og_locale":"en_US","og_type":"article","og_title":"Francisco Paes da Silva Marques","og_description":"Investigador Integrado Efetivo","og_url":"https:\/\/lisbonpubliclaw.pt\/en\/investigadores\/francisco-paes-da-silva-marques\/","og_site_name":"Lisbon Public Law","article_modified_time":"2024-08-28T14:45:35+00:00","og_image":[{"width":476,"height":476,"url":"https:\/\/lisbonpubliclaw.pt\/wp-content\/uploads\/2023\/05\/imagemnoticia.jpg","type":"image\/jpeg"}],"twitter_card":"summary_large_image","schema":{"@context":"https:\/\/schema.org","@graph":[{"@type":["WebPage","ProfilePage"],"@id":"https:\/\/lisbonpubliclaw.pt\/investigadores\/francisco-paes-da-silva-marques\/","url":"https:\/\/lisbonpubliclaw.pt\/investigadores\/francisco-paes-da-silva-marques\/","name":"Francisco Paes da Silva Marques","isPartOf":{"@id":"https:\/\/lisbonpubliclaw.pt\/#website"},"primaryImageOfPage":{"@id":"https:\/\/lisbonpubliclaw.pt\/investigadores\/francisco-paes-da-silva-marques\/#primaryimage"},"image":{"@id":"https:\/\/lisbonpubliclaw.pt\/investigadores\/francisco-paes-da-silva-marques\/#primaryimage"},"thumbnailUrl":"https:\/\/lisbonpubliclaw.pt\/wp-content\/uploads\/2023\/05\/imagemnoticia.jpg","datePublished":"2023-06-16T16:21:20+00:00","dateModified":"2024-08-28T14:45:35+00:00","description":"Francisco Paes Marques has a degree in Law from the Faculty of Law of the University of Lisbon, having obtained a Master's degree in Legal-Political Sciences at the same Faculty with the dissertation \u201cAs rela\u00e7\u00f5es Jur\u00eddicas Administrativas Multipolares (Contributo para a sua compreens\u00e3o substantiva)\u201d and the degree PhD in Legal and Political Sciences at the Faculty of Law of the University of Lisbon (2009). He is Assistant Professor at the Faculty of Law of the University of Lisbon. His research interests lie mainly in the areas of administrative law, administrative litigation and European Union law. Among his publications are \u201c\u201cA Efectividade da Tutela de Terceiros no Contencioso Administrativo\u201d and \u201cA Excep\u00e7\u00e3o de Ilegalidade no Contencioso da Uni\u00e3o Europeia\u201d.","breadcrumb":{"@id":"https:\/\/lisbonpubliclaw.pt\/investigadores\/francisco-paes-da-silva-marques\/#breadcrumb"},"inLanguage":"en-US","potentialAction":[{"@type":"ReadAction","target":["https:\/\/lisbonpubliclaw.pt\/investigadores\/francisco-paes-da-silva-marques\/"]}]},{"@type":"ImageObject","inLanguage":"en-US","@id":"https:\/\/lisbonpubliclaw.pt\/investigadores\/francisco-paes-da-silva-marques\/#primaryimage","url":"https:\/\/lisbonpubliclaw.pt\/wp-content\/uploads\/2023\/05\/imagemnoticia.jpg","contentUrl":"https:\/\/lisbonpubliclaw.pt\/wp-content\/uploads\/2023\/05\/imagemnoticia.jpg","width":476,"height":476},{"@type":"BreadcrumbList","@id":"https:\/\/lisbonpubliclaw.pt\/investigadores\/francisco-paes-da-silva-marques\/#breadcrumb","itemListElement":[{"@type":"ListItem","position":1,"name":"Home","item":"https:\/\/lisbonpubliclaw.pt\/"},{"@type":"ListItem","position":2,"name":"Investigadores","item":"https:\/\/lisbonpubliclaw.pt\/investigadores\/"},{"@type":"ListItem","position":3,"name":"Francisco Paes Marques"}]},{"@type":"WebSite","@id":"https:\/\/lisbonpubliclaw.pt\/#website","url":"https:\/\/lisbonpubliclaw.pt\/","name":"Lisbon Public Law","description":"Public Law Research Centre in Lisbon","publisher":{"@id":"https:\/\/lisbonpubliclaw.pt\/#organization"},"potentialAction":[{"@type":"SearchAction","target":{"@type":"EntryPoint","urlTemplate":"https:\/\/lisbonpubliclaw.pt\/?s={search_term_string}"},"query-input":{"@type":"PropertyValueSpecification","valueRequired":true,"valueName":"search_term_string"}}],"inLanguage":"en-US"},{"@type":"Organization","@id":"https:\/\/lisbonpubliclaw.pt\/#organization","name":"Lisbon Public Law","url":"https:\/\/lisbonpubliclaw.pt\/","logo":{"@type":"ImageObject","inLanguage":"en-US","@id":"https:\/\/lisbonpubliclaw.pt\/#\/schema\/logo\/image\/","url":"https:\/\/lisbonpubliclaw.pt\/wp-content\/uploads\/2023\/06\/WhatsApp-Image-2023-06-19-at-11.01.50-1.jpeg","contentUrl":"https:\/\/lisbonpubliclaw.pt\/wp-content\/uploads\/2023\/06\/WhatsApp-Image-2023-06-19-at-11.01.50-1.jpeg","width":354,"height":354,"caption":"Lisbon Public Law"},"image":{"@id":"https:\/\/lisbonpubliclaw.pt\/#\/schema\/logo\/image\/"},"mainEntityOfPage":{"@id":"https:\/\/lisbonpubliclaw.pt\/investigadores\/francisco-paes-da-silva-marques\/"}}]}},"_links":{"self":[{"href":"https:\/\/lisbonpubliclaw.pt\/en\/wp-json\/wp\/v2\/investigadores\/1738","targetHints":{"allow":["GET"]}}],"collection":[{"href":"https:\/\/lisbonpubliclaw.pt\/en\/wp-json\/wp\/v2\/investigadores"}],"about":[{"href":"https:\/\/lisbonpubliclaw.pt\/en\/wp-json\/wp\/v2\/types\/investigadores"}],"wp:featuredmedia":[{"embeddable":true,"href":"https:\/\/lisbonpubliclaw.pt\/en\/wp-json\/wp\/v2\/media\/766"}],"wp:attachment":[{"href":"https:\/\/lisbonpubliclaw.pt\/en\/wp-json\/wp\/v2\/media?parent=1738"}],"wp:term":[{"taxonomy":"efetivos-assistentes","embeddable":true,"href":"https:\/\/lisbonpubliclaw.pt\/en\/wp-json\/wp\/v2\/efetivos-assistentes?post=1738"},{"taxonomy":"members-fellows","embeddable":true,"href":"https:\/\/lisbonpubliclaw.pt\/en\/wp-json\/wp\/v2\/members-fellows?post=1738"},{"taxonomy":"cluster","embeddable":true,"href":"https:\/\/lisbonpubliclaw.pt\/en\/wp-json\/wp\/v2\/cluster?post=1738"},{"taxonomy":"categoria-do-investigador","embeddable":true,"href":"https:\/\/lisbonpubliclaw.pt\/en\/wp-json\/wp\/v2\/categoria-do-investigador?post=1738"},{"taxonomy":"grupo-de-investigacao","embeddable":true,"href":"https:\/\/lisbonpubliclaw.pt\/en\/wp-json\/wp\/v2\/grupo-de-investigacao?post=1738"}],"curies":[{"name":"wp","href":"https:\/\/api.w.org\/{rel}","templated":true}]}}