{"id":1736,"date":"2023-06-16T16:21:20","date_gmt":"2023-06-16T16:21:20","guid":{"rendered":"https:\/\/lisbonpubliclaw.pt\/investigadores\/fausto-de-quadros\/"},"modified":"2024-02-19T17:00:02","modified_gmt":"2024-02-19T17:00:02","slug":"fausto-de-quadros","status":"publish","type":"investigadores","link":"https:\/\/lisbonpubliclaw.pt\/en\/investigadores\/fausto-de-quadros\/","title":{"rendered":"Fausto de Quadros"},"content":{"rendered":"","protected":false},"template":"","meta":{"foto-do-investigador":"https:\/\/lisbonpubliclaw.pt\/wp-content\/uploads\/2023\/07\/Fausto-de-Quadros.png","nome-do-investigador":"Fausto de Quadros","cargo-do-investigador":"Investigador Integrado Efetivo","email-do-investigador":"mailto:fquadros@fd.ul.pt","cv-do-investigador":"https:\/\/lisbonpubliclaw.pt\/wp-content\/uploads\/2023\/06\/CV_Fausto_2024.pdf","orcid":"0000-0003-1161-1280","ciencia-id":"","areas-de-investigacao":"Direito Administrativo, Direito da Uni\u00e3o Europeia, Direito Internacional P\u00fablico, Contencioso Administrativo Europeu e Internacional, Arbitragem Nacional e Internacional","short-bio-investigadores":"<p style=\"text-align: justify;\">Fausto de Quadros \u00e9 Professor Catedr\u00e1tico Jubilado de Direito P\u00fablico e Direito Europeu na Faculdade de Direito da Universidade de Lisboa onde ensinou Direito Administrativo, Direito Internacional P\u00fablico e Direito da Uni\u00e3o Europeia.<\/p>\r\n\r\n<p style=\"text-align: justify;\">\u00c9 um dos mais destacados especialistas em Direito P\u00fablico a n\u00edvel nacional, mantendo interesses de investiga\u00e7\u00e3o em todas as \u00e1reas do Direito P\u00fablico. Possui um LLM em Direito P\u00fablico e Econ\u00f3mico obtido naquela Faculdade, tendo-se doutorado pela mesma Faculdade em Direito P\u00fablico e Direito Europeu. Foi titular de uma C\u00e1tedra Europeia Jean Monnet em Direito Constitucional e Administrativo da Uni\u00e3o Europeia de 1996 a 2008 e de 2008 a 2013 foi o Diretor e o Coordenador do Centro de Excel\u00eancia Jean Monnet da Universidade de Lisboa.<\/p>\r\n\r\n<p style=\"text-align: justify;\">Atualmente \u00e9 Titular de uma C\u00e1tedra Europeia Jean Monnet ad personam em Direito Constitucional Europeu. Foi Professor Visitante em muitas Universidades, inclusive no Institut d\u2019Hautes \u00c9tudes Europ\u00e9ennes da Universidade Robert Schumann em Estrasburgo, na Universidade de Ci\u00eancias Administrativas de Speyer e em muitas outras Universidades estrangeiras. Como Jurisconsulto, presta regularmente consultoria jur\u00eddica a governos e outras entidades em mat\u00e9rias de Direito Europeu, Direito P\u00fablico e Direito Internacional. Foi membro da Comiss\u00e3o Consultiva do Primeiro-Ministro que acompanhou a prepara\u00e7\u00e3o da Cimeira de Maastricht em 1991, a reda\u00e7\u00e3o do Tratado de Maastricht e a primeira Presid\u00eancia portuguesa das Comunidades Europeias em 1992.<\/p>\r\n\r\n<p style=\"text-align: justify;\">Aconselhou a \u00c1ustria e a Pol\u00f3nia na prepara\u00e7\u00e3o das suas respetivas ades\u00f5es \u00e0 Uni\u00e3o Europeia. Foi consultor da OCDE relativamente \u00e0 reforma da Administra\u00e7\u00e3o P\u00fablica de alguns Estados membros. Participou na elabora\u00e7\u00e3o de alguns dos diplomas b\u00e1sicos que \u00e0 sombra da Constitui\u00e7\u00e3o de 1976 vieram erguer o novo Direito democr\u00e1tico em Portugal. Foi ouvido pela Assembleia da Rep\u00fablica sobre quase todas as revis\u00f5es da Constitui\u00e7\u00e3o. Participou em numerosas Confer\u00eancias e Simp\u00f3sios Internacionais, principalmente em Direito P\u00fablico e Direito Europeu, na prepara\u00e7\u00e3o dos Tratados de Maastricht, Amsterd\u00e3o, Nice, do Tratado Constitucional Europeu, do Tratado de Lisboa e do Tratado da Carta de Energia. Foi \u00e1rbitro ad hoc do \u201cMercosul\u201d (\u201cMercado Comum do Sul\u201d), por indica\u00e7\u00e3o da Rep\u00fablica do Brasil. \u00c9 Jurisconsulto, \u00c1rbitro nacional e internacional e Advogado inclusive perante tribunais internacionais como o Tribunal Europeu dos Direitos Humanos e o Tribunal de Justi\u00e7a da Uni\u00e3o Europeia.<\/p>\r\n\r\n<p style=\"text-align: justify;\">Tem uma vast\u00edssima lista de publica\u00e7\u00f5es, editadas em Portugal e no estrangeiro, entre as quais se destacam os seguintes manuais: Manual de Direito Internacional P\u00fablico (em coautoria com Andr\u00e9 Gon\u00e7alves Pereira), Droit de l\u2019Union europ\u00e9enne, Direito da Uni\u00e3o Europeia, Contencioso da Uni\u00e3o Europeia (em coautoria com Ana Guerra Martins). Merece tamb\u00e9m refer\u00eancia especial a sua colabora\u00e7\u00e3o em algumas importantes enciclop\u00e9dias jur\u00eddicas internacionais e a sua participa\u00e7\u00e3o em v\u00e1rias obras coletivas.<\/p>\r\n\r\n","link-pagina-pessoal":"Fausto de Quadros \u00e9 Professor Catedr\u00e1tico Jubilado de Direito P\u00fablico e Direito Europeu na Faculdade de Direito da Universidade de Lisboa onde ensinou Direito Administrativo, Direito Internacional P\u00fablico e Direito da Uni\u00e3o Europeia. \u00c9 um dos mais destacados especialistas em Direito P\u00fablico a n\u00edvel nacional, mantendo interesses de investiga\u00e7\u00e3o em todas as \u00e1reas do Direito P\u00fablico. Possui um LLM em Direito P\u00fablico e Econ\u00f3mico obtido naquela Faculdade, tendo-se doutorado pela mesma Faculdade em Direito P\u00fablico e Direito Europeu. Foi titular de uma C\u00e1tedra Europeia Jean Monnet em Direito Constitucional e Administrativo da Uni\u00e3o Europeia de 1996 a 2008 e de 2008 a 2013 foi o Diretor e o Coordenador do Centro de Excel\u00eancia Jean Monnet da Universidade de Lisboa. Atualmente \u00e9 Titular de uma C\u00e1tedra Europeia Jean Monnet ad personam em Direito Constitucional Europeu. Foi Professor Visitante em muitas  Universidades, inclusive no Institut d\u2019Hautes \u00c9tudes Europ\u00e9ennes da Universidade Robert Schumann em Estrasburgo, na Universidade de Ci\u00eancias Administrativas de Speyer e em muitas outras Universidades estrangeiras. Como Jurisconsulto, presta regularmente consultoria jur\u00eddica a governos e outras entidades em mat\u00e9rias de Direito Europeu, Direito P\u00fablico e Direito Internacional. Foi membro da Comiss\u00e3o Consultiva do Primeiro-Ministro que acompanhou a prepara\u00e7\u00e3o da Cimeira de Maastricht em 1991, a reda\u00e7\u00e3o do Tratado de Maastricht e a primeira Presid\u00eancia portuguesa das Comunidades Europeias em 1992. Aconselhou a \u00c1ustria e a Pol\u00f3nia na prepara\u00e7\u00e3o das suas respetivas ades\u00f5es \u00e0 Uni\u00e3o Europeia. Foi consultor da OCDE relativamente \u00e0 reforma da Administra\u00e7\u00e3o P\u00fablica de alguns Estados membros. Participou na elabora\u00e7\u00e3o de alguns dos diplomas b\u00e1sicos que \u00e0 sombra da Constitui\u00e7\u00e3o de 1976 vieram erguer o novo Direito democr\u00e1tico em Portugal. Foi ouvido pela Assembleia da Rep\u00fablica sobre quase todas as revis\u00f5es da Constitui\u00e7\u00e3o. Participou em numerosas Confer\u00eancias e Simp\u00f3sios Internacionais, principalmente em Direito P\u00fablico e Direito Europeu, na prepara\u00e7\u00e3o dos Tratados de Maastricht, Amsterd\u00e3o, Nice, do Tratado Constitucional Europeu, do Tratado de Lisboa e do Tratado da Carta de Energia. Foi \u00e1rbitro ad hoc do \u201cMercosul\u201d (\u201cMercado Comum do Sul\u201d), por indica\u00e7\u00e3o da Rep\u00fablica do Brasil. \u00c9 Jurisconsulto, \u00c1rbitro nacional e internacional e Advogado inclusive perante tribunais internacionais como o Tribunal Europeu dos Direitos Humanos e o Tribunal de Justi\u00e7a da Uni\u00e3o Europeia. Tem uma vast\u00edssima lista de publica\u00e7\u00f5es, editadas em Portugal e no estrangeiro, entre as quais se destacam os seguintes manuais: Manual de Direito Internacional P\u00fablico (em coautoria com Andr\u00e9 Gon\u00e7alves Pereira), Droit de l\u2019Union europ\u00e9enne, Direito da Uni\u00e3o Europeia, Contencioso da Uni\u00e3o Europeia (em coautoria com Ana Guerra Martins). Merece tamb\u00e9m refer\u00eancia especial a sua colabora\u00e7\u00e3o em algumas importantes enciclop\u00e9dias jur\u00eddicas internacionais e a sua participa\u00e7\u00e3o em v\u00e1rias obras coletivas.  "},"efetivos-assistentes":[32],"members-fellows":[],"cluster":[],"categoria-do-investigador":[14],"grupo-de-investigacao":[12],"class_list":["post-1736","investigadores","type-investigadores","status-publish","hentry","efetivos-assistentes-efetivo","categoria-do-investigador-integrado","grupo-de-investigacao-direito-internacional-e-europeu"],"yoast_head":"<!-- This site is optimized with the Yoast SEO plugin v27.5 - https:\/\/yoast.com\/product\/yoast-seo-wordpress\/ -->\n<title>Fausto de Quadros - Investigador Integrado Efetivo do LPL<\/title>\n<meta name=\"description\" content=\"Fausto de Quadros \u00e9 Professor Catedr\u00e1tico de Direito P\u00fablico na FDUL e Investigador Integrado Efetivo do Lisbon Public Law Research Centre.\" \/>\n<meta name=\"robots\" content=\"index, follow, max-snippet:-1, max-image-preview:large, max-video-preview:-1\" \/>\n<link rel=\"canonical\" href=\"https:\/\/lisbonpubliclaw.pt\/en\/investigadores\/fausto-de-quadros\/\" \/>\n<meta property=\"og:locale\" content=\"en_US\" \/>\n<meta property=\"og:type\" content=\"article\" \/>\n<meta property=\"og:title\" content=\"Fausto de Quadros\" \/>\n<meta property=\"og:description\" content=\"Investigador Integrado Efetivo\" \/>\n<meta property=\"og:url\" content=\"https:\/\/lisbonpubliclaw.pt\/en\/investigadores\/fausto-de-quadros\/\" \/>\n<meta property=\"og:site_name\" content=\"Lisbon Public Law\" \/>\n<meta property=\"article:modified_time\" content=\"2024-02-19T17:00:02+00:00\" \/>\n<meta name=\"twitter:card\" content=\"summary_large_image\" \/>\n<script type=\"application\/ld+json\" class=\"yoast-schema-graph\">{\"@context\":\"https:\\\/\\\/schema.org\",\"@graph\":[{\"@type\":[\"WebPage\",\"ProfilePage\"],\"@id\":\"https:\\\/\\\/lisbonpubliclaw.pt\\\/investigadores\\\/fausto-de-quadros\\\/\",\"url\":\"https:\\\/\\\/lisbonpubliclaw.pt\\\/investigadores\\\/fausto-de-quadros\\\/\",\"name\":\"Fausto de Quadros - Investigador Integrado Efetivo do LPL\",\"isPartOf\":{\"@id\":\"https:\\\/\\\/lisbonpubliclaw.pt\\\/#website\"},\"datePublished\":\"2023-06-16T16:21:20+00:00\",\"dateModified\":\"2024-02-19T17:00:02+00:00\",\"description\":\"Fausto de Quadros \u00e9 Professor Catedr\u00e1tico de Direito P\u00fablico na FDUL e Investigador Integrado Efetivo do Lisbon Public Law Research Centre.\",\"breadcrumb\":{\"@id\":\"https:\\\/\\\/lisbonpubliclaw.pt\\\/investigadores\\\/fausto-de-quadros\\\/#breadcrumb\"},\"inLanguage\":\"en-US\",\"potentialAction\":[{\"@type\":\"ReadAction\",\"target\":[\"https:\\\/\\\/lisbonpubliclaw.pt\\\/investigadores\\\/fausto-de-quadros\\\/\"]}]},{\"@type\":\"BreadcrumbList\",\"@id\":\"https:\\\/\\\/lisbonpubliclaw.pt\\\/investigadores\\\/fausto-de-quadros\\\/#breadcrumb\",\"itemListElement\":[{\"@type\":\"ListItem\",\"position\":1,\"name\":\"Home\",\"item\":\"https:\\\/\\\/lisbonpubliclaw.pt\\\/\"},{\"@type\":\"ListItem\",\"position\":2,\"name\":\"Investigadores\",\"item\":\"https:\\\/\\\/lisbonpubliclaw.pt\\\/investigadores\\\/\"},{\"@type\":\"ListItem\",\"position\":3,\"name\":\"Fausto de Quadros\"}]},{\"@type\":\"WebSite\",\"@id\":\"https:\\\/\\\/lisbonpubliclaw.pt\\\/#website\",\"url\":\"https:\\\/\\\/lisbonpubliclaw.pt\\\/\",\"name\":\"Lisbon Public Law\",\"description\":\"Public Law Research Centre in Lisbon\",\"publisher\":{\"@id\":\"https:\\\/\\\/lisbonpubliclaw.pt\\\/#organization\"},\"potentialAction\":[{\"@type\":\"SearchAction\",\"target\":{\"@type\":\"EntryPoint\",\"urlTemplate\":\"https:\\\/\\\/lisbonpubliclaw.pt\\\/?s={search_term_string}\"},\"query-input\":{\"@type\":\"PropertyValueSpecification\",\"valueRequired\":true,\"valueName\":\"search_term_string\"}}],\"inLanguage\":\"en-US\"},{\"@type\":\"Organization\",\"@id\":\"https:\\\/\\\/lisbonpubliclaw.pt\\\/#organization\",\"name\":\"Lisbon Public Law\",\"url\":\"https:\\\/\\\/lisbonpubliclaw.pt\\\/\",\"logo\":{\"@type\":\"ImageObject\",\"inLanguage\":\"en-US\",\"@id\":\"https:\\\/\\\/lisbonpubliclaw.pt\\\/#\\\/schema\\\/logo\\\/image\\\/\",\"url\":\"https:\\\/\\\/lisbonpubliclaw.pt\\\/wp-content\\\/uploads\\\/2023\\\/06\\\/WhatsApp-Image-2023-06-19-at-11.01.50-1.jpeg\",\"contentUrl\":\"https:\\\/\\\/lisbonpubliclaw.pt\\\/wp-content\\\/uploads\\\/2023\\\/06\\\/WhatsApp-Image-2023-06-19-at-11.01.50-1.jpeg\",\"width\":354,\"height\":354,\"caption\":\"Lisbon Public Law\"},\"image\":{\"@id\":\"https:\\\/\\\/lisbonpubliclaw.pt\\\/#\\\/schema\\\/logo\\\/image\\\/\"},\"mainEntityOfPage\":{\"@id\":\"https:\\\/\\\/lisbonpubliclaw.pt\\\/investigadores\\\/fausto-de-quadros\\\/\"}}]}<\/script>\n<!-- \/ Yoast SEO plugin. -->","yoast_head_json":{"title":"Fausto de Quadros - Investigador Integrado Efetivo do LPL","description":"Fausto de Quadros \u00e9 Professor Catedr\u00e1tico de Direito P\u00fablico na FDUL e Investigador Integrado Efetivo do Lisbon Public Law Research Centre.","robots":{"index":"index","follow":"follow","max-snippet":"max-snippet:-1","max-image-preview":"max-image-preview:large","max-video-preview":"max-video-preview:-1"},"canonical":"https:\/\/lisbonpubliclaw.pt\/en\/investigadores\/fausto-de-quadros\/","og_locale":"en_US","og_type":"article","og_title":"Fausto de Quadros","og_description":"Investigador Integrado Efetivo","og_url":"https:\/\/lisbonpubliclaw.pt\/en\/investigadores\/fausto-de-quadros\/","og_site_name":"Lisbon Public Law","article_modified_time":"2024-02-19T17:00:02+00:00","twitter_card":"summary_large_image","schema":{"@context":"https:\/\/schema.org","@graph":[{"@type":["WebPage","ProfilePage"],"@id":"https:\/\/lisbonpubliclaw.pt\/investigadores\/fausto-de-quadros\/","url":"https:\/\/lisbonpubliclaw.pt\/investigadores\/fausto-de-quadros\/","name":"Fausto de Quadros - Investigador Integrado Efetivo do LPL","isPartOf":{"@id":"https:\/\/lisbonpubliclaw.pt\/#website"},"datePublished":"2023-06-16T16:21:20+00:00","dateModified":"2024-02-19T17:00:02+00:00","description":"Fausto de Quadros \u00e9 Professor Catedr\u00e1tico de Direito P\u00fablico na FDUL e Investigador Integrado Efetivo do Lisbon Public Law Research Centre.","breadcrumb":{"@id":"https:\/\/lisbonpubliclaw.pt\/investigadores\/fausto-de-quadros\/#breadcrumb"},"inLanguage":"en-US","potentialAction":[{"@type":"ReadAction","target":["https:\/\/lisbonpubliclaw.pt\/investigadores\/fausto-de-quadros\/"]}]},{"@type":"BreadcrumbList","@id":"https:\/\/lisbonpubliclaw.pt\/investigadores\/fausto-de-quadros\/#breadcrumb","itemListElement":[{"@type":"ListItem","position":1,"name":"Home","item":"https:\/\/lisbonpubliclaw.pt\/"},{"@type":"ListItem","position":2,"name":"Investigadores","item":"https:\/\/lisbonpubliclaw.pt\/investigadores\/"},{"@type":"ListItem","position":3,"name":"Fausto de Quadros"}]},{"@type":"WebSite","@id":"https:\/\/lisbonpubliclaw.pt\/#website","url":"https:\/\/lisbonpubliclaw.pt\/","name":"Lisbon Public Law","description":"Public Law Research Centre in Lisbon","publisher":{"@id":"https:\/\/lisbonpubliclaw.pt\/#organization"},"potentialAction":[{"@type":"SearchAction","target":{"@type":"EntryPoint","urlTemplate":"https:\/\/lisbonpubliclaw.pt\/?s={search_term_string}"},"query-input":{"@type":"PropertyValueSpecification","valueRequired":true,"valueName":"search_term_string"}}],"inLanguage":"en-US"},{"@type":"Organization","@id":"https:\/\/lisbonpubliclaw.pt\/#organization","name":"Lisbon Public Law","url":"https:\/\/lisbonpubliclaw.pt\/","logo":{"@type":"ImageObject","inLanguage":"en-US","@id":"https:\/\/lisbonpubliclaw.pt\/#\/schema\/logo\/image\/","url":"https:\/\/lisbonpubliclaw.pt\/wp-content\/uploads\/2023\/06\/WhatsApp-Image-2023-06-19-at-11.01.50-1.jpeg","contentUrl":"https:\/\/lisbonpubliclaw.pt\/wp-content\/uploads\/2023\/06\/WhatsApp-Image-2023-06-19-at-11.01.50-1.jpeg","width":354,"height":354,"caption":"Lisbon Public Law"},"image":{"@id":"https:\/\/lisbonpubliclaw.pt\/#\/schema\/logo\/image\/"},"mainEntityOfPage":{"@id":"https:\/\/lisbonpubliclaw.pt\/investigadores\/fausto-de-quadros\/"}}]}},"_links":{"self":[{"href":"https:\/\/lisbonpubliclaw.pt\/en\/wp-json\/wp\/v2\/investigadores\/1736","targetHints":{"allow":["GET"]}}],"collection":[{"href":"https:\/\/lisbonpubliclaw.pt\/en\/wp-json\/wp\/v2\/investigadores"}],"about":[{"href":"https:\/\/lisbonpubliclaw.pt\/en\/wp-json\/wp\/v2\/types\/investigadores"}],"wp:attachment":[{"href":"https:\/\/lisbonpubliclaw.pt\/en\/wp-json\/wp\/v2\/media?parent=1736"}],"wp:term":[{"taxonomy":"efetivos-assistentes","embeddable":true,"href":"https:\/\/lisbonpubliclaw.pt\/en\/wp-json\/wp\/v2\/efetivos-assistentes?post=1736"},{"taxonomy":"members-fellows","embeddable":true,"href":"https:\/\/lisbonpubliclaw.pt\/en\/wp-json\/wp\/v2\/members-fellows?post=1736"},{"taxonomy":"cluster","embeddable":true,"href":"https:\/\/lisbonpubliclaw.pt\/en\/wp-json\/wp\/v2\/cluster?post=1736"},{"taxonomy":"categoria-do-investigador","embeddable":true,"href":"https:\/\/lisbonpubliclaw.pt\/en\/wp-json\/wp\/v2\/categoria-do-investigador?post=1736"},{"taxonomy":"grupo-de-investigacao","embeddable":true,"href":"https:\/\/lisbonpubliclaw.pt\/en\/wp-json\/wp\/v2\/grupo-de-investigacao?post=1736"}],"curies":[{"name":"wp","href":"https:\/\/api.w.org\/{rel}","templated":true}]}}