{"id":1730,"date":"2023-06-16T16:21:19","date_gmt":"2023-06-16T16:21:19","guid":{"rendered":"https:\/\/lisbonpubliclaw.pt\/investigadores\/claudia-monge\/"},"modified":"2023-07-26T19:38:11","modified_gmt":"2023-07-26T19:38:11","slug":"claudia-monge","status":"publish","type":"investigadores","link":"https:\/\/lisbonpubliclaw.pt\/en\/investigadores\/claudia-monge\/","title":{"rendered":"Cl\u00e1udia Monge"},"content":{"rendered":"","protected":false},"template":"","meta":{"foto-do-investigador":"https:\/\/lisbonpubliclaw.pt\/wp-content\/uploads\/2023\/07\/Claudia-Monge.png","nome-do-investigador":"Cl\u00e1udia Monge","cargo-do-investigador":"Investigadora Integrada Efetiva","email-do-investigador":"mailto:claudiamonge@fd.ulisboa.pt","cv-do-investigador":"","orcid":"0000-0003-3944-1105","ciencia-id":"D71C-09BF-FDC0","areas-de-investigacao":"Direito da Sa\u00fade, Direitos Fundamentais, Direito Administrativo, Direito Constitucional","short-bio-investigadores":"Licenciada pela Faculdade de Direito da Universidade de Lisboa, em 1998;\r\nMestrado em Ci\u00eancias Jur\u00eddico-Pol\u00edticas, pela Faculdade de Direito da Universidade de Lisboa (disserta\u00e7\u00e3o de mestrado sob o tema Contributo para o estudo do Direito da Sa\u00fade: a presta\u00e7\u00e3o de cuidados de sa\u00fade), em 2002;\r\nDoutoramento pela Faculdade de Direito da Universidade de Lisboa na \u00e1rea de especializa\u00e7\u00e3o de Ci\u00eancias Jur\u00eddico-Pol\u00edticas com o tema O direito \u00e0 prote\u00e7\u00e3o da sa\u00fade e o conte\u00fado da presta\u00e7\u00e3o de cuidados m\u00e9dicos, em fevereiro de 2016.\r\nProfessora Auxiliar da Faculdade de Direito da Universidade de Lisboa, desde 2016;\r\nDocente da Faculdade de Direito da Universidade de Lisboa desde 1999;\r\nAdvogada, \r\nOradora em Cursos de Mestrado, P\u00f3s-Gradua\u00e7\u00e3o, confer\u00eancias e semin\u00e1rios, em especial nas \u00e1reas de Direito da Sa\u00fade, de Prote\u00e7\u00e3o de Dados Pessoais, de Prote\u00e7\u00e3o Internacional da Pessoa Humana, de Direito Administrativo e de Contrata\u00e7\u00e3o P\u00fablica. ","link-pagina-pessoal":""},"efetivos-assistentes":[32],"members-fellows":[],"cluster":[],"categoria-do-investigador":[14],"grupo-de-investigacao":[10],"class_list":["post-1730","investigadores","type-investigadores","status-publish","has-post-thumbnail","hentry","efetivos-assistentes-efetivo","categoria-do-investigador-integrado","grupo-de-investigacao-direito-constitucional-e-ciencia-politica"],"yoast_head":"<!-- This site is optimized with the Yoast SEO plugin v27.5 - https:\/\/yoast.com\/product\/yoast-seo-wordpress\/ -->\n<title>Cl\u00e1udia Monge<\/title>\n<meta name=\"description\" content=\"Licenciada pela Faculdade de Direito da Universidade de Lisboa, em 1998; Mestrado em Ci\u00eancias Jur\u00eddico-Pol\u00edticas, pela Faculdade de Direito da Universidade de Lisboa (disserta\u00e7\u00e3o de mestrado sob o tema Contributo para o estudo do Direito da Sa\u00fade: a presta\u00e7\u00e3o de cuidados de sa\u00fade), em 2002; Doutoramento pela Faculdade de Direito da Universidade de Lisboa na \u00e1rea de especializa\u00e7\u00e3o de Ci\u00eancias Jur\u00eddico-Pol\u00edticas com o tema O direito \u00e0 prote\u00e7\u00e3o da sa\u00fade e o conte\u00fado da presta\u00e7\u00e3o de cuidados m\u00e9dicos, em fevereiro de 2016. Professora Auxiliar da Faculdade de Direito da Universidade de Lisboa, desde 2016; Docente da Faculdade de Direito da Universidade de Lisboa desde 1999; Advogada, Oradora em Cursos de Mestrado, P\u00f3s-Gradua\u00e7\u00e3o, confer\u00eancias e semin\u00e1rios, em especial nas \u00e1reas de Direito da Sa\u00fade, de Prote\u00e7\u00e3o de Dados Pessoais, de Prote\u00e7\u00e3o Internacional da Pessoa Humana, de Direito Administrativo e de Contrata\u00e7\u00e3o P\u00fablica.\" \/>\n<meta name=\"robots\" content=\"index, follow, max-snippet:-1, max-image-preview:large, max-video-preview:-1\" \/>\n<link rel=\"canonical\" href=\"https:\/\/lisbonpubliclaw.pt\/en\/investigadores\/claudia-monge\/\" \/>\n<meta property=\"og:locale\" content=\"en_US\" \/>\n<meta property=\"og:type\" content=\"article\" \/>\n<meta property=\"og:title\" content=\"Cl\u00e1udia Monge\" \/>\n<meta property=\"og:description\" content=\"Investigadora Integrada Efetiva\" \/>\n<meta property=\"og:url\" content=\"https:\/\/lisbonpubliclaw.pt\/en\/investigadores\/claudia-monge\/\" \/>\n<meta property=\"og:site_name\" content=\"Lisbon Public Law\" \/>\n<meta property=\"article:modified_time\" content=\"2023-07-26T19:38:11+00:00\" \/>\n<meta property=\"og:image\" content=\"https:\/\/lisbonpubliclaw.pt\/wp-content\/uploads\/2023\/06\/claudiamonge.jpg\" \/>\n\t<meta property=\"og:image:width\" content=\"800\" \/>\n\t<meta property=\"og:image:height\" content=\"800\" \/>\n\t<meta property=\"og:image:type\" content=\"image\/jpeg\" \/>\n<meta name=\"twitter:card\" content=\"summary_large_image\" \/>\n<script type=\"application\/ld+json\" class=\"yoast-schema-graph\">{\"@context\":\"https:\\\/\\\/schema.org\",\"@graph\":[{\"@type\":[\"WebPage\",\"ProfilePage\"],\"@id\":\"https:\\\/\\\/lisbonpubliclaw.pt\\\/investigadores\\\/claudia-monge\\\/\",\"url\":\"https:\\\/\\\/lisbonpubliclaw.pt\\\/investigadores\\\/claudia-monge\\\/\",\"name\":\"Cl\u00e1udia Monge\",\"isPartOf\":{\"@id\":\"https:\\\/\\\/lisbonpubliclaw.pt\\\/#website\"},\"primaryImageOfPage\":{\"@id\":\"https:\\\/\\\/lisbonpubliclaw.pt\\\/investigadores\\\/claudia-monge\\\/#primaryimage\"},\"image\":{\"@id\":\"https:\\\/\\\/lisbonpubliclaw.pt\\\/investigadores\\\/claudia-monge\\\/#primaryimage\"},\"thumbnailUrl\":\"https:\\\/\\\/lisbonpubliclaw.pt\\\/wp-content\\\/uploads\\\/2023\\\/06\\\/claudiamonge.jpg\",\"datePublished\":\"2023-06-16T16:21:19+00:00\",\"dateModified\":\"2023-07-26T19:38:11+00:00\",\"description\":\"Licenciada pela Faculdade de Direito da Universidade de Lisboa, em 1998; Mestrado em Ci\u00eancias Jur\u00eddico-Pol\u00edticas, pela Faculdade de Direito da Universidade de Lisboa (disserta\u00e7\u00e3o de mestrado sob o tema Contributo para o estudo do Direito da Sa\u00fade: a presta\u00e7\u00e3o de cuidados de sa\u00fade), em 2002; Doutoramento pela Faculdade de Direito da Universidade de Lisboa na \u00e1rea de especializa\u00e7\u00e3o de Ci\u00eancias Jur\u00eddico-Pol\u00edticas com o tema O direito \u00e0 prote\u00e7\u00e3o da sa\u00fade e o conte\u00fado da presta\u00e7\u00e3o de cuidados m\u00e9dicos, em fevereiro de 2016. Professora Auxiliar da Faculdade de Direito da Universidade de Lisboa, desde 2016; Docente da Faculdade de Direito da Universidade de Lisboa desde 1999; Advogada, Oradora em Cursos de Mestrado, P\u00f3s-Gradua\u00e7\u00e3o, confer\u00eancias e semin\u00e1rios, em especial nas \u00e1reas de Direito da Sa\u00fade, de Prote\u00e7\u00e3o de Dados Pessoais, de Prote\u00e7\u00e3o Internacional da Pessoa Humana, de Direito Administrativo e de Contrata\u00e7\u00e3o P\u00fablica.\",\"breadcrumb\":{\"@id\":\"https:\\\/\\\/lisbonpubliclaw.pt\\\/investigadores\\\/claudia-monge\\\/#breadcrumb\"},\"inLanguage\":\"en-US\",\"potentialAction\":[{\"@type\":\"ReadAction\",\"target\":[\"https:\\\/\\\/lisbonpubliclaw.pt\\\/investigadores\\\/claudia-monge\\\/\"]}]},{\"@type\":\"ImageObject\",\"inLanguage\":\"en-US\",\"@id\":\"https:\\\/\\\/lisbonpubliclaw.pt\\\/investigadores\\\/claudia-monge\\\/#primaryimage\",\"url\":\"https:\\\/\\\/lisbonpubliclaw.pt\\\/wp-content\\\/uploads\\\/2023\\\/06\\\/claudiamonge.jpg\",\"contentUrl\":\"https:\\\/\\\/lisbonpubliclaw.pt\\\/wp-content\\\/uploads\\\/2023\\\/06\\\/claudiamonge.jpg\",\"width\":800,\"height\":800},{\"@type\":\"BreadcrumbList\",\"@id\":\"https:\\\/\\\/lisbonpubliclaw.pt\\\/investigadores\\\/claudia-monge\\\/#breadcrumb\",\"itemListElement\":[{\"@type\":\"ListItem\",\"position\":1,\"name\":\"Home\",\"item\":\"https:\\\/\\\/lisbonpubliclaw.pt\\\/\"},{\"@type\":\"ListItem\",\"position\":2,\"name\":\"Investigadores\",\"item\":\"https:\\\/\\\/lisbonpubliclaw.pt\\\/investigadores\\\/\"},{\"@type\":\"ListItem\",\"position\":3,\"name\":\"Cl\u00e1udia Monge\"}]},{\"@type\":\"WebSite\",\"@id\":\"https:\\\/\\\/lisbonpubliclaw.pt\\\/#website\",\"url\":\"https:\\\/\\\/lisbonpubliclaw.pt\\\/\",\"name\":\"Lisbon Public Law\",\"description\":\"Public Law Research Centre in Lisbon\",\"publisher\":{\"@id\":\"https:\\\/\\\/lisbonpubliclaw.pt\\\/#organization\"},\"potentialAction\":[{\"@type\":\"SearchAction\",\"target\":{\"@type\":\"EntryPoint\",\"urlTemplate\":\"https:\\\/\\\/lisbonpubliclaw.pt\\\/?s={search_term_string}\"},\"query-input\":{\"@type\":\"PropertyValueSpecification\",\"valueRequired\":true,\"valueName\":\"search_term_string\"}}],\"inLanguage\":\"en-US\"},{\"@type\":\"Organization\",\"@id\":\"https:\\\/\\\/lisbonpubliclaw.pt\\\/#organization\",\"name\":\"Lisbon Public Law\",\"url\":\"https:\\\/\\\/lisbonpubliclaw.pt\\\/\",\"logo\":{\"@type\":\"ImageObject\",\"inLanguage\":\"en-US\",\"@id\":\"https:\\\/\\\/lisbonpubliclaw.pt\\\/#\\\/schema\\\/logo\\\/image\\\/\",\"url\":\"https:\\\/\\\/lisbonpubliclaw.pt\\\/wp-content\\\/uploads\\\/2023\\\/06\\\/WhatsApp-Image-2023-06-19-at-11.01.50-1.jpeg\",\"contentUrl\":\"https:\\\/\\\/lisbonpubliclaw.pt\\\/wp-content\\\/uploads\\\/2023\\\/06\\\/WhatsApp-Image-2023-06-19-at-11.01.50-1.jpeg\",\"width\":354,\"height\":354,\"caption\":\"Lisbon Public Law\"},\"image\":{\"@id\":\"https:\\\/\\\/lisbonpubliclaw.pt\\\/#\\\/schema\\\/logo\\\/image\\\/\"},\"mainEntityOfPage\":{\"@id\":\"https:\\\/\\\/lisbonpubliclaw.pt\\\/investigadores\\\/claudia-monge\\\/\"}}]}<\/script>\n<!-- \/ Yoast SEO plugin. -->","yoast_head_json":{"title":"Cl\u00e1udia Monge","description":"Licenciada pela Faculdade de Direito da Universidade de Lisboa, em 1998; Mestrado em Ci\u00eancias Jur\u00eddico-Pol\u00edticas, pela Faculdade de Direito da Universidade de Lisboa (disserta\u00e7\u00e3o de mestrado sob o tema Contributo para o estudo do Direito da Sa\u00fade: a presta\u00e7\u00e3o de cuidados de sa\u00fade), em 2002; Doutoramento pela Faculdade de Direito da Universidade de Lisboa na \u00e1rea de especializa\u00e7\u00e3o de Ci\u00eancias Jur\u00eddico-Pol\u00edticas com o tema O direito \u00e0 prote\u00e7\u00e3o da sa\u00fade e o conte\u00fado da presta\u00e7\u00e3o de cuidados m\u00e9dicos, em fevereiro de 2016. Professora Auxiliar da Faculdade de Direito da Universidade de Lisboa, desde 2016; Docente da Faculdade de Direito da Universidade de Lisboa desde 1999; Advogada, Oradora em Cursos de Mestrado, P\u00f3s-Gradua\u00e7\u00e3o, confer\u00eancias e semin\u00e1rios, em especial nas \u00e1reas de Direito da Sa\u00fade, de Prote\u00e7\u00e3o de Dados Pessoais, de Prote\u00e7\u00e3o Internacional da Pessoa Humana, de Direito Administrativo e de Contrata\u00e7\u00e3o P\u00fablica.","robots":{"index":"index","follow":"follow","max-snippet":"max-snippet:-1","max-image-preview":"max-image-preview:large","max-video-preview":"max-video-preview:-1"},"canonical":"https:\/\/lisbonpubliclaw.pt\/en\/investigadores\/claudia-monge\/","og_locale":"en_US","og_type":"article","og_title":"Cl\u00e1udia Monge","og_description":"Investigadora Integrada Efetiva","og_url":"https:\/\/lisbonpubliclaw.pt\/en\/investigadores\/claudia-monge\/","og_site_name":"Lisbon Public Law","article_modified_time":"2023-07-26T19:38:11+00:00","og_image":[{"width":800,"height":800,"url":"https:\/\/lisbonpubliclaw.pt\/wp-content\/uploads\/2023\/06\/claudiamonge.jpg","type":"image\/jpeg"}],"twitter_card":"summary_large_image","schema":{"@context":"https:\/\/schema.org","@graph":[{"@type":["WebPage","ProfilePage"],"@id":"https:\/\/lisbonpubliclaw.pt\/investigadores\/claudia-monge\/","url":"https:\/\/lisbonpubliclaw.pt\/investigadores\/claudia-monge\/","name":"Cl\u00e1udia Monge","isPartOf":{"@id":"https:\/\/lisbonpubliclaw.pt\/#website"},"primaryImageOfPage":{"@id":"https:\/\/lisbonpubliclaw.pt\/investigadores\/claudia-monge\/#primaryimage"},"image":{"@id":"https:\/\/lisbonpubliclaw.pt\/investigadores\/claudia-monge\/#primaryimage"},"thumbnailUrl":"https:\/\/lisbonpubliclaw.pt\/wp-content\/uploads\/2023\/06\/claudiamonge.jpg","datePublished":"2023-06-16T16:21:19+00:00","dateModified":"2023-07-26T19:38:11+00:00","description":"Licenciada pela Faculdade de Direito da Universidade de Lisboa, em 1998; Mestrado em Ci\u00eancias Jur\u00eddico-Pol\u00edticas, pela Faculdade de Direito da Universidade de Lisboa (disserta\u00e7\u00e3o de mestrado sob o tema Contributo para o estudo do Direito da Sa\u00fade: a presta\u00e7\u00e3o de cuidados de sa\u00fade), em 2002; Doutoramento pela Faculdade de Direito da Universidade de Lisboa na \u00e1rea de especializa\u00e7\u00e3o de Ci\u00eancias Jur\u00eddico-Pol\u00edticas com o tema O direito \u00e0 prote\u00e7\u00e3o da sa\u00fade e o conte\u00fado da presta\u00e7\u00e3o de cuidados m\u00e9dicos, em fevereiro de 2016. Professora Auxiliar da Faculdade de Direito da Universidade de Lisboa, desde 2016; Docente da Faculdade de Direito da Universidade de Lisboa desde 1999; Advogada, Oradora em Cursos de Mestrado, P\u00f3s-Gradua\u00e7\u00e3o, confer\u00eancias e semin\u00e1rios, em especial nas \u00e1reas de Direito da Sa\u00fade, de Prote\u00e7\u00e3o de Dados Pessoais, de Prote\u00e7\u00e3o Internacional da Pessoa Humana, de Direito Administrativo e de Contrata\u00e7\u00e3o P\u00fablica.","breadcrumb":{"@id":"https:\/\/lisbonpubliclaw.pt\/investigadores\/claudia-monge\/#breadcrumb"},"inLanguage":"en-US","potentialAction":[{"@type":"ReadAction","target":["https:\/\/lisbonpubliclaw.pt\/investigadores\/claudia-monge\/"]}]},{"@type":"ImageObject","inLanguage":"en-US","@id":"https:\/\/lisbonpubliclaw.pt\/investigadores\/claudia-monge\/#primaryimage","url":"https:\/\/lisbonpubliclaw.pt\/wp-content\/uploads\/2023\/06\/claudiamonge.jpg","contentUrl":"https:\/\/lisbonpubliclaw.pt\/wp-content\/uploads\/2023\/06\/claudiamonge.jpg","width":800,"height":800},{"@type":"BreadcrumbList","@id":"https:\/\/lisbonpubliclaw.pt\/investigadores\/claudia-monge\/#breadcrumb","itemListElement":[{"@type":"ListItem","position":1,"name":"Home","item":"https:\/\/lisbonpubliclaw.pt\/"},{"@type":"ListItem","position":2,"name":"Investigadores","item":"https:\/\/lisbonpubliclaw.pt\/investigadores\/"},{"@type":"ListItem","position":3,"name":"Cl\u00e1udia Monge"}]},{"@type":"WebSite","@id":"https:\/\/lisbonpubliclaw.pt\/#website","url":"https:\/\/lisbonpubliclaw.pt\/","name":"Lisbon Public Law","description":"Public Law Research Centre in Lisbon","publisher":{"@id":"https:\/\/lisbonpubliclaw.pt\/#organization"},"potentialAction":[{"@type":"SearchAction","target":{"@type":"EntryPoint","urlTemplate":"https:\/\/lisbonpubliclaw.pt\/?s={search_term_string}"},"query-input":{"@type":"PropertyValueSpecification","valueRequired":true,"valueName":"search_term_string"}}],"inLanguage":"en-US"},{"@type":"Organization","@id":"https:\/\/lisbonpubliclaw.pt\/#organization","name":"Lisbon Public Law","url":"https:\/\/lisbonpubliclaw.pt\/","logo":{"@type":"ImageObject","inLanguage":"en-US","@id":"https:\/\/lisbonpubliclaw.pt\/#\/schema\/logo\/image\/","url":"https:\/\/lisbonpubliclaw.pt\/wp-content\/uploads\/2023\/06\/WhatsApp-Image-2023-06-19-at-11.01.50-1.jpeg","contentUrl":"https:\/\/lisbonpubliclaw.pt\/wp-content\/uploads\/2023\/06\/WhatsApp-Image-2023-06-19-at-11.01.50-1.jpeg","width":354,"height":354,"caption":"Lisbon Public Law"},"image":{"@id":"https:\/\/lisbonpubliclaw.pt\/#\/schema\/logo\/image\/"},"mainEntityOfPage":{"@id":"https:\/\/lisbonpubliclaw.pt\/investigadores\/claudia-monge\/"}}]}},"_links":{"self":[{"href":"https:\/\/lisbonpubliclaw.pt\/en\/wp-json\/wp\/v2\/investigadores\/1730","targetHints":{"allow":["GET"]}}],"collection":[{"href":"https:\/\/lisbonpubliclaw.pt\/en\/wp-json\/wp\/v2\/investigadores"}],"about":[{"href":"https:\/\/lisbonpubliclaw.pt\/en\/wp-json\/wp\/v2\/types\/investigadores"}],"wp:featuredmedia":[{"embeddable":true,"href":"https:\/\/lisbonpubliclaw.pt\/en\/wp-json\/wp\/v2\/media\/1518"}],"wp:attachment":[{"href":"https:\/\/lisbonpubliclaw.pt\/en\/wp-json\/wp\/v2\/media?parent=1730"}],"wp:term":[{"taxonomy":"efetivos-assistentes","embeddable":true,"href":"https:\/\/lisbonpubliclaw.pt\/en\/wp-json\/wp\/v2\/efetivos-assistentes?post=1730"},{"taxonomy":"members-fellows","embeddable":true,"href":"https:\/\/lisbonpubliclaw.pt\/en\/wp-json\/wp\/v2\/members-fellows?post=1730"},{"taxonomy":"cluster","embeddable":true,"href":"https:\/\/lisbonpubliclaw.pt\/en\/wp-json\/wp\/v2\/cluster?post=1730"},{"taxonomy":"categoria-do-investigador","embeddable":true,"href":"https:\/\/lisbonpubliclaw.pt\/en\/wp-json\/wp\/v2\/categoria-do-investigador?post=1730"},{"taxonomy":"grupo-de-investigacao","embeddable":true,"href":"https:\/\/lisbonpubliclaw.pt\/en\/wp-json\/wp\/v2\/grupo-de-investigacao?post=1730"}],"curies":[{"name":"wp","href":"https:\/\/api.w.org\/{rel}","templated":true}]}}