{"id":1729,"date":"2023-06-16T16:21:19","date_gmt":"2023-06-16T16:21:19","guid":{"rendered":"https:\/\/lisbonpubliclaw.pt\/investigadores\/carlos-blanco-de-morais\/"},"modified":"2023-11-23T12:07:13","modified_gmt":"2023-11-23T12:07:13","slug":"carlos-blanco-de-morais","status":"publish","type":"investigadores","link":"https:\/\/lisbonpubliclaw.pt\/en\/investigadores\/carlos-blanco-de-morais\/","title":{"rendered":"Carlos Blanco de Morais"},"content":{"rendered":"","protected":false},"template":"","meta":{"foto-do-investigador":"https:\/\/lisbonpubliclaw.pt\/wp-content\/uploads\/2023\/07\/Carlos-Blanco.png","nome-do-investigador":"Carlos Blanco de Morais","cargo-do-investigador":"Investigador Integrado Efetivo <br> Coordenador Cient\u00edfico","email-do-investigador":"mailto:cmb@meo.pt","cv-do-investigador":"","orcid":"0000-0002-4617-4896","ciencia-id":"6310-17B3-A411","areas-de-investigacao":"Direito Constitucional, Ci\u00eancia Pol\u00edtica","short-bio-investigadores":"Carlos Blanco de Morais \u00e9 Doutor pela Faculdade de Direito da Universidade de Lisboa, onde \u00e9 Professor Catedr\u00e1tico de Direito P\u00fablico e Chefe do Departamento de Direito P\u00fablico. \u00c9 tamb\u00e9m o primeiro-consultor em Direito P\u00fablico da Presid\u00eancia do Conselho de Ministros. Os seus interesses de investiga\u00e7\u00e3o inserem-se nos campos do Direito Constitucional, do Direito Internacional e das Boas Pr\u00e1ticas Legislativas. Atualmente, est\u00e1 envolvido em projectos de investiga\u00e7\u00e3o no campo da Teoria da Constitui\u00e7\u00e3o, com especial aten\u00e7\u00e3o \u00e0s \u201cMudan\u00e7as Informais no Direito Constitucional\u201d na Europa e Am\u00e9rica do Sul e aos impactos da nova economia no Estado Provid\u00eancia. Est\u00e1 tamb\u00e9m a desenvolver v\u00e1rias iniciativas de investiga\u00e7\u00e3o relacionadas com a arbitragem internacional, \u201cmelhor regulamenta\u00e7\u00e3o\u201d, da Justi\u00e7a Constitucional, e da reforma dos tratados institucionais da Uni\u00e3o Europeia e o seu impacto na legisla\u00e7\u00e3o interna. Ocupa v\u00e1rios cargos na Faculdade, tais como o de Chefe do Departamento de Direito P\u00fablico, Presidente do Instituto de Ci\u00eancias Jur\u00eddico-Pol\u00edticas (ICJP) e Chefe da Comiss\u00e3o Cient\u00edfica do Centro de Investiga\u00e7\u00e3o em Direito P\u00fablico (CIDP). Foi Professor Visitante na Faculdade de Direito da Universidade do Porto, na Faculdade de Direito da Universidade de S. Paulo no Brasil, Universidade de Salento, Universidade de Trieste, bem como na Escola Superior da Procuradoria do Estado de S\u00e3o Paulo. Fora da academia, \u00e9 jurisconsulto e \u00e1rbitro. Foi Conselheiro do Presidente da Rep\u00fablica para os Assuntos Constitucionais, e ocupou v\u00e1rios cargos p\u00fablicos, tais como Membro do Conselho Superior da Magistratura e membro do Conselho de Administra\u00e7\u00e3o da Portugal Telecom. Tem experi\u00eancia em assuntos internacionais participando num comit\u00e9 internacional de media\u00e7\u00e3o, delega\u00e7\u00f5es portuguesas integradas que negociaram tratados internacionais. Publicou numerosos artigos cient\u00edficos de refer\u00eancia tanto em Portugal como no estrangeiro, principalmente no Brasil, em It\u00e1lia e nos Estados Unidos.","link-pagina-pessoal":""},"efetivos-assistentes":[32],"members-fellows":[],"cluster":[],"categoria-do-investigador":[14],"grupo-de-investigacao":[10],"class_list":["post-1729","investigadores","type-investigadores","status-publish","hentry","efetivos-assistentes-efetivo","categoria-do-investigador-integrado","grupo-de-investigacao-direito-constitucional-e-ciencia-politica"],"yoast_head":"<!-- This site is optimized with the Yoast SEO plugin v27.5 - https:\/\/yoast.com\/product\/yoast-seo-wordpress\/ -->\n<title>Carlos Blanco de Morais<\/title>\n<meta name=\"description\" content=\"Carlos Blanco de Morais \u00e9 Doutor pela Faculdade de Direito da Universidade de Lisboa, onde \u00e9 Professor Catedr\u00e1tico de Direito P\u00fablico e Chefe do Departamento de Direito P\u00fablico. \u00c9 tamb\u00e9m o primeiro-consultor em Direito P\u00fablico da Presid\u00eancia do Conselho de Ministros. Os seus interesses de investiga\u00e7\u00e3o inserem-se nos campos do Direito Constitucional, do Direito Internacional e das Boas Pr\u00e1ticas Legislativas. Atualmente, est\u00e1 envolvido em projectos de investiga\u00e7\u00e3o no campo da Teoria da Constitui\u00e7\u00e3o, com especial aten\u00e7\u00e3o \u00e0s \u201cMudan\u00e7as Informais no Direito Constitucional\u201d na Europa e Am\u00e9rica do Sul e aos impactos da nova economia no Estado Provid\u00eancia. Est\u00e1 tamb\u00e9m a desenvolver v\u00e1rias iniciativas de investiga\u00e7\u00e3o relacionadas com a arbitragem internacional, \u201cmelhor regulamenta\u00e7\u00e3o\u201d, da Justi\u00e7a Constitucional, e da reforma dos tratados institucionais da Uni\u00e3o Europeia e o seu impacto na legisla\u00e7\u00e3o interna. Ocupa v\u00e1rios cargos na Faculdade, tais como o de Chefe do Departamento de Direito P\u00fablico, Presidente do Instituto de Ci\u00eancias Jur\u00eddico-Pol\u00edticas (ICJP) e Chefe da Comiss\u00e3o Cient\u00edfica do Centro de Investiga\u00e7\u00e3o em Direito P\u00fablico (CIDP). Foi Professor Visitante na Faculdade de Direito da Universidade do Porto, na Faculdade de Direito da Universidade de S. Paulo no Brasil, Universidade de Salento, Universidade de Trieste, bem como na Escola Superior da Procuradoria do Estado de S\u00e3o Paulo. Fora da academia, \u00e9 jurisconsulto e \u00e1rbitro. Foi Conselheiro do Presidente da Rep\u00fablica para os Assuntos Constitucionais, e ocupou v\u00e1rios cargos p\u00fablicos, tais como Membro do Conselho Superior da Magistratura e membro do Conselho de Administra\u00e7\u00e3o da Portugal Telecom. Tem experi\u00eancia em assuntos internacionais participando num comit\u00e9 internacional de media\u00e7\u00e3o, delega\u00e7\u00f5es portuguesas integradas que negociaram tratados internacionais. Publicou numerosos artigos cient\u00edficos de refer\u00eancia tanto em Portugal como no estrangeiro, principalmente no Brasil, em It\u00e1lia e nos Estados Unidos.\" \/>\n<meta name=\"robots\" content=\"index, follow, max-snippet:-1, max-image-preview:large, max-video-preview:-1\" \/>\n<link rel=\"canonical\" href=\"https:\/\/lisbonpubliclaw.pt\/en\/investigadores\/carlos-blanco-de-morais\/\" \/>\n<meta property=\"og:locale\" content=\"en_US\" \/>\n<meta property=\"og:type\" content=\"article\" \/>\n<meta property=\"og:title\" content=\"Carlos Blanco de Morais\" \/>\n<meta property=\"og:description\" content=\"Investigador Integrado Efetivo, Coordenador Cient\u00edfico\" \/>\n<meta property=\"og:url\" content=\"https:\/\/lisbonpubliclaw.pt\/en\/investigadores\/carlos-blanco-de-morais\/\" \/>\n<meta property=\"og:site_name\" content=\"Lisbon Public Law\" \/>\n<meta property=\"article:modified_time\" content=\"2023-11-23T12:07:13+00:00\" \/>\n<meta name=\"twitter:card\" content=\"summary_large_image\" \/>\n<script type=\"application\/ld+json\" class=\"yoast-schema-graph\">{\"@context\":\"https:\\\/\\\/schema.org\",\"@graph\":[{\"@type\":[\"WebPage\",\"ProfilePage\"],\"@id\":\"https:\\\/\\\/lisbonpubliclaw.pt\\\/investigadores\\\/carlos-blanco-de-morais\\\/\",\"url\":\"https:\\\/\\\/lisbonpubliclaw.pt\\\/investigadores\\\/carlos-blanco-de-morais\\\/\",\"name\":\"Carlos Blanco de Morais\",\"isPartOf\":{\"@id\":\"https:\\\/\\\/lisbonpubliclaw.pt\\\/#website\"},\"datePublished\":\"2023-06-16T16:21:19+00:00\",\"dateModified\":\"2023-11-23T12:07:13+00:00\",\"description\":\"Carlos Blanco de Morais \u00e9 Doutor pela Faculdade de Direito da Universidade de Lisboa, onde \u00e9 Professor Catedr\u00e1tico de Direito P\u00fablico e Chefe do Departamento de Direito P\u00fablico. \u00c9 tamb\u00e9m o primeiro-consultor em Direito P\u00fablico da Presid\u00eancia do Conselho de Ministros. Os seus interesses de investiga\u00e7\u00e3o inserem-se nos campos do Direito Constitucional, do Direito Internacional e das Boas Pr\u00e1ticas Legislativas. Atualmente, est\u00e1 envolvido em projectos de investiga\u00e7\u00e3o no campo da Teoria da Constitui\u00e7\u00e3o, com especial aten\u00e7\u00e3o \u00e0s \u201cMudan\u00e7as Informais no Direito Constitucional\u201d na Europa e Am\u00e9rica do Sul e aos impactos da nova economia no Estado Provid\u00eancia. Est\u00e1 tamb\u00e9m a desenvolver v\u00e1rias iniciativas de investiga\u00e7\u00e3o relacionadas com a arbitragem internacional, \u201cmelhor regulamenta\u00e7\u00e3o\u201d, da Justi\u00e7a Constitucional, e da reforma dos tratados institucionais da Uni\u00e3o Europeia e o seu impacto na legisla\u00e7\u00e3o interna. Ocupa v\u00e1rios cargos na Faculdade, tais como o de Chefe do Departamento de Direito P\u00fablico, Presidente do Instituto de Ci\u00eancias Jur\u00eddico-Pol\u00edticas (ICJP) e Chefe da Comiss\u00e3o Cient\u00edfica do Centro de Investiga\u00e7\u00e3o em Direito P\u00fablico (CIDP). Foi Professor Visitante na Faculdade de Direito da Universidade do Porto, na Faculdade de Direito da Universidade de S. Paulo no Brasil, Universidade de Salento, Universidade de Trieste, bem como na Escola Superior da Procuradoria do Estado de S\u00e3o Paulo. Fora da academia, \u00e9 jurisconsulto e \u00e1rbitro. Foi Conselheiro do Presidente da Rep\u00fablica para os Assuntos Constitucionais, e ocupou v\u00e1rios cargos p\u00fablicos, tais como Membro do Conselho Superior da Magistratura e membro do Conselho de Administra\u00e7\u00e3o da Portugal Telecom. Tem experi\u00eancia em assuntos internacionais participando num comit\u00e9 internacional de media\u00e7\u00e3o, delega\u00e7\u00f5es portuguesas integradas que negociaram tratados internacionais. Publicou numerosos artigos cient\u00edficos de refer\u00eancia tanto em Portugal como no estrangeiro, principalmente no Brasil, em It\u00e1lia e nos Estados Unidos.\",\"breadcrumb\":{\"@id\":\"https:\\\/\\\/lisbonpubliclaw.pt\\\/investigadores\\\/carlos-blanco-de-morais\\\/#breadcrumb\"},\"inLanguage\":\"en-US\",\"potentialAction\":[{\"@type\":\"ReadAction\",\"target\":[\"https:\\\/\\\/lisbonpubliclaw.pt\\\/investigadores\\\/carlos-blanco-de-morais\\\/\"]}]},{\"@type\":\"BreadcrumbList\",\"@id\":\"https:\\\/\\\/lisbonpubliclaw.pt\\\/investigadores\\\/carlos-blanco-de-morais\\\/#breadcrumb\",\"itemListElement\":[{\"@type\":\"ListItem\",\"position\":1,\"name\":\"Home\",\"item\":\"https:\\\/\\\/lisbonpubliclaw.pt\\\/\"},{\"@type\":\"ListItem\",\"position\":2,\"name\":\"Investigadores\",\"item\":\"https:\\\/\\\/lisbonpubliclaw.pt\\\/investigadores\\\/\"},{\"@type\":\"ListItem\",\"position\":3,\"name\":\"Carlos Blanco de Morais\"}]},{\"@type\":\"WebSite\",\"@id\":\"https:\\\/\\\/lisbonpubliclaw.pt\\\/#website\",\"url\":\"https:\\\/\\\/lisbonpubliclaw.pt\\\/\",\"name\":\"Lisbon Public Law\",\"description\":\"Public Law Research Centre in Lisbon\",\"publisher\":{\"@id\":\"https:\\\/\\\/lisbonpubliclaw.pt\\\/#organization\"},\"potentialAction\":[{\"@type\":\"SearchAction\",\"target\":{\"@type\":\"EntryPoint\",\"urlTemplate\":\"https:\\\/\\\/lisbonpubliclaw.pt\\\/?s={search_term_string}\"},\"query-input\":{\"@type\":\"PropertyValueSpecification\",\"valueRequired\":true,\"valueName\":\"search_term_string\"}}],\"inLanguage\":\"en-US\"},{\"@type\":\"Organization\",\"@id\":\"https:\\\/\\\/lisbonpubliclaw.pt\\\/#organization\",\"name\":\"Lisbon Public Law\",\"url\":\"https:\\\/\\\/lisbonpubliclaw.pt\\\/\",\"logo\":{\"@type\":\"ImageObject\",\"inLanguage\":\"en-US\",\"@id\":\"https:\\\/\\\/lisbonpubliclaw.pt\\\/#\\\/schema\\\/logo\\\/image\\\/\",\"url\":\"https:\\\/\\\/lisbonpubliclaw.pt\\\/wp-content\\\/uploads\\\/2023\\\/06\\\/WhatsApp-Image-2023-06-19-at-11.01.50-1.jpeg\",\"contentUrl\":\"https:\\\/\\\/lisbonpubliclaw.pt\\\/wp-content\\\/uploads\\\/2023\\\/06\\\/WhatsApp-Image-2023-06-19-at-11.01.50-1.jpeg\",\"width\":354,\"height\":354,\"caption\":\"Lisbon Public Law\"},\"image\":{\"@id\":\"https:\\\/\\\/lisbonpubliclaw.pt\\\/#\\\/schema\\\/logo\\\/image\\\/\"},\"mainEntityOfPage\":{\"@id\":\"https:\\\/\\\/lisbonpubliclaw.pt\\\/investigadores\\\/carlos-blanco-de-morais\\\/\"}}]}<\/script>\n<!-- \/ Yoast SEO plugin. -->","yoast_head_json":{"title":"Carlos Blanco de Morais","description":"Carlos Blanco de Morais has a PhD from the Faculty of Law of the University of Lisbon, where he is Full Professor of Public Law and Head of the Department of Public Law. He is also the first consultant on Public Law to the Presidency of the Council of Ministers. His research interests lie in the fields of Constitutional Law, International Law and Good Legislative Practices. Currently, he is involved in research projects in the field of Constitutional Theory, with special attention to \u201cInformal Changes in Constitutional Law\u201d in Europe and South America and the impacts of the new economy on the Welfare State. He is also developing several research initiatives related to international arbitration, \u201cbetter regulation\u201d, Constitutional Justice, and the reform of the European Union's institutional treaties and their impact on domestic legislation. He holds several positions at the Faculty, such as Head of the Department of Public Law, President of the Institute of Legal and Political Sciences (ICJP) and Head of the Scientific Committee of the Center for Research in Public Law (CIDP). He was a Visiting Professor at the Faculty of Law of the University of Porto, the Faculty of Law of the University of S. Paulo in Brazil, the University of Salento, the University of Trieste, as well as the Higher School of the Prosecutor's Office of the State of S\u00e3o Paulo. Outside of academia, he is a legal consultant and arbitrator. He was Advisor to the President of the Republic for Constitutional Affairs, and held several public positions, such as Member of the Superior Council of the Judiciary and member of the Board of Directors of Portugal Telecom. He has experience in international affairs participating in an international mediation committee, integrated Portuguese delegations that negotiated international treaties. He has published numerous reference scientific articles both in Portugal and abroad, mainly in Brazil, Italy and the United States.","robots":{"index":"index","follow":"follow","max-snippet":"max-snippet:-1","max-image-preview":"max-image-preview:large","max-video-preview":"max-video-preview:-1"},"canonical":"https:\/\/lisbonpubliclaw.pt\/en\/investigadores\/carlos-blanco-de-morais\/","og_locale":"en_US","og_type":"article","og_title":"Carlos Blanco de Morais","og_description":"Investigador Integrado Efetivo, Coordenador Cient\u00edfico","og_url":"https:\/\/lisbonpubliclaw.pt\/en\/investigadores\/carlos-blanco-de-morais\/","og_site_name":"Lisbon Public Law","article_modified_time":"2023-11-23T12:07:13+00:00","twitter_card":"summary_large_image","schema":{"@context":"https:\/\/schema.org","@graph":[{"@type":["WebPage","ProfilePage"],"@id":"https:\/\/lisbonpubliclaw.pt\/investigadores\/carlos-blanco-de-morais\/","url":"https:\/\/lisbonpubliclaw.pt\/investigadores\/carlos-blanco-de-morais\/","name":"Carlos Blanco de Morais","isPartOf":{"@id":"https:\/\/lisbonpubliclaw.pt\/#website"},"datePublished":"2023-06-16T16:21:19+00:00","dateModified":"2023-11-23T12:07:13+00:00","description":"Carlos Blanco de Morais has a PhD from the Faculty of Law of the University of Lisbon, where he is Full Professor of Public Law and Head of the Department of Public Law. He is also the first consultant on Public Law to the Presidency of the Council of Ministers. His research interests lie in the fields of Constitutional Law, International Law and Good Legislative Practices. Currently, he is involved in research projects in the field of Constitutional Theory, with special attention to \u201cInformal Changes in Constitutional Law\u201d in Europe and South America and the impacts of the new economy on the Welfare State. He is also developing several research initiatives related to international arbitration, \u201cbetter regulation\u201d, Constitutional Justice, and the reform of the European Union's institutional treaties and their impact on domestic legislation. He holds several positions at the Faculty, such as Head of the Department of Public Law, President of the Institute of Legal and Political Sciences (ICJP) and Head of the Scientific Committee of the Center for Research in Public Law (CIDP). He was a Visiting Professor at the Faculty of Law of the University of Porto, the Faculty of Law of the University of S. Paulo in Brazil, the University of Salento, the University of Trieste, as well as the Higher School of the Prosecutor's Office of the State of S\u00e3o Paulo. Outside of academia, he is a legal consultant and arbitrator. He was Advisor to the President of the Republic for Constitutional Affairs, and held several public positions, such as Member of the Superior Council of the Judiciary and member of the Board of Directors of Portugal Telecom. He has experience in international affairs participating in an international mediation committee, integrated Portuguese delegations that negotiated international treaties. He has published numerous reference scientific articles both in Portugal and abroad, mainly in Brazil, Italy and the United States.","breadcrumb":{"@id":"https:\/\/lisbonpubliclaw.pt\/investigadores\/carlos-blanco-de-morais\/#breadcrumb"},"inLanguage":"en-US","potentialAction":[{"@type":"ReadAction","target":["https:\/\/lisbonpubliclaw.pt\/investigadores\/carlos-blanco-de-morais\/"]}]},{"@type":"BreadcrumbList","@id":"https:\/\/lisbonpubliclaw.pt\/investigadores\/carlos-blanco-de-morais\/#breadcrumb","itemListElement":[{"@type":"ListItem","position":1,"name":"Home","item":"https:\/\/lisbonpubliclaw.pt\/"},{"@type":"ListItem","position":2,"name":"Investigadores","item":"https:\/\/lisbonpubliclaw.pt\/investigadores\/"},{"@type":"ListItem","position":3,"name":"Carlos Blanco de Morais"}]},{"@type":"WebSite","@id":"https:\/\/lisbonpubliclaw.pt\/#website","url":"https:\/\/lisbonpubliclaw.pt\/","name":"Lisbon Public Law","description":"Public Law Research Centre in Lisbon","publisher":{"@id":"https:\/\/lisbonpubliclaw.pt\/#organization"},"potentialAction":[{"@type":"SearchAction","target":{"@type":"EntryPoint","urlTemplate":"https:\/\/lisbonpubliclaw.pt\/?s={search_term_string}"},"query-input":{"@type":"PropertyValueSpecification","valueRequired":true,"valueName":"search_term_string"}}],"inLanguage":"en-US"},{"@type":"Organization","@id":"https:\/\/lisbonpubliclaw.pt\/#organization","name":"Lisbon Public Law","url":"https:\/\/lisbonpubliclaw.pt\/","logo":{"@type":"ImageObject","inLanguage":"en-US","@id":"https:\/\/lisbonpubliclaw.pt\/#\/schema\/logo\/image\/","url":"https:\/\/lisbonpubliclaw.pt\/wp-content\/uploads\/2023\/06\/WhatsApp-Image-2023-06-19-at-11.01.50-1.jpeg","contentUrl":"https:\/\/lisbonpubliclaw.pt\/wp-content\/uploads\/2023\/06\/WhatsApp-Image-2023-06-19-at-11.01.50-1.jpeg","width":354,"height":354,"caption":"Lisbon Public Law"},"image":{"@id":"https:\/\/lisbonpubliclaw.pt\/#\/schema\/logo\/image\/"},"mainEntityOfPage":{"@id":"https:\/\/lisbonpubliclaw.pt\/investigadores\/carlos-blanco-de-morais\/"}}]}},"_links":{"self":[{"href":"https:\/\/lisbonpubliclaw.pt\/en\/wp-json\/wp\/v2\/investigadores\/1729","targetHints":{"allow":["GET"]}}],"collection":[{"href":"https:\/\/lisbonpubliclaw.pt\/en\/wp-json\/wp\/v2\/investigadores"}],"about":[{"href":"https:\/\/lisbonpubliclaw.pt\/en\/wp-json\/wp\/v2\/types\/investigadores"}],"wp:attachment":[{"href":"https:\/\/lisbonpubliclaw.pt\/en\/wp-json\/wp\/v2\/media?parent=1729"}],"wp:term":[{"taxonomy":"efetivos-assistentes","embeddable":true,"href":"https:\/\/lisbonpubliclaw.pt\/en\/wp-json\/wp\/v2\/efetivos-assistentes?post=1729"},{"taxonomy":"members-fellows","embeddable":true,"href":"https:\/\/lisbonpubliclaw.pt\/en\/wp-json\/wp\/v2\/members-fellows?post=1729"},{"taxonomy":"cluster","embeddable":true,"href":"https:\/\/lisbonpubliclaw.pt\/en\/wp-json\/wp\/v2\/cluster?post=1729"},{"taxonomy":"categoria-do-investigador","embeddable":true,"href":"https:\/\/lisbonpubliclaw.pt\/en\/wp-json\/wp\/v2\/categoria-do-investigador?post=1729"},{"taxonomy":"grupo-de-investigacao","embeddable":true,"href":"https:\/\/lisbonpubliclaw.pt\/en\/wp-json\/wp\/v2\/grupo-de-investigacao?post=1729"}],"curies":[{"name":"wp","href":"https:\/\/api.w.org\/{rel}","templated":true}]}}