{"id":1728,"date":"2023-06-16T16:21:19","date_gmt":"2023-06-16T16:21:19","guid":{"rendered":"https:\/\/lisbonpubliclaw.pt\/investigadores\/carla-amado-gomes\/"},"modified":"2023-10-02T13:43:06","modified_gmt":"2023-10-02T13:43:06","slug":"carla-amado-gomes","status":"publish","type":"investigadores","link":"https:\/\/lisbonpubliclaw.pt\/en\/investigadores\/carla-amado-gomes\/","title":{"rendered":"Carla Amado Gomes"},"content":{"rendered":"","protected":false},"template":"","meta":{"foto-do-investigador":"https:\/\/lisbonpubliclaw.pt\/wp-content\/uploads\/2023\/07\/Carla-Amado-Gomes.png","nome-do-investigador":"Carla Amado Gomes","cargo-do-investigador":"Investigadora Integrada Efetiva","email-do-investigador":"mailto:carlamadogomes@fd.ulisboa.pt","cv-do-investigador":"","orcid":"0000-0002-6484-0549","ciencia-id":"C215-1977-49AE","areas-de-investigacao":"Direito Administrativo, Direito Constitucional, Direito Europeu, Direito do Ambiente, Direito do Urbanismo, Direito do Patrim\u00f3nio Cultural","short-bio-investigadores":"Professora Associada da Faculdade de Direito da Universidade de Lisboa (2019). Professora Convidada da Faculdade de Direito da Universidade Cat\u00f3lica (Porto).\r\nLecciona cursos de mestrado e p\u00f3s-gradua\u00e7\u00e3o em Direito do Ambiente, Direito Administrativo e Direito da Energia em Angola, Mo\u00e7ambique e Brasil. Colabora regularmente em ac\u00e7\u00f5es de forma\u00e7\u00e3o no Centro de Estudos Judici\u00e1rios.\r\nTem uma vasta obra publicada nas \u00e1reas do Direito Administrativo, do Direito Processual Administrativo, do Direito do Ambiente, do Direito do Patrim\u00f3nio Cultural, e do Direito da Energia, \u00e1reas em que lecciona. Mais recentemente tem-se destacado pelo estudo da problem\u00e1tica ambiental do ponto de vista do Direito P\u00fablico, desde quest\u00f5es relacionadas com recursos energ\u00e9ticos \u00e0 protec\u00e7\u00e3o da biodiversidade e ao direito das cat\u00e1strofes naturais, organizando v\u00e1rias confer\u00eancias, participando em col\u00f3quios e projectos de investiga\u00e7\u00e3o colectivos de natureza interdisciplinar onde colaboram acad\u00e9micos e t\u00e9cnicos de v\u00e1rias ci\u00eancias sociais e naturais. A Professora Doutora Carla Amado Gomes publicou e editou obras colectivas cujo enfoque interdisciplinar e a relev\u00e2ncia p\u00fablica internacional coloca estas novas \u00e1reas do Direito P\u00fablico no centro da agenda de investiga\u00e7\u00e3o da comunidade cient\u00edfica desta disciplina para as pr\u00f3ximas d\u00e9cadas.\r\nEntre os seus projectos e publica\u00e7\u00f5es que demonstram o car\u00e1cter transversal da sua produ\u00e7\u00e3o cient\u00edfica, devemos destacar A natureza constitucional do Tratado da Uni\u00e3o europeia, Tr\u00eas estudos de Direito da Educa\u00e7\u00e3o, Textos dispersos de Direito do Patrim\u00f3nio Cultural e Direito do Urbanismo, Textos dispersos de Direito do Ambiente (4 vols), Introdu\u00e7\u00e3o ao Direito do Ambiente (em 4\u00aa ed., 2018), O Direito da Cultura e do Patrim\u00f3nio Cultural (em coordena\u00e7\u00e3o com o Professor Jos\u00e9 Lu\u00eds Bonif\u00e1cio Ramos), Textos dispersos de Direito Processual Administrativo, Textos dispersos de Direito Constitucional, Textos dispersos sobre direito da responsabilidade civil das entidades p\u00fablicas e Textos dispersos sobre Direito da responsabilidade civil das entidades p\u00fablicas: em especial, por facto da fun\u00e7\u00e3o administrativa.","link-pagina-pessoal":""},"efetivos-assistentes":[32],"members-fellows":[],"cluster":[61],"categoria-do-investigador":[14],"grupo-de-investigacao":[11],"class_list":["post-1728","investigadores","type-investigadores","status-publish","hentry","efetivos-assistentes-efetivo","cluster-lisbon-environmental-law","categoria-do-investigador-integrado","grupo-de-investigacao-direito-administrativo"],"yoast_head":"<!-- This site is optimized with the Yoast SEO plugin v27.5 - https:\/\/yoast.com\/product\/yoast-seo-wordpress\/ -->\n<title>Carla Amado Gomes<\/title>\n<meta name=\"description\" content=\"Professora Associada da Faculdade de Direito da Universidade de Lisboa (2019). Professora Convidada da Faculdade de Direito da Universidade Cat\u00f3lica (Porto). Lecciona cursos de mestrado e p\u00f3s-gradua\u00e7\u00e3o em Direito do Ambiente, Direito Administrativo e Direito da Energia em Angola, Mo\u00e7ambique e Brasil. Colabora regularmente em ac\u00e7\u00f5es de forma\u00e7\u00e3o no Centro de Estudos Judici\u00e1rios. Tem uma vasta obra publicada nas \u00e1reas do Direito Administrativo, do Direito Processual Administrativo, do Direito do Ambiente, do Direito do Patrim\u00f3nio Cultural, e do Direito da Energia, \u00e1reas em que lecciona. Mais recentemente tem-se destacado pelo estudo da problem\u00e1tica ambiental do ponto de vista do Direito P\u00fablico, desde quest\u00f5es relacionadas com recursos energ\u00e9ticos \u00e0 protec\u00e7\u00e3o da biodiversidade e ao direito das cat\u00e1strofes naturais, organizando v\u00e1rias confer\u00eancias, participando em col\u00f3quios e projectos de investiga\u00e7\u00e3o colectivos de natureza interdisciplinar onde colaboram acad\u00e9micos e t\u00e9cnicos de v\u00e1rias ci\u00eancias sociais e naturais. A Professora Doutora Carla Amado Gomes publicou e editou obras colectivas cujo enfoque interdisciplinar e a relev\u00e2ncia p\u00fablica internacional coloca estas novas \u00e1reas do Direito P\u00fablico no centro da agenda de investiga\u00e7\u00e3o da comunidade cient\u00edfica desta disciplina para as pr\u00f3ximas d\u00e9cadas. Entre os seus projectos e publica\u00e7\u00f5es que demonstram o car\u00e1cter transversal da sua produ\u00e7\u00e3o cient\u00edfica, devemos destacar A natureza constitucional do Tratado da Uni\u00e3o europeia, Tr\u00eas estudos de Direito da Educa\u00e7\u00e3o, Textos dispersos de Direito do Patrim\u00f3nio Cultural e Direito do Urbanismo, Textos dispersos de Direito do Ambiente (4 vols), Introdu\u00e7\u00e3o ao Direito do Ambiente (em 4\u00aa ed., 2018), O Direito da Cultura e do Patrim\u00f3nio Cultural (em coordena\u00e7\u00e3o com o Professor Jos\u00e9 Lu\u00eds Bonif\u00e1cio Ramos), Textos dispersos de Direito Processual Administrativo, Textos dispersos de Direito Constitucional, Textos dispersos sobre direito da responsabilidade civil das entidades p\u00fablicas e Textos dispersos sobre Direito da responsabilidade civil das entidades p\u00fablicas: em especial, por facto da fun\u00e7\u00e3o administrativa.\" \/>\n<meta name=\"robots\" content=\"index, follow, max-snippet:-1, max-image-preview:large, max-video-preview:-1\" \/>\n<link rel=\"canonical\" href=\"https:\/\/lisbonpubliclaw.pt\/en\/investigadores\/carla-amado-gomes\/\" \/>\n<meta property=\"og:locale\" content=\"en_US\" \/>\n<meta property=\"og:type\" content=\"article\" \/>\n<meta property=\"og:title\" content=\"Carla Amado Gomes\" \/>\n<meta property=\"og:description\" content=\"Investigadora Integrada Efetiva\" \/>\n<meta property=\"og:url\" content=\"https:\/\/lisbonpubliclaw.pt\/en\/investigadores\/carla-amado-gomes\/\" \/>\n<meta property=\"og:site_name\" content=\"Lisbon Public Law\" \/>\n<meta property=\"article:modified_time\" content=\"2023-10-02T13:43:06+00:00\" \/>\n<meta name=\"twitter:card\" content=\"summary_large_image\" \/>\n<script type=\"application\/ld+json\" class=\"yoast-schema-graph\">{\"@context\":\"https:\\\/\\\/schema.org\",\"@graph\":[{\"@type\":[\"WebPage\",\"ProfilePage\"],\"@id\":\"https:\\\/\\\/lisbonpubliclaw.pt\\\/investigadores\\\/carla-amado-gomes\\\/\",\"url\":\"https:\\\/\\\/lisbonpubliclaw.pt\\\/investigadores\\\/carla-amado-gomes\\\/\",\"name\":\"Carla Amado Gomes\",\"isPartOf\":{\"@id\":\"https:\\\/\\\/lisbonpubliclaw.pt\\\/#website\"},\"datePublished\":\"2023-06-16T16:21:19+00:00\",\"dateModified\":\"2023-10-02T13:43:06+00:00\",\"description\":\"Professora Associada da Faculdade de Direito da Universidade de Lisboa (2019). Professora Convidada da Faculdade de Direito da Universidade Cat\u00f3lica (Porto). Lecciona cursos de mestrado e p\u00f3s-gradua\u00e7\u00e3o em Direito do Ambiente, Direito Administrativo e Direito da Energia em Angola, Mo\u00e7ambique e Brasil. Colabora regularmente em ac\u00e7\u00f5es de forma\u00e7\u00e3o no Centro de Estudos Judici\u00e1rios. Tem uma vasta obra publicada nas \u00e1reas do Direito Administrativo, do Direito Processual Administrativo, do Direito do Ambiente, do Direito do Patrim\u00f3nio Cultural, e do Direito da Energia, \u00e1reas em que lecciona. Mais recentemente tem-se destacado pelo estudo da problem\u00e1tica ambiental do ponto de vista do Direito P\u00fablico, desde quest\u00f5es relacionadas com recursos energ\u00e9ticos \u00e0 protec\u00e7\u00e3o da biodiversidade e ao direito das cat\u00e1strofes naturais, organizando v\u00e1rias confer\u00eancias, participando em col\u00f3quios e projectos de investiga\u00e7\u00e3o colectivos de natureza interdisciplinar onde colaboram acad\u00e9micos e t\u00e9cnicos de v\u00e1rias ci\u00eancias sociais e naturais. A Professora Doutora Carla Amado Gomes publicou e editou obras colectivas cujo enfoque interdisciplinar e a relev\u00e2ncia p\u00fablica internacional coloca estas novas \u00e1reas do Direito P\u00fablico no centro da agenda de investiga\u00e7\u00e3o da comunidade cient\u00edfica desta disciplina para as pr\u00f3ximas d\u00e9cadas. Entre os seus projectos e publica\u00e7\u00f5es que demonstram o car\u00e1cter transversal da sua produ\u00e7\u00e3o cient\u00edfica, devemos destacar A natureza constitucional do Tratado da Uni\u00e3o europeia, Tr\u00eas estudos de Direito da Educa\u00e7\u00e3o, Textos dispersos de Direito do Patrim\u00f3nio Cultural e Direito do Urbanismo, Textos dispersos de Direito do Ambiente (4 vols), Introdu\u00e7\u00e3o ao Direito do Ambiente (em 4\u00aa ed., 2018), O Direito da Cultura e do Patrim\u00f3nio Cultural (em coordena\u00e7\u00e3o com o Professor Jos\u00e9 Lu\u00eds Bonif\u00e1cio Ramos), Textos dispersos de Direito Processual Administrativo, Textos dispersos de Direito Constitucional, Textos dispersos sobre direito da responsabilidade civil das entidades p\u00fablicas e Textos dispersos sobre Direito da responsabilidade civil das entidades p\u00fablicas: em especial, por facto da fun\u00e7\u00e3o administrativa.\",\"breadcrumb\":{\"@id\":\"https:\\\/\\\/lisbonpubliclaw.pt\\\/investigadores\\\/carla-amado-gomes\\\/#breadcrumb\"},\"inLanguage\":\"en-US\",\"potentialAction\":[{\"@type\":\"ReadAction\",\"target\":[\"https:\\\/\\\/lisbonpubliclaw.pt\\\/investigadores\\\/carla-amado-gomes\\\/\"]}]},{\"@type\":\"BreadcrumbList\",\"@id\":\"https:\\\/\\\/lisbonpubliclaw.pt\\\/investigadores\\\/carla-amado-gomes\\\/#breadcrumb\",\"itemListElement\":[{\"@type\":\"ListItem\",\"position\":1,\"name\":\"Home\",\"item\":\"https:\\\/\\\/lisbonpubliclaw.pt\\\/\"},{\"@type\":\"ListItem\",\"position\":2,\"name\":\"Investigadores\",\"item\":\"https:\\\/\\\/lisbonpubliclaw.pt\\\/investigadores\\\/\"},{\"@type\":\"ListItem\",\"position\":3,\"name\":\"Carla Amado Gomes\"}]},{\"@type\":\"WebSite\",\"@id\":\"https:\\\/\\\/lisbonpubliclaw.pt\\\/#website\",\"url\":\"https:\\\/\\\/lisbonpubliclaw.pt\\\/\",\"name\":\"Lisbon Public Law\",\"description\":\"Public Law Research Centre in Lisbon\",\"publisher\":{\"@id\":\"https:\\\/\\\/lisbonpubliclaw.pt\\\/#organization\"},\"potentialAction\":[{\"@type\":\"SearchAction\",\"target\":{\"@type\":\"EntryPoint\",\"urlTemplate\":\"https:\\\/\\\/lisbonpubliclaw.pt\\\/?s={search_term_string}\"},\"query-input\":{\"@type\":\"PropertyValueSpecification\",\"valueRequired\":true,\"valueName\":\"search_term_string\"}}],\"inLanguage\":\"en-US\"},{\"@type\":\"Organization\",\"@id\":\"https:\\\/\\\/lisbonpubliclaw.pt\\\/#organization\",\"name\":\"Lisbon Public Law\",\"url\":\"https:\\\/\\\/lisbonpubliclaw.pt\\\/\",\"logo\":{\"@type\":\"ImageObject\",\"inLanguage\":\"en-US\",\"@id\":\"https:\\\/\\\/lisbonpubliclaw.pt\\\/#\\\/schema\\\/logo\\\/image\\\/\",\"url\":\"https:\\\/\\\/lisbonpubliclaw.pt\\\/wp-content\\\/uploads\\\/2023\\\/06\\\/WhatsApp-Image-2023-06-19-at-11.01.50-1.jpeg\",\"contentUrl\":\"https:\\\/\\\/lisbonpubliclaw.pt\\\/wp-content\\\/uploads\\\/2023\\\/06\\\/WhatsApp-Image-2023-06-19-at-11.01.50-1.jpeg\",\"width\":354,\"height\":354,\"caption\":\"Lisbon Public Law\"},\"image\":{\"@id\":\"https:\\\/\\\/lisbonpubliclaw.pt\\\/#\\\/schema\\\/logo\\\/image\\\/\"},\"mainEntityOfPage\":{\"@id\":\"https:\\\/\\\/lisbonpubliclaw.pt\\\/investigadores\\\/carla-amado-gomes\\\/\"}}]}<\/script>\n<!-- \/ Yoast SEO plugin. -->","yoast_head_json":{"title":"Carla Amado Gomes","description":"Professora Associada da Faculdade de Direito da Universidade de Lisboa (2019). Professora Convidada da Faculdade de Direito da Universidade Cat\u00f3lica (Porto). Lecciona cursos de mestrado e p\u00f3s-gradua\u00e7\u00e3o em Direito do Ambiente, Direito Administrativo e Direito da Energia em Angola, Mo\u00e7ambique e Brasil. Colabora regularmente em ac\u00e7\u00f5es de forma\u00e7\u00e3o no Centro de Estudos Judici\u00e1rios. Tem uma vasta obra publicada nas \u00e1reas do Direito Administrativo, do Direito Processual Administrativo, do Direito do Ambiente, do Direito do Patrim\u00f3nio Cultural, e do Direito da Energia, \u00e1reas em que lecciona. Mais recentemente tem-se destacado pelo estudo da problem\u00e1tica ambiental do ponto de vista do Direito P\u00fablico, desde quest\u00f5es relacionadas com recursos energ\u00e9ticos \u00e0 protec\u00e7\u00e3o da biodiversidade e ao direito das cat\u00e1strofes naturais, organizando v\u00e1rias confer\u00eancias, participando em col\u00f3quios e projectos de investiga\u00e7\u00e3o colectivos de natureza interdisciplinar onde colaboram acad\u00e9micos e t\u00e9cnicos de v\u00e1rias ci\u00eancias sociais e naturais. A Professora Doutora Carla Amado Gomes publicou e editou obras colectivas cujo enfoque interdisciplinar e a relev\u00e2ncia p\u00fablica internacional coloca estas novas \u00e1reas do Direito P\u00fablico no centro da agenda de investiga\u00e7\u00e3o da comunidade cient\u00edfica desta disciplina para as pr\u00f3ximas d\u00e9cadas. Entre os seus projectos e publica\u00e7\u00f5es que demonstram o car\u00e1cter transversal da sua produ\u00e7\u00e3o cient\u00edfica, devemos destacar A natureza constitucional do Tratado da Uni\u00e3o europeia, Tr\u00eas estudos de Direito da Educa\u00e7\u00e3o, Textos dispersos de Direito do Patrim\u00f3nio Cultural e Direito do Urbanismo, Textos dispersos de Direito do Ambiente (4 vols), Introdu\u00e7\u00e3o ao Direito do Ambiente (em 4\u00aa ed., 2018), O Direito da Cultura e do Patrim\u00f3nio Cultural (em coordena\u00e7\u00e3o com o Professor Jos\u00e9 Lu\u00eds Bonif\u00e1cio Ramos), Textos dispersos de Direito Processual Administrativo, Textos dispersos de Direito Constitucional, Textos dispersos sobre direito da responsabilidade civil das entidades p\u00fablicas e Textos dispersos sobre Direito da responsabilidade civil das entidades p\u00fablicas: em especial, por facto da fun\u00e7\u00e3o administrativa.","robots":{"index":"index","follow":"follow","max-snippet":"max-snippet:-1","max-image-preview":"max-image-preview:large","max-video-preview":"max-video-preview:-1"},"canonical":"https:\/\/lisbonpubliclaw.pt\/en\/investigadores\/carla-amado-gomes\/","og_locale":"en_US","og_type":"article","og_title":"Carla Amado Gomes","og_description":"Investigadora Integrada Efetiva","og_url":"https:\/\/lisbonpubliclaw.pt\/en\/investigadores\/carla-amado-gomes\/","og_site_name":"Lisbon Public Law","article_modified_time":"2023-10-02T13:43:06+00:00","twitter_card":"summary_large_image","schema":{"@context":"https:\/\/schema.org","@graph":[{"@type":["WebPage","ProfilePage"],"@id":"https:\/\/lisbonpubliclaw.pt\/investigadores\/carla-amado-gomes\/","url":"https:\/\/lisbonpubliclaw.pt\/investigadores\/carla-amado-gomes\/","name":"Carla Amado Gomes","isPartOf":{"@id":"https:\/\/lisbonpubliclaw.pt\/#website"},"datePublished":"2023-06-16T16:21:19+00:00","dateModified":"2023-10-02T13:43:06+00:00","description":"Professora Associada da Faculdade de Direito da Universidade de Lisboa (2019). Professora Convidada da Faculdade de Direito da Universidade Cat\u00f3lica (Porto). Lecciona cursos de mestrado e p\u00f3s-gradua\u00e7\u00e3o em Direito do Ambiente, Direito Administrativo e Direito da Energia em Angola, Mo\u00e7ambique e Brasil. Colabora regularmente em ac\u00e7\u00f5es de forma\u00e7\u00e3o no Centro de Estudos Judici\u00e1rios. Tem uma vasta obra publicada nas \u00e1reas do Direito Administrativo, do Direito Processual Administrativo, do Direito do Ambiente, do Direito do Patrim\u00f3nio Cultural, e do Direito da Energia, \u00e1reas em que lecciona. Mais recentemente tem-se destacado pelo estudo da problem\u00e1tica ambiental do ponto de vista do Direito P\u00fablico, desde quest\u00f5es relacionadas com recursos energ\u00e9ticos \u00e0 protec\u00e7\u00e3o da biodiversidade e ao direito das cat\u00e1strofes naturais, organizando v\u00e1rias confer\u00eancias, participando em col\u00f3quios e projectos de investiga\u00e7\u00e3o colectivos de natureza interdisciplinar onde colaboram acad\u00e9micos e t\u00e9cnicos de v\u00e1rias ci\u00eancias sociais e naturais. A Professora Doutora Carla Amado Gomes publicou e editou obras colectivas cujo enfoque interdisciplinar e a relev\u00e2ncia p\u00fablica internacional coloca estas novas \u00e1reas do Direito P\u00fablico no centro da agenda de investiga\u00e7\u00e3o da comunidade cient\u00edfica desta disciplina para as pr\u00f3ximas d\u00e9cadas. Entre os seus projectos e publica\u00e7\u00f5es que demonstram o car\u00e1cter transversal da sua produ\u00e7\u00e3o cient\u00edfica, devemos destacar A natureza constitucional do Tratado da Uni\u00e3o europeia, Tr\u00eas estudos de Direito da Educa\u00e7\u00e3o, Textos dispersos de Direito do Patrim\u00f3nio Cultural e Direito do Urbanismo, Textos dispersos de Direito do Ambiente (4 vols), Introdu\u00e7\u00e3o ao Direito do Ambiente (em 4\u00aa ed., 2018), O Direito da Cultura e do Patrim\u00f3nio Cultural (em coordena\u00e7\u00e3o com o Professor Jos\u00e9 Lu\u00eds Bonif\u00e1cio Ramos), Textos dispersos de Direito Processual Administrativo, Textos dispersos de Direito Constitucional, Textos dispersos sobre direito da responsabilidade civil das entidades p\u00fablicas e Textos dispersos sobre Direito da responsabilidade civil das entidades p\u00fablicas: em especial, por facto da fun\u00e7\u00e3o administrativa.","breadcrumb":{"@id":"https:\/\/lisbonpubliclaw.pt\/investigadores\/carla-amado-gomes\/#breadcrumb"},"inLanguage":"en-US","potentialAction":[{"@type":"ReadAction","target":["https:\/\/lisbonpubliclaw.pt\/investigadores\/carla-amado-gomes\/"]}]},{"@type":"BreadcrumbList","@id":"https:\/\/lisbonpubliclaw.pt\/investigadores\/carla-amado-gomes\/#breadcrumb","itemListElement":[{"@type":"ListItem","position":1,"name":"Home","item":"https:\/\/lisbonpubliclaw.pt\/"},{"@type":"ListItem","position":2,"name":"Investigadores","item":"https:\/\/lisbonpubliclaw.pt\/investigadores\/"},{"@type":"ListItem","position":3,"name":"Carla Amado Gomes"}]},{"@type":"WebSite","@id":"https:\/\/lisbonpubliclaw.pt\/#website","url":"https:\/\/lisbonpubliclaw.pt\/","name":"Lisbon Public Law","description":"Public Law Research Centre in Lisbon","publisher":{"@id":"https:\/\/lisbonpubliclaw.pt\/#organization"},"potentialAction":[{"@type":"SearchAction","target":{"@type":"EntryPoint","urlTemplate":"https:\/\/lisbonpubliclaw.pt\/?s={search_term_string}"},"query-input":{"@type":"PropertyValueSpecification","valueRequired":true,"valueName":"search_term_string"}}],"inLanguage":"en-US"},{"@type":"Organization","@id":"https:\/\/lisbonpubliclaw.pt\/#organization","name":"Lisbon Public Law","url":"https:\/\/lisbonpubliclaw.pt\/","logo":{"@type":"ImageObject","inLanguage":"en-US","@id":"https:\/\/lisbonpubliclaw.pt\/#\/schema\/logo\/image\/","url":"https:\/\/lisbonpubliclaw.pt\/wp-content\/uploads\/2023\/06\/WhatsApp-Image-2023-06-19-at-11.01.50-1.jpeg","contentUrl":"https:\/\/lisbonpubliclaw.pt\/wp-content\/uploads\/2023\/06\/WhatsApp-Image-2023-06-19-at-11.01.50-1.jpeg","width":354,"height":354,"caption":"Lisbon Public Law"},"image":{"@id":"https:\/\/lisbonpubliclaw.pt\/#\/schema\/logo\/image\/"},"mainEntityOfPage":{"@id":"https:\/\/lisbonpubliclaw.pt\/investigadores\/carla-amado-gomes\/"}}]}},"_links":{"self":[{"href":"https:\/\/lisbonpubliclaw.pt\/en\/wp-json\/wp\/v2\/investigadores\/1728","targetHints":{"allow":["GET"]}}],"collection":[{"href":"https:\/\/lisbonpubliclaw.pt\/en\/wp-json\/wp\/v2\/investigadores"}],"about":[{"href":"https:\/\/lisbonpubliclaw.pt\/en\/wp-json\/wp\/v2\/types\/investigadores"}],"wp:attachment":[{"href":"https:\/\/lisbonpubliclaw.pt\/en\/wp-json\/wp\/v2\/media?parent=1728"}],"wp:term":[{"taxonomy":"efetivos-assistentes","embeddable":true,"href":"https:\/\/lisbonpubliclaw.pt\/en\/wp-json\/wp\/v2\/efetivos-assistentes?post=1728"},{"taxonomy":"members-fellows","embeddable":true,"href":"https:\/\/lisbonpubliclaw.pt\/en\/wp-json\/wp\/v2\/members-fellows?post=1728"},{"taxonomy":"cluster","embeddable":true,"href":"https:\/\/lisbonpubliclaw.pt\/en\/wp-json\/wp\/v2\/cluster?post=1728"},{"taxonomy":"categoria-do-investigador","embeddable":true,"href":"https:\/\/lisbonpubliclaw.pt\/en\/wp-json\/wp\/v2\/categoria-do-investigador?post=1728"},{"taxonomy":"grupo-de-investigacao","embeddable":true,"href":"https:\/\/lisbonpubliclaw.pt\/en\/wp-json\/wp\/v2\/grupo-de-investigacao?post=1728"}],"curies":[{"name":"wp","href":"https:\/\/api.w.org\/{rel}","templated":true}]}}