{"id":6772,"date":"2024-10-03T15:00:47","date_gmt":"2024-10-03T15:00:47","guid":{"rendered":"https:\/\/lisbonpubliclaw.pt\/?post_type=eventos&#038;p=6772"},"modified":"2024-10-04T10:48:56","modified_gmt":"2024-10-04T10:48:56","slug":"xvi-coloquio-luso-espanhol-de-professores-de-direito-administrativo","status":"publish","type":"eventos","link":"https:\/\/lisbonpubliclaw.pt\/en\/eventos\/xvi-coloquio-luso-espanhol-de-professores-de-direito-administrativo\/","title":{"rendered":"XVI Luso-Spanish Colloquium of Administrative Law Professors"},"content":{"rendered":"","protected":false},"template":"","meta":{"imagem-do-evento":"https:\/\/lisbonpubliclaw.pt\/wp-content\/uploads\/2024\/10\/22-e1727967338174.png","investigador-organizador":["1736","1751","1750"],"projeto-a-que-pertence":"","orador-do-evento":"","subtitulo-da-sessao":"","link-zoom":"https:\/\/xvi-coloquio-luso-espanhol.com\/","email-de-incricao":"","url-de-incricao":"https:\/\/docs.google.com\/forms\/d\/e\/1FAIpQLSdCLyjup3InF68vpT9ehXZyvE7o3pOIkB_YuLAnoHhVGzhn7w\/viewform","data-do-evento":1729814400,"hora-do-evento":"","data-fim-do-evento":"","localizacao":"Audit\u00f3rio","descricao-do-evento":"<table style=\"width: 100%; border-collapse: collapse; background-color: #f28e00;\" border=\"1\">\r\n<tbody>\r\n<tr>\r\n<td style=\"width: 100%; text-align: center;\"><a href=\"https:\/\/forms.gle\/1mwsdYr1ZdptWHWw7\"><span style=\"color: #ffffff;\"><span style=\"color: #333333;\"><strong>REGISTO PARA JANTAR<\/strong><\/span><\/span><\/a><\/td>\r\n<\/tr>\r\n<\/tbody>\r\n<\/table>\r\n<br>\r\n<p>Encontram-se abertas as inscri\u00e7\u00f5es para o XVI Col\u00f3quio Luso-Espanhol de Professores de Direito Administrativo, a realizar nos dias 25 e 26 de outubro, na Faculdade de Direito da Universidade de Lisboa.<\/p>\r\n<p><span style=\"color: #ff9900;\"><strong>PARCERIAS DE HOTEL<\/strong><\/span><\/p>\r\n<p><strong>Hot\u00e9is Turim:<br \/><\/strong>Basta aceder ao <a href=\"https:\/\/turim-hotels.com\/\"><em>website<\/em> oficial<\/a>, escolher o hotel e as datas de estadia pretendidas e inserir o c\u00f3digo <strong>LPL2024\u00a0<\/strong>no campo \u201cc\u00f3digo promocional\u201d.\u00a0<br \/>Datas de Estadia: 22\/10\/2024 - 28\/10\/2024<br \/>Datas de Reserva: at\u00e9 23\/10\/2024<strong>\u00a0<\/strong><\/p>\r\n<p><strong>Hotel Zenit<\/strong>:<br \/>Para aceder ao desconto, de 10% na tarifa base\u00a0(<a href=\"https:\/\/zenithoteles.com\/pt\/?_gl=1*e3na2g*_gcl_au*MTk1NDA3NTc5Ny4xNzI3OTcxNzIz*_ga*OTkwNDYyMDcxLjE3MjMxMTg4MzY.*_ga_MJRPSQ4BYL*MTcyNzk3MTcyMy4xOC4wLjE3Mjc5NzE3MzEuNTIuMC40NTg3OTg3MjM.&_ga=2.108128514.1861664383.1727971723-990462071.1723118836\">consulta dispon\u00edvel e indispens\u00e1vel no site)<\/a> dever\u00e1 ser enviado email para\u00a0<a href=\"mailto:comerciallisboa@zenithoteles.com\">comerciallisboa@zenithoteles.com<\/a>\u00a0com o pedido de reserva e o c\u00f3digo LPL2024.<\/p>\r\n<p>\u00a0<\/p>\r\n<p>[ES] Ya est\u00e1 abierta la inscripci\u00f3n para el XVI Coloquio Luso-Espa\u00f1ol de Profesores de Derecho Administrativo, que se celebrar\u00e1 los d\u00edas 25 y 26 de octubre en la Facultad de Derecho de la Universidad de Lisboa.<\/p>\r\n<p><span style=\"color: #ff9900;\"><strong>ASOCIACIONES HOTELERAS<\/strong><\/span><\/p>\r\n<p><strong>Hoteles de Tur\u00edn<\/strong>:<br \/>S\u00f3lo tiene que ir a la <a href=\"https:\/\/turim-hotels.com\/turim-iberia-hotel-pt\/?partner=8048utm_source=google&utm_medium=organic&utm_campaign=MyBusiness&utm\">p\u00e1gina web oficial<\/a>, elegir el hotel y las fechas de estancia que desee e introducir el c\u00f3digo LPL2024 en el campo \u00abc\u00f3digo promocional\u00bb.<br \/>Fechas de la estancia: 22\/10\/2024 - 28\/10\/2024<br \/>Fechas de reserva: hasta el 23\/10\/2024<\/p>\r\n<p><strong>Hotel Zenit:<br \/><\/strong>Para acceder al descuento del 10% sobre la tarifa base (<a href=\"https:\/\/zenithoteles.com\/pt\/?_gl=1*e3na2g*_gcl_au*MTk1NDA3NTc5Ny4xNzI3OTcxNzIz*_ga*OTkwNDYyMDcxLjE3MjMxMTg4MzY.*_ga_MJRPSQ4BYL*MTcyNzk3MTcyMy4xOC4wLjE3Mjc5NzE3MzEuNTIuMC40NTg3OTg3MjM.&_ga=2.108128514.1861664383.1727971723-990462071.1723118836\">consulta disponible e imprescindible en la web<\/a>) se debe enviar un email a comerciallisboa@zenithoteles.com con la solicitud de reserva y el c\u00f3digo LPL2024.<\/p>","participacao":{"Aberto ao P\u00fablico":"false","Acesso Restrito":"true"},"imagem-cartaz":"6782"},"cluster":[],"categoria-do-evento":[71],"grupo-de-investigacao":[11],"class_list":["post-6772","eventos","type-eventos","status-publish","hentry","categoria-do-evento-coloquio","grupo-de-investigacao-direito-administrativo"],"yoast_head":"<!-- This site is optimized with the Yoast SEO plugin v27.5 - https:\/\/yoast.com\/product\/yoast-seo-wordpress\/ -->\n<title>XVI Col\u00f3quio Luso-Espanhol de Professores de Direito Administrativo<\/title>\n<meta name=\"description\" content=\"Encontram-se abertas as inscri\u00e7\u00f5es para o XVI Col\u00f3quio Luso-Espanhol de Professores de Direito Administrativo.\" \/>\n<meta name=\"robots\" content=\"index, follow, max-snippet:-1, max-image-preview:large, max-video-preview:-1\" \/>\n<link rel=\"canonical\" href=\"https:\/\/lisbonpubliclaw.pt\/en\/eventos\/xvi-coloquio-luso-espanhol-de-professores-de-direito-administrativo\/\" \/>\n<meta property=\"og:locale\" content=\"en_US\" \/>\n<meta property=\"og:type\" content=\"article\" \/>\n<meta property=\"og:title\" content=\"XVI Col\u00f3quio Luso-Espanhol de Professores de Direito Administrativo\" \/>\n<meta property=\"og:description\" content=\"Encontram-se abertas as inscri\u00e7\u00f5es para o XVI Col\u00f3quio Luso-Espanhol de Professores de Direito Administrativo.\" \/>\n<meta property=\"og:url\" content=\"https:\/\/lisbonpubliclaw.pt\/en\/eventos\/xvi-coloquio-luso-espanhol-de-professores-de-direito-administrativo\/\" \/>\n<meta property=\"og:site_name\" content=\"Lisbon Public Law\" \/>\n<meta property=\"article:modified_time\" content=\"2024-10-04T10:48:56+00:00\" \/>\n<meta name=\"twitter:card\" content=\"summary_large_image\" \/>\n<script type=\"application\/ld+json\" class=\"yoast-schema-graph\">{\"@context\":\"https:\\\/\\\/schema.org\",\"@graph\":[{\"@type\":\"WebPage\",\"@id\":\"https:\\\/\\\/lisbonpubliclaw.pt\\\/eventos\\\/xvi-coloquio-luso-espanhol-de-professores-de-direito-administrativo\\\/\",\"url\":\"https:\\\/\\\/lisbonpubliclaw.pt\\\/eventos\\\/xvi-coloquio-luso-espanhol-de-professores-de-direito-administrativo\\\/\",\"name\":\"XVI Col\u00f3quio Luso-Espanhol de Professores de Direito Administrativo\",\"isPartOf\":{\"@id\":\"https:\\\/\\\/lisbonpubliclaw.pt\\\/#website\"},\"datePublished\":\"2024-10-03T15:00:47+00:00\",\"dateModified\":\"2024-10-04T10:48:56+00:00\",\"description\":\"Encontram-se abertas as inscri\u00e7\u00f5es para o XVI Col\u00f3quio Luso-Espanhol de Professores de Direito Administrativo.\",\"breadcrumb\":{\"@id\":\"https:\\\/\\\/lisbonpubliclaw.pt\\\/eventos\\\/xvi-coloquio-luso-espanhol-de-professores-de-direito-administrativo\\\/#breadcrumb\"},\"inLanguage\":\"en-US\",\"potentialAction\":[{\"@type\":\"ReadAction\",\"target\":[\"https:\\\/\\\/lisbonpubliclaw.pt\\\/eventos\\\/xvi-coloquio-luso-espanhol-de-professores-de-direito-administrativo\\\/\"]}]},{\"@type\":\"BreadcrumbList\",\"@id\":\"https:\\\/\\\/lisbonpubliclaw.pt\\\/eventos\\\/xvi-coloquio-luso-espanhol-de-professores-de-direito-administrativo\\\/#breadcrumb\",\"itemListElement\":[{\"@type\":\"ListItem\",\"position\":1,\"name\":\"Home\",\"item\":\"https:\\\/\\\/lisbonpubliclaw.pt\\\/\"},{\"@type\":\"ListItem\",\"position\":2,\"name\":\"Eventos\",\"item\":\"https:\\\/\\\/lisbonpubliclaw.pt\\\/eventos\\\/\"},{\"@type\":\"ListItem\",\"position\":3,\"name\":\"XVI Col\u00f3quio Luso-Espanhol de Professores de Direito Administrativo\"}]},{\"@type\":\"WebSite\",\"@id\":\"https:\\\/\\\/lisbonpubliclaw.pt\\\/#website\",\"url\":\"https:\\\/\\\/lisbonpubliclaw.pt\\\/\",\"name\":\"Lisbon Public Law\",\"description\":\"Public Law Research Centre in Lisbon\",\"publisher\":{\"@id\":\"https:\\\/\\\/lisbonpubliclaw.pt\\\/#organization\"},\"potentialAction\":[{\"@type\":\"SearchAction\",\"target\":{\"@type\":\"EntryPoint\",\"urlTemplate\":\"https:\\\/\\\/lisbonpubliclaw.pt\\\/?s={search_term_string}\"},\"query-input\":{\"@type\":\"PropertyValueSpecification\",\"valueRequired\":true,\"valueName\":\"search_term_string\"}}],\"inLanguage\":\"en-US\"},{\"@type\":\"Organization\",\"@id\":\"https:\\\/\\\/lisbonpubliclaw.pt\\\/#organization\",\"name\":\"Lisbon Public Law\",\"url\":\"https:\\\/\\\/lisbonpubliclaw.pt\\\/\",\"logo\":{\"@type\":\"ImageObject\",\"inLanguage\":\"en-US\",\"@id\":\"https:\\\/\\\/lisbonpubliclaw.pt\\\/#\\\/schema\\\/logo\\\/image\\\/\",\"url\":\"https:\\\/\\\/lisbonpubliclaw.pt\\\/wp-content\\\/uploads\\\/2023\\\/06\\\/WhatsApp-Image-2023-06-19-at-11.01.50-1.jpeg\",\"contentUrl\":\"https:\\\/\\\/lisbonpubliclaw.pt\\\/wp-content\\\/uploads\\\/2023\\\/06\\\/WhatsApp-Image-2023-06-19-at-11.01.50-1.jpeg\",\"width\":354,\"height\":354,\"caption\":\"Lisbon Public Law\"},\"image\":{\"@id\":\"https:\\\/\\\/lisbonpubliclaw.pt\\\/#\\\/schema\\\/logo\\\/image\\\/\"}}]}<\/script>\n<!-- \/ Yoast SEO plugin. -->","yoast_head_json":{"title":"XVI Luso-Spanish Colloquium of Administrative Law Professors","description":"Encontram-se abertas as inscri\u00e7\u00f5es para o XVI Col\u00f3quio Luso-Espanhol de Professores de Direito Administrativo.","robots":{"index":"index","follow":"follow","max-snippet":"max-snippet:-1","max-image-preview":"max-image-preview:large","max-video-preview":"max-video-preview:-1"},"canonical":"https:\/\/lisbonpubliclaw.pt\/en\/eventos\/xvi-coloquio-luso-espanhol-de-professores-de-direito-administrativo\/","og_locale":"en_US","og_type":"article","og_title":"XVI Col\u00f3quio Luso-Espanhol de Professores de Direito Administrativo","og_description":"Encontram-se abertas as inscri\u00e7\u00f5es para o XVI Col\u00f3quio Luso-Espanhol de Professores de Direito Administrativo.","og_url":"https:\/\/lisbonpubliclaw.pt\/en\/eventos\/xvi-coloquio-luso-espanhol-de-professores-de-direito-administrativo\/","og_site_name":"Lisbon Public Law","article_modified_time":"2024-10-04T10:48:56+00:00","twitter_card":"summary_large_image","schema":{"@context":"https:\/\/schema.org","@graph":[{"@type":"WebPage","@id":"https:\/\/lisbonpubliclaw.pt\/eventos\/xvi-coloquio-luso-espanhol-de-professores-de-direito-administrativo\/","url":"https:\/\/lisbonpubliclaw.pt\/eventos\/xvi-coloquio-luso-espanhol-de-professores-de-direito-administrativo\/","name":"XVI Luso-Spanish Colloquium of Administrative Law Professors","isPartOf":{"@id":"https:\/\/lisbonpubliclaw.pt\/#website"},"datePublished":"2024-10-03T15:00:47+00:00","dateModified":"2024-10-04T10:48:56+00:00","description":"Encontram-se abertas as inscri\u00e7\u00f5es para o XVI Col\u00f3quio Luso-Espanhol de Professores de Direito Administrativo.","breadcrumb":{"@id":"https:\/\/lisbonpubliclaw.pt\/eventos\/xvi-coloquio-luso-espanhol-de-professores-de-direito-administrativo\/#breadcrumb"},"inLanguage":"en-US","potentialAction":[{"@type":"ReadAction","target":["https:\/\/lisbonpubliclaw.pt\/eventos\/xvi-coloquio-luso-espanhol-de-professores-de-direito-administrativo\/"]}]},{"@type":"BreadcrumbList","@id":"https:\/\/lisbonpubliclaw.pt\/eventos\/xvi-coloquio-luso-espanhol-de-professores-de-direito-administrativo\/#breadcrumb","itemListElement":[{"@type":"ListItem","position":1,"name":"Home","item":"https:\/\/lisbonpubliclaw.pt\/"},{"@type":"ListItem","position":2,"name":"Eventos","item":"https:\/\/lisbonpubliclaw.pt\/eventos\/"},{"@type":"ListItem","position":3,"name":"XVI Col\u00f3quio Luso-Espanhol de Professores de Direito Administrativo"}]},{"@type":"WebSite","@id":"https:\/\/lisbonpubliclaw.pt\/#website","url":"https:\/\/lisbonpubliclaw.pt\/","name":"Lisbon Public Law","description":"Public Law Research Centre in Lisbon","publisher":{"@id":"https:\/\/lisbonpubliclaw.pt\/#organization"},"potentialAction":[{"@type":"SearchAction","target":{"@type":"EntryPoint","urlTemplate":"https:\/\/lisbonpubliclaw.pt\/?s={search_term_string}"},"query-input":{"@type":"PropertyValueSpecification","valueRequired":true,"valueName":"search_term_string"}}],"inLanguage":"en-US"},{"@type":"Organization","@id":"https:\/\/lisbonpubliclaw.pt\/#organization","name":"Lisbon Public Law","url":"https:\/\/lisbonpubliclaw.pt\/","logo":{"@type":"ImageObject","inLanguage":"en-US","@id":"https:\/\/lisbonpubliclaw.pt\/#\/schema\/logo\/image\/","url":"https:\/\/lisbonpubliclaw.pt\/wp-content\/uploads\/2023\/06\/WhatsApp-Image-2023-06-19-at-11.01.50-1.jpeg","contentUrl":"https:\/\/lisbonpubliclaw.pt\/wp-content\/uploads\/2023\/06\/WhatsApp-Image-2023-06-19-at-11.01.50-1.jpeg","width":354,"height":354,"caption":"Lisbon Public Law"},"image":{"@id":"https:\/\/lisbonpubliclaw.pt\/#\/schema\/logo\/image\/"}}]}},"_links":{"self":[{"href":"https:\/\/lisbonpubliclaw.pt\/en\/wp-json\/wp\/v2\/eventos\/6772","targetHints":{"allow":["GET"]}}],"collection":[{"href":"https:\/\/lisbonpubliclaw.pt\/en\/wp-json\/wp\/v2\/eventos"}],"about":[{"href":"https:\/\/lisbonpubliclaw.pt\/en\/wp-json\/wp\/v2\/types\/eventos"}],"wp:attachment":[{"href":"https:\/\/lisbonpubliclaw.pt\/en\/wp-json\/wp\/v2\/media?parent=6772"}],"wp:term":[{"taxonomy":"cluster","embeddable":true,"href":"https:\/\/lisbonpubliclaw.pt\/en\/wp-json\/wp\/v2\/cluster?post=6772"},{"taxonomy":"categoria-do-evento","embeddable":true,"href":"https:\/\/lisbonpubliclaw.pt\/en\/wp-json\/wp\/v2\/categoria-do-evento?post=6772"},{"taxonomy":"grupo-de-investigacao","embeddable":true,"href":"https:\/\/lisbonpubliclaw.pt\/en\/wp-json\/wp\/v2\/grupo-de-investigacao?post=6772"}],"curies":[{"name":"wp","href":"https:\/\/api.w.org\/{rel}","templated":true}]}}