{"id":4876,"date":"2023-10-04T19:33:59","date_gmt":"2023-10-04T19:33:59","guid":{"rendered":"https:\/\/lisbonpubliclaw.pt\/?post_type=eventos&#038;p=4876"},"modified":"2023-10-17T15:24:15","modified_gmt":"2023-10-17T15:24:15","slug":"litigancia-climatica-nos-tribunaisinternacionais-uma-visao-comparativa","status":"publish","type":"eventos","link":"https:\/\/lisbonpubliclaw.pt\/en\/eventos\/litigancia-climatica-nos-tribunaisinternacionais-uma-visao-comparativa\/","title":{"rendered":"Litigating Climate Change In International\nCourts: A Comparative Lens"},"content":{"rendered":"","protected":false},"template":"","meta":{"imagem-do-evento":"https:\/\/lisbonpubliclaw.pt\/wp-content\/uploads\/2023\/10\/Capa-e1696448352464.png","investigador-organizador":["1739","1728","1838"],"projeto-a-que-pertence":"","orador-do-evento":"","subtitulo-da-sessao":"","link-zoom":"","email-de-incricao":"","url-de-incricao":"https:\/\/bit.ly\/climate_litigation","data-do-evento":1698192000,"hora-do-evento":"09:30","data-fim-do-evento":"","localizacao":"Room 12.08 - FDUL \/ ZOOM","descricao-do-evento":"<p> O workshop \"Litig\u00e2ncia Clim\u00e1tica nos Tribunais Internacionais: Uma vis\u00e3o comparativa\" promover\u00e1 uma discuss\u00e3o transversal entre oradores e o p\u00fablico, oferecendo uma vis\u00e3o comparativa, com especial  enfoque no Tribunal Internacional de Justi\u00e7a, no Tribunal Internacional do Direito do Mar, no Tribunal Interamericano de Direitos Humanos, no Tribunal Europeu dos Direitos Humanos e no Tribunal de Justi\u00e7a da Uni\u00e3o Europeia. Cada painel inclui especialistas com diferentes experi\u00eancia e perspetivas. Junte-se a n\u00f3s em Lisboa ou online no dia 25 de outubro. <\/p>\r\n\r\n<p>Conhe\u00e7a os oradores convidados: <\/p>\r\n\r\n<p><b>Carla Amado Gomes\u00a0| Faculdade de Direito da Universidade de Lisboa, Centro de Investiga\u00e7\u00e3o em Direito P\u00fablico de Lisboa\u00a0<\/p><\/b>\r\n<p>Ph.D. em Direito e Professor Associado da Faculdade de Direito da Universidade de Lisboa. Professor Convidado da Faculdade de Direito da Universidade Cat\u00f3lica do Porto. Vice-Presidente do Instituto de Ci\u00eancias Jur\u00eddico-Pol\u00edticas (ICJP). Investigador Bolseiro do Centro de Estudos de Direito P\u00fablico de Lisboa\u00a0<\/p>\r\n\r\n\r\n<p><b>Nat\u00e1lia Kobylarz | Tribunal Europeu dos Direitos Humanos\u00a0 <\/p><\/b>\r\n<p>Advogada s\u00e9nior do Registo do TEDH. Professora de prote\u00e7\u00e3o internacional dos direitos humanos e direitos humanos ambientais na Universidade de Grenoble Alpes e na Universidade de Estrasburgo. LL.M. Graduada em Direito Internacional e Comparado pela Southern Methodist University em Dallas, Estados Unidos. Mestre 2 em Direito Ambiental pela Universidade de Estrasburgo, Fran\u00e7a. Mestre em Direito pela Universidade Maria Curie-Sklodowska em Lublin, Pol\u00f4nia<\/p>\r\n\r\n\r\n<p><b>Helo\u00edsa Oliveira\u00a0| Faculdade de Direito da Universidade de Lisboa, Centro de Investiga\u00e7\u00e3o em Direito P\u00fablico de Lisboa\u00a0<\/p><\/b>\r\n<p>Ph.D. em Direito e Professora Convidada de Direito Ambiental na Faculdade de Direito da Universidade de Lisboa. Investigadora Bolseira do Centro de Estudos de Direito P\u00fablico de Lisboa; Consultora do Servi\u00e7o Jur\u00eddico do Governo Portugu\u00eas (JurisAPP).<\/p>\r\n\r\n<p><b>Maria Antonia Tigre | Director, Global Climate Change Litigation, Sabin Center\u00a0<\/p><\/b>\r\n<p>Ph.D. in Juridical Studies at the Elisabeth Haub School of Law at Pace University (2022). Joined the Sabin Center for Climate Change Law at Columbia Law School as Global Climate Litigation fellow. She serves as the Deputy Director of the Global Network for Human Rights and the Environment (GNHRE) and is a member of the IUCN World Commission on Environmental Law..<\/p>\r\n\r\n<p><b>Thalia Viveros-Uehara\u00a0<\/p><\/b>\r\n<p>Thalia atua como pesquisadora de p\u00f3s-doutorado na TransLitigate na Universidade de Tilburg, Holanda. O seu foco de investiga\u00e7\u00e3o abrange a din\u00e2mica s\u00f3cio-jur\u00eddica das altera\u00e7\u00f5es clim\u00e1ticas, transfer\u00eancias de terras em grande escala e lit\u00edgios de polui\u00e7\u00e3o relativos \u00e0s ind\u00fastrias extractivas. Com base na lei, a experi\u00eancia de Thalia \u00e9 baseada na legisla\u00e7\u00e3o internacional ambiental, nas mudan\u00e7as clim\u00e1ticas e nos direitos humanos. Obteve seu mestrado pela London School of Economics and Political Science e obteve um diploma do European University Institute. Possui doutorado em inclus\u00e3o global e desenvolvimento social pela Universidade de Massachusetts Boston, com \u00eanfase especial em sa\u00fade ambiental e vulnerabilidade.\r\nAntes de se aventurar na academia, Thalia acumulou anos de experi\u00eancia inestim\u00e1vel, trabalhando ao lado de legisladores, legisladores e provedores de justi\u00e7a internacionais e locais no M\u00e9xico, nos EUA e no Reino Unido. Seu trabalho centrou-se principalmente no enfrentamento de quest\u00f5es urgentes em suas \u00e1reas de especializa\u00e7\u00e3o.\r\nAtualmente, Thalia tamb\u00e9m \u00e9 afiliada ao Centro de Direito e Transforma\u00e7\u00e3o Social da Universidade de Bergen, na Noruega. Al\u00e9m disso, ela dever\u00e1 se tornar uma pesquisadora afiliada ao Projeto Global de Sa\u00fade e Direitos no Centro Petrie-Flom para Pol\u00edticas Jur\u00eddicas de Sa\u00fade, Biotecnologia e Bio\u00e9tica da Faculdade de Direito de Harvard.\u00a0<\/p>\r\n\r\n\r\n<p><b>Corina Heri\u00a0| Universidade de Zurique\u00a0\u00a0<\/p><\/b>\r\n<p>Pesquisadora de p\u00f3s-doutorado no Instituto de Direito da Universidade de Zurique. Doutor em Direito pela Universidade de Zurique (2017).\u00a0<\/p>\r\n\r\n<p><b>Joana Gama Gomes\u00a0| Faculdade de Direito da Universidade de Lisboa, Centro de Investiga\u00e7\u00e3o em Direito P\u00fablico de Lisboa\u00a0\u00a0\u00a0<\/p><\/b>\r\n<p>Consultora Jur\u00eddica do Banco de Portugal. Investigadora do Centro de Estudos de Direito P\u00fablico de Lisboa. Docente convidada na Universidade de Lisboa de Direito Internacional P\u00fablico, Direito da Uni\u00e3o Europeia, Direito Ambiental. Doutoranda pela Faculdade de Direito da Universidade de Lisboa em Direito Europeu e Internacional.\u00a0<\/p>\r\n\r\n<p><b>Margaretha Wewerinke-Singh\u00a0|  Universidade de Amsterd\u00e3o\u00a0<\/p><\/b>\r\n<p>Professora Associada de Direito da Sustentabilidade na Universidade de Amsterd\u00e3o, Professora Adjunta de Direito na Universidade de Fiji e Consultora Jur\u00eddica da Blue Ocean Law. Doutor em Direito pelo Instituto Universit\u00e1rio Europeu. Mestrado Europeu em Direitos Humanos e Democratiza\u00e7\u00e3o pelo Centro Interuniversit\u00e1rio Europeu para Direitos Humanos e Democratiza\u00e7\u00e3o. Advogada e solicitadora do Supremo Tribunal de Vanuatu.\u00a0<\/p>\r\n\r\n<p><b>Katalin Sulyok\u00a0| Universidade E\u00f6tv\u00f6s Lor\u00e1nd\u00a0\u00a0\u00a0<\/p><\/b>\r\nProfessor Assistente de Direito Ambiental Internacional e Direito Clim\u00e1tico na Universidade E\u00f6tv\u00f6s Lor\u00e1nd. Conselheiro Jur\u00eddico Chefe do Provedor de Justi\u00e7a para as Gera\u00e7\u00f5es Futuras. Doutor em Direito Internacional pela Universidade E\u00f6tv\u00f6s Lor\u00e1nd (2018), LL.M. em Harvard (2016). Bacharelado em Biologia (2013).\u00a0<\/p>\r\n\r\n<p><b>Vladislava Stoyanova\u00a0| Universidade de Lund\u00a0\u00a0<\/p><\/b>\r\n<p>Professora Associada de Direito Internacional P\u00fablico na Faculdade de Direito da Universidade de Lund (Su\u00e9cia). Bolseira da Academia Wallenberg (2019-2024). Autora de\u00a0\u201cPositive Obligations under the European Convention on Human Rights: Within and Beyond Boundaries\u201d\u00a0(Oxford University Press, 2023, acesso aberto).\u00a0<\/p>\r\n\r\n<p><b>Ana Rita Gil\u00a0| University of Lisbon School of Law, Lisbon Public Law Research Centre<\/p><\/b>\r\n<p>Professora da Faculdade de Direito da Universidade de Lisboa. Investigadora do Centro de Estudos de Direito P\u00fablico de Lisboa. Doutoramento em Direito Humano e dos Direitos Fundamentais pela Faculdade de Direito da Universidade Nova de Lisboa (tese sobre \u201cProtec\u00e7\u00e3o Lateral dos Direitos Fundamentais da Imigra\u00e7\u00e3o\u201d). Investigadora independente em diversos estudos para a Uni\u00e3o Europeia, para empresas de consultoria internacionais e para redes acad\u00e9micas internacionais.\u00a0<\/p>\r\n\r\n<p><b>Armando Rocha\u00a0| Universidade Cat\u00f3lica Portuguesa, Faculdade de Direito\u00a0\u00a0<\/p><\/b>\r\n<p>Professor de Direito na Cat\u00f3lica | Faculdade de Direito de Lisboa. Investigador do Cat\u00f3lica Research Center for the Future of Law. Professor convidado na Universidade de S. Jos\u00e9 (Macau, China) e na Universidade Cat\u00f3lica de Lille (Fran\u00e7a). Programa Global de Doutoramento em Direito da Universidade Cat\u00f3lica Portuguesa.\u00a0<\/p>\r\n\r\n<p><b>Ana Ruiz\u00a0| European Roundtable on Climate Change and Sustainable Transition\u00a0\u00a0\u00a0<\/p><\/b>\r\n<p>Analista de Pol\u00edticas na ERCST - Mesa Redonda Europeia sobre Altera\u00e7\u00f5es Clim\u00e1ticas e Transi\u00e7\u00e3o Sustent\u00e1vel. Advogado Qualificado em Portugal. LLM em Direito e Governan\u00e7a Ambiental Global pela Universidade de Strathclyde.\u00a0\u00a0<\/p>\r\n\r\n<p><b>Mario Pagano\u00a0| Universidade de Amsterd\u00e3o<\/p><\/b>\r\n<p>Pesquisador de p\u00f3s-doutorado na Universidade de Amsterd\u00e3o. Doutorado pelo Instituto Universit\u00e1rio Europeu (2022).\u00a0<\/p>\r\n\r\n<p><b>Ma\u0142gorzata Kwi\u0119dacz-Palosz\u00a0| ClientEarth<\/p><\/b>\r\n<p>Advogada S\u00e9nior do Client Earth com foco em Direitos Fundamentais e Democracia Ambiental.\u00a0<\/p>\r\n\r\n<p><b>Lea Raible\u00a0| Universidade de Glasgow\u00a0\u00a0<\/p><\/b>\r\n<p>Professora s\u00e9nior de Direito P\u00fablico na Universidade de Glasgow. Doutorada pela University College London.\u00a0<\/p>\r\n\r\n<p><b>D\u00e9lton Winter de Carvalho\u00a0| Universidade Vale do Rio dos Sinos\u00a0\u00a0\u00a0\u00a0<\/p><\/b>\r\n<p>Advogado e consultor jur\u00eddico em Direito Ambiental. Doutor (2006) em Direito P\u00fablico pela Universidade do Vale do Rio dos Sinos \u2013 Unisinos. P\u00f3s-Doutorado em Direito Ambiental e de Desastres pela Universidade da Calif\u00f3rnia, Berkeley, EUA (2013). Professor do Programa de P\u00f3s-Gradua\u00e7\u00e3o em Direito - PPG Dir Unisinos, n\u00edveis de mestrado e doutorado. Pesquisador Membro Afiliado do CLX - Climate Litigation Accelerator do Center for Human Rights and Global Justice - CHR&GJ da Universidade de Nova York.\u00a0<\/p>\r\n\r\n<p><b>Fernando Loureiro Bastos\u00a0| University of Lisbon School of Law, Lisbon Public Law Research Centre\u00a0<\/p><\/b>\r\n<p>Professor da Faculdade de Direito da Universidade de Lisboa. Investigador Bolseiro do Centro de Estudos de Direito P\u00fablico de Lisboa. Doutoramento em Direito pela Faculdade de Direito da Universidade de Lisboa (2005).\u00a0<\/p>\r\n\r\n<p><b>Pedro Rosa C\u00f3\u00a0| African Commission on Human and Peoples' Rights\u00a0\u00a0\u00a0<\/p><\/b>\r\n<p>Mestre em Direito pela Universidade de Lisboa, atualmente Diretor Jur\u00eddico S\u00e9nior e Chefe da Equipa de Coordena\u00e7\u00e3o de Comunica\u00e7\u00f5es da Comiss\u00e3o Africana dos Direitos Humanos e dos Povos, e antigo Oficial Jur\u00eddico S\u00e9nior do Tribunal Africano dos Direitos Humanos e dos Povos<\/p>","participacao":{"Aberto ao P\u00fablico":"true","Acesso Restrito":"false"},"imagem-cartaz":"4878"},"cluster":[61],"categoria-do-evento":[17],"grupo-de-investigacao":[12],"class_list":["post-4876","eventos","type-eventos","status-publish","hentry","cluster-lisbon-environmental-law","categoria-do-evento-workshop","grupo-de-investigacao-direito-internacional-e-europeu"],"yoast_head":"<!-- This site is optimized with the Yoast SEO plugin v27.5 - https:\/\/yoast.com\/product\/yoast-seo-wordpress\/ -->\n<title>Litig\u00e2ncia Clim\u00e1tica Nos Tribunais Internacionais: Uma Vis\u00e3o Comparativa - Lisbon Public Law<\/title>\n<meta name=\"robots\" content=\"index, follow, max-snippet:-1, max-image-preview:large, max-video-preview:-1\" \/>\n<link rel=\"canonical\" href=\"https:\/\/lisbonpubliclaw.pt\/en\/eventos\/litigancia-climatica-nos-tribunaisinternacionais-uma-visao-comparativa\/\" \/>\n<meta property=\"og:locale\" content=\"en_US\" \/>\n<meta property=\"og:type\" content=\"article\" \/>\n<meta property=\"og:title\" content=\"Litig\u00e2ncia Clim\u00e1tica Nos Tribunais Internacionais: Uma Vis\u00e3o Comparativa - Lisbon Public Law\" \/>\n<meta property=\"og:url\" content=\"https:\/\/lisbonpubliclaw.pt\/en\/eventos\/litigancia-climatica-nos-tribunaisinternacionais-uma-visao-comparativa\/\" \/>\n<meta property=\"og:site_name\" content=\"Lisbon Public Law\" \/>\n<meta property=\"article:modified_time\" content=\"2023-10-17T15:24:15+00:00\" \/>\n<meta name=\"twitter:card\" content=\"summary_large_image\" \/>\n<script type=\"application\/ld+json\" class=\"yoast-schema-graph\">{\"@context\":\"https:\\\/\\\/schema.org\",\"@graph\":[{\"@type\":\"WebPage\",\"@id\":\"https:\\\/\\\/lisbonpubliclaw.pt\\\/eventos\\\/litigancia-climatica-nos-tribunaisinternacionais-uma-visao-comparativa\\\/\",\"url\":\"https:\\\/\\\/lisbonpubliclaw.pt\\\/eventos\\\/litigancia-climatica-nos-tribunaisinternacionais-uma-visao-comparativa\\\/\",\"name\":\"Litig\u00e2ncia Clim\u00e1tica Nos Tribunais Internacionais: Uma Vis\u00e3o Comparativa - Lisbon Public Law\",\"isPartOf\":{\"@id\":\"https:\\\/\\\/lisbonpubliclaw.pt\\\/#website\"},\"datePublished\":\"2023-10-04T19:33:59+00:00\",\"dateModified\":\"2023-10-17T15:24:15+00:00\",\"breadcrumb\":{\"@id\":\"https:\\\/\\\/lisbonpubliclaw.pt\\\/eventos\\\/litigancia-climatica-nos-tribunaisinternacionais-uma-visao-comparativa\\\/#breadcrumb\"},\"inLanguage\":\"en-US\",\"potentialAction\":[{\"@type\":\"ReadAction\",\"target\":[\"https:\\\/\\\/lisbonpubliclaw.pt\\\/eventos\\\/litigancia-climatica-nos-tribunaisinternacionais-uma-visao-comparativa\\\/\"]}]},{\"@type\":\"BreadcrumbList\",\"@id\":\"https:\\\/\\\/lisbonpubliclaw.pt\\\/eventos\\\/litigancia-climatica-nos-tribunaisinternacionais-uma-visao-comparativa\\\/#breadcrumb\",\"itemListElement\":[{\"@type\":\"ListItem\",\"position\":1,\"name\":\"Home\",\"item\":\"https:\\\/\\\/lisbonpubliclaw.pt\\\/\"},{\"@type\":\"ListItem\",\"position\":2,\"name\":\"Eventos\",\"item\":\"https:\\\/\\\/lisbonpubliclaw.pt\\\/eventos\\\/\"},{\"@type\":\"ListItem\",\"position\":3,\"name\":\"Litig\u00e2ncia Clim\u00e1tica Nos Tribunais Internacionais: Uma Vis\u00e3o Comparativa\"}]},{\"@type\":\"WebSite\",\"@id\":\"https:\\\/\\\/lisbonpubliclaw.pt\\\/#website\",\"url\":\"https:\\\/\\\/lisbonpubliclaw.pt\\\/\",\"name\":\"Lisbon Public Law\",\"description\":\"Public Law Research Centre in Lisbon\",\"publisher\":{\"@id\":\"https:\\\/\\\/lisbonpubliclaw.pt\\\/#organization\"},\"potentialAction\":[{\"@type\":\"SearchAction\",\"target\":{\"@type\":\"EntryPoint\",\"urlTemplate\":\"https:\\\/\\\/lisbonpubliclaw.pt\\\/?s={search_term_string}\"},\"query-input\":{\"@type\":\"PropertyValueSpecification\",\"valueRequired\":true,\"valueName\":\"search_term_string\"}}],\"inLanguage\":\"en-US\"},{\"@type\":\"Organization\",\"@id\":\"https:\\\/\\\/lisbonpubliclaw.pt\\\/#organization\",\"name\":\"Lisbon Public Law\",\"url\":\"https:\\\/\\\/lisbonpubliclaw.pt\\\/\",\"logo\":{\"@type\":\"ImageObject\",\"inLanguage\":\"en-US\",\"@id\":\"https:\\\/\\\/lisbonpubliclaw.pt\\\/#\\\/schema\\\/logo\\\/image\\\/\",\"url\":\"https:\\\/\\\/lisbonpubliclaw.pt\\\/wp-content\\\/uploads\\\/2023\\\/06\\\/WhatsApp-Image-2023-06-19-at-11.01.50-1.jpeg\",\"contentUrl\":\"https:\\\/\\\/lisbonpubliclaw.pt\\\/wp-content\\\/uploads\\\/2023\\\/06\\\/WhatsApp-Image-2023-06-19-at-11.01.50-1.jpeg\",\"width\":354,\"height\":354,\"caption\":\"Lisbon Public Law\"},\"image\":{\"@id\":\"https:\\\/\\\/lisbonpubliclaw.pt\\\/#\\\/schema\\\/logo\\\/image\\\/\"}}]}<\/script>\n<!-- \/ Yoast SEO plugin. -->","yoast_head_json":{"title":"Litig\u00e2ncia Clim\u00e1tica Nos Tribunais Internacionais: Uma Vis\u00e3o Comparativa - Lisbon Public Law","robots":{"index":"index","follow":"follow","max-snippet":"max-snippet:-1","max-image-preview":"max-image-preview:large","max-video-preview":"max-video-preview:-1"},"canonical":"https:\/\/lisbonpubliclaw.pt\/en\/eventos\/litigancia-climatica-nos-tribunaisinternacionais-uma-visao-comparativa\/","og_locale":"en_US","og_type":"article","og_title":"Litig\u00e2ncia Clim\u00e1tica Nos Tribunais Internacionais: Uma Vis\u00e3o Comparativa - Lisbon Public Law","og_url":"https:\/\/lisbonpubliclaw.pt\/en\/eventos\/litigancia-climatica-nos-tribunaisinternacionais-uma-visao-comparativa\/","og_site_name":"Lisbon Public Law","article_modified_time":"2023-10-17T15:24:15+00:00","twitter_card":"summary_large_image","schema":{"@context":"https:\/\/schema.org","@graph":[{"@type":"WebPage","@id":"https:\/\/lisbonpubliclaw.pt\/eventos\/litigancia-climatica-nos-tribunaisinternacionais-uma-visao-comparativa\/","url":"https:\/\/lisbonpubliclaw.pt\/eventos\/litigancia-climatica-nos-tribunaisinternacionais-uma-visao-comparativa\/","name":"Litig\u00e2ncia Clim\u00e1tica Nos Tribunais Internacionais: Uma Vis\u00e3o Comparativa - Lisbon Public Law","isPartOf":{"@id":"https:\/\/lisbonpubliclaw.pt\/#website"},"datePublished":"2023-10-04T19:33:59+00:00","dateModified":"2023-10-17T15:24:15+00:00","breadcrumb":{"@id":"https:\/\/lisbonpubliclaw.pt\/eventos\/litigancia-climatica-nos-tribunaisinternacionais-uma-visao-comparativa\/#breadcrumb"},"inLanguage":"en-US","potentialAction":[{"@type":"ReadAction","target":["https:\/\/lisbonpubliclaw.pt\/eventos\/litigancia-climatica-nos-tribunaisinternacionais-uma-visao-comparativa\/"]}]},{"@type":"BreadcrumbList","@id":"https:\/\/lisbonpubliclaw.pt\/eventos\/litigancia-climatica-nos-tribunaisinternacionais-uma-visao-comparativa\/#breadcrumb","itemListElement":[{"@type":"ListItem","position":1,"name":"Home","item":"https:\/\/lisbonpubliclaw.pt\/"},{"@type":"ListItem","position":2,"name":"Eventos","item":"https:\/\/lisbonpubliclaw.pt\/eventos\/"},{"@type":"ListItem","position":3,"name":"Litig\u00e2ncia Clim\u00e1tica Nos Tribunais Internacionais: Uma Vis\u00e3o Comparativa"}]},{"@type":"WebSite","@id":"https:\/\/lisbonpubliclaw.pt\/#website","url":"https:\/\/lisbonpubliclaw.pt\/","name":"Lisbon Public Law","description":"Public Law Research Centre in Lisbon","publisher":{"@id":"https:\/\/lisbonpubliclaw.pt\/#organization"},"potentialAction":[{"@type":"SearchAction","target":{"@type":"EntryPoint","urlTemplate":"https:\/\/lisbonpubliclaw.pt\/?s={search_term_string}"},"query-input":{"@type":"PropertyValueSpecification","valueRequired":true,"valueName":"search_term_string"}}],"inLanguage":"en-US"},{"@type":"Organization","@id":"https:\/\/lisbonpubliclaw.pt\/#organization","name":"Lisbon Public Law","url":"https:\/\/lisbonpubliclaw.pt\/","logo":{"@type":"ImageObject","inLanguage":"en-US","@id":"https:\/\/lisbonpubliclaw.pt\/#\/schema\/logo\/image\/","url":"https:\/\/lisbonpubliclaw.pt\/wp-content\/uploads\/2023\/06\/WhatsApp-Image-2023-06-19-at-11.01.50-1.jpeg","contentUrl":"https:\/\/lisbonpubliclaw.pt\/wp-content\/uploads\/2023\/06\/WhatsApp-Image-2023-06-19-at-11.01.50-1.jpeg","width":354,"height":354,"caption":"Lisbon Public Law"},"image":{"@id":"https:\/\/lisbonpubliclaw.pt\/#\/schema\/logo\/image\/"}}]}},"_links":{"self":[{"href":"https:\/\/lisbonpubliclaw.pt\/en\/wp-json\/wp\/v2\/eventos\/4876","targetHints":{"allow":["GET"]}}],"collection":[{"href":"https:\/\/lisbonpubliclaw.pt\/en\/wp-json\/wp\/v2\/eventos"}],"about":[{"href":"https:\/\/lisbonpubliclaw.pt\/en\/wp-json\/wp\/v2\/types\/eventos"}],"wp:attachment":[{"href":"https:\/\/lisbonpubliclaw.pt\/en\/wp-json\/wp\/v2\/media?parent=4876"}],"wp:term":[{"taxonomy":"cluster","embeddable":true,"href":"https:\/\/lisbonpubliclaw.pt\/en\/wp-json\/wp\/v2\/cluster?post=4876"},{"taxonomy":"categoria-do-evento","embeddable":true,"href":"https:\/\/lisbonpubliclaw.pt\/en\/wp-json\/wp\/v2\/categoria-do-evento?post=4876"},{"taxonomy":"grupo-de-investigacao","embeddable":true,"href":"https:\/\/lisbonpubliclaw.pt\/en\/wp-json\/wp\/v2\/grupo-de-investigacao?post=4876"}],"curies":[{"name":"wp","href":"https:\/\/api.w.org\/{rel}","templated":true}]}}