{"id":2526,"date":"2023-06-23T15:09:06","date_gmt":"2023-06-23T15:09:06","guid":{"rendered":"https:\/\/lisbonpubliclaw.pt\/eventos\/xi-forum-juridico-de-lisboa\/"},"modified":"2025-08-21T17:23:08","modified_gmt":"2025-08-21T17:23:08","slug":"xi-forum-juridico-de-lisboa","status":"publish","type":"eventos","link":"https:\/\/lisbonpubliclaw.pt\/en\/eventos\/xi-forum-juridico-de-lisboa\/","title":{"rendered":"XI F\u00f3rum Jur\u00eddico de Lisboa"},"content":{"rendered":"","protected":false},"template":"","meta":{"imagem-do-evento":"https:\/\/lisbonpubliclaw.pt\/wp-content\/uploads\/2023\/06\/XI-e1755796935203.png","investigador-organizador":["1729"],"projeto-a-que-pertence":"","orador-do-evento":"","subtitulo-da-sessao":"Governance Digital","link-zoom":"","email-de-incricao":"","url-de-incricao":"https:\/\/www.idp.edu.br\/eventos\/xi-forum-juridico-lisboa\/","data-do-evento":1687737600,"hora-do-evento":"9.00 am","data-fim-do-evento":"2023-06-28","localizacao":"Faculdade de Direito ","descricao-do-evento":"<p class=\"paragraph-18\" style=\"text-align: justify;\">O F&oacute;rum Jur&iacute;dico de Lisboa chega &agrave; sua d&eacute;cima primeira edi&ccedil;&atilde;o em 2023.<\/p>\r\n<p class=\"paragraph-18\" style=\"text-align: justify;\">Organizado pelo Instituto Brasileiro de Ensino, Desenvolvimento e Pesquisa (IDP), pelo Instituto de Ci&ecirc;ncias Jur&iacute;dico-Pol&iacute;ticas da Faculdade de Direito da Universidade de Lisboa (ICJP), pelo Lisbon Public Law Research Centre e pelo Centro de Inova&ccedil;&atilde;o, Administra&ccedil;&atilde;o e Pesquisa do Judici&aacute;rio da FGV Conhecimento (CIAPJ\/FGV), o evento deste ano ocorre nos dias 26, 27 e 28 de junho, sob o mote principal &ldquo;Governan&ccedil;a e Constitucionalismo Digital&rdquo;.<\/p>\r\n<p class=\"paragraph-18\" style=\"text-align: justify;\"><br \/>Acad&eacute;micos, juristas, autoridades e representantes da sociedade civil organizada, do Brasil e da Europa, estar&atilde;o reunidos na Faculdade de Direito da Universidade de Lisboa (FDUL), em Lisboa, para dialogar sobre desafios, vis&otilde;es e diferentes aplica&ccedil;&otilde;es de tecnologias como fator estrat&eacute;gico de governan&ccedil;a para gerar conhecimento e inova&ccedil;&atilde;o, de modo a alcan&ccedil;ar melhorias na qualidade de vida da sociedade.<\/p>\r\n<p class=\"paragraph-18\" style=\"text-align: justify;\"><br \/>Saiba mais: www.forumjuridicodelisboa.com\/2023<\/p>","participacao":{"Aberto ao P\u00fablico":"true","Acesso Restrito":"false"},"imagem-cartaz":""},"cluster":[],"categoria-do-evento":[16],"grupo-de-investigacao":[10],"class_list":["post-2526","eventos","type-eventos","status-publish","has-post-thumbnail","hentry","categoria-do-evento-conferencia","grupo-de-investigacao-direito-constitucional-e-ciencia-politica"],"yoast_head":"<!-- This site is optimized with the Yoast SEO plugin v27.5 - https:\/\/yoast.com\/product\/yoast-seo-wordpress\/ -->\n<title>XI For\u00fam Jur\u00eddico de Lisboa<\/title>\n<meta name=\"description\" content=\"O F\u00f3rum Jur\u00eddico de Lisboa chega \u00e0 sua d\u00e9cima primeira edi\u00e7\u00e3o em 2023. Organizado pelo Instituto Brasileiro de Ensino, Desenvolvimento e Pesquisa (IDP), pelo Instituto de Ci\u00eancias Jur\u00eddico-Pol\u00edticas da Faculdade de Direito da Universidade de Lisboa (ICJP) e pelo Centro de Inova\u00e7\u00e3o, Administra\u00e7\u00e3o e Pesquisa do Judici\u00e1rio da FGV Conhecimento (CIAPJ\/FGV), o evento deste ano ocorre nos dias 26, 27 e 28 de junho, sob o mote principal \u201cGovernan\u00e7a e Constitucionalismo Digital\u201d.\" \/>\n<meta name=\"robots\" content=\"index, follow, max-snippet:-1, max-image-preview:large, max-video-preview:-1\" \/>\n<link rel=\"canonical\" href=\"https:\/\/lisbonpubliclaw.pt\/en\/eventos\/xi-forum-juridico-de-lisboa\/\" \/>\n<meta property=\"og:locale\" content=\"en_US\" \/>\n<meta property=\"og:type\" content=\"article\" \/>\n<meta property=\"og:title\" content=\"XI For\u00fam Jur\u00eddico de Lisboa\" \/>\n<meta property=\"og:description\" content=\"O F\u00f3rum Jur\u00eddico de Lisboa chega \u00e0 sua d\u00e9cima primeira edi\u00e7\u00e3o em 2023. Organizado pelo Instituto Brasileiro de Ensino, Desenvolvimento e Pesquisa (IDP), pelo Instituto de Ci\u00eancias Jur\u00eddico-Pol\u00edticas da Faculdade de Direito da Universidade de Lisboa (ICJP), pelo Lisbon Public Law Research Centre e pelo Centro de Inova\u00e7\u00e3o, Administra\u00e7\u00e3o e Pesquisa do Judici\u00e1rio da FGV Conhecimento (CIAPJ\/FGV), o evento deste ano ocorre nos dias 26, 27 e 28 de junho, sob o mote principal \u201cGovernan\u00e7a e Constitucionalismo Digital\u201d. Acad\u00e9micos, juristas, autoridades e representantes da sociedade civil organizada, do Brasil e da Europa, estar\u00e3o reunidos na Faculdade de Direito da Universidade de Lisboa (FDUL), em Lisboa, para dialogar sobre desafios, vis\u00f5es e diferentes aplica\u00e7\u00f5es de tecnologias como fator estrat\u00e9gico de governan\u00e7a para gerar conhecimento e inova\u00e7\u00e3o, de modo a alcan\u00e7ar melhorias na qualidade de vida da sociedade. Saiba mais: www.forumjuridicodelisboa.com\/2023\" \/>\n<meta property=\"og:url\" content=\"https:\/\/lisbonpubliclaw.pt\/en\/eventos\/xi-forum-juridico-de-lisboa\/\" \/>\n<meta property=\"og:site_name\" content=\"Lisbon Public Law\" \/>\n<meta property=\"article:modified_time\" content=\"2025-08-21T17:23:08+00:00\" \/>\n<meta property=\"og:image\" content=\"https:\/\/lisbonpubliclaw.pt\/wp-content\/uploads\/2023\/06\/2.forum_.png\" \/>\n\t<meta property=\"og:image:width\" content=\"540\" \/>\n\t<meta property=\"og:image:height\" content=\"540\" \/>\n\t<meta property=\"og:image:type\" content=\"image\/png\" \/>\n<meta name=\"twitter:card\" content=\"summary_large_image\" \/>\n<meta name=\"twitter:title\" content=\"XI For\u00fam Jur\u00eddico de Lisboa\" \/>\n<meta name=\"twitter:description\" content=\"O F\u00f3rum Jur\u00eddico de Lisboa chega \u00e0 sua d\u00e9cima primeira edi\u00e7\u00e3o em 2023. Organizado pelo Instituto Brasileiro de Ensino, Desenvolvimento e Pesquisa (IDP), pelo Instituto de Ci\u00eancias Jur\u00eddico-Pol\u00edticas da Faculdade de Direito da Universidade de Lisboa (ICJP), pelo Lisbon Public Law Research Centre e pelo Centro de Inova\u00e7\u00e3o, Administra\u00e7\u00e3o e Pesquisa do Judici\u00e1rio da FGV Conhecimento (CIAPJ\/FGV), o evento deste ano ocorre nos dias 26, 27 e 28 de junho, sob o mote principal \u201cGovernan\u00e7a e Constitucionalismo Digital\u201d. Acad\u00e9micos, juristas, autoridades e representantes da sociedade civil organizada, do Brasil e da Europa, estar\u00e3o reunidos na Faculdade de Direito da Universidade de Lisboa (FDUL), em Lisboa, para dialogar sobre desafios, vis\u00f5es e diferentes aplica\u00e7\u00f5es de tecnologias como fator estrat\u00e9gico de governan\u00e7a para gerar conhecimento e inova\u00e7\u00e3o, de modo a alcan\u00e7ar melhorias na qualidade de vida da sociedade. Saiba mais: www.forumjuridicodelisboa.com\/2023\" \/>\n<meta name=\"twitter:image\" content=\"https:\/\/lisbonpubliclaw.pt\/wp-content\/uploads\/2023\/06\/2.forum_.png\" \/>\n<script type=\"application\/ld+json\" class=\"yoast-schema-graph\">{\"@context\":\"https:\\\/\\\/schema.org\",\"@graph\":[{\"@type\":\"WebPage\",\"@id\":\"https:\\\/\\\/lisbonpubliclaw.pt\\\/eventos\\\/xi-forum-juridico-de-lisboa\\\/\",\"url\":\"https:\\\/\\\/lisbonpubliclaw.pt\\\/eventos\\\/xi-forum-juridico-de-lisboa\\\/\",\"name\":\"XI For\u00fam Jur\u00eddico de Lisboa\",\"isPartOf\":{\"@id\":\"https:\\\/\\\/lisbonpubliclaw.pt\\\/#website\"},\"primaryImageOfPage\":{\"@id\":\"https:\\\/\\\/lisbonpubliclaw.pt\\\/eventos\\\/xi-forum-juridico-de-lisboa\\\/#primaryimage\"},\"image\":{\"@id\":\"https:\\\/\\\/lisbonpubliclaw.pt\\\/eventos\\\/xi-forum-juridico-de-lisboa\\\/#primaryimage\"},\"thumbnailUrl\":\"https:\\\/\\\/lisbonpubliclaw.pt\\\/wp-content\\\/uploads\\\/2023\\\/06\\\/2.forum_.png\",\"datePublished\":\"2023-06-23T15:09:06+00:00\",\"dateModified\":\"2025-08-21T17:23:08+00:00\",\"description\":\"O F\u00f3rum Jur\u00eddico de Lisboa chega \u00e0 sua d\u00e9cima primeira edi\u00e7\u00e3o em 2023. Organizado pelo Instituto Brasileiro de Ensino, Desenvolvimento e Pesquisa (IDP), pelo Instituto de Ci\u00eancias Jur\u00eddico-Pol\u00edticas da Faculdade de Direito da Universidade de Lisboa (ICJP) e pelo Centro de Inova\u00e7\u00e3o, Administra\u00e7\u00e3o e Pesquisa do Judici\u00e1rio da FGV Conhecimento (CIAPJ\\\/FGV), o evento deste ano ocorre nos dias 26, 27 e 28 de junho, sob o mote principal \u201cGovernan\u00e7a e Constitucionalismo Digital\u201d.\",\"breadcrumb\":{\"@id\":\"https:\\\/\\\/lisbonpubliclaw.pt\\\/eventos\\\/xi-forum-juridico-de-lisboa\\\/#breadcrumb\"},\"inLanguage\":\"en-US\",\"potentialAction\":[{\"@type\":\"ReadAction\",\"target\":[\"https:\\\/\\\/lisbonpubliclaw.pt\\\/eventos\\\/xi-forum-juridico-de-lisboa\\\/\"]}]},{\"@type\":\"ImageObject\",\"inLanguage\":\"en-US\",\"@id\":\"https:\\\/\\\/lisbonpubliclaw.pt\\\/eventos\\\/xi-forum-juridico-de-lisboa\\\/#primaryimage\",\"url\":\"https:\\\/\\\/lisbonpubliclaw.pt\\\/wp-content\\\/uploads\\\/2023\\\/06\\\/2.forum_.png\",\"contentUrl\":\"https:\\\/\\\/lisbonpubliclaw.pt\\\/wp-content\\\/uploads\\\/2023\\\/06\\\/2.forum_.png\",\"width\":540,\"height\":540},{\"@type\":\"BreadcrumbList\",\"@id\":\"https:\\\/\\\/lisbonpubliclaw.pt\\\/eventos\\\/xi-forum-juridico-de-lisboa\\\/#breadcrumb\",\"itemListElement\":[{\"@type\":\"ListItem\",\"position\":1,\"name\":\"Home\",\"item\":\"https:\\\/\\\/lisbonpubliclaw.pt\\\/\"},{\"@type\":\"ListItem\",\"position\":2,\"name\":\"Eventos\",\"item\":\"https:\\\/\\\/lisbonpubliclaw.pt\\\/eventos\\\/\"},{\"@type\":\"ListItem\",\"position\":3,\"name\":\"XI F\u00f3rum Jur\u00eddico de Lisboa\"}]},{\"@type\":\"WebSite\",\"@id\":\"https:\\\/\\\/lisbonpubliclaw.pt\\\/#website\",\"url\":\"https:\\\/\\\/lisbonpubliclaw.pt\\\/\",\"name\":\"Lisbon Public Law\",\"description\":\"Public Law Research Centre in Lisbon\",\"publisher\":{\"@id\":\"https:\\\/\\\/lisbonpubliclaw.pt\\\/#organization\"},\"potentialAction\":[{\"@type\":\"SearchAction\",\"target\":{\"@type\":\"EntryPoint\",\"urlTemplate\":\"https:\\\/\\\/lisbonpubliclaw.pt\\\/?s={search_term_string}\"},\"query-input\":{\"@type\":\"PropertyValueSpecification\",\"valueRequired\":true,\"valueName\":\"search_term_string\"}}],\"inLanguage\":\"en-US\"},{\"@type\":\"Organization\",\"@id\":\"https:\\\/\\\/lisbonpubliclaw.pt\\\/#organization\",\"name\":\"Lisbon Public Law\",\"url\":\"https:\\\/\\\/lisbonpubliclaw.pt\\\/\",\"logo\":{\"@type\":\"ImageObject\",\"inLanguage\":\"en-US\",\"@id\":\"https:\\\/\\\/lisbonpubliclaw.pt\\\/#\\\/schema\\\/logo\\\/image\\\/\",\"url\":\"https:\\\/\\\/lisbonpubliclaw.pt\\\/wp-content\\\/uploads\\\/2023\\\/06\\\/WhatsApp-Image-2023-06-19-at-11.01.50-1.jpeg\",\"contentUrl\":\"https:\\\/\\\/lisbonpubliclaw.pt\\\/wp-content\\\/uploads\\\/2023\\\/06\\\/WhatsApp-Image-2023-06-19-at-11.01.50-1.jpeg\",\"width\":354,\"height\":354,\"caption\":\"Lisbon Public Law\"},\"image\":{\"@id\":\"https:\\\/\\\/lisbonpubliclaw.pt\\\/#\\\/schema\\\/logo\\\/image\\\/\"}}]}<\/script>\n<!-- \/ Yoast SEO plugin. -->","yoast_head_json":{"title":"XI Lisbon Legal Forum","description":"O F\u00f3rum Jur\u00eddico de Lisboa chega \u00e0 sua d\u00e9cima primeira edi\u00e7\u00e3o em 2023. Organizado pelo Instituto Brasileiro de Ensino, Desenvolvimento e Pesquisa (IDP), pelo Instituto de Ci\u00eancias Jur\u00eddico-Pol\u00edticas da Faculdade de Direito da Universidade de Lisboa (ICJP) e pelo Centro de Inova\u00e7\u00e3o, Administra\u00e7\u00e3o e Pesquisa do Judici\u00e1rio da FGV Conhecimento (CIAPJ\/FGV), o evento deste ano ocorre nos dias 26, 27 e 28 de junho, sob o mote principal \u201cGovernan\u00e7a e Constitucionalismo Digital\u201d.","robots":{"index":"index","follow":"follow","max-snippet":"max-snippet:-1","max-image-preview":"max-image-preview:large","max-video-preview":"max-video-preview:-1"},"canonical":"https:\/\/lisbonpubliclaw.pt\/en\/eventos\/xi-forum-juridico-de-lisboa\/","og_locale":"en_US","og_type":"article","og_title":"XI For\u00fam Jur\u00eddico de Lisboa","og_description":"O F\u00f3rum Jur\u00eddico de Lisboa chega \u00e0 sua d\u00e9cima primeira edi\u00e7\u00e3o em 2023. Organizado pelo Instituto Brasileiro de Ensino, Desenvolvimento e Pesquisa (IDP), pelo Instituto de Ci\u00eancias Jur\u00eddico-Pol\u00edticas da Faculdade de Direito da Universidade de Lisboa (ICJP), pelo Lisbon Public Law Research Centre e pelo Centro de Inova\u00e7\u00e3o, Administra\u00e7\u00e3o e Pesquisa do Judici\u00e1rio da FGV Conhecimento (CIAPJ\/FGV), o evento deste ano ocorre nos dias 26, 27 e 28 de junho, sob o mote principal \u201cGovernan\u00e7a e Constitucionalismo Digital\u201d. Acad\u00e9micos, juristas, autoridades e representantes da sociedade civil organizada, do Brasil e da Europa, estar\u00e3o reunidos na Faculdade de Direito da Universidade de Lisboa (FDUL), em Lisboa, para dialogar sobre desafios, vis\u00f5es e diferentes aplica\u00e7\u00f5es de tecnologias como fator estrat\u00e9gico de governan\u00e7a para gerar conhecimento e inova\u00e7\u00e3o, de modo a alcan\u00e7ar melhorias na qualidade de vida da sociedade. Saiba mais: www.forumjuridicodelisboa.com\/2023","og_url":"https:\/\/lisbonpubliclaw.pt\/en\/eventos\/xi-forum-juridico-de-lisboa\/","og_site_name":"Lisbon Public Law","article_modified_time":"2025-08-21T17:23:08+00:00","og_image":[{"width":540,"height":540,"url":"https:\/\/lisbonpubliclaw.pt\/wp-content\/uploads\/2023\/06\/2.forum_.png","type":"image\/png"}],"twitter_card":"summary_large_image","twitter_title":"XI For\u00fam Jur\u00eddico de Lisboa","twitter_description":"O F\u00f3rum Jur\u00eddico de Lisboa chega \u00e0 sua d\u00e9cima primeira edi\u00e7\u00e3o em 2023. Organizado pelo Instituto Brasileiro de Ensino, Desenvolvimento e Pesquisa (IDP), pelo Instituto de Ci\u00eancias Jur\u00eddico-Pol\u00edticas da Faculdade de Direito da Universidade de Lisboa (ICJP), pelo Lisbon Public Law Research Centre e pelo Centro de Inova\u00e7\u00e3o, Administra\u00e7\u00e3o e Pesquisa do Judici\u00e1rio da FGV Conhecimento (CIAPJ\/FGV), o evento deste ano ocorre nos dias 26, 27 e 28 de junho, sob o mote principal \u201cGovernan\u00e7a e Constitucionalismo Digital\u201d. Acad\u00e9micos, juristas, autoridades e representantes da sociedade civil organizada, do Brasil e da Europa, estar\u00e3o reunidos na Faculdade de Direito da Universidade de Lisboa (FDUL), em Lisboa, para dialogar sobre desafios, vis\u00f5es e diferentes aplica\u00e7\u00f5es de tecnologias como fator estrat\u00e9gico de governan\u00e7a para gerar conhecimento e inova\u00e7\u00e3o, de modo a alcan\u00e7ar melhorias na qualidade de vida da sociedade. Saiba mais: www.forumjuridicodelisboa.com\/2023","twitter_image":"https:\/\/lisbonpubliclaw.pt\/wp-content\/uploads\/2023\/06\/2.forum_.png","schema":{"@context":"https:\/\/schema.org","@graph":[{"@type":"WebPage","@id":"https:\/\/lisbonpubliclaw.pt\/eventos\/xi-forum-juridico-de-lisboa\/","url":"https:\/\/lisbonpubliclaw.pt\/eventos\/xi-forum-juridico-de-lisboa\/","name":"XI Lisbon Legal Forum","isPartOf":{"@id":"https:\/\/lisbonpubliclaw.pt\/#website"},"primaryImageOfPage":{"@id":"https:\/\/lisbonpubliclaw.pt\/eventos\/xi-forum-juridico-de-lisboa\/#primaryimage"},"image":{"@id":"https:\/\/lisbonpubliclaw.pt\/eventos\/xi-forum-juridico-de-lisboa\/#primaryimage"},"thumbnailUrl":"https:\/\/lisbonpubliclaw.pt\/wp-content\/uploads\/2023\/06\/2.forum_.png","datePublished":"2023-06-23T15:09:06+00:00","dateModified":"2025-08-21T17:23:08+00:00","description":"O F\u00f3rum Jur\u00eddico de Lisboa chega \u00e0 sua d\u00e9cima primeira edi\u00e7\u00e3o em 2023. Organizado pelo Instituto Brasileiro de Ensino, Desenvolvimento e Pesquisa (IDP), pelo Instituto de Ci\u00eancias Jur\u00eddico-Pol\u00edticas da Faculdade de Direito da Universidade de Lisboa (ICJP) e pelo Centro de Inova\u00e7\u00e3o, Administra\u00e7\u00e3o e Pesquisa do Judici\u00e1rio da FGV Conhecimento (CIAPJ\/FGV), o evento deste ano ocorre nos dias 26, 27 e 28 de junho, sob o mote principal \u201cGovernan\u00e7a e Constitucionalismo Digital\u201d.","breadcrumb":{"@id":"https:\/\/lisbonpubliclaw.pt\/eventos\/xi-forum-juridico-de-lisboa\/#breadcrumb"},"inLanguage":"en-US","potentialAction":[{"@type":"ReadAction","target":["https:\/\/lisbonpubliclaw.pt\/eventos\/xi-forum-juridico-de-lisboa\/"]}]},{"@type":"ImageObject","inLanguage":"en-US","@id":"https:\/\/lisbonpubliclaw.pt\/eventos\/xi-forum-juridico-de-lisboa\/#primaryimage","url":"https:\/\/lisbonpubliclaw.pt\/wp-content\/uploads\/2023\/06\/2.forum_.png","contentUrl":"https:\/\/lisbonpubliclaw.pt\/wp-content\/uploads\/2023\/06\/2.forum_.png","width":540,"height":540},{"@type":"BreadcrumbList","@id":"https:\/\/lisbonpubliclaw.pt\/eventos\/xi-forum-juridico-de-lisboa\/#breadcrumb","itemListElement":[{"@type":"ListItem","position":1,"name":"Home","item":"https:\/\/lisbonpubliclaw.pt\/"},{"@type":"ListItem","position":2,"name":"Eventos","item":"https:\/\/lisbonpubliclaw.pt\/eventos\/"},{"@type":"ListItem","position":3,"name":"XI F\u00f3rum Jur\u00eddico de Lisboa"}]},{"@type":"WebSite","@id":"https:\/\/lisbonpubliclaw.pt\/#website","url":"https:\/\/lisbonpubliclaw.pt\/","name":"Lisbon Public Law","description":"Public Law Research Centre in Lisbon","publisher":{"@id":"https:\/\/lisbonpubliclaw.pt\/#organization"},"potentialAction":[{"@type":"SearchAction","target":{"@type":"EntryPoint","urlTemplate":"https:\/\/lisbonpubliclaw.pt\/?s={search_term_string}"},"query-input":{"@type":"PropertyValueSpecification","valueRequired":true,"valueName":"search_term_string"}}],"inLanguage":"en-US"},{"@type":"Organization","@id":"https:\/\/lisbonpubliclaw.pt\/#organization","name":"Lisbon Public Law","url":"https:\/\/lisbonpubliclaw.pt\/","logo":{"@type":"ImageObject","inLanguage":"en-US","@id":"https:\/\/lisbonpubliclaw.pt\/#\/schema\/logo\/image\/","url":"https:\/\/lisbonpubliclaw.pt\/wp-content\/uploads\/2023\/06\/WhatsApp-Image-2023-06-19-at-11.01.50-1.jpeg","contentUrl":"https:\/\/lisbonpubliclaw.pt\/wp-content\/uploads\/2023\/06\/WhatsApp-Image-2023-06-19-at-11.01.50-1.jpeg","width":354,"height":354,"caption":"Lisbon Public Law"},"image":{"@id":"https:\/\/lisbonpubliclaw.pt\/#\/schema\/logo\/image\/"}}]}},"_links":{"self":[{"href":"https:\/\/lisbonpubliclaw.pt\/en\/wp-json\/wp\/v2\/eventos\/2526","targetHints":{"allow":["GET"]}}],"collection":[{"href":"https:\/\/lisbonpubliclaw.pt\/en\/wp-json\/wp\/v2\/eventos"}],"about":[{"href":"https:\/\/lisbonpubliclaw.pt\/en\/wp-json\/wp\/v2\/types\/eventos"}],"wp:featuredmedia":[{"embeddable":true,"href":"https:\/\/lisbonpubliclaw.pt\/en\/wp-json\/wp\/v2\/media\/2327"}],"wp:attachment":[{"href":"https:\/\/lisbonpubliclaw.pt\/en\/wp-json\/wp\/v2\/media?parent=2526"}],"wp:term":[{"taxonomy":"cluster","embeddable":true,"href":"https:\/\/lisbonpubliclaw.pt\/en\/wp-json\/wp\/v2\/cluster?post=2526"},{"taxonomy":"categoria-do-evento","embeddable":true,"href":"https:\/\/lisbonpubliclaw.pt\/en\/wp-json\/wp\/v2\/categoria-do-evento?post=2526"},{"taxonomy":"grupo-de-investigacao","embeddable":true,"href":"https:\/\/lisbonpubliclaw.pt\/en\/wp-json\/wp\/v2\/grupo-de-investigacao?post=2526"}],"curies":[{"name":"wp","href":"https:\/\/api.w.org\/{rel}","templated":true}]}}