{"id":10785,"date":"2025-08-21T17:13:24","date_gmt":"2025-08-21T17:13:24","guid":{"rendered":"https:\/\/lisbonpubliclaw.pt\/?post_type=eventos&#038;p=10785"},"modified":"2025-08-21T17:25:11","modified_gmt":"2025-08-21T17:25:11","slug":"xii-forum-de-lisboa","status":"publish","type":"eventos","link":"https:\/\/lisbonpubliclaw.pt\/en\/eventos\/xii-forum-de-lisboa\/","title":{"rendered":"XII F\u00f3rum de Lisboa"},"content":{"rendered":"","protected":false},"template":"","meta":{"imagem-do-evento":"https:\/\/lisbonpubliclaw.pt\/wp-content\/uploads\/2023\/06\/XII-e1755797095298.png","investigador-organizador":["1729"],"projeto-a-que-pertence":"","orador-do-evento":"","subtitulo-da-sessao":"Avan\u00e7os E Recuos Da Globaliza\u00e7\u00e3o E As Novas Fronteiras: Transforma\u00e7\u00f5es Jur\u00eddicas, Pol\u00edticas, Econ\u00f4micas, Socioambientais E Digitais","link-zoom":"","email-de-incricao":"","url-de-incricao":"","data-do-evento":1719360000,"hora-do-evento":"08:00","data-fim-do-evento":"2024-06-28","localizacao":"FDUL e Aula Magna ","descricao-do-evento":"<p class=\"paragraph-18\" style=\"text-align: justify;\">O F\u00f3rum Jur\u00eddico de Lisboa chega \u00e0 sua d\u00e9cima segunda edi\u00e7\u00e3o em 2024. Organizado pelo Instituto Brasileiro de Ensino, Desenvolvimento e Pesquisa (IDP), pelo Lisbon Public Law Research Centre (LPL) da Faculdade de Direito da Universidade de Lisboa e pelo Centro de Inova\u00e7\u00e3o, Administra\u00e7\u00e3o e Pesquisa do Judici\u00e1rio - FGV Justi\u00e7a (FGV), o evento deste ano ocorrer\u00e1 nos dias 26, 27 e 28 de junho e ter\u00e1 o tema \u201cAvan\u00e7os e recuos da globaliza\u00e7\u00e3o e as novas fronteiras: transforma\u00e7\u00f5es jur\u00eddicas, pol\u00edticas, econ\u00f4micas, socioambientais e digitais\u201d.<\/p>\r\n<p class=\"paragraph-18\" style=\"text-align: justify;\">Acad\u00eamicos, gestores, especialistas, autoridades e representantes da sociedade civil organizada, do Brasil e da Europa, estar\u00e3o reunidos na Faculdade de Direito da Universidade de Lisboa (FDUL), em Portugal, para dialogar sobre como a globaliza\u00e7\u00e3o tem impactado as rela\u00e7\u00f5es entre Estados, institui\u00e7\u00f5es, empresas e povos.<\/p>\r\n<p class=\"paragraph-18\" style=\"text-align: justify;\">O F\u00f3rum ocorre anualmente com o intuito de debater quest\u00f5es que desafiam o Estado contempor\u00e2neo. Em sua d\u00e9cima segunda edi\u00e7\u00e3o, ser\u00e1 abordado um panorama sobre como a globaliza\u00e7\u00e3o tem sido fomentada ou desestimulada em alguns campos, os motivos para isso e os impactos no Brasil e na Europa. Com tem\u00e1ticas transversais, busca-se maior compreens\u00e3o sobre os desafios que se colocam no mundo atual, como meio ambiente, seguran\u00e7a, sa\u00fade, imigra\u00e7\u00e3o.<\/p>","participacao":{"Aberto ao P\u00fablico":"false","Acesso Restrito":"true"},"imagem-cartaz":""},"cluster":[],"categoria-do-evento":[16],"grupo-de-investigacao":[10],"class_list":["post-10785","eventos","type-eventos","status-publish","hentry","categoria-do-evento-conferencia","grupo-de-investigacao-direito-constitucional-e-ciencia-politica"],"yoast_head":"<!-- This site is optimized with the Yoast SEO plugin v27.5 - https:\/\/yoast.com\/product\/yoast-seo-wordpress\/ -->\n<title>XII F\u00f3rum de Lisboa - Lisbon Public Law<\/title>\n<meta name=\"description\" content=\"O F\u00f3rum Jur\u00eddico de Lisboa chega \u00e0 sua d\u00e9cima segunda edi\u00e7\u00e3o em 2024. Organizado pelo Instituto Brasileiro de Ensino, Desenvolvimento e Pesquisa (IDP), pelo Lisbon Public Law Research Centre (LPL) da Faculdade de Direito da Universidade de Lisboa e pelo Centro de Inova\u00e7\u00e3o, Administra\u00e7\u00e3o e Pesquisa do Judici\u00e1rio - FGV Justi\u00e7a (FGV), o evento deste ano ocorrer\u00e1 nos dias 26, 27 e 28 de junho e ter\u00e1 o tema \u201cAvan\u00e7os e recuos da globaliza\u00e7\u00e3o e as novas fronteiras: transforma\u00e7\u00f5es jur\u00eddicas, pol\u00edticas, econ\u00f4micas, socioambientais e digitais\u201d.\" \/>\n<meta name=\"robots\" content=\"index, follow, max-snippet:-1, max-image-preview:large, max-video-preview:-1\" \/>\n<link rel=\"canonical\" href=\"https:\/\/lisbonpubliclaw.pt\/en\/eventos\/xii-forum-de-lisboa\/\" \/>\n<meta property=\"og:locale\" content=\"en_US\" \/>\n<meta property=\"og:type\" content=\"article\" \/>\n<meta property=\"og:title\" content=\"XII F\u00f3rum de Lisboa - Lisbon Public Law\" \/>\n<meta property=\"og:description\" content=\"O F\u00f3rum Jur\u00eddico de Lisboa chega \u00e0 sua d\u00e9cima segunda edi\u00e7\u00e3o em 2024. Organizado pelo Instituto Brasileiro de Ensino, Desenvolvimento e Pesquisa (IDP), pelo Lisbon Public Law Research Centre (LPL) da Faculdade de Direito da Universidade de Lisboa e pelo Centro de Inova\u00e7\u00e3o, Administra\u00e7\u00e3o e Pesquisa do Judici\u00e1rio - FGV Justi\u00e7a (FGV), o evento deste ano ocorrer\u00e1 nos dias 26, 27 e 28 de junho e ter\u00e1 o tema \u201cAvan\u00e7os e recuos da globaliza\u00e7\u00e3o e as novas fronteiras: transforma\u00e7\u00f5es jur\u00eddicas, pol\u00edticas, econ\u00f4micas, socioambientais e digitais\u201d.\" \/>\n<meta property=\"og:url\" content=\"https:\/\/lisbonpubliclaw.pt\/en\/eventos\/xii-forum-de-lisboa\/\" \/>\n<meta property=\"og:site_name\" content=\"Lisbon Public Law\" \/>\n<meta property=\"article:modified_time\" content=\"2025-08-21T17:25:11+00:00\" \/>\n<meta name=\"twitter:card\" content=\"summary_large_image\" \/>\n<script type=\"application\/ld+json\" class=\"yoast-schema-graph\">{\"@context\":\"https:\\\/\\\/schema.org\",\"@graph\":[{\"@type\":\"WebPage\",\"@id\":\"https:\\\/\\\/lisbonpubliclaw.pt\\\/eventos\\\/xii-forum-de-lisboa\\\/\",\"url\":\"https:\\\/\\\/lisbonpubliclaw.pt\\\/eventos\\\/xii-forum-de-lisboa\\\/\",\"name\":\"XII F\u00f3rum de Lisboa - Lisbon Public Law\",\"isPartOf\":{\"@id\":\"https:\\\/\\\/lisbonpubliclaw.pt\\\/#website\"},\"datePublished\":\"2025-08-21T17:13:24+00:00\",\"dateModified\":\"2025-08-21T17:25:11+00:00\",\"description\":\"O F\u00f3rum Jur\u00eddico de Lisboa chega \u00e0 sua d\u00e9cima segunda edi\u00e7\u00e3o em 2024. Organizado pelo Instituto Brasileiro de Ensino, Desenvolvimento e Pesquisa (IDP), pelo Lisbon Public Law Research Centre (LPL) da Faculdade de Direito da Universidade de Lisboa e pelo Centro de Inova\u00e7\u00e3o, Administra\u00e7\u00e3o e Pesquisa do Judici\u00e1rio - FGV Justi\u00e7a (FGV), o evento deste ano ocorrer\u00e1 nos dias 26, 27 e 28 de junho e ter\u00e1 o tema \u201cAvan\u00e7os e recuos da globaliza\u00e7\u00e3o e as novas fronteiras: transforma\u00e7\u00f5es jur\u00eddicas, pol\u00edticas, econ\u00f4micas, socioambientais e digitais\u201d.\",\"breadcrumb\":{\"@id\":\"https:\\\/\\\/lisbonpubliclaw.pt\\\/eventos\\\/xii-forum-de-lisboa\\\/#breadcrumb\"},\"inLanguage\":\"en-US\",\"potentialAction\":[{\"@type\":\"ReadAction\",\"target\":[\"https:\\\/\\\/lisbonpubliclaw.pt\\\/eventos\\\/xii-forum-de-lisboa\\\/\"]}]},{\"@type\":\"BreadcrumbList\",\"@id\":\"https:\\\/\\\/lisbonpubliclaw.pt\\\/eventos\\\/xii-forum-de-lisboa\\\/#breadcrumb\",\"itemListElement\":[{\"@type\":\"ListItem\",\"position\":1,\"name\":\"Home\",\"item\":\"https:\\\/\\\/lisbonpubliclaw.pt\\\/\"},{\"@type\":\"ListItem\",\"position\":2,\"name\":\"Eventos\",\"item\":\"https:\\\/\\\/lisbonpubliclaw.pt\\\/eventos\\\/\"},{\"@type\":\"ListItem\",\"position\":3,\"name\":\"XII F\u00f3rum de Lisboa\"}]},{\"@type\":\"WebSite\",\"@id\":\"https:\\\/\\\/lisbonpubliclaw.pt\\\/#website\",\"url\":\"https:\\\/\\\/lisbonpubliclaw.pt\\\/\",\"name\":\"Lisbon Public Law\",\"description\":\"Public Law Research Centre in Lisbon\",\"publisher\":{\"@id\":\"https:\\\/\\\/lisbonpubliclaw.pt\\\/#organization\"},\"potentialAction\":[{\"@type\":\"SearchAction\",\"target\":{\"@type\":\"EntryPoint\",\"urlTemplate\":\"https:\\\/\\\/lisbonpubliclaw.pt\\\/?s={search_term_string}\"},\"query-input\":{\"@type\":\"PropertyValueSpecification\",\"valueRequired\":true,\"valueName\":\"search_term_string\"}}],\"inLanguage\":\"en-US\"},{\"@type\":\"Organization\",\"@id\":\"https:\\\/\\\/lisbonpubliclaw.pt\\\/#organization\",\"name\":\"Lisbon Public Law\",\"url\":\"https:\\\/\\\/lisbonpubliclaw.pt\\\/\",\"logo\":{\"@type\":\"ImageObject\",\"inLanguage\":\"en-US\",\"@id\":\"https:\\\/\\\/lisbonpubliclaw.pt\\\/#\\\/schema\\\/logo\\\/image\\\/\",\"url\":\"https:\\\/\\\/lisbonpubliclaw.pt\\\/wp-content\\\/uploads\\\/2023\\\/06\\\/WhatsApp-Image-2023-06-19-at-11.01.50-1.jpeg\",\"contentUrl\":\"https:\\\/\\\/lisbonpubliclaw.pt\\\/wp-content\\\/uploads\\\/2023\\\/06\\\/WhatsApp-Image-2023-06-19-at-11.01.50-1.jpeg\",\"width\":354,\"height\":354,\"caption\":\"Lisbon Public Law\"},\"image\":{\"@id\":\"https:\\\/\\\/lisbonpubliclaw.pt\\\/#\\\/schema\\\/logo\\\/image\\\/\"}}]}<\/script>\n<!-- \/ Yoast SEO plugin. -->","yoast_head_json":{"title":"XII F\u00f3rum de Lisboa - Lisbon Public Law","description":"O F\u00f3rum Jur\u00eddico de Lisboa chega \u00e0 sua d\u00e9cima segunda edi\u00e7\u00e3o em 2024. Organizado pelo Instituto Brasileiro de Ensino, Desenvolvimento e Pesquisa (IDP), pelo Lisbon Public Law Research Centre (LPL) da Faculdade de Direito da Universidade de Lisboa e pelo Centro de Inova\u00e7\u00e3o, Administra\u00e7\u00e3o e Pesquisa do Judici\u00e1rio - FGV Justi\u00e7a (FGV), o evento deste ano ocorrer\u00e1 nos dias 26, 27 e 28 de junho e ter\u00e1 o tema \u201cAvan\u00e7os e recuos da globaliza\u00e7\u00e3o e as novas fronteiras: transforma\u00e7\u00f5es jur\u00eddicas, pol\u00edticas, econ\u00f4micas, socioambientais e digitais\u201d.","robots":{"index":"index","follow":"follow","max-snippet":"max-snippet:-1","max-image-preview":"max-image-preview:large","max-video-preview":"max-video-preview:-1"},"canonical":"https:\/\/lisbonpubliclaw.pt\/en\/eventos\/xii-forum-de-lisboa\/","og_locale":"en_US","og_type":"article","og_title":"XII F\u00f3rum de Lisboa - Lisbon Public Law","og_description":"O F\u00f3rum Jur\u00eddico de Lisboa chega \u00e0 sua d\u00e9cima segunda edi\u00e7\u00e3o em 2024. Organizado pelo Instituto Brasileiro de Ensino, Desenvolvimento e Pesquisa (IDP), pelo Lisbon Public Law Research Centre (LPL) da Faculdade de Direito da Universidade de Lisboa e pelo Centro de Inova\u00e7\u00e3o, Administra\u00e7\u00e3o e Pesquisa do Judici\u00e1rio - FGV Justi\u00e7a (FGV), o evento deste ano ocorrer\u00e1 nos dias 26, 27 e 28 de junho e ter\u00e1 o tema \u201cAvan\u00e7os e recuos da globaliza\u00e7\u00e3o e as novas fronteiras: transforma\u00e7\u00f5es jur\u00eddicas, pol\u00edticas, econ\u00f4micas, socioambientais e digitais\u201d.","og_url":"https:\/\/lisbonpubliclaw.pt\/en\/eventos\/xii-forum-de-lisboa\/","og_site_name":"Lisbon Public Law","article_modified_time":"2025-08-21T17:25:11+00:00","twitter_card":"summary_large_image","schema":{"@context":"https:\/\/schema.org","@graph":[{"@type":"WebPage","@id":"https:\/\/lisbonpubliclaw.pt\/eventos\/xii-forum-de-lisboa\/","url":"https:\/\/lisbonpubliclaw.pt\/eventos\/xii-forum-de-lisboa\/","name":"XII F\u00f3rum de Lisboa - Lisbon Public Law","isPartOf":{"@id":"https:\/\/lisbonpubliclaw.pt\/#website"},"datePublished":"2025-08-21T17:13:24+00:00","dateModified":"2025-08-21T17:25:11+00:00","description":"O F\u00f3rum Jur\u00eddico de Lisboa chega \u00e0 sua d\u00e9cima segunda edi\u00e7\u00e3o em 2024. Organizado pelo Instituto Brasileiro de Ensino, Desenvolvimento e Pesquisa (IDP), pelo Lisbon Public Law Research Centre (LPL) da Faculdade de Direito da Universidade de Lisboa e pelo Centro de Inova\u00e7\u00e3o, Administra\u00e7\u00e3o e Pesquisa do Judici\u00e1rio - FGV Justi\u00e7a (FGV), o evento deste ano ocorrer\u00e1 nos dias 26, 27 e 28 de junho e ter\u00e1 o tema \u201cAvan\u00e7os e recuos da globaliza\u00e7\u00e3o e as novas fronteiras: transforma\u00e7\u00f5es jur\u00eddicas, pol\u00edticas, econ\u00f4micas, socioambientais e digitais\u201d.","breadcrumb":{"@id":"https:\/\/lisbonpubliclaw.pt\/eventos\/xii-forum-de-lisboa\/#breadcrumb"},"inLanguage":"en-US","potentialAction":[{"@type":"ReadAction","target":["https:\/\/lisbonpubliclaw.pt\/eventos\/xii-forum-de-lisboa\/"]}]},{"@type":"BreadcrumbList","@id":"https:\/\/lisbonpubliclaw.pt\/eventos\/xii-forum-de-lisboa\/#breadcrumb","itemListElement":[{"@type":"ListItem","position":1,"name":"Home","item":"https:\/\/lisbonpubliclaw.pt\/"},{"@type":"ListItem","position":2,"name":"Eventos","item":"https:\/\/lisbonpubliclaw.pt\/eventos\/"},{"@type":"ListItem","position":3,"name":"XII F\u00f3rum de Lisboa"}]},{"@type":"WebSite","@id":"https:\/\/lisbonpubliclaw.pt\/#website","url":"https:\/\/lisbonpubliclaw.pt\/","name":"Lisbon Public Law","description":"Public Law Research Centre in Lisbon","publisher":{"@id":"https:\/\/lisbonpubliclaw.pt\/#organization"},"potentialAction":[{"@type":"SearchAction","target":{"@type":"EntryPoint","urlTemplate":"https:\/\/lisbonpubliclaw.pt\/?s={search_term_string}"},"query-input":{"@type":"PropertyValueSpecification","valueRequired":true,"valueName":"search_term_string"}}],"inLanguage":"en-US"},{"@type":"Organization","@id":"https:\/\/lisbonpubliclaw.pt\/#organization","name":"Lisbon Public Law","url":"https:\/\/lisbonpubliclaw.pt\/","logo":{"@type":"ImageObject","inLanguage":"en-US","@id":"https:\/\/lisbonpubliclaw.pt\/#\/schema\/logo\/image\/","url":"https:\/\/lisbonpubliclaw.pt\/wp-content\/uploads\/2023\/06\/WhatsApp-Image-2023-06-19-at-11.01.50-1.jpeg","contentUrl":"https:\/\/lisbonpubliclaw.pt\/wp-content\/uploads\/2023\/06\/WhatsApp-Image-2023-06-19-at-11.01.50-1.jpeg","width":354,"height":354,"caption":"Lisbon Public Law"},"image":{"@id":"https:\/\/lisbonpubliclaw.pt\/#\/schema\/logo\/image\/"}}]}},"_links":{"self":[{"href":"https:\/\/lisbonpubliclaw.pt\/en\/wp-json\/wp\/v2\/eventos\/10785","targetHints":{"allow":["GET"]}}],"collection":[{"href":"https:\/\/lisbonpubliclaw.pt\/en\/wp-json\/wp\/v2\/eventos"}],"about":[{"href":"https:\/\/lisbonpubliclaw.pt\/en\/wp-json\/wp\/v2\/types\/eventos"}],"wp:attachment":[{"href":"https:\/\/lisbonpubliclaw.pt\/en\/wp-json\/wp\/v2\/media?parent=10785"}],"wp:term":[{"taxonomy":"cluster","embeddable":true,"href":"https:\/\/lisbonpubliclaw.pt\/en\/wp-json\/wp\/v2\/cluster?post=10785"},{"taxonomy":"categoria-do-evento","embeddable":true,"href":"https:\/\/lisbonpubliclaw.pt\/en\/wp-json\/wp\/v2\/categoria-do-evento?post=10785"},{"taxonomy":"grupo-de-investigacao","embeddable":true,"href":"https:\/\/lisbonpubliclaw.pt\/en\/wp-json\/wp\/v2\/grupo-de-investigacao?post=10785"}],"curies":[{"name":"wp","href":"https:\/\/api.w.org\/{rel}","templated":true}]}}