{"version":"1.0","provider_name":"Lisbon Public Law","provider_url":"https:\/\/lisbonpubliclaw.pt\/en","author_name":"Iara","author_url":"https:\/\/lisbonpubliclaw.pt\/en\/author\/iara\/","title":"Liberdade de Express\u00e3o e Comunica\u00e7\u00f5es Comerciais","type":"rich","width":600,"height":338,"html":"<blockquote class=\"wp-embedded-content\" data-secret=\"WI5LWImYN4\"><a href=\"https:\/\/lisbonpubliclaw.pt\/en\/publicacoes\/liberdade-de-expressao-e-comunicacoes-comerciais\/\">Liberdade de Express\u00e3o e Comunica\u00e7\u00f5es Comerciais<\/a><\/blockquote><iframe sandbox=\"allow-scripts\" security=\"restricted\" src=\"https:\/\/lisbonpubliclaw.pt\/en\/publicacoes\/liberdade-de-expressao-e-comunicacoes-comerciais\/embed\/#?secret=WI5LWImYN4\" width=\"600\" height=\"338\" title=\"&#8220;Liberdade de Express\u00e3o e Comunica\u00e7\u00f5es Comerciais&#8221; &#8212; Lisbon Public Law\" data-secret=\"WI5LWImYN4\" frameborder=\"0\" marginwidth=\"0\" marginheight=\"0\" scrolling=\"no\" class=\"wp-embedded-content\"><\/iframe><script type=\"text\/javascript\">\n\/* <![CDATA[ *\/\n\/*! This file is auto-generated *\/\n!function(d,l){\"use strict\";l.querySelector&&d.addEventListener&&\"undefined\"!=typeof URL&&(d.wp=d.wp||{},d.wp.receiveEmbedMessage||(d.wp.receiveEmbedMessage=function(e){var t=e.data;if((t||t.secret||t.message||t.value)&&!\/[^a-zA-Z0-9]\/.test(t.secret)){for(var s,r,n,a=l.querySelectorAll('iframe[data-secret=\"'+t.secret+'\"]'),o=l.querySelectorAll('blockquote[data-secret=\"'+t.secret+'\"]'),c=new RegExp(\"^https?:$\",\"i\"),i=0;i<o.length;i++)o[i].style.display=\"none\";for(i=0;i<a.length;i++)s=a[i],e.source===s.contentWindow&&(s.removeAttribute(\"style\"),\"height\"===t.message?(1e3<(r=parseInt(t.value,10))?r=1e3:~~r<200&&(r=200),s.height=r):\"link\"===t.message&&(r=new URL(s.getAttribute(\"src\")),n=new URL(t.value),c.test(n.protocol))&&n.host===r.host&&l.activeElement===s&&(d.top.location.href=t.value))}},d.addEventListener(\"message\",d.wp.receiveEmbedMessage,!1),l.addEventListener(\"DOMContentLoaded\",function(){for(var e,t,s=l.querySelectorAll(\"iframe.wp-embedded-content\"),r=0;r<s.length;r++)(t=(e=s[r]).getAttribute(\"data-secret\"))||(t=Math.random().toString(36).substring(2,12),e.src+=\"#?secret=\"+t,e.setAttribute(\"data-secret\",t)),e.contentWindow.postMessage({message:\"ready\",secret:t},\"*\")},!1)))}(window,document);\n\/\/# sourceURL=https:\/\/lisbonpubliclaw.pt\/wp-includes\/js\/wp-embed.min.js\n\/* ]]> *\/\n<\/script>","description":"A liberdade de express\u00e3o n\u00e3o vive apenas na pol\u00edtica, na arte ou nos media \u2013 tamb\u00e9m o mercado foi e \u00e9 hoje um espa\u00e7o de comunica\u00e7\u00e3o. Este livro prop\u00f5e uma nova leitura da liberdade de express\u00e3o na esfera econ\u00f3mica, mostrando como as comunica\u00e7\u00f5es comerciais, inclusive nos mercados digitais, participam na forma\u00e7\u00e3o da opini\u00e3o, do debate [&hellip;]"}