{"version":"1.0","provider_name":"Lisbon Public Law","provider_url":"https:\/\/lisbonpubliclaw.pt\/en","author_name":"Ana","author_url":"https:\/\/lisbonpubliclaw.pt\/en\/author\/ana\/","title":"Teoria Anal\u00edtica do Direito","type":"rich","width":600,"height":338,"html":"<blockquote class=\"wp-embedded-content\" data-secret=\"dOcp5lygtr\"><a href=\"https:\/\/lisbonpubliclaw.pt\/en\/projetos\/teoria-analitica-do-direito\/\">Analytical Theory of Law<\/a><\/blockquote><iframe sandbox=\"allow-scripts\" security=\"restricted\" src=\"https:\/\/lisbonpubliclaw.pt\/en\/projetos\/teoria-analitica-do-direito\/embed\/#?secret=dOcp5lygtr\" width=\"600\" height=\"338\" title=\"&#8220;Teoria Anal\u00edtica do Direito&#8221; &#8212; Lisbon Public Law\" data-secret=\"dOcp5lygtr\" frameborder=\"0\" marginwidth=\"0\" marginheight=\"0\" scrolling=\"no\" class=\"wp-embedded-content\"><\/iframe><script type=\"text\/javascript\">\n\/* <![CDATA[ *\/\n\/*! This file is auto-generated *\/\n!function(d,l){\"use strict\";l.querySelector&&d.addEventListener&&\"undefined\"!=typeof URL&&(d.wp=d.wp||{},d.wp.receiveEmbedMessage||(d.wp.receiveEmbedMessage=function(e){var t=e.data;if((t||t.secret||t.message||t.value)&&!\/[^a-zA-Z0-9]\/.test(t.secret)){for(var s,r,n,a=l.querySelectorAll('iframe[data-secret=\"'+t.secret+'\"]'),o=l.querySelectorAll('blockquote[data-secret=\"'+t.secret+'\"]'),c=new RegExp(\"^https?:$\",\"i\"),i=0;i<o.length;i++)o[i].style.display=\"none\";for(i=0;i<a.length;i++)s=a[i],e.source===s.contentWindow&&(s.removeAttribute(\"style\"),\"height\"===t.message?(1e3<(r=parseInt(t.value,10))?r=1e3:~~r<200&&(r=200),s.height=r):\"link\"===t.message&&(r=new URL(s.getAttribute(\"src\")),n=new URL(t.value),c.test(n.protocol))&&n.host===r.host&&l.activeElement===s&&(d.top.location.href=t.value))}},d.addEventListener(\"message\",d.wp.receiveEmbedMessage,!1),l.addEventListener(\"DOMContentLoaded\",function(){for(var e,t,s=l.querySelectorAll(\"iframe.wp-embedded-content\"),r=0;r<s.length;r++)(t=(e=s[r]).getAttribute(\"data-secret\"))||(t=Math.random().toString(36).substring(2,12),e.src+=\"#?secret=\"+t,e.setAttribute(\"data-secret\",t)),e.contentWindow.postMessage({message:\"ready\",secret:t},\"*\")},!1)))}(window,document);\n\/\/# sourceURL=https:\/\/lisbonpubliclaw.pt\/wp-includes\/js\/wp-embed.min.js\n\/* ]]> *\/\n<\/script>","description":"A vis\u00e3o tradicional da teoria anal\u00edtica do direito assenta atualmente em v\u00e1rios equ\u00edvocos, dos quais se podem sublinhar dois. Por um lado, contrariamente ao reducionismo que lhe \u00e9 tradicionalmente associado, a realiza\u00e7\u00e3o da ci\u00eancia jur\u00eddica, quando perspetivada sob o m\u00e9todo anal\u00edtico, consubstancia um palco privilegiado da interdisciplinariedade, suscitando a conflu\u00eancia dos mais variados ramos cient\u00edficos. Basta pensar na relev\u00e2ncia da (i) semi\u00f3tica e lingu\u00edstica (nas variantes da sem\u00e2ntica, sintaxe e pragm\u00e1tica) para a interpreta\u00e7\u00e3o, da (ii) l\u00f3gica (proposicional e predicativa) para o apuramento de conflitos normativos, da (iii) epistemologia para o conhecimento do direito e da (iv) neuroci\u00eancia para a compreens\u00e3o do processo decis\u00f3rio. A contribui\u00e7\u00e3o do projeto enquadra-se, precisamente, no aprofundamento da ci\u00eancia jur\u00eddica geral com o contributo de todas as ci\u00eancias adjacentes convocadas. Por outro lado, a dimens\u00e3o te\u00f3rica inerente ao m\u00e9todo anal\u00edtico, muito embora recortada em tangente por quest\u00f5es de \u00edndole filos\u00f3fica, \u00e9 sempre orientada \u00e0 resolu\u00e7\u00e3o pr\u00e1tica de problemas jur\u00eddicos: visa, em \u00faltima an\u00e1lise, a realiza\u00e7\u00e3o concreta do direito. Neste \u00faltimo plano, o desenvolvimento do m\u00e9todo anal\u00edtico culmina, em grau id\u00eantico de import\u00e2ncia, tanto na explicita\u00e7\u00e3o e justifica\u00e7\u00e3o das conclus\u00f5es jur\u00eddicas tidas por corretas, como na identifica\u00e7\u00e3o cr\u00edtica de realiza\u00e7\u00f5es acient\u00edficas do direito. No plano atual da ci\u00eancia jur\u00eddica \u2013 nomeadamente a constitucional, onde frequentemente se mistura o discurso do direito com o discurso sobre o direito, se abusa da ret\u00f3rica e se generalizam conclus\u00f5es condicionadas a mundivid\u00eancias e outros pressupostos n\u00e3o universais \u2013 julga-se serem de toda a pertin\u00eancia os prop\u00f3sitos fundamentais do projeto: o isolamento do direito que \u00e9 a partir do direito que deve ser."}