{"version":"1.0","provider_name":"Lisbon Public Law","provider_url":"https:\/\/lisbonpubliclaw.pt\/en","author_name":"Iara","author_url":"https:\/\/lisbonpubliclaw.pt\/en\/author\/iara\/","title":"XI For\u00fam Jur\u00eddico de Lisboa","type":"rich","width":600,"height":338,"html":"<blockquote class=\"wp-embedded-content\" data-secret=\"U3sLRNHEJo\"><a href=\"https:\/\/lisbonpubliclaw.pt\/en\/eventos\/xi-forum-juridico-de-lisboa\/\">XI F\u00f3rum Jur\u00eddico de Lisboa<\/a><\/blockquote><iframe sandbox=\"allow-scripts\" security=\"restricted\" src=\"https:\/\/lisbonpubliclaw.pt\/en\/eventos\/xi-forum-juridico-de-lisboa\/embed\/#?secret=U3sLRNHEJo\" width=\"600\" height=\"338\" title=\"&#8220;XI F\u00f3rum Jur\u00eddico de Lisboa&#8221; &#8212; Lisbon Public Law\" data-secret=\"U3sLRNHEJo\" frameborder=\"0\" marginwidth=\"0\" marginheight=\"0\" scrolling=\"no\" class=\"wp-embedded-content\"><\/iframe><script type=\"text\/javascript\">\n\/* <![CDATA[ *\/\n\/*! This file is auto-generated *\/\n!function(d,l){\"use strict\";l.querySelector&&d.addEventListener&&\"undefined\"!=typeof URL&&(d.wp=d.wp||{},d.wp.receiveEmbedMessage||(d.wp.receiveEmbedMessage=function(e){var t=e.data;if((t||t.secret||t.message||t.value)&&!\/[^a-zA-Z0-9]\/.test(t.secret)){for(var s,r,n,a=l.querySelectorAll('iframe[data-secret=\"'+t.secret+'\"]'),o=l.querySelectorAll('blockquote[data-secret=\"'+t.secret+'\"]'),c=new RegExp(\"^https?:$\",\"i\"),i=0;i<o.length;i++)o[i].style.display=\"none\";for(i=0;i<a.length;i++)s=a[i],e.source===s.contentWindow&&(s.removeAttribute(\"style\"),\"height\"===t.message?(1e3<(r=parseInt(t.value,10))?r=1e3:~~r<200&&(r=200),s.height=r):\"link\"===t.message&&(r=new URL(s.getAttribute(\"src\")),n=new URL(t.value),c.test(n.protocol))&&n.host===r.host&&l.activeElement===s&&(d.top.location.href=t.value))}},d.addEventListener(\"message\",d.wp.receiveEmbedMessage,!1),l.addEventListener(\"DOMContentLoaded\",function(){for(var e,t,s=l.querySelectorAll(\"iframe.wp-embedded-content\"),r=0;r<s.length;r++)(t=(e=s[r]).getAttribute(\"data-secret\"))||(t=Math.random().toString(36).substring(2,12),e.src+=\"#?secret=\"+t,e.setAttribute(\"data-secret\",t)),e.contentWindow.postMessage({message:\"ready\",secret:t},\"*\")},!1)))}(window,document);\n\/\/# sourceURL=https:\/\/lisbonpubliclaw.pt\/wp-includes\/js\/wp-embed.min.js\n\/* ]]> *\/\n<\/script>","thumbnail_url":"https:\/\/lisbonpubliclaw.pt\/wp-content\/uploads\/2023\/06\/2.forum_.png","thumbnail_width":540,"thumbnail_height":540,"description":"O F\u00f3rum Jur\u00eddico de Lisboa chega \u00e0 sua d\u00e9cima primeira edi\u00e7\u00e3o em 2023. Organizado pelo Instituto Brasileiro de Ensino, Desenvolvimento e Pesquisa (IDP), pelo Instituto de Ci\u00eancias Jur\u00eddico-Pol\u00edticas da Faculdade de Direito da Universidade de Lisboa (ICJP), pelo Lisbon Public Law Research Centre e pelo Centro de Inova\u00e7\u00e3o, Administra\u00e7\u00e3o e Pesquisa do Judici\u00e1rio da FGV Conhecimento (CIAPJ\/FGV), o evento deste ano ocorre nos dias 26, 27 e 28 de junho, sob o mote principal \u201cGovernan\u00e7a e Constitucionalismo Digital\u201d. Acad\u00e9micos, juristas, autoridades e representantes da sociedade civil organizada, do Brasil e da Europa, estar\u00e3o reunidos na Faculdade de Direito da Universidade de Lisboa (FDUL), em Lisboa, para dialogar sobre desafios, vis\u00f5es e diferentes aplica\u00e7\u00f5es de tecnologias como fator estrat\u00e9gico de governan\u00e7a para gerar conhecimento e inova\u00e7\u00e3o, de modo a alcan\u00e7ar melhorias na qualidade de vida da sociedade. Saiba mais: www.forumjuridicodelisboa.com\/2023"}